{"id":9695,"date":"2023-10-05T11:43:42","date_gmt":"2023-10-05T09:43:42","guid":{"rendered":"https:\/\/www.jornadesperalexcellencia.cat\/?page_id=9695"},"modified":"2023-10-05T11:45:09","modified_gmt":"2023-10-05T09:45:09","slug":"talento-2023","status":"publish","type":"page","link":"https:\/\/www.jornadesperalexcellencia.cat\/es\/talento-2023\/","title":{"rendered":"Talento 2023"},"content":{"rendered":"<div class=\"vc_row wpb_row vc_row-fluid vc_custom_1626434772496 vc_column-gap-15 vc_row-o-equal-height vc_row-flex\" ><div class=\"wpb_column vc_column_container vc_col-sm-12\"><div class=\"vc_column-inner\"><div class=\"wpb_wrapper\">\n\t<div class=\"wpb_text_column wpb_content_element \" >\n\t\t<div class=\"wpb_wrapper\">\n\t\t\t<h3><strong>Escola La Closa<br \/>\nEsterri d\u2019\u00c0neu<\/strong><\/h3>\n\n\t\t<\/div>\n\t<\/div>\n\n\t<div class=\"wpb_text_column wpb_content_element \" >\n\t\t<div class=\"wpb_wrapper\">\n\t\t\t<p>Trabajo realizado por los <strong>alumnos de la Escuela La Closa de Esterri d&#8217;\u00c0neu con el proyecto &#8220;Mercado Circular&#8221;<\/strong> propuesto para las Jornadas en esta d\u00e9cima edici\u00f3n.<\/p>\n<p>El martes 26 de septiembre se celebr\u00f3 el primer mercado circular, en el patio de la Escuela La Closa.<\/p>\n<p>Pedimos a las familias que aportaran ropa, libros y juguetes en buen estado. Todo el alumnado realiz\u00f3 etiquetas y carteles para organizarlo todo. Los alumnos de 6\u00ba fuimos los responsables de explicar el funcionamiento al resto de la escuela. Esta fue solo una peque\u00f1a acci\u00f3n para lograr la ODS no 12.<\/p>\n\n\t\t<\/div>\n\t<\/div>\n<div class=\"vc_empty_space\"   style=\"height: 32px\"><span class=\"vc_empty_space_inner\"><\/span><\/div><div class=\"wpb_gallery wpb_content_element vc_clearfix\" ><div class=\"wpb_wrapper\"><div class=\"wpb_gallery_slides wpb_image_grid\" data-interval=\"3\"><ul class=\"wpb_image_grid_ul\"><li class=\"isotope-item\"><a class=\"prettyphoto\" href=\"https:\/\/www.jornadesperalexcellencia.cat\/wp-content\/uploads\/2023\/10\/2023-jornades-excellencia-mercat-circular-escola-la-closa-esterri-1-724x1024.jpg\" data-rel=\"prettyPhoto[rel-9695-1568566672]\"><img loading=\"lazy\" decoding=\"async\" class=\"\" src=\"https:\/\/www.jornadesperalexcellencia.cat\/wp-content\/uploads\/2023\/10\/2023-jornades-excellencia-mercat-circular-escola-la-closa-esterri-1-200x200.jpg\" width=\"200\" height=\"200\" alt=\"2023-jornades-excellencia-mercat-circular-escola-la-closa-esterri-1\" title=\"2023-jornades-excellencia-mercat-circular-escola-la-closa-esterri-1\" \/><\/a><\/li><li class=\"isotope-item\"><a class=\"prettyphoto\" href=\"https:\/\/www.jornadesperalexcellencia.cat\/wp-content\/uploads\/2023\/10\/2023-jornades-excellencia-mercat-circular-escola-la-closa-esterri-2-819x1024.jpg\" data-rel=\"prettyPhoto[rel-9695-1568566672]\"><img loading=\"lazy\" decoding=\"async\" class=\"\" src=\"https:\/\/www.jornadesperalexcellencia.cat\/wp-content\/uploads\/2023\/10\/2023-jornades-excellencia-mercat-circular-escola-la-closa-esterri-2-200x200.jpg\" width=\"200\" height=\"200\" alt=\"2023-jornades-excellencia-mercat-circular-escola-la-closa-esterri-2\" title=\"2023-jornades-excellencia-mercat-circular-escola-la-closa-esterri-2\" \/><\/a><\/li><li class=\"isotope-item\"><a class=\"prettyphoto\" href=\"https:\/\/www.jornadesperalexcellencia.cat\/wp-content\/uploads\/2023\/10\/2023-jornades-excellencia-mercat-circular-escola-la-closa-esterri-3-819x1024.jpg\" data-rel=\"prettyPhoto[rel-9695-1568566672]\"><img loading=\"lazy\" decoding=\"async\" class=\"\" src=\"https:\/\/www.jornadesperalexcellencia.cat\/wp-content\/uploads\/2023\/10\/2023-jornades-excellencia-mercat-circular-escola-la-closa-esterri-3-200x200.jpg\" width=\"200\" height=\"200\" alt=\"2023-jornades-excellencia-mercat-circular-escola-la-closa-esterri-3\" title=\"2023-jornades-excellencia-mercat-circular-escola-la-closa-esterri-3\" \/><\/a><\/li><li class=\"isotope-item\"><a class=\"prettyphoto\" href=\"https:\/\/www.jornadesperalexcellencia.cat\/wp-content\/uploads\/2023\/10\/2023-jornades-excellencia-mercat-circular-escola-la-closa-esterri-4-410x1024.jpg\" data-rel=\"prettyPhoto[rel-9695-1568566672]\"><img loading=\"lazy\" decoding=\"async\" class=\"\" src=\"https:\/\/www.jornadesperalexcellencia.cat\/wp-content\/uploads\/2023\/10\/2023-jornades-excellencia-mercat-circular-escola-la-closa-esterri-4-scaled-200x200.jpg\" width=\"200\" height=\"200\" alt=\"2023-jornades-excellencia-mercat-circular-escola-la-closa-esterri-4\" title=\"2023-jornades-excellencia-mercat-circular-escola-la-closa-esterri-4\" \/><\/a><\/li><li class=\"isotope-item\"><a class=\"prettyphoto\" href=\"https:\/\/www.jornadesperalexcellencia.cat\/wp-content\/uploads\/2023\/10\/2023-jornades-excellencia-mercat-circular-escola-la-closa-esterri-5-1024x791.jpg\" data-rel=\"prettyPhoto[rel-9695-1568566672]\"><img loading=\"lazy\" decoding=\"async\" class=\"\" src=\"https:\/\/www.jornadesperalexcellencia.cat\/wp-content\/uploads\/2023\/10\/2023-jornades-excellencia-mercat-circular-escola-la-closa-esterri-5-200x200.jpg\" width=\"200\" height=\"200\" alt=\"2023-jornades-excellencia-mercat-circular-escola-la-closa-esterri-5\" title=\"2023-jornades-excellencia-mercat-circular-escola-la-closa-esterri-5\" \/><\/a><\/li><li class=\"isotope-item\"><a class=\"prettyphoto\" href=\"https:\/\/www.jornadesperalexcellencia.cat\/wp-content\/uploads\/2023\/10\/2023-jornades-excellencia-mercat-circular-escola-la-closa-esterri-6-724x1024.jpg\" data-rel=\"prettyPhoto[rel-9695-1568566672]\"><img loading=\"lazy\" decoding=\"async\" class=\"\" src=\"https:\/\/www.jornadesperalexcellencia.cat\/wp-content\/uploads\/2023\/10\/2023-jornades-excellencia-mercat-circular-escola-la-closa-esterri-6-200x200.jpg\" width=\"200\" height=\"200\" alt=\"2023-jornades-excellencia-mercat-circular-escola-la-closa-esterri-6\" title=\"2023-jornades-excellencia-mercat-circular-escola-la-closa-esterri-6\" \/><\/a><\/li><li class=\"isotope-item\"><a class=\"prettyphoto\" href=\"https:\/\/www.jornadesperalexcellencia.cat\/wp-content\/uploads\/2023\/10\/2023-jornades-excellencia-mercat-circular-escola-la-closa-esterri-7-724x1024.jpg\" data-rel=\"prettyPhoto[rel-9695-1568566672]\"><img loading=\"lazy\" decoding=\"async\" class=\"\" src=\"https:\/\/www.jornadesperalexcellencia.cat\/wp-content\/uploads\/2023\/10\/2023-jornades-excellencia-mercat-circular-escola-la-closa-esterri-7-200x200.jpg\" width=\"200\" height=\"200\" alt=\"2023-jornades-excellencia-mercat-circular-escola-la-closa-esterri-7\" title=\"2023-jornades-excellencia-mercat-circular-escola-la-closa-esterri-7\" \/><\/a><\/li><li class=\"isotope-item\"><a class=\"prettyphoto\" href=\"https:\/\/www.jornadesperalexcellencia.cat\/wp-content\/uploads\/2023\/10\/2023-jornades-excellencia-mercat-circular-escola-la-closa-esterri-8-724x1024.jpg\" data-rel=\"prettyPhoto[rel-9695-1568566672]\"><img loading=\"lazy\" decoding=\"async\" class=\"\" src=\"https:\/\/www.jornadesperalexcellencia.cat\/wp-content\/uploads\/2023\/10\/2023-jornades-excellencia-mercat-circular-escola-la-closa-esterri-8-200x200.jpg\" width=\"200\" height=\"200\" alt=\"2023-jornades-excellencia-mercat-circular-escola-la-closa-esterri-8\" title=\"2023-jornades-excellencia-mercat-circular-escola-la-closa-esterri-8\" \/><\/a><\/li><li class=\"isotope-item\"><a class=\"prettyphoto\" href=\"https:\/\/www.jornadesperalexcellencia.cat\/wp-content\/uploads\/2023\/10\/2023-jornades-excellencia-mercat-circular-escola-la-closa-esterri-9-724x1024.jpg\" data-rel=\"prettyPhoto[rel-9695-1568566672]\"><img loading=\"lazy\" decoding=\"async\" class=\"\" src=\"https:\/\/www.jornadesperalexcellencia.cat\/wp-content\/uploads\/2023\/10\/2023-jornades-excellencia-mercat-circular-escola-la-closa-esterri-9-200x200.jpg\" width=\"200\" height=\"200\" alt=\"2023-jornades-excellencia-mercat-circular-escola-la-closa-esterri-9\" title=\"2023-jornades-excellencia-mercat-circular-escola-la-closa-esterri-9\" \/><\/a><\/li><li class=\"isotope-item\"><a class=\"prettyphoto\" href=\"https:\/\/www.jornadesperalexcellencia.cat\/wp-content\/uploads\/2023\/10\/2023-jornades-excellencia-mercat-circular-escola-la-closa-esterri-10-724x1024.jpg\" data-rel=\"prettyPhoto[rel-9695-1568566672]\"><img loading=\"lazy\" decoding=\"async\" class=\"\" src=\"https:\/\/www.jornadesperalexcellencia.cat\/wp-content\/uploads\/2023\/10\/2023-jornades-excellencia-mercat-circular-escola-la-closa-esterri-10-200x200.jpg\" width=\"200\" height=\"200\" alt=\"2023-jornades-excellencia-mercat-circular-escola-la-closa-esterri-10\" title=\"2023-jornades-excellencia-mercat-circular-escola-la-closa-esterri-10\" \/><\/a><\/li><li class=\"isotope-item\"><a class=\"prettyphoto\" href=\"https:\/\/www.jornadesperalexcellencia.cat\/wp-content\/uploads\/2023\/10\/2023-jornades-excellencia-mercat-circular-escola-la-closa-esterri-11-724x1024.jpg\" data-rel=\"prettyPhoto[rel-9695-1568566672]\"><img loading=\"lazy\" decoding=\"async\" class=\"\" src=\"https:\/\/www.jornadesperalexcellencia.cat\/wp-content\/uploads\/2023\/10\/2023-jornades-excellencia-mercat-circular-escola-la-closa-esterri-11-200x200.jpg\" width=\"200\" height=\"200\" alt=\"2023-jornades-excellencia-mercat-circular-escola-la-closa-esterri-11\" title=\"2023-jornades-excellencia-mercat-circular-escola-la-closa-esterri-11\" \/><\/a><\/li><\/ul><\/div><\/div><\/div><\/div><\/div><\/div><\/div>\n","protected":false},"excerpt":{"rendered":"Escola La Closa Esterri d\u2019\u00c0neu Trabajo realizado por los alumnos de la Escuela La Closa de Esterri d'\u00c0neu con el proyecto \"Mercado Circular\" propuesto para las Jornadas en esta d\u00e9cima edici\u00f3n. El martes 26 de septiembre se celebr\u00f3 el primer mercado circular, en el patio de la Escuela La Closa. Pedimos a las familias que aportaran ropa, libros y juguetes en buen estado. Todo el alumnado realiz\u00f3 etiquetas y carteles para organizarlo todo. Los alumnos de 6\u00ba fuimos los responsables [...]","protected":false},"author":1,"featured_media":0,"parent":0,"menu_order":0,"comment_status":"closed","ping_status":"closed","template":"","meta":{"footnotes":""},"class_list":["post-9695","page","type-page","status-publish","hentry"],"yoast_head":"<!-- This site is optimized with the Yoast SEO plugin v27.5 - https:\/\/yoast.com\/product\/yoast-seo-wordpress\/ -->\n<title>Projectes Talent \u2013 Jornades per a l&#039;Excel\u00b7l\u00e8ncia<\/title>\n<meta name=\"description\" content=\"Diferents projectes de talent per a fomentar la solidaritat, creixement personal, treballar en equip i la m\u00fasica tradicional a les comarques pirinenques.\" \/>\n<meta name=\"robots\" content=\"index, follow, max-snippet:-1, max-image-preview:large, max-video-preview:-1\" \/>\n<link rel=\"canonical\" href=\"https:\/\/www.jornadesperalexcellencia.cat\/es\/talento-2023\/\" \/>\n<meta property=\"og:locale\" content=\"es_ES\" \/>\n<meta property=\"og:type\" content=\"article\" \/>\n<meta property=\"og:title\" content=\"Projectes Talent \u2013 Jornades per a l&#039;Excel\u00b7l\u00e8ncia\" \/>\n<meta property=\"og:description\" content=\"Diferents projectes de talent per a fomentar la solidaritat, creixement personal, treballar en equip i la m\u00fasica tradicional a les comarques pirinenques.\" \/>\n<meta property=\"og:url\" content=\"https:\/\/www.jornadesperalexcellencia.cat\/es\/talento-2023\/\" \/>\n<meta property=\"og:site_name\" content=\"Jornades per a l&#039;excel\u00b7l\u00e8ncia\" \/>\n<meta property=\"article:modified_time\" content=\"2023-10-05T09:45:09+00:00\" \/>\n<meta name=\"twitter:card\" content=\"summary_large_image\" \/>\n<meta name=\"twitter:label1\" content=\"Tiempo de lectura\" \/>\n\t<meta name=\"twitter:data1\" content=\"1 minuto\" \/>\n<script type=\"application\/ld+json\" class=\"yoast-schema-graph\">{\"@context\":\"https:\\\/\\\/schema.org\",\"@graph\":[{\"@type\":\"WebPage\",\"@id\":\"https:\\\/\\\/www.jornadesperalexcellencia.cat\\\/es\\\/talento-2023\\\/\",\"url\":\"https:\\\/\\\/www.jornadesperalexcellencia.cat\\\/es\\\/talento-2023\\\/\",\"name\":\"Projectes Talent \u2013 Jornades per a l'Excel\u00b7l\u00e8ncia\",\"isPartOf\":{\"@id\":\"https:\\\/\\\/www.jornadesperalexcellencia.cat\\\/es\\\/#website\"},\"datePublished\":\"2023-10-05T09:43:42+00:00\",\"dateModified\":\"2023-10-05T09:45:09+00:00\",\"description\":\"Diferents projectes de talent per a fomentar la solidaritat, creixement personal, treballar en equip i la m\u00fasica tradicional a les comarques pirinenques.\",\"breadcrumb\":{\"@id\":\"https:\\\/\\\/www.jornadesperalexcellencia.cat\\\/es\\\/talento-2023\\\/#breadcrumb\"},\"inLanguage\":\"es\",\"potentialAction\":[{\"@type\":\"ReadAction\",\"target\":[\"https:\\\/\\\/www.jornadesperalexcellencia.cat\\\/es\\\/talento-2023\\\/\"]}]},{\"@type\":\"BreadcrumbList\",\"@id\":\"https:\\\/\\\/www.jornadesperalexcellencia.cat\\\/es\\\/talento-2023\\\/#breadcrumb\",\"itemListElement\":[{\"@type\":\"ListItem\",\"position\":1,\"name\":\"Inici\",\"item\":\"https:\\\/\\\/www.jornadesperalexcellencia.cat\\\/es\\\/inicio\\\/\"},{\"@type\":\"ListItem\",\"position\":2,\"name\":\"Talento 2023\"}]},{\"@type\":\"WebSite\",\"@id\":\"https:\\\/\\\/www.jornadesperalexcellencia.cat\\\/es\\\/#website\",\"url\":\"https:\\\/\\\/www.jornadesperalexcellencia.cat\\\/es\\\/\",\"name\":\"Jornades per a l&#039;excel\u00b7l\u00e8ncia\",\"description\":\"Confer\u00e8ncies anuals per al progr\u00e9s i desenvolupament dels territoris del Pirineu. Esterri d&#039;\u00c0neu i Andorra.\",\"alternateName\":\"Jornades per a l'excel\u00b7l\u00e8ncia\",\"potentialAction\":[{\"@type\":\"SearchAction\",\"target\":{\"@type\":\"EntryPoint\",\"urlTemplate\":\"https:\\\/\\\/www.jornadesperalexcellencia.cat\\\/es\\\/?s={search_term_string}\"},\"query-input\":{\"@type\":\"PropertyValueSpecification\",\"valueRequired\":true,\"valueName\":\"search_term_string\"}}],\"inLanguage\":\"es\"}]}<\/script>\n<!-- \/ Yoast SEO plugin. -->","yoast_head_json":{"title":"Projectes Talent \u2013 Jornades per a l'Excel\u00b7l\u00e8ncia","description":"Diferents projectes de talent per a fomentar la solidaritat, creixement personal, treballar en equip i la m\u00fasica tradicional a les comarques pirinenques.","robots":{"index":"index","follow":"follow","max-snippet":"max-snippet:-1","max-image-preview":"max-image-preview:large","max-video-preview":"max-video-preview:-1"},"canonical":"https:\/\/www.jornadesperalexcellencia.cat\/es\/talento-2023\/","og_locale":"es_ES","og_type":"article","og_title":"Projectes Talent \u2013 Jornades per a l'Excel\u00b7l\u00e8ncia","og_description":"Diferents projectes de talent per a fomentar la solidaritat, creixement personal, treballar en equip i la m\u00fasica tradicional a les comarques pirinenques.","og_url":"https:\/\/www.jornadesperalexcellencia.cat\/es\/talento-2023\/","og_site_name":"Jornades per a l&#039;excel\u00b7l\u00e8ncia","article_modified_time":"2023-10-05T09:45:09+00:00","twitter_card":"summary_large_image","twitter_misc":{"Tiempo de lectura":"1 minuto"},"schema":{"@context":"https:\/\/schema.org","@graph":[{"@type":"WebPage","@id":"https:\/\/www.jornadesperalexcellencia.cat\/es\/talento-2023\/","url":"https:\/\/www.jornadesperalexcellencia.cat\/es\/talento-2023\/","name":"Projectes Talent \u2013 Jornades per a l'Excel\u00b7l\u00e8ncia","isPartOf":{"@id":"https:\/\/www.jornadesperalexcellencia.cat\/es\/#website"},"datePublished":"2023-10-05T09:43:42+00:00","dateModified":"2023-10-05T09:45:09+00:00","description":"Diferents projectes de talent per a fomentar la solidaritat, creixement personal, treballar en equip i la m\u00fasica tradicional a les comarques pirinenques.","breadcrumb":{"@id":"https:\/\/www.jornadesperalexcellencia.cat\/es\/talento-2023\/#breadcrumb"},"inLanguage":"es","potentialAction":[{"@type":"ReadAction","target":["https:\/\/www.jornadesperalexcellencia.cat\/es\/talento-2023\/"]}]},{"@type":"BreadcrumbList","@id":"https:\/\/www.jornadesperalexcellencia.cat\/es\/talento-2023\/#breadcrumb","itemListElement":[{"@type":"ListItem","position":1,"name":"Inici","item":"https:\/\/www.jornadesperalexcellencia.cat\/es\/inicio\/"},{"@type":"ListItem","position":2,"name":"Talento 2023"}]},{"@type":"WebSite","@id":"https:\/\/www.jornadesperalexcellencia.cat\/es\/#website","url":"https:\/\/www.jornadesperalexcellencia.cat\/es\/","name":"Jornades per a l&#039;excel\u00b7l\u00e8ncia","description":"Confer\u00e8ncies anuals per al progr\u00e9s i desenvolupament dels territoris del Pirineu. Esterri d&#039;\u00c0neu i Andorra.","alternateName":"Jornades per a l'excel\u00b7l\u00e8ncia","potentialAction":[{"@type":"SearchAction","target":{"@type":"EntryPoint","urlTemplate":"https:\/\/www.jornadesperalexcellencia.cat\/es\/?s={search_term_string}"},"query-input":{"@type":"PropertyValueSpecification","valueRequired":true,"valueName":"search_term_string"}}],"inLanguage":"es"}]}},"_links":{"self":[{"href":"https:\/\/www.jornadesperalexcellencia.cat\/es\/wp-json\/wp\/v2\/pages\/9695","targetHints":{"allow":["GET"]}}],"collection":[{"href":"https:\/\/www.jornadesperalexcellencia.cat\/es\/wp-json\/wp\/v2\/pages"}],"about":[{"href":"https:\/\/www.jornadesperalexcellencia.cat\/es\/wp-json\/wp\/v2\/types\/page"}],"author":[{"embeddable":true,"href":"https:\/\/www.jornadesperalexcellencia.cat\/es\/wp-json\/wp\/v2\/users\/1"}],"replies":[{"embeddable":true,"href":"https:\/\/www.jornadesperalexcellencia.cat\/es\/wp-json\/wp\/v2\/comments?post=9695"}],"version-history":[{"count":0,"href":"https:\/\/www.jornadesperalexcellencia.cat\/es\/wp-json\/wp\/v2\/pages\/9695\/revisions"}],"wp:attachment":[{"href":"https:\/\/www.jornadesperalexcellencia.cat\/es\/wp-json\/wp\/v2\/media?parent=9695"}],"curies":[{"name":"wp","href":"https:\/\/api.w.org\/{rel}","templated":true}]}}