{"id":8125,"date":"2022-09-01T13:07:14","date_gmt":"2022-09-01T11:07:14","guid":{"rendered":"https:\/\/www.jornadesperalexcellencia.cat\/?page_id=8125"},"modified":"2022-09-02T18:29:23","modified_gmt":"2022-09-02T16:29:23","slug":"2021-proyecto-maleta-educativa","status":"publish","type":"page","link":"https:\/\/www.jornadesperalexcellencia.cat\/es\/2021-proyecto-maleta-educativa\/","title":{"rendered":"2021 Maleta educativa"},"content":{"rendered":"<div class=\"vc_row wpb_row vc_row-fluid\" ><div class=\"wpb_column vc_column_container vc_col-sm-12\"><div class=\"vc_column-inner\"><div class=\"wpb_wrapper\">\n\t<div class=\"wpb_text_column wpb_content_element\" >\n\t\t<div class=\"wpb_wrapper\">\n\t\t\t<h1>Maleta educativa<\/h1>\n\n\t\t<\/div>\n\t<\/div>\n\n\t<div class=\"wpb_text_column wpb_content_element\" >\n\t\t<div class=\"wpb_wrapper\">\n\t\t\t<p style=\"font-size: 18px; font-weight: 300px;\">La Maleta educativa es un proyecto de las <span style=\"color: #bd3238;\">Jornades per a l\u2019excel\u00b7l\u00e8ncia<\/span> financiado con la ayuda de la <span style=\"color: #bd3238;\">Diputaci\u00f3 de Lleida<\/span>.<\/p>\n\n\t\t<\/div>\n\t<\/div>\n\n\t<div class=\"wpb_text_column wpb_content_element\" >\n\t\t<div class=\"wpb_wrapper\">\n\t\t\t<p>Hasta ahora, estas son las actividades que se han llevado a cabo:<\/p>\n\n\t\t<\/div>\n\t<\/div>\n<\/div><\/div><\/div><\/div><div class=\"vc_row wpb_row vc_row-fluid vc_custom_1662050178579 vc_column-gap-15 vc_row-o-equal-height vc_row-o-content-middle vc_row-flex\" ><div class=\"wpb_column vc_column_container vc_col-sm-12\"><div class=\"vc_column-inner\"><div class=\"wpb_wrapper\">\n\t<div class=\"wpb_text_column wpb_content_element\" >\n\t\t<div class=\"wpb_wrapper\">\n\t\t\t<h2><i class=\"fa fa-long-arrow-right\" aria-hidden=\"true\"><\/i> Gen\u00e8rics: propuesta educativa por la promoci\u00f3n de la igualdad de g\u00e9nero en todos los \u00e1mbitos.<\/h2>\n\n\t\t<\/div>\n\t<\/div>\n<div class=\"vc_empty_space\"   style=\"height: 32px\"><span class=\"vc_empty_space_inner\"><\/span><\/div>\n\t<div class=\"wpb_text_column wpb_content_element\" >\n\t\t<div class=\"wpb_wrapper\">\n\t\t\t<p>Un Espect\u00e1culo de T\u00edteres que incluye dos cuentos y m\u00fasica en directo. Esta obra de teatro se represent\u00f3 en las escuelas de nuestro territorio:<\/p>\n<ul>\n<li>Escola \u00c0ngel Seraf\u00ed de Sort, por los alumnos de primaria<\/li>\n<li>Zer Alta Ribagor\u00e7a, por todos los alumnes del Zer<\/li>\n<li>Escola Els Raiers de La Pobla de Segur, alumnos de primaria<\/li>\n<li>Escola La Closa d\u2019Esterri d\u2019\u00c0neu, alumnos de primaria<\/li>\n<\/ul>\n<p><strong>Finalidad educativa de las piezas teatrales:<\/strong><\/p>\n<p><strong>&#8220;La Meitat d&#8217;en Jan&#8221;<\/strong> es un cuento que tiene como objetivo mostrar la inclusi\u00f3n del ni\u00f1o, aceptaci\u00f3n y percepci\u00f3n, y el acoso f\u00edsico o psicol\u00f3gico a que someten, de forma continuada, a un alumn@ sus compa\u00f1er@s.<\/p>\n<p>\u00abLos ni\u00f1os no lloran.\u00bb \u00ab\u00bfDonde vas con esta camiseta rosa?\u00bb Cuando Jan decide dejar de hacer cosas de ni\u00f1a, \u00bfpor qu\u00e9 se siente como si le faltara la mitad de \u00e9l mismo? Con La Meitat d\u2019en Jan se trata con los alumnos, el tema de los estereotipos femeninos y masculinos, y muchas cuestionas m\u00e1s.<\/p>\n<p><strong>&#8220;La Ventafocs que no volia menjar perdius&#8221;<\/strong> la igualdad de g\u00e9nero es el tema central con el que se trabaj\u00f3, rompiendo los estereotipos de los cuentos cl\u00e1sicos, la violencia de g\u00e9nero, el respecto de las personas a otras, la liberaci\u00f3n sexista y se hicieron propuestas de como solucionar la problem\u00e1tica.<\/p>\n<p>Es un cuento moderno y de corte realista, que nos muestra la situaci\u00f3n de mujeres que un d\u00eda descubren que su vida no es lo prometido cuento de hadas que se creyeron. En la obra se reinventa el cuento cl\u00e1sico de \u00abLa Cenicienta\u00bb como una protagonista vegetariana y a su vez rebelde.<\/p>\n<p>Todo este proyecto se ha trabajado con mucha cuidado y de una manera l\u00fadica y educativa.<\/p>\n\n\t\t<\/div>\n\t<\/div>\n<div class=\"vc_empty_space\"   style=\"height: 32px\"><span class=\"vc_empty_space_inner\"><\/span><\/div>\n<div class=\"vc_grid-container-wrapper vc_clearfix\">\n\t<div class=\"vc_grid-container vc_clearfix wpb_content_element vc_media_grid\" data-initial-loading-animation=\"fadeIn\" data-vc-grid-settings=\"{&quot;page_id&quot;:8125,&quot;style&quot;:&quot;all&quot;,&quot;action&quot;:&quot;vc_get_vc_grid_data&quot;,&quot;shortcode_id&quot;:&quot;1662136090705-704b0d03-78a4-9&quot;,&quot;tag&quot;:&quot;vc_media_grid&quot;}\" data-vc-request=\"https:\/\/www.jornadesperalexcellencia.cat\/wp-admin\/admin-ajax.php\" data-vc-post-id=\"8125\" data-vc-public-nonce=\"2a71155b65\">\n\t\t\n\t<\/div>\n<\/div><div class=\"vc_empty_space\"   style=\"height: 80px\"><span class=\"vc_empty_space_inner\"><\/span><\/div><div class=\"vc_separator wpb_content_element vc_separator_align_center vc_sep_width_100 vc_sep_pos_align_center vc_separator_no_text vc_sep_color_black\" ><span class=\"vc_sep_holder vc_sep_holder_l\"><span  class=\"vc_sep_line\"><\/span><\/span><span class=\"vc_sep_holder vc_sep_holder_r\"><span  class=\"vc_sep_line\"><\/span><\/span>\n<\/div><\/div><\/div><\/div><\/div><div class=\"vc_row wpb_row vc_row-fluid vc_custom_1662048433309 vc_column-gap-15 vc_row-o-equal-height vc_row-flex\" ><div class=\"wpb_column vc_column_container vc_col-sm-12\"><div class=\"vc_column-inner\"><div class=\"wpb_wrapper\"><div class=\"vc_row wpb_row vc_inner vc_row-fluid\" ><div class=\"wpb_column vc_column_container vc_col-sm-8\"><div class=\"vc_column-inner\"><div class=\"wpb_wrapper\">\n\t<div class=\"wpb_text_column wpb_content_element\" >\n\t\t<div class=\"wpb_wrapper\">\n\t\t\t<h2 style=\"text-align: right;\"><i class=\"fa fa-long-arrow-right\" aria-hidden=\"true\"><\/i> Cos Conscient<\/h2>\n<h3 style=\"text-align: right;\"><strong>Escuela La Closa, Esterri d\u2019\u00c0neu<\/strong><\/h3>\n\n\t\t<\/div>\n\t<\/div>\n\n\t<div class=\"wpb_text_column wpb_content_element\" >\n\t\t<div class=\"wpb_wrapper\">\n\t\t\t<p>El proyecto <strong>Cos Conscient<\/strong> \u00a0toma el cuerpo como fuente de conocimiento y forma de uni\u00f3n con una misma y las otras personas, alej\u00e1ndose de estilos predeterminados. El cuerpo y el movimiento consciente son el cauce de comunicaci\u00f3n esencial desde culturas antiguas.<\/p>\n\n\t\t<\/div>\n\t<\/div>\n<\/div><\/div><\/div><div class=\"wpb_column vc_column_container vc_col-sm-4\"><div class=\"vc_column-inner\"><div class=\"wpb_wrapper\"><div class=\"vc_empty_space\"   style=\"height: 32px\"><span class=\"vc_empty_space_inner\"><\/span><\/div>\n\t<div class=\"wpb_raw_code wpb_content_element wpb_raw_html\" >\n\t\t<div class=\"wpb_wrapper\">\n\t\t\t<iframe loading=\"lazy\" width=\"560\" height=\"315\" src=\"https:\/\/www.youtube.com\/embed\/owSjvelcHlg\" title=\"YouTube video player\" frameborder=\"0\" allow=\"accelerometer; autoplay; clipboard-write; encrypted-media; gyroscope; picture-in-picture\" allowfullscreen><\/iframe>\n\t\t<\/div>\n\t<\/div>\n<\/div><\/div><\/div><\/div>\n\t<div class=\"wpb_text_column wpb_content_element\" >\n\t\t<div class=\"wpb_wrapper\">\n\t\t\t<p>Otorgamos tiempo de pr\u00e1ctica y experimentaci\u00f3n al componente de expresi\u00f3n no verbal y verbal y nos enfocamos en la identificaci\u00f3n y manifestaci\u00f3n de emociones y sentimientos. La finalidad del proyecto es despertar la sensibilidad creativa y estimular la imaginaci\u00f3n mediante la percepci\u00f3n sensorial. Al ser un proyecto pensado para cuatro a\u00f1os permite dar el espacio y el tiempo para que cada ni\u00f1o y ni\u00f1a pueda descubrir su \u00fanica y propia creatividad.<\/p>\n<p>El proyecto ve de diferentes vertientes art\u00edsticas como, la danza, el teatro, la voz, el\u00a0clown, la expresi\u00f3n libre, el\u00a0katsuguen, la terapia\u00a0Gestalt\u2026 Se observa con una mirada hol\u00edstica los ni\u00f1os, intentando adaptar las t\u00e9cnicas y las din\u00e1micas a las vicisitudes del grupo respetando los tempos naturales que se dan.<\/p>\n\n\t\t<\/div>\n\t<\/div>\n<div class=\"vc_empty_space\"   style=\"height: 80px\"><span class=\"vc_empty_space_inner\"><\/span><\/div><div class=\"vc_separator wpb_content_element vc_separator_align_center vc_sep_width_100 vc_sep_pos_align_center vc_separator_no_text vc_sep_color_black\" ><span class=\"vc_sep_holder vc_sep_holder_l\"><span  class=\"vc_sep_line\"><\/span><\/span><span class=\"vc_sep_holder vc_sep_holder_r\"><span  class=\"vc_sep_line\"><\/span><\/span>\n<\/div><\/div><\/div><\/div><\/div><div class=\"vc_row wpb_row vc_row-fluid vc_custom_1662050190027\" ><div class=\"wpb_column vc_column_container vc_col-sm-12\"><div class=\"vc_column-inner\"><div class=\"wpb_wrapper\">\n\t<div class=\"wpb_text_column wpb_content_element\" >\n\t\t<div class=\"wpb_wrapper\">\n\t\t\t<h2><i class=\"fa fa-long-arrow-right\" aria-hidden=\"true\"><\/i> Formaci\u00f3n al profesorado en dos \u00e1mbitos distintos:<\/h2>\n\n\t\t<\/div>\n\t<\/div>\n<div class=\"vc_empty_space\"   style=\"height: 32px\"><span class=\"vc_empty_space_inner\"><\/span><\/div><div class=\"vc_row wpb_row vc_inner vc_row-fluid\" ><div class=\"wpb_column vc_column_container vc_col-sm-8\"><div class=\"vc_column-inner\"><div class=\"wpb_wrapper\">\n\t<div class=\"wpb_text_column wpb_content_element\" >\n\t\t<div class=\"wpb_wrapper\">\n\t\t\t<h3>Educaci\u00f3n en el Arte. Como trabajar el Arte Visual y Pl\u00e1stico en las aulas de infantil y primaria<\/h3>\n\n\t\t<\/div>\n\t<\/div>\n\n\t<div class=\"wpb_text_column wpb_content_element\" >\n\t\t<div class=\"wpb_wrapper\">\n\t\t\t<div class=\"wpb_text_column wpb_content_element\">\n<div class=\"wpb_wrapper\">\n<p>El arte es un lenguaje que nos permite desde muy peque\u00f1os expresarnos desde la\u00a0 libertad. En las primeras edades ya es un reflejo de c\u00f3mo madura nuestro sistema\u00a0 neuronal, siente tan importante como la motricidad y el habla. Es pues crucial cuidar de los procesos alrededor del desarrollo de este lenguaje haciendo un\u00a0 buen acompa\u00f1amiento y a la vez proveyendo de materiales, espacios y escucha sin juicios, para conseguir personas maduras, creativas y con una gran capacidad para resolver los problemas presentes y futuros con una expresi\u00f3n m\u00e1s ancha y vers\u00e1til de sus capacidades.<\/p>\n<p>El taller quiere desatar el hecho creativo a las manualidades y quiere centrarse en como las docentes pueden acompa\u00f1ar estos procesos creadores, cu\u00e1l es el papel \u00f3ptimo que podemos realizar desde el aula, de qu\u00e9 manera podemos proporcionarlas la experiencia potenciando al m\u00e1ximo el que las alumnas ya llevan adentro. A la vez conectar en c\u00f3mo son de importantes los procesos creativos, dejar espacio y tiempo para que surjan y siempre dar la oportunidad de poderse expresar a trav\u00e9s de estos lenguajes en cualquier franja de edad.<\/p>\n<\/div>\n<\/div>\n\n\t\t<\/div>\n\t<\/div>\n<\/div><\/div><\/div><div class=\"wpb_column vc_column_container vc_col-sm-4\"><div class=\"vc_column-inner\"><div class=\"wpb_wrapper\">\n\t<div  class=\"wpb_single_image wpb_content_element vc_align_left\">\n\t\t\n\t\t<figure class=\"wpb_wrapper vc_figure\">\n\t\t\t<div class=\"vc_single_image-wrapper   vc_box_border_grey\"><img loading=\"lazy\" decoding=\"async\" width=\"500\" height=\"410\" src=\"https:\/\/www.jornadesperalexcellencia.cat\/wp-content\/uploads\/2022\/09\/1.jpg\" class=\"vc_single_image-img attachment-full\" alt=\"\" srcset=\"https:\/\/www.jornadesperalexcellencia.cat\/wp-content\/uploads\/2022\/09\/1.jpg 500w, https:\/\/www.jornadesperalexcellencia.cat\/wp-content\/uploads\/2022\/09\/1-300x246.jpg 300w\" sizes=\"auto, (max-width: 500px) 100vw, 500px\" \/><\/div>\n\t\t<\/figure>\n\t<\/div>\n<\/div><\/div><\/div><\/div>\n\t<div class=\"wpb_text_column wpb_content_element\" >\n\t\t<div class=\"wpb_wrapper\">\n\t\t\t<p><strong>Objectivos<\/strong><\/p>\n<ul>\n<li>Dar valor en la educaci\u00f3n en las artes.<\/li>\n<li>Dar herramientas para hacer un buen acompa\u00f1amiento.<\/li>\n<li>Establecer la oportunidad de crear, como objetivo indispensable en el aula.<\/li>\n<li>Ampliar el potencial creador de cada alumno\/a.<\/li>\n<li>Introducir las artes como otro lenguaje dentro de la consecuci\u00f3n de objetivos en el aula y en las diferentes materias.<\/li>\n<li>Conseguir liberarnos de las manualidades e introducirnos y experimentar en los procesos de creaci\u00f3n y aprendizaje.<\/li>\n<\/ul>\n\n\t\t<\/div>\n\t<\/div>\n<div class=\"vc_empty_space\"   style=\"height: 40px\"><span class=\"vc_empty_space_inner\"><\/span><\/div><div class=\"vc_row wpb_row vc_inner vc_row-fluid\" ><div class=\"wpb_column vc_column_container vc_col-sm-8\"><div class=\"vc_column-inner\"><div class=\"wpb_wrapper\">\n\t<div class=\"wpb_text_column wpb_content_element\" >\n\t\t<div class=\"wpb_wrapper\">\n\t\t\t<h3>Conferencia Neuroeducaci\u00f3n en el aprendizaje y el papel de la educaci\u00f3n<\/h3>\n\n\t\t<\/div>\n\t<\/div>\n\n\t<div class=\"wpb_text_column wpb_content_element\" >\n\t\t<div class=\"wpb_wrapper\">\n\t\t\t<p>En este taller se trata los conocimientos de la neurociencia que explican c\u00f3mo aprende el cerebro humano. Tambi\u00e9n se hace inciso en los diferentes procesos mentales que intervienen en el aprendizaje y por el \u00faltimo qu\u00e9 papel tienen las emociones, la motivaci\u00f3n\u2026<\/p>\n<p><strong>Objectivos<\/strong><\/p>\n<ul>\n<li>Conocer como aprende el cerebro.<\/li>\n<li>Integrar los principios de la neurociencia en la pr\u00e1ctica educativa.<\/li>\n<li>Adquirir herramientas y recursos pr\u00e1cticos para optimizar los procesos de aprendizaje dentro del aula.<\/li>\n<\/ul>\n\n\t\t<\/div>\n\t<\/div>\n<\/div><\/div><\/div><div class=\"wpb_column vc_column_container vc_col-sm-4\"><div class=\"vc_column-inner\"><div class=\"wpb_wrapper\">\n\t<div  class=\"wpb_single_image wpb_content_element vc_align_left\">\n\t\t\n\t\t<figure class=\"wpb_wrapper vc_figure\">\n\t\t\t<div class=\"vc_single_image-wrapper   vc_box_border_grey\"><img loading=\"lazy\" decoding=\"async\" width=\"500\" height=\"410\" src=\"https:\/\/www.jornadesperalexcellencia.cat\/wp-content\/uploads\/2022\/09\/2.jpg\" class=\"vc_single_image-img attachment-full\" alt=\"\" srcset=\"https:\/\/www.jornadesperalexcellencia.cat\/wp-content\/uploads\/2022\/09\/2.jpg 500w, https:\/\/www.jornadesperalexcellencia.cat\/wp-content\/uploads\/2022\/09\/2-300x246.jpg 300w\" sizes=\"auto, (max-width: 500px) 100vw, 500px\" \/><\/div>\n\t\t<\/figure>\n\t<\/div>\n<\/div><\/div><\/div><\/div><div class=\"vc_empty_space\"   style=\"height: 40px\"><span class=\"vc_empty_space_inner\"><\/span><\/div><\/div><\/div><\/div><\/div>","protected":false},"excerpt":{"rendered":"Maleta educativa La Maleta educativa es un proyecto de las Jornades per a l\u2019excel\u00b7l\u00e8ncia financiado con la ayuda de la Diputaci\u00f3 de Lleida. Hasta ahora, estas son las actividades que se han llevado a cabo: Gen\u00e8rics: propuesta educativa por la promoci\u00f3n de la igualdad de g\u00e9nero en todos los \u00e1mbitos. Un Espect\u00e1culo de T\u00edteres que incluye dos cuentos y m\u00fasica en directo. Esta obra de teatro se represent\u00f3 en las escuelas de nuestro territorio: Escola \u00c0ngel Seraf\u00ed de Sort, por [...]","protected":false},"author":1,"featured_media":0,"parent":0,"menu_order":0,"comment_status":"closed","ping_status":"closed","template":"","meta":{"footnotes":""},"class_list":["post-8125","page","type-page","status-publish","hentry"],"yoast_head":"<!-- This site is optimized with the Yoast SEO plugin v27.5 - https:\/\/yoast.com\/product\/yoast-seo-wordpress\/ -->\n<title>2021 Maleta educativa - Jornades per a l&#039;excel\u00b7l\u00e8ncia<\/title>\n<meta name=\"robots\" content=\"index, follow, max-snippet:-1, max-image-preview:large, max-video-preview:-1\" \/>\n<link rel=\"canonical\" href=\"https:\/\/www.jornadesperalexcellencia.cat\/es\/2021-proyecto-maleta-educativa\/\" \/>\n<meta property=\"og:locale\" content=\"es_ES\" \/>\n<meta property=\"og:type\" content=\"article\" \/>\n<meta property=\"og:title\" content=\"2021 Maleta educativa - Jornades per a l&#039;excel\u00b7l\u00e8ncia\" \/>\n<meta property=\"og:url\" content=\"https:\/\/www.jornadesperalexcellencia.cat\/es\/2021-proyecto-maleta-educativa\/\" \/>\n<meta property=\"og:site_name\" content=\"Jornades per a l&#039;excel\u00b7l\u00e8ncia\" \/>\n<meta property=\"article:modified_time\" content=\"2022-09-02T16:29:23+00:00\" \/>\n<meta name=\"twitter:card\" content=\"summary_large_image\" \/>\n<meta name=\"twitter:label1\" content=\"Tiempo de lectura\" \/>\n\t<meta name=\"twitter:data1\" content=\"6 minutos\" \/>\n<script type=\"application\/ld+json\" class=\"yoast-schema-graph\">{\"@context\":\"https:\\\/\\\/schema.org\",\"@graph\":[{\"@type\":\"WebPage\",\"@id\":\"https:\\\/\\\/www.jornadesperalexcellencia.cat\\\/es\\\/2021-proyecto-maleta-educativa\\\/\",\"url\":\"https:\\\/\\\/www.jornadesperalexcellencia.cat\\\/es\\\/2021-proyecto-maleta-educativa\\\/\",\"name\":\"2021 Maleta educativa - Jornades per a l&#039;excel\u00b7l\u00e8ncia\",\"isPartOf\":{\"@id\":\"https:\\\/\\\/www.jornadesperalexcellencia.cat\\\/es\\\/#website\"},\"datePublished\":\"2022-09-01T11:07:14+00:00\",\"dateModified\":\"2022-09-02T16:29:23+00:00\",\"breadcrumb\":{\"@id\":\"https:\\\/\\\/www.jornadesperalexcellencia.cat\\\/es\\\/2021-proyecto-maleta-educativa\\\/#breadcrumb\"},\"inLanguage\":\"es\",\"potentialAction\":[{\"@type\":\"ReadAction\",\"target\":[\"https:\\\/\\\/www.jornadesperalexcellencia.cat\\\/es\\\/2021-proyecto-maleta-educativa\\\/\"]}]},{\"@type\":\"BreadcrumbList\",\"@id\":\"https:\\\/\\\/www.jornadesperalexcellencia.cat\\\/es\\\/2021-proyecto-maleta-educativa\\\/#breadcrumb\",\"itemListElement\":[{\"@type\":\"ListItem\",\"position\":1,\"name\":\"Inici\",\"item\":\"https:\\\/\\\/www.jornadesperalexcellencia.cat\\\/es\\\/inicio\\\/\"},{\"@type\":\"ListItem\",\"position\":2,\"name\":\"2021 Maleta educativa\"}]},{\"@type\":\"WebSite\",\"@id\":\"https:\\\/\\\/www.jornadesperalexcellencia.cat\\\/es\\\/#website\",\"url\":\"https:\\\/\\\/www.jornadesperalexcellencia.cat\\\/es\\\/\",\"name\":\"Jornades per a l&#039;excel\u00b7l\u00e8ncia\",\"description\":\"Confer\u00e8ncies anuals per al progr\u00e9s i desenvolupament dels territoris del Pirineu. Esterri d&#039;\u00c0neu i Andorra.\",\"alternateName\":\"Jornades per a l'excel\u00b7l\u00e8ncia\",\"potentialAction\":[{\"@type\":\"SearchAction\",\"target\":{\"@type\":\"EntryPoint\",\"urlTemplate\":\"https:\\\/\\\/www.jornadesperalexcellencia.cat\\\/es\\\/?s={search_term_string}\"},\"query-input\":{\"@type\":\"PropertyValueSpecification\",\"valueRequired\":true,\"valueName\":\"search_term_string\"}}],\"inLanguage\":\"es\"}]}<\/script>\n<!-- \/ Yoast SEO plugin. -->","yoast_head_json":{"title":"2021 Maleta educativa - Jornades per a l&#039;excel\u00b7l\u00e8ncia","robots":{"index":"index","follow":"follow","max-snippet":"max-snippet:-1","max-image-preview":"max-image-preview:large","max-video-preview":"max-video-preview:-1"},"canonical":"https:\/\/www.jornadesperalexcellencia.cat\/es\/2021-proyecto-maleta-educativa\/","og_locale":"es_ES","og_type":"article","og_title":"2021 Maleta educativa - Jornades per a l&#039;excel\u00b7l\u00e8ncia","og_url":"https:\/\/www.jornadesperalexcellencia.cat\/es\/2021-proyecto-maleta-educativa\/","og_site_name":"Jornades per a l&#039;excel\u00b7l\u00e8ncia","article_modified_time":"2022-09-02T16:29:23+00:00","twitter_card":"summary_large_image","twitter_misc":{"Tiempo de lectura":"6 minutos"},"schema":{"@context":"https:\/\/schema.org","@graph":[{"@type":"WebPage","@id":"https:\/\/www.jornadesperalexcellencia.cat\/es\/2021-proyecto-maleta-educativa\/","url":"https:\/\/www.jornadesperalexcellencia.cat\/es\/2021-proyecto-maleta-educativa\/","name":"2021 Maleta educativa - Jornades per a l&#039;excel\u00b7l\u00e8ncia","isPartOf":{"@id":"https:\/\/www.jornadesperalexcellencia.cat\/es\/#website"},"datePublished":"2022-09-01T11:07:14+00:00","dateModified":"2022-09-02T16:29:23+00:00","breadcrumb":{"@id":"https:\/\/www.jornadesperalexcellencia.cat\/es\/2021-proyecto-maleta-educativa\/#breadcrumb"},"inLanguage":"es","potentialAction":[{"@type":"ReadAction","target":["https:\/\/www.jornadesperalexcellencia.cat\/es\/2021-proyecto-maleta-educativa\/"]}]},{"@type":"BreadcrumbList","@id":"https:\/\/www.jornadesperalexcellencia.cat\/es\/2021-proyecto-maleta-educativa\/#breadcrumb","itemListElement":[{"@type":"ListItem","position":1,"name":"Inici","item":"https:\/\/www.jornadesperalexcellencia.cat\/es\/inicio\/"},{"@type":"ListItem","position":2,"name":"2021 Maleta educativa"}]},{"@type":"WebSite","@id":"https:\/\/www.jornadesperalexcellencia.cat\/es\/#website","url":"https:\/\/www.jornadesperalexcellencia.cat\/es\/","name":"Jornades per a l&#039;excel\u00b7l\u00e8ncia","description":"Confer\u00e8ncies anuals per al progr\u00e9s i desenvolupament dels territoris del Pirineu. Esterri d&#039;\u00c0neu i Andorra.","alternateName":"Jornades per a l'excel\u00b7l\u00e8ncia","potentialAction":[{"@type":"SearchAction","target":{"@type":"EntryPoint","urlTemplate":"https:\/\/www.jornadesperalexcellencia.cat\/es\/?s={search_term_string}"},"query-input":{"@type":"PropertyValueSpecification","valueRequired":true,"valueName":"search_term_string"}}],"inLanguage":"es"}]}},"_links":{"self":[{"href":"https:\/\/www.jornadesperalexcellencia.cat\/es\/wp-json\/wp\/v2\/pages\/8125","targetHints":{"allow":["GET"]}}],"collection":[{"href":"https:\/\/www.jornadesperalexcellencia.cat\/es\/wp-json\/wp\/v2\/pages"}],"about":[{"href":"https:\/\/www.jornadesperalexcellencia.cat\/es\/wp-json\/wp\/v2\/types\/page"}],"author":[{"embeddable":true,"href":"https:\/\/www.jornadesperalexcellencia.cat\/es\/wp-json\/wp\/v2\/users\/1"}],"replies":[{"embeddable":true,"href":"https:\/\/www.jornadesperalexcellencia.cat\/es\/wp-json\/wp\/v2\/comments?post=8125"}],"version-history":[{"count":0,"href":"https:\/\/www.jornadesperalexcellencia.cat\/es\/wp-json\/wp\/v2\/pages\/8125\/revisions"}],"wp:attachment":[{"href":"https:\/\/www.jornadesperalexcellencia.cat\/es\/wp-json\/wp\/v2\/media?parent=8125"}],"curies":[{"name":"wp","href":"https:\/\/api.w.org\/{rel}","templated":true}]}}