{"id":6771,"date":"2021-07-07T20:05:10","date_gmt":"2021-07-07T18:05:10","guid":{"rendered":"https:\/\/www.jornadesperalexcellencia.cat\/?page_id=6771"},"modified":"2022-08-30T09:14:45","modified_gmt":"2022-08-30T07:14:45","slug":"talento-2021","status":"publish","type":"page","link":"https:\/\/www.jornadesperalexcellencia.cat\/es\/talento-2021\/","title":{"rendered":"Talento 2021"},"content":{"rendered":"<div class=\"vc_row wpb_row vc_row-fluid vc_custom_1626434761830 vc_column-gap-15 vc_row-o-equal-height vc_row-flex\" ><div class=\"wpb_column vc_column_container vc_col-sm-4\"><div class=\"vc_column-inner\"><div class=\"wpb_wrapper\"><div class=\"vc_empty_space\"   style=\"height: 32px\"><span class=\"vc_empty_space_inner\"><\/span><\/div>\n\t<div class=\"wpb_text_column wpb_content_element \" >\n\t\t<div class=\"wpb_wrapper\">\n\t\t\t<h2 style=\"text-align: right;\">Cor de Rock<\/h2>\n<h3 style=\"text-align: right;\">Escola Andorrana d&#8217;Encamp<\/h3>\n\n\t\t<\/div>\n\t<\/div>\n\n\t<div class=\"wpb_text_column wpb_content_element \" >\n\t\t<div class=\"wpb_wrapper\">\n\t\t\t<p>\nEl <strong><em>Cor de Rock d\u2019Encamp<\/em><\/strong> es un proyecto educativo que nace de la voluntad de querer fomentar a trav\u00e9s del canto valores tan importantes como la <strong>amistad, la solidaridad y el voluntariado<\/strong> entre los adolescentes de diferentes nacionalidades y realidades sociales que forman parte de la agrupaci\u00f3n.<br \/>\nSu gran reconocimiento es por su singular repertorio musical, son el \u00fanico coro de una escuela p\u00fablica de Andorra dedicado a la interpretaci\u00f3n de versiones corales de m\u00fasica pop, rock y de las listas de \u00e9xitos, y tambi\u00e9n por <strong>su participaci\u00f3n en causas solidarias<\/strong> y la <strong>generosidad desinteresada<\/strong> que siempre muestran sus miembros.<\/p>\n\n\t\t<\/div>\n\t<\/div>\n<\/div><\/div><\/div><div class=\"wpb_column vc_column_container vc_col-sm-8 vc_col-has-fill\"><div class=\"vc_column-inner vc_custom_1625569512344\"><div class=\"wpb_wrapper\"><div class=\"vc_row wpb_row vc_inner vc_row-fluid vc_custom_1625568856598 vc_row-has-fill vc_column-gap-10 vc_row-o-equal-height vc_row-flex\" ><div class=\"wpb_column vc_column_container vc_col-sm-6\"><div class=\"vc_column-inner\"><div class=\"wpb_wrapper\">\n\t<div class=\"wpb_raw_code wpb_content_element wpb_raw_html\" >\n\t\t<div class=\"wpb_wrapper\">\n\t\t\t<iframe loading=\"lazy\" width=\"560\" height=\"315\" src=\"https:\/\/www.youtube.com\/embed\/hYGJRY5Wz5c\" title=\"YouTube video player\" frameborder=\"0\" allow=\"accelerometer; autoplay; clipboard-write; encrypted-media; gyroscope; picture-in-picture\" allowfullscreen><\/iframe>\n\t\t<\/div>\n\t<\/div>\n<\/div><\/div><\/div><div class=\"wpb_column vc_column_container vc_col-sm-6\"><div class=\"vc_column-inner\"><div class=\"wpb_wrapper\"><div class=\"qodef-banner-holder banner-proyecto-escuelas qodef-visible-on-default qodef-banner-info-default\">\n    <div class=\"qodef-banner-image\">\n            <\/div>\n    <div class=\"qodef-banner-text-holder\" style=\"background-color: #dd3333\">\n\t    <div class=\"qodef-banner-text-outer\">\n\t\t    <div class=\"qodef-banner-text-inner\">\n\t\t        \t\t        \t\t            <h3 class=\"qodef-banner-title\" >\n\t\t                Dossier Cor de Rock d'Encamp\t                <\/h3>\n\t\t        \t\t\t\t\t\t\t<\/div>\n\t\t<\/div>\n\t<\/div>\n\t        <a itemprop=\"url\" class=\"qodef-banner-link\" href=\"https:\/\/drive.google.com\/file\/d\/1ynuoOEDhUUoy-gw6okI99zA2QzdzPR7q\/view\" target=\"_blank\"><\/a>\n    <\/div><\/div><\/div><\/div><\/div><div class=\"vc_row wpb_row vc_inner vc_row-fluid vc_custom_1625568856598 vc_row-has-fill vc_column-gap-10 vc_row-o-equal-height vc_row-flex\" ><div class=\"wpb_column vc_column_container vc_col-sm-6\"><div class=\"vc_column-inner\"><div class=\"wpb_wrapper\">\n\t<div class=\"wpb_raw_code wpb_content_element wpb_raw_html\" >\n\t\t<div class=\"wpb_wrapper\">\n\t\t\t<iframe loading=\"lazy\" width=\"560\" height=\"315\" src=\"https:\/\/www.youtube.com\/embed\/vu-bXsbwkfs\" title=\"YouTube video player\" frameborder=\"0\" allow=\"accelerometer; autoplay; clipboard-write; encrypted-media; gyroscope; picture-in-picture\" allowfullscreen><\/iframe>\n\t\t<\/div>\n\t<\/div>\n<\/div><\/div><\/div><div class=\"wpb_column vc_column_container vc_col-sm-6\"><div class=\"vc_column-inner\"><div class=\"wpb_wrapper\">\n\t<div class=\"wpb_raw_code wpb_content_element wpb_raw_html\" >\n\t\t<div class=\"wpb_wrapper\">\n\t\t\t\n\t\t<\/div>\n\t<\/div>\n<\/div><\/div><\/div><\/div><\/div><\/div><\/div><\/div><div class=\"vc_row wpb_row vc_row-fluid vc_custom_1626434772496 vc_column-gap-15 vc_row-o-equal-height vc_row-flex\" ><div class=\"wpb_column vc_column_container vc_col-sm-4\"><div class=\"vc_column-inner\"><div class=\"wpb_wrapper\">\n\t<div class=\"wpb_text_column wpb_content_element \" >\n\t\t<div class=\"wpb_wrapper\">\n\t\t\t<h2 style=\"text-align: right;\">Medi-STEAM<\/h2>\n<h3 style=\"text-align: right;\"><strong>Escola La Closa<br \/>\nEsterri d\u2019\u00c0neu<\/strong><\/h3>\n\n\t\t<\/div>\n\t<\/div>\n\n\t<div class=\"wpb_text_column wpb_content_element \" >\n\t\t<div class=\"wpb_wrapper\">\n\t\t\t<p>En la escuela, <strong>se promueve la Ciencia desde una perspectiva que tenga presente el mundo tan complejo<\/strong>, cambiante, tecnol\u00f3gico y en constante transformaci\u00f3n en que vivimos.<br \/>\nEnglobando <strong>las Ciencias, la Tecnolog\u00eda, la Ingenier\u00eda, las Artes, Humanidades, Ciencias Sociales y la Matem\u00e1tica<\/strong> podr\u00e1n dar respuestas globales a problem\u00e1ticas reales.<br \/>\nSu finalidad educativa es que el alumnado aprenda a comprender el mundo para pensar y resolver problemas complejos, imaginar y buscar soluciones creativas e implicarse y comprometerse con valores de sostenibilidad y equidad.<br \/>\nOs compartimos algunas im\u00e1genes de los proyectos Medio-STEAM llevados a cabo este curso 2020\/21 desde esta mirada.<\/p>\n\n\t\t<\/div>\n\t<\/div>\n<\/div><\/div><\/div><div class=\"wpb_column vc_column_container vc_col-sm-8 vc_col-has-fill\"><div class=\"vc_column-inner vc_custom_1625642268463\"><div class=\"wpb_wrapper\"><div class=\"vc_row wpb_row vc_inner vc_row-fluid vc_custom_1625568856598 vc_row-has-fill vc_column-gap-10 vc_row-o-equal-height vc_row-flex\" ><div class=\"wpb_column vc_column_container vc_col-sm-6\"><div class=\"vc_column-inner\"><div class=\"wpb_wrapper\">\n\t<div class=\"wpb_raw_code wpb_content_element wpb_raw_html\" >\n\t\t<div class=\"wpb_wrapper\">\n\t\t\t<div style=\"width: 100%;\"><div style=\"position: relative; padding-bottom: 58.25%; padding-top: 0; height: 0;\"><iframe loading=\"lazy\" frameborder=\"0\" width=\"400px\" height=\"233px\" style=\"position: absolute; top: 0; left: 0; width: 100%; height: 100%;\" src=\"https:\/\/view.genial.ly\/60998c1c173d4c0d90f6d6f9\" type=\"text\/html\" allowscriptaccess=\"always\" allowfullscreen=\"true\" scrolling=\"yes\" allownetworking=\"all\"><\/iframe> <\/div> <\/div>\n\t\t<\/div>\n\t<\/div>\n<div class=\"vc_empty_space\"   style=\"height: 32px\"><span class=\"vc_empty_space_inner\"><\/span><\/div>\n\t<div class=\"wpb_raw_code wpb_content_element wpb_raw_html\" >\n\t\t<div class=\"wpb_wrapper\">\n\t\t\t<div style=\"width: 100%;\"><div style=\"position: relative; padding-bottom: 56.25%; padding-top: 0; height: 0;\"><iframe loading=\"lazy\" frameborder=\"0\" width=\"1200px\" height=\"675px\" style=\"position: absolute; top: 0; left: 0; width: 100%; height: 100%;\" src=\"https:\/\/view.genial.ly\/5fcbe67034487c74a6da5aa0\" type=\"text\/html\" allowscriptaccess=\"always\" allowfullscreen=\"true\" scrolling=\"yes\" allownetworking=\"all\"><\/iframe> <\/div> <\/div>\n\t\t<\/div>\n\t<\/div>\n<\/div><\/div><\/div><div class=\"wpb_column vc_column_container vc_col-sm-6\"><div class=\"vc_column-inner\"><div class=\"wpb_wrapper\">\n\t<div class=\"wpb_raw_code wpb_content_element wpb_raw_html\" >\n\t\t<div class=\"wpb_wrapper\">\n\t\t\t<div style=\"width: 100%;\"><div style=\"position: relative; padding-bottom: 73.25%; padding-top: 0; height: 0;\"><iframe loading=\"lazy\" frameborder=\"0\" width=\"1200px\" height=\"879px\" style=\"position: absolute; top: 0; left: 0; width: 100%; height: 100%;\" src=\"https:\/\/view.genial.ly\/6011369ca7a0a40daa41944a\" type=\"text\/html\" allowscriptaccess=\"always\" allowfullscreen=\"true\" scrolling=\"yes\" allownetworking=\"all\"><\/iframe> <\/div> <\/div>\n\t\t<\/div>\n\t<\/div>\n<\/div><\/div><\/div><\/div><\/div><\/div><\/div><\/div><div class=\"vc_row wpb_row vc_row-fluid vc_custom_1626434781678 vc_column-gap-15 vc_row-o-equal-height vc_row-flex\" ><div class=\"wpb_column vc_column_container vc_col-sm-8\"><div class=\"vc_column-inner\"><div class=\"wpb_wrapper\">\n\t<div class=\"wpb_text_column wpb_content_element \" >\n\t\t<div class=\"wpb_wrapper\">\n\t\t\t<h2 style=\"text-align: right;\">Boscos de Muntanya<\/h2>\n<h3 style=\"text-align: right;\"><strong>Bergwaldprojekt Catalunya, Llavors\u00ed<\/strong><\/h3>\n\n\t\t<\/div>\n\t<\/div>\n\n\t<div class=\"wpb_text_column wpb_content_element \" >\n\t\t<div class=\"wpb_wrapper\">\n\t\t\t<p>Dentro de la fundaci\u00f3n<strong>\u00a0Bergwaldprojekt\u00a0<\/strong>se crea <strong>Bosques de Monta\u00f1a<\/strong> en Llavors\u00ed, un proyecto que invita en las escuelas de Catalu\u00f1a a visitar los bosques catalanes para que los j\u00f3venes <strong>experimenten la importancia de trabajar en equipo en ambientes que no suelen frecuentar<\/strong>, aunque algunos viven muy cerca de ellos.<\/p>\n<p>El objetivo es que interact\u00faen y entren en contacto con la natura, que experimenten nuevas sensaciones y que descubran todos los secretos escondidos, para que sean <strong>conscientes de la importancia de cuidar y proteger este regalo de la madre tierra.<\/strong><\/p>\n\n\t\t<\/div>\n\t<\/div>\n<\/div><\/div><\/div><div class=\"wpb_column vc_column_container vc_col-sm-4 vc_col-has-fill\"><div class=\"vc_column-inner vc_custom_1625642268463\"><div class=\"wpb_wrapper\"><div class=\"vc_empty_space\"   style=\"height: 32px\"><span class=\"vc_empty_space_inner\"><\/span><\/div>\n\t<div class=\"wpb_raw_code wpb_content_element wpb_raw_html\" >\n\t\t<div class=\"wpb_wrapper\">\n\t\t\t<iframe loading=\"lazy\" width=\"560\" height=\"315\" src=\"https:\/\/www.youtube.com\/embed\/j2WexfYVLH8\" title=\"YouTube video player\" frameborder=\"0\" allow=\"accelerometer; autoplay; clipboard-write; encrypted-media; gyroscope; picture-in-picture\" allowfullscreen><\/iframe>\n\t\t<\/div>\n\t<\/div>\n<\/div><\/div><\/div><\/div><div class=\"vc_row wpb_row vc_row-fluid vc_custom_1626434781678 vc_column-gap-15 vc_row-o-equal-height vc_row-flex\" ><div class=\"wpb_column vc_column_container vc_col-sm-8\"><div class=\"vc_column-inner\"><div class=\"wpb_wrapper\">\n\t<div class=\"wpb_text_column wpb_content_element \" >\n\t\t<div class=\"wpb_wrapper\">\n\t\t\t<h2 style=\"text-align: right;\">Orquestra Comarcal Pirinenca<\/h2>\n<h3 style=\"text-align: right;\"><strong>Escola Folk del Pirineu, Ars\u00e8guel<\/strong><\/h3>\n\n\t\t<\/div>\n\t<\/div>\n\n\t<div class=\"wpb_text_column wpb_content_element \" >\n\t\t<div class=\"wpb_wrapper\">\n\t\t\t<p>Proyecto musical que tiene como objetivo <strong>formar y promocionar la m\u00fasica y la danza de ra\u00edces tradicionales en las comarcas pirenaicas.<\/strong><\/p>\n<p>Es un taller flexible abierto a todo el mundo \u2013 estudiantes, sus familiares, j\u00f3venes, adultos \u2013 que se adapta a las necesidades de sus alumnos. La diversi\u00f3n tampoco falta, de hecho potencia todav\u00eda m\u00e1s la capacidad de aprendizaje. Gracias a este proyecto, los participantes tienen la posibilidad de tener a su lado profesionales que los ayudan a mejorar <strong>su formaci\u00f3n t\u00e9cnica y a aprender como utilizar correctamente los instrumentos.<\/strong><\/p>\n\n\t\t<\/div>\n\t<\/div>\n<\/div><\/div><\/div><div class=\"wpb_column vc_column_container vc_col-sm-4 vc_col-has-fill\"><div class=\"vc_column-inner vc_custom_1625642268463\"><div class=\"wpb_wrapper\"><div class=\"vc_empty_space\"   style=\"height: 32px\"><span class=\"vc_empty_space_inner\"><\/span><\/div>\n\t<div class=\"wpb_raw_code wpb_content_element wpb_raw_html\" >\n\t\t<div class=\"wpb_wrapper\">\n\t\t\t<iframe loading=\"lazy\" width=\"560\" height=\"315\" src=\"https:\/\/www.youtube.com\/embed\/ft-7ZA2_S1E\" title=\"YouTube video player\" frameborder=\"0\" allow=\"accelerometer; autoplay; clipboard-write; encrypted-media; gyroscope; picture-in-picture\" allowfullscreen><\/iframe>\n\t\t<\/div>\n\t<\/div>\n<\/div><\/div><\/div><\/div><div class=\"vc_row wpb_row vc_row-fluid vc_custom_1626434761830 vc_column-gap-15 vc_row-o-equal-height vc_row-flex\" ><div class=\"wpb_column vc_column_container vc_col-sm-4\"><div class=\"vc_column-inner\"><div class=\"wpb_wrapper\">\n\t<div class=\"wpb_text_column wpb_content_element \" >\n\t\t<div class=\"wpb_wrapper\">\n\t\t\t<h2 style=\"text-align: right;\">Repensem el nostre pati<\/h2>\n<h3 style=\"text-align: right;\">Escola A\u0300ngel Serafi\u0301 Casanovas, Sort<\/h3>\n\n\t\t<\/div>\n\t<\/div>\n\n\t<div class=\"wpb_text_column wpb_content_element \" >\n\t\t<div class=\"wpb_wrapper\">\n\t\t\t<p>Este proyecto se desarrolla como un proceso de aprendizaje, de compromiso y de cooperaci\u00f3n entre toda la comunidad educativa. Se <strong>pretende que el patio sea un espacio arm\u00f3nico y saludable dentro de la escuela<\/strong>, donde aparezcan los espacios naturales y donde se pueda llevar a cabo una educaci\u00f3n integral y el crecimiento personal de los ni\u00f1os.<\/p>\n\n\t\t<\/div>\n\t<\/div>\n<\/div><\/div><\/div><div class=\"wpb_column vc_column_container vc_col-sm-4 vc_col-has-fill\"><div class=\"vc_column-inner vc_custom_1625569512344\"><div class=\"wpb_wrapper\"><div class=\"vc_empty_space\"   style=\"height: 32px\"><span class=\"vc_empty_space_inner\"><\/span><\/div><div class=\"wpb_images_carousel wpb_content_element vc_clearfix\"><div class=\"wpb_wrapper\"><div id=\"vc_images-carousel-1-1777612040\" data-ride=\"vc_carousel\" data-wrap=\"false\" style=\"width: 100%;\" data-interval=\"0\" data-auto-height=\"yes\" data-mode=\"horizontal\" data-partial=\"false\" data-per-view=\"1\" data-hide-on-end=\"true\" class=\"vc_slide vc_images_carousel\"><ol class=\"vc_carousel-indicators\"><li data-target=\"#vc_images-carousel-1-1777612040\" data-slide-to=\"0\"><\/li><li data-target=\"#vc_images-carousel-1-1777612040\" data-slide-to=\"1\"><\/li><li data-target=\"#vc_images-carousel-1-1777612040\" data-slide-to=\"2\"><\/li><li data-target=\"#vc_images-carousel-1-1777612040\" data-slide-to=\"3\"><\/li><li data-target=\"#vc_images-carousel-1-1777612040\" data-slide-to=\"4\"><\/li><\/ol><div class=\"vc_carousel-inner\"><div class=\"vc_carousel-slideline\"><div class=\"vc_carousel-slideline-inner\"><div class=\"vc_item\"><div class=\"vc_inner\"><a class=\"prettyphoto\" href=\"https:\/\/www.jornadesperalexcellencia.cat\/wp-content\/uploads\/2021\/08\/2021-serafi-pati-5.jpg\" data-rel=\"prettyPhoto[rel-6771-38123744]\"><img loading=\"lazy\" decoding=\"async\" width=\"800\" height=\"600\" src=\"https:\/\/www.jornadesperalexcellencia.cat\/wp-content\/uploads\/2021\/08\/2021-serafi-pati-5.jpg\" class=\"attachment-full\" alt=\"\" srcset=\"https:\/\/www.jornadesperalexcellencia.cat\/wp-content\/uploads\/2021\/08\/2021-serafi-pati-5.jpg 800w, https:\/\/www.jornadesperalexcellencia.cat\/wp-content\/uploads\/2021\/08\/2021-serafi-pati-5-300x225.jpg 300w, https:\/\/www.jornadesperalexcellencia.cat\/wp-content\/uploads\/2021\/08\/2021-serafi-pati-5-768x576.jpg 768w, https:\/\/www.jornadesperalexcellencia.cat\/wp-content\/uploads\/2021\/08\/2021-serafi-pati-5-600x450.jpg 600w\" sizes=\"auto, (max-width: 800px) 100vw, 800px\" \/><\/a><\/div><\/div><div class=\"vc_item\"><div class=\"vc_inner\"><a class=\"prettyphoto\" href=\"https:\/\/www.jornadesperalexcellencia.cat\/wp-content\/uploads\/2021\/08\/2021-serafi-pati-2.jpg\" data-rel=\"prettyPhoto[rel-6771-38123744]\"><img loading=\"lazy\" decoding=\"async\" width=\"800\" height=\"600\" src=\"https:\/\/www.jornadesperalexcellencia.cat\/wp-content\/uploads\/2021\/08\/2021-serafi-pati-2.jpg\" class=\"attachment-full\" alt=\"\" srcset=\"https:\/\/www.jornadesperalexcellencia.cat\/wp-content\/uploads\/2021\/08\/2021-serafi-pati-2.jpg 800w, https:\/\/www.jornadesperalexcellencia.cat\/wp-content\/uploads\/2021\/08\/2021-serafi-pati-2-300x225.jpg 300w, https:\/\/www.jornadesperalexcellencia.cat\/wp-content\/uploads\/2021\/08\/2021-serafi-pati-2-768x576.jpg 768w, https:\/\/www.jornadesperalexcellencia.cat\/wp-content\/uploads\/2021\/08\/2021-serafi-pati-2-600x450.jpg 600w\" sizes=\"auto, (max-width: 800px) 100vw, 800px\" \/><\/a><\/div><\/div><div class=\"vc_item\"><div class=\"vc_inner\"><a class=\"prettyphoto\" href=\"https:\/\/www.jornadesperalexcellencia.cat\/wp-content\/uploads\/2021\/08\/2021-serafi-pati-3.jpg\" data-rel=\"prettyPhoto[rel-6771-38123744]\"><img loading=\"lazy\" decoding=\"async\" width=\"800\" height=\"600\" src=\"https:\/\/www.jornadesperalexcellencia.cat\/wp-content\/uploads\/2021\/08\/2021-serafi-pati-3.jpg\" class=\"attachment-full\" alt=\"\" srcset=\"https:\/\/www.jornadesperalexcellencia.cat\/wp-content\/uploads\/2021\/08\/2021-serafi-pati-3.jpg 800w, https:\/\/www.jornadesperalexcellencia.cat\/wp-content\/uploads\/2021\/08\/2021-serafi-pati-3-300x225.jpg 300w, https:\/\/www.jornadesperalexcellencia.cat\/wp-content\/uploads\/2021\/08\/2021-serafi-pati-3-768x576.jpg 768w, https:\/\/www.jornadesperalexcellencia.cat\/wp-content\/uploads\/2021\/08\/2021-serafi-pati-3-600x450.jpg 600w\" sizes=\"auto, (max-width: 800px) 100vw, 800px\" \/><\/a><\/div><\/div><div class=\"vc_item\"><div class=\"vc_inner\"><a class=\"prettyphoto\" href=\"https:\/\/www.jornadesperalexcellencia.cat\/wp-content\/uploads\/2021\/08\/2021-serafi-pati-1.jpg\" data-rel=\"prettyPhoto[rel-6771-38123744]\"><img loading=\"lazy\" decoding=\"async\" width=\"800\" height=\"600\" src=\"https:\/\/www.jornadesperalexcellencia.cat\/wp-content\/uploads\/2021\/08\/2021-serafi-pati-1.jpg\" class=\"attachment-full\" alt=\"\" srcset=\"https:\/\/www.jornadesperalexcellencia.cat\/wp-content\/uploads\/2021\/08\/2021-serafi-pati-1.jpg 800w, https:\/\/www.jornadesperalexcellencia.cat\/wp-content\/uploads\/2021\/08\/2021-serafi-pati-1-300x225.jpg 300w, https:\/\/www.jornadesperalexcellencia.cat\/wp-content\/uploads\/2021\/08\/2021-serafi-pati-1-768x576.jpg 768w, https:\/\/www.jornadesperalexcellencia.cat\/wp-content\/uploads\/2021\/08\/2021-serafi-pati-1-600x450.jpg 600w\" sizes=\"auto, (max-width: 800px) 100vw, 800px\" \/><\/a><\/div><\/div><div class=\"vc_item\"><div class=\"vc_inner\"><a class=\"prettyphoto\" href=\"https:\/\/www.jornadesperalexcellencia.cat\/wp-content\/uploads\/2021\/08\/2021-serafi-pati-4.jpg\" data-rel=\"prettyPhoto[rel-6771-38123744]\"><img loading=\"lazy\" decoding=\"async\" width=\"800\" height=\"600\" src=\"https:\/\/www.jornadesperalexcellencia.cat\/wp-content\/uploads\/2021\/08\/2021-serafi-pati-4.jpg\" class=\"attachment-full\" alt=\"\" srcset=\"https:\/\/www.jornadesperalexcellencia.cat\/wp-content\/uploads\/2021\/08\/2021-serafi-pati-4.jpg 800w, https:\/\/www.jornadesperalexcellencia.cat\/wp-content\/uploads\/2021\/08\/2021-serafi-pati-4-300x225.jpg 300w, https:\/\/www.jornadesperalexcellencia.cat\/wp-content\/uploads\/2021\/08\/2021-serafi-pati-4-768x576.jpg 768w, https:\/\/www.jornadesperalexcellencia.cat\/wp-content\/uploads\/2021\/08\/2021-serafi-pati-4-600x450.jpg 600w\" sizes=\"auto, (max-width: 800px) 100vw, 800px\" \/><\/a><\/div><\/div><\/div><\/div><\/div><a class=\"vc_left vc_carousel-control\" href=\"#vc_images-carousel-1-1777612040\" data-slide=\"prev\"><span class=\"icon-prev\"><\/span><\/a><a class=\"vc_right vc_carousel-control\" href=\"#vc_images-carousel-1-1777612040\" data-slide=\"next\"><span class=\"icon-next\"><\/span><\/a><\/div><\/div><\/div><\/div><\/div><\/div><div class=\"wpb_column vc_column_container vc_col-sm-4\"><div class=\"vc_column-inner\"><div class=\"wpb_wrapper\"><div class=\"vc_empty_space\"   style=\"height: 32px\"><span class=\"vc_empty_space_inner\"><\/span><\/div><div class=\"qodef-banner-holder banner-proyecto-escuelas-1 qodef-visible-on-default qodef-banner-info-default\">\n    <div class=\"qodef-banner-image\">\n            <\/div>\n    <div class=\"qodef-banner-text-holder\" style=\"background-color: #dd3333\">\n\t    <div class=\"qodef-banner-text-outer\">\n\t\t    <div class=\"qodef-banner-text-inner\">\n\t\t        \t\t        \t\t            <h3 class=\"qodef-banner-title\" >\n\t\t                Dossier Repensem el nostre pati\t                <\/h3>\n\t\t        \t\t\t\t\t\t\t<\/div>\n\t\t<\/div>\n\t<\/div>\n\t        <a itemprop=\"url\" class=\"qodef-banner-link\" href=\"https:\/\/www.jornadesperalexcellencia.cat\/wp-content\/uploads\/2021\/08\/2021-serafi-pati.pdf\" target=\"_blank\"><\/a>\n    <\/div><\/div><\/div><\/div><\/div><div class=\"vc_row wpb_row vc_row-fluid vc_custom_1626434761830 vc_column-gap-15 vc_row-o-equal-height vc_row-flex\" ><div class=\"wpb_column vc_column_container vc_col-sm-4\"><div class=\"vc_column-inner\"><div class=\"wpb_wrapper\">\n\t<div class=\"wpb_text_column wpb_content_element \" >\n\t\t<div class=\"wpb_wrapper\">\n\t\t\t<h2 style=\"text-align: right;\">L&#8217;hort escolar<\/h2>\n<h3 style=\"text-align: right;\">Escola A\u0300ngel Serafi\u0301 Casanovas, Sort<\/h3>\n\n\t\t<\/div>\n\t<\/div>\n\n\t<div class=\"wpb_text_column wpb_content_element \" >\n\t\t<div class=\"wpb_wrapper\">\n\t\t\t<p>Tener un <strong>huerto en la escuela<\/strong> es una gran oportunidad educativa para trabajar h\u00e1bitos, valores, cooperaci\u00f3n, participaci\u00f3n, autonom\u00eda y competencias b\u00e1sicas de manera transversal. Favorece el desarrollo individual y social de los alumnos, y su bienestar f\u00edsico y psicol\u00f3gico, puesto que es un espacio exterior de contacto con la naturaleza y los alumnos parten de la acci\u00f3n y la pr\u00e1ctica para lograr los aprendizajes.<\/p>\n\n\t\t<\/div>\n\t<\/div>\n<\/div><\/div><\/div><div class=\"wpb_column vc_column_container vc_col-sm-4 vc_col-has-fill\"><div class=\"vc_column-inner vc_custom_1625569512344\"><div class=\"wpb_wrapper\"><div class=\"vc_empty_space\"   style=\"height: 32px\"><span class=\"vc_empty_space_inner\"><\/span><\/div><div class=\"wpb_images_carousel wpb_content_element vc_clearfix\"><div class=\"wpb_wrapper\"><div id=\"vc_images-carousel-2-1777612040\" data-ride=\"vc_carousel\" data-wrap=\"false\" style=\"width: 100%;\" data-interval=\"0\" data-auto-height=\"yes\" data-mode=\"horizontal\" data-partial=\"false\" data-per-view=\"1\" data-hide-on-end=\"true\" class=\"vc_slide vc_images_carousel\"><ol class=\"vc_carousel-indicators\"><li data-target=\"#vc_images-carousel-2-1777612040\" data-slide-to=\"0\"><\/li><li data-target=\"#vc_images-carousel-2-1777612040\" data-slide-to=\"1\"><\/li><\/ol><div class=\"vc_carousel-inner\"><div class=\"vc_carousel-slideline\"><div class=\"vc_carousel-slideline-inner\"><div class=\"vc_item\"><div class=\"vc_inner\"><a class=\"prettyphoto\" href=\"https:\/\/www.jornadesperalexcellencia.cat\/wp-content\/uploads\/2021\/08\/2021-serafi-hort-escolar-1.jpg\" data-rel=\"prettyPhoto[rel-6771-3823478441]\"><img loading=\"lazy\" decoding=\"async\" width=\"800\" height=\"538\" src=\"https:\/\/www.jornadesperalexcellencia.cat\/wp-content\/uploads\/2021\/08\/2021-serafi-hort-escolar-1.jpg\" class=\"attachment-full\" alt=\"\" srcset=\"https:\/\/www.jornadesperalexcellencia.cat\/wp-content\/uploads\/2021\/08\/2021-serafi-hort-escolar-1.jpg 800w, https:\/\/www.jornadesperalexcellencia.cat\/wp-content\/uploads\/2021\/08\/2021-serafi-hort-escolar-1-300x202.jpg 300w, https:\/\/www.jornadesperalexcellencia.cat\/wp-content\/uploads\/2021\/08\/2021-serafi-hort-escolar-1-768x516.jpg 768w, https:\/\/www.jornadesperalexcellencia.cat\/wp-content\/uploads\/2021\/08\/2021-serafi-hort-escolar-1-600x404.jpg 600w\" sizes=\"auto, (max-width: 800px) 100vw, 800px\" \/><\/a><\/div><\/div><div class=\"vc_item\"><div class=\"vc_inner\"><a class=\"prettyphoto\" href=\"https:\/\/www.jornadesperalexcellencia.cat\/wp-content\/uploads\/2021\/08\/2021-serafi-hort-escolar-2.jpg\" data-rel=\"prettyPhoto[rel-6771-3823478441]\"><img loading=\"lazy\" decoding=\"async\" width=\"800\" height=\"531\" src=\"https:\/\/www.jornadesperalexcellencia.cat\/wp-content\/uploads\/2021\/08\/2021-serafi-hort-escolar-2.jpg\" class=\"attachment-full\" alt=\"\" srcset=\"https:\/\/www.jornadesperalexcellencia.cat\/wp-content\/uploads\/2021\/08\/2021-serafi-hort-escolar-2.jpg 800w, https:\/\/www.jornadesperalexcellencia.cat\/wp-content\/uploads\/2021\/08\/2021-serafi-hort-escolar-2-300x199.jpg 300w, https:\/\/www.jornadesperalexcellencia.cat\/wp-content\/uploads\/2021\/08\/2021-serafi-hort-escolar-2-768x510.jpg 768w, https:\/\/www.jornadesperalexcellencia.cat\/wp-content\/uploads\/2021\/08\/2021-serafi-hort-escolar-2-600x398.jpg 600w\" sizes=\"auto, (max-width: 800px) 100vw, 800px\" \/><\/a><\/div><\/div><\/div><\/div><\/div><a class=\"vc_left vc_carousel-control\" href=\"#vc_images-carousel-2-1777612040\" data-slide=\"prev\"><span class=\"icon-prev\"><\/span><\/a><a class=\"vc_right vc_carousel-control\" href=\"#vc_images-carousel-2-1777612040\" data-slide=\"next\"><span class=\"icon-next\"><\/span><\/a><\/div><\/div><\/div><\/div><\/div><\/div><div class=\"wpb_column vc_column_container vc_col-sm-4\"><div class=\"vc_column-inner\"><div class=\"wpb_wrapper\"><div class=\"vc_empty_space\"   style=\"height: 32px\"><span class=\"vc_empty_space_inner\"><\/span><\/div><div class=\"qodef-banner-holder banner-proyecto-escuelas-2 qodef-visible-on-default qodef-banner-info-default\">\n    <div class=\"qodef-banner-image\">\n            <\/div>\n    <div class=\"qodef-banner-text-holder\" style=\"background-color: #dd3333\">\n\t    <div class=\"qodef-banner-text-outer\">\n\t\t    <div class=\"qodef-banner-text-inner\">\n\t\t        \t\t        \t\t            <h3 class=\"qodef-banner-title\" >\n\t\t                Dossier L'hort escolar\t                <\/h3>\n\t\t        \t\t\t\t\t\t\t<\/div>\n\t\t<\/div>\n\t<\/div>\n\t        <a itemprop=\"url\" class=\"qodef-banner-link\" href=\"https:\/\/es.calameo.com\/read\/00130825710309611cb37\" target=\"_blank\"><\/a>\n    <\/div><\/div><\/div><\/div><\/div><div class=\"vc_row wpb_row vc_row-fluid vc_custom_1626434761830 vc_column-gap-15 vc_row-o-equal-height vc_row-flex\" ><div class=\"wpb_column vc_column_container vc_col-sm-4\"><div class=\"vc_column-inner\"><div class=\"wpb_wrapper\">\n\t<div class=\"wpb_text_column wpb_content_element \" >\n\t\t<div class=\"wpb_wrapper\">\n\t\t\t<h2 style=\"text-align: right;\">Tac i Prehist\u00f2ria<\/h2>\n<h3 style=\"text-align: right;\">Escola A\u0300ngel Serafi\u0301 Casanovas, Sort<\/h3>\n\n\t\t<\/div>\n\t<\/div>\n\n\t<div class=\"wpb_text_column wpb_content_element \" >\n\t\t<div class=\"wpb_wrapper\">\n\t\t\t<p>A P-5 trabajan como <strong>proyecto de ciclo la prehistoria, utilizando como metodolog\u00eda las inteligencias m\u00faltiples, y el trabajo globalizado<\/strong>, relacion\u00e1ndolo siempre con las nuevas tecnolog\u00edas.<br \/>\nMaestros y familias trabajan conjuntamente para hacer posible una experiencia innovadora y enriquecedora que persigue un desarrollo integral de todos y cada uno de los alumnos.<\/p>\n\n\t\t<\/div>\n\t<\/div>\n<div class=\"vc_empty_space\"   style=\"height: 26px\"><span class=\"vc_empty_space_inner\"><\/span><\/div><div class=\"qodef-banner-holder banner-proyecto-escuelas-3 qodef-visible-on-default qodef-banner-info-default\">\n    <div class=\"qodef-banner-image\">\n            <\/div>\n    <div class=\"qodef-banner-text-holder\" style=\"background-color: #dd3333\">\n\t    <div class=\"qodef-banner-text-outer\">\n\t\t    <div class=\"qodef-banner-text-inner\">\n\t\t        \t\t        \t\t            <h3 class=\"qodef-banner-title\" >\n\t\t                Dossier Tac i Prehist\u00f2ria\t                <\/h3>\n\t\t        \t\t\t\t\t\t\t<\/div>\n\t\t<\/div>\n\t<\/div>\n\t        <a itemprop=\"url\" class=\"qodef-banner-link\" href=\"https:\/\/drive.google.com\/file\/d\/17b_hdi3lUPBVBc19NDSVKgYh8TnKtfoI\/view\" target=\"_blank\"><\/a>\n    <\/div><\/div><\/div><\/div><div class=\"wpb_column vc_column_container vc_col-sm-4 vc_col-has-fill\"><div class=\"vc_column-inner vc_custom_1625569512344\"><div class=\"wpb_wrapper\"><div class=\"vc_empty_space\"   style=\"height: 32px\"><span class=\"vc_empty_space_inner\"><\/span><\/div>\n\t<div class=\"wpb_raw_code wpb_content_element wpb_raw_html\" >\n\t\t<div class=\"wpb_wrapper\">\n\t\t\t<iframe loading=\"lazy\" src=\"https:\/\/drive.google.com\/file\/d\/1WfQhCETyh6taQ1AbdbDP7EAEOb5RnLr_\/preview\" width=\"403\" height=\"250\" allow=\"autoplay\"><\/iframe>\n\t\t<\/div>\n\t<\/div>\n<div class=\"vc_empty_space\"   style=\"height: 32px\"><span class=\"vc_empty_space_inner\"><\/span><\/div>\n\t<div class=\"wpb_raw_code wpb_content_element wpb_raw_html\" >\n\t\t<div class=\"wpb_wrapper\">\n\t\t\t<iframe loading=\"lazy\" src=\"https:\/\/drive.google.com\/file\/d\/1knTxNg1wD0zvcP34C7cAgKYV-p2QJQv5\/preview\" width=\"403\" height=\"250\" allow=\"autoplay\"><\/iframe>\n\t\t<\/div>\n\t<\/div>\n<\/div><\/div><\/div><div class=\"wpb_column vc_column_container vc_col-sm-4\"><div class=\"vc_column-inner\"><div class=\"wpb_wrapper\"><div class=\"vc_empty_space\"   style=\"height: 32px\"><span class=\"vc_empty_space_inner\"><\/span><\/div>\n\t<div class=\"wpb_raw_code wpb_content_element wpb_raw_html\" >\n\t\t<div class=\"wpb_wrapper\">\n\t\t\t<iframe loading=\"lazy\" src=\"https:\/\/drive.google.com\/file\/d\/1ivbVCOx6-lDZEyc6HPyNcmTQ1-NGcze6\/preview\" width=\"403\" height=\"250\" allow=\"autoplay\"><\/iframe>\n\t\t<\/div>\n\t<\/div>\n<div class=\"vc_empty_space\"   style=\"height: 32px\"><span class=\"vc_empty_space_inner\"><\/span><\/div>\n\t<div class=\"wpb_raw_code wpb_content_element wpb_raw_html\" >\n\t\t<div class=\"wpb_wrapper\">\n\t\t\t<iframe loading=\"lazy\" src=\"https:\/\/drive.google.com\/file\/d\/1QcrpRa7Tx48qtCFwaVZJSwkc497zPBU2\/preview\" width=\"403\" height=\"250\" allow=\"autoplay\"><\/iframe>\n\t\t<\/div>\n\t<\/div>\n<\/div><\/div><\/div><\/div><div class=\"vc_row wpb_row vc_row-fluid vc_custom_1626434761830 vc_column-gap-15 vc_row-o-equal-height vc_row-flex\" ><div class=\"wpb_column vc_column_container vc_col-sm-4\"><div class=\"vc_column-inner\"><div class=\"wpb_wrapper\">\n\t<div class=\"wpb_text_column wpb_content_element \" >\n\t\t<div class=\"wpb_wrapper\">\n\t\t\t<h2 style=\"text-align: right;\">Som farandulers<\/h2>\n<h3 style=\"text-align: right;\">INS Hug Roger III, Sort<\/h3>\n\n\t\t<\/div>\n\t<\/div>\n\n\t<div class=\"wpb_text_column wpb_content_element \" >\n\t\t<div class=\"wpb_wrapper\">\n\t\t\t<p>Este proyecto de teatro est\u00e1 formado por alumnos de todos los niveles de la ESO y de Bachillerato. El objetivo principal es<strong> la b\u00fasqueda de la cohesi\u00f3n social en el centro<\/strong>, conseguir que los estudiantes aprecien el lugar donde pasan buena parte de su tiempo. Como consecuencia, todos los aspectos de la vida acad\u00e9mica del centro se ven fortalecidos. El \u00e9xito de la actividad <strong>recae en su car\u00e1cter abierto, inclusivo y acogedor.<\/strong><\/p>\n\n\t\t<\/div>\n\t<\/div>\n<\/div><\/div><\/div><div class=\"wpb_column vc_column_container vc_col-sm-4\"><div class=\"vc_column-inner\"><div class=\"wpb_wrapper\"><div class=\"vc_empty_space\"   style=\"height: 32px\"><span class=\"vc_empty_space_inner\"><\/span><\/div><div class=\"qodef-banner-holder banner-proyecto-escuelas-2 qodef-visible-on-default qodef-banner-info-default\">\n    <div class=\"qodef-banner-image\">\n            <\/div>\n    <div class=\"qodef-banner-text-holder\" style=\"background-color: #dd3333\">\n\t    <div class=\"qodef-banner-text-outer\">\n\t\t    <div class=\"qodef-banner-text-inner\">\n\t\t        \t\t        \t\t            <h3 class=\"qodef-banner-title\" >\n\t\t                Dossier INS Hug Roger III\t                <\/h3>\n\t\t        \t\t\t\t\t\t\t<\/div>\n\t\t<\/div>\n\t<\/div>\n\t        <a itemprop=\"url\" class=\"qodef-banner-link\" href=\"https:\/\/www.jornadesperalexcellencia.cat\/wp-content\/uploads\/2021\/09\/jornades-excellencia-talent-2021-som-farandulers-teatre-hug-roger-III.pdf\" target=\"_blank\"><\/a>\n    <\/div><\/div><\/div><\/div><div class=\"wpb_column vc_column_container vc_col-sm-4\"><div class=\"vc_column-inner\"><div class=\"wpb_wrapper\"><div class=\"vc_empty_space\"   style=\"height: 32px\"><span class=\"vc_empty_space_inner\"><\/span><\/div>\n\t<div class=\"wpb_raw_code wpb_content_element wpb_raw_html\" >\n\t\t<div class=\"wpb_wrapper\">\n\t\t\t<iframe loading=\"lazy\" src=\"https:\/\/drive.google.com\/file\/d\/1GIThrcE_MxoR9ItKbIZ7kihU9dgdavhd\/preview\" width=\"403\" height=\"270\" allow=\"autoplay\"><\/iframe>\n\t\t<\/div>\n\t<\/div>\n<\/div><\/div><\/div><\/div><div class=\"vc_row wpb_row vc_row-fluid vc_custom_1626434781678 vc_column-gap-15 vc_row-o-equal-height vc_row-flex\" ><div class=\"wpb_column vc_column_container vc_col-sm-8\"><div class=\"vc_column-inner\"><div class=\"wpb_wrapper\">\n\t<div class=\"wpb_text_column wpb_content_element \" >\n\t\t<div class=\"wpb_wrapper\">\n\t\t\t<h2 style=\"text-align: right;\">Cos Conscient<\/h2>\n<h3 style=\"text-align: right;\"><strong>Escola La Closa, Esterri d\u2019\u00c0neu<\/strong><\/h3>\n\n\t\t<\/div>\n\t<\/div>\n\n\t<div class=\"wpb_text_column wpb_content_element \" >\n\t\t<div class=\"wpb_wrapper\">\n\t\t\t<p>El proyecto <strong>Cos Conscient<\/strong> \u00a0toma el cuerpo como fuente de conocimiento y forma de uni\u00f3n con una misma y las otras personas, alej\u00e1ndose de estilos predeterminados. El cuerpo y el movimiento consciente son el cauce de comunicaci\u00f3n esencial desde culturas antiguas.<\/p>\n<p>Otorgamos tiempo de pr\u00e1ctica y experimentaci\u00f3n al componente de expresi\u00f3n no verbal y verbal y nos enfocamos en la identificaci\u00f3n y manifestaci\u00f3n de emociones y sentimientos. La finalidad del proyecto es despertar la sensibilidad creativa y estimular la imaginaci\u00f3n mediante la percepci\u00f3n sensorial. Al ser un proyecto pensado para cuatro a\u00f1os permite dar el espacio y el tiempo para que cada ni\u00f1o y ni\u00f1a pueda descubrir su \u00fanica y propia creatividad.<\/p>\n<p>El proyecto ve de diferentes vertientes art\u00edsticas como, la danza, el teatro, la voz, el\u00a0clown, la expresi\u00f3n libre, el\u00a0katsuguen, la terapia\u00a0Gestalt&#8230; Se observa con una mirada hol\u00edstica los ni\u00f1os, intentando adaptar las t\u00e9cnicas y las din\u00e1micas a las vicisitudes del grupo respetando los tempos naturales que se dan.<\/p>\n\n\t\t<\/div>\n\t<\/div>\n<\/div><\/div><\/div><div class=\"wpb_column vc_column_container vc_col-sm-4 vc_col-has-fill\"><div class=\"vc_column-inner vc_custom_1625642268463\"><div class=\"wpb_wrapper\"><div class=\"vc_empty_space\"   style=\"height: 32px\"><span class=\"vc_empty_space_inner\"><\/span><\/div>\n\t<div class=\"wpb_raw_code wpb_content_element wpb_raw_html\" >\n\t\t<div class=\"wpb_wrapper\">\n\t\t\t<iframe loading=\"lazy\" width=\"560\" height=\"315\" src=\"https:\/\/www.youtube.com\/embed\/owSjvelcHlg\" title=\"YouTube video player\" frameborder=\"0\" allow=\"accelerometer; autoplay; clipboard-write; encrypted-media; gyroscope; picture-in-picture\" allowfullscreen><\/iframe>\n\t\t<\/div>\n\t<\/div>\n<\/div><\/div><\/div><\/div><div class=\"vc_row wpb_row vc_row-fluid vc_custom_1626434781678 vc_column-gap-15 vc_row-o-equal-height vc_row-flex\" ><div class=\"wpb_column vc_column_container vc_col-sm-8\"><div class=\"vc_column-inner\"><div class=\"wpb_wrapper\">\n\t<div class=\"wpb_text_column wpb_content_element \" >\n\t\t<div class=\"wpb_wrapper\">\n\t\t\t<h2 style=\"text-align: right;\">Institut de la pobla de SEGUR<\/h2>\n\n\t\t<\/div>\n\t<\/div>\n\n\t<div class=\"wpb_text_column wpb_content_element \" >\n\t\t<div class=\"wpb_wrapper\">\n\t\t\t<p>Nuestro instituto inici\u00f3 su actividad docente de la ESO y Bachillerato en 1997 como centro de ense\u00f1anza secundaria de titularidad p\u00fablica. Hasta entonces hab\u00eda sido un colegio municipal homologado bajo la responsabilidad de la congregaci\u00f3n de la Sagrada Familia de Urgell.<\/p>\n<p>Tenemos dos l\u00edneas en la ESO y una \u00fanica l\u00ednea a 1.\u00ba y 2.\u00ba Bachillerato. Ofrecemos la opci\u00f3n de <strong>doble titulaci\u00f3n Bachillerato-Baccalaur\u00e9at (Batxi-Bacc)<\/strong> v\u00e1lida para acceder a universidades tanto espa\u00f1olas como francesas. Presentamos a los alumnos para obtener los c<strong>ertificados DELF B1- B2 y B1-B2 de ingl\u00e9s<\/strong> puesto que estamos participando en el Plan Experimental de certificaci\u00f3n de las Escuelas Oficiales de Idiomas. En los \u00faltimos a\u00f1os se est\u00e1n presentando alumnos que hacen alem\u00e1n de 2.\u00ba idioma por la obtenci\u00f3n del <strong>A2 de alem\u00e1n<\/strong> con el Goethe instituto de Barcelona.<\/p>\n<p>Se impulsa desde hace m\u00e1s de 30 a\u00f1os <strong>intercambios<\/strong> con Francia (St.Girons) y Alemania (La Selva Negra). M\u00e1s recientemente se han incorporado nuevos intercambios en Finlandia (escuela Viitasaaren lukio) y a trav\u00e9s de programas Erasmus+k2.<\/p>\n<p>Somos centro <strong>STEAMcat<\/strong> de de el curso 2018-19 y desde el curso 2020-21 participamos en el programa del <strong>Laboratorio y Red por la Transformaci\u00f3n Educativa del Departamento de Educaci\u00f3n<\/strong>.<\/p>\n<p>Finalmente decir que algunos de nuestros retos como instituto son mantener tanto los proyectos internacionales y de movilidad, continuar con la formaci\u00f3n del profesorado y consolidar el modelo competencial impulsando el emprendimiento, el servicio comunitario, la coeducaci\u00f3n y la educaci\u00f3n\u00a0socio-emocional.<\/p>\n\n\t\t<\/div>\n\t<\/div>\n<\/div><\/div><\/div><div class=\"wpb_column vc_column_container vc_col-sm-4 vc_col-has-fill\"><div class=\"vc_column-inner vc_custom_1625642268463\"><div class=\"wpb_wrapper\"><div class=\"vc_empty_space\"   style=\"height: 32px\"><span class=\"vc_empty_space_inner\"><\/span><\/div>\n\t<div class=\"wpb_raw_code wpb_content_element wpb_raw_html\" >\n\t\t<div class=\"wpb_wrapper\">\n\t\t\t<iframe loading=\"lazy\" width=\"560\" height=\"315\" src=\"https:\/\/www.youtube.com\/embed\/zky-bFk2v9Q\" title=\"YouTube video player\" frameborder=\"0\" allow=\"accelerometer; autoplay; clipboard-write; encrypted-media; gyroscope; picture-in-picture\" allowfullscreen><\/iframe>\n\t\t<\/div>\n\t<\/div>\n<\/div><\/div><\/div><\/div>\n","protected":false},"excerpt":{"rendered":"Cor de Rock Escola Andorrana d'Encamp El Cor de Rock d\u2019Encamp es un proyecto educativo que nace de la voluntad de querer fomentar a trav\u00e9s del canto valores tan importantes como la amistad, la solidaridad y el voluntariado entre los adolescentes de diferentes nacionalidades y realidades sociales que forman parte de la agrupaci\u00f3n. Su gran reconocimiento es por su singular repertorio musical, son el \u00fanico coro de una escuela p\u00fablica de Andorra dedicado a la interpretaci\u00f3n de versiones corales de [...]","protected":false},"author":1,"featured_media":0,"parent":0,"menu_order":0,"comment_status":"closed","ping_status":"closed","template":"","meta":{"footnotes":""},"class_list":["post-6771","page","type-page","status-publish","hentry"],"yoast_head":"<!-- This site is optimized with the Yoast SEO plugin v27.5 - https:\/\/yoast.com\/product\/yoast-seo-wordpress\/ -->\n<title>Proyectos Talento - Jornades per a l&#039;excel\u00b7l\u00e8ncia<\/title>\n<meta name=\"description\" content=\"Diferentes proyectos de talento para fomentar la solidaridad, crecimiento personal, trabajar en equipo y la m\u00fasica tradicional en las comarcas pirenaicas.\" \/>\n<meta name=\"robots\" content=\"index, follow, max-snippet:-1, max-image-preview:large, max-video-preview:-1\" \/>\n<link rel=\"canonical\" href=\"https:\/\/www.jornadesperalexcellencia.cat\/es\/talento-2021\/\" \/>\n<meta property=\"og:locale\" content=\"es_ES\" \/>\n<meta property=\"og:type\" content=\"article\" \/>\n<meta property=\"og:title\" content=\"Proyectos Talento - Jornades per a l&#039;excel\u00b7l\u00e8ncia\" \/>\n<meta property=\"og:description\" content=\"Diferentes proyectos de talento para fomentar la solidaridad, crecimiento personal, trabajar en equipo y la m\u00fasica tradicional en las comarcas pirenaicas.\" \/>\n<meta property=\"og:url\" content=\"https:\/\/www.jornadesperalexcellencia.cat\/es\/talento-2021\/\" \/>\n<meta property=\"og:site_name\" content=\"Jornades per a l&#039;excel\u00b7l\u00e8ncia\" \/>\n<meta property=\"article:modified_time\" content=\"2022-08-30T07:14:45+00:00\" \/>\n<meta name=\"twitter:card\" content=\"summary_large_image\" \/>\n<meta name=\"twitter:label1\" content=\"Tiempo de lectura\" \/>\n\t<meta name=\"twitter:data1\" content=\"6 minutos\" \/>\n<script type=\"application\/ld+json\" class=\"yoast-schema-graph\">{\"@context\":\"https:\\\/\\\/schema.org\",\"@graph\":[{\"@type\":\"WebPage\",\"@id\":\"https:\\\/\\\/www.jornadesperalexcellencia.cat\\\/es\\\/talento-2021\\\/\",\"url\":\"https:\\\/\\\/www.jornadesperalexcellencia.cat\\\/es\\\/talento-2021\\\/\",\"name\":\"Proyectos Talento - Jornades per a l&#039;excel\u00b7l\u00e8ncia\",\"isPartOf\":{\"@id\":\"https:\\\/\\\/www.jornadesperalexcellencia.cat\\\/es\\\/#website\"},\"datePublished\":\"2021-07-07T18:05:10+00:00\",\"dateModified\":\"2022-08-30T07:14:45+00:00\",\"description\":\"Diferentes proyectos de talento para fomentar la solidaridad, crecimiento personal, trabajar en equipo y la m\u00fasica tradicional en las comarcas pirenaicas.\",\"breadcrumb\":{\"@id\":\"https:\\\/\\\/www.jornadesperalexcellencia.cat\\\/es\\\/talento-2021\\\/#breadcrumb\"},\"inLanguage\":\"es\",\"potentialAction\":[{\"@type\":\"ReadAction\",\"target\":[\"https:\\\/\\\/www.jornadesperalexcellencia.cat\\\/es\\\/talento-2021\\\/\"]}]},{\"@type\":\"BreadcrumbList\",\"@id\":\"https:\\\/\\\/www.jornadesperalexcellencia.cat\\\/es\\\/talento-2021\\\/#breadcrumb\",\"itemListElement\":[{\"@type\":\"ListItem\",\"position\":1,\"name\":\"Inici\",\"item\":\"https:\\\/\\\/www.jornadesperalexcellencia.cat\\\/es\\\/inicio\\\/\"},{\"@type\":\"ListItem\",\"position\":2,\"name\":\"Talento 2021\"}]},{\"@type\":\"WebSite\",\"@id\":\"https:\\\/\\\/www.jornadesperalexcellencia.cat\\\/es\\\/#website\",\"url\":\"https:\\\/\\\/www.jornadesperalexcellencia.cat\\\/es\\\/\",\"name\":\"Jornades per a l&#039;excel\u00b7l\u00e8ncia\",\"description\":\"Confer\u00e8ncies anuals per al progr\u00e9s i desenvolupament dels territoris del Pirineu. Esterri d&#039;\u00c0neu i Andorra.\",\"alternateName\":\"Jornades per a l'excel\u00b7l\u00e8ncia\",\"potentialAction\":[{\"@type\":\"SearchAction\",\"target\":{\"@type\":\"EntryPoint\",\"urlTemplate\":\"https:\\\/\\\/www.jornadesperalexcellencia.cat\\\/es\\\/?s={search_term_string}\"},\"query-input\":{\"@type\":\"PropertyValueSpecification\",\"valueRequired\":true,\"valueName\":\"search_term_string\"}}],\"inLanguage\":\"es\"}]}<\/script>\n<!-- \/ Yoast SEO plugin. -->","yoast_head_json":{"title":"Proyectos Talento - Jornades per a l&#039;excel\u00b7l\u00e8ncia","description":"Diferentes proyectos de talento para fomentar la solidaridad, crecimiento personal, trabajar en equipo y la m\u00fasica tradicional en las comarcas pirenaicas.","robots":{"index":"index","follow":"follow","max-snippet":"max-snippet:-1","max-image-preview":"max-image-preview:large","max-video-preview":"max-video-preview:-1"},"canonical":"https:\/\/www.jornadesperalexcellencia.cat\/es\/talento-2021\/","og_locale":"es_ES","og_type":"article","og_title":"Proyectos Talento - Jornades per a l&#039;excel\u00b7l\u00e8ncia","og_description":"Diferentes proyectos de talento para fomentar la solidaridad, crecimiento personal, trabajar en equipo y la m\u00fasica tradicional en las comarcas pirenaicas.","og_url":"https:\/\/www.jornadesperalexcellencia.cat\/es\/talento-2021\/","og_site_name":"Jornades per a l&#039;excel\u00b7l\u00e8ncia","article_modified_time":"2022-08-30T07:14:45+00:00","twitter_card":"summary_large_image","twitter_misc":{"Tiempo de lectura":"6 minutos"},"schema":{"@context":"https:\/\/schema.org","@graph":[{"@type":"WebPage","@id":"https:\/\/www.jornadesperalexcellencia.cat\/es\/talento-2021\/","url":"https:\/\/www.jornadesperalexcellencia.cat\/es\/talento-2021\/","name":"Proyectos Talento - Jornades per a l&#039;excel\u00b7l\u00e8ncia","isPartOf":{"@id":"https:\/\/www.jornadesperalexcellencia.cat\/es\/#website"},"datePublished":"2021-07-07T18:05:10+00:00","dateModified":"2022-08-30T07:14:45+00:00","description":"Diferentes proyectos de talento para fomentar la solidaridad, crecimiento personal, trabajar en equipo y la m\u00fasica tradicional en las comarcas pirenaicas.","breadcrumb":{"@id":"https:\/\/www.jornadesperalexcellencia.cat\/es\/talento-2021\/#breadcrumb"},"inLanguage":"es","potentialAction":[{"@type":"ReadAction","target":["https:\/\/www.jornadesperalexcellencia.cat\/es\/talento-2021\/"]}]},{"@type":"BreadcrumbList","@id":"https:\/\/www.jornadesperalexcellencia.cat\/es\/talento-2021\/#breadcrumb","itemListElement":[{"@type":"ListItem","position":1,"name":"Inici","item":"https:\/\/www.jornadesperalexcellencia.cat\/es\/inicio\/"},{"@type":"ListItem","position":2,"name":"Talento 2021"}]},{"@type":"WebSite","@id":"https:\/\/www.jornadesperalexcellencia.cat\/es\/#website","url":"https:\/\/www.jornadesperalexcellencia.cat\/es\/","name":"Jornades per a l&#039;excel\u00b7l\u00e8ncia","description":"Confer\u00e8ncies anuals per al progr\u00e9s i desenvolupament dels territoris del Pirineu. Esterri d&#039;\u00c0neu i Andorra.","alternateName":"Jornades per a l'excel\u00b7l\u00e8ncia","potentialAction":[{"@type":"SearchAction","target":{"@type":"EntryPoint","urlTemplate":"https:\/\/www.jornadesperalexcellencia.cat\/es\/?s={search_term_string}"},"query-input":{"@type":"PropertyValueSpecification","valueRequired":true,"valueName":"search_term_string"}}],"inLanguage":"es"}]}},"_links":{"self":[{"href":"https:\/\/www.jornadesperalexcellencia.cat\/es\/wp-json\/wp\/v2\/pages\/6771","targetHints":{"allow":["GET"]}}],"collection":[{"href":"https:\/\/www.jornadesperalexcellencia.cat\/es\/wp-json\/wp\/v2\/pages"}],"about":[{"href":"https:\/\/www.jornadesperalexcellencia.cat\/es\/wp-json\/wp\/v2\/types\/page"}],"author":[{"embeddable":true,"href":"https:\/\/www.jornadesperalexcellencia.cat\/es\/wp-json\/wp\/v2\/users\/1"}],"replies":[{"embeddable":true,"href":"https:\/\/www.jornadesperalexcellencia.cat\/es\/wp-json\/wp\/v2\/comments?post=6771"}],"version-history":[{"count":0,"href":"https:\/\/www.jornadesperalexcellencia.cat\/es\/wp-json\/wp\/v2\/pages\/6771\/revisions"}],"wp:attachment":[{"href":"https:\/\/www.jornadesperalexcellencia.cat\/es\/wp-json\/wp\/v2\/media?parent=6771"}],"curies":[{"name":"wp","href":"https:\/\/api.w.org\/{rel}","templated":true}]}}