{"id":5269,"date":"2021-03-04T18:16:03","date_gmt":"2021-03-04T16:16:03","guid":{"rendered":"https:\/\/www.jornadesperalexcellencia.cat\/?page_id=5269"},"modified":"2025-02-14T19:56:01","modified_gmt":"2025-02-14T17:56:01","slug":"que-nos-motiva-las-jornadas","status":"publish","type":"page","link":"https:\/\/www.jornadesperalexcellencia.cat\/es\/que-nos-motiva-las-jornadas\/","title":{"rendered":"\u00bfQu\u00e9 nos motiva?"},"content":{"rendered":"<div data-vc-full-width=\"true\" data-vc-full-width-init=\"false\" data-vc-stretch-content=\"true\" class=\"vc_row wpb_row vc_row-fluid vc_row-o-content-middle vc_row-flex\" ><div class=\"wpb_column vc_column_container vc_col-sm-6\"><div class=\"vc_column-inner\"><div class=\"wpb_wrapper\"><div class=\"qodef-elements-holder   qodef-one-column  qodef-responsive-mode-768\" ><div class=\"qodef-eh-item\" data-item-class=\"qodef-eh-custom-6034\" data-680=\"64px 0px 0px 0px\">\n\t\t<div class=\"qodef-eh-item-inner\">\n\t\t<div class=\"qodef-eh-item-content qodef-eh-custom-6034\" style=\"padding: 64px 128px 64px 128px\">\n\t\t\t\n\t<div class=\"wpb_video_widget wpb_content_element vc_clearfix   vc_video-aspect-ratio-169 vc_video-el-width-100 vc_video-align-center\" >\n\t\t<div class=\"wpb_wrapper\">\n\t\t\t\n\t\t\t<div class=\"wpb_video_wrapper\"><iframe loading=\"lazy\" title=\"10 anys JORNADES PER A L&#039;EXCEL\u00b7L\u00c8NCIA\" width=\"1100\" height=\"619\" src=\"https:\/\/www.youtube.com\/embed\/YWiHZg698_k?feature=oembed\" frameborder=\"0\" allow=\"accelerometer; autoplay; clipboard-write; encrypted-media; gyroscope; picture-in-picture; web-share\" referrerpolicy=\"strict-origin-when-cross-origin\" allowfullscreen><\/iframe><\/div>\n\t\t<\/div>\n\t<\/div>\n\t\t<\/div>\n\t<\/div>\n\t<\/div><\/div><\/div><\/div><\/div><div class=\"wpb_column vc_column_container vc_col-sm-6\"><div class=\"vc_column-inner\"><div class=\"wpb_wrapper\"><div class=\"qodef-elements-holder   qodef-one-column  qodef-responsive-mode-768\" ><div class=\"qodef-eh-item\" data-item-class=\"qodef-eh-custom-4696\" data-680=\"64px 0px 0px 0px\">\n\t\t<div class=\"qodef-eh-item-inner\">\n\t\t<div class=\"qodef-eh-item-content qodef-eh-custom-4696\" style=\"padding: 64px 128px 64px 128px\">\n\t\t\t\n\t<div class=\"wpb_text_column wpb_content_element\" >\n\t\t<div class=\"wpb_wrapper\">\n\t\t\t<p style=\"text-align: center;\">Las Jornadas son una cita de referencia para todas aquellas personas que quieran compartir los valores de mejora personal y profesional que se promueven.<\/p>\n<blockquote>\n<p style=\"text-align: center;\">Con un estilo pr\u00f3ximo y reflexivo, se presentan al asistente diversos enfoques y puntos de vista que, integrados, permitir\u00e1n avanzar en el desarrollo de sus competencias.<\/p>\n<\/blockquote>\n<p style=\"text-align: center;\">Los temas tratados desde diferentes \u00e1ngulos ser\u00e1n el hilo conductor de las Jornadas.<\/p>\n<p style=\"text-align: center;\">Este proyecto apasionante se inici\u00f3 en 2014 con la voluntad de ser un acontecimiento de referencia para todas aquellas personas interesadas en el desarrollo de los territorios de monta\u00f1a.<\/p>\n\n\t\t<\/div>\n\t<\/div>\n\t\t<\/div>\n\t<\/div>\n\t<\/div><\/div><\/div><\/div><\/div><\/div><div class=\"vc_row-full-width vc_clearfix\"><\/div><div class=\"qodef-row-grid-section-wrapper\"  style=\"background-color:#e5e5e5\"><div class=\"qodef-row-grid-section\"><div class=\"vc_row wpb_row vc_row-fluid vc_custom_1613747129419 vc_row-has-fill\" ><div class=\"wpb_column vc_column_container vc_col-sm-4\"><div class=\"vc_column-inner\"><div class=\"wpb_wrapper\"><div class=\"qodef-iwt clearfix  qodef-iwt-icon-top qodef-iwt-icon-medium\">\n\t<div class=\"qodef-iwt-icon\" >\n\t\t\t\t\t<span class=\"qodef-iwt-bg-svg\">\n\t\t\t\t<svg xmlns=\"http:\/\/www.w3.org\/2000\/svg\" xmlns:xlink=\"http:\/\/www.w3.org\/1999\/xlink\" x=\"0px\" y=\"0px\" width=\"140px\" height=\"140px\" viewbox=\"0 0 140 140\" enable-background=\"new 0 0 140 140\" xml:space=\"preserve\">\n\t\t\t\t\t<g>\n\t\t\t\t\t\t<circle fill=\"#BDBDBD\" cx=\"2.1\" cy=\"2.5\" r=\"1.5\"\/>\n\t\t\t\t\t\t<circle fill=\"#BDBDBD\" cx=\"47.3\" cy=\"2.5\" r=\"1.5\"\/>\n\t\t\t\t\t\t<circle fill=\"#BDBDBD\" cx=\"92.5\" cy=\"2.5\" r=\"1.5\"\/>\n\t\t\t\t\t\t<circle fill=\"#BDBDBD\" cx=\"137.8\" cy=\"2.5\" r=\"1.5\"\/>\n\t\t\t\t\t\t<circle fill=\"#BDBDBD\" cx=\"2.1\" cy=\"47.3\" r=\"1.5\"\/>\n\t\t\t\t\t\t<circle fill=\"#BDBDBD\" cx=\"47.3\" cy=\"47.3\" r=\"1.5\"\/>\n\t\t\t\t\t\t<circle fill=\"#BDBDBD\" cx=\"92.5\" cy=\"47.3\" r=\"1.5\"\/>\n\t\t\t\t\t\t<circle fill=\"#BDBDBD\" cx=\"137.8\" cy=\"47.3\" r=\"1.5\"\/>\n\t\t\t\t\t\t<circle fill=\"#BDBDBD\" cx=\"2.1\" cy=\"93.2\" r=\"1.5\"\/>\n\t\t\t\t\t\t<circle fill=\"#BDBDBD\" cx=\"47.3\" cy=\"93.2\" r=\"1.5\"\/>\n\t\t\t\t\t\t<circle fill=\"#BDBDBD\" cx=\"92.5\" cy=\"93.2\" r=\"1.5\"\/>\n\t\t\t\t\t\t<circle fill=\"#BDBDBD\" cx=\"137.8\" cy=\"93.2\" r=\"1.5\"\/>\n\t\t\t\t\t\t<circle fill=\"#BDBDBD\" cx=\"2.1\" cy=\"137.5\" r=\"1.5\"\/>\n\t\t\t\t\t\t<circle fill=\"#BDBDBD\" cx=\"47.3\" cy=\"137.5\" r=\"1.5\"\/>\n\t\t\t\t\t\t<circle fill=\"#BDBDBD\" cx=\"92.5\" cy=\"137.5\" r=\"1.5\"\/>\n\t\t\t\t\t\t<circle fill=\"#BDBDBD\" cx=\"137.8\" cy=\"137.5\" r=\"1.5\"\/>\n\t\t\t\t\t<\/g>\n\t\t\t\t<\/svg>\t\t\t<\/span>\n\t\t\t\t\t\t\t\t\t\t\t    <span class=\"qodef-icon-shortcode qodef-normal   qodef-icon-medium\"  data-color=\"#bd3238\">\n                    <i class=\"qodef-icon-dripicons dripicon dripicons-checkmark qodef-icon-element\" style=\"color: #bd3238\" ><\/i>            <\/span>\n\t\t\t\t\t\t<\/div>\n\t<div class=\"qodef-iwt-content\" >\n\t\t\t\t\t<h4 class=\"qodef-iwt-title\" >\n\t\t\t\t\t\t\t\t<span class=\"qodef-iwt-title-text\">Perfeccionamiento y mejora<\/span>\n\t\t\t\t\t\t\t<\/h4>\n\t\t\t\t\t\t\t<p class=\"qodef-iwt-text\" >Con vocaci\u00f3n transformadora y considerando la compleja realidad global, queremos contribuir a un mundo mejor, m\u00e1s justo, sostenible e igualitario. El intercambio de experiencias y conocimientos pretende promover la superaci\u00f3n de nuevos retos, revisando el presente y repensando el futuro.<\/p>\n\t\t\t<\/div>\n<\/div><\/div><\/div><\/div><div class=\"wpb_column vc_column_container vc_col-sm-4\"><div class=\"vc_column-inner\"><div class=\"wpb_wrapper\"><div class=\"qodef-iwt clearfix  qodef-iwt-icon-top qodef-iwt-icon-medium\">\n\t<div class=\"qodef-iwt-icon\" >\n\t\t\t\t\t<span class=\"qodef-iwt-bg-svg\">\n\t\t\t\t<svg xmlns=\"http:\/\/www.w3.org\/2000\/svg\" xmlns:xlink=\"http:\/\/www.w3.org\/1999\/xlink\" x=\"0px\" y=\"0px\" width=\"140px\" height=\"140px\" viewbox=\"0 0 140 140\" enable-background=\"new 0 0 140 140\" xml:space=\"preserve\">\n\t\t\t\t\t<g>\n\t\t\t\t\t\t<circle fill=\"#BDBDBD\" cx=\"2.1\" cy=\"2.5\" r=\"1.5\"\/>\n\t\t\t\t\t\t<circle fill=\"#BDBDBD\" cx=\"47.3\" cy=\"2.5\" r=\"1.5\"\/>\n\t\t\t\t\t\t<circle fill=\"#BDBDBD\" cx=\"92.5\" cy=\"2.5\" r=\"1.5\"\/>\n\t\t\t\t\t\t<circle fill=\"#BDBDBD\" cx=\"137.8\" cy=\"2.5\" r=\"1.5\"\/>\n\t\t\t\t\t\t<circle fill=\"#BDBDBD\" cx=\"2.1\" cy=\"47.3\" r=\"1.5\"\/>\n\t\t\t\t\t\t<circle fill=\"#BDBDBD\" cx=\"47.3\" cy=\"47.3\" r=\"1.5\"\/>\n\t\t\t\t\t\t<circle fill=\"#BDBDBD\" cx=\"92.5\" cy=\"47.3\" r=\"1.5\"\/>\n\t\t\t\t\t\t<circle fill=\"#BDBDBD\" cx=\"137.8\" cy=\"47.3\" r=\"1.5\"\/>\n\t\t\t\t\t\t<circle fill=\"#BDBDBD\" cx=\"2.1\" cy=\"93.2\" r=\"1.5\"\/>\n\t\t\t\t\t\t<circle fill=\"#BDBDBD\" cx=\"47.3\" cy=\"93.2\" r=\"1.5\"\/>\n\t\t\t\t\t\t<circle fill=\"#BDBDBD\" cx=\"92.5\" cy=\"93.2\" r=\"1.5\"\/>\n\t\t\t\t\t\t<circle fill=\"#BDBDBD\" cx=\"137.8\" cy=\"93.2\" r=\"1.5\"\/>\n\t\t\t\t\t\t<circle fill=\"#BDBDBD\" cx=\"2.1\" cy=\"137.5\" r=\"1.5\"\/>\n\t\t\t\t\t\t<circle fill=\"#BDBDBD\" cx=\"47.3\" cy=\"137.5\" r=\"1.5\"\/>\n\t\t\t\t\t\t<circle fill=\"#BDBDBD\" cx=\"92.5\" cy=\"137.5\" r=\"1.5\"\/>\n\t\t\t\t\t\t<circle fill=\"#BDBDBD\" cx=\"137.8\" cy=\"137.5\" r=\"1.5\"\/>\n\t\t\t\t\t<\/g>\n\t\t\t\t<\/svg>\t\t\t<\/span>\n\t\t\t\t\t\t\t\t\t\t\t    <span class=\"qodef-icon-shortcode qodef-normal   qodef-icon-medium\"  data-color=\"#bd3238\">\n                    <i class=\"qodef-icon-dripicons dripicon dripicons-trophy qodef-icon-element\" style=\"color: #bd3238\" ><\/i>            <\/span>\n\t\t\t\t\t\t<\/div>\n\t<div class=\"qodef-iwt-content\" >\n\t\t\t\t\t<h4 class=\"qodef-iwt-title\" >\n\t\t\t\t\t\t\t\t<span class=\"qodef-iwt-title-text\">Factores de desarrollo<\/span>\n\t\t\t\t\t\t\t<\/h4>\n\t\t\t\t\t\t\t<p class=\"qodef-iwt-text\" >Mediante las ponencias y mesas redondas, personas con buen conocimiento de los territorios de monta\u00f1a y profesionales expertos de distintos \u00e1mbitos, dar\u00e1n las claves de los factores de desarrollo. Las reflexiones resultantes podr\u00e1n aplicarse en el dise\u00f1o de nuevos proyectos.<\/p>\n\t\t\t<\/div>\n<\/div><\/div><\/div><\/div><div class=\"wpb_column vc_column_container vc_col-sm-4\"><div class=\"vc_column-inner\"><div class=\"wpb_wrapper\"><div class=\"qodef-iwt clearfix  qodef-iwt-icon-top qodef-iwt-icon-medium\">\n\t<div class=\"qodef-iwt-icon\" >\n\t\t\t\t\t<span class=\"qodef-iwt-bg-svg\">\n\t\t\t\t<svg xmlns=\"http:\/\/www.w3.org\/2000\/svg\" xmlns:xlink=\"http:\/\/www.w3.org\/1999\/xlink\" x=\"0px\" y=\"0px\" width=\"140px\" height=\"140px\" viewbox=\"0 0 140 140\" enable-background=\"new 0 0 140 140\" xml:space=\"preserve\">\n\t\t\t\t\t<g>\n\t\t\t\t\t\t<circle fill=\"#BDBDBD\" cx=\"2.1\" cy=\"2.5\" r=\"1.5\"\/>\n\t\t\t\t\t\t<circle fill=\"#BDBDBD\" cx=\"47.3\" cy=\"2.5\" r=\"1.5\"\/>\n\t\t\t\t\t\t<circle fill=\"#BDBDBD\" cx=\"92.5\" cy=\"2.5\" r=\"1.5\"\/>\n\t\t\t\t\t\t<circle fill=\"#BDBDBD\" cx=\"137.8\" cy=\"2.5\" r=\"1.5\"\/>\n\t\t\t\t\t\t<circle fill=\"#BDBDBD\" cx=\"2.1\" cy=\"47.3\" r=\"1.5\"\/>\n\t\t\t\t\t\t<circle fill=\"#BDBDBD\" cx=\"47.3\" cy=\"47.3\" r=\"1.5\"\/>\n\t\t\t\t\t\t<circle fill=\"#BDBDBD\" cx=\"92.5\" cy=\"47.3\" r=\"1.5\"\/>\n\t\t\t\t\t\t<circle fill=\"#BDBDBD\" cx=\"137.8\" cy=\"47.3\" r=\"1.5\"\/>\n\t\t\t\t\t\t<circle fill=\"#BDBDBD\" cx=\"2.1\" cy=\"93.2\" r=\"1.5\"\/>\n\t\t\t\t\t\t<circle fill=\"#BDBDBD\" cx=\"47.3\" cy=\"93.2\" r=\"1.5\"\/>\n\t\t\t\t\t\t<circle fill=\"#BDBDBD\" cx=\"92.5\" cy=\"93.2\" r=\"1.5\"\/>\n\t\t\t\t\t\t<circle fill=\"#BDBDBD\" cx=\"137.8\" cy=\"93.2\" r=\"1.5\"\/>\n\t\t\t\t\t\t<circle fill=\"#BDBDBD\" cx=\"2.1\" cy=\"137.5\" r=\"1.5\"\/>\n\t\t\t\t\t\t<circle fill=\"#BDBDBD\" cx=\"47.3\" cy=\"137.5\" r=\"1.5\"\/>\n\t\t\t\t\t\t<circle fill=\"#BDBDBD\" cx=\"92.5\" cy=\"137.5\" r=\"1.5\"\/>\n\t\t\t\t\t\t<circle fill=\"#BDBDBD\" cx=\"137.8\" cy=\"137.5\" r=\"1.5\"\/>\n\t\t\t\t\t<\/g>\n\t\t\t\t<\/svg>\t\t\t<\/span>\n\t\t\t\t\t\t\t\t\t\t\t    <span class=\"qodef-icon-shortcode qodef-normal   qodef-icon-medium\"  data-color=\"#bd3238\">\n                    <i class=\"qodef-icon-dripicons dripicon dripicons-arrow-up qodef-icon-element\" style=\"color: #bd3238\" ><\/i>            <\/span>\n\t\t\t\t\t\t<\/div>\n\t<div class=\"qodef-iwt-content\" >\n\t\t\t\t\t<h4 class=\"qodef-iwt-title\" >\n\t\t\t\t\t\t\t\t<span class=\"qodef-iwt-title-text\">Motivaci\u00f3n<\/span>\n\t\t\t\t\t\t\t<\/h4>\n\t\t\t\t\t\t\t<p class=\"qodef-iwt-text\" >Fomentar la reflexi\u00f3n y el an\u00e1lisis entre los participantes sobre las ideas presentadas en las ponencias y mesas redondas. Esta motivaci\u00f3n se concreta en varios puntos: propuestas a los diferentes agentes pol\u00edticos con capacidad de decisi\u00f3n, proyectos en los centros educativos, y propuestas dirigidas a la sociedad civil.<\/p>\n\t\t\t<\/div>\n<\/div><\/div><\/div><\/div><\/div><\/div><\/div><div class=\"qodef-row-grid-section-wrapper\"  style=\"background-color:#e5e5e5\"><div class=\"qodef-row-grid-section\"><div class=\"vc_row wpb_row vc_row-fluid vc_custom_1613747095028 vc_row-has-fill\" ><div class=\"wpb_column vc_column_container vc_col-sm-3\"><div class=\"vc_column-inner\"><div class=\"wpb_wrapper\"><div class=\"qodef-iwt clearfix  qodef-iwt-icon-top qodef-iwt-icon-medium\">\n\t<div class=\"qodef-iwt-icon\" >\n\t\t\t\t\t<span class=\"qodef-iwt-bg-svg\">\n\t\t\t\t<svg xmlns=\"http:\/\/www.w3.org\/2000\/svg\" xmlns:xlink=\"http:\/\/www.w3.org\/1999\/xlink\" x=\"0px\" y=\"0px\" width=\"140px\" height=\"140px\" viewbox=\"0 0 140 140\" enable-background=\"new 0 0 140 140\" xml:space=\"preserve\">\n\t\t\t\t\t<g>\n\t\t\t\t\t\t<circle fill=\"#BDBDBD\" cx=\"2.1\" cy=\"2.5\" r=\"1.5\"\/>\n\t\t\t\t\t\t<circle fill=\"#BDBDBD\" cx=\"47.3\" cy=\"2.5\" r=\"1.5\"\/>\n\t\t\t\t\t\t<circle fill=\"#BDBDBD\" cx=\"92.5\" cy=\"2.5\" r=\"1.5\"\/>\n\t\t\t\t\t\t<circle fill=\"#BDBDBD\" cx=\"137.8\" cy=\"2.5\" r=\"1.5\"\/>\n\t\t\t\t\t\t<circle fill=\"#BDBDBD\" cx=\"2.1\" cy=\"47.3\" r=\"1.5\"\/>\n\t\t\t\t\t\t<circle fill=\"#BDBDBD\" cx=\"47.3\" cy=\"47.3\" r=\"1.5\"\/>\n\t\t\t\t\t\t<circle fill=\"#BDBDBD\" cx=\"92.5\" cy=\"47.3\" r=\"1.5\"\/>\n\t\t\t\t\t\t<circle fill=\"#BDBDBD\" cx=\"137.8\" cy=\"47.3\" r=\"1.5\"\/>\n\t\t\t\t\t\t<circle fill=\"#BDBDBD\" cx=\"2.1\" cy=\"93.2\" r=\"1.5\"\/>\n\t\t\t\t\t\t<circle fill=\"#BDBDBD\" cx=\"47.3\" cy=\"93.2\" r=\"1.5\"\/>\n\t\t\t\t\t\t<circle fill=\"#BDBDBD\" cx=\"92.5\" cy=\"93.2\" r=\"1.5\"\/>\n\t\t\t\t\t\t<circle fill=\"#BDBDBD\" cx=\"137.8\" cy=\"93.2\" r=\"1.5\"\/>\n\t\t\t\t\t\t<circle fill=\"#BDBDBD\" cx=\"2.1\" cy=\"137.5\" r=\"1.5\"\/>\n\t\t\t\t\t\t<circle fill=\"#BDBDBD\" cx=\"47.3\" cy=\"137.5\" r=\"1.5\"\/>\n\t\t\t\t\t\t<circle fill=\"#BDBDBD\" cx=\"92.5\" cy=\"137.5\" r=\"1.5\"\/>\n\t\t\t\t\t\t<circle fill=\"#BDBDBD\" cx=\"137.8\" cy=\"137.5\" r=\"1.5\"\/>\n\t\t\t\t\t<\/g>\n\t\t\t\t<\/svg>\t\t\t<\/span>\n\t\t\t\t\t\t\t\t\t\t\t    <span class=\"qodef-icon-shortcode qodef-normal   qodef-icon-medium\"  data-color=\"#bd3238\">\n                    <i class=\"qodef-icon-dripicons dripicon dripicons-lightbulb qodef-icon-element\" style=\"color: #bd3238\" ><\/i>            <\/span>\n\t\t\t\t\t\t<\/div>\n\t<div class=\"qodef-iwt-content\" >\n\t\t\t\t\t<h4 class=\"qodef-iwt-title\" >\n\t\t\t\t\t\t\t\t<span class=\"qodef-iwt-title-text\">Inspiraci\u00f3n<\/span>\n\t\t\t\t\t\t\t<\/h4>\n\t\t\t\t\t\t\t<p class=\"qodef-iwt-text\" >De la experiencia y bagaje profesional de los ponentes, extraeremos los factores de inspiraci\u00f3n que nos ayudar\u00e1n a estimular y motivar nuestro entorno para avanzar en un ambiente cada vez m\u00e1s complejo.<\/p>\n\t\t\t<\/div>\n<\/div><\/div><\/div><\/div><div class=\"wpb_column vc_column_container vc_col-sm-3\"><div class=\"vc_column-inner\"><div class=\"wpb_wrapper\"><div class=\"qodef-iwt clearfix  qodef-iwt-icon-top qodef-iwt-icon-medium\">\n\t<div class=\"qodef-iwt-icon\" >\n\t\t\t\t\t<span class=\"qodef-iwt-bg-svg\">\n\t\t\t\t<svg xmlns=\"http:\/\/www.w3.org\/2000\/svg\" xmlns:xlink=\"http:\/\/www.w3.org\/1999\/xlink\" x=\"0px\" y=\"0px\" width=\"140px\" height=\"140px\" viewbox=\"0 0 140 140\" enable-background=\"new 0 0 140 140\" xml:space=\"preserve\">\n\t\t\t\t\t<g>\n\t\t\t\t\t\t<circle fill=\"#BDBDBD\" cx=\"2.1\" cy=\"2.5\" r=\"1.5\"\/>\n\t\t\t\t\t\t<circle fill=\"#BDBDBD\" cx=\"47.3\" cy=\"2.5\" r=\"1.5\"\/>\n\t\t\t\t\t\t<circle fill=\"#BDBDBD\" cx=\"92.5\" cy=\"2.5\" r=\"1.5\"\/>\n\t\t\t\t\t\t<circle fill=\"#BDBDBD\" cx=\"137.8\" cy=\"2.5\" r=\"1.5\"\/>\n\t\t\t\t\t\t<circle fill=\"#BDBDBD\" cx=\"2.1\" cy=\"47.3\" r=\"1.5\"\/>\n\t\t\t\t\t\t<circle fill=\"#BDBDBD\" cx=\"47.3\" cy=\"47.3\" r=\"1.5\"\/>\n\t\t\t\t\t\t<circle fill=\"#BDBDBD\" cx=\"92.5\" cy=\"47.3\" r=\"1.5\"\/>\n\t\t\t\t\t\t<circle fill=\"#BDBDBD\" cx=\"137.8\" cy=\"47.3\" r=\"1.5\"\/>\n\t\t\t\t\t\t<circle fill=\"#BDBDBD\" cx=\"2.1\" cy=\"93.2\" r=\"1.5\"\/>\n\t\t\t\t\t\t<circle fill=\"#BDBDBD\" cx=\"47.3\" cy=\"93.2\" r=\"1.5\"\/>\n\t\t\t\t\t\t<circle fill=\"#BDBDBD\" cx=\"92.5\" cy=\"93.2\" r=\"1.5\"\/>\n\t\t\t\t\t\t<circle fill=\"#BDBDBD\" cx=\"137.8\" cy=\"93.2\" r=\"1.5\"\/>\n\t\t\t\t\t\t<circle fill=\"#BDBDBD\" cx=\"2.1\" cy=\"137.5\" r=\"1.5\"\/>\n\t\t\t\t\t\t<circle fill=\"#BDBDBD\" cx=\"47.3\" cy=\"137.5\" r=\"1.5\"\/>\n\t\t\t\t\t\t<circle fill=\"#BDBDBD\" cx=\"92.5\" cy=\"137.5\" r=\"1.5\"\/>\n\t\t\t\t\t\t<circle fill=\"#BDBDBD\" cx=\"137.8\" cy=\"137.5\" r=\"1.5\"\/>\n\t\t\t\t\t<\/g>\n\t\t\t\t<\/svg>\t\t\t<\/span>\n\t\t\t\t\t\t\t\t\t\t\t    <span class=\"qodef-icon-shortcode qodef-normal   qodef-icon-medium\"  data-color=\"#bd3238\">\n                    <i class=\"qodef-icon-dripicons dripicon dripicons-conversation qodef-icon-element\" style=\"color: #bd3238\" ><\/i>            <\/span>\n\t\t\t\t\t\t<\/div>\n\t<div class=\"qodef-iwt-content\" >\n\t\t\t\t\t<h4 class=\"qodef-iwt-title\" >\n\t\t\t\t\t\t\t\t<span class=\"qodef-iwt-title-text\">Sinergias y relaciones<\/span>\n\t\t\t\t\t\t\t<\/h4>\n\t\t\t\t\t\t\t<p class=\"qodef-iwt-text\" >La diversidad de participantes que desarrollan su actividad dentro y fuera de los territorios de monta\u00f1a estimula la creaci\u00f3n de colaboraciones y relaciones, que son de gran valor m\u00e1s all\u00e1 de las Jornadas.<\/p>\n\t\t\t<\/div>\n<\/div><\/div><\/div><\/div><div class=\"wpb_column vc_column_container vc_col-sm-3\"><div class=\"vc_column-inner\"><div class=\"wpb_wrapper\"><div class=\"qodef-iwt clearfix  qodef-iwt-icon-top qodef-iwt-icon-medium\">\n\t<div class=\"qodef-iwt-icon\" >\n\t\t\t\t\t<span class=\"qodef-iwt-bg-svg\">\n\t\t\t\t<svg xmlns=\"http:\/\/www.w3.org\/2000\/svg\" xmlns:xlink=\"http:\/\/www.w3.org\/1999\/xlink\" x=\"0px\" y=\"0px\" width=\"140px\" height=\"140px\" viewbox=\"0 0 140 140\" enable-background=\"new 0 0 140 140\" xml:space=\"preserve\">\n\t\t\t\t\t<g>\n\t\t\t\t\t\t<circle fill=\"#BDBDBD\" cx=\"2.1\" cy=\"2.5\" r=\"1.5\"\/>\n\t\t\t\t\t\t<circle fill=\"#BDBDBD\" cx=\"47.3\" cy=\"2.5\" r=\"1.5\"\/>\n\t\t\t\t\t\t<circle fill=\"#BDBDBD\" cx=\"92.5\" cy=\"2.5\" r=\"1.5\"\/>\n\t\t\t\t\t\t<circle fill=\"#BDBDBD\" cx=\"137.8\" cy=\"2.5\" r=\"1.5\"\/>\n\t\t\t\t\t\t<circle fill=\"#BDBDBD\" cx=\"2.1\" cy=\"47.3\" r=\"1.5\"\/>\n\t\t\t\t\t\t<circle fill=\"#BDBDBD\" cx=\"47.3\" cy=\"47.3\" r=\"1.5\"\/>\n\t\t\t\t\t\t<circle fill=\"#BDBDBD\" cx=\"92.5\" cy=\"47.3\" r=\"1.5\"\/>\n\t\t\t\t\t\t<circle fill=\"#BDBDBD\" cx=\"137.8\" cy=\"47.3\" r=\"1.5\"\/>\n\t\t\t\t\t\t<circle fill=\"#BDBDBD\" cx=\"2.1\" cy=\"93.2\" r=\"1.5\"\/>\n\t\t\t\t\t\t<circle fill=\"#BDBDBD\" cx=\"47.3\" cy=\"93.2\" r=\"1.5\"\/>\n\t\t\t\t\t\t<circle fill=\"#BDBDBD\" cx=\"92.5\" cy=\"93.2\" r=\"1.5\"\/>\n\t\t\t\t\t\t<circle fill=\"#BDBDBD\" cx=\"137.8\" cy=\"93.2\" r=\"1.5\"\/>\n\t\t\t\t\t\t<circle fill=\"#BDBDBD\" cx=\"2.1\" cy=\"137.5\" r=\"1.5\"\/>\n\t\t\t\t\t\t<circle fill=\"#BDBDBD\" cx=\"47.3\" cy=\"137.5\" r=\"1.5\"\/>\n\t\t\t\t\t\t<circle fill=\"#BDBDBD\" cx=\"92.5\" cy=\"137.5\" r=\"1.5\"\/>\n\t\t\t\t\t\t<circle fill=\"#BDBDBD\" cx=\"137.8\" cy=\"137.5\" r=\"1.5\"\/>\n\t\t\t\t\t<\/g>\n\t\t\t\t<\/svg>\t\t\t<\/span>\n\t\t\t\t\t\t\t\t\t\t\t    <span class=\"qodef-icon-shortcode qodef-normal   qodef-icon-medium\"  data-color=\"#bd3238\">\n                    <i class=\"qodef-icon-dripicons dripicon dripicons-broadcast qodef-icon-element\" style=\"color: #bd3238\" ><\/i>            <\/span>\n\t\t\t\t\t\t<\/div>\n\t<div class=\"qodef-iwt-content\" >\n\t\t\t\t\t<h4 class=\"qodef-iwt-title\" >\n\t\t\t\t\t\t\t\t<span class=\"qodef-iwt-title-text\">Divulgaci\u00f3n<\/span>\n\t\t\t\t\t\t\t<\/h4>\n\t\t\t\t\t\t\t<p class=\"qodef-iwt-text\" >Queremos divulgar los valores de este acontecimiento a trav\u00e9s de los medios de comunicaci\u00f3n y las redes sociales con el objetivo de llegar a un mayor n\u00famero de personas y entidades.<\/p>\n\t\t\t<\/div>\n<\/div><\/div><\/div><\/div><div class=\"wpb_column vc_column_container vc_col-sm-3\"><div class=\"vc_column-inner\"><div class=\"wpb_wrapper\"><div class=\"qodef-iwt clearfix  qodef-iwt-icon-top qodef-iwt-icon-medium\">\n\t<div class=\"qodef-iwt-icon\" >\n\t\t\t\t\t<span class=\"qodef-iwt-bg-svg\">\n\t\t\t\t<svg xmlns=\"http:\/\/www.w3.org\/2000\/svg\" xmlns:xlink=\"http:\/\/www.w3.org\/1999\/xlink\" x=\"0px\" y=\"0px\" width=\"140px\" height=\"140px\" viewbox=\"0 0 140 140\" enable-background=\"new 0 0 140 140\" xml:space=\"preserve\">\n\t\t\t\t\t<g>\n\t\t\t\t\t\t<circle fill=\"#BDBDBD\" cx=\"2.1\" cy=\"2.5\" r=\"1.5\"\/>\n\t\t\t\t\t\t<circle fill=\"#BDBDBD\" cx=\"47.3\" cy=\"2.5\" r=\"1.5\"\/>\n\t\t\t\t\t\t<circle fill=\"#BDBDBD\" cx=\"92.5\" cy=\"2.5\" r=\"1.5\"\/>\n\t\t\t\t\t\t<circle fill=\"#BDBDBD\" cx=\"137.8\" cy=\"2.5\" r=\"1.5\"\/>\n\t\t\t\t\t\t<circle fill=\"#BDBDBD\" cx=\"2.1\" cy=\"47.3\" r=\"1.5\"\/>\n\t\t\t\t\t\t<circle fill=\"#BDBDBD\" cx=\"47.3\" cy=\"47.3\" r=\"1.5\"\/>\n\t\t\t\t\t\t<circle fill=\"#BDBDBD\" cx=\"92.5\" cy=\"47.3\" r=\"1.5\"\/>\n\t\t\t\t\t\t<circle fill=\"#BDBDBD\" cx=\"137.8\" cy=\"47.3\" r=\"1.5\"\/>\n\t\t\t\t\t\t<circle fill=\"#BDBDBD\" cx=\"2.1\" cy=\"93.2\" r=\"1.5\"\/>\n\t\t\t\t\t\t<circle fill=\"#BDBDBD\" cx=\"47.3\" cy=\"93.2\" r=\"1.5\"\/>\n\t\t\t\t\t\t<circle fill=\"#BDBDBD\" cx=\"92.5\" cy=\"93.2\" r=\"1.5\"\/>\n\t\t\t\t\t\t<circle fill=\"#BDBDBD\" cx=\"137.8\" cy=\"93.2\" r=\"1.5\"\/>\n\t\t\t\t\t\t<circle fill=\"#BDBDBD\" cx=\"2.1\" cy=\"137.5\" r=\"1.5\"\/>\n\t\t\t\t\t\t<circle fill=\"#BDBDBD\" cx=\"47.3\" cy=\"137.5\" r=\"1.5\"\/>\n\t\t\t\t\t\t<circle fill=\"#BDBDBD\" cx=\"92.5\" cy=\"137.5\" r=\"1.5\"\/>\n\t\t\t\t\t\t<circle fill=\"#BDBDBD\" cx=\"137.8\" cy=\"137.5\" r=\"1.5\"\/>\n\t\t\t\t\t<\/g>\n\t\t\t\t<\/svg>\t\t\t<\/span>\n\t\t\t\t\t\t\t\t\t\t\t    <span class=\"qodef-icon-shortcode qodef-normal   qodef-icon-medium\"  data-color=\"#bd3238\">\n                    <i class=\"qodef-icon-dripicons dripicon dripicons-direction qodef-icon-element\" style=\"color: #bd3238\" ><\/i>            <\/span>\n\t\t\t\t\t\t<\/div>\n\t<div class=\"qodef-iwt-content\" >\n\t\t\t\t\t<h4 class=\"qodef-iwt-title\" >\n\t\t\t\t\t\t\t\t<span class=\"qodef-iwt-title-text\">Promoci\u00f3n social y econ\u00f3mica<\/span>\n\t\t\t\t\t\t\t<\/h4>\n\t\t\t\t\t\t\t<p class=\"qodef-iwt-text\" >Colaborar en proyectos de distintos sectores dirigidos a fomentar la mejora de los servicios, la reactivaci\u00f3n econ\u00f3mica y la dinamizaci\u00f3n de la ocupaci\u00f3n. Promover acontecimientos para retener el talento y evitar el despoblamiento de los territorios de monta\u00f1a.<\/p>\n\t\t\t<\/div>\n<\/div><\/div><\/div><\/div><\/div><\/div><\/div><div data-vc-full-width=\"true\" data-vc-full-width-init=\"false\" class=\"vc_row wpb_row vc_row-fluid vc_custom_1614362688716 vc_row-o-content-middle vc_row-flex\" ><div class=\"wpb_column vc_column_container vc_col-sm-12\"><div class=\"vc_column-inner\"><div class=\"wpb_wrapper\"><div class=\"qodef-section-title-holder   qodef-st-title-left qodef-st-normal-space qodef-st-with-animation\" style=\"text-align: center\">\n\t<div class=\"qodef-st-inner\">\n\t\t\t\t\t\t\t<div class=\"qodef-st-title-wrapper\">\n\t\t\t\t<h4 class=\"qodef-st-title\" >\n\t\t\t\t\tCOMIT\u00c9 ORGANITZADOR\t\t\t\t<\/h4>\n\t\t\t<\/div>\n\t\t\t\t\t<\/div>\n<\/div><div class=\"vc_separator wpb_content_element vc_separator_align_center vc_sep_width_10 vc_sep_border_width_2 vc_sep_pos_align_center vc_separator_no_text vc_custom_1614361418961  vc_custom_1614361418961\" ><span class=\"vc_sep_holder vc_sep_holder_l\"><span  style=\"border-color:#bd3238;\" class=\"vc_sep_line\"><\/span><\/span><span class=\"vc_sep_holder vc_sep_holder_r\"><span  style=\"border-color:#bd3238;\" class=\"vc_sep_line\"><\/span><\/span>\n<\/div><div class=\"vc_row wpb_row vc_inner vc_row-fluid vc_custom_1614687897731 vc_column-gap-35\" ><div class=\"wpb_column vc_column_container vc_col-sm-4\"><div class=\"vc_column-inner\"><div class=\"wpb_wrapper\">\n\t<div  class=\"wpb_single_image wpb_content_element vc_align_center\">\n\t\t\n\t\t<figure class=\"wpb_wrapper vc_figure\">\n\t\t\t<div class=\"vc_single_image-wrapper   vc_box_border_grey\"><img loading=\"lazy\" decoding=\"async\" width=\"1080\" height=\"1080\" src=\"https:\/\/www.jornadesperalexcellencia.cat\/wp-content\/uploads\/2021\/10\/jornades-excellencia-comite-organitzador-jesus.jpg\" class=\"vc_single_image-img attachment-full\" alt=\"\" srcset=\"https:\/\/www.jornadesperalexcellencia.cat\/wp-content\/uploads\/2021\/10\/jornades-excellencia-comite-organitzador-jesus.jpg 1080w, https:\/\/www.jornadesperalexcellencia.cat\/wp-content\/uploads\/2021\/10\/jornades-excellencia-comite-organitzador-jesus-300x300.jpg 300w, https:\/\/www.jornadesperalexcellencia.cat\/wp-content\/uploads\/2021\/10\/jornades-excellencia-comite-organitzador-jesus-1024x1024.jpg 1024w, https:\/\/www.jornadesperalexcellencia.cat\/wp-content\/uploads\/2021\/10\/jornades-excellencia-comite-organitzador-jesus-150x150.jpg 150w, https:\/\/www.jornadesperalexcellencia.cat\/wp-content\/uploads\/2021\/10\/jornades-excellencia-comite-organitzador-jesus-768x768.jpg 768w, https:\/\/www.jornadesperalexcellencia.cat\/wp-content\/uploads\/2021\/10\/jornades-excellencia-comite-organitzador-jesus-650x650.jpg 650w, https:\/\/www.jornadesperalexcellencia.cat\/wp-content\/uploads\/2021\/10\/jornades-excellencia-comite-organitzador-jesus-600x600.jpg 600w, https:\/\/www.jornadesperalexcellencia.cat\/wp-content\/uploads\/2021\/10\/jornades-excellencia-comite-organitzador-jesus-100x100.jpg 100w\" sizes=\"auto, (max-width: 1080px) 100vw, 1080px\" \/><\/div>\n\t\t<\/figure>\n\t<\/div>\n\n\t<div class=\"wpb_text_column wpb_content_element\" >\n\t\t<div class=\"wpb_wrapper\">\n\t\t\t<p style=\"text-align: center;\">Jes\u00fas Montoliu<br \/>\n<em>Presidente<\/em><\/p>\n\n\t\t<\/div>\n\t<\/div>\n<\/div><\/div><\/div><div class=\"wpb_column vc_column_container vc_col-sm-4\"><div class=\"vc_column-inner\"><div class=\"wpb_wrapper\">\n\t<div  class=\"wpb_single_image wpb_content_element vc_align_center\">\n\t\t\n\t\t<figure class=\"wpb_wrapper vc_figure\">\n\t\t\t<div class=\"vc_single_image-wrapper   vc_box_border_grey\"><img loading=\"lazy\" decoding=\"async\" width=\"1080\" height=\"1080\" src=\"https:\/\/www.jornadesperalexcellencia.cat\/wp-content\/uploads\/2021\/10\/jornades-excellencia-comite-organitzador-anna.jpg\" class=\"vc_single_image-img attachment-full\" alt=\"\" srcset=\"https:\/\/www.jornadesperalexcellencia.cat\/wp-content\/uploads\/2021\/10\/jornades-excellencia-comite-organitzador-anna.jpg 1080w, https:\/\/www.jornadesperalexcellencia.cat\/wp-content\/uploads\/2021\/10\/jornades-excellencia-comite-organitzador-anna-300x300.jpg 300w, https:\/\/www.jornadesperalexcellencia.cat\/wp-content\/uploads\/2021\/10\/jornades-excellencia-comite-organitzador-anna-1024x1024.jpg 1024w, https:\/\/www.jornadesperalexcellencia.cat\/wp-content\/uploads\/2021\/10\/jornades-excellencia-comite-organitzador-anna-150x150.jpg 150w, https:\/\/www.jornadesperalexcellencia.cat\/wp-content\/uploads\/2021\/10\/jornades-excellencia-comite-organitzador-anna-768x768.jpg 768w, https:\/\/www.jornadesperalexcellencia.cat\/wp-content\/uploads\/2021\/10\/jornades-excellencia-comite-organitzador-anna-650x650.jpg 650w, https:\/\/www.jornadesperalexcellencia.cat\/wp-content\/uploads\/2021\/10\/jornades-excellencia-comite-organitzador-anna-600x600.jpg 600w, https:\/\/www.jornadesperalexcellencia.cat\/wp-content\/uploads\/2021\/10\/jornades-excellencia-comite-organitzador-anna-100x100.jpg 100w\" sizes=\"auto, (max-width: 1080px) 100vw, 1080px\" \/><\/div>\n\t\t<\/figure>\n\t<\/div>\n\n\t<div class=\"wpb_text_column wpb_content_element\" >\n\t\t<div class=\"wpb_wrapper\">\n\t\t\t<p style=\"text-align: center;\">Anna Montoliu<br \/>\n<em>Secretaria<\/em><\/p>\n\n\t\t<\/div>\n\t<\/div>\n<\/div><\/div><\/div><div class=\"wpb_column vc_column_container vc_col-sm-4\"><div class=\"vc_column-inner\"><div class=\"wpb_wrapper\">\n\t<div  class=\"wpb_single_image wpb_content_element vc_align_center\">\n\t\t\n\t\t<figure class=\"wpb_wrapper vc_figure\">\n\t\t\t<div class=\"vc_single_image-wrapper   vc_box_border_grey\"><img loading=\"lazy\" decoding=\"async\" width=\"1080\" height=\"1080\" src=\"https:\/\/www.jornadesperalexcellencia.cat\/wp-content\/uploads\/2023\/07\/jornades-excellencia-comite-organitzador-marta-guillen.png\" class=\"vc_single_image-img attachment-full\" alt=\"\" srcset=\"https:\/\/www.jornadesperalexcellencia.cat\/wp-content\/uploads\/2023\/07\/jornades-excellencia-comite-organitzador-marta-guillen.png 1080w, https:\/\/www.jornadesperalexcellencia.cat\/wp-content\/uploads\/2023\/07\/jornades-excellencia-comite-organitzador-marta-guillen-300x300.png 300w, https:\/\/www.jornadesperalexcellencia.cat\/wp-content\/uploads\/2023\/07\/jornades-excellencia-comite-organitzador-marta-guillen-1024x1024.png 1024w, https:\/\/www.jornadesperalexcellencia.cat\/wp-content\/uploads\/2023\/07\/jornades-excellencia-comite-organitzador-marta-guillen-150x150.png 150w, https:\/\/www.jornadesperalexcellencia.cat\/wp-content\/uploads\/2023\/07\/jornades-excellencia-comite-organitzador-marta-guillen-768x768.png 768w, https:\/\/www.jornadesperalexcellencia.cat\/wp-content\/uploads\/2023\/07\/jornades-excellencia-comite-organitzador-marta-guillen-650x650.png 650w, https:\/\/www.jornadesperalexcellencia.cat\/wp-content\/uploads\/2023\/07\/jornades-excellencia-comite-organitzador-marta-guillen-600x600.png 600w, https:\/\/www.jornadesperalexcellencia.cat\/wp-content\/uploads\/2023\/07\/jornades-excellencia-comite-organitzador-marta-guillen-100x100.png 100w\" sizes=\"auto, (max-width: 1080px) 100vw, 1080px\" \/><\/div>\n\t\t<\/figure>\n\t<\/div>\n\n\t<div class=\"wpb_text_column wpb_content_element\" >\n\t\t<div class=\"wpb_wrapper\">\n\t\t\t<p style=\"text-align: center;\">Marta Guill\u00e9n<br \/>\n<em>Tesorera<\/em><\/p>\n\n\t\t<\/div>\n\t<\/div>\n<\/div><\/div><\/div><\/div><div class=\"vc_row wpb_row vc_inner vc_row-fluid vc_custom_1614687897731 vc_column-gap-35\" ><div class=\"wpb_column vc_column_container vc_col-sm-4\"><div class=\"vc_column-inner\"><div class=\"wpb_wrapper\">\n\t<div  class=\"wpb_single_image wpb_content_element vc_align_center\">\n\t\t\n\t\t<figure class=\"wpb_wrapper vc_figure\">\n\t\t\t<div class=\"vc_single_image-wrapper   vc_box_border_grey\"><img loading=\"lazy\" decoding=\"async\" width=\"1080\" height=\"1080\" src=\"https:\/\/www.jornadesperalexcellencia.cat\/wp-content\/uploads\/2021\/10\/jornades-excellencia-comite-organitzador-rosa.jpg\" class=\"vc_single_image-img attachment-full\" alt=\"\" srcset=\"https:\/\/www.jornadesperalexcellencia.cat\/wp-content\/uploads\/2021\/10\/jornades-excellencia-comite-organitzador-rosa.jpg 1080w, https:\/\/www.jornadesperalexcellencia.cat\/wp-content\/uploads\/2021\/10\/jornades-excellencia-comite-organitzador-rosa-300x300.jpg 300w, https:\/\/www.jornadesperalexcellencia.cat\/wp-content\/uploads\/2021\/10\/jornades-excellencia-comite-organitzador-rosa-1024x1024.jpg 1024w, https:\/\/www.jornadesperalexcellencia.cat\/wp-content\/uploads\/2021\/10\/jornades-excellencia-comite-organitzador-rosa-150x150.jpg 150w, https:\/\/www.jornadesperalexcellencia.cat\/wp-content\/uploads\/2021\/10\/jornades-excellencia-comite-organitzador-rosa-768x768.jpg 768w, https:\/\/www.jornadesperalexcellencia.cat\/wp-content\/uploads\/2021\/10\/jornades-excellencia-comite-organitzador-rosa-650x650.jpg 650w, https:\/\/www.jornadesperalexcellencia.cat\/wp-content\/uploads\/2021\/10\/jornades-excellencia-comite-organitzador-rosa-600x600.jpg 600w, https:\/\/www.jornadesperalexcellencia.cat\/wp-content\/uploads\/2021\/10\/jornades-excellencia-comite-organitzador-rosa-100x100.jpg 100w\" sizes=\"auto, (max-width: 1080px) 100vw, 1080px\" \/><\/div>\n\t\t<\/figure>\n\t<\/div>\n\n\t<div class=\"wpb_text_column wpb_content_element\" >\n\t\t<div class=\"wpb_wrapper\">\n\t\t\t<p style=\"text-align: center;\">Rosa Brau<br \/>\n<em>Vocal<\/em><\/p>\n\n\t\t<\/div>\n\t<\/div>\n<\/div><\/div><\/div><div class=\"wpb_column vc_column_container vc_col-sm-4\"><div class=\"vc_column-inner\"><div class=\"wpb_wrapper\">\n\t<div  class=\"wpb_single_image wpb_content_element vc_align_center\">\n\t\t\n\t\t<figure class=\"wpb_wrapper vc_figure\">\n\t\t\t<div class=\"vc_single_image-wrapper   vc_box_border_grey\"><img loading=\"lazy\" decoding=\"async\" width=\"1080\" height=\"1080\" src=\"https:\/\/www.jornadesperalexcellencia.cat\/wp-content\/uploads\/2023\/03\/jornades-excellencia-comite-irganitzador-Pilar-Farre.jpg\" class=\"vc_single_image-img attachment-full\" alt=\"\" srcset=\"https:\/\/www.jornadesperalexcellencia.cat\/wp-content\/uploads\/2023\/03\/jornades-excellencia-comite-irganitzador-Pilar-Farre.jpg 1080w, https:\/\/www.jornadesperalexcellencia.cat\/wp-content\/uploads\/2023\/03\/jornades-excellencia-comite-irganitzador-Pilar-Farre-300x300.jpg 300w, https:\/\/www.jornadesperalexcellencia.cat\/wp-content\/uploads\/2023\/03\/jornades-excellencia-comite-irganitzador-Pilar-Farre-1024x1024.jpg 1024w, https:\/\/www.jornadesperalexcellencia.cat\/wp-content\/uploads\/2023\/03\/jornades-excellencia-comite-irganitzador-Pilar-Farre-150x150.jpg 150w, https:\/\/www.jornadesperalexcellencia.cat\/wp-content\/uploads\/2023\/03\/jornades-excellencia-comite-irganitzador-Pilar-Farre-768x768.jpg 768w, https:\/\/www.jornadesperalexcellencia.cat\/wp-content\/uploads\/2023\/03\/jornades-excellencia-comite-irganitzador-Pilar-Farre-650x650.jpg 650w, https:\/\/www.jornadesperalexcellencia.cat\/wp-content\/uploads\/2023\/03\/jornades-excellencia-comite-irganitzador-Pilar-Farre-600x600.jpg 600w, https:\/\/www.jornadesperalexcellencia.cat\/wp-content\/uploads\/2023\/03\/jornades-excellencia-comite-irganitzador-Pilar-Farre-100x100.jpg 100w\" sizes=\"auto, (max-width: 1080px) 100vw, 1080px\" \/><\/div>\n\t\t<\/figure>\n\t<\/div>\n\n\t<div class=\"wpb_text_column wpb_content_element\" >\n\t\t<div class=\"wpb_wrapper\">\n\t\t\t<p style=\"text-align: center;\">Pilar Farr\u00e9<br \/>\n<em>Vocal<\/em><\/p>\n\n\t\t<\/div>\n\t<\/div>\n<\/div><\/div><\/div><div class=\"wpb_column vc_column_container vc_col-sm-4\"><div class=\"vc_column-inner\"><div class=\"wpb_wrapper\">\n\t<div  class=\"wpb_single_image wpb_content_element vc_align_center  vc_custom_1680257024827\">\n\t\t\n\t\t<figure class=\"wpb_wrapper vc_figure\">\n\t\t\t<div class=\"vc_single_image-wrapper   vc_box_border_grey\"><img loading=\"lazy\" decoding=\"async\" width=\"1080\" height=\"1080\" src=\"https:\/\/www.jornadesperalexcellencia.cat\/wp-content\/uploads\/2023\/03\/jornades-excellencia-comite-organitzador-Tania-Fidalgo.jpg\" class=\"vc_single_image-img attachment-full\" alt=\"\" srcset=\"https:\/\/www.jornadesperalexcellencia.cat\/wp-content\/uploads\/2023\/03\/jornades-excellencia-comite-organitzador-Tania-Fidalgo.jpg 1080w, https:\/\/www.jornadesperalexcellencia.cat\/wp-content\/uploads\/2023\/03\/jornades-excellencia-comite-organitzador-Tania-Fidalgo-300x300.jpg 300w, https:\/\/www.jornadesperalexcellencia.cat\/wp-content\/uploads\/2023\/03\/jornades-excellencia-comite-organitzador-Tania-Fidalgo-1024x1024.jpg 1024w, https:\/\/www.jornadesperalexcellencia.cat\/wp-content\/uploads\/2023\/03\/jornades-excellencia-comite-organitzador-Tania-Fidalgo-150x150.jpg 150w, https:\/\/www.jornadesperalexcellencia.cat\/wp-content\/uploads\/2023\/03\/jornades-excellencia-comite-organitzador-Tania-Fidalgo-768x768.jpg 768w, https:\/\/www.jornadesperalexcellencia.cat\/wp-content\/uploads\/2023\/03\/jornades-excellencia-comite-organitzador-Tania-Fidalgo-650x650.jpg 650w, https:\/\/www.jornadesperalexcellencia.cat\/wp-content\/uploads\/2023\/03\/jornades-excellencia-comite-organitzador-Tania-Fidalgo-600x600.jpg 600w, https:\/\/www.jornadesperalexcellencia.cat\/wp-content\/uploads\/2023\/03\/jornades-excellencia-comite-organitzador-Tania-Fidalgo-100x100.jpg 100w\" sizes=\"auto, (max-width: 1080px) 100vw, 1080px\" \/><\/div>\n\t\t<\/figure>\n\t<\/div>\n\n\t<div class=\"wpb_text_column wpb_content_element\" >\n\t\t<div class=\"wpb_wrapper\">\n\t\t\t<p style=\"text-align: center;\">Tania Fidalgo<br \/>\n<em>Vocal<\/em><\/p>\n\n\t\t<\/div>\n\t<\/div>\n<\/div><\/div><\/div><\/div><div class=\"vc_row wpb_row vc_inner vc_row-fluid vc_custom_1614687897731 vc_column-gap-35\" ><div class=\"wpb_column vc_column_container vc_col-sm-4\"><div class=\"vc_column-inner\"><div class=\"wpb_wrapper\">\n\t<div  class=\"wpb_single_image wpb_content_element vc_align_center\">\n\t\t\n\t\t<figure class=\"wpb_wrapper vc_figure\">\n\t\t\t<div class=\"vc_single_image-wrapper   vc_box_border_grey\"><img loading=\"lazy\" decoding=\"async\" width=\"1120\" height=\"1120\" src=\"https:\/\/www.jornadesperalexcellencia.cat\/wp-content\/uploads\/2025\/02\/Marc-Cases-Jornades-excellencia.png\" class=\"vc_single_image-img attachment-full\" alt=\"\" srcset=\"https:\/\/www.jornadesperalexcellencia.cat\/wp-content\/uploads\/2025\/02\/Marc-Cases-Jornades-excellencia.png 1120w, https:\/\/www.jornadesperalexcellencia.cat\/wp-content\/uploads\/2025\/02\/Marc-Cases-Jornades-excellencia-300x300.png 300w, https:\/\/www.jornadesperalexcellencia.cat\/wp-content\/uploads\/2025\/02\/Marc-Cases-Jornades-excellencia-1024x1024.png 1024w, https:\/\/www.jornadesperalexcellencia.cat\/wp-content\/uploads\/2025\/02\/Marc-Cases-Jornades-excellencia-150x150.png 150w, https:\/\/www.jornadesperalexcellencia.cat\/wp-content\/uploads\/2025\/02\/Marc-Cases-Jornades-excellencia-768x768.png 768w, https:\/\/www.jornadesperalexcellencia.cat\/wp-content\/uploads\/2025\/02\/Marc-Cases-Jornades-excellencia-650x650.png 650w, https:\/\/www.jornadesperalexcellencia.cat\/wp-content\/uploads\/2025\/02\/Marc-Cases-Jornades-excellencia-600x600.png 600w, https:\/\/www.jornadesperalexcellencia.cat\/wp-content\/uploads\/2025\/02\/Marc-Cases-Jornades-excellencia-100x100.png 100w\" sizes=\"auto, (max-width: 1120px) 100vw, 1120px\" \/><\/div>\n\t\t<\/figure>\n\t<\/div>\n\n\t<div class=\"wpb_text_column wpb_content_element\" >\n\t\t<div class=\"wpb_wrapper\">\n\t\t\t<p style=\"text-align: center;\">Marc Cases<br \/>\n<em>Vocal<\/em><\/p>\n\n\t\t<\/div>\n\t<\/div>\n<\/div><\/div><\/div><div class=\"wpb_column vc_column_container vc_col-sm-4\"><div class=\"vc_column-inner\"><div class=\"wpb_wrapper\">\n\t<div  class=\"wpb_single_image wpb_content_element vc_align_center\">\n\t\t\n\t\t<figure class=\"wpb_wrapper vc_figure\">\n\t\t\t<div class=\"vc_single_image-wrapper   vc_box_border_grey\"><img loading=\"lazy\" decoding=\"async\" width=\"1120\" height=\"1120\" src=\"https:\/\/www.jornadesperalexcellencia.cat\/wp-content\/uploads\/2025\/02\/Arnau-Cases-Jornades-excellencia.png\" class=\"vc_single_image-img attachment-full\" alt=\"\" srcset=\"https:\/\/www.jornadesperalexcellencia.cat\/wp-content\/uploads\/2025\/02\/Arnau-Cases-Jornades-excellencia.png 1120w, https:\/\/www.jornadesperalexcellencia.cat\/wp-content\/uploads\/2025\/02\/Arnau-Cases-Jornades-excellencia-300x300.png 300w, https:\/\/www.jornadesperalexcellencia.cat\/wp-content\/uploads\/2025\/02\/Arnau-Cases-Jornades-excellencia-1024x1024.png 1024w, https:\/\/www.jornadesperalexcellencia.cat\/wp-content\/uploads\/2025\/02\/Arnau-Cases-Jornades-excellencia-150x150.png 150w, https:\/\/www.jornadesperalexcellencia.cat\/wp-content\/uploads\/2025\/02\/Arnau-Cases-Jornades-excellencia-768x768.png 768w, https:\/\/www.jornadesperalexcellencia.cat\/wp-content\/uploads\/2025\/02\/Arnau-Cases-Jornades-excellencia-650x650.png 650w, https:\/\/www.jornadesperalexcellencia.cat\/wp-content\/uploads\/2025\/02\/Arnau-Cases-Jornades-excellencia-600x600.png 600w, https:\/\/www.jornadesperalexcellencia.cat\/wp-content\/uploads\/2025\/02\/Arnau-Cases-Jornades-excellencia-100x100.png 100w\" sizes=\"auto, (max-width: 1120px) 100vw, 1120px\" \/><\/div>\n\t\t<\/figure>\n\t<\/div>\n\n\t<div class=\"wpb_text_column wpb_content_element\" >\n\t\t<div class=\"wpb_wrapper\">\n\t\t\t<p style=\"text-align: center;\">Arnau Cases<br \/>\n<em>Vocal<\/em><\/p>\n\n\t\t<\/div>\n\t<\/div>\n<\/div><\/div><\/div><div class=\"wpb_column vc_column_container vc_col-sm-4\"><div class=\"vc_column-inner\"><div class=\"wpb_wrapper\"><\/div><\/div><\/div><\/div><div class=\"vc_empty_space\"   style=\"height: 52px\"><span class=\"vc_empty_space_inner\"><\/span><\/div><div class=\"qodef-section-title-holder   qodef-st-title-left qodef-st-normal-space qodef-st-with-animation\" style=\"text-align: center\">\n\t<div class=\"qodef-st-inner\">\n\t\t\t\t\t\t\t<div class=\"qodef-st-title-wrapper\">\n\t\t\t\t<h4 class=\"qodef-st-title\" >\n\t\t\t\t\tCOMIT\u00c9 DE GOBIERNO\t\t\t\t<\/h4>\n\t\t\t<\/div>\n\t\t\t\t\t<\/div>\n<\/div><div class=\"vc_separator wpb_content_element vc_separator_align_center vc_sep_width_10 vc_sep_border_width_2 vc_sep_pos_align_center vc_separator_no_text vc_custom_1614361418961  vc_custom_1614361418961\" ><span class=\"vc_sep_holder vc_sep_holder_l\"><span  style=\"border-color:#bd3238;\" class=\"vc_sep_line\"><\/span><\/span><span class=\"vc_sep_holder vc_sep_holder_r\"><span  style=\"border-color:#bd3238;\" class=\"vc_sep_line\"><\/span><\/span>\n<\/div>\n\t<div class=\"wpb_text_column wpb_content_element\" >\n\t\t<div class=\"wpb_wrapper\">\n\t\t\t<p style=\"text-align: center; letter-spacing: 1px;\">Maria Reig<br \/>\nJosep Puxeu<br \/>\nM\u00f2nica Casabay\u00f3<br \/>\nJoan Oliveras<br \/>\nJosep Maria Tarrag\u00f3<br \/>\nAndreu Jordi<\/p>\n\n\t\t<\/div>\n\t<\/div>\n<div class=\"vc_empty_space\"   style=\"height: 52px\"><span class=\"vc_empty_space_inner\"><\/span><\/div><p style=\"font-size: 24px;color: #bd3238;line-height: 30px;text-align: center;font-family:Nothing You Could Do;font-weight:400;font-style:normal\" class=\"vc_custom_heading\" >Con nuestro eterno agradecimiento porque<br \/>\nhan sido y siempre ser\u00e1n parte de nuestra historia :<\/p>\n\t<div class=\"wpb_text_column wpb_content_element\" >\n\t\t<div class=\"wpb_wrapper\">\n\t\t\t<p style=\"text-align: center; letter-spacing: 1px;\"><strong>Marc Palobart, Edna Tarrado, Annabel Amat, Noem\u00ed Riudor y Marc Guill\u00e9n<\/strong><\/p>\n\n\t\t<\/div>\n\t<\/div>\n<div class=\"vc_empty_space\"   style=\"height: 52px\"><span class=\"vc_empty_space_inner\"><\/span><\/div><p style=\"font-size: 24px;color: #bd3238;line-height: 30px;text-align: center;font-family:Nothing You Could Do;font-weight:400;font-style:normal\" class=\"vc_custom_heading\" >En memoria de :<\/p>\n\t<div class=\"wpb_text_column wpb_content_element\" >\n\t\t<div class=\"wpb_wrapper\">\n\t\t\t<p style=\"text-align: center; letter-spacing: 1px;\"><strong>Antonio Asensio y Antoni Franco<\/strong><\/p>\n\n\t\t<\/div>\n\t<\/div>\n<\/div><\/div><\/div><\/div><div class=\"vc_row-full-width vc_clearfix\"><\/div>","protected":false},"excerpt":{"rendered":"Las Jornadas son una cita de referencia para todas aquellas personas que quieran compartir los valores de mejora personal y profesional que se promueven. Con un estilo pr\u00f3ximo y reflexivo, se presentan al asistente diversos enfoques y puntos de vista que, integrados, permitir\u00e1n avanzar en el desarrollo de sus competencias. Los temas tratados desde diferentes \u00e1ngulos ser\u00e1n el hilo conductor de las Jornadas. Este proyecto apasionante se inici\u00f3 en 2014 con la voluntad de ser un acontecimiento de referencia para [...]","protected":false},"author":1,"featured_media":0,"parent":0,"menu_order":0,"comment_status":"closed","ping_status":"closed","template":"full-width.php","meta":{"footnotes":""},"class_list":["post-5269","page","type-page","status-publish","hentry"],"yoast_head":"<!-- This site is optimized with the Yoast SEO plugin v27.5 - https:\/\/yoast.com\/product\/yoast-seo-wordpress\/ -->\n<title>Las Jornadas - Jornades per a l&#039;excel\u00b7l\u00e8ncia<\/title>\n<meta name=\"description\" content=\"Las Jornadas presentar\u00e1n enfoques y puntos de vista diversos que permitir\u00e1n mejorar y avanzar en la investigaci\u00f3n de la excelencia personal.\" \/>\n<meta name=\"robots\" content=\"index, follow, max-snippet:-1, max-image-preview:large, max-video-preview:-1\" \/>\n<link rel=\"canonical\" href=\"https:\/\/www.jornadesperalexcellencia.cat\/es\/que-nos-motiva-las-jornadas\/\" \/>\n<meta property=\"og:locale\" content=\"es_ES\" \/>\n<meta property=\"og:type\" content=\"article\" \/>\n<meta property=\"og:title\" content=\"Las Jornadas - Jornades per a l&#039;excel\u00b7l\u00e8ncia\" \/>\n<meta property=\"og:description\" content=\"Las Jornadas presentar\u00e1n enfoques y puntos de vista diversos que permitir\u00e1n mejorar y avanzar en la investigaci\u00f3n de la excelencia personal.\" \/>\n<meta property=\"og:url\" content=\"https:\/\/www.jornadesperalexcellencia.cat\/es\/que-nos-motiva-las-jornadas\/\" \/>\n<meta property=\"og:site_name\" content=\"Jornades per a l&#039;excel\u00b7l\u00e8ncia\" \/>\n<meta property=\"article:modified_time\" content=\"2025-02-14T17:56:01+00:00\" \/>\n<meta name=\"twitter:card\" content=\"summary_large_image\" \/>\n<meta name=\"twitter:label1\" content=\"Tiempo de lectura\" \/>\n\t<meta name=\"twitter:data1\" content=\"3 minutos\" \/>\n<script type=\"application\/ld+json\" class=\"yoast-schema-graph\">{\"@context\":\"https:\\\/\\\/schema.org\",\"@graph\":[{\"@type\":\"WebPage\",\"@id\":\"https:\\\/\\\/www.jornadesperalexcellencia.cat\\\/es\\\/que-nos-motiva-las-jornadas\\\/\",\"url\":\"https:\\\/\\\/www.jornadesperalexcellencia.cat\\\/es\\\/que-nos-motiva-las-jornadas\\\/\",\"name\":\"Las Jornadas - Jornades per a l&#039;excel\u00b7l\u00e8ncia\",\"isPartOf\":{\"@id\":\"https:\\\/\\\/www.jornadesperalexcellencia.cat\\\/es\\\/#website\"},\"datePublished\":\"2021-03-04T16:16:03+00:00\",\"dateModified\":\"2025-02-14T17:56:01+00:00\",\"description\":\"Las Jornadas presentar\u00e1n enfoques y puntos de vista diversos que permitir\u00e1n mejorar y avanzar en la investigaci\u00f3n de la excelencia personal.\",\"breadcrumb\":{\"@id\":\"https:\\\/\\\/www.jornadesperalexcellencia.cat\\\/es\\\/que-nos-motiva-las-jornadas\\\/#breadcrumb\"},\"inLanguage\":\"es\",\"potentialAction\":[{\"@type\":\"ReadAction\",\"target\":[\"https:\\\/\\\/www.jornadesperalexcellencia.cat\\\/es\\\/que-nos-motiva-las-jornadas\\\/\"]}]},{\"@type\":\"BreadcrumbList\",\"@id\":\"https:\\\/\\\/www.jornadesperalexcellencia.cat\\\/es\\\/que-nos-motiva-las-jornadas\\\/#breadcrumb\",\"itemListElement\":[{\"@type\":\"ListItem\",\"position\":1,\"name\":\"Inici\",\"item\":\"https:\\\/\\\/www.jornadesperalexcellencia.cat\\\/es\\\/inicio\\\/\"},{\"@type\":\"ListItem\",\"position\":2,\"name\":\"\u00bfQu\u00e9 nos motiva?\"}]},{\"@type\":\"WebSite\",\"@id\":\"https:\\\/\\\/www.jornadesperalexcellencia.cat\\\/es\\\/#website\",\"url\":\"https:\\\/\\\/www.jornadesperalexcellencia.cat\\\/es\\\/\",\"name\":\"Jornades per a l&#039;excel\u00b7l\u00e8ncia\",\"description\":\"Confer\u00e8ncies anuals per al progr\u00e9s i desenvolupament dels territoris del Pirineu. Esterri d&#039;\u00c0neu i Andorra.\",\"alternateName\":\"Jornades per a l'excel\u00b7l\u00e8ncia\",\"potentialAction\":[{\"@type\":\"SearchAction\",\"target\":{\"@type\":\"EntryPoint\",\"urlTemplate\":\"https:\\\/\\\/www.jornadesperalexcellencia.cat\\\/es\\\/?s={search_term_string}\"},\"query-input\":{\"@type\":\"PropertyValueSpecification\",\"valueRequired\":true,\"valueName\":\"search_term_string\"}}],\"inLanguage\":\"es\"}]}<\/script>\n<!-- \/ Yoast SEO plugin. -->","yoast_head_json":{"title":"Las Jornadas - Jornades per a l&#039;excel\u00b7l\u00e8ncia","description":"Las Jornadas presentar\u00e1n enfoques y puntos de vista diversos que permitir\u00e1n mejorar y avanzar en la investigaci\u00f3n de la excelencia personal.","robots":{"index":"index","follow":"follow","max-snippet":"max-snippet:-1","max-image-preview":"max-image-preview:large","max-video-preview":"max-video-preview:-1"},"canonical":"https:\/\/www.jornadesperalexcellencia.cat\/es\/que-nos-motiva-las-jornadas\/","og_locale":"es_ES","og_type":"article","og_title":"Las Jornadas - Jornades per a l&#039;excel\u00b7l\u00e8ncia","og_description":"Las Jornadas presentar\u00e1n enfoques y puntos de vista diversos que permitir\u00e1n mejorar y avanzar en la investigaci\u00f3n de la excelencia personal.","og_url":"https:\/\/www.jornadesperalexcellencia.cat\/es\/que-nos-motiva-las-jornadas\/","og_site_name":"Jornades per a l&#039;excel\u00b7l\u00e8ncia","article_modified_time":"2025-02-14T17:56:01+00:00","twitter_card":"summary_large_image","twitter_misc":{"Tiempo de lectura":"3 minutos"},"schema":{"@context":"https:\/\/schema.org","@graph":[{"@type":"WebPage","@id":"https:\/\/www.jornadesperalexcellencia.cat\/es\/que-nos-motiva-las-jornadas\/","url":"https:\/\/www.jornadesperalexcellencia.cat\/es\/que-nos-motiva-las-jornadas\/","name":"Las Jornadas - Jornades per a l&#039;excel\u00b7l\u00e8ncia","isPartOf":{"@id":"https:\/\/www.jornadesperalexcellencia.cat\/es\/#website"},"datePublished":"2021-03-04T16:16:03+00:00","dateModified":"2025-02-14T17:56:01+00:00","description":"Las Jornadas presentar\u00e1n enfoques y puntos de vista diversos que permitir\u00e1n mejorar y avanzar en la investigaci\u00f3n de la excelencia personal.","breadcrumb":{"@id":"https:\/\/www.jornadesperalexcellencia.cat\/es\/que-nos-motiva-las-jornadas\/#breadcrumb"},"inLanguage":"es","potentialAction":[{"@type":"ReadAction","target":["https:\/\/www.jornadesperalexcellencia.cat\/es\/que-nos-motiva-las-jornadas\/"]}]},{"@type":"BreadcrumbList","@id":"https:\/\/www.jornadesperalexcellencia.cat\/es\/que-nos-motiva-las-jornadas\/#breadcrumb","itemListElement":[{"@type":"ListItem","position":1,"name":"Inici","item":"https:\/\/www.jornadesperalexcellencia.cat\/es\/inicio\/"},{"@type":"ListItem","position":2,"name":"\u00bfQu\u00e9 nos motiva?"}]},{"@type":"WebSite","@id":"https:\/\/www.jornadesperalexcellencia.cat\/es\/#website","url":"https:\/\/www.jornadesperalexcellencia.cat\/es\/","name":"Jornades per a l&#039;excel\u00b7l\u00e8ncia","description":"Confer\u00e8ncies anuals per al progr\u00e9s i desenvolupament dels territoris del Pirineu. Esterri d&#039;\u00c0neu i Andorra.","alternateName":"Jornades per a l'excel\u00b7l\u00e8ncia","potentialAction":[{"@type":"SearchAction","target":{"@type":"EntryPoint","urlTemplate":"https:\/\/www.jornadesperalexcellencia.cat\/es\/?s={search_term_string}"},"query-input":{"@type":"PropertyValueSpecification","valueRequired":true,"valueName":"search_term_string"}}],"inLanguage":"es"}]}},"_links":{"self":[{"href":"https:\/\/www.jornadesperalexcellencia.cat\/es\/wp-json\/wp\/v2\/pages\/5269","targetHints":{"allow":["GET"]}}],"collection":[{"href":"https:\/\/www.jornadesperalexcellencia.cat\/es\/wp-json\/wp\/v2\/pages"}],"about":[{"href":"https:\/\/www.jornadesperalexcellencia.cat\/es\/wp-json\/wp\/v2\/types\/page"}],"author":[{"embeddable":true,"href":"https:\/\/www.jornadesperalexcellencia.cat\/es\/wp-json\/wp\/v2\/users\/1"}],"replies":[{"embeddable":true,"href":"https:\/\/www.jornadesperalexcellencia.cat\/es\/wp-json\/wp\/v2\/comments?post=5269"}],"version-history":[{"count":0,"href":"https:\/\/www.jornadesperalexcellencia.cat\/es\/wp-json\/wp\/v2\/pages\/5269\/revisions"}],"wp:attachment":[{"href":"https:\/\/www.jornadesperalexcellencia.cat\/es\/wp-json\/wp\/v2\/media?parent=5269"}],"curies":[{"name":"wp","href":"https:\/\/api.w.org\/{rel}","templated":true}]}}