{"id":5187,"date":"2021-03-04T14:06:51","date_gmt":"2021-03-04T12:06:51","guid":{"rendered":"https:\/\/www.jornadesperalexcellencia.cat\/?page_id=5187"},"modified":"2022-07-21T13:22:00","modified_gmt":"2022-07-21T11:22:00","slug":"edicion-2016","status":"publish","type":"page","link":"https:\/\/www.jornadesperalexcellencia.cat\/es\/edicion-2016\/","title":{"rendered":"Edici\u00f3n 2016"},"content":{"rendered":"<div class=\"qodef-row-grid-section-wrapper \"  ><div class=\"qodef-row-grid-section\"><div class=\"vc_row wpb_row vc_row-fluid vc_custom_1611140215249 vc_column-gap-20\" ><div class=\"wpb_column vc_column_container vc_col-sm-8\"><div class=\"vc_column-inner\"><div class=\"wpb_wrapper\"><div class=\"qodef-section-title-holder   qodef-st-title-left qodef-st-normal-space qodef-st-with-animation\" >\n\t<div class=\"qodef-st-inner\">\n\t\t\t\t\t<span class=\"qodef-st-tagline\" >\n\t\t\t\tJornades_Excel\u00b7l\u00e8ncia_2016\t\t\t<\/span>\n\t\t\t\t\t\t\t<div class=\"qodef-st-title-wrapper\">\n\t\t\t\t<h2 class=\"qodef-st-title\" >\n\t\t\t\t\tInfraestructures i comunicacions: la porta al futur\t\t\t\t<\/h2>\n\t\t\t<\/div>\n\t\t\t\t\t<\/div>\n<\/div><div class=\"vc_empty_space\"   style=\"height: 42px\"><span class=\"vc_empty_space_inner\"><\/span><\/div><div class=\"vc_row wpb_row vc_inner vc_row-fluid\" ><div class=\"wpb_column vc_column_container vc_col-sm-6\"><div class=\"vc_column-inner\"><div class=\"wpb_wrapper\">\n\t<div class=\"wpb_text_column wpb_content_element \" >\n\t\t<div class=\"wpb_wrapper\">\n\t\t\t<p>Las infraestructuras y comunicaciones son clave en el mantenimiento del territorio y de su historia, y adem\u00e1s, definen los pilares b\u00e1sicos para la construcci\u00f3n de un futuro s\u00f3lido para los pr\u00f3ximas generaciones.<\/p>\n<p>El pa\u00eds necesita reflexionar sobre la gesti\u00f3n de su futuro con par\u00e1metros de riqueza sostenible. Los elementos que nos permiten tomar decisiones respetuosas con el entorno tienen dimensi\u00f3n humana y natural (agua, fauna y natura).<\/p>\n\n\t\t<\/div>\n\t<\/div>\n<\/div><\/div><\/div><div class=\"wpb_column vc_column_container vc_col-sm-6\"><div class=\"vc_column-inner\"><div class=\"wpb_wrapper\">\n\t<div class=\"wpb_text_column wpb_content_element \" >\n\t\t<div class=\"wpb_wrapper\">\n\t\t\t<p>Los territorios necesitan posicionarse mejor en el mundo. La capacidad de construir una realidad social, econ\u00f3mica y cultural adaptada a los nuevos retos hace falta que sea una de las tareas m\u00e1s importantes. \u00bfCu\u00e1les son estas realidades futuras? \u00bfC\u00f3mo nos posicionamos? \u00bfCu\u00e1l es la contribuci\u00f3n personal e institucional necesaria?<\/p>\n<p>El posicionamiento estrat\u00e9gico del territorio ante la gesti\u00f3n \u00e9tica y responsable del agua puede ser un motor de crecimiento sostenible. <\/p>\n\n\t\t<\/div>\n\t<\/div>\n<\/div><\/div><\/div><\/div><div class=\"vc_row wpb_row vc_inner vc_row-fluid vc_custom_1611157508714\" ><div class=\"wpb_column vc_column_container vc_col-sm-4\"><div class=\"vc_column-inner\"><div class=\"wpb_wrapper\"><div class=\"qodef-iwt clearfix  qodef-iwt-icon-left qodef-iwt-icon-medium\">\n\t<div class=\"qodef-iwt-icon\" >\n\t\t\t\t\t\t\t<a itemprop=\"url\" href=\"\/wp-content\/uploads\/2021\/01\/jornades_excellencia_edicio_2016-cartell.pdf\" target=\"_blank\">\n\t\t\t\t\t\t\t\t\t    <span class=\"qodef-icon-shortcode qodef-normal   qodef-icon-medium\"  >\n                    <i class=\"qodef-icon-dripicons dripicon dripicons-clipboard qodef-icon-element\" style=\"\" ><\/i>            <\/span>\n\t\t\t\t\t\t\t\t<\/a>\n\t\t\t<\/div>\n\t<div class=\"qodef-iwt-content\" >\n\t\t\t\t\t<h4 class=\"qodef-iwt-title\" >\n\t\t\t\t\t\t\t\t\t<a itemprop=\"url\" href=\"\/wp-content\/uploads\/2021\/01\/jornades_excellencia_edicio_2016-cartell.pdf\" target=\"_blank\">\n\t\t\t\t\t\t\t\t<span class=\"qodef-iwt-title-text\">Cartel<\/span>\n\t\t\t\t\t\t\t\t\t<\/a>\n\t\t\t\t\t\t\t<\/h4>\n\t\t\t\t\t<\/div>\n<\/div><\/div><\/div><\/div><div class=\"wpb_column vc_column_container vc_col-sm-4\"><div class=\"vc_column-inner\"><div class=\"wpb_wrapper\"><div class=\"qodef-iwt clearfix  qodef-iwt-icon-left qodef-iwt-icon-medium\">\n\t<div class=\"qodef-iwt-icon\" >\n\t\t\t\t\t\t\t<a itemprop=\"url\" href=\"\/wp-content\/uploads\/2021\/01\/jornades_excellencia_edicio_2016-programa.pdf\" target=\"_blank\">\n\t\t\t\t\t\t\t\t\t    <span class=\"qodef-icon-shortcode qodef-normal   qodef-icon-medium\"  >\n                    <i class=\"qodef-icon-dripicons dripicon dripicons-document qodef-icon-element\" style=\"\" ><\/i>            <\/span>\n\t\t\t\t\t\t\t\t<\/a>\n\t\t\t<\/div>\n\t<div class=\"qodef-iwt-content\" >\n\t\t\t\t\t<h4 class=\"qodef-iwt-title\" >\n\t\t\t\t\t\t\t\t\t<a itemprop=\"url\" href=\"\/wp-content\/uploads\/2021\/01\/jornades_excellencia_edicio_2016-programa.pdf\" target=\"_blank\">\n\t\t\t\t\t\t\t\t<span class=\"qodef-iwt-title-text\">Programa<\/span>\n\t\t\t\t\t\t\t\t\t<\/a>\n\t\t\t\t\t\t\t<\/h4>\n\t\t\t\t\t<\/div>\n<\/div><\/div><\/div><\/div><div class=\"wpb_column vc_column_container vc_col-sm-4\"><div class=\"vc_column-inner\"><div class=\"wpb_wrapper\"><div class=\"qodef-iwt clearfix  qodef-iwt-icon-left qodef-iwt-icon-medium\">\n\t<div class=\"qodef-iwt-icon\" >\n\t\t\t\t\t\t\t<a itemprop=\"url\" href=\"\/wp-content\/uploads\/2021\/01\/jornades_excellencia_edicio_2016-llistat-ponents.pdf\" target=\"_blank\">\n\t\t\t\t\t\t\t\t\t    <span class=\"qodef-icon-shortcode qodef-normal   qodef-icon-medium\"  >\n                    <i class=\"qodef-icon-dripicons dripicon dripicons-view-list qodef-icon-element\" style=\"\" ><\/i>            <\/span>\n\t\t\t\t\t\t\t\t<\/a>\n\t\t\t<\/div>\n\t<div class=\"qodef-iwt-content\" >\n\t\t\t\t\t<h4 class=\"qodef-iwt-title\" >\n\t\t\t\t\t\t\t\t\t<a itemprop=\"url\" href=\"\/wp-content\/uploads\/2021\/01\/jornades_excellencia_edicio_2016-llistat-ponents.pdf\" target=\"_blank\">\n\t\t\t\t\t\t\t\t<span class=\"qodef-iwt-title-text\">Ponentes<\/span>\n\t\t\t\t\t\t\t\t\t<\/a>\n\t\t\t\t\t\t\t<\/h4>\n\t\t\t\t\t<\/div>\n<\/div><\/div><\/div><\/div><\/div><\/div><\/div><\/div><div class=\"wpb_column vc_column_container vc_col-sm-4\"><div class=\"vc_column-inner\"><div class=\"wpb_wrapper\"><div class=\"qodef-single-image-holder   \">\n    <div class=\"qodef-si-inner\" >\n                                    <img loading=\"lazy\" decoding=\"async\" width=\"531\" height=\"596\" src=\"https:\/\/www.jornadesperalexcellencia.cat\/wp-content\/uploads\/2021\/01\/jornades_excellencia_edicio_2016_cartell_programa.png\" class=\"attachment-full size-full\" alt=\"\" srcset=\"https:\/\/www.jornadesperalexcellencia.cat\/wp-content\/uploads\/2021\/01\/jornades_excellencia_edicio_2016_cartell_programa.png 531w, https:\/\/www.jornadesperalexcellencia.cat\/wp-content\/uploads\/2021\/01\/jornades_excellencia_edicio_2016_cartell_programa-267x300.png 267w\" sizes=\"auto, (max-width: 531px) 100vw, 531px\" \/>                        <\/div>\n<\/div><\/div><\/div><\/div><\/div><\/div><\/div><div class=\"vc_row wpb_row vc_row-fluid vc_custom_1611140310682 vc_row-o-content-middle vc_row-flex\" ><div class=\"wpb_column vc_column_container vc_col-sm-12\"><div class=\"vc_column-inner\"><div class=\"wpb_wrapper\"><div class=\"qodef-section-title-holder   qodef-st-title-left qodef-st-normal-space qodef-st-with-animation\" style=\"text-align: center\">\n\t<div class=\"qodef-st-inner\">\n\t\t\t\t\t<span class=\"qodef-st-tagline\" >\n\t\t\t\tmotivaciones_retos\t\t\t<\/span>\n\t\t\t\t\t\t\t<div class=\"qodef-st-title-wrapper\">\n\t\t\t\t<h2 class=\"qodef-st-title\" >\n\t\t\t\t\tEs una falta de respeto que alguien que vive en un territorio de monta\u00f1a no pueda tener las mismas oportunidades que qui\u00e9n vive en una ciudad.\t\t\t\t<\/h2>\n\t\t\t<\/div>\n\t\t\t\t\t<\/div>\n<\/div><\/div><\/div><\/div><\/div><div class=\"vc_row wpb_row vc_row-fluid\" ><div class=\"wpb_column vc_column_container vc_col-sm-12\"><div class=\"vc_column-inner\"><div class=\"wpb_wrapper\"><div class=\"qodef-section-title-holder   qodef-st-title-left qodef-st-normal-space qodef-st-with-animation\" style=\"text-align: center\">\n\t<div class=\"qodef-st-inner\">\n\t\t\t\t\t\t\t<div class=\"qodef-st-title-wrapper\">\n\t\t\t\t<h3 class=\"qodef-st-title\" >\n\t\t\t\t\tResumen Fotogr\u00e1fico\t\t\t\t<\/h3>\n\t\t\t<\/div>\n\t\t\t\t\t<\/div>\n<\/div><div class=\"vc_empty_space\"   style=\"height: 38px\"><span class=\"vc_empty_space_inner\"><\/span><\/div><div class=\"qodef-image-gallery qodef-grid-list qodef-grid-masonry-list qodef-disable-bottom-space  qodef-ig-masonry-type qodef-six-columns qodef-tiny-space  qodef-image-behavior-lightbox\">\n\t<div class=\"qodef-ig-inner qodef-outer-space qodef-masonry-list-wrapper\">\n\t\t<div class=\"qodef-masonry-grid-sizer\"><\/div>\n\t\t<div class=\"qodef-masonry-grid-gutter\"><\/div>\n\t\t\t\t\t\t\t\t<div class=\"qodef-ig-image qodef-item-space \">\n\t\t\t\t<div class=\"qodef-ig-image-inner\">\n\t\t\t\t\t\t\t\t\t\t\t<a itemprop=\"image\" class=\"qodef-ig-lightbox\" href=\"https:\/\/www.jornadesperalexcellencia.cat\/wp-content\/uploads\/2021\/01\/jornades-excellencia-2016-conferenciant-ponent-3.jpg\" data-rel=\"prettyPhoto[image_gallery_pretty_photo-691]\" title=\"jornades-excellencia-2016-conferenciant-ponent-3\">\n\t\t\t\t\t\t\t\t\t\t\t<img loading=\"lazy\" decoding=\"async\" width=\"900\" height=\"600\" src=\"https:\/\/www.jornadesperalexcellencia.cat\/wp-content\/uploads\/2021\/01\/jornades-excellencia-2016-conferenciant-ponent-3.jpg\" class=\"attachment-full size-full\" alt=\"\" srcset=\"https:\/\/www.jornadesperalexcellencia.cat\/wp-content\/uploads\/2021\/01\/jornades-excellencia-2016-conferenciant-ponent-3.jpg 900w, https:\/\/www.jornadesperalexcellencia.cat\/wp-content\/uploads\/2021\/01\/jornades-excellencia-2016-conferenciant-ponent-3-600x400.jpg 600w, https:\/\/www.jornadesperalexcellencia.cat\/wp-content\/uploads\/2021\/01\/jornades-excellencia-2016-conferenciant-ponent-3-300x200.jpg 300w, https:\/\/www.jornadesperalexcellencia.cat\/wp-content\/uploads\/2021\/01\/jornades-excellencia-2016-conferenciant-ponent-3-768x512.jpg 768w\" sizes=\"auto, (max-width: 900px) 100vw, 900px\" \/>\t\t\t\t\t\t\t\t\t\t\t<\/a>\n\t\t\t\t\t\t\t\t\t<\/div>\n\t\t\t<\/div>\n\t\t\t\t\t\t\t\t<div class=\"qodef-ig-image qodef-item-space \">\n\t\t\t\t<div class=\"qodef-ig-image-inner\">\n\t\t\t\t\t\t\t\t\t\t\t<a itemprop=\"image\" class=\"qodef-ig-lightbox\" href=\"https:\/\/www.jornadesperalexcellencia.cat\/wp-content\/uploads\/2021\/01\/jornades-excellencia-2016-public-exterior.jpg\" data-rel=\"prettyPhoto[image_gallery_pretty_photo-691]\" title=\"jornades-excellencia-2016-public-exterior\">\n\t\t\t\t\t\t\t\t\t\t\t<img loading=\"lazy\" decoding=\"async\" width=\"900\" height=\"600\" src=\"https:\/\/www.jornadesperalexcellencia.cat\/wp-content\/uploads\/2021\/01\/jornades-excellencia-2016-public-exterior.jpg\" class=\"attachment-full size-full\" alt=\"\" srcset=\"https:\/\/www.jornadesperalexcellencia.cat\/wp-content\/uploads\/2021\/01\/jornades-excellencia-2016-public-exterior.jpg 900w, https:\/\/www.jornadesperalexcellencia.cat\/wp-content\/uploads\/2021\/01\/jornades-excellencia-2016-public-exterior-600x400.jpg 600w, https:\/\/www.jornadesperalexcellencia.cat\/wp-content\/uploads\/2021\/01\/jornades-excellencia-2016-public-exterior-300x200.jpg 300w, https:\/\/www.jornadesperalexcellencia.cat\/wp-content\/uploads\/2021\/01\/jornades-excellencia-2016-public-exterior-768x512.jpg 768w\" sizes=\"auto, (max-width: 900px) 100vw, 900px\" \/>\t\t\t\t\t\t\t\t\t\t\t<\/a>\n\t\t\t\t\t\t\t\t\t<\/div>\n\t\t\t<\/div>\n\t\t\t\t\t\t\t\t<div class=\"qodef-ig-image qodef-item-space \">\n\t\t\t\t<div class=\"qodef-ig-image-inner\">\n\t\t\t\t\t\t\t\t\t\t\t<a itemprop=\"image\" class=\"qodef-ig-lightbox\" href=\"https:\/\/www.jornadesperalexcellencia.cat\/wp-content\/uploads\/2021\/01\/jornades-excellencia-2016-public.jpg\" data-rel=\"prettyPhoto[image_gallery_pretty_photo-691]\" title=\"jornades-excellencia-2016-public\">\n\t\t\t\t\t\t\t\t\t\t\t<img loading=\"lazy\" decoding=\"async\" width=\"900\" height=\"600\" src=\"https:\/\/www.jornadesperalexcellencia.cat\/wp-content\/uploads\/2021\/01\/jornades-excellencia-2016-public.jpg\" class=\"attachment-full size-full\" alt=\"\" srcset=\"https:\/\/www.jornadesperalexcellencia.cat\/wp-content\/uploads\/2021\/01\/jornades-excellencia-2016-public.jpg 900w, https:\/\/www.jornadesperalexcellencia.cat\/wp-content\/uploads\/2021\/01\/jornades-excellencia-2016-public-600x400.jpg 600w, https:\/\/www.jornadesperalexcellencia.cat\/wp-content\/uploads\/2021\/01\/jornades-excellencia-2016-public-300x200.jpg 300w, https:\/\/www.jornadesperalexcellencia.cat\/wp-content\/uploads\/2021\/01\/jornades-excellencia-2016-public-768x512.jpg 768w\" sizes=\"auto, (max-width: 900px) 100vw, 900px\" \/>\t\t\t\t\t\t\t\t\t\t\t<\/a>\n\t\t\t\t\t\t\t\t\t<\/div>\n\t\t\t<\/div>\n\t\t\t\t\t\t\t\t<div class=\"qodef-ig-image qodef-item-space \">\n\t\t\t\t<div class=\"qodef-ig-image-inner\">\n\t\t\t\t\t\t\t\t\t\t\t<a itemprop=\"image\" class=\"qodef-ig-lightbox\" href=\"https:\/\/www.jornadesperalexcellencia.cat\/wp-content\/uploads\/2021\/01\/jornades-excellencia-2016-conferenciant-ponent-10.jpg\" data-rel=\"prettyPhoto[image_gallery_pretty_photo-691]\" title=\"jornades-excellencia-2016-conferenciant-ponent-10\">\n\t\t\t\t\t\t\t\t\t\t\t<img loading=\"lazy\" decoding=\"async\" width=\"900\" height=\"600\" src=\"https:\/\/www.jornadesperalexcellencia.cat\/wp-content\/uploads\/2021\/01\/jornades-excellencia-2016-conferenciant-ponent-10.jpg\" class=\"attachment-full size-full\" alt=\"\" srcset=\"https:\/\/www.jornadesperalexcellencia.cat\/wp-content\/uploads\/2021\/01\/jornades-excellencia-2016-conferenciant-ponent-10.jpg 900w, https:\/\/www.jornadesperalexcellencia.cat\/wp-content\/uploads\/2021\/01\/jornades-excellencia-2016-conferenciant-ponent-10-600x400.jpg 600w, https:\/\/www.jornadesperalexcellencia.cat\/wp-content\/uploads\/2021\/01\/jornades-excellencia-2016-conferenciant-ponent-10-300x200.jpg 300w, https:\/\/www.jornadesperalexcellencia.cat\/wp-content\/uploads\/2021\/01\/jornades-excellencia-2016-conferenciant-ponent-10-768x512.jpg 768w\" sizes=\"auto, (max-width: 900px) 100vw, 900px\" \/>\t\t\t\t\t\t\t\t\t\t\t<\/a>\n\t\t\t\t\t\t\t\t\t<\/div>\n\t\t\t<\/div>\n\t\t\t\t\t\t\t\t<div class=\"qodef-ig-image qodef-item-space \">\n\t\t\t\t<div class=\"qodef-ig-image-inner\">\n\t\t\t\t\t\t\t\t\t\t\t<a itemprop=\"image\" class=\"qodef-ig-lightbox\" href=\"https:\/\/www.jornadesperalexcellencia.cat\/wp-content\/uploads\/2021\/01\/jornades-excellencia-2016-catering-1.jpg\" data-rel=\"prettyPhoto[image_gallery_pretty_photo-691]\" title=\"jornades-excellencia-2016-catering-1\">\n\t\t\t\t\t\t\t\t\t\t\t<img loading=\"lazy\" decoding=\"async\" width=\"900\" height=\"600\" src=\"https:\/\/www.jornadesperalexcellencia.cat\/wp-content\/uploads\/2021\/01\/jornades-excellencia-2016-catering-1.jpg\" class=\"attachment-full size-full\" alt=\"\" srcset=\"https:\/\/www.jornadesperalexcellencia.cat\/wp-content\/uploads\/2021\/01\/jornades-excellencia-2016-catering-1.jpg 900w, https:\/\/www.jornadesperalexcellencia.cat\/wp-content\/uploads\/2021\/01\/jornades-excellencia-2016-catering-1-600x400.jpg 600w, https:\/\/www.jornadesperalexcellencia.cat\/wp-content\/uploads\/2021\/01\/jornades-excellencia-2016-catering-1-300x200.jpg 300w, https:\/\/www.jornadesperalexcellencia.cat\/wp-content\/uploads\/2021\/01\/jornades-excellencia-2016-catering-1-768x512.jpg 768w\" sizes=\"auto, (max-width: 900px) 100vw, 900px\" \/>\t\t\t\t\t\t\t\t\t\t\t<\/a>\n\t\t\t\t\t\t\t\t\t<\/div>\n\t\t\t<\/div>\n\t\t\t\t\t\t\t\t<div class=\"qodef-ig-image qodef-item-space \">\n\t\t\t\t<div class=\"qodef-ig-image-inner\">\n\t\t\t\t\t\t\t\t\t\t\t<a itemprop=\"image\" class=\"qodef-ig-lightbox\" href=\"https:\/\/www.jornadesperalexcellencia.cat\/wp-content\/uploads\/2021\/01\/jornades-excellencia-2016-conferenciant-ponent-9.jpg\" data-rel=\"prettyPhoto[image_gallery_pretty_photo-691]\" title=\"jornades-excellencia-2016-conferenciant-ponent-9\">\n\t\t\t\t\t\t\t\t\t\t\t<img loading=\"lazy\" decoding=\"async\" width=\"900\" height=\"600\" src=\"https:\/\/www.jornadesperalexcellencia.cat\/wp-content\/uploads\/2021\/01\/jornades-excellencia-2016-conferenciant-ponent-9.jpg\" class=\"attachment-full size-full\" alt=\"\" srcset=\"https:\/\/www.jornadesperalexcellencia.cat\/wp-content\/uploads\/2021\/01\/jornades-excellencia-2016-conferenciant-ponent-9.jpg 900w, https:\/\/www.jornadesperalexcellencia.cat\/wp-content\/uploads\/2021\/01\/jornades-excellencia-2016-conferenciant-ponent-9-600x400.jpg 600w, https:\/\/www.jornadesperalexcellencia.cat\/wp-content\/uploads\/2021\/01\/jornades-excellencia-2016-conferenciant-ponent-9-300x200.jpg 300w, https:\/\/www.jornadesperalexcellencia.cat\/wp-content\/uploads\/2021\/01\/jornades-excellencia-2016-conferenciant-ponent-9-768x512.jpg 768w\" sizes=\"auto, (max-width: 900px) 100vw, 900px\" \/>\t\t\t\t\t\t\t\t\t\t\t<\/a>\n\t\t\t\t\t\t\t\t\t<\/div>\n\t\t\t<\/div>\n\t\t\t\t\t\t\t\t<div class=\"qodef-ig-image qodef-item-space \">\n\t\t\t\t<div class=\"qodef-ig-image-inner\">\n\t\t\t\t\t\t\t\t\t\t\t<a itemprop=\"image\" class=\"qodef-ig-lightbox\" href=\"https:\/\/www.jornadesperalexcellencia.cat\/wp-content\/uploads\/2021\/01\/jornades-excellencia-2016-conferenciant-ponent-8.jpg\" data-rel=\"prettyPhoto[image_gallery_pretty_photo-691]\" title=\"jornades-excellencia-2016-conferenciant-ponent-8\">\n\t\t\t\t\t\t\t\t\t\t\t<img loading=\"lazy\" decoding=\"async\" width=\"900\" height=\"600\" src=\"https:\/\/www.jornadesperalexcellencia.cat\/wp-content\/uploads\/2021\/01\/jornades-excellencia-2016-conferenciant-ponent-8.jpg\" class=\"attachment-full size-full\" alt=\"\" srcset=\"https:\/\/www.jornadesperalexcellencia.cat\/wp-content\/uploads\/2021\/01\/jornades-excellencia-2016-conferenciant-ponent-8.jpg 900w, https:\/\/www.jornadesperalexcellencia.cat\/wp-content\/uploads\/2021\/01\/jornades-excellencia-2016-conferenciant-ponent-8-600x400.jpg 600w, https:\/\/www.jornadesperalexcellencia.cat\/wp-content\/uploads\/2021\/01\/jornades-excellencia-2016-conferenciant-ponent-8-300x200.jpg 300w, https:\/\/www.jornadesperalexcellencia.cat\/wp-content\/uploads\/2021\/01\/jornades-excellencia-2016-conferenciant-ponent-8-768x512.jpg 768w\" sizes=\"auto, (max-width: 900px) 100vw, 900px\" \/>\t\t\t\t\t\t\t\t\t\t\t<\/a>\n\t\t\t\t\t\t\t\t\t<\/div>\n\t\t\t<\/div>\n\t\t\t\t\t\t\t\t<div class=\"qodef-ig-image qodef-item-space \">\n\t\t\t\t<div class=\"qodef-ig-image-inner\">\n\t\t\t\t\t\t\t\t\t\t\t<a itemprop=\"image\" class=\"qodef-ig-lightbox\" href=\"https:\/\/www.jornadesperalexcellencia.cat\/wp-content\/uploads\/2021\/01\/jornades-excellencia-2016-conferenciant-ponent-6.jpg\" data-rel=\"prettyPhoto[image_gallery_pretty_photo-691]\" title=\"jornades-excellencia-2016-conferenciant-ponent-6\">\n\t\t\t\t\t\t\t\t\t\t\t<img loading=\"lazy\" decoding=\"async\" width=\"900\" height=\"600\" src=\"https:\/\/www.jornadesperalexcellencia.cat\/wp-content\/uploads\/2021\/01\/jornades-excellencia-2016-conferenciant-ponent-6.jpg\" class=\"attachment-full size-full\" alt=\"\" srcset=\"https:\/\/www.jornadesperalexcellencia.cat\/wp-content\/uploads\/2021\/01\/jornades-excellencia-2016-conferenciant-ponent-6.jpg 900w, https:\/\/www.jornadesperalexcellencia.cat\/wp-content\/uploads\/2021\/01\/jornades-excellencia-2016-conferenciant-ponent-6-600x400.jpg 600w, https:\/\/www.jornadesperalexcellencia.cat\/wp-content\/uploads\/2021\/01\/jornades-excellencia-2016-conferenciant-ponent-6-300x200.jpg 300w, https:\/\/www.jornadesperalexcellencia.cat\/wp-content\/uploads\/2021\/01\/jornades-excellencia-2016-conferenciant-ponent-6-768x512.jpg 768w\" sizes=\"auto, (max-width: 900px) 100vw, 900px\" \/>\t\t\t\t\t\t\t\t\t\t\t<\/a>\n\t\t\t\t\t\t\t\t\t<\/div>\n\t\t\t<\/div>\n\t\t\t\t\t\t\t\t<div class=\"qodef-ig-image qodef-item-space \">\n\t\t\t\t<div class=\"qodef-ig-image-inner\">\n\t\t\t\t\t\t\t\t\t\t\t<a itemprop=\"image\" class=\"qodef-ig-lightbox\" href=\"https:\/\/www.jornadesperalexcellencia.cat\/wp-content\/uploads\/2021\/01\/jornades-excellencia-2016-conferenciant-ponent.jpg\" data-rel=\"prettyPhoto[image_gallery_pretty_photo-691]\" title=\"jornades-excellencia-2016-conferenciant-ponent\">\n\t\t\t\t\t\t\t\t\t\t\t<img loading=\"lazy\" decoding=\"async\" width=\"900\" height=\"600\" src=\"https:\/\/www.jornadesperalexcellencia.cat\/wp-content\/uploads\/2021\/01\/jornades-excellencia-2016-conferenciant-ponent.jpg\" class=\"attachment-full size-full\" alt=\"\" srcset=\"https:\/\/www.jornadesperalexcellencia.cat\/wp-content\/uploads\/2021\/01\/jornades-excellencia-2016-conferenciant-ponent.jpg 900w, https:\/\/www.jornadesperalexcellencia.cat\/wp-content\/uploads\/2021\/01\/jornades-excellencia-2016-conferenciant-ponent-600x400.jpg 600w, https:\/\/www.jornadesperalexcellencia.cat\/wp-content\/uploads\/2021\/01\/jornades-excellencia-2016-conferenciant-ponent-300x200.jpg 300w, https:\/\/www.jornadesperalexcellencia.cat\/wp-content\/uploads\/2021\/01\/jornades-excellencia-2016-conferenciant-ponent-768x512.jpg 768w\" sizes=\"auto, (max-width: 900px) 100vw, 900px\" \/>\t\t\t\t\t\t\t\t\t\t\t<\/a>\n\t\t\t\t\t\t\t\t\t<\/div>\n\t\t\t<\/div>\n\t\t\t\t\t\t\t\t<div class=\"qodef-ig-image qodef-item-space \">\n\t\t\t\t<div class=\"qodef-ig-image-inner\">\n\t\t\t\t\t\t\t\t\t\t\t<a itemprop=\"image\" class=\"qodef-ig-lightbox\" href=\"https:\/\/www.jornadesperalexcellencia.cat\/wp-content\/uploads\/2021\/01\/jornades-excellencia-2016-conferenciant-ponent-5.jpg\" data-rel=\"prettyPhoto[image_gallery_pretty_photo-691]\" title=\"jornades-excellencia-2016-conferenciant-ponent-5\">\n\t\t\t\t\t\t\t\t\t\t\t<img loading=\"lazy\" decoding=\"async\" width=\"900\" height=\"600\" src=\"https:\/\/www.jornadesperalexcellencia.cat\/wp-content\/uploads\/2021\/01\/jornades-excellencia-2016-conferenciant-ponent-5.jpg\" class=\"attachment-full size-full\" alt=\"\" srcset=\"https:\/\/www.jornadesperalexcellencia.cat\/wp-content\/uploads\/2021\/01\/jornades-excellencia-2016-conferenciant-ponent-5.jpg 900w, https:\/\/www.jornadesperalexcellencia.cat\/wp-content\/uploads\/2021\/01\/jornades-excellencia-2016-conferenciant-ponent-5-600x400.jpg 600w, https:\/\/www.jornadesperalexcellencia.cat\/wp-content\/uploads\/2021\/01\/jornades-excellencia-2016-conferenciant-ponent-5-300x200.jpg 300w, https:\/\/www.jornadesperalexcellencia.cat\/wp-content\/uploads\/2021\/01\/jornades-excellencia-2016-conferenciant-ponent-5-768x512.jpg 768w\" sizes=\"auto, (max-width: 900px) 100vw, 900px\" \/>\t\t\t\t\t\t\t\t\t\t\t<\/a>\n\t\t\t\t\t\t\t\t\t<\/div>\n\t\t\t<\/div>\n\t\t\t\t\t\t\t\t<div class=\"qodef-ig-image qodef-item-space \">\n\t\t\t\t<div class=\"qodef-ig-image-inner\">\n\t\t\t\t\t\t\t\t\t\t\t<a itemprop=\"image\" class=\"qodef-ig-lightbox\" href=\"https:\/\/www.jornadesperalexcellencia.cat\/wp-content\/uploads\/2021\/01\/jornades-excellencia-2016-conferenciant-ponent-4.jpg\" data-rel=\"prettyPhoto[image_gallery_pretty_photo-691]\" title=\"jornades-excellencia-2016-conferenciant-ponent-4\">\n\t\t\t\t\t\t\t\t\t\t\t<img loading=\"lazy\" decoding=\"async\" width=\"900\" height=\"600\" src=\"https:\/\/www.jornadesperalexcellencia.cat\/wp-content\/uploads\/2021\/01\/jornades-excellencia-2016-conferenciant-ponent-4.jpg\" class=\"attachment-full size-full\" alt=\"\" srcset=\"https:\/\/www.jornadesperalexcellencia.cat\/wp-content\/uploads\/2021\/01\/jornades-excellencia-2016-conferenciant-ponent-4.jpg 900w, https:\/\/www.jornadesperalexcellencia.cat\/wp-content\/uploads\/2021\/01\/jornades-excellencia-2016-conferenciant-ponent-4-600x400.jpg 600w, https:\/\/www.jornadesperalexcellencia.cat\/wp-content\/uploads\/2021\/01\/jornades-excellencia-2016-conferenciant-ponent-4-300x200.jpg 300w, https:\/\/www.jornadesperalexcellencia.cat\/wp-content\/uploads\/2021\/01\/jornades-excellencia-2016-conferenciant-ponent-4-768x512.jpg 768w\" sizes=\"auto, (max-width: 900px) 100vw, 900px\" \/>\t\t\t\t\t\t\t\t\t\t\t<\/a>\n\t\t\t\t\t\t\t\t\t<\/div>\n\t\t\t<\/div>\n\t\t\t\t\t\t\t\t<div class=\"qodef-ig-image qodef-item-space \">\n\t\t\t\t<div class=\"qodef-ig-image-inner\">\n\t\t\t\t\t\t\t\t\t\t\t<a itemprop=\"image\" class=\"qodef-ig-lightbox\" href=\"https:\/\/www.jornadesperalexcellencia.cat\/wp-content\/uploads\/2021\/01\/jornades-excellencia-2016-conferenciant-ponent-1.jpg\" data-rel=\"prettyPhoto[image_gallery_pretty_photo-691]\" title=\"jornades-excellencia-2016-conferenciant-ponent-1\">\n\t\t\t\t\t\t\t\t\t\t\t<img loading=\"lazy\" decoding=\"async\" width=\"900\" height=\"600\" src=\"https:\/\/www.jornadesperalexcellencia.cat\/wp-content\/uploads\/2021\/01\/jornades-excellencia-2016-conferenciant-ponent-1.jpg\" class=\"attachment-full size-full\" alt=\"\" srcset=\"https:\/\/www.jornadesperalexcellencia.cat\/wp-content\/uploads\/2021\/01\/jornades-excellencia-2016-conferenciant-ponent-1.jpg 900w, https:\/\/www.jornadesperalexcellencia.cat\/wp-content\/uploads\/2021\/01\/jornades-excellencia-2016-conferenciant-ponent-1-600x400.jpg 600w, https:\/\/www.jornadesperalexcellencia.cat\/wp-content\/uploads\/2021\/01\/jornades-excellencia-2016-conferenciant-ponent-1-300x200.jpg 300w, https:\/\/www.jornadesperalexcellencia.cat\/wp-content\/uploads\/2021\/01\/jornades-excellencia-2016-conferenciant-ponent-1-768x512.jpg 768w\" sizes=\"auto, (max-width: 900px) 100vw, 900px\" \/>\t\t\t\t\t\t\t\t\t\t\t<\/a>\n\t\t\t\t\t\t\t\t\t<\/div>\n\t\t\t<\/div>\n\t\t\t\t\t\t\t\t<div class=\"qodef-ig-image qodef-item-space \">\n\t\t\t\t<div class=\"qodef-ig-image-inner\">\n\t\t\t\t\t\t\t\t\t\t\t<a itemprop=\"image\" class=\"qodef-ig-lightbox\" href=\"https:\/\/www.jornadesperalexcellencia.cat\/wp-content\/uploads\/2021\/02\/jornades-excellencia-2016-public-6.jpg\" data-rel=\"prettyPhoto[image_gallery_pretty_photo-691]\" title=\"jornades-excellencia-2016-public-6\">\n\t\t\t\t\t\t\t\t\t\t\t<img loading=\"lazy\" decoding=\"async\" width=\"900\" height=\"600\" src=\"https:\/\/www.jornadesperalexcellencia.cat\/wp-content\/uploads\/2021\/02\/jornades-excellencia-2016-public-6.jpg\" class=\"attachment-full size-full\" alt=\"\" srcset=\"https:\/\/www.jornadesperalexcellencia.cat\/wp-content\/uploads\/2021\/02\/jornades-excellencia-2016-public-6.jpg 900w, https:\/\/www.jornadesperalexcellencia.cat\/wp-content\/uploads\/2021\/02\/jornades-excellencia-2016-public-6-600x400.jpg 600w, https:\/\/www.jornadesperalexcellencia.cat\/wp-content\/uploads\/2021\/02\/jornades-excellencia-2016-public-6-300x200.jpg 300w, https:\/\/www.jornadesperalexcellencia.cat\/wp-content\/uploads\/2021\/02\/jornades-excellencia-2016-public-6-768x512.jpg 768w\" sizes=\"auto, (max-width: 900px) 100vw, 900px\" \/>\t\t\t\t\t\t\t\t\t\t\t<\/a>\n\t\t\t\t\t\t\t\t\t<\/div>\n\t\t\t<\/div>\n\t\t\t\t\t\t\t\t<div class=\"qodef-ig-image qodef-item-space \">\n\t\t\t\t<div class=\"qodef-ig-image-inner\">\n\t\t\t\t\t\t\t\t\t\t\t<a itemprop=\"image\" class=\"qodef-ig-lightbox\" href=\"https:\/\/www.jornadesperalexcellencia.cat\/wp-content\/uploads\/2021\/02\/jornades-excellencia-2016-public-7.jpg\" data-rel=\"prettyPhoto[image_gallery_pretty_photo-691]\" title=\"jornades-excellencia-2016-public-7\">\n\t\t\t\t\t\t\t\t\t\t\t<img loading=\"lazy\" decoding=\"async\" width=\"900\" height=\"600\" src=\"https:\/\/www.jornadesperalexcellencia.cat\/wp-content\/uploads\/2021\/02\/jornades-excellencia-2016-public-7.jpg\" class=\"attachment-full size-full\" alt=\"\" srcset=\"https:\/\/www.jornadesperalexcellencia.cat\/wp-content\/uploads\/2021\/02\/jornades-excellencia-2016-public-7.jpg 900w, https:\/\/www.jornadesperalexcellencia.cat\/wp-content\/uploads\/2021\/02\/jornades-excellencia-2016-public-7-600x400.jpg 600w, https:\/\/www.jornadesperalexcellencia.cat\/wp-content\/uploads\/2021\/02\/jornades-excellencia-2016-public-7-300x200.jpg 300w, https:\/\/www.jornadesperalexcellencia.cat\/wp-content\/uploads\/2021\/02\/jornades-excellencia-2016-public-7-768x512.jpg 768w\" sizes=\"auto, (max-width: 900px) 100vw, 900px\" \/>\t\t\t\t\t\t\t\t\t\t\t<\/a>\n\t\t\t\t\t\t\t\t\t<\/div>\n\t\t\t<\/div>\n\t\t\t\t\t\t\t\t<div class=\"qodef-ig-image qodef-item-space \">\n\t\t\t\t<div class=\"qodef-ig-image-inner\">\n\t\t\t\t\t\t\t\t\t\t\t<a itemprop=\"image\" class=\"qodef-ig-lightbox\" href=\"https:\/\/www.jornadesperalexcellencia.cat\/wp-content\/uploads\/2021\/02\/jornades-excellencia-2016-regals.jpg\" data-rel=\"prettyPhoto[image_gallery_pretty_photo-691]\" title=\"jornades-excellencia-2016-regals\">\n\t\t\t\t\t\t\t\t\t\t\t<img loading=\"lazy\" decoding=\"async\" width=\"900\" height=\"600\" src=\"https:\/\/www.jornadesperalexcellencia.cat\/wp-content\/uploads\/2021\/02\/jornades-excellencia-2016-regals.jpg\" class=\"attachment-full size-full\" alt=\"\" srcset=\"https:\/\/www.jornadesperalexcellencia.cat\/wp-content\/uploads\/2021\/02\/jornades-excellencia-2016-regals.jpg 900w, https:\/\/www.jornadesperalexcellencia.cat\/wp-content\/uploads\/2021\/02\/jornades-excellencia-2016-regals-600x400.jpg 600w, https:\/\/www.jornadesperalexcellencia.cat\/wp-content\/uploads\/2021\/02\/jornades-excellencia-2016-regals-300x200.jpg 300w, https:\/\/www.jornadesperalexcellencia.cat\/wp-content\/uploads\/2021\/02\/jornades-excellencia-2016-regals-768x512.jpg 768w\" sizes=\"auto, (max-width: 900px) 100vw, 900px\" \/>\t\t\t\t\t\t\t\t\t\t\t<\/a>\n\t\t\t\t\t\t\t\t\t<\/div>\n\t\t\t<\/div>\n\t\t\t\t\t\t\t\t<div class=\"qodef-ig-image qodef-item-space \">\n\t\t\t\t<div class=\"qodef-ig-image-inner\">\n\t\t\t\t\t\t\t\t\t\t\t<a itemprop=\"image\" class=\"qodef-ig-lightbox\" href=\"https:\/\/www.jornadesperalexcellencia.cat\/wp-content\/uploads\/2021\/02\/jornades-excellencia-2016-public-8.jpg\" data-rel=\"prettyPhoto[image_gallery_pretty_photo-691]\" title=\"jornades-excellencia-2016-public-8\">\n\t\t\t\t\t\t\t\t\t\t\t<img loading=\"lazy\" decoding=\"async\" width=\"900\" height=\"600\" src=\"https:\/\/www.jornadesperalexcellencia.cat\/wp-content\/uploads\/2021\/02\/jornades-excellencia-2016-public-8.jpg\" class=\"attachment-full size-full\" alt=\"\" srcset=\"https:\/\/www.jornadesperalexcellencia.cat\/wp-content\/uploads\/2021\/02\/jornades-excellencia-2016-public-8.jpg 900w, https:\/\/www.jornadesperalexcellencia.cat\/wp-content\/uploads\/2021\/02\/jornades-excellencia-2016-public-8-600x400.jpg 600w, https:\/\/www.jornadesperalexcellencia.cat\/wp-content\/uploads\/2021\/02\/jornades-excellencia-2016-public-8-300x200.jpg 300w, https:\/\/www.jornadesperalexcellencia.cat\/wp-content\/uploads\/2021\/02\/jornades-excellencia-2016-public-8-768x512.jpg 768w\" sizes=\"auto, (max-width: 900px) 100vw, 900px\" \/>\t\t\t\t\t\t\t\t\t\t\t<\/a>\n\t\t\t\t\t\t\t\t\t<\/div>\n\t\t\t<\/div>\n\t\t\t\t\t\t\t\t<div class=\"qodef-ig-image qodef-item-space \">\n\t\t\t\t<div class=\"qodef-ig-image-inner\">\n\t\t\t\t\t\t\t\t\t\t\t<a itemprop=\"image\" class=\"qodef-ig-lightbox\" href=\"https:\/\/www.jornadesperalexcellencia.cat\/wp-content\/uploads\/2021\/02\/jornades-excellencia-2016-catering-2.jpg\" data-rel=\"prettyPhoto[image_gallery_pretty_photo-691]\" title=\"jornades-excellencia-2016-catering-2\">\n\t\t\t\t\t\t\t\t\t\t\t<img loading=\"lazy\" decoding=\"async\" width=\"900\" height=\"600\" src=\"https:\/\/www.jornadesperalexcellencia.cat\/wp-content\/uploads\/2021\/02\/jornades-excellencia-2016-catering-2.jpg\" class=\"attachment-full size-full\" alt=\"\" srcset=\"https:\/\/www.jornadesperalexcellencia.cat\/wp-content\/uploads\/2021\/02\/jornades-excellencia-2016-catering-2.jpg 900w, https:\/\/www.jornadesperalexcellencia.cat\/wp-content\/uploads\/2021\/02\/jornades-excellencia-2016-catering-2-600x400.jpg 600w, https:\/\/www.jornadesperalexcellencia.cat\/wp-content\/uploads\/2021\/02\/jornades-excellencia-2016-catering-2-300x200.jpg 300w, https:\/\/www.jornadesperalexcellencia.cat\/wp-content\/uploads\/2021\/02\/jornades-excellencia-2016-catering-2-768x512.jpg 768w\" sizes=\"auto, (max-width: 900px) 100vw, 900px\" \/>\t\t\t\t\t\t\t\t\t\t\t<\/a>\n\t\t\t\t\t\t\t\t\t<\/div>\n\t\t\t<\/div>\n\t\t\t\t\t\t\t\t<div class=\"qodef-ig-image qodef-item-space \">\n\t\t\t\t<div class=\"qodef-ig-image-inner\">\n\t\t\t\t\t\t\t\t\t\t\t<a itemprop=\"image\" class=\"qodef-ig-lightbox\" href=\"https:\/\/www.jornadesperalexcellencia.cat\/wp-content\/uploads\/2021\/02\/jornades-excellencia-2016-catering-3.jpg\" data-rel=\"prettyPhoto[image_gallery_pretty_photo-691]\" title=\"jornades-excellencia-2016-catering-3\">\n\t\t\t\t\t\t\t\t\t\t\t<img loading=\"lazy\" decoding=\"async\" width=\"900\" height=\"600\" src=\"https:\/\/www.jornadesperalexcellencia.cat\/wp-content\/uploads\/2021\/02\/jornades-excellencia-2016-catering-3.jpg\" class=\"attachment-full size-full\" alt=\"\" srcset=\"https:\/\/www.jornadesperalexcellencia.cat\/wp-content\/uploads\/2021\/02\/jornades-excellencia-2016-catering-3.jpg 900w, https:\/\/www.jornadesperalexcellencia.cat\/wp-content\/uploads\/2021\/02\/jornades-excellencia-2016-catering-3-600x400.jpg 600w, https:\/\/www.jornadesperalexcellencia.cat\/wp-content\/uploads\/2021\/02\/jornades-excellencia-2016-catering-3-300x200.jpg 300w, https:\/\/www.jornadesperalexcellencia.cat\/wp-content\/uploads\/2021\/02\/jornades-excellencia-2016-catering-3-768x512.jpg 768w\" sizes=\"auto, (max-width: 900px) 100vw, 900px\" \/>\t\t\t\t\t\t\t\t\t\t\t<\/a>\n\t\t\t\t\t\t\t\t\t<\/div>\n\t\t\t<\/div>\n\t\t\t\t\t\t\t\t<div class=\"qodef-ig-image qodef-item-space \">\n\t\t\t\t<div class=\"qodef-ig-image-inner\">\n\t\t\t\t\t\t\t\t\t\t\t<a itemprop=\"image\" class=\"qodef-ig-lightbox\" href=\"https:\/\/www.jornadesperalexcellencia.cat\/wp-content\/uploads\/2021\/02\/jornades-excellencia-2016-conferenciant-ponent-7.jpg\" data-rel=\"prettyPhoto[image_gallery_pretty_photo-691]\" title=\"jornades-excellencia-2016-conferenciant-ponent-7\">\n\t\t\t\t\t\t\t\t\t\t\t<img loading=\"lazy\" decoding=\"async\" width=\"900\" height=\"600\" src=\"https:\/\/www.jornadesperalexcellencia.cat\/wp-content\/uploads\/2021\/02\/jornades-excellencia-2016-conferenciant-ponent-7.jpg\" class=\"attachment-full size-full\" alt=\"\" srcset=\"https:\/\/www.jornadesperalexcellencia.cat\/wp-content\/uploads\/2021\/02\/jornades-excellencia-2016-conferenciant-ponent-7.jpg 900w, https:\/\/www.jornadesperalexcellencia.cat\/wp-content\/uploads\/2021\/02\/jornades-excellencia-2016-conferenciant-ponent-7-600x400.jpg 600w, https:\/\/www.jornadesperalexcellencia.cat\/wp-content\/uploads\/2021\/02\/jornades-excellencia-2016-conferenciant-ponent-7-300x200.jpg 300w, https:\/\/www.jornadesperalexcellencia.cat\/wp-content\/uploads\/2021\/02\/jornades-excellencia-2016-conferenciant-ponent-7-768x512.jpg 768w\" sizes=\"auto, (max-width: 900px) 100vw, 900px\" \/>\t\t\t\t\t\t\t\t\t\t\t<\/a>\n\t\t\t\t\t\t\t\t\t<\/div>\n\t\t\t<\/div>\n\t\t\t\t\t\t\t\t<div class=\"qodef-ig-image qodef-item-space \">\n\t\t\t\t<div class=\"qodef-ig-image-inner\">\n\t\t\t\t\t\t\t\t\t\t\t<a itemprop=\"image\" class=\"qodef-ig-lightbox\" href=\"https:\/\/www.jornadesperalexcellencia.cat\/wp-content\/uploads\/2021\/02\/jornades-excellencia-2016-conferenciant-ponent-8.jpg\" data-rel=\"prettyPhoto[image_gallery_pretty_photo-691]\" title=\"jornades-excellencia-2016-conferenciant-ponent-8\">\n\t\t\t\t\t\t\t\t\t\t\t<img loading=\"lazy\" decoding=\"async\" width=\"900\" height=\"600\" src=\"https:\/\/www.jornadesperalexcellencia.cat\/wp-content\/uploads\/2021\/02\/jornades-excellencia-2016-conferenciant-ponent-8.jpg\" class=\"attachment-full size-full\" alt=\"\" srcset=\"https:\/\/www.jornadesperalexcellencia.cat\/wp-content\/uploads\/2021\/02\/jornades-excellencia-2016-conferenciant-ponent-8.jpg 900w, https:\/\/www.jornadesperalexcellencia.cat\/wp-content\/uploads\/2021\/02\/jornades-excellencia-2016-conferenciant-ponent-8-600x400.jpg 600w, https:\/\/www.jornadesperalexcellencia.cat\/wp-content\/uploads\/2021\/02\/jornades-excellencia-2016-conferenciant-ponent-8-300x200.jpg 300w, https:\/\/www.jornadesperalexcellencia.cat\/wp-content\/uploads\/2021\/02\/jornades-excellencia-2016-conferenciant-ponent-8-768x512.jpg 768w\" sizes=\"auto, (max-width: 900px) 100vw, 900px\" \/>\t\t\t\t\t\t\t\t\t\t\t<\/a>\n\t\t\t\t\t\t\t\t\t<\/div>\n\t\t\t<\/div>\n\t\t\t\t\t\t\t\t<div class=\"qodef-ig-image qodef-item-space \">\n\t\t\t\t<div class=\"qodef-ig-image-inner\">\n\t\t\t\t\t\t\t\t\t\t\t<a itemprop=\"image\" class=\"qodef-ig-lightbox\" href=\"https:\/\/www.jornadesperalexcellencia.cat\/wp-content\/uploads\/2021\/02\/jornades-excellencia-2016-conferenciant-ponent-9.jpg\" data-rel=\"prettyPhoto[image_gallery_pretty_photo-691]\" title=\"jornades-excellencia-2016-conferenciant-ponent-9\">\n\t\t\t\t\t\t\t\t\t\t\t<img loading=\"lazy\" decoding=\"async\" width=\"900\" height=\"600\" src=\"https:\/\/www.jornadesperalexcellencia.cat\/wp-content\/uploads\/2021\/02\/jornades-excellencia-2016-conferenciant-ponent-9.jpg\" class=\"attachment-full size-full\" alt=\"\" srcset=\"https:\/\/www.jornadesperalexcellencia.cat\/wp-content\/uploads\/2021\/02\/jornades-excellencia-2016-conferenciant-ponent-9.jpg 900w, https:\/\/www.jornadesperalexcellencia.cat\/wp-content\/uploads\/2021\/02\/jornades-excellencia-2016-conferenciant-ponent-9-600x400.jpg 600w, https:\/\/www.jornadesperalexcellencia.cat\/wp-content\/uploads\/2021\/02\/jornades-excellencia-2016-conferenciant-ponent-9-300x200.jpg 300w, https:\/\/www.jornadesperalexcellencia.cat\/wp-content\/uploads\/2021\/02\/jornades-excellencia-2016-conferenciant-ponent-9-768x512.jpg 768w\" sizes=\"auto, (max-width: 900px) 100vw, 900px\" \/>\t\t\t\t\t\t\t\t\t\t\t<\/a>\n\t\t\t\t\t\t\t\t\t<\/div>\n\t\t\t<\/div>\n\t\t\t\t\t\t\t\t<div class=\"qodef-ig-image qodef-item-space \">\n\t\t\t\t<div class=\"qodef-ig-image-inner\">\n\t\t\t\t\t\t\t\t\t\t\t<a itemprop=\"image\" class=\"qodef-ig-lightbox\" href=\"https:\/\/www.jornadesperalexcellencia.cat\/wp-content\/uploads\/2021\/02\/jornades-excellencia-2016-public-2.jpg\" data-rel=\"prettyPhoto[image_gallery_pretty_photo-691]\" title=\"jornades-excellencia-2016-public-2\">\n\t\t\t\t\t\t\t\t\t\t\t<img loading=\"lazy\" decoding=\"async\" width=\"900\" height=\"600\" src=\"https:\/\/www.jornadesperalexcellencia.cat\/wp-content\/uploads\/2021\/02\/jornades-excellencia-2016-public-2.jpg\" class=\"attachment-full size-full\" alt=\"\" srcset=\"https:\/\/www.jornadesperalexcellencia.cat\/wp-content\/uploads\/2021\/02\/jornades-excellencia-2016-public-2.jpg 900w, https:\/\/www.jornadesperalexcellencia.cat\/wp-content\/uploads\/2021\/02\/jornades-excellencia-2016-public-2-600x400.jpg 600w, https:\/\/www.jornadesperalexcellencia.cat\/wp-content\/uploads\/2021\/02\/jornades-excellencia-2016-public-2-300x200.jpg 300w, https:\/\/www.jornadesperalexcellencia.cat\/wp-content\/uploads\/2021\/02\/jornades-excellencia-2016-public-2-768x512.jpg 768w\" sizes=\"auto, (max-width: 900px) 100vw, 900px\" \/>\t\t\t\t\t\t\t\t\t\t\t<\/a>\n\t\t\t\t\t\t\t\t\t<\/div>\n\t\t\t<\/div>\n\t\t\t\t\t\t\t\t<div class=\"qodef-ig-image qodef-item-space \">\n\t\t\t\t<div class=\"qodef-ig-image-inner\">\n\t\t\t\t\t\t\t\t\t\t\t<a itemprop=\"image\" class=\"qodef-ig-lightbox\" href=\"https:\/\/www.jornadesperalexcellencia.cat\/wp-content\/uploads\/2021\/02\/jornades-excellencia-2016-public-3.jpg\" data-rel=\"prettyPhoto[image_gallery_pretty_photo-691]\" title=\"jornades-excellencia-2016-public-3\">\n\t\t\t\t\t\t\t\t\t\t\t<img loading=\"lazy\" decoding=\"async\" width=\"900\" height=\"600\" src=\"https:\/\/www.jornadesperalexcellencia.cat\/wp-content\/uploads\/2021\/02\/jornades-excellencia-2016-public-3.jpg\" class=\"attachment-full size-full\" alt=\"\" srcset=\"https:\/\/www.jornadesperalexcellencia.cat\/wp-content\/uploads\/2021\/02\/jornades-excellencia-2016-public-3.jpg 900w, https:\/\/www.jornadesperalexcellencia.cat\/wp-content\/uploads\/2021\/02\/jornades-excellencia-2016-public-3-600x400.jpg 600w, https:\/\/www.jornadesperalexcellencia.cat\/wp-content\/uploads\/2021\/02\/jornades-excellencia-2016-public-3-300x200.jpg 300w, https:\/\/www.jornadesperalexcellencia.cat\/wp-content\/uploads\/2021\/02\/jornades-excellencia-2016-public-3-768x512.jpg 768w\" sizes=\"auto, (max-width: 900px) 100vw, 900px\" \/>\t\t\t\t\t\t\t\t\t\t\t<\/a>\n\t\t\t\t\t\t\t\t\t<\/div>\n\t\t\t<\/div>\n\t\t\t\t\t\t\t\t<div class=\"qodef-ig-image qodef-item-space \">\n\t\t\t\t<div class=\"qodef-ig-image-inner\">\n\t\t\t\t\t\t\t\t\t\t\t<a itemprop=\"image\" class=\"qodef-ig-lightbox\" href=\"https:\/\/www.jornadesperalexcellencia.cat\/wp-content\/uploads\/2021\/02\/jornades-excellencia-2016-public-3-1.jpg\" data-rel=\"prettyPhoto[image_gallery_pretty_photo-691]\" title=\"jornades-excellencia-2016-public-3\">\n\t\t\t\t\t\t\t\t\t\t\t<img loading=\"lazy\" decoding=\"async\" width=\"900\" height=\"600\" src=\"https:\/\/www.jornadesperalexcellencia.cat\/wp-content\/uploads\/2021\/02\/jornades-excellencia-2016-public-3-1.jpg\" class=\"attachment-full size-full\" alt=\"\" srcset=\"https:\/\/www.jornadesperalexcellencia.cat\/wp-content\/uploads\/2021\/02\/jornades-excellencia-2016-public-3-1.jpg 900w, https:\/\/www.jornadesperalexcellencia.cat\/wp-content\/uploads\/2021\/02\/jornades-excellencia-2016-public-3-1-600x400.jpg 600w, https:\/\/www.jornadesperalexcellencia.cat\/wp-content\/uploads\/2021\/02\/jornades-excellencia-2016-public-3-1-300x200.jpg 300w, https:\/\/www.jornadesperalexcellencia.cat\/wp-content\/uploads\/2021\/02\/jornades-excellencia-2016-public-3-1-768x512.jpg 768w\" sizes=\"auto, (max-width: 900px) 100vw, 900px\" \/>\t\t\t\t\t\t\t\t\t\t\t<\/a>\n\t\t\t\t\t\t\t\t\t<\/div>\n\t\t\t<\/div>\n\t\t\t<\/div>\n<\/div><div class=\"vc_empty_space\"   style=\"height: 60px\"><span class=\"vc_empty_space_inner\"><\/span><\/div><\/div><\/div><\/div><\/div><div class=\"vc_row wpb_row vc_row-fluid\" ><div class=\"wpb_column vc_column_container vc_col-sm-12\"><div class=\"vc_column-inner\"><div class=\"wpb_wrapper\"><div class=\"qodef-section-title-holder   qodef-st-title-left qodef-st-normal-space qodef-st-with-animation\" style=\"text-align: center\">\n\t<div class=\"qodef-st-inner\">\n\t\t\t\t\t\t\t<div class=\"qodef-st-title-wrapper\">\n\t\t\t\t<h3 class=\"qodef-st-title\" >\n\t\t\t\t\tPonentes \/ Participantes\t\t\t\t<\/h3>\n\t\t\t<\/div>\n\t\t\t\t\t<\/div>\n<\/div><div class=\"vc_empty_space\"   style=\"height: 38px\"><span class=\"vc_empty_space_inner\"><\/span><\/div><div class=\"qodef-team-list-holder qodef-grid-list qodef-disable-bottom-space qodef-tl-standard  qodef-five-columns qodef-no-space qodef-tl-with-animation qodef-team-popup\" data-number-of-columns=\"five\" data-enable-navigation=\"no\" data-enable-pagination=\"no\">\n\t<div class=\"qodef-tl-inner qodef-outer-space \">\n\t\t<div class=\"qodef-team qodef-item-space info-hover\" data-member-id=\"5500\">\n    <div class=\"qodef-team-inner\">\n                    <div class=\"qodef-team-image\">\n                <img loading=\"lazy\" decoding=\"async\" width=\"800\" height=\"806\" src=\"https:\/\/www.jornadesperalexcellencia.cat\/wp-content\/uploads\/2021\/01\/jornades_excellencia-alberto-martinez-lacambra_2016.jpg\" class=\"attachment-post-thumbnail size-post-thumbnail wp-post-image\" alt=\"\" srcset=\"https:\/\/www.jornadesperalexcellencia.cat\/wp-content\/uploads\/2021\/01\/jornades_excellencia-alberto-martinez-lacambra_2016.jpg 800w, https:\/\/www.jornadesperalexcellencia.cat\/wp-content\/uploads\/2021\/01\/jornades_excellencia-alberto-martinez-lacambra_2016-100x100.jpg 100w, https:\/\/www.jornadesperalexcellencia.cat\/wp-content\/uploads\/2021\/01\/jornades_excellencia-alberto-martinez-lacambra_2016-600x605.jpg 600w, https:\/\/www.jornadesperalexcellencia.cat\/wp-content\/uploads\/2021\/01\/jornades_excellencia-alberto-martinez-lacambra_2016-298x300.jpg 298w, https:\/\/www.jornadesperalexcellencia.cat\/wp-content\/uploads\/2021\/01\/jornades_excellencia-alberto-martinez-lacambra_2016-150x150.jpg 150w, https:\/\/www.jornadesperalexcellencia.cat\/wp-content\/uploads\/2021\/01\/jornades_excellencia-alberto-martinez-lacambra_2016-768x774.jpg 768w\" sizes=\"auto, (max-width: 800px) 100vw, 800px\" \/>                <div class=\"qodef-team-info-tb\">\n                    <div class=\"qodef-team-info-tc\">\n                        <div class=\"qodef-team-title-holder\">\n\t                        \t\t                        <h6 class=\"qodef-team-position\">Director General AGBAR<\/h6>\n\t                                                    <h3 itemprop=\"name\" class=\"qodef-team-name entry-title\">\n                                <a itemprop=\"url\" href=\"https:\/\/www.jornadesperalexcellencia.cat\/es\/team-member\/alberto-martinez-lacambra-2\/\">Alberto Mart\u00ednez Lacambra<\/a>\n                            <\/h3>\n                        <\/div>\n\t                    <div class=\"qodef-team-description-holder\">\n\t\t                    \t                    <\/div>\n                        <div class=\"qodef-team-social-holder-between\">\n                            <div class=\"qodef-team-social\">\n                                <div class=\"qodef-team-social-inner\">\n                                    <div class=\"qodef-team-social-wrapp\">\n                                                                            <\/div>\n                                <\/div>\n                            <\/div>\n                        <\/div>\n                    <\/div>\n                <\/div>\n            <\/div>\n            <\/div>\n<\/div><div class=\"qodef-team qodef-item-space info-hover\" data-member-id=\"5418\">\n    <div class=\"qodef-team-inner\">\n                    <div class=\"qodef-team-image\">\n                <img loading=\"lazy\" decoding=\"async\" width=\"800\" height=\"806\" src=\"https:\/\/www.jornadesperalexcellencia.cat\/wp-content\/uploads\/2021\/01\/jornades_excellencia-carles-barrera-_2016.jpg\" class=\"attachment-post-thumbnail size-post-thumbnail wp-post-image\" alt=\"\" srcset=\"https:\/\/www.jornadesperalexcellencia.cat\/wp-content\/uploads\/2021\/01\/jornades_excellencia-carles-barrera-_2016.jpg 800w, https:\/\/www.jornadesperalexcellencia.cat\/wp-content\/uploads\/2021\/01\/jornades_excellencia-carles-barrera-_2016-100x100.jpg 100w, https:\/\/www.jornadesperalexcellencia.cat\/wp-content\/uploads\/2021\/01\/jornades_excellencia-carles-barrera-_2016-600x605.jpg 600w, https:\/\/www.jornadesperalexcellencia.cat\/wp-content\/uploads\/2021\/01\/jornades_excellencia-carles-barrera-_2016-298x300.jpg 298w, https:\/\/www.jornadesperalexcellencia.cat\/wp-content\/uploads\/2021\/01\/jornades_excellencia-carles-barrera-_2016-150x150.jpg 150w, https:\/\/www.jornadesperalexcellencia.cat\/wp-content\/uploads\/2021\/01\/jornades_excellencia-carles-barrera-_2016-768x774.jpg 768w\" sizes=\"auto, (max-width: 800px) 100vw, 800px\" \/>                <div class=\"qodef-team-info-tb\">\n                    <div class=\"qodef-team-info-tc\">\n                        <div class=\"qodef-team-title-holder\">\n\t                        \t\t                        <h6 class=\"qodef-team-position\">S\u00edndico dera Val d&#039;Aran<\/h6>\n\t                                                    <h3 itemprop=\"name\" class=\"qodef-team-name entry-title\">\n                                <a itemprop=\"url\" href=\"https:\/\/www.jornadesperalexcellencia.cat\/es\/team-member\/carlos-barrera-2\/\">Carlos Barrera<\/a>\n                            <\/h3>\n                        <\/div>\n\t                    <div class=\"qodef-team-description-holder\">\n\t\t                    \t                    <\/div>\n                        <div class=\"qodef-team-social-holder-between\">\n                            <div class=\"qodef-team-social\">\n                                <div class=\"qodef-team-social-inner\">\n                                    <div class=\"qodef-team-social-wrapp\">\n                                                                            <\/div>\n                                <\/div>\n                            <\/div>\n                        <\/div>\n                    <\/div>\n                <\/div>\n            <\/div>\n            <\/div>\n<\/div><div class=\"qodef-team qodef-item-space info-hover\" data-member-id=\"5410\">\n    <div class=\"qodef-team-inner\">\n                    <div class=\"qodef-team-image\">\n                <img loading=\"lazy\" decoding=\"async\" width=\"800\" height=\"806\" src=\"https:\/\/www.jornadesperalexcellencia.cat\/wp-content\/uploads\/2021\/01\/jornades_excellencia-eliane-jarycki_2016.jpg\" class=\"attachment-post-thumbnail size-post-thumbnail wp-post-image\" alt=\"\" srcset=\"https:\/\/www.jornadesperalexcellencia.cat\/wp-content\/uploads\/2021\/01\/jornades_excellencia-eliane-jarycki_2016.jpg 800w, https:\/\/www.jornadesperalexcellencia.cat\/wp-content\/uploads\/2021\/01\/jornades_excellencia-eliane-jarycki_2016-100x100.jpg 100w, https:\/\/www.jornadesperalexcellencia.cat\/wp-content\/uploads\/2021\/01\/jornades_excellencia-eliane-jarycki_2016-600x605.jpg 600w, https:\/\/www.jornadesperalexcellencia.cat\/wp-content\/uploads\/2021\/01\/jornades_excellencia-eliane-jarycki_2016-298x300.jpg 298w, https:\/\/www.jornadesperalexcellencia.cat\/wp-content\/uploads\/2021\/01\/jornades_excellencia-eliane-jarycki_2016-150x150.jpg 150w, https:\/\/www.jornadesperalexcellencia.cat\/wp-content\/uploads\/2021\/01\/jornades_excellencia-eliane-jarycki_2016-768x774.jpg 768w\" sizes=\"auto, (max-width: 800px) 100vw, 800px\" \/>                <div class=\"qodef-team-info-tb\">\n                    <div class=\"qodef-team-info-tc\">\n                        <div class=\"qodef-team-title-holder\">\n\t                        \t\t                        <h6 class=\"qodef-team-position\">Conseill\u00e8re r\u00e9gionale Region Occitanie \/ Pyr\u00e9n\u00e9es \u2013M\u00e9diterran\u00e9e<\/h6>\n\t                                                    <h3 itemprop=\"name\" class=\"qodef-team-name entry-title\">\n                                <a itemprop=\"url\" href=\"https:\/\/www.jornadesperalexcellencia.cat\/es\/team-member\/eliane-jarycki-2\/\">Eliane Jarycki<\/a>\n                            <\/h3>\n                        <\/div>\n\t                    <div class=\"qodef-team-description-holder\">\n\t\t                    \t                    <\/div>\n                        <div class=\"qodef-team-social-holder-between\">\n                            <div class=\"qodef-team-social\">\n                                <div class=\"qodef-team-social-inner\">\n                                    <div class=\"qodef-team-social-wrapp\">\n                                                                            <\/div>\n                                <\/div>\n                            <\/div>\n                        <\/div>\n                    <\/div>\n                <\/div>\n            <\/div>\n            <\/div>\n<\/div><div class=\"qodef-team qodef-item-space info-hover\" data-member-id=\"5409\">\n    <div class=\"qodef-team-inner\">\n                    <div class=\"qodef-team-image\">\n                <img loading=\"lazy\" decoding=\"async\" width=\"800\" height=\"806\" src=\"https:\/\/www.jornadesperalexcellencia.cat\/wp-content\/uploads\/2021\/01\/jornades_excellencia-francois-lepine_2016.jpg\" class=\"attachment-post-thumbnail size-post-thumbnail wp-post-image\" alt=\"\" srcset=\"https:\/\/www.jornadesperalexcellencia.cat\/wp-content\/uploads\/2021\/01\/jornades_excellencia-francois-lepine_2016.jpg 800w, https:\/\/www.jornadesperalexcellencia.cat\/wp-content\/uploads\/2021\/01\/jornades_excellencia-francois-lepine_2016-100x100.jpg 100w, https:\/\/www.jornadesperalexcellencia.cat\/wp-content\/uploads\/2021\/01\/jornades_excellencia-francois-lepine_2016-600x605.jpg 600w, https:\/\/www.jornadesperalexcellencia.cat\/wp-content\/uploads\/2021\/01\/jornades_excellencia-francois-lepine_2016-298x300.jpg 298w, https:\/\/www.jornadesperalexcellencia.cat\/wp-content\/uploads\/2021\/01\/jornades_excellencia-francois-lepine_2016-150x150.jpg 150w, https:\/\/www.jornadesperalexcellencia.cat\/wp-content\/uploads\/2021\/01\/jornades_excellencia-francois-lepine_2016-768x774.jpg 768w\" sizes=\"auto, (max-width: 800px) 100vw, 800px\" \/>                <div class=\"qodef-team-info-tb\">\n                    <div class=\"qodef-team-info-tc\">\n                        <div class=\"qodef-team-title-holder\">\n\t                        \t\t                        <h6 class=\"qodef-team-position\">Vice-Pr\u00e9sident du Comit\u00e9 pour la Transalpine<\/h6>\n\t                                                    <h3 itemprop=\"name\" class=\"qodef-team-name entry-title\">\n                                <a itemprop=\"url\" href=\"https:\/\/www.jornadesperalexcellencia.cat\/es\/team-member\/francois-lepine-2\/\">Fran\u00e7ois L\u00e9pine<\/a>\n                            <\/h3>\n                        <\/div>\n\t                    <div class=\"qodef-team-description-holder\">\n\t\t                    \t                    <\/div>\n                        <div class=\"qodef-team-social-holder-between\">\n                            <div class=\"qodef-team-social\">\n                                <div class=\"qodef-team-social-inner\">\n                                    <div class=\"qodef-team-social-wrapp\">\n                                                                            <\/div>\n                                <\/div>\n                            <\/div>\n                        <\/div>\n                    <\/div>\n                <\/div>\n            <\/div>\n            <\/div>\n<\/div><div class=\"qodef-team qodef-item-space info-hover\" data-member-id=\"5498\">\n    <div class=\"qodef-team-inner\">\n                    <div class=\"qodef-team-image\">\n                <img loading=\"lazy\" decoding=\"async\" width=\"800\" height=\"806\" src=\"https:\/\/www.jornadesperalexcellencia.cat\/wp-content\/uploads\/2021\/01\/jornades_excellencia-jacinto-bonales-2016.jpg\" class=\"attachment-post-thumbnail size-post-thumbnail wp-post-image\" alt=\"\" srcset=\"https:\/\/www.jornadesperalexcellencia.cat\/wp-content\/uploads\/2021\/01\/jornades_excellencia-jacinto-bonales-2016.jpg 800w, https:\/\/www.jornadesperalexcellencia.cat\/wp-content\/uploads\/2021\/01\/jornades_excellencia-jacinto-bonales-2016-100x100.jpg 100w, https:\/\/www.jornadesperalexcellencia.cat\/wp-content\/uploads\/2021\/01\/jornades_excellencia-jacinto-bonales-2016-600x605.jpg 600w, https:\/\/www.jornadesperalexcellencia.cat\/wp-content\/uploads\/2021\/01\/jornades_excellencia-jacinto-bonales-2016-298x300.jpg 298w, https:\/\/www.jornadesperalexcellencia.cat\/wp-content\/uploads\/2021\/01\/jornades_excellencia-jacinto-bonales-2016-150x150.jpg 150w, https:\/\/www.jornadesperalexcellencia.cat\/wp-content\/uploads\/2021\/01\/jornades_excellencia-jacinto-bonales-2016-768x774.jpg 768w\" sizes=\"auto, (max-width: 800px) 100vw, 800px\" \/>                <div class=\"qodef-team-info-tb\">\n                    <div class=\"qodef-team-info-tc\">\n                        <div class=\"qodef-team-title-holder\">\n\t                        \t\t                        <h6 class=\"qodef-team-position\">Historiador, especialista en tem\u00e1tica pirenaica<\/h6>\n\t                                                    <h3 itemprop=\"name\" class=\"qodef-team-name entry-title\">\n                                <a itemprop=\"url\" href=\"https:\/\/www.jornadesperalexcellencia.cat\/es\/team-member\/jacinto-bonales-2\/\">Jacinto Bonales<\/a>\n                            <\/h3>\n                        <\/div>\n\t                    <div class=\"qodef-team-description-holder\">\n\t\t                    \t                    <\/div>\n                        <div class=\"qodef-team-social-holder-between\">\n                            <div class=\"qodef-team-social\">\n                                <div class=\"qodef-team-social-inner\">\n                                    <div class=\"qodef-team-social-wrapp\">\n                                                                            <\/div>\n                                <\/div>\n                            <\/div>\n                        <\/div>\n                    <\/div>\n                <\/div>\n            <\/div>\n            <\/div>\n<\/div><div class=\"qodef-team qodef-item-space info-hover\" data-member-id=\"5108\">\n    <div class=\"qodef-team-inner\">\n                    <div class=\"qodef-team-image\">\n                <img loading=\"lazy\" decoding=\"async\" width=\"800\" height=\"806\" src=\"https:\/\/www.jornadesperalexcellencia.cat\/wp-content\/uploads\/2021\/01\/Jesus-Montoliu-jornades-excellencia-futur-pirineu.jpg\" class=\"attachment-post-thumbnail size-post-thumbnail wp-post-image\" alt=\"\" srcset=\"https:\/\/www.jornadesperalexcellencia.cat\/wp-content\/uploads\/2021\/01\/Jesus-Montoliu-jornades-excellencia-futur-pirineu.jpg 800w, https:\/\/www.jornadesperalexcellencia.cat\/wp-content\/uploads\/2021\/01\/Jesus-Montoliu-jornades-excellencia-futur-pirineu-298x300.jpg 298w, https:\/\/www.jornadesperalexcellencia.cat\/wp-content\/uploads\/2021\/01\/Jesus-Montoliu-jornades-excellencia-futur-pirineu-150x150.jpg 150w, https:\/\/www.jornadesperalexcellencia.cat\/wp-content\/uploads\/2021\/01\/Jesus-Montoliu-jornades-excellencia-futur-pirineu-768x774.jpg 768w, https:\/\/www.jornadesperalexcellencia.cat\/wp-content\/uploads\/2021\/01\/Jesus-Montoliu-jornades-excellencia-futur-pirineu-600x605.jpg 600w, https:\/\/www.jornadesperalexcellencia.cat\/wp-content\/uploads\/2021\/01\/Jesus-Montoliu-jornades-excellencia-futur-pirineu-100x100.jpg 100w\" sizes=\"auto, (max-width: 800px) 100vw, 800px\" \/>                <div class=\"qodef-team-info-tb\">\n                    <div class=\"qodef-team-info-tc\">\n                        <div class=\"qodef-team-title-holder\">\n\t                        \t\t                        <h6 class=\"qodef-team-position\">Presidente de las Jornades per a l&#039;excel\u00b7l\u00e8ncia a l&#039;alta muntanya<\/h6>\n\t                                                    <h3 itemprop=\"name\" class=\"qodef-team-name entry-title\">\n                                <a itemprop=\"url\" href=\"https:\/\/www.jornadesperalexcellencia.cat\/es\/team-member\/jesus-montoliu-esp\/\">Jes\u00fas Montoliu<\/a>\n                            <\/h3>\n                        <\/div>\n\t                    <div class=\"qodef-team-description-holder\">\n\t\t                    \t                    <\/div>\n                        <div class=\"qodef-team-social-holder-between\">\n                            <div class=\"qodef-team-social\">\n                                <div class=\"qodef-team-social-inner\">\n                                    <div class=\"qodef-team-social-wrapp\">\n                                                                            <\/div>\n                                <\/div>\n                            <\/div>\n                        <\/div>\n                    <\/div>\n                <\/div>\n            <\/div>\n            <\/div>\n<\/div><div class=\"qodef-team qodef-item-space info-hover\" data-member-id=\"5496\">\n    <div class=\"qodef-team-inner\">\n                    <div class=\"qodef-team-image\">\n                <img loading=\"lazy\" decoding=\"async\" width=\"800\" height=\"806\" src=\"https:\/\/www.jornadesperalexcellencia.cat\/wp-content\/uploads\/2021\/01\/jornades_excellencia-josep-enric-llebot_2016.jpg\" class=\"attachment-post-thumbnail size-post-thumbnail wp-post-image\" alt=\"\" srcset=\"https:\/\/www.jornadesperalexcellencia.cat\/wp-content\/uploads\/2021\/01\/jornades_excellencia-josep-enric-llebot_2016.jpg 800w, https:\/\/www.jornadesperalexcellencia.cat\/wp-content\/uploads\/2021\/01\/jornades_excellencia-josep-enric-llebot_2016-100x100.jpg 100w, https:\/\/www.jornadesperalexcellencia.cat\/wp-content\/uploads\/2021\/01\/jornades_excellencia-josep-enric-llebot_2016-600x605.jpg 600w, https:\/\/www.jornadesperalexcellencia.cat\/wp-content\/uploads\/2021\/01\/jornades_excellencia-josep-enric-llebot_2016-298x300.jpg 298w, https:\/\/www.jornadesperalexcellencia.cat\/wp-content\/uploads\/2021\/01\/jornades_excellencia-josep-enric-llebot_2016-150x150.jpg 150w, https:\/\/www.jornadesperalexcellencia.cat\/wp-content\/uploads\/2021\/01\/jornades_excellencia-josep-enric-llebot_2016-768x774.jpg 768w\" sizes=\"auto, (max-width: 800px) 100vw, 800px\" \/>                <div class=\"qodef-team-info-tb\">\n                    <div class=\"qodef-team-info-tc\">\n                        <div class=\"qodef-team-title-holder\">\n\t                        \t\t                        <h6 class=\"qodef-team-position\">Ex-secretario de Medio Ambiente y Sostenibilidad<\/h6>\n\t                                                    <h3 itemprop=\"name\" class=\"qodef-team-name entry-title\">\n                                <a itemprop=\"url\" href=\"https:\/\/www.jornadesperalexcellencia.cat\/es\/team-member\/josep-enric-llebot-2\/\">Josep Enric Llebot<\/a>\n                            <\/h3>\n                        <\/div>\n\t                    <div class=\"qodef-team-description-holder\">\n\t\t                    \t                    <\/div>\n                        <div class=\"qodef-team-social-holder-between\">\n                            <div class=\"qodef-team-social\">\n                                <div class=\"qodef-team-social-inner\">\n                                    <div class=\"qodef-team-social-wrapp\">\n                                                                            <\/div>\n                                <\/div>\n                            <\/div>\n                        <\/div>\n                    <\/div>\n                <\/div>\n            <\/div>\n            <\/div>\n<\/div><div class=\"qodef-team qodef-item-space info-hover\" data-member-id=\"5415\">\n    <div class=\"qodef-team-inner\">\n                    <div class=\"qodef-team-image\">\n                <img loading=\"lazy\" decoding=\"async\" width=\"800\" height=\"806\" src=\"https:\/\/www.jornadesperalexcellencia.cat\/wp-content\/uploads\/2021\/01\/jornades_excellencia-josep-lluis-farrero-_2016.jpg\" class=\"attachment-post-thumbnail size-post-thumbnail wp-post-image\" alt=\"\" srcset=\"https:\/\/www.jornadesperalexcellencia.cat\/wp-content\/uploads\/2021\/01\/jornades_excellencia-josep-lluis-farrero-_2016.jpg 800w, https:\/\/www.jornadesperalexcellencia.cat\/wp-content\/uploads\/2021\/01\/jornades_excellencia-josep-lluis-farrero-_2016-100x100.jpg 100w, https:\/\/www.jornadesperalexcellencia.cat\/wp-content\/uploads\/2021\/01\/jornades_excellencia-josep-lluis-farrero-_2016-600x605.jpg 600w, https:\/\/www.jornadesperalexcellencia.cat\/wp-content\/uploads\/2021\/01\/jornades_excellencia-josep-lluis-farrero-_2016-298x300.jpg 298w, https:\/\/www.jornadesperalexcellencia.cat\/wp-content\/uploads\/2021\/01\/jornades_excellencia-josep-lluis-farrero-_2016-150x150.jpg 150w, https:\/\/www.jornadesperalexcellencia.cat\/wp-content\/uploads\/2021\/01\/jornades_excellencia-josep-lluis-farrero-_2016-768x774.jpg 768w\" sizes=\"auto, (max-width: 800px) 100vw, 800px\" \/>                <div class=\"qodef-team-info-tb\">\n                    <div class=\"qodef-team-info-tc\">\n                        <div class=\"qodef-team-title-holder\">\n\t                        \t\t                        <h6 class=\"qodef-team-position\">Presidente del Consell Comarcal del Alta Ribagor\u00e7a<\/h6>\n\t                                                    <h3 itemprop=\"name\" class=\"qodef-team-name entry-title\">\n                                <a itemprop=\"url\" href=\"https:\/\/www.jornadesperalexcellencia.cat\/es\/team-member\/josep-lluis-farrero-2-2\/\">Josep Llu\u00eds Farrero<\/a>\n                            <\/h3>\n                        <\/div>\n\t                    <div class=\"qodef-team-description-holder\">\n\t\t                    \t                    <\/div>\n                        <div class=\"qodef-team-social-holder-between\">\n                            <div class=\"qodef-team-social\">\n                                <div class=\"qodef-team-social-inner\">\n                                    <div class=\"qodef-team-social-wrapp\">\n                                                                            <\/div>\n                                <\/div>\n                            <\/div>\n                        <\/div>\n                    <\/div>\n                <\/div>\n            <\/div>\n            <\/div>\n<\/div><div class=\"qodef-team qodef-item-space info-hover\" data-member-id=\"5405\">\n    <div class=\"qodef-team-inner\">\n                    <div class=\"qodef-team-image\">\n                <img loading=\"lazy\" decoding=\"async\" width=\"800\" height=\"806\" src=\"https:\/\/www.jornadesperalexcellencia.cat\/wp-content\/uploads\/2021\/01\/jornades_excellencia-josep-puigbo_2016.jpg\" class=\"attachment-post-thumbnail size-post-thumbnail wp-post-image\" alt=\"\" srcset=\"https:\/\/www.jornadesperalexcellencia.cat\/wp-content\/uploads\/2021\/01\/jornades_excellencia-josep-puigbo_2016.jpg 800w, https:\/\/www.jornadesperalexcellencia.cat\/wp-content\/uploads\/2021\/01\/jornades_excellencia-josep-puigbo_2016-100x100.jpg 100w, https:\/\/www.jornadesperalexcellencia.cat\/wp-content\/uploads\/2021\/01\/jornades_excellencia-josep-puigbo_2016-600x605.jpg 600w, https:\/\/www.jornadesperalexcellencia.cat\/wp-content\/uploads\/2021\/01\/jornades_excellencia-josep-puigbo_2016-298x300.jpg 298w, https:\/\/www.jornadesperalexcellencia.cat\/wp-content\/uploads\/2021\/01\/jornades_excellencia-josep-puigbo_2016-150x150.jpg 150w, https:\/\/www.jornadesperalexcellencia.cat\/wp-content\/uploads\/2021\/01\/jornades_excellencia-josep-puigbo_2016-768x774.jpg 768w\" sizes=\"auto, (max-width: 800px) 100vw, 800px\" \/>                <div class=\"qodef-team-info-tb\">\n                    <div class=\"qodef-team-info-tc\">\n                        <div class=\"qodef-team-title-holder\">\n\t                        \t\t                        <h6 class=\"qodef-team-position\"> Periodista y asesor de comunicaci\u00f3n<\/h6>\n\t                                                    <h3 itemprop=\"name\" class=\"qodef-team-name entry-title\">\n                                <a itemprop=\"url\" href=\"https:\/\/www.jornadesperalexcellencia.cat\/es\/team-member\/josep-puigbo-esp\/\">Josep Puigb\u00f3<\/a>\n                            <\/h3>\n                        <\/div>\n\t                    <div class=\"qodef-team-description-holder\">\n\t\t                    \t                    <\/div>\n                        <div class=\"qodef-team-social-holder-between\">\n                            <div class=\"qodef-team-social\">\n                                <div class=\"qodef-team-social-inner\">\n                                    <div class=\"qodef-team-social-wrapp\">\n                                                                            <\/div>\n                                <\/div>\n                            <\/div>\n                        <\/div>\n                    <\/div>\n                <\/div>\n            <\/div>\n            <\/div>\n<\/div><div class=\"qodef-team qodef-item-space info-hover\" data-member-id=\"5423\">\n    <div class=\"qodef-team-inner\">\n                    <div class=\"qodef-team-image\">\n                <img loading=\"lazy\" decoding=\"async\" width=\"800\" height=\"806\" src=\"https:\/\/www.jornadesperalexcellencia.cat\/wp-content\/uploads\/2021\/01\/jornades_excellencia-josep-rull_2016.jpg\" class=\"attachment-post-thumbnail size-post-thumbnail wp-post-image\" alt=\"\" srcset=\"https:\/\/www.jornadesperalexcellencia.cat\/wp-content\/uploads\/2021\/01\/jornades_excellencia-josep-rull_2016.jpg 800w, https:\/\/www.jornadesperalexcellencia.cat\/wp-content\/uploads\/2021\/01\/jornades_excellencia-josep-rull_2016-100x100.jpg 100w, https:\/\/www.jornadesperalexcellencia.cat\/wp-content\/uploads\/2021\/01\/jornades_excellencia-josep-rull_2016-600x605.jpg 600w, https:\/\/www.jornadesperalexcellencia.cat\/wp-content\/uploads\/2021\/01\/jornades_excellencia-josep-rull_2016-298x300.jpg 298w, https:\/\/www.jornadesperalexcellencia.cat\/wp-content\/uploads\/2021\/01\/jornades_excellencia-josep-rull_2016-150x150.jpg 150w, https:\/\/www.jornadesperalexcellencia.cat\/wp-content\/uploads\/2021\/01\/jornades_excellencia-josep-rull_2016-768x774.jpg 768w\" sizes=\"auto, (max-width: 800px) 100vw, 800px\" \/>                <div class=\"qodef-team-info-tb\">\n                    <div class=\"qodef-team-info-tc\">\n                        <div class=\"qodef-team-title-holder\">\n\t                        \t\t                        <h6 class=\"qodef-team-position\">Consejero de Territorio y Sostenibilidad<\/h6>\n\t                                                    <h3 itemprop=\"name\" class=\"qodef-team-name entry-title\">\n                                <a itemprop=\"url\" href=\"https:\/\/www.jornadesperalexcellencia.cat\/es\/team-member\/josep-rull-2\/\">Josep Rull<\/a>\n                            <\/h3>\n                        <\/div>\n\t                    <div class=\"qodef-team-description-holder\">\n\t\t                    \t                    <\/div>\n                        <div class=\"qodef-team-social-holder-between\">\n                            <div class=\"qodef-team-social\">\n                                <div class=\"qodef-team-social-inner\">\n                                    <div class=\"qodef-team-social-wrapp\">\n                                                                            <\/div>\n                                <\/div>\n                            <\/div>\n                        <\/div>\n                    <\/div>\n                <\/div>\n            <\/div>\n            <\/div>\n<\/div><div class=\"qodef-team qodef-item-space info-hover\" data-member-id=\"5494\">\n    <div class=\"qodef-team-inner\">\n                    <div class=\"qodef-team-image\">\n                <img loading=\"lazy\" decoding=\"async\" width=\"800\" height=\"806\" src=\"https:\/\/www.jornadesperalexcellencia.cat\/wp-content\/uploads\/2021\/01\/jornades_excellencia-kim-faura_2016.jpg\" class=\"attachment-post-thumbnail size-post-thumbnail wp-post-image\" alt=\"\" srcset=\"https:\/\/www.jornadesperalexcellencia.cat\/wp-content\/uploads\/2021\/01\/jornades_excellencia-kim-faura_2016.jpg 800w, https:\/\/www.jornadesperalexcellencia.cat\/wp-content\/uploads\/2021\/01\/jornades_excellencia-kim-faura_2016-100x100.jpg 100w, https:\/\/www.jornadesperalexcellencia.cat\/wp-content\/uploads\/2021\/01\/jornades_excellencia-kim-faura_2016-600x605.jpg 600w, https:\/\/www.jornadesperalexcellencia.cat\/wp-content\/uploads\/2021\/01\/jornades_excellencia-kim-faura_2016-298x300.jpg 298w, https:\/\/www.jornadesperalexcellencia.cat\/wp-content\/uploads\/2021\/01\/jornades_excellencia-kim-faura_2016-150x150.jpg 150w, https:\/\/www.jornadesperalexcellencia.cat\/wp-content\/uploads\/2021\/01\/jornades_excellencia-kim-faura_2016-768x774.jpg 768w\" sizes=\"auto, (max-width: 800px) 100vw, 800px\" \/>                <div class=\"qodef-team-info-tb\">\n                    <div class=\"qodef-team-info-tc\">\n                        <div class=\"qodef-team-title-holder\">\n\t                        \t\t                        <h6 class=\"qodef-team-position\">Director General de Telef\u00f3nica en Catalunya <\/h6>\n\t                                                    <h3 itemprop=\"name\" class=\"qodef-team-name entry-title\">\n                                <a itemprop=\"url\" href=\"https:\/\/www.jornadesperalexcellencia.cat\/es\/team-member\/kim-faura-2\/\">Kim Faura<\/a>\n                            <\/h3>\n                        <\/div>\n\t                    <div class=\"qodef-team-description-holder\">\n\t\t                    \t                    <\/div>\n                        <div class=\"qodef-team-social-holder-between\">\n                            <div class=\"qodef-team-social\">\n                                <div class=\"qodef-team-social-inner\">\n                                    <div class=\"qodef-team-social-wrapp\">\n                                                                            <\/div>\n                                <\/div>\n                            <\/div>\n                        <\/div>\n                    <\/div>\n                <\/div>\n            <\/div>\n            <\/div>\n<\/div><div class=\"qodef-team qodef-item-space info-hover\" data-member-id=\"5404\">\n    <div class=\"qodef-team-inner\">\n                    <div class=\"qodef-team-image\">\n                <img loading=\"lazy\" decoding=\"async\" width=\"800\" height=\"806\" src=\"https:\/\/www.jornadesperalexcellencia.cat\/wp-content\/uploads\/2021\/01\/jornades_excellencia-llatzer-sibis_2016.jpg\" class=\"attachment-post-thumbnail size-post-thumbnail wp-post-image\" alt=\"\" srcset=\"https:\/\/www.jornadesperalexcellencia.cat\/wp-content\/uploads\/2021\/01\/jornades_excellencia-llatzer-sibis_2016.jpg 800w, https:\/\/www.jornadesperalexcellencia.cat\/wp-content\/uploads\/2021\/01\/jornades_excellencia-llatzer-sibis_2016-100x100.jpg 100w, https:\/\/www.jornadesperalexcellencia.cat\/wp-content\/uploads\/2021\/01\/jornades_excellencia-llatzer-sibis_2016-600x605.jpg 600w, https:\/\/www.jornadesperalexcellencia.cat\/wp-content\/uploads\/2021\/01\/jornades_excellencia-llatzer-sibis_2016-298x300.jpg 298w, https:\/\/www.jornadesperalexcellencia.cat\/wp-content\/uploads\/2021\/01\/jornades_excellencia-llatzer-sibis_2016-150x150.jpg 150w, https:\/\/www.jornadesperalexcellencia.cat\/wp-content\/uploads\/2021\/01\/jornades_excellencia-llatzer-sibis_2016-768x774.jpg 768w\" sizes=\"auto, (max-width: 800px) 100vw, 800px\" \/>                <div class=\"qodef-team-info-tb\">\n                    <div class=\"qodef-team-info-tc\">\n                        <div class=\"qodef-team-title-holder\">\n\t                        \t\t                        <h6 class=\"qodef-team-position\">Presidente del Consell Comarcal del Pallars Sobir\u00e0<\/h6>\n\t                                                    <h3 itemprop=\"name\" class=\"qodef-team-name entry-title\">\n                                <a itemprop=\"url\" href=\"https:\/\/www.jornadesperalexcellencia.cat\/es\/team-member\/llatzer-sibis-esp\/\">Ll\u00e0tzer Sib\u00eds<\/a>\n                            <\/h3>\n                        <\/div>\n\t                    <div class=\"qodef-team-description-holder\">\n\t\t                    \t                    <\/div>\n                        <div class=\"qodef-team-social-holder-between\">\n                            <div class=\"qodef-team-social\">\n                                <div class=\"qodef-team-social-inner\">\n                                    <div class=\"qodef-team-social-wrapp\">\n                                                                            <\/div>\n                                <\/div>\n                            <\/div>\n                        <\/div>\n                    <\/div>\n                <\/div>\n            <\/div>\n            <\/div>\n<\/div><div class=\"qodef-team qodef-item-space info-hover\" data-member-id=\"5421\">\n    <div class=\"qodef-team-inner\">\n                    <div class=\"qodef-team-image\">\n                <img loading=\"lazy\" decoding=\"async\" width=\"800\" height=\"806\" src=\"https:\/\/www.jornadesperalexcellencia.cat\/wp-content\/uploads\/2021\/01\/jornades_excellencia-maite-rivero_2016.jpg\" class=\"attachment-post-thumbnail size-post-thumbnail wp-post-image\" alt=\"\" srcset=\"https:\/\/www.jornadesperalexcellencia.cat\/wp-content\/uploads\/2021\/01\/jornades_excellencia-maite-rivero_2016.jpg 800w, https:\/\/www.jornadesperalexcellencia.cat\/wp-content\/uploads\/2021\/01\/jornades_excellencia-maite-rivero_2016-100x100.jpg 100w, https:\/\/www.jornadesperalexcellencia.cat\/wp-content\/uploads\/2021\/01\/jornades_excellencia-maite-rivero_2016-600x605.jpg 600w, https:\/\/www.jornadesperalexcellencia.cat\/wp-content\/uploads\/2021\/01\/jornades_excellencia-maite-rivero_2016-298x300.jpg 298w, https:\/\/www.jornadesperalexcellencia.cat\/wp-content\/uploads\/2021\/01\/jornades_excellencia-maite-rivero_2016-150x150.jpg 150w, https:\/\/www.jornadesperalexcellencia.cat\/wp-content\/uploads\/2021\/01\/jornades_excellencia-maite-rivero_2016-768x774.jpg 768w\" sizes=\"auto, (max-width: 800px) 100vw, 800px\" \/>                <div class=\"qodef-team-info-tb\">\n                    <div class=\"qodef-team-info-tc\">\n                        <div class=\"qodef-team-title-holder\">\n\t                        \t\t                        <h6 class=\"qodef-team-position\">Senadora<\/h6>\n\t                                                    <h3 itemprop=\"name\" class=\"qodef-team-name entry-title\">\n                                <a itemprop=\"url\" href=\"https:\/\/www.jornadesperalexcellencia.cat\/es\/team-member\/maite-rivero-esp\/\">Maite Rivero<\/a>\n                            <\/h3>\n                        <\/div>\n\t                    <div class=\"qodef-team-description-holder\">\n\t\t                    \t                    <\/div>\n                        <div class=\"qodef-team-social-holder-between\">\n                            <div class=\"qodef-team-social\">\n                                <div class=\"qodef-team-social-inner\">\n                                    <div class=\"qodef-team-social-wrapp\">\n                                                                            <\/div>\n                                <\/div>\n                            <\/div>\n                        <\/div>\n                    <\/div>\n                <\/div>\n            <\/div>\n            <\/div>\n<\/div><div class=\"qodef-team qodef-item-space info-hover\" data-member-id=\"5416\">\n    <div class=\"qodef-team-inner\">\n                    <div class=\"qodef-team-image\">\n                <img loading=\"lazy\" decoding=\"async\" width=\"800\" height=\"806\" src=\"https:\/\/www.jornadesperalexcellencia.cat\/wp-content\/uploads\/2021\/01\/jornades_excellencia-marti-cardona_2016.jpg\" class=\"attachment-post-thumbnail size-post-thumbnail wp-post-image\" alt=\"\" srcset=\"https:\/\/www.jornadesperalexcellencia.cat\/wp-content\/uploads\/2021\/01\/jornades_excellencia-marti-cardona_2016.jpg 800w, https:\/\/www.jornadesperalexcellencia.cat\/wp-content\/uploads\/2021\/01\/jornades_excellencia-marti-cardona_2016-100x100.jpg 100w, https:\/\/www.jornadesperalexcellencia.cat\/wp-content\/uploads\/2021\/01\/jornades_excellencia-marti-cardona_2016-600x605.jpg 600w, https:\/\/www.jornadesperalexcellencia.cat\/wp-content\/uploads\/2021\/01\/jornades_excellencia-marti-cardona_2016-298x300.jpg 298w, https:\/\/www.jornadesperalexcellencia.cat\/wp-content\/uploads\/2021\/01\/jornades_excellencia-marti-cardona_2016-150x150.jpg 150w, https:\/\/www.jornadesperalexcellencia.cat\/wp-content\/uploads\/2021\/01\/jornades_excellencia-marti-cardona_2016-768x774.jpg 768w\" sizes=\"auto, (max-width: 800px) 100vw, 800px\" \/>                <div class=\"qodef-team-info-tb\">\n                    <div class=\"qodef-team-info-tc\">\n                        <div class=\"qodef-team-title-holder\">\n\t                        \t\t                        <h6 class=\"qodef-team-position\">Vicepresidente Segundo del Consejo Comarcal del Pallars Juss\u00e0<\/h6>\n\t                                                    <h3 itemprop=\"name\" class=\"qodef-team-name entry-title\">\n                                <a itemprop=\"url\" href=\"https:\/\/www.jornadesperalexcellencia.cat\/es\/team-member\/marti-cardona-2\/\">Mart\u00ed Cardona<\/a>\n                            <\/h3>\n                        <\/div>\n\t                    <div class=\"qodef-team-description-holder\">\n\t\t                    \t                    <\/div>\n                        <div class=\"qodef-team-social-holder-between\">\n                            <div class=\"qodef-team-social\">\n                                <div class=\"qodef-team-social-inner\">\n                                    <div class=\"qodef-team-social-wrapp\">\n                                                                            <\/div>\n                                <\/div>\n                            <\/div>\n                        <\/div>\n                    <\/div>\n                <\/div>\n            <\/div>\n            <\/div>\n<\/div><div class=\"qodef-team qodef-item-space info-hover\" data-member-id=\"5091\">\n    <div class=\"qodef-team-inner\">\n                    <div class=\"qodef-team-image\">\n                <img loading=\"lazy\" decoding=\"async\" width=\"800\" height=\"806\" src=\"https:\/\/www.jornadesperalexcellencia.cat\/wp-content\/uploads\/2021\/01\/jornades_excellencia-pere-macias_2016.jpg\" class=\"attachment-post-thumbnail size-post-thumbnail wp-post-image\" alt=\"\" srcset=\"https:\/\/www.jornadesperalexcellencia.cat\/wp-content\/uploads\/2021\/01\/jornades_excellencia-pere-macias_2016.jpg 800w, https:\/\/www.jornadesperalexcellencia.cat\/wp-content\/uploads\/2021\/01\/jornades_excellencia-pere-macias_2016-100x100.jpg 100w, https:\/\/www.jornadesperalexcellencia.cat\/wp-content\/uploads\/2021\/01\/jornades_excellencia-pere-macias_2016-600x605.jpg 600w, https:\/\/www.jornadesperalexcellencia.cat\/wp-content\/uploads\/2021\/01\/jornades_excellencia-pere-macias_2016-298x300.jpg 298w, https:\/\/www.jornadesperalexcellencia.cat\/wp-content\/uploads\/2021\/01\/jornades_excellencia-pere-macias_2016-150x150.jpg 150w, https:\/\/www.jornadesperalexcellencia.cat\/wp-content\/uploads\/2021\/01\/jornades_excellencia-pere-macias_2016-768x774.jpg 768w\" sizes=\"auto, (max-width: 800px) 100vw, 800px\" \/>                <div class=\"qodef-team-info-tb\">\n                    <div class=\"qodef-team-info-tc\">\n                        <div class=\"qodef-team-title-holder\">\n\t                        \t\t                        <h6 class=\"qodef-team-position\">Doctor ingeniero de caminos y director de la C\u00e1tedra C\u00edrculo de Infraestructuras-UPC<\/h6>\n\t                                                    <h3 itemprop=\"name\" class=\"qodef-team-name entry-title\">\n                                <a itemprop=\"url\" href=\"https:\/\/www.jornadesperalexcellencia.cat\/es\/team-member\/pere-macias-esp\/\">Pere Macias<\/a>\n                            <\/h3>\n                        <\/div>\n\t                    <div class=\"qodef-team-description-holder\">\n\t\t                    \t                    <\/div>\n                        <div class=\"qodef-team-social-holder-between\">\n                            <div class=\"qodef-team-social\">\n                                <div class=\"qodef-team-social-inner\">\n                                    <div class=\"qodef-team-social-wrapp\">\n                                                                            <\/div>\n                                <\/div>\n                            <\/div>\n                        <\/div>\n                    <\/div>\n                <\/div>\n            <\/div>\n            <\/div>\n<\/div><div class=\"qodef-team qodef-item-space info-hover\" data-member-id=\"5501\">\n    <div class=\"qodef-team-inner\">\n                    <div class=\"qodef-team-image\">\n                <img loading=\"lazy\" decoding=\"async\" width=\"800\" height=\"806\" src=\"https:\/\/www.jornadesperalexcellencia.cat\/wp-content\/uploads\/2021\/01\/jornades_excellencia-rafael-jimenez-capdevila-2016.jpg\" class=\"attachment-post-thumbnail size-post-thumbnail wp-post-image\" alt=\"\" srcset=\"https:\/\/www.jornadesperalexcellencia.cat\/wp-content\/uploads\/2021\/01\/jornades_excellencia-rafael-jimenez-capdevila-2016.jpg 800w, https:\/\/www.jornadesperalexcellencia.cat\/wp-content\/uploads\/2021\/01\/jornades_excellencia-rafael-jimenez-capdevila-2016-100x100.jpg 100w, https:\/\/www.jornadesperalexcellencia.cat\/wp-content\/uploads\/2021\/01\/jornades_excellencia-rafael-jimenez-capdevila-2016-600x605.jpg 600w, https:\/\/www.jornadesperalexcellencia.cat\/wp-content\/uploads\/2021\/01\/jornades_excellencia-rafael-jimenez-capdevila-2016-298x300.jpg 298w, https:\/\/www.jornadesperalexcellencia.cat\/wp-content\/uploads\/2021\/01\/jornades_excellencia-rafael-jimenez-capdevila-2016-150x150.jpg 150w, https:\/\/www.jornadesperalexcellencia.cat\/wp-content\/uploads\/2021\/01\/jornades_excellencia-rafael-jimenez-capdevila-2016-768x774.jpg 768w\" sizes=\"auto, (max-width: 800px) 100vw, 800px\" \/>                <div class=\"qodef-team-info-tb\">\n                    <div class=\"qodef-team-info-tc\">\n                        <div class=\"qodef-team-title-holder\">\n\t                        \t\t                        <h6 class=\"qodef-team-position\">Secretario de la Junta de Gobierno de la Sociedad Catalana de Geograf\u00eda<\/h6>\n\t                                                    <h3 itemprop=\"name\" class=\"qodef-team-name entry-title\">\n                                <a itemprop=\"url\" href=\"https:\/\/www.jornadesperalexcellencia.cat\/es\/team-member\/rafael-gimenez-capdevila-2\/\">Rafael Gim\u00e9nez-Capdevila<\/a>\n                            <\/h3>\n                        <\/div>\n\t                    <div class=\"qodef-team-description-holder\">\n\t\t                    \t                    <\/div>\n                        <div class=\"qodef-team-social-holder-between\">\n                            <div class=\"qodef-team-social\">\n                                <div class=\"qodef-team-social-inner\">\n                                    <div class=\"qodef-team-social-wrapp\">\n                                                                            <\/div>\n                                <\/div>\n                            <\/div>\n                        <\/div>\n                    <\/div>\n                <\/div>\n            <\/div>\n            <\/div>\n<\/div><div class=\"qodef-team qodef-item-space info-hover\" data-member-id=\"5544\">\n    <div class=\"qodef-team-inner\">\n                    <div class=\"qodef-team-image\">\n                <img loading=\"lazy\" decoding=\"async\" width=\"800\" height=\"806\" src=\"https:\/\/www.jornadesperalexcellencia.cat\/wp-content\/uploads\/2021\/01\/jornades_excellencia-ramon-villuendas_2015.jpg\" class=\"attachment-post-thumbnail size-post-thumbnail wp-post-image\" alt=\"\" srcset=\"https:\/\/www.jornadesperalexcellencia.cat\/wp-content\/uploads\/2021\/01\/jornades_excellencia-ramon-villuendas_2015.jpg 800w, https:\/\/www.jornadesperalexcellencia.cat\/wp-content\/uploads\/2021\/01\/jornades_excellencia-ramon-villuendas_2015-100x100.jpg 100w, https:\/\/www.jornadesperalexcellencia.cat\/wp-content\/uploads\/2021\/01\/jornades_excellencia-ramon-villuendas_2015-600x605.jpg 600w, https:\/\/www.jornadesperalexcellencia.cat\/wp-content\/uploads\/2021\/01\/jornades_excellencia-ramon-villuendas_2015-298x300.jpg 298w, https:\/\/www.jornadesperalexcellencia.cat\/wp-content\/uploads\/2021\/01\/jornades_excellencia-ramon-villuendas_2015-150x150.jpg 150w, https:\/\/www.jornadesperalexcellencia.cat\/wp-content\/uploads\/2021\/01\/jornades_excellencia-ramon-villuendas_2015-768x774.jpg 768w\" sizes=\"auto, (max-width: 800px) 100vw, 800px\" \/>                <div class=\"qodef-team-info-tb\">\n                    <div class=\"qodef-team-info-tc\">\n                        <div class=\"qodef-team-title-holder\">\n\t                        \t\t                        <h6 class=\"qodef-team-position\"> Alcalde de Esterri d&#039;\u00c0neu<\/h6>\n\t                                                    <h3 itemprop=\"name\" class=\"qodef-team-name entry-title\">\n                                <a itemprop=\"url\" href=\"https:\/\/www.jornadesperalexcellencia.cat\/es\/team-member\/ramon-villuendas-esp\/\">Ramon Villuendas<\/a>\n                            <\/h3>\n                        <\/div>\n\t                    <div class=\"qodef-team-description-holder\">\n\t\t                    \t                    <\/div>\n                        <div class=\"qodef-team-social-holder-between\">\n                            <div class=\"qodef-team-social\">\n                                <div class=\"qodef-team-social-inner\">\n                                    <div class=\"qodef-team-social-wrapp\">\n                                                                            <\/div>\n                                <\/div>\n                            <\/div>\n                        <\/div>\n                    <\/div>\n                <\/div>\n            <\/div>\n            <\/div>\n<\/div><div class=\"qodef-team qodef-item-space info-hover\" data-member-id=\"5413\">\n    <div class=\"qodef-team-inner\">\n                    <div class=\"qodef-team-image\">\n                <img loading=\"lazy\" decoding=\"async\" width=\"800\" height=\"806\" src=\"https:\/\/www.jornadesperalexcellencia.cat\/wp-content\/uploads\/2021\/01\/jornades_excellencia-ricard-font_2016.jpg\" class=\"attachment-post-thumbnail size-post-thumbnail wp-post-image\" alt=\"\" srcset=\"https:\/\/www.jornadesperalexcellencia.cat\/wp-content\/uploads\/2021\/01\/jornades_excellencia-ricard-font_2016.jpg 800w, https:\/\/www.jornadesperalexcellencia.cat\/wp-content\/uploads\/2021\/01\/jornades_excellencia-ricard-font_2016-100x100.jpg 100w, https:\/\/www.jornadesperalexcellencia.cat\/wp-content\/uploads\/2021\/01\/jornades_excellencia-ricard-font_2016-600x605.jpg 600w, https:\/\/www.jornadesperalexcellencia.cat\/wp-content\/uploads\/2021\/01\/jornades_excellencia-ricard-font_2016-298x300.jpg 298w, https:\/\/www.jornadesperalexcellencia.cat\/wp-content\/uploads\/2021\/01\/jornades_excellencia-ricard-font_2016-150x150.jpg 150w, https:\/\/www.jornadesperalexcellencia.cat\/wp-content\/uploads\/2021\/01\/jornades_excellencia-ricard-font_2016-768x774.jpg 768w\" sizes=\"auto, (max-width: 800px) 100vw, 800px\" \/>                <div class=\"qodef-team-info-tb\">\n                    <div class=\"qodef-team-info-tc\">\n                        <div class=\"qodef-team-title-holder\">\n\t                        \t\t                        <h6 class=\"qodef-team-position\"> Secretario de Territorio y Movilidad<\/h6>\n\t                                                    <h3 itemprop=\"name\" class=\"qodef-team-name entry-title\">\n                                <a itemprop=\"url\" href=\"https:\/\/www.jornadesperalexcellencia.cat\/es\/team-member\/ricard-font-2-2\/\">Ricard Font<\/a>\n                            <\/h3>\n                        <\/div>\n\t                    <div class=\"qodef-team-description-holder\">\n\t\t                    \t                    <\/div>\n                        <div class=\"qodef-team-social-holder-between\">\n                            <div class=\"qodef-team-social\">\n                                <div class=\"qodef-team-social-inner\">\n                                    <div class=\"qodef-team-social-wrapp\">\n                                                                            <\/div>\n                                <\/div>\n                            <\/div>\n                        <\/div>\n                    <\/div>\n                <\/div>\n            <\/div>\n            <\/div>\n<\/div><div class=\"qodef-team qodef-item-space info-hover\" data-member-id=\"5490\">\n    <div class=\"qodef-team-inner\">\n                    <div class=\"qodef-team-image\">\n                <img loading=\"lazy\" decoding=\"async\" width=\"800\" height=\"806\" src=\"https:\/\/www.jornadesperalexcellencia.cat\/wp-content\/uploads\/2021\/01\/jornades_excellencia-xavier-oliver_2016.jpg\" class=\"attachment-post-thumbnail size-post-thumbnail wp-post-image\" alt=\"\" srcset=\"https:\/\/www.jornadesperalexcellencia.cat\/wp-content\/uploads\/2021\/01\/jornades_excellencia-xavier-oliver_2016.jpg 800w, https:\/\/www.jornadesperalexcellencia.cat\/wp-content\/uploads\/2021\/01\/jornades_excellencia-xavier-oliver_2016-100x100.jpg 100w, https:\/\/www.jornadesperalexcellencia.cat\/wp-content\/uploads\/2021\/01\/jornades_excellencia-xavier-oliver_2016-600x605.jpg 600w, https:\/\/www.jornadesperalexcellencia.cat\/wp-content\/uploads\/2021\/01\/jornades_excellencia-xavier-oliver_2016-298x300.jpg 298w, https:\/\/www.jornadesperalexcellencia.cat\/wp-content\/uploads\/2021\/01\/jornades_excellencia-xavier-oliver_2016-150x150.jpg 150w, https:\/\/www.jornadesperalexcellencia.cat\/wp-content\/uploads\/2021\/01\/jornades_excellencia-xavier-oliver_2016-768x774.jpg 768w\" sizes=\"auto, (max-width: 800px) 100vw, 800px\" \/>                <div class=\"qodef-team-info-tb\">\n                    <div class=\"qodef-team-info-tc\">\n                        <div class=\"qodef-team-title-holder\">\n\t                        \t\t                        <h6 class=\"qodef-team-position\">Profesor del IESE<\/h6>\n\t                                                    <h3 itemprop=\"name\" class=\"qodef-team-name entry-title\">\n                                <a itemprop=\"url\" href=\"https:\/\/www.jornadesperalexcellencia.cat\/es\/team-member\/xavier-oliver-2-2\/\">Xavier Oliver<\/a>\n                            <\/h3>\n                        <\/div>\n\t                    <div class=\"qodef-team-description-holder\">\n\t\t                    \t                    <\/div>\n                        <div class=\"qodef-team-social-holder-between\">\n                            <div class=\"qodef-team-social\">\n                                <div class=\"qodef-team-social-inner\">\n                                    <div class=\"qodef-team-social-wrapp\">\n                                                                            <\/div>\n                                <\/div>\n                            <\/div>\n                        <\/div>\n                    <\/div>\n                <\/div>\n            <\/div>\n            <\/div>\n<\/div>\t<\/div>\n<\/div><div class=\"vc_empty_space\"   style=\"height: 28px\"><span class=\"vc_empty_space_inner\"><\/span><\/div><\/div><\/div><\/div><\/div><div class=\"vc_row wpb_row vc_row-fluid vc_row-o-content-middle vc_row-flex\" ><div class=\"wpb_column vc_column_container vc_col-sm-9\"><div class=\"vc_column-inner vc_custom_1614253884400\"><div class=\"wpb_wrapper\"><div class=\"qodef-clients-carousel-holder qodef-cc-hover-roll-over\">\n\t<div class=\"qodef-cc-inner qodef-owl-slider\" data-number-of-items=\"3\" data-enable-loop=\"yes\" data-enable-autoplay=\"yes\" data-slider-speed=\"5000\" data-slider-speed-animation=\"600\" data-enable-navigation=\"no\" data-enable-pagination=\"yes\">\n\t\t<div class=\"qodef-cc-item qodef-item-space qodef-cci-has-link\">\n\t\t\t<a itemprop=\"url\" class=\"qodef-cc-link qodef-block-drag-link\" href=\"\/edicion-2022\/\" target=\"_self\">\n\t\t\t\t\t\t<img decoding=\"async\" itemprop=\"image\" class=\"qodef-cc-image\" src=\"https:\/\/www.jornadesperalexcellencia.cat\/wp-content\/uploads\/2022\/07\/jornades-excellencia-grafico-edicion-2022.png\" alt=\"\" \/>\n\t\t\t\t\t\t\t<img decoding=\"async\" itemprop=\"image\" class=\"qodef-cc-hover-image\" src=\"https:\/\/www.jornadesperalexcellencia.cat\/wp-content\/uploads\/2022\/07\/jornades-excellencia-grafico-edicion-2022-alt.png\" alt=\"\" \/>\n\t\t\t\t\t<\/a>\n\t<\/div><div class=\"qodef-cc-item qodef-item-space qodef-cci-has-link\">\n\t\t\t<a itemprop=\"url\" class=\"qodef-cc-link qodef-block-drag-link\" href=\"\/edicion-2021\/\" target=\"_self\">\n\t\t\t\t\t\t<img decoding=\"async\" itemprop=\"image\" class=\"qodef-cc-image\" src=\"https:\/\/www.jornadesperalexcellencia.cat\/wp-content\/uploads\/2021\/07\/grafico-edicion-2021-nova.png\" alt=\"Jornades per a l&#039;excel\u00b7l\u00e8ncia Esterri d&#039;\u00c0neu edici\u00f3 2021\" \/>\n\t\t\t\t\t\t\t<img decoding=\"async\" itemprop=\"image\" class=\"qodef-cc-hover-image\" src=\"https:\/\/www.jornadesperalexcellencia.cat\/wp-content\/uploads\/2021\/10\/jornades-excellencia-2021-edicions-cor-de-rock.jpg\" alt=\"\" \/>\n\t\t\t\t\t<\/a>\n\t<\/div><div class=\"qodef-cc-item qodef-item-space qodef-cci-has-link\">\n\t\t\t<a itemprop=\"url\" class=\"qodef-cc-link qodef-block-drag-link\" href=\"\/edicion-2020\/\" target=\"_self\">\n\t\t\t\t\t\t<img decoding=\"async\" itemprop=\"image\" class=\"qodef-cc-image\" src=\"https:\/\/www.jornadesperalexcellencia.cat\/wp-content\/uploads\/2021\/02\/grafico-edicion-2020.png\" alt=\"Jornades per a l&#039;excel\u00b7l\u00e8ncia Esterri d&#039;\u00c0neu edici\u00f3 2020\" \/>\n\t\t\t\t\t\t\t<img decoding=\"async\" itemprop=\"image\" class=\"qodef-cc-hover-image\" src=\"https:\/\/www.jornadesperalexcellencia.cat\/wp-content\/uploads\/2021\/02\/jornades-excellencia-2020-edicions-ramon-folch-1.jpg\" alt=\"Jornades per a l&#039;excel\u00b7l\u00e8ncia Esterri d&#039;\u00c0neu edici\u00f3 2020\" \/>\n\t\t\t\t\t<\/a>\n\t<\/div><div class=\"qodef-cc-item qodef-item-space qodef-cci-has-link\">\n\t\t\t<a itemprop=\"url\" class=\"qodef-cc-link qodef-block-drag-link\" href=\"\/edicion-2019\/\" target=\"_self\">\n\t\t\t\t\t\t<img decoding=\"async\" itemprop=\"image\" class=\"qodef-cc-image\" src=\"https:\/\/www.jornadesperalexcellencia.cat\/wp-content\/uploads\/2021\/02\/grafico-edicion-2019.png\" alt=\"Jornades per a l&#039;excel\u00b7l\u00e8ncia Esterri d&#039;\u00c0neu edici\u00f3 2019\" \/>\n\t\t\t\t\t\t\t<img decoding=\"async\" itemprop=\"image\" class=\"qodef-cc-hover-image\" src=\"https:\/\/www.jornadesperalexcellencia.cat\/wp-content\/uploads\/2021\/02\/jornades-excellencia-2019-edicions-pilarin-Valles-1.jpg\" alt=\"Jornades per a l&#039;excel\u00b7l\u00e8ncia Esterri d&#039;\u00c0neu edici\u00f3 2019\" \/>\n\t\t\t\t\t<\/a>\n\t<\/div><div class=\"qodef-cc-item qodef-item-space qodef-cci-has-link\">\n\t\t\t<a itemprop=\"url\" class=\"qodef-cc-link qodef-block-drag-link\" href=\"\/edicion-2018\/\" target=\"_self\">\n\t\t\t\t\t\t<img decoding=\"async\" itemprop=\"image\" class=\"qodef-cc-image\" src=\"https:\/\/www.jornadesperalexcellencia.cat\/wp-content\/uploads\/2021\/07\/jornades-excellencia-grafico-edicion-2018-1.png\" alt=\"\" \/>\n\t\t\t\t\t\t\t<img decoding=\"async\" itemprop=\"image\" class=\"qodef-cc-hover-image\" src=\"https:\/\/www.jornadesperalexcellencia.cat\/wp-content\/uploads\/2021\/07\/jornades-excellencia-2018-edicions-public.jpg\" alt=\"\" \/>\n\t\t\t\t\t<\/a>\n\t<\/div><div class=\"qodef-cc-item qodef-item-space qodef-cci-has-link\">\n\t\t\t<a itemprop=\"url\" class=\"qodef-cc-link qodef-block-drag-link\" href=\"\/edicion-2017\/\" target=\"_self\">\n\t\t\t\t\t\t<img decoding=\"async\" itemprop=\"image\" class=\"qodef-cc-image\" src=\"https:\/\/www.jornadesperalexcellencia.cat\/wp-content\/uploads\/2021\/02\/grafico-edicion-2017.png\" alt=\"Jornades per a l&#039;excel\u00b7l\u00e8ncia Esterri d&#039;\u00c0neu edici\u00f3 2017\" \/>\n\t\t\t\t\t\t\t<img decoding=\"async\" itemprop=\"image\" class=\"qodef-cc-hover-image\" src=\"https:\/\/www.jornadesperalexcellencia.cat\/wp-content\/uploads\/2021\/07\/jornades-excellencia-2017-edicions-jaume-padros.jpg\" alt=\"\" \/>\n\t\t\t\t\t<\/a>\n\t<\/div><div class=\"qodef-cc-item qodef-item-space qodef-cci-has-link\">\n\t\t\t<a itemprop=\"url\" class=\"qodef-cc-link qodef-block-drag-link\" href=\"\/edicion-2016\/\" target=\"_self\">\n\t\t\t\t\t\t<img decoding=\"async\" itemprop=\"image\" class=\"qodef-cc-image\" src=\"https:\/\/www.jornadesperalexcellencia.cat\/wp-content\/uploads\/2021\/02\/grafico-edicion-2016.png\" alt=\"Jornades per a l&#039;excel\u00b7l\u00e8ncia Esterri d&#039;\u00c0neu edici\u00f3 2016\" \/>\n\t\t\t\t\t\t\t<img decoding=\"async\" itemprop=\"image\" class=\"qodef-cc-hover-image\" src=\"https:\/\/www.jornadesperalexcellencia.cat\/wp-content\/uploads\/2021\/07\/jornades-excellencia-2016-edicions-pere-macias.jpg\" alt=\"\" \/>\n\t\t\t\t\t<\/a>\n\t<\/div><div class=\"qodef-cc-item qodef-item-space qodef-cci-has-link\">\n\t\t\t<a itemprop=\"url\" class=\"qodef-cc-link qodef-block-drag-link\" href=\"\/edicion-2015\/\" target=\"_self\">\n\t\t\t\t\t\t<img decoding=\"async\" itemprop=\"image\" class=\"qodef-cc-image\" src=\"https:\/\/www.jornadesperalexcellencia.cat\/wp-content\/uploads\/2021\/02\/grafico-edicion-2015.png\" alt=\"Jornades per a l&#039;excel\u00b7l\u00e8ncia Esterri d&#039;\u00c0neu edici\u00f3 2015\" \/>\n\t\t\t\t\t\t\t<img decoding=\"async\" itemprop=\"image\" class=\"qodef-cc-hover-image\" src=\"https:\/\/www.jornadesperalexcellencia.cat\/wp-content\/uploads\/2021\/07\/jornades-excellencia-2015-edicions-joaquin-nadal.jpg\" alt=\"\" \/>\n\t\t\t\t\t<\/a>\n\t<\/div><div class=\"qodef-cc-item qodef-item-space qodef-cci-has-link\">\n\t\t\t<a itemprop=\"url\" class=\"qodef-cc-link qodef-block-drag-link\" href=\"\/edicion-2014\/\" target=\"_self\">\n\t\t\t\t\t\t<img decoding=\"async\" itemprop=\"image\" class=\"qodef-cc-image\" src=\"https:\/\/www.jornadesperalexcellencia.cat\/wp-content\/uploads\/2021\/02\/grafico-edicion-2014.png\" alt=\"Jornades per a l&#039;excel\u00b7l\u00e8ncia Esterri d&#039;\u00c0neu edici\u00f3 2014\" \/>\n\t\t\t\t\t\t\t<img decoding=\"async\" itemprop=\"image\" class=\"qodef-cc-hover-image\" src=\"https:\/\/www.jornadesperalexcellencia.cat\/wp-content\/uploads\/2021\/07\/jornades-excellencia-2014-edicions-victor-kuppers.jpg\" alt=\"Jornades per a l&#039;excel\u00b7l\u00e8ncia Esterri d&#039;\u00c0neu edici\u00f3 2014 Victor K\u00fcppers\" \/>\n\t\t\t\t\t<\/a>\n\t<\/div>\t<\/div>\n<\/div><\/div><\/div><\/div><div class=\"wpb_column vc_column_container vc_col-sm-3\"><div class=\"vc_column-inner vc_custom_1614253856407\"><div class=\"wpb_wrapper\"><div class=\"qodef-elements-holder   qodef-one-column  qodef-responsive-mode-768 \" ><div class=\"qodef-eh-item     \" data-item-class=\"qodef-eh-custom-5923\" data-1367-1600=\"11px 11px 10px 7px\" data-769-1024=\"11px 8px 10px 7px\" data-681-768=\"0px 18px 21px 11px\" data-680=\"0px 10px 10px 10px\">\n\t\t<div class=\"qodef-eh-item-inner\">\n\t\t<div class=\"qodef-eh-item-content qodef-eh-custom-5923\" >\n\t\t\t<div class=\"qodef-banner-holder  qodef-visible-on-default qodef-banner-info-default\">\n    <div class=\"qodef-banner-image\">\n        <img loading=\"lazy\" decoding=\"async\" width=\"500\" height=\"328\" src=\"https:\/\/www.jornadesperalexcellencia.cat\/wp-content\/uploads\/2021\/02\/jornades-excellencia-todas-las-ediciones.jpg\" class=\"attachment-full size-full\" alt=\"Jornades per a l&#039;excel\u00b7l\u00e8ncia Esterri d&#039;\u00c0neu esdeveniment, edicions\" srcset=\"https:\/\/www.jornadesperalexcellencia.cat\/wp-content\/uploads\/2021\/02\/jornades-excellencia-todas-las-ediciones.jpg 500w, https:\/\/www.jornadesperalexcellencia.cat\/wp-content\/uploads\/2021\/02\/jornades-excellencia-todas-las-ediciones-300x197.jpg 300w\" sizes=\"auto, (max-width: 500px) 100vw, 500px\" \/>    <\/div>\n    <div class=\"qodef-banner-text-holder\" >\n\t    <div class=\"qodef-banner-text-outer\">\n\t\t    <div class=\"qodef-banner-text-inner\">\n\t\t        \t\t        \t\t            <h3 class=\"qodef-banner-title\" style=\"color: #ffffff\">\n\t\t                VER TODAS LAS EDICIONES\t                <\/h3>\n\t\t        \t\t\t\t\t\t\t<\/div>\n\t\t<\/div>\n\t<\/div>\n\t        <a itemprop=\"url\" class=\"qodef-banner-link\" href=\"\/ediciones\/\" target=\"_self\"><\/a>\n    <\/div><div class=\"vc_empty_space\"   style=\"height: 19px\"><span class=\"vc_empty_space_inner\"><\/span><\/div>\t\t<\/div>\n\t<\/div>\n\t<\/div><\/div><div class=\"vc_empty_space\"   style=\"height: 22px\"><span class=\"vc_empty_space_inner\"><\/span><\/div><\/div><\/div><\/div><\/div><div class=\"vc_row wpb_row vc_row-fluid\" ><div class=\"wpb_column vc_column_container vc_col-sm-12\"><div class=\"vc_column-inner vc_custom_1529055021087\"><div class=\"wpb_wrapper\"><div class=\"vc_empty_space\"   style=\"height: 28px\"><span class=\"vc_empty_space_inner\"><\/span><\/div><div  class=\"wpb_widgetised_column wpb_content_element\">\n\t\t<div class=\"wpb_wrapper\">\n\t\t\t\n\t\t\t<div class=\"widget widget_qodef_instagram_widget\"><\/div>\n\t\t<\/div>\n\t<\/div>\n<\/div><\/div><\/div><\/div>\n","protected":false},"excerpt":{"rendered":"Sessions_info Sessions by Xavier Oliver Day 1 10.00-12.00 Conference_Room3 Day 3 10.00-12.00 Conference_Room3 Day 2 10.00-12.00 Conference_Room3 Day 4 10.00-12.00 Conference_Room3 Day 5 10.00-12.00 Main_Stage","protected":false},"author":1,"featured_media":0,"parent":0,"menu_order":0,"comment_status":"closed","ping_status":"closed","template":"full-width.php","meta":{"footnotes":""},"class_list":["post-5187","page","type-page","status-publish","hentry"],"yoast_head":"<!-- This site is optimized with the Yoast SEO plugin v27.5 - https:\/\/yoast.com\/product\/yoast-seo-wordpress\/ -->\n<title>Infraestructuras y comunicaciones: el futuro - Jornades per a l&#039;Excel\u00b7l\u00e8ncia<\/title>\n<meta name=\"description\" content=\"Las infraestructuras y comunicaciones son claves en el mantenimiento del territorio y de su historia \u00bfCu\u00e1les son estas realidades futuras? \u00bfC\u00f3mo nos posicionamos?\" \/>\n<meta name=\"robots\" content=\"index, follow, max-snippet:-1, max-image-preview:large, max-video-preview:-1\" \/>\n<link rel=\"canonical\" href=\"https:\/\/www.jornadesperalexcellencia.cat\/es\/edicion-2016\/\" \/>\n<meta property=\"og:locale\" content=\"es_ES\" \/>\n<meta property=\"og:type\" content=\"article\" \/>\n<meta property=\"og:title\" content=\"Infraestructuras y comunicaciones: el futuro - Jornades per a l&#039;Excel\u00b7l\u00e8ncia\" \/>\n<meta property=\"og:description\" content=\"Las infraestructuras y comunicaciones son claves en el mantenimiento del territorio y de su historia \u00bfCu\u00e1les son estas realidades futuras? \u00bfC\u00f3mo nos posicionamos?\" \/>\n<meta property=\"og:url\" content=\"https:\/\/www.jornadesperalexcellencia.cat\/es\/edicion-2016\/\" \/>\n<meta property=\"og:site_name\" content=\"Jornades per a l&#039;excel\u00b7l\u00e8ncia\" \/>\n<meta property=\"article:modified_time\" content=\"2022-07-21T11:22:00+00:00\" \/>\n<meta name=\"twitter:card\" content=\"summary_large_image\" \/>\n<meta name=\"twitter:label1\" content=\"Tiempo de lectura\" \/>\n\t<meta name=\"twitter:data1\" content=\"2 minutos\" \/>\n<script type=\"application\/ld+json\" class=\"yoast-schema-graph\">{\"@context\":\"https:\\\/\\\/schema.org\",\"@graph\":[{\"@type\":\"WebPage\",\"@id\":\"https:\\\/\\\/www.jornadesperalexcellencia.cat\\\/es\\\/edicion-2016\\\/\",\"url\":\"https:\\\/\\\/www.jornadesperalexcellencia.cat\\\/es\\\/edicion-2016\\\/\",\"name\":\"Infraestructuras y comunicaciones: el futuro - Jornades per a l'Excel\u00b7l\u00e8ncia\",\"isPartOf\":{\"@id\":\"https:\\\/\\\/www.jornadesperalexcellencia.cat\\\/es\\\/#website\"},\"datePublished\":\"2021-03-04T12:06:51+00:00\",\"dateModified\":\"2022-07-21T11:22:00+00:00\",\"description\":\"Las infraestructuras y comunicaciones son claves en el mantenimiento del territorio y de su historia \u00bfCu\u00e1les son estas realidades futuras? \u00bfC\u00f3mo nos posicionamos?\",\"breadcrumb\":{\"@id\":\"https:\\\/\\\/www.jornadesperalexcellencia.cat\\\/es\\\/edicion-2016\\\/#breadcrumb\"},\"inLanguage\":\"es\",\"potentialAction\":[{\"@type\":\"ReadAction\",\"target\":[\"https:\\\/\\\/www.jornadesperalexcellencia.cat\\\/es\\\/edicion-2016\\\/\"]}]},{\"@type\":\"BreadcrumbList\",\"@id\":\"https:\\\/\\\/www.jornadesperalexcellencia.cat\\\/es\\\/edicion-2016\\\/#breadcrumb\",\"itemListElement\":[{\"@type\":\"ListItem\",\"position\":1,\"name\":\"Inici\",\"item\":\"https:\\\/\\\/www.jornadesperalexcellencia.cat\\\/es\\\/inicio\\\/\"},{\"@type\":\"ListItem\",\"position\":2,\"name\":\"Edici\u00f3n 2016\"}]},{\"@type\":\"WebSite\",\"@id\":\"https:\\\/\\\/www.jornadesperalexcellencia.cat\\\/es\\\/#website\",\"url\":\"https:\\\/\\\/www.jornadesperalexcellencia.cat\\\/es\\\/\",\"name\":\"Jornades per a l&#039;excel\u00b7l\u00e8ncia\",\"description\":\"Confer\u00e8ncies anuals per al progr\u00e9s i desenvolupament dels territoris del Pirineu. Esterri d&#039;\u00c0neu i Andorra.\",\"alternateName\":\"Jornades per a l'excel\u00b7l\u00e8ncia\",\"potentialAction\":[{\"@type\":\"SearchAction\",\"target\":{\"@type\":\"EntryPoint\",\"urlTemplate\":\"https:\\\/\\\/www.jornadesperalexcellencia.cat\\\/es\\\/?s={search_term_string}\"},\"query-input\":{\"@type\":\"PropertyValueSpecification\",\"valueRequired\":true,\"valueName\":\"search_term_string\"}}],\"inLanguage\":\"es\"}]}<\/script>\n<!-- \/ Yoast SEO plugin. -->","yoast_head_json":{"title":"Infraestructuras y comunicaciones: el futuro - Jornades per a l'Excel\u00b7l\u00e8ncia","description":"Las infraestructuras y comunicaciones son claves en el mantenimiento del territorio y de su historia \u00bfCu\u00e1les son estas realidades futuras? \u00bfC\u00f3mo nos posicionamos?","robots":{"index":"index","follow":"follow","max-snippet":"max-snippet:-1","max-image-preview":"max-image-preview:large","max-video-preview":"max-video-preview:-1"},"canonical":"https:\/\/www.jornadesperalexcellencia.cat\/es\/edicion-2016\/","og_locale":"es_ES","og_type":"article","og_title":"Infraestructuras y comunicaciones: el futuro - Jornades per a l'Excel\u00b7l\u00e8ncia","og_description":"Las infraestructuras y comunicaciones son claves en el mantenimiento del territorio y de su historia \u00bfCu\u00e1les son estas realidades futuras? \u00bfC\u00f3mo nos posicionamos?","og_url":"https:\/\/www.jornadesperalexcellencia.cat\/es\/edicion-2016\/","og_site_name":"Jornades per a l&#039;excel\u00b7l\u00e8ncia","article_modified_time":"2022-07-21T11:22:00+00:00","twitter_card":"summary_large_image","twitter_misc":{"Tiempo de lectura":"2 minutos"},"schema":{"@context":"https:\/\/schema.org","@graph":[{"@type":"WebPage","@id":"https:\/\/www.jornadesperalexcellencia.cat\/es\/edicion-2016\/","url":"https:\/\/www.jornadesperalexcellencia.cat\/es\/edicion-2016\/","name":"Infraestructuras y comunicaciones: el futuro - Jornades per a l'Excel\u00b7l\u00e8ncia","isPartOf":{"@id":"https:\/\/www.jornadesperalexcellencia.cat\/es\/#website"},"datePublished":"2021-03-04T12:06:51+00:00","dateModified":"2022-07-21T11:22:00+00:00","description":"Las infraestructuras y comunicaciones son claves en el mantenimiento del territorio y de su historia \u00bfCu\u00e1les son estas realidades futuras? \u00bfC\u00f3mo nos posicionamos?","breadcrumb":{"@id":"https:\/\/www.jornadesperalexcellencia.cat\/es\/edicion-2016\/#breadcrumb"},"inLanguage":"es","potentialAction":[{"@type":"ReadAction","target":["https:\/\/www.jornadesperalexcellencia.cat\/es\/edicion-2016\/"]}]},{"@type":"BreadcrumbList","@id":"https:\/\/www.jornadesperalexcellencia.cat\/es\/edicion-2016\/#breadcrumb","itemListElement":[{"@type":"ListItem","position":1,"name":"Inici","item":"https:\/\/www.jornadesperalexcellencia.cat\/es\/inicio\/"},{"@type":"ListItem","position":2,"name":"Edici\u00f3n 2016"}]},{"@type":"WebSite","@id":"https:\/\/www.jornadesperalexcellencia.cat\/es\/#website","url":"https:\/\/www.jornadesperalexcellencia.cat\/es\/","name":"Jornades per a l&#039;excel\u00b7l\u00e8ncia","description":"Confer\u00e8ncies anuals per al progr\u00e9s i desenvolupament dels territoris del Pirineu. Esterri d&#039;\u00c0neu i Andorra.","alternateName":"Jornades per a l'excel\u00b7l\u00e8ncia","potentialAction":[{"@type":"SearchAction","target":{"@type":"EntryPoint","urlTemplate":"https:\/\/www.jornadesperalexcellencia.cat\/es\/?s={search_term_string}"},"query-input":{"@type":"PropertyValueSpecification","valueRequired":true,"valueName":"search_term_string"}}],"inLanguage":"es"}]}},"_links":{"self":[{"href":"https:\/\/www.jornadesperalexcellencia.cat\/es\/wp-json\/wp\/v2\/pages\/5187","targetHints":{"allow":["GET"]}}],"collection":[{"href":"https:\/\/www.jornadesperalexcellencia.cat\/es\/wp-json\/wp\/v2\/pages"}],"about":[{"href":"https:\/\/www.jornadesperalexcellencia.cat\/es\/wp-json\/wp\/v2\/types\/page"}],"author":[{"embeddable":true,"href":"https:\/\/www.jornadesperalexcellencia.cat\/es\/wp-json\/wp\/v2\/users\/1"}],"replies":[{"embeddable":true,"href":"https:\/\/www.jornadesperalexcellencia.cat\/es\/wp-json\/wp\/v2\/comments?post=5187"}],"version-history":[{"count":0,"href":"https:\/\/www.jornadesperalexcellencia.cat\/es\/wp-json\/wp\/v2\/pages\/5187\/revisions"}],"wp:attachment":[{"href":"https:\/\/www.jornadesperalexcellencia.cat\/es\/wp-json\/wp\/v2\/media?parent=5187"}],"curies":[{"name":"wp","href":"https:\/\/api.w.org\/{rel}","templated":true}]}}