{"id":5042,"date":"2021-03-03T14:16:14","date_gmt":"2021-03-03T12:16:14","guid":{"rendered":"https:\/\/www.jornadesperalexcellencia.cat\/?page_id=5042"},"modified":"2026-04-20T11:19:10","modified_gmt":"2026-04-20T09:19:10","slug":"ediciones","status":"publish","type":"page","link":"https:\/\/www.jornadesperalexcellencia.cat\/es\/ediciones\/","title":{"rendered":"Ediciones"},"content":{"rendered":"<div class=\"vc_row wpb_row vc_row-fluid\" ><div class=\"wpb_column vc_column_container vc_col-sm-6 vc_col-lg-offset-0 vc_col-lg-3 vc_col-md-offset-0 vc_col-md-3 vc_col-sm-offset-0 vc_col-xs-12\"><div class=\"vc_column-inner vc_custom_1531208246159\"><div class=\"wpb_wrapper\"><div class=\"qodef-elements-holder   qodef-one-column  qodef-responsive-mode-768 qodef-one-column-alignment-center\" ><div class=\"qodef-eh-item\" data-item-class=\"qodef-eh-custom-6761\" data-1367-1600=\"11px 5px 8px 5px\" data-769-1024=\"11px 5px 8px 4px\" data-681-768=\"22px 4px 22px 10px\" data-680=\"0px 10px 10px 10px\">\n\t\t<div class=\"qodef-eh-item-inner\">\n\t\t<div class=\"qodef-eh-item-content qodef-eh-custom-6761\" style=\"padding: 11px 5px 8px 5px\">\n\t\t\t<div class=\"qodef-banner-holder  qodef-visible-on-default qodef-banner-info-default\">\n    <div class=\"qodef-banner-image\">\n        <img loading=\"lazy\" decoding=\"async\" width=\"900\" height=\"600\" src=\"https:\/\/www.jornadesperalexcellencia.cat\/wp-content\/uploads\/2025\/10\/2025-Jornades-excellencia-pirineu-22.png\" class=\"attachment-full size-full\" alt=\"\" srcset=\"https:\/\/www.jornadesperalexcellencia.cat\/wp-content\/uploads\/2025\/10\/2025-Jornades-excellencia-pirineu-22.png 900w, https:\/\/www.jornadesperalexcellencia.cat\/wp-content\/uploads\/2025\/10\/2025-Jornades-excellencia-pirineu-22-300x200.png 300w, https:\/\/www.jornadesperalexcellencia.cat\/wp-content\/uploads\/2025\/10\/2025-Jornades-excellencia-pirineu-22-768x512.png 768w, https:\/\/www.jornadesperalexcellencia.cat\/wp-content\/uploads\/2025\/10\/2025-Jornades-excellencia-pirineu-22-18x12.png 18w, https:\/\/www.jornadesperalexcellencia.cat\/wp-content\/uploads\/2025\/10\/2025-Jornades-excellencia-pirineu-22-600x400.png 600w\" sizes=\"auto, (max-width: 900px) 100vw, 900px\" \/>    <\/div>\n    <div class=\"qodef-banner-text-holder\" >\n\t    <div class=\"qodef-banner-text-outer\">\n\t\t    <div class=\"qodef-banner-text-inner\">\n\t\t        \t\t        \t\t            <h3 class=\"qodef-banner-title\" style=\"color: #ffffff\">\n\t\t                2026\t                <\/h3>\n\t\t        \t\t\t\t\t\t\t<\/div>\n\t\t<\/div>\n\t<\/div>\n\t        <a itemprop=\"url\" class=\"qodef-banner-link\" href=\"https:\/\/www.jornadesperalexcellencia.cat\/es\/edicion-2026\/\" target=\"_self\"><\/a>\n    <\/div>\t\t<\/div>\n\t<\/div>\n\t<\/div><\/div><\/div><\/div><\/div><div class=\"wpb_column vc_column_container vc_col-sm-6 vc_col-lg-offset-0 vc_col-lg-3 vc_col-md-offset-0 vc_col-md-3 vc_col-sm-offset-0 vc_col-xs-12\"><div class=\"vc_column-inner vc_custom_1531208263646\"><div class=\"wpb_wrapper\"><div class=\"qodef-elements-holder   qodef-one-column  qodef-responsive-mode-768 qodef-one-column-alignment-center\" ><div class=\"qodef-eh-item\" data-item-class=\"qodef-eh-custom-3198\" data-1367-1600=\"11px 5px 8px 5px\" data-769-1024=\"11px 5px 8px 4px\" data-681-768=\"22px 4px 22px 10px\" data-680=\"0px 10px 10px 10px\">\n\t\t<div class=\"qodef-eh-item-inner\">\n\t\t<div class=\"qodef-eh-item-content qodef-eh-custom-3198\" style=\"padding: 11px 5px 8px 5px\">\n\t\t\t<div class=\"qodef-banner-holder  qodef-visible-on-default qodef-banner-info-default\">\n    <div class=\"qodef-banner-image\">\n        <img loading=\"lazy\" decoding=\"async\" width=\"899\" height=\"600\" src=\"https:\/\/www.jornadesperalexcellencia.cat\/wp-content\/uploads\/2025\/10\/2025-Jornades-excellencia-pirineu-18.jpg\" class=\"attachment-full size-full\" alt=\"\" srcset=\"https:\/\/www.jornadesperalexcellencia.cat\/wp-content\/uploads\/2025\/10\/2025-Jornades-excellencia-pirineu-18.jpg 899w, https:\/\/www.jornadesperalexcellencia.cat\/wp-content\/uploads\/2025\/10\/2025-Jornades-excellencia-pirineu-18-300x200.jpg 300w, https:\/\/www.jornadesperalexcellencia.cat\/wp-content\/uploads\/2025\/10\/2025-Jornades-excellencia-pirineu-18-768x513.jpg 768w, https:\/\/www.jornadesperalexcellencia.cat\/wp-content\/uploads\/2025\/10\/2025-Jornades-excellencia-pirineu-18-18x12.jpg 18w, https:\/\/www.jornadesperalexcellencia.cat\/wp-content\/uploads\/2025\/10\/2025-Jornades-excellencia-pirineu-18-600x400.jpg 600w\" sizes=\"auto, (max-width: 899px) 100vw, 899px\" \/>    <\/div>\n    <div class=\"qodef-banner-text-holder\" >\n\t    <div class=\"qodef-banner-text-outer\">\n\t\t    <div class=\"qodef-banner-text-inner\">\n\t\t        \t\t        \t\t            <h3 class=\"qodef-banner-title\" style=\"color: #ffffff\">\n\t\t                2025\t                <\/h3>\n\t\t        \t\t\t\t\t\t\t<\/div>\n\t\t<\/div>\n\t<\/div>\n\t        <a itemprop=\"url\" class=\"qodef-banner-link\" href=\"https:\/\/www.jornadesperalexcellencia.cat\/es\/edicion-2025\" target=\"_self\"><\/a>\n    <\/div>\t\t<\/div>\n\t<\/div>\n\t<\/div><\/div><\/div><\/div><\/div><div class=\"wpb_column vc_column_container vc_col-sm-6 vc_col-lg-offset-0 vc_col-lg-3 vc_col-md-offset-0 vc_col-md-3 vc_col-sm-offset-0 vc_col-xs-12\"><div class=\"vc_column-inner vc_custom_1531208252944\"><div class=\"wpb_wrapper\"><div class=\"qodef-elements-holder   qodef-one-column  qodef-responsive-mode-768 qodef-one-column-alignment-center\" ><div class=\"qodef-eh-item\" data-item-class=\"qodef-eh-custom-4078\" data-1367-1600=\"11px 5px 8px 5px\" data-769-1024=\"11px 5px 8px 4px\" data-681-768=\"22px 4px 22px 10px\" data-680=\"0px 10px 10px 10px\">\n\t\t<div class=\"qodef-eh-item-inner\">\n\t\t<div class=\"qodef-eh-item-content qodef-eh-custom-4078\" style=\"padding: 11px 5px 8px 5px\">\n\t\t\t<div class=\"qodef-banner-holder  qodef-visible-on-default qodef-banner-info-default\">\n    <div class=\"qodef-banner-image\">\n        <img loading=\"lazy\" decoding=\"async\" width=\"1024\" height=\"682\" src=\"https:\/\/www.jornadesperalexcellencia.cat\/wp-content\/uploads\/2025\/08\/Programa-jornades-excellencia-pirineu-gestio-sostenible-aigua-1.jpg\" class=\"attachment-full size-full\" alt=\"\" srcset=\"https:\/\/www.jornadesperalexcellencia.cat\/wp-content\/uploads\/2025\/08\/Programa-jornades-excellencia-pirineu-gestio-sostenible-aigua-1.jpg 1024w, https:\/\/www.jornadesperalexcellencia.cat\/wp-content\/uploads\/2025\/08\/Programa-jornades-excellencia-pirineu-gestio-sostenible-aigua-1-300x200.jpg 300w, https:\/\/www.jornadesperalexcellencia.cat\/wp-content\/uploads\/2025\/08\/Programa-jornades-excellencia-pirineu-gestio-sostenible-aigua-1-768x512.jpg 768w, https:\/\/www.jornadesperalexcellencia.cat\/wp-content\/uploads\/2025\/08\/Programa-jornades-excellencia-pirineu-gestio-sostenible-aigua-1-600x400.jpg 600w\" sizes=\"auto, (max-width: 1024px) 100vw, 1024px\" \/>    <\/div>\n    <div class=\"qodef-banner-text-holder\" >\n\t    <div class=\"qodef-banner-text-outer\">\n\t\t    <div class=\"qodef-banner-text-inner\">\n\t\t        \t\t        \t\t            <h3 class=\"qodef-banner-title\" style=\"color: #ffffff\">\n\t\t                2025 Andorra\t                <\/h3>\n\t\t        \t\t\t\t\t\t\t<\/div>\n\t\t<\/div>\n\t<\/div>\n\t        <a itemprop=\"url\" class=\"qodef-banner-link\" href=\"https:\/\/www.jornadesperalexcellencia.cat\/es\/mesa-redonda-en-andorra-2025\/\" target=\"_self\"><\/a>\n    <\/div>\t\t<\/div>\n\t<\/div>\n\t<\/div><\/div><\/div><\/div><\/div><div class=\"wpb_column vc_column_container vc_col-sm-6 vc_col-lg-offset-0 vc_col-lg-3 vc_col-md-offset-0 vc_col-md-3 vc_col-sm-offset-0 vc_col-xs-12\"><div class=\"vc_column-inner vc_custom_1531208257999\"><div class=\"wpb_wrapper\"><div class=\"qodef-elements-holder   qodef-one-column  qodef-responsive-mode-768 qodef-one-column-alignment-center\" ><div class=\"qodef-eh-item\" data-item-class=\"qodef-eh-custom-8594\" data-1367-1600=\"11px 5px 8px 5px\" data-769-1024=\"11px 5px 8px 4px\" data-681-768=\"22px 4px 22px 10px\" data-680=\"0px 10px 10px 10px\">\n\t\t<div class=\"qodef-eh-item-inner\">\n\t\t<div class=\"qodef-eh-item-content qodef-eh-custom-8594\" style=\"padding: 11px 5px 8px 5px\">\n\t\t\t<div class=\"qodef-banner-holder  qodef-visible-on-default qodef-banner-info-default\">\n    <div class=\"qodef-banner-image\">\n        <img loading=\"lazy\" decoding=\"async\" width=\"900\" height=\"600\" src=\"https:\/\/www.jornadesperalexcellencia.cat\/wp-content\/uploads\/2024\/11\/Val-d-Aran-jornades-excellencia-pirineu-2.jpg\" class=\"attachment-full size-full\" alt=\"\" srcset=\"https:\/\/www.jornadesperalexcellencia.cat\/wp-content\/uploads\/2024\/11\/Val-d-Aran-jornades-excellencia-pirineu-2.jpg 900w, https:\/\/www.jornadesperalexcellencia.cat\/wp-content\/uploads\/2024\/11\/Val-d-Aran-jornades-excellencia-pirineu-2-300x200.jpg 300w, https:\/\/www.jornadesperalexcellencia.cat\/wp-content\/uploads\/2024\/11\/Val-d-Aran-jornades-excellencia-pirineu-2-768x512.jpg 768w, https:\/\/www.jornadesperalexcellencia.cat\/wp-content\/uploads\/2024\/11\/Val-d-Aran-jornades-excellencia-pirineu-2-600x400.jpg 600w\" sizes=\"auto, (max-width: 900px) 100vw, 900px\" \/>    <\/div>\n    <div class=\"qodef-banner-text-holder\" >\n\t    <div class=\"qodef-banner-text-outer\">\n\t\t    <div class=\"qodef-banner-text-inner\">\n\t\t        \t\t        \t\t            <h3 class=\"qodef-banner-title\" style=\"color: #ffffff\">\n\t\t                2024 Val d'Aran\t                <\/h3>\n\t\t        \t\t\t\t\t\t\t<\/div>\n\t\t<\/div>\n\t<\/div>\n\t        <a itemprop=\"url\" class=\"qodef-banner-link\" href=\"https:\/\/www.jornadesperalexcellencia.cat\/es\/mesa-redonda-val-daran-2024\/\" target=\"_self\"><\/a>\n    <\/div>\t\t<\/div>\n\t<\/div>\n\t<\/div><\/div><\/div><\/div><\/div><\/div><div class=\"vc_row wpb_row vc_row-fluid\" ><div class=\"wpb_column vc_column_container vc_col-sm-6 vc_col-lg-offset-0 vc_col-lg-3 vc_col-md-offset-0 vc_col-md-3 vc_col-sm-offset-0 vc_col-xs-12\"><div class=\"vc_column-inner vc_custom_1531208263646\"><div class=\"wpb_wrapper\"><div class=\"qodef-elements-holder   qodef-one-column  qodef-responsive-mode-768 qodef-one-column-alignment-center\" ><div class=\"qodef-eh-item\" data-item-class=\"qodef-eh-custom-8141\" data-1367-1600=\"11px 5px 8px 5px\" data-769-1024=\"11px 5px 8px 4px\" data-681-768=\"22px 4px 22px 10px\" data-680=\"0px 10px 10px 10px\">\n\t\t<div class=\"qodef-eh-item-inner\">\n\t\t<div class=\"qodef-eh-item-content qodef-eh-custom-8141\" style=\"padding: 11px 5px 8px 5px\">\n\t\t\t<div class=\"qodef-banner-holder  qodef-visible-on-default qodef-banner-info-default\">\n    <div class=\"qodef-banner-image\">\n        <img loading=\"lazy\" decoding=\"async\" width=\"900\" height=\"600\" src=\"https:\/\/www.jornadesperalexcellencia.cat\/wp-content\/uploads\/2025\/02\/jornades-excellencia-2024-obertura-acte.jpg\" class=\"attachment-full size-full\" alt=\"\" srcset=\"https:\/\/www.jornadesperalexcellencia.cat\/wp-content\/uploads\/2025\/02\/jornades-excellencia-2024-obertura-acte.jpg 900w, https:\/\/www.jornadesperalexcellencia.cat\/wp-content\/uploads\/2025\/02\/jornades-excellencia-2024-obertura-acte-300x200.jpg 300w, https:\/\/www.jornadesperalexcellencia.cat\/wp-content\/uploads\/2025\/02\/jornades-excellencia-2024-obertura-acte-768x512.jpg 768w, https:\/\/www.jornadesperalexcellencia.cat\/wp-content\/uploads\/2025\/02\/jornades-excellencia-2024-obertura-acte-600x400.jpg 600w\" sizes=\"auto, (max-width: 900px) 100vw, 900px\" \/>    <\/div>\n    <div class=\"qodef-banner-text-holder\" >\n\t    <div class=\"qodef-banner-text-outer\">\n\t\t    <div class=\"qodef-banner-text-inner\">\n\t\t        \t\t        \t\t            <h3 class=\"qodef-banner-title\" style=\"color: #ffffff\">\n\t\t                2024\t                <\/h3>\n\t\t        \t\t\t\t\t\t\t<\/div>\n\t\t<\/div>\n\t<\/div>\n\t        <a itemprop=\"url\" class=\"qodef-banner-link\" href=\"https:\/\/www.jornadesperalexcellencia.cat\/es\/edicion-2024\/\" target=\"_self\"><\/a>\n    <\/div>\t\t<\/div>\n\t<\/div>\n\t<\/div><\/div><\/div><\/div><\/div><div class=\"wpb_column vc_column_container vc_col-sm-6 vc_col-lg-offset-0 vc_col-lg-3 vc_col-md-offset-0 vc_col-md-3 vc_col-sm-offset-0 vc_col-xs-12\"><div class=\"vc_column-inner vc_custom_1531208246159\"><div class=\"wpb_wrapper\"><div class=\"qodef-elements-holder   qodef-one-column  qodef-responsive-mode-768 qodef-one-column-alignment-center\" ><div class=\"qodef-eh-item\" data-item-class=\"qodef-eh-custom-6667\" data-1367-1600=\"11px 5px 8px 5px\" data-769-1024=\"11px 5px 8px 4px\" data-681-768=\"22px 4px 22px 10px\" data-680=\"0px 10px 10px 10px\">\n\t\t<div class=\"qodef-eh-item-inner\">\n\t\t<div class=\"qodef-eh-item-content qodef-eh-custom-6667\" style=\"padding: 11px 5px 8px 5px\">\n\t\t\t<div class=\"qodef-banner-holder  qodef-visible-on-default qodef-banner-info-default\">\n    <div class=\"qodef-banner-image\">\n        <img loading=\"lazy\" decoding=\"async\" width=\"900\" height=\"600\" src=\"https:\/\/www.jornadesperalexcellencia.cat\/wp-content\/uploads\/2024\/09\/2024-Jornades-Excellencia-Andorra-Joventut-3.jpg\" class=\"attachment-full size-full\" alt=\"\" srcset=\"https:\/\/www.jornadesperalexcellencia.cat\/wp-content\/uploads\/2024\/09\/2024-Jornades-Excellencia-Andorra-Joventut-3.jpg 900w, https:\/\/www.jornadesperalexcellencia.cat\/wp-content\/uploads\/2024\/09\/2024-Jornades-Excellencia-Andorra-Joventut-3-300x200.jpg 300w, https:\/\/www.jornadesperalexcellencia.cat\/wp-content\/uploads\/2024\/09\/2024-Jornades-Excellencia-Andorra-Joventut-3-768x512.jpg 768w, https:\/\/www.jornadesperalexcellencia.cat\/wp-content\/uploads\/2024\/09\/2024-Jornades-Excellencia-Andorra-Joventut-3-600x400.jpg 600w\" sizes=\"auto, (max-width: 900px) 100vw, 900px\" \/>    <\/div>\n    <div class=\"qodef-banner-text-holder\" >\n\t    <div class=\"qodef-banner-text-outer\">\n\t\t    <div class=\"qodef-banner-text-inner\">\n\t\t        \t\t        \t\t            <h3 class=\"qodef-banner-title\" style=\"color: #ffffff\">\n\t\t                2024 Andorra\t                <\/h3>\n\t\t        \t\t\t\t\t\t\t<\/div>\n\t\t<\/div>\n\t<\/div>\n\t        <a itemprop=\"url\" class=\"qodef-banner-link\" href=\"https:\/\/www.jornadesperalexcellencia.cat\/es\/mesa-redonda-en-andorra-2024\/\" target=\"_self\"><\/a>\n    <\/div>\t\t<\/div>\n\t<\/div>\n\t<\/div><\/div><\/div><\/div><\/div><div class=\"wpb_column vc_column_container vc_col-sm-6 vc_col-lg-offset-0 vc_col-lg-3 vc_col-md-offset-0 vc_col-md-3 vc_col-sm-offset-0 vc_col-xs-12\"><div class=\"vc_column-inner vc_custom_1531208252944\"><div class=\"wpb_wrapper\"><div class=\"qodef-elements-holder   qodef-one-column  qodef-responsive-mode-768\" ><div class=\"qodef-eh-item\" data-item-class=\"qodef-eh-custom-3557\" data-1367-1600=\"11px 4px 8px 5px\" data-769-1024=\"11px 4px 8px 5px\" data-681-768=\"0px 10px 10px 10px\" data-680=\"0px 10px 10px 10px\">\n\t\t<div class=\"qodef-eh-item-inner\">\n\t\t<div class=\"qodef-eh-item-content qodef-eh-custom-3557\" style=\"padding: 11px 4px 8px 5px\">\n\t\t\t<div class=\"qodef-banner-holder  qodef-visible-on-default qodef-banner-info-default\">\n    <div class=\"qodef-banner-image\">\n        <img loading=\"lazy\" decoding=\"async\" width=\"899\" height=\"600\" src=\"https:\/\/www.jornadesperalexcellencia.cat\/wp-content\/uploads\/2023\/10\/2023-jornades-excellencia-esterri-futur-pirineu-45.jpg\" class=\"attachment-full size-full\" alt=\"\" srcset=\"https:\/\/www.jornadesperalexcellencia.cat\/wp-content\/uploads\/2023\/10\/2023-jornades-excellencia-esterri-futur-pirineu-45.jpg 899w, https:\/\/www.jornadesperalexcellencia.cat\/wp-content\/uploads\/2023\/10\/2023-jornades-excellencia-esterri-futur-pirineu-45-300x200.jpg 300w, https:\/\/www.jornadesperalexcellencia.cat\/wp-content\/uploads\/2023\/10\/2023-jornades-excellencia-esterri-futur-pirineu-45-768x513.jpg 768w, https:\/\/www.jornadesperalexcellencia.cat\/wp-content\/uploads\/2023\/10\/2023-jornades-excellencia-esterri-futur-pirineu-45-600x400.jpg 600w\" sizes=\"auto, (max-width: 899px) 100vw, 899px\" \/>    <\/div>\n    <div class=\"qodef-banner-text-holder\" >\n\t    <div class=\"qodef-banner-text-outer\">\n\t\t    <div class=\"qodef-banner-text-inner\">\n\t\t        \t\t        \t\t            <h3 class=\"qodef-banner-title\" style=\"color: #ffffff\">\n\t\t                2023\t                <\/h3>\n\t\t        \t\t\t\t\t\t\t<\/div>\n\t\t<\/div>\n\t<\/div>\n\t        <a itemprop=\"url\" class=\"qodef-banner-link\" href=\"https:\/\/www.jornadesperalexcellencia.cat\/es\/edicion-2023\/\" target=\"_self\"><\/a>\n    <\/div>\t\t<\/div>\n\t<\/div>\n\t<\/div><\/div><\/div><\/div><\/div><div class=\"wpb_column vc_column_container vc_col-sm-6 vc_col-lg-offset-0 vc_col-lg-3 vc_col-md-offset-0 vc_col-md-3 vc_col-sm-offset-0 vc_col-xs-12\"><div class=\"vc_column-inner vc_custom_1531208257999\"><div class=\"wpb_wrapper\"><div class=\"qodef-elements-holder   qodef-one-column  qodef-responsive-mode-768\" ><div class=\"qodef-eh-item\" data-item-class=\"qodef-eh-custom-6958\" data-1367-1600=\"11px 4px 8px 5px\" data-769-1024=\"11px 4px 8px 5px\" data-681-768=\"0px 10px 10px 10px\" data-680=\"0px 10px 10px 10px\">\n\t\t<div class=\"qodef-eh-item-inner\">\n\t\t<div class=\"qodef-eh-item-content qodef-eh-custom-6958\" style=\"padding: 11px 4px 8px 5px\">\n\t\t\t<div class=\"qodef-banner-holder  qodef-visible-on-default qodef-banner-info-default\">\n    <div class=\"qodef-banner-image\">\n        <img loading=\"lazy\" decoding=\"async\" width=\"900\" height=\"600\" src=\"https:\/\/www.jornadesperalexcellencia.cat\/wp-content\/uploads\/2024\/08\/2023-taula-rodona-andorra-jornades-excellencia-pirineu.jpg\" class=\"attachment-full size-full\" alt=\"\" srcset=\"https:\/\/www.jornadesperalexcellencia.cat\/wp-content\/uploads\/2024\/08\/2023-taula-rodona-andorra-jornades-excellencia-pirineu.jpg 900w, https:\/\/www.jornadesperalexcellencia.cat\/wp-content\/uploads\/2024\/08\/2023-taula-rodona-andorra-jornades-excellencia-pirineu-300x200.jpg 300w, https:\/\/www.jornadesperalexcellencia.cat\/wp-content\/uploads\/2024\/08\/2023-taula-rodona-andorra-jornades-excellencia-pirineu-768x512.jpg 768w, https:\/\/www.jornadesperalexcellencia.cat\/wp-content\/uploads\/2024\/08\/2023-taula-rodona-andorra-jornades-excellencia-pirineu-600x400.jpg 600w\" sizes=\"auto, (max-width: 900px) 100vw, 900px\" \/>    <\/div>\n    <div class=\"qodef-banner-text-holder\" >\n\t    <div class=\"qodef-banner-text-outer\">\n\t\t    <div class=\"qodef-banner-text-inner\">\n\t\t        \t\t        \t\t            <h3 class=\"qodef-banner-title\" style=\"color: #ffffff\">\n\t\t                2023 Andorra\t                <\/h3>\n\t\t        \t\t\t\t\t\t\t<\/div>\n\t\t<\/div>\n\t<\/div>\n\t        <a itemprop=\"url\" class=\"qodef-banner-link\" href=\"https:\/\/www.jornadesperalexcellencia.cat\/es\/mesa-redonda-en-andorra-2023\/\" target=\"_self\"><\/a>\n    <\/div>\t\t<\/div>\n\t<\/div>\n\t<\/div><\/div><\/div><\/div><\/div><\/div><div class=\"vc_row wpb_row vc_row-fluid\" ><div class=\"wpb_column vc_column_container vc_col-sm-6 vc_col-lg-offset-0 vc_col-lg-3 vc_col-md-offset-0 vc_col-md-3 vc_col-sm-offset-0 vc_col-xs-12\"><div class=\"vc_column-inner vc_custom_1531208263646\"><div class=\"wpb_wrapper\"><div class=\"qodef-elements-holder   qodef-one-column  qodef-responsive-mode-768 qodef-one-column-alignment-center\" ><div class=\"qodef-eh-item\" data-item-class=\"qodef-eh-custom-1963\" data-1367-1600=\"11px 5px 8px 5px\" data-769-1024=\"11px 5px 8px 4px\" data-681-768=\"22px 4px 22px 10px\" data-680=\"0px 10px 10px 10px\">\n\t\t<div class=\"qodef-eh-item-inner\">\n\t\t<div class=\"qodef-eh-item-content qodef-eh-custom-1963\" style=\"padding: 11px 5px 8px 5px\">\n\t\t\t<div class=\"qodef-banner-holder  qodef-visible-on-default qodef-banner-info-default\">\n    <div class=\"qodef-banner-image\">\n        <img loading=\"lazy\" decoding=\"async\" width=\"500\" height=\"328\" src=\"https:\/\/www.jornadesperalexcellencia.cat\/wp-content\/uploads\/2022\/10\/jornades-excellencia-2022-edicion-cover.jpg\" class=\"attachment-full size-full\" alt=\"\" srcset=\"https:\/\/www.jornadesperalexcellencia.cat\/wp-content\/uploads\/2022\/10\/jornades-excellencia-2022-edicion-cover.jpg 500w, https:\/\/www.jornadesperalexcellencia.cat\/wp-content\/uploads\/2022\/10\/jornades-excellencia-2022-edicion-cover-300x197.jpg 300w\" sizes=\"auto, (max-width: 500px) 100vw, 500px\" \/>    <\/div>\n    <div class=\"qodef-banner-text-holder\" >\n\t    <div class=\"qodef-banner-text-outer\">\n\t\t    <div class=\"qodef-banner-text-inner\">\n\t\t        \t\t        \t\t            <h3 class=\"qodef-banner-title\" style=\"color: #ffffff\">\n\t\t                2022\t                <\/h3>\n\t\t        \t\t\t\t\t\t\t<\/div>\n\t\t<\/div>\n\t<\/div>\n\t        <a itemprop=\"url\" class=\"qodef-banner-link\" href=\"https:\/\/www.jornadesperalexcellencia.cat\/es\/edicion-2022\/\" target=\"_self\"><\/a>\n    <\/div>\t\t<\/div>\n\t<\/div>\n\t<\/div><\/div><\/div><\/div><\/div><div class=\"wpb_column vc_column_container vc_col-sm-6 vc_col-lg-offset-0 vc_col-lg-3 vc_col-md-offset-0 vc_col-md-3 vc_col-sm-offset-0 vc_col-xs-12\"><div class=\"vc_column-inner vc_custom_1531208246159\"><div class=\"wpb_wrapper\"><div class=\"qodef-elements-holder   qodef-one-column  qodef-responsive-mode-768 qodef-one-column-alignment-center\" ><div class=\"qodef-eh-item\" data-item-class=\"qodef-eh-custom-9153\" data-1367-1600=\"11px 5px 8px 5px\" data-769-1024=\"11px 5px 8px 4px\" data-681-768=\"22px 4px 22px 10px\" data-680=\"0px 10px 10px 10px\">\n\t\t<div class=\"qodef-eh-item-inner\">\n\t\t<div class=\"qodef-eh-item-content qodef-eh-custom-9153\" style=\"padding: 11px 5px 8px 5px\">\n\t\t\t<div class=\"qodef-banner-holder  qodef-visible-on-default qodef-banner-info-default\">\n    <div class=\"qodef-banner-image\">\n        <img loading=\"lazy\" decoding=\"async\" width=\"900\" height=\"600\" src=\"https:\/\/www.jornadesperalexcellencia.cat\/wp-content\/uploads\/2022\/09\/2022-Jornades-excellencia-taula-rodona-andorra-8.jpg\" class=\"attachment-full size-full\" alt=\"\" srcset=\"https:\/\/www.jornadesperalexcellencia.cat\/wp-content\/uploads\/2022\/09\/2022-Jornades-excellencia-taula-rodona-andorra-8.jpg 900w, https:\/\/www.jornadesperalexcellencia.cat\/wp-content\/uploads\/2022\/09\/2022-Jornades-excellencia-taula-rodona-andorra-8-300x200.jpg 300w, https:\/\/www.jornadesperalexcellencia.cat\/wp-content\/uploads\/2022\/09\/2022-Jornades-excellencia-taula-rodona-andorra-8-768x512.jpg 768w, https:\/\/www.jornadesperalexcellencia.cat\/wp-content\/uploads\/2022\/09\/2022-Jornades-excellencia-taula-rodona-andorra-8-600x400.jpg 600w\" sizes=\"auto, (max-width: 900px) 100vw, 900px\" \/>    <\/div>\n    <div class=\"qodef-banner-text-holder\" >\n\t    <div class=\"qodef-banner-text-outer\">\n\t\t    <div class=\"qodef-banner-text-inner\">\n\t\t        \t\t        \t\t            <h3 class=\"qodef-banner-title\" style=\"color: #ffffff\">\n\t\t                2022 Andorra\t                <\/h3>\n\t\t        \t\t\t\t\t\t\t<\/div>\n\t\t<\/div>\n\t<\/div>\n\t        <a itemprop=\"url\" class=\"qodef-banner-link\" href=\"https:\/\/www.jornadesperalexcellencia.cat\/es\/mesa-redonda-andorra-2022\/\" target=\"_self\"><\/a>\n    <\/div>\t\t<\/div>\n\t<\/div>\n\t<\/div><\/div><\/div><\/div><\/div><div class=\"wpb_column vc_column_container vc_col-sm-6 vc_col-lg-offset-0 vc_col-lg-3 vc_col-md-offset-0 vc_col-md-3 vc_col-sm-offset-0 vc_col-xs-12\"><div class=\"vc_column-inner vc_custom_1531208252944\"><div class=\"wpb_wrapper\"><div class=\"qodef-elements-holder   qodef-one-column  qodef-responsive-mode-768\" ><div class=\"qodef-eh-item\" data-item-class=\"qodef-eh-custom-6075\" data-1367-1600=\"11px 4px 8px 5px\" data-769-1024=\"11px 4px 8px 5px\" data-681-768=\"0px 10px 10px 10px\" data-680=\"0px 10px 10px 10px\">\n\t\t<div class=\"qodef-eh-item-inner\">\n\t\t<div class=\"qodef-eh-item-content qodef-eh-custom-6075\" style=\"padding: 11px 4px 8px 5px\">\n\t\t\t<div class=\"qodef-banner-holder  qodef-visible-on-default qodef-banner-info-default\">\n    <div class=\"qodef-banner-image\">\n        <img loading=\"lazy\" decoding=\"async\" width=\"500\" height=\"328\" src=\"https:\/\/www.jornadesperalexcellencia.cat\/wp-content\/uploads\/2021\/10\/jornades-excellencia-2021-edicions-cor-de-rock.jpg\" class=\"attachment-full size-full\" alt=\"\" srcset=\"https:\/\/www.jornadesperalexcellencia.cat\/wp-content\/uploads\/2021\/10\/jornades-excellencia-2021-edicions-cor-de-rock.jpg 500w, https:\/\/www.jornadesperalexcellencia.cat\/wp-content\/uploads\/2021\/10\/jornades-excellencia-2021-edicions-cor-de-rock-300x197.jpg 300w\" sizes=\"auto, (max-width: 500px) 100vw, 500px\" \/>    <\/div>\n    <div class=\"qodef-banner-text-holder\" >\n\t    <div class=\"qodef-banner-text-outer\">\n\t\t    <div class=\"qodef-banner-text-inner\">\n\t\t        \t\t        \t\t            <h3 class=\"qodef-banner-title\" style=\"color: #ffffff\">\n\t\t                2021\t                <\/h3>\n\t\t        \t\t\t\t\t\t\t<\/div>\n\t\t<\/div>\n\t<\/div>\n\t        <a itemprop=\"url\" class=\"qodef-banner-link\" href=\"\/es\/edicion-2021\/\" target=\"_self\"><\/a>\n    <\/div>\t\t<\/div>\n\t<\/div>\n\t<\/div><\/div><\/div><\/div><\/div><div class=\"wpb_column vc_column_container vc_col-sm-6 vc_col-lg-offset-0 vc_col-lg-3 vc_col-md-offset-0 vc_col-md-3 vc_col-sm-offset-0 vc_col-xs-12\"><div class=\"vc_column-inner vc_custom_1531208257999\"><div class=\"wpb_wrapper\"><div class=\"qodef-elements-holder   qodef-one-column  qodef-responsive-mode-768\" ><div class=\"qodef-eh-item\" data-item-class=\"qodef-eh-custom-8722\" data-1367-1600=\"11px 4px 8px 5px\" data-769-1024=\"11px 4px 8px 5px\" data-681-768=\"0px 10px 10px 10px\" data-680=\"0px 10px 10px 10px\">\n\t\t<div class=\"qodef-eh-item-inner\">\n\t\t<div class=\"qodef-eh-item-content qodef-eh-custom-8722\" style=\"padding: 11px 4px 8px 5px\">\n\t\t\t<div class=\"qodef-banner-holder  qodef-visible-on-default qodef-banner-info-default\">\n    <div class=\"qodef-banner-image\">\n        <img loading=\"lazy\" decoding=\"async\" width=\"500\" height=\"328\" src=\"https:\/\/www.jornadesperalexcellencia.cat\/wp-content\/uploads\/2021\/07\/jornades-excellencia-2020-edicions-ramon-folch.jpg\" class=\"attachment-full size-full\" alt=\"\" srcset=\"https:\/\/www.jornadesperalexcellencia.cat\/wp-content\/uploads\/2021\/07\/jornades-excellencia-2020-edicions-ramon-folch.jpg 500w, https:\/\/www.jornadesperalexcellencia.cat\/wp-content\/uploads\/2021\/07\/jornades-excellencia-2020-edicions-ramon-folch-300x197.jpg 300w\" sizes=\"auto, (max-width: 500px) 100vw, 500px\" \/>    <\/div>\n    <div class=\"qodef-banner-text-holder\" >\n\t    <div class=\"qodef-banner-text-outer\">\n\t\t    <div class=\"qodef-banner-text-inner\">\n\t\t        \t\t        \t\t            <h3 class=\"qodef-banner-title\" style=\"color: #ffffff\">\n\t\t                2020\t                <\/h3>\n\t\t        \t\t\t\t\t\t\t<\/div>\n\t\t<\/div>\n\t<\/div>\n\t        <a itemprop=\"url\" class=\"qodef-banner-link\" href=\"\/es\/edicion-2020\/\" target=\"_self\"><\/a>\n    <\/div>\t\t<\/div>\n\t<\/div>\n\t<\/div><\/div><\/div><\/div><\/div><\/div><div class=\"vc_row wpb_row vc_row-fluid\" ><div class=\"wpb_column vc_column_container vc_col-sm-6 vc_col-lg-offset-0 vc_col-lg-3 vc_col-md-offset-0 vc_col-md-3 vc_col-sm-offset-0 vc_col-xs-12\"><div class=\"vc_column-inner vc_custom_1531208263646\"><div class=\"wpb_wrapper\"><div class=\"qodef-elements-holder   qodef-one-column  qodef-responsive-mode-768\" ><div class=\"qodef-eh-item\" data-item-class=\"qodef-eh-custom-1356\" data-1367-1600=\"11px 5px 8px 5px\" data-769-1024=\"11px 5px 8px 4px\" data-681-768=\"22px 4px 22px 10px\" data-680=\"0px 10px 10px 10px\">\n\t\t<div class=\"qodef-eh-item-inner\">\n\t\t<div class=\"qodef-eh-item-content qodef-eh-custom-1356\" style=\"padding: 11px 5px 8px 5px\">\n\t\t\t<div class=\"qodef-banner-holder  qodef-visible-on-default qodef-banner-info-default\">\n    <div class=\"qodef-banner-image\">\n        <img loading=\"lazy\" decoding=\"async\" width=\"500\" height=\"328\" src=\"https:\/\/www.jornadesperalexcellencia.cat\/wp-content\/uploads\/2021\/07\/jornades-excellencia-2019-edicions-pilarin-Valles.jpg\" class=\"attachment-full size-full\" alt=\"\" srcset=\"https:\/\/www.jornadesperalexcellencia.cat\/wp-content\/uploads\/2021\/07\/jornades-excellencia-2019-edicions-pilarin-Valles.jpg 500w, https:\/\/www.jornadesperalexcellencia.cat\/wp-content\/uploads\/2021\/07\/jornades-excellencia-2019-edicions-pilarin-Valles-300x197.jpg 300w\" sizes=\"auto, (max-width: 500px) 100vw, 500px\" \/>    <\/div>\n    <div class=\"qodef-banner-text-holder\" >\n\t    <div class=\"qodef-banner-text-outer\">\n\t\t    <div class=\"qodef-banner-text-inner\">\n\t\t        \t\t        \t\t            <h3 class=\"qodef-banner-title\" style=\"color: #ffffff\">\n\t\t                2019\t                <\/h3>\n\t\t        \t\t\t\t\t\t\t<\/div>\n\t\t<\/div>\n\t<\/div>\n\t        <a itemprop=\"url\" class=\"qodef-banner-link\" href=\"\/es\/edicion-2019\/\" target=\"_self\"><\/a>\n    <\/div>\t\t<\/div>\n\t<\/div>\n\t<\/div><\/div><\/div><\/div><\/div><div class=\"wpb_column vc_column_container vc_col-sm-6 vc_col-lg-offset-0 vc_col-lg-3 vc_col-md-offset-0 vc_col-md-3 vc_col-sm-offset-0 vc_col-xs-12\"><div class=\"vc_column-inner vc_custom_1531208257999\"><div class=\"wpb_wrapper\"><div class=\"qodef-elements-holder   qodef-four-columns  qodef-responsive-mode-768\" ><div class=\"qodef-eh-item\" data-item-class=\"qodef-eh-custom-1814\" data-1367-1600=\"12px 6px 11px 12px\" data-769-1024=\"11px 7px 11px 7px\" data-681-768=\"21px 10px 10px 10px\" data-680=\"10px 10px 10px 10px\">\n\t\t<div class=\"qodef-eh-item-inner\">\n\t\t<div class=\"qodef-eh-item-content qodef-eh-custom-1814\" style=\"padding: 2px 5px 11px 12px\">\n\t\t\t<div class=\"qodef-banner-holder  qodef-visible-on-default qodef-banner-info-default\">\n    <div class=\"qodef-banner-image\">\n        <img loading=\"lazy\" decoding=\"async\" width=\"500\" height=\"328\" src=\"https:\/\/www.jornadesperalexcellencia.cat\/wp-content\/uploads\/2021\/07\/jornades-excellencia-2018-edicions-public.jpg\" class=\"attachment-full size-full\" alt=\"\" srcset=\"https:\/\/www.jornadesperalexcellencia.cat\/wp-content\/uploads\/2021\/07\/jornades-excellencia-2018-edicions-public.jpg 500w, https:\/\/www.jornadesperalexcellencia.cat\/wp-content\/uploads\/2021\/07\/jornades-excellencia-2018-edicions-public-300x197.jpg 300w\" sizes=\"auto, (max-width: 500px) 100vw, 500px\" \/>    <\/div>\n    <div class=\"qodef-banner-text-holder\" >\n\t    <div class=\"qodef-banner-text-outer\">\n\t\t    <div class=\"qodef-banner-text-inner\">\n\t\t        \t\t        \t\t            <h3 class=\"qodef-banner-title\" style=\"color: #ffffff\">\n\t\t                2018\t                <\/h3>\n\t\t        \t\t\t\t\t\t\t<\/div>\n\t\t<\/div>\n\t<\/div>\n\t        <a itemprop=\"url\" class=\"qodef-banner-link\" href=\"\/es\/edicion-2018\/\" target=\"_self\"><\/a>\n    <\/div>\t\t<\/div>\n\t<\/div>\n\t<\/div><\/div><\/div><\/div><\/div><div class=\"wpb_column vc_column_container vc_col-sm-6 vc_col-lg-offset-0 vc_col-lg-3 vc_col-md-offset-0 vc_col-md-3 vc_col-sm-offset-0 vc_col-xs-12\"><div class=\"vc_column-inner vc_custom_1739556648866\"><div class=\"wpb_wrapper\"><div class=\"qodef-elements-holder   qodef-one-column  qodef-responsive-mode-768\" ><div class=\"qodef-eh-item\" data-item-class=\"qodef-eh-custom-1622\" data-1367-1600=\"11px 11px 10px 7px\" data-769-1024=\"11px 8px 10px 7px\" data-681-768=\"0px 18px 21px 11px\" data-680=\"0px 10px 10px 10px\">\n\t\t<div class=\"qodef-eh-item-inner\">\n\t\t<div class=\"qodef-eh-item-content qodef-eh-custom-1622\" style=\"padding: 2px 5px 10px 7px\">\n\t\t\t<div class=\"qodef-banner-holder  qodef-visible-on-default qodef-banner-info-default\">\n    <div class=\"qodef-banner-image\">\n        <img loading=\"lazy\" decoding=\"async\" width=\"500\" height=\"328\" src=\"https:\/\/www.jornadesperalexcellencia.cat\/wp-content\/uploads\/2021\/07\/jornades-excellencia-2017-edicions-jaume-padros.jpg\" class=\"attachment-full size-full\" alt=\"\" srcset=\"https:\/\/www.jornadesperalexcellencia.cat\/wp-content\/uploads\/2021\/07\/jornades-excellencia-2017-edicions-jaume-padros.jpg 500w, https:\/\/www.jornadesperalexcellencia.cat\/wp-content\/uploads\/2021\/07\/jornades-excellencia-2017-edicions-jaume-padros-300x197.jpg 300w\" sizes=\"auto, (max-width: 500px) 100vw, 500px\" \/>    <\/div>\n    <div class=\"qodef-banner-text-holder\" >\n\t    <div class=\"qodef-banner-text-outer\">\n\t\t    <div class=\"qodef-banner-text-inner\">\n\t\t        \t\t        \t\t            <h3 class=\"qodef-banner-title\" style=\"color: #ffffff\">\n\t\t                2017\t                <\/h3>\n\t\t        \t\t\t\t\t\t\t<\/div>\n\t\t<\/div>\n\t<\/div>\n\t        <a itemprop=\"url\" class=\"qodef-banner-link\" href=\"\/es\/edicion-2017\/\" target=\"_self\"><\/a>\n    <\/div>\t\t<\/div>\n\t<\/div>\n\t<\/div><\/div><\/div><\/div><\/div><div class=\"wpb_column vc_column_container vc_col-sm-6 vc_col-lg-offset-0 vc_col-lg-3 vc_col-md-offset-0 vc_col-md-3 vc_col-sm-offset-0 vc_col-xs-12\"><div class=\"vc_column-inner vc_custom_1739556641367\"><div class=\"wpb_wrapper\"><div class=\"qodef-elements-holder   qodef-one-column  qodef-responsive-mode-768\" ><div class=\"qodef-eh-item\" data-item-class=\"qodef-eh-custom-3796\" data-1367-1600=\"11px 4px 8px 5px\" data-769-1024=\"11px 4px 8px 5px\" data-681-768=\"0px 10px 10px 10px\" data-680=\"0px 10px 10px 10px\">\n\t\t<div class=\"qodef-eh-item-inner\">\n\t\t<div class=\"qodef-eh-item-content qodef-eh-custom-3796\" style=\"padding: 2px 5px 8px 5px\">\n\t\t\t<div class=\"qodef-banner-holder  qodef-visible-on-default qodef-banner-info-default\">\n    <div class=\"qodef-banner-image\">\n        <img loading=\"lazy\" decoding=\"async\" width=\"500\" height=\"328\" src=\"https:\/\/www.jornadesperalexcellencia.cat\/wp-content\/uploads\/2021\/07\/jornades-excellencia-2016-edicions-pere-macias.jpg\" class=\"attachment-full size-full\" alt=\"\" srcset=\"https:\/\/www.jornadesperalexcellencia.cat\/wp-content\/uploads\/2021\/07\/jornades-excellencia-2016-edicions-pere-macias.jpg 500w, https:\/\/www.jornadesperalexcellencia.cat\/wp-content\/uploads\/2021\/07\/jornades-excellencia-2016-edicions-pere-macias-300x197.jpg 300w\" sizes=\"auto, (max-width: 500px) 100vw, 500px\" \/>    <\/div>\n    <div class=\"qodef-banner-text-holder\" >\n\t    <div class=\"qodef-banner-text-outer\">\n\t\t    <div class=\"qodef-banner-text-inner\">\n\t\t        \t\t        \t\t            <h3 class=\"qodef-banner-title\" style=\"color: #ffffff\">\n\t\t                2016\t                <\/h3>\n\t\t        \t\t\t\t\t\t\t<\/div>\n\t\t<\/div>\n\t<\/div>\n\t        <a itemprop=\"url\" class=\"qodef-banner-link\" href=\"\/es\/edicion-2016\/\" target=\"_self\"><\/a>\n    <\/div>\t\t<\/div>\n\t<\/div>\n\t<\/div><\/div><\/div><\/div><\/div><\/div><div class=\"vc_row wpb_row vc_row-fluid\" ><div class=\"wpb_column vc_column_container vc_col-sm-6 vc_col-lg-offset-0 vc_col-lg-3 vc_col-md-offset-0 vc_col-md-3 vc_col-sm-offset-0 vc_col-xs-12\"><div class=\"vc_column-inner vc_custom_1531208263646\"><div class=\"wpb_wrapper\"><div class=\"qodef-elements-holder   qodef-one-column  qodef-responsive-mode-768\" ><div class=\"qodef-eh-item\" data-item-class=\"qodef-eh-custom-1133\" data-1367-1600=\"11px 5px 8px 5px\" data-769-1024=\"11px 5px 8px 4px\" data-681-768=\"22px 4px 22px 10px\" data-680=\"0px 10px 10px 10px\">\n\t\t<div class=\"qodef-eh-item-inner\">\n\t\t<div class=\"qodef-eh-item-content qodef-eh-custom-1133\" style=\"padding: 2px 5px 8px 5px\">\n\t\t\t<div class=\"qodef-banner-holder  qodef-visible-on-default qodef-banner-info-default\">\n    <div class=\"qodef-banner-image\">\n        <img loading=\"lazy\" decoding=\"async\" width=\"500\" height=\"328\" src=\"https:\/\/www.jornadesperalexcellencia.cat\/wp-content\/uploads\/2021\/07\/jornades-excellencia-2015-edicions-joaquin-nadal.jpg\" class=\"attachment-full size-full\" alt=\"\" srcset=\"https:\/\/www.jornadesperalexcellencia.cat\/wp-content\/uploads\/2021\/07\/jornades-excellencia-2015-edicions-joaquin-nadal.jpg 500w, https:\/\/www.jornadesperalexcellencia.cat\/wp-content\/uploads\/2021\/07\/jornades-excellencia-2015-edicions-joaquin-nadal-300x197.jpg 300w\" sizes=\"auto, (max-width: 500px) 100vw, 500px\" \/>    <\/div>\n    <div class=\"qodef-banner-text-holder\" >\n\t    <div class=\"qodef-banner-text-outer\">\n\t\t    <div class=\"qodef-banner-text-inner\">\n\t\t        \t\t        \t\t            <h3 class=\"qodef-banner-title\" style=\"color: #ffffff\">\n\t\t                2015\t                <\/h3>\n\t\t        \t\t\t\t\t\t\t<\/div>\n\t\t<\/div>\n\t<\/div>\n\t        <a itemprop=\"url\" class=\"qodef-banner-link\" href=\"\/es\/edicion-2015\/\" target=\"_self\"><\/a>\n    <\/div>\t\t<\/div>\n\t<\/div>\n\t<\/div><\/div><\/div><\/div><\/div><div class=\"wpb_column vc_column_container vc_col-sm-6 vc_col-lg-offset-0 vc_col-lg-3 vc_col-md-offset-0 vc_col-md-3 vc_col-sm-offset-0 vc_col-xs-12\"><div class=\"vc_column-inner vc_custom_1531208257999\"><div class=\"wpb_wrapper\"><div class=\"qodef-elements-holder   qodef-four-columns  qodef-responsive-mode-768\" ><div class=\"qodef-eh-item\" data-item-class=\"qodef-eh-custom-9248\" data-1367-1600=\"12px 6px 11px 12px\" data-769-1024=\"11px 7px 11px 7px\" data-681-768=\"21px 10px 10px 10px\" data-680=\"10px 10px 10px 10px\">\n\t\t<div class=\"qodef-eh-item-inner\">\n\t\t<div class=\"qodef-eh-item-content qodef-eh-custom-9248\" style=\"padding: 2px 5px 11px 12px\">\n\t\t\t<div class=\"qodef-banner-holder  qodef-visible-on-default qodef-banner-info-default\">\n    <div class=\"qodef-banner-image\">\n        <img loading=\"lazy\" decoding=\"async\" width=\"500\" height=\"328\" src=\"https:\/\/www.jornadesperalexcellencia.cat\/wp-content\/uploads\/2021\/07\/jornades-excellencia-2014-edicions-victor-kuppers.jpg\" class=\"attachment-full size-full\" alt=\"Jornades per a l&#039;excel\u00b7l\u00e8ncia Esterri d&#039;\u00c0neu edici\u00f3 2014 Victor K\u00fcppers\" srcset=\"https:\/\/www.jornadesperalexcellencia.cat\/wp-content\/uploads\/2021\/07\/jornades-excellencia-2014-edicions-victor-kuppers.jpg 500w, https:\/\/www.jornadesperalexcellencia.cat\/wp-content\/uploads\/2021\/07\/jornades-excellencia-2014-edicions-victor-kuppers-300x197.jpg 300w\" sizes=\"auto, (max-width: 500px) 100vw, 500px\" \/>    <\/div>\n    <div class=\"qodef-banner-text-holder\" >\n\t    <div class=\"qodef-banner-text-outer\">\n\t\t    <div class=\"qodef-banner-text-inner\">\n\t\t        \t\t        \t\t            <h3 class=\"qodef-banner-title\" style=\"color: #ffffff\">\n\t\t                2014\t                <\/h3>\n\t\t        \t\t\t\t\t\t\t<\/div>\n\t\t<\/div>\n\t<\/div>\n\t        <a itemprop=\"url\" class=\"qodef-banner-link\" href=\"\/es\/edicion-2014\/\" target=\"_self\"><\/a>\n    <\/div>\t\t<\/div>\n\t<\/div>\n\t<\/div><\/div><\/div><\/div><\/div><div class=\"wpb_column vc_column_container vc_col-sm-6 vc_col-lg-offset-0 vc_col-lg-3 vc_col-md-offset-0 vc_col-md-3 vc_col-sm-offset-0 vc_col-xs-12\"><div class=\"vc_column-inner vc_custom_1739556648866\"><div class=\"wpb_wrapper\"><\/div><\/div><\/div><div class=\"wpb_column vc_column_container vc_col-sm-6 vc_col-lg-offset-0 vc_col-lg-3 vc_col-md-offset-0 vc_col-md-3 vc_col-sm-offset-0 vc_col-xs-12\"><div class=\"vc_column-inner vc_custom_1739556641367\"><div class=\"wpb_wrapper\"><\/div><\/div><\/div><\/div><div class=\"vc_row wpb_row vc_row-fluid\" ><div class=\"wpb_column vc_column_container vc_col-sm-12\"><div class=\"vc_column-inner\"><div class=\"wpb_wrapper\"><div class=\"vc_empty_space  espacio-vacio-mobile\"   style=\"height: 80px\"><span class=\"vc_empty_space_inner\"><\/span><\/div><\/div><\/div><\/div><\/div><div class=\"vc_row wpb_row vc_row-fluid\" ><div class=\"wpb_column vc_column_container vc_col-sm-12\"><div class=\"vc_column-inner vc_custom_1529055021087\"><div class=\"wpb_wrapper\"><div  class=\"wpb_widgetised_column wpb_content_element\">\n\t\t<div class=\"wpb_wrapper\">\n\t\t\t\n\t\t\t<div class=\"widget widget_qodef_instagram_widget\"><\/div>\n\t\t<\/div>\n\t<\/div>\n<\/div><\/div><\/div><\/div>","protected":false},"excerpt":{"rendered":"2026 2025 2025 Andorra 2024 Val d'Aran 2024 2024 Andorra 2023 2023 Andorra 2022 2022 Andorra 2021 2020 2019 2018 2017 2016 2015 2014","protected":false},"author":1,"featured_media":0,"parent":0,"menu_order":0,"comment_status":"closed","ping_status":"closed","template":"full-width.php","meta":{"footnotes":""},"class_list":["post-5042","page","type-page","status-publish","hentry"],"yoast_head":"<!-- This site is optimized with the Yoast SEO plugin v27.5 - https:\/\/yoast.com\/product\/yoast-seo-wordpress\/ -->\n<title>Ediciones - Jornades per a l&#039;excel\u00b7l\u00e8ncia<\/title>\n<meta name=\"robots\" content=\"index, follow, max-snippet:-1, max-image-preview:large, max-video-preview:-1\" \/>\n<link rel=\"canonical\" href=\"https:\/\/www.jornadesperalexcellencia.cat\/es\/ediciones\/\" \/>\n<meta property=\"og:locale\" content=\"es_ES\" \/>\n<meta property=\"og:type\" content=\"article\" \/>\n<meta property=\"og:title\" content=\"Ediciones - Jornades per a l&#039;excel\u00b7l\u00e8ncia\" \/>\n<meta property=\"og:url\" content=\"https:\/\/www.jornadesperalexcellencia.cat\/es\/ediciones\/\" \/>\n<meta property=\"og:site_name\" content=\"Jornades per a l&#039;excel\u00b7l\u00e8ncia\" \/>\n<meta property=\"article:modified_time\" content=\"2026-04-20T09:19:10+00:00\" \/>\n<meta name=\"twitter:card\" content=\"summary_large_image\" \/>\n<meta name=\"twitter:label1\" content=\"Tiempo de lectura\" \/>\n\t<meta name=\"twitter:data1\" content=\"10 minutos\" \/>\n<script type=\"application\/ld+json\" class=\"yoast-schema-graph\">{\"@context\":\"https:\\\/\\\/schema.org\",\"@graph\":[{\"@type\":\"WebPage\",\"@id\":\"https:\\\/\\\/www.jornadesperalexcellencia.cat\\\/es\\\/ediciones\\\/\",\"url\":\"https:\\\/\\\/www.jornadesperalexcellencia.cat\\\/es\\\/ediciones\\\/\",\"name\":\"Ediciones - Jornades per a l&#039;excel\u00b7l\u00e8ncia\",\"isPartOf\":{\"@id\":\"https:\\\/\\\/www.jornadesperalexcellencia.cat\\\/es\\\/#website\"},\"datePublished\":\"2021-03-03T12:16:14+00:00\",\"dateModified\":\"2026-04-20T09:19:10+00:00\",\"breadcrumb\":{\"@id\":\"https:\\\/\\\/www.jornadesperalexcellencia.cat\\\/es\\\/ediciones\\\/#breadcrumb\"},\"inLanguage\":\"es\",\"potentialAction\":[{\"@type\":\"ReadAction\",\"target\":[\"https:\\\/\\\/www.jornadesperalexcellencia.cat\\\/es\\\/ediciones\\\/\"]}]},{\"@type\":\"BreadcrumbList\",\"@id\":\"https:\\\/\\\/www.jornadesperalexcellencia.cat\\\/es\\\/ediciones\\\/#breadcrumb\",\"itemListElement\":[{\"@type\":\"ListItem\",\"position\":1,\"name\":\"Inici\",\"item\":\"https:\\\/\\\/www.jornadesperalexcellencia.cat\\\/es\\\/inicio\\\/\"},{\"@type\":\"ListItem\",\"position\":2,\"name\":\"Ediciones\"}]},{\"@type\":\"WebSite\",\"@id\":\"https:\\\/\\\/www.jornadesperalexcellencia.cat\\\/es\\\/#website\",\"url\":\"https:\\\/\\\/www.jornadesperalexcellencia.cat\\\/es\\\/\",\"name\":\"Jornades per a l&#039;excel\u00b7l\u00e8ncia\",\"description\":\"Confer\u00e8ncies anuals per al progr\u00e9s i desenvolupament dels territoris del Pirineu. Esterri d&#039;\u00c0neu i Andorra.\",\"alternateName\":\"Jornades per a l'excel\u00b7l\u00e8ncia\",\"potentialAction\":[{\"@type\":\"SearchAction\",\"target\":{\"@type\":\"EntryPoint\",\"urlTemplate\":\"https:\\\/\\\/www.jornadesperalexcellencia.cat\\\/es\\\/?s={search_term_string}\"},\"query-input\":{\"@type\":\"PropertyValueSpecification\",\"valueRequired\":true,\"valueName\":\"search_term_string\"}}],\"inLanguage\":\"es\"}]}<\/script>\n<!-- \/ Yoast SEO plugin. -->","yoast_head_json":{"title":"Ediciones - Jornades per a l&#039;excel\u00b7l\u00e8ncia","robots":{"index":"index","follow":"follow","max-snippet":"max-snippet:-1","max-image-preview":"max-image-preview:large","max-video-preview":"max-video-preview:-1"},"canonical":"https:\/\/www.jornadesperalexcellencia.cat\/es\/ediciones\/","og_locale":"es_ES","og_type":"article","og_title":"Ediciones - Jornades per a l&#039;excel\u00b7l\u00e8ncia","og_url":"https:\/\/www.jornadesperalexcellencia.cat\/es\/ediciones\/","og_site_name":"Jornades per a l&#039;excel\u00b7l\u00e8ncia","article_modified_time":"2026-04-20T09:19:10+00:00","twitter_card":"summary_large_image","twitter_misc":{"Tiempo de lectura":"10 minutos"},"schema":{"@context":"https:\/\/schema.org","@graph":[{"@type":"WebPage","@id":"https:\/\/www.jornadesperalexcellencia.cat\/es\/ediciones\/","url":"https:\/\/www.jornadesperalexcellencia.cat\/es\/ediciones\/","name":"Ediciones - Jornades per a l&#039;excel\u00b7l\u00e8ncia","isPartOf":{"@id":"https:\/\/www.jornadesperalexcellencia.cat\/es\/#website"},"datePublished":"2021-03-03T12:16:14+00:00","dateModified":"2026-04-20T09:19:10+00:00","breadcrumb":{"@id":"https:\/\/www.jornadesperalexcellencia.cat\/es\/ediciones\/#breadcrumb"},"inLanguage":"es","potentialAction":[{"@type":"ReadAction","target":["https:\/\/www.jornadesperalexcellencia.cat\/es\/ediciones\/"]}]},{"@type":"BreadcrumbList","@id":"https:\/\/www.jornadesperalexcellencia.cat\/es\/ediciones\/#breadcrumb","itemListElement":[{"@type":"ListItem","position":1,"name":"Inici","item":"https:\/\/www.jornadesperalexcellencia.cat\/es\/inicio\/"},{"@type":"ListItem","position":2,"name":"Ediciones"}]},{"@type":"WebSite","@id":"https:\/\/www.jornadesperalexcellencia.cat\/es\/#website","url":"https:\/\/www.jornadesperalexcellencia.cat\/es\/","name":"Jornades per a l&#039;excel\u00b7l\u00e8ncia","description":"Confer\u00e8ncies anuals per al progr\u00e9s i desenvolupament dels territoris del Pirineu. Esterri d&#039;\u00c0neu i Andorra.","alternateName":"Jornades per a l'excel\u00b7l\u00e8ncia","potentialAction":[{"@type":"SearchAction","target":{"@type":"EntryPoint","urlTemplate":"https:\/\/www.jornadesperalexcellencia.cat\/es\/?s={search_term_string}"},"query-input":{"@type":"PropertyValueSpecification","valueRequired":true,"valueName":"search_term_string"}}],"inLanguage":"es"}]}},"_links":{"self":[{"href":"https:\/\/www.jornadesperalexcellencia.cat\/es\/wp-json\/wp\/v2\/pages\/5042","targetHints":{"allow":["GET"]}}],"collection":[{"href":"https:\/\/www.jornadesperalexcellencia.cat\/es\/wp-json\/wp\/v2\/pages"}],"about":[{"href":"https:\/\/www.jornadesperalexcellencia.cat\/es\/wp-json\/wp\/v2\/types\/page"}],"author":[{"embeddable":true,"href":"https:\/\/www.jornadesperalexcellencia.cat\/es\/wp-json\/wp\/v2\/users\/1"}],"replies":[{"embeddable":true,"href":"https:\/\/www.jornadesperalexcellencia.cat\/es\/wp-json\/wp\/v2\/comments?post=5042"}],"version-history":[{"count":7,"href":"https:\/\/www.jornadesperalexcellencia.cat\/es\/wp-json\/wp\/v2\/pages\/5042\/revisions"}],"predecessor-version":[{"id":12363,"href":"https:\/\/www.jornadesperalexcellencia.cat\/es\/wp-json\/wp\/v2\/pages\/5042\/revisions\/12363"}],"wp:attachment":[{"href":"https:\/\/www.jornadesperalexcellencia.cat\/es\/wp-json\/wp\/v2\/media?parent=5042"}],"curies":[{"name":"wp","href":"https:\/\/api.w.org\/{rel}","templated":true}]}}