{"id":5036,"date":"2021-03-03T14:11:31","date_gmt":"2021-03-03T12:11:31","guid":{"rendered":"https:\/\/www.jornadesperalexcellencia.cat\/?page_id=5036"},"modified":"2025-11-28T12:45:51","modified_gmt":"2025-11-28T10:45:51","slug":"inicio","status":"publish","type":"page","link":"https:\/\/www.jornadesperalexcellencia.cat\/es\/inicio\/","title":{"rendered":"Inicio"},"content":{"rendered":"<div data-vc-full-width=\"true\" data-vc-full-width-init=\"false\" data-vc-stretch-content=\"true\" class=\"vc_row wpb_row vc_row-fluid\" ><div class=\"wpb_column vc_column_container vc_col-sm-12\"><div class=\"vc_column-inner vc_custom_1739561041475\"><div class=\"wpb_wrapper\">\n\t\t\t<!-- START SLIDER ES 2025 REVOLUTION SLIDER 6.2.23 --><p class=\"rs-p-wp-fix\"><\/p>\n\t\t\t<rs-module-wrap id=\"rev_slider_33_1_wrapper\" data-source=\"gallery\" style=\"background:transparent;padding:0;margin:0px auto;margin-top:0;margin-bottom:0;\">\n\t\t\t\t<rs-module id=\"rev_slider_33_1\" style=\"\" data-version=\"6.2.23\">\n\t\t\t\t\t<rs-slides>\n\t\t\t\t\t\t<rs-slide data-key=\"rs-38\" data-title=\"Slide\" data-anim=\"ei:d;eo:d;s:1000;r:0;t:fade;sl:0;\">\n\t\t\t\t\t\t\t<img decoding=\"async\" src=\"\/\/www.jornadesperalexcellencia.cat\/wp-content\/plugins\/revslider\/public\/assets\/assets\/transparent.png\" title=\"Inicio\" class=\"rev-slidebg\" data-no-retina>\n\t\t\t\t\t\t\t<rs-bgvideo \n\t\t\t\t\t\t\t\tdata-video=\"vc:none;w:100%;h:100%;nse:false;l:true;ptimer:false;\"\n\t\t\t\t\t\t\t\tdata-ytid=\"b7pIWviKIJ8\"\n\t\t\t\t\t\t\t\tdata-vatr=\"version=3&amp;enablejsapi=1&amp;html5=1&amp;hd=1&amp;wmode=opaque&amp;showinfo=0&amp;rel=0&amp;origin=https:\/\/www.jornadesperalexcellencia.cat;\"\n\t\t\t\t\t\t\t><\/rs-bgvideo>\n<!--\n\t\t\t\t\t\t\t--><rs-layer\n\t\t\t\t\t\t\t\tid=\"slider-33-slide-38-layer-0\" \n\t\t\t\t\t\t\t\tdata-type=\"text\"\n\t\t\t\t\t\t\t\tdata-rsp_ch=\"on\"\n\t\t\t\t\t\t\t\tdata-xy=\"xo:94px,43px,64px,39px;yo:736px,338px,319px,267px;\"\n\t\t\t\t\t\t\t\tdata-text=\"w:normal;s:17,7,16,16;l:32,14,10,16;ls:3px,1px,0px,0px;\"\n\t\t\t\t\t\t\t\tdata-frame_999=\"o:0;st:w;\"\n\t\t\t\t\t\t\t\tstyle=\"z-index:8;font-family:Poppins;font-style:italic;\"\n\t\t\t\t\t\t\t> \n\t\t\t\t\t\t\t<\/rs-layer><!--\n\n\t\t\t\t\t\t\t--><rs-layer\n\t\t\t\t\t\t\t\tid=\"slider-33-slide-38-layer-1\" \n\t\t\t\t\t\t\t\tdata-type=\"text\"\n\t\t\t\t\t\t\t\tdata-rsp_ch=\"on\"\n\t\t\t\t\t\t\t\tdata-xy=\"xo:96px,44px,64px,40px;yo:399px,472px,353px,364px;\"\n\t\t\t\t\t\t\t\tdata-text=\"w:normal;s:68,68,42,45;l:74,68,51,45;fw:700;\"\n\t\t\t\t\t\t\t\tdata-dim=\"w:auto,auto,auto,400px;\"\n\t\t\t\t\t\t\t\tdata-frame_999=\"o:0;st:w;\"\n\t\t\t\t\t\t\t\tstyle=\"z-index:9;font-family:Poppins;text-transform:uppercase;\"\n\t\t\t\t\t\t\t>Pirineos en Red: \n\t\t\t\t\t\t\t<\/rs-layer><!--\n\n\t\t\t\t\t\t\t--><rs-layer\n\t\t\t\t\t\t\t\tid=\"slider-33-slide-38-layer-2\" \n\t\t\t\t\t\t\t\tdata-type=\"text\"\n\t\t\t\t\t\t\t\tdata-rsp_ch=\"on\"\n\t\t\t\t\t\t\t\tdata-xy=\"xo:96px,44px,64px,40px;yo:496px,569px,401px,464px;\"\n\t\t\t\t\t\t\t\tdata-text=\"w:normal;s:36,24,30,30;l:25,11,30,30;fw:700;\"\n\t\t\t\t\t\t\t\tdata-dim=\"w:auto,auto,377.23400000000004px,329px;\"\n\t\t\t\t\t\t\t\tdata-frame_999=\"o:0;st:w;\"\n\t\t\t\t\t\t\t\tstyle=\"z-index:10;font-family:Poppins;text-transform:uppercase;\"\n\t\t\t\t\t\t\t>Movilidad y Conectividad \n\t\t\t\t\t\t\t<\/rs-layer><!--\n\n\t\t\t\t\t\t\t--><rs-layer\n\t\t\t\t\t\t\t\tid=\"slider-33-slide-38-layer-4\" \n\t\t\t\t\t\t\t\tdata-type=\"text\"\n\t\t\t\t\t\t\t\tdata-rsp_ch=\"on\"\n\t\t\t\t\t\t\t\tdata-xy=\"xo:101px,44px,65px,41px;yo:361px,433px,317px,328px;\"\n\t\t\t\t\t\t\t\tdata-text=\"w:normal;s:20,24,16,18;l:29,24,18,18;\"\n\t\t\t\t\t\t\t\tdata-dim=\"h:auto,auto,17px,auto;\"\n\t\t\t\t\t\t\t\tdata-vbility=\"f,f,f,f\"\n\t\t\t\t\t\t\t\tdata-frame_999=\"o:0;st:w;\"\n\t\t\t\t\t\t\t\tstyle=\"z-index:12;font-family:Poppins;\"\n\t\t\t\t\t\t\t>Desde 2014 apostando por LA EXCELENCIA \n\t\t\t\t\t\t\t<\/rs-layer><!--\n\n\t\t\t\t\t\t\t--><rs-layer\n\t\t\t\t\t\t\t\tid=\"slider-33-slide-38-layer-5\" \n\t\t\t\t\t\t\t\tdata-type=\"text\"\n\t\t\t\t\t\t\t\tdata-rsp_ch=\"on\"\n\t\t\t\t\t\t\t\tdata-xy=\"xo:96px,44px,64px,40px;y:t,t,b,b;yo:326px,616px,236px,122px;\"\n\t\t\t\t\t\t\t\tdata-text=\"w:normal,normal,normal,normal;s:20,9,6,4;l:25,11,8,25;\"\n\t\t\t\t\t\t\t\tdata-dim=\"w:1481px,681px,516px,318px;h:auto,auto,auto,46px;\"\n\t\t\t\t\t\t\t\tdata-frame_999=\"o:0;st:w;\"\n\t\t\t\t\t\t\t\tstyle=\"z-index:14;font-family:Roboto;\"\n\t\t\t\t\t\t\t><a itemprop=\"url\" href=\"#\" target=\"_self\" style=\"color: #fff;background-color: #bd3238;border-color: #bd3238\" class=\"qodef-btn qodef-btn-large qodef-btn-solid qodef-with-svg-arrow\"  >\n    <span class=\"qodef-btn-text\">\n        <span class=\"qodef-btn-text-inner\">EDICI\u00d3N 2026<\/span>\n                    <svg class=\"qodef-svg-icon\" x=\"0px\" y=\"0px\" viewBox=\"0 0 5 8.7\" enable-background=\"new 0 0 5 8.7\" xml:space=\"preserve\" style=\"color: #fff;background-color: #bd3238;border-color: #bd3238\">\n                <path d=\"M0.3,7.6l3.2-3.3L0.3,1.1C0,0.8,0,0.6,0.3,0.3c0.3-0.3,0.5-0.3,0.8,0L4.7,4c0.1,0.1,0.2,0.2,0.2,0.4c0,0.2-0.1,0.3-0.2,0.4 \n                        L1.1,8.4c-0.3,0.3-0.5,0.3-0.8,0C0,8.2,0,7.9,0.3,7.6z\"\/>\n            <\/svg>\n            <\/span>\n    <\/a><br \/>\n \n\t\t\t\t\t\t\t<\/rs-layer><!--\n\n\t\t\t\t\t\t\t--><rs-layer\n\t\t\t\t\t\t\t\tid=\"slider-33-slide-38-layer-6\" \n\t\t\t\t\t\t\t\tdata-type=\"text\"\n\t\t\t\t\t\t\t\tdata-rsp_ch=\"on\"\n\t\t\t\t\t\t\t\tdata-xy=\"xo:99px,44px,61px,40px;y:t,t,b,b;yo:547px,688px,134px,51px;\"\n\t\t\t\t\t\t\t\tdata-text=\"w:normal,normal,normal,normal;s:24,18,10,18;l:34,18,18,26;\"\n\t\t\t\t\t\t\t\tdata-dim=\"w:867px,662px,606px,400px;h:auto,auto,65px,auto;\"\n\t\t\t\t\t\t\t\tdata-frame_999=\"o:0;st:w;\"\n\t\t\t\t\t\t\t\tstyle=\"z-index:14;font-family:Poppins;\"\n\t\t\t\t\t\t\t><b>2-3 Octubre<\/b> \n\t\t\t\t\t\t\t<\/rs-layer><!--\n-->\t\t\t\t\t\t<\/rs-slide>\n\t\t\t\t\t<\/rs-slides>\n\t\t\t\t<\/rs-module>\n\t\t\t\t<script type=\"text\/javascript\">\n\t\t\t\t\tsetREVStartSize({c: 'rev_slider_33_1',rl:[1240,1024,778,480],el:[900,778,778,720],gw:[2230,1026,778,480],gh:[900,778,778,720],type:'hero',justify:'',layout:'fullwidth',mh:\"0\"});\n\t\t\t\t\tvar\trevapi33,\n\t\t\t\t\t\ttpj;\n\t\t\t\t\tfunction revinit_revslider331() {\n\t\t\t\t\tjQuery(function() {\n\t\t\t\t\t\ttpj = jQuery;\n\t\t\t\t\t\trevapi33 = tpj(\"#rev_slider_33_1\");\n\t\t\t\t\t\tif(revapi33==undefined || revapi33.revolution == undefined){\n\t\t\t\t\t\t\trevslider_showDoubleJqueryError(\"rev_slider_33_1\");\n\t\t\t\t\t\t}else{\n\t\t\t\t\t\t\trevapi33.revolution({\n\t\t\t\t\t\t\t\tsliderType:\"hero\",\n\t\t\t\t\t\t\t\tsliderLayout:\"fullwidth\",\n\t\t\t\t\t\t\t\tvisibilityLevels:\"1240,1024,778,480\",\n\t\t\t\t\t\t\t\tgridwidth:\"2230,1026,778,480\",\n\t\t\t\t\t\t\t\tgridheight:\"900,778,778,720\",\n\t\t\t\t\t\t\t\tspinner:\"spinner0\",\n\t\t\t\t\t\t\t\tperspective:600,\n\t\t\t\t\t\t\t\tperspectiveType:\"global\",\n\t\t\t\t\t\t\t\teditorheight:\"900,778,778,720\",\n\t\t\t\t\t\t\t\tresponsiveLevels:\"1240,1024,778,480\",\n\t\t\t\t\t\t\t\tprogressBar:{disableProgressBar:true},\n\t\t\t\t\t\t\t\tnavigation: {\n\t\t\t\t\t\t\t\t\tonHoverStop:false\n\t\t\t\t\t\t\t\t},\n\t\t\t\t\t\t\t\tfallbacks: {\n\t\t\t\t\t\t\t\t\tallowHTML5AutoPlayOnAndroid:true\n\t\t\t\t\t\t\t\t},\n\t\t\t\t\t\t\t});\n\t\t\t\t\t\t}\n\t\t\t\t\t\t\n\t\t\t\t\t});\n\t\t\t\t\t} \/\/ End of RevInitScript\n\t\t\t\tvar once_revslider331 = false;\n\t\t\t\tif (document.readyState === \"loading\") {document.addEventListener('readystatechange',function() { if((document.readyState === \"interactive\" || document.readyState === \"complete\") && !once_revslider331 ) { once_revslider331 = true; revinit_revslider331();}});} else {once_revslider331 = true; revinit_revslider331();}\n\t\t\t\t<\/script>\n\t\t\t<\/rs-module-wrap>\n\t\t\t<!-- END REVOLUTION SLIDER -->\n<div class=\"vc_empty_space\"   style=\"height: 22px\"><span class=\"vc_empty_space_inner\"><\/span><\/div><\/div><\/div><\/div><\/div><div class=\"vc_row-full-width vc_clearfix\"><\/div><div class=\"qodef-row-grid-section-wrapper \"  ><div class=\"qodef-row-grid-section\"><div class=\"vc_row wpb_row vc_row-fluid vc_custom_1756129672331\" ><div class=\"wpb_column vc_column_container vc_col-sm-12\"><div class=\"vc_column-inner vc_custom_1753860978416\"><div class=\"wpb_wrapper\"><div class=\"qodef-section-title-holder titulo-principal  qodef-st-title-left qodef-st-normal-space qodef-st-with-animation\" style=\"padding: 0 0%;text-align: center\">\n\t<div class=\"qodef-st-inner\">\n\t\t\t\t\t\t\t<div class=\"qodef-st-title-wrapper\">\n\t\t\t\t<h1 class=\"qodef-st-title\" >\n\t\t\t\t\tJornades per a l'excel\u00b7l\u00e8ncia \u00bfQu\u00e9 son?\t\t\t\t<\/h1>\n\t\t\t<\/div>\n\t\t\t\t\t<\/div>\n<\/div><div class=\"vc_empty_space\"   style=\"height: 10px\"><span class=\"vc_empty_space_inner\"><\/span><\/div><div class=\"qodef-section-title-holder titulo-sec  qodef-st-title-left qodef-st-normal-space qodef-st-with-animation\" style=\"text-align: center\">\n\t<div class=\"qodef-st-inner\">\n\t\t\t\t\t\t\t<div class=\"qodef-st-title-wrapper\">\n\t\t\t\t<h2 class=\"qodef-st-title\" >\n\t\t\t\t\tConferencias anuales para el progreso y desarrollo de los territorios del Pirineo\t\t\t\t<\/h2>\n\t\t\t<\/div>\n\t\t\t\t\t<\/div>\n<\/div><div class=\"qodef-elements-holder   qodef-one-column  qodef-responsive-mode-768 \" ><div class=\"qodef-eh-item   qodef-horizontal-alignment-center  \" data-item-class=\"qodef-eh-custom-5050\" data-681-768=\"0 8%\" data-680=\"0px 0px\">\n\t\t<div class=\"qodef-eh-item-inner\">\n\t\t<div class=\"qodef-eh-item-content qodef-eh-custom-5050\" style=\"padding: 0 10%\">\n\t\t\t\n\t<div class=\"wpb_text_column wpb_content_element \" >\n\t\t<div class=\"wpb_wrapper\">\n\t\t\t<p>Estas jornadas ofrecen espacios de encuentro donde se presentan ponencias y debates; su finalidad es favorecer el desarrollo econ\u00f3mico, social y cultural de los habitantes del Pirineo. Estos eventos pretenden ser una referencia para todas aquellas personas que quieren contribuir a mejorar las condiciones de vida en el Pirineo con nuevas oportunidades laborales y velar para disponer de servicios de calidad.<\/p>\n\n\t\t<\/div>\n\t<\/div>\n\t\t<\/div>\n\t<\/div>\n\t<\/div><\/div><\/div><\/div><\/div><\/div><\/div><\/div><div class=\"vc_row wpb_row vc_row-fluid vc_row-o-content-middle vc_row-flex\" ><div class=\"wpb_column vc_column_container vc_col-sm-9\"><div class=\"vc_column-inner vc_custom_1614253884400\"><div class=\"wpb_wrapper\"><div class=\"qodef-clients-carousel-holder qodef-cc-hover-roll-over\">\n\t<div class=\"qodef-cc-inner qodef-owl-slider\" data-number-of-items=\"3\" data-enable-loop=\"yes\" data-enable-autoplay=\"yes\" data-slider-speed=\"5000\" data-slider-speed-animation=\"600\" data-enable-navigation=\"no\" data-enable-pagination=\"yes\">\n\t\t<div class=\"qodef-cc-item qodef-item-space qodef-cci-has-link\">\n\t\t\t<a itemprop=\"url\" class=\"qodef-cc-link qodef-block-drag-link\" href=\"\/edicion-2025\/\" target=\"_self\">\n\t\t\t\t\t\t<img decoding=\"async\" itemprop=\"image\" class=\"qodef-cc-image\" src=\"https:\/\/www.jornadesperalexcellencia.cat\/wp-content\/uploads\/2025\/08\/Programa-jornades-excellencia-pirineu-gestio-sostenible-aigua-1.jpg\" alt=\"\" \/>\n\t\t\t\t\t\t\t<img decoding=\"async\" itemprop=\"image\" class=\"qodef-cc-hover-image\" src=\"https:\/\/www.jornadesperalexcellencia.cat\/wp-content\/uploads\/2025\/08\/Programa-jornades-excellencia-pirineu-gestio-sostenible-aigua-1.jpg\" alt=\"\" \/>\n\t\t\t\t\t<\/a>\n\t<\/div><div class=\"qodef-cc-item qodef-item-space qodef-cci-has-link\">\n\t\t\t<a itemprop=\"url\" class=\"qodef-cc-link qodef-block-drag-link\" href=\"\/edicion-2024\/\" target=\"_self\">\n\t\t\t\t\t\t<img decoding=\"async\" itemprop=\"image\" class=\"qodef-cc-image\" src=\"https:\/\/www.jornadesperalexcellencia.cat\/wp-content\/uploads\/2025\/02\/jornades-2024-joventud-pirineu.png\" alt=\"\" \/>\n\t\t\t\t\t\t\t<img decoding=\"async\" itemprop=\"image\" class=\"qodef-cc-hover-image\" src=\"https:\/\/www.jornadesperalexcellencia.cat\/wp-content\/uploads\/2025\/02\/jornades-excellencia-2024-obertura-acte.jpg\" alt=\"\" \/>\n\t\t\t\t\t<\/a>\n\t<\/div><div class=\"qodef-cc-item qodef-item-space qodef-cci-has-link\">\n\t\t\t<a itemprop=\"url\" class=\"qodef-cc-link qodef-block-drag-link\" href=\"\/edicion-2023\/\" target=\"_self\">\n\t\t\t\t\t\t<img decoding=\"async\" itemprop=\"image\" class=\"qodef-cc-image\" src=\"https:\/\/www.jornadesperalexcellencia.cat\/wp-content\/uploads\/2023\/11\/jornades-excellencia-grafico-edicion-2023.png\" alt=\"\" \/>\n\t\t\t\t\t\t\t<img decoding=\"async\" itemprop=\"image\" class=\"qodef-cc-hover-image\" src=\"https:\/\/www.jornadesperalexcellencia.cat\/wp-content\/uploads\/2023\/10\/2023-jornades-excellencia-esterri-futur-pirineu-45.jpg\" alt=\"\" \/>\n\t\t\t\t\t<\/a>\n\t<\/div><div class=\"qodef-cc-item qodef-item-space qodef-cci-has-link\">\n\t\t\t<a itemprop=\"url\" class=\"qodef-cc-link qodef-block-drag-link\" href=\"\/edicion-2022\/\" target=\"_self\">\n\t\t\t\t\t\t<img decoding=\"async\" itemprop=\"image\" class=\"qodef-cc-image\" src=\"https:\/\/www.jornadesperalexcellencia.cat\/wp-content\/uploads\/2022\/10\/jornades-excellencia-grafico-edicion-2022-es.png\" alt=\"\" \/>\n\t\t\t\t\t\t\t<img decoding=\"async\" itemprop=\"image\" class=\"qodef-cc-hover-image\" src=\"https:\/\/www.jornadesperalexcellencia.cat\/wp-content\/uploads\/2022\/10\/2022-JORNADES-EXCELLENCIA-ESTERRI-PIRINEU-11.jpg\" alt=\"\" \/>\n\t\t\t\t\t<\/a>\n\t<\/div><div class=\"qodef-cc-item qodef-item-space qodef-cci-has-link\">\n\t\t\t<a itemprop=\"url\" class=\"qodef-cc-link qodef-block-drag-link\" href=\"\/edicion-2021\/\" target=\"_self\">\n\t\t\t\t\t\t<img decoding=\"async\" itemprop=\"image\" class=\"qodef-cc-image\" src=\"https:\/\/www.jornadesperalexcellencia.cat\/wp-content\/uploads\/2021\/07\/grafico-edicion-2021-nova.png\" alt=\"Jornades per a l&#039;excel\u00b7l\u00e8ncia Esterri d&#039;\u00c0neu edici\u00f3 2021\" \/>\n\t\t\t\t\t\t\t<img decoding=\"async\" itemprop=\"image\" class=\"qodef-cc-hover-image\" src=\"https:\/\/www.jornadesperalexcellencia.cat\/wp-content\/uploads\/2021\/10\/jornades-excellencia-2021-edicions-cor-de-rock.jpg\" alt=\"\" \/>\n\t\t\t\t\t<\/a>\n\t<\/div><div class=\"qodef-cc-item qodef-item-space qodef-cci-has-link\">\n\t\t\t<a itemprop=\"url\" class=\"qodef-cc-link qodef-block-drag-link\" href=\"\/edicion-2020\/\" target=\"_self\">\n\t\t\t\t\t\t<img decoding=\"async\" itemprop=\"image\" class=\"qodef-cc-image\" src=\"https:\/\/www.jornadesperalexcellencia.cat\/wp-content\/uploads\/2021\/02\/grafico-edicion-2020.png\" alt=\"Jornades per a l&#039;excel\u00b7l\u00e8ncia Esterri d&#039;\u00c0neu edici\u00f3 2020\" \/>\n\t\t\t\t\t\t\t<img decoding=\"async\" itemprop=\"image\" class=\"qodef-cc-hover-image\" src=\"https:\/\/www.jornadesperalexcellencia.cat\/wp-content\/uploads\/2021\/02\/jornades-excellencia-2020-edicions-ramon-folch-1.jpg\" alt=\"Jornades per a l&#039;excel\u00b7l\u00e8ncia Esterri d&#039;\u00c0neu edici\u00f3 2020\" \/>\n\t\t\t\t\t<\/a>\n\t<\/div><div class=\"qodef-cc-item qodef-item-space qodef-cci-has-link\">\n\t\t\t<a itemprop=\"url\" class=\"qodef-cc-link qodef-block-drag-link\" href=\"\/edicion-2020\/\" target=\"_self\">\n\t\t\t\t\t\t<img decoding=\"async\" itemprop=\"image\" class=\"qodef-cc-image\" src=\"https:\/\/www.jornadesperalexcellencia.cat\/wp-content\/uploads\/2021\/02\/grafico-edicion-2020.png\" alt=\"Jornades per a l&#039;excel\u00b7l\u00e8ncia Esterri d&#039;\u00c0neu edici\u00f3 2020\" \/>\n\t\t\t\t\t\t\t<img decoding=\"async\" itemprop=\"image\" class=\"qodef-cc-hover-image\" src=\"https:\/\/www.jornadesperalexcellencia.cat\/wp-content\/uploads\/2021\/02\/jornades-excellencia-2020-edicions-ramon-folch-1.jpg\" alt=\"Jornades per a l&#039;excel\u00b7l\u00e8ncia Esterri d&#039;\u00c0neu edici\u00f3 2020\" \/>\n\t\t\t\t\t<\/a>\n\t<\/div><div class=\"qodef-cc-item qodef-item-space qodef-cci-has-link\">\n\t\t\t<a itemprop=\"url\" class=\"qodef-cc-link qodef-block-drag-link\" href=\"\/edicion-2019\/\" target=\"_self\">\n\t\t\t\t\t\t<img decoding=\"async\" itemprop=\"image\" class=\"qodef-cc-image\" src=\"https:\/\/www.jornadesperalexcellencia.cat\/wp-content\/uploads\/2021\/02\/grafico-edicion-2019.png\" alt=\"Jornades per a l&#039;excel\u00b7l\u00e8ncia Esterri d&#039;\u00c0neu edici\u00f3 2019\" \/>\n\t\t\t\t\t\t\t<img decoding=\"async\" itemprop=\"image\" class=\"qodef-cc-hover-image\" src=\"https:\/\/www.jornadesperalexcellencia.cat\/wp-content\/uploads\/2021\/02\/jornades-excellencia-2019-edicions-pilarin-Valles-1.jpg\" alt=\"Jornades per a l&#039;excel\u00b7l\u00e8ncia Esterri d&#039;\u00c0neu edici\u00f3 2019\" \/>\n\t\t\t\t\t<\/a>\n\t<\/div><div class=\"qodef-cc-item qodef-item-space qodef-cci-has-link\">\n\t\t\t<a itemprop=\"url\" class=\"qodef-cc-link qodef-block-drag-link\" href=\"\/edicion-2018\/\" target=\"_self\">\n\t\t\t\t\t\t<img decoding=\"async\" itemprop=\"image\" class=\"qodef-cc-image\" src=\"https:\/\/www.jornadesperalexcellencia.cat\/wp-content\/uploads\/2021\/07\/jornades-excellencia-grafico-edicion-2018-1.png\" alt=\"\" \/>\n\t\t\t\t\t\t\t<img decoding=\"async\" itemprop=\"image\" class=\"qodef-cc-hover-image\" src=\"https:\/\/www.jornadesperalexcellencia.cat\/wp-content\/uploads\/2021\/07\/jornades-excellencia-2018-edicions-public.jpg\" alt=\"\" \/>\n\t\t\t\t\t<\/a>\n\t<\/div><div class=\"qodef-cc-item qodef-item-space qodef-cci-has-link\">\n\t\t\t<a itemprop=\"url\" class=\"qodef-cc-link qodef-block-drag-link\" href=\"\/edicion-2017\/\" target=\"_self\">\n\t\t\t\t\t\t<img decoding=\"async\" itemprop=\"image\" class=\"qodef-cc-image\" src=\"https:\/\/www.jornadesperalexcellencia.cat\/wp-content\/uploads\/2021\/02\/grafico-edicion-2017.png\" alt=\"Jornades per a l&#039;excel\u00b7l\u00e8ncia Esterri d&#039;\u00c0neu edici\u00f3 2017\" \/>\n\t\t\t\t\t\t\t<img decoding=\"async\" itemprop=\"image\" class=\"qodef-cc-hover-image\" src=\"https:\/\/www.jornadesperalexcellencia.cat\/wp-content\/uploads\/2021\/07\/jornades-excellencia-2017-edicions-jaume-padros.jpg\" alt=\"\" \/>\n\t\t\t\t\t<\/a>\n\t<\/div><div class=\"qodef-cc-item qodef-item-space qodef-cci-has-link\">\n\t\t\t<a itemprop=\"url\" class=\"qodef-cc-link qodef-block-drag-link\" href=\"\/edicion-2016\/\" target=\"_self\">\n\t\t\t\t\t\t<img decoding=\"async\" itemprop=\"image\" class=\"qodef-cc-image\" src=\"https:\/\/www.jornadesperalexcellencia.cat\/wp-content\/uploads\/2021\/02\/grafico-edicion-2016.png\" alt=\"Jornades per a l&#039;excel\u00b7l\u00e8ncia Esterri d&#039;\u00c0neu edici\u00f3 2016\" \/>\n\t\t\t\t\t\t\t<img decoding=\"async\" itemprop=\"image\" class=\"qodef-cc-hover-image\" src=\"https:\/\/www.jornadesperalexcellencia.cat\/wp-content\/uploads\/2021\/07\/jornades-excellencia-2016-edicions-pere-macias.jpg\" alt=\"\" \/>\n\t\t\t\t\t<\/a>\n\t<\/div><div class=\"qodef-cc-item qodef-item-space qodef-cci-has-link\">\n\t\t\t<a itemprop=\"url\" class=\"qodef-cc-link qodef-block-drag-link\" href=\"\/edicion-2015\/\" target=\"_self\">\n\t\t\t\t\t\t<img decoding=\"async\" itemprop=\"image\" class=\"qodef-cc-image\" src=\"https:\/\/www.jornadesperalexcellencia.cat\/wp-content\/uploads\/2021\/02\/grafico-edicion-2015.png\" alt=\"Jornades per a l&#039;excel\u00b7l\u00e8ncia Esterri d&#039;\u00c0neu edici\u00f3 2015\" \/>\n\t\t\t\t\t\t\t<img decoding=\"async\" itemprop=\"image\" class=\"qodef-cc-hover-image\" src=\"https:\/\/www.jornadesperalexcellencia.cat\/wp-content\/uploads\/2021\/07\/jornades-excellencia-2015-edicions-joaquin-nadal.jpg\" alt=\"\" \/>\n\t\t\t\t\t<\/a>\n\t<\/div><div class=\"qodef-cc-item qodef-item-space qodef-cci-has-link\">\n\t\t\t<a itemprop=\"url\" class=\"qodef-cc-link qodef-block-drag-link\" href=\"\/edicion-2014\/\" target=\"_self\">\n\t\t\t\t\t\t<img decoding=\"async\" itemprop=\"image\" class=\"qodef-cc-image\" src=\"https:\/\/www.jornadesperalexcellencia.cat\/wp-content\/uploads\/2021\/02\/grafico-edicion-2014.png\" alt=\"Jornades per a l&#039;excel\u00b7l\u00e8ncia Esterri d&#039;\u00c0neu edici\u00f3 2014\" \/>\n\t\t\t\t\t\t\t<img decoding=\"async\" itemprop=\"image\" class=\"qodef-cc-hover-image\" src=\"https:\/\/www.jornadesperalexcellencia.cat\/wp-content\/uploads\/2021\/07\/jornades-excellencia-2014-edicions-victor-kuppers.jpg\" alt=\"Jornades per a l&#039;excel\u00b7l\u00e8ncia Esterri d&#039;\u00c0neu edici\u00f3 2014 Victor K\u00fcppers\" \/>\n\t\t\t\t\t<\/a>\n\t<\/div>\t<\/div>\n<\/div><\/div><\/div><\/div><div class=\"wpb_column vc_column_container vc_col-sm-3\"><div class=\"vc_column-inner vc_custom_1614253856407\"><div class=\"wpb_wrapper\"><div class=\"qodef-elements-holder   qodef-one-column  qodef-responsive-mode-768 \" ><div class=\"qodef-eh-item     \" data-item-class=\"qodef-eh-custom-7364\" data-1367-1600=\"11px 11px 10px 7px\" data-769-1024=\"11px 8px 10px 7px\" data-681-768=\"0px 18px 21px 11px\" data-680=\"0px 10px 10px 10px\">\n\t\t<div class=\"qodef-eh-item-inner\">\n\t\t<div class=\"qodef-eh-item-content qodef-eh-custom-7364\" >\n\t\t\t<div class=\"qodef-banner-holder  qodef-visible-on-default qodef-banner-info-default\">\n    <div class=\"qodef-banner-image\">\n        <img loading=\"lazy\" decoding=\"async\" width=\"500\" height=\"328\" src=\"https:\/\/www.jornadesperalexcellencia.cat\/wp-content\/uploads\/2021\/02\/jornades-excellencia-todas-las-ediciones.jpg\" class=\"attachment-full size-full\" alt=\"Jornades per a l&#039;excel\u00b7l\u00e8ncia Esterri d&#039;\u00c0neu esdeveniment, edicions\" srcset=\"https:\/\/www.jornadesperalexcellencia.cat\/wp-content\/uploads\/2021\/02\/jornades-excellencia-todas-las-ediciones.jpg 500w, https:\/\/www.jornadesperalexcellencia.cat\/wp-content\/uploads\/2021\/02\/jornades-excellencia-todas-las-ediciones-300x197.jpg 300w\" sizes=\"auto, (max-width: 500px) 100vw, 500px\" \/>    <\/div>\n    <div class=\"qodef-banner-text-holder\" >\n\t    <div class=\"qodef-banner-text-outer\">\n\t\t    <div class=\"qodef-banner-text-inner\">\n\t\t        \t\t        \t\t            <h3 class=\"qodef-banner-title\" style=\"color: #ffffff\">\n\t\t                VER TODAS LAS EDICIONES\t                <\/h3>\n\t\t        \t\t\t\t\t\t\t<\/div>\n\t\t<\/div>\n\t<\/div>\n\t        <a itemprop=\"url\" class=\"qodef-banner-link\" href=\"\/ediciones\/\" target=\"_self\"><\/a>\n    <\/div><div class=\"vc_empty_space\"   style=\"height: 19px\"><span class=\"vc_empty_space_inner\"><\/span><\/div>\t\t<\/div>\n\t<\/div>\n\t<\/div><\/div><div class=\"vc_empty_space\"   style=\"height: 22px\"><span class=\"vc_empty_space_inner\"><\/span><\/div><\/div><\/div><\/div><\/div><div class=\"vc_row wpb_row vc_row-fluid\" ><div class=\"wpb_column vc_column_container vc_col-sm-12\"><div class=\"vc_column-inner\"><div class=\"wpb_wrapper\"><div class=\"qodef-elements-holder   qodef-two-columns  qodef-responsive-mode-768 \" ><div class=\"qodef-eh-item     \" data-item-class=\"qodef-eh-custom-1551\" data-1367-1600=\"147px 36% 153px 18%\" data-1025-1366=\"147px 36% 153px 18%\" data-769-1024=\"147px 19% 153px 18%\" data-680=\"70px 12% 48px 18%\">\n\t\t<div class=\"qodef-eh-item-inner\">\n\t\t<div class=\"qodef-eh-item-content qodef-eh-custom-1551\" style=\"padding: 147px 30% 153px 18%\">\n\t\t\t<div class=\"qodef-section-title-holder  qodef-light-skin qodef-st-title-left qodef-st-normal-space qodef-st-with-animation\" >\n\t<div class=\"qodef-st-inner\">\n\t\t\t\t\t<span class=\"qodef-st-tagline\" >\n\t\t\t\tExperiencia_y_Aprendizaje\t\t\t<\/span>\n\t\t\t\t\t\t\t<div class=\"qodef-st-title-wrapper\">\n\t\t\t\t<h2 class=\"qodef-st-title\" >\n\t\t\t\t\tQu\u00e9 nos motiva\t\t\t\t<\/h2>\n\t\t\t<\/div>\n\t\t\t\t\t\t\t<div class=\"qodef-st-text-wrapper\">\n\t\t\t\t<p class=\"qodef-st-text\" style=\"line-height: 27px;margin-top: 22px\">\n\t\t\t\t\tLas jornadas nacen de la inquietud de un grupo de personas con una fuerte vinculaci\u00f3n personal con los territorios de monta\u00f1a. Nuestros objetivos principales son:\t\t\t\t<\/p>\n\t\t\t<\/div>\n\t\t\t<\/div>\n<\/div><div class=\"vc_empty_space\"   style=\"height: 21px\"><span class=\"vc_empty_space_inner\"><\/span><\/div><div class=\"qodef-icon-list-holder \" >\n\t<div class=\"qodef-il-icon-holder\">\n\t\t<i class=\"qodef-icon-dripicons dripicon dripicons-chevron-right \" style=\"color: #ffffff\"><\/i>\t<\/div>\n\t<p class=\"qodef-il-text\" style=\"color: #ffffff\">Facilitar a los asistentes un espacio de reflexi\u00f3n y debate en torno al tema de cada edici\u00f3n.<\/p>\n<\/div><div class=\"qodef-icon-list-holder \" >\n\t<div class=\"qodef-il-icon-holder\">\n\t\t<i class=\"qodef-icon-dripicons dripicon dripicons-chevron-right \" style=\"color: #ffffff\"><\/i>\t<\/div>\n\t<p class=\"qodef-il-text\" style=\"color: #ffffff\">Ampliar y profundizar en conocimientos relacionados con las cuestiones tratadas.<\/p>\n<\/div><div class=\"qodef-icon-list-holder \" >\n\t<div class=\"qodef-il-icon-holder\">\n\t\t<i class=\"qodef-icon-dripicons dripicon dripicons-chevron-right \" style=\"color: #ffffff\"><\/i>\t<\/div>\n\t<p class=\"qodef-il-text\" style=\"color: #ffffff\">Crear oportunidades para establecer relaciones entre personas y\/o entidades que pueden generar futuras colaboraciones.<\/p>\n<\/div><div class=\"qodef-icon-list-holder \" >\n\t<div class=\"qodef-il-icon-holder\">\n\t\t<i class=\"qodef-icon-dripicons dripicon dripicons-chevron-right \" style=\"color: #ffffff\"><\/i>\t<\/div>\n\t<p class=\"qodef-il-text\" style=\"color: #ffffff\">Promover la sostenibilidad de los proyectos.<\/p>\n<\/div><div class=\"vc_empty_space\"   style=\"height: 41px\"><span class=\"vc_empty_space_inner\"><\/span><\/div>\t\t<\/div>\n\t<\/div>\n\t\t\t<div class=\"qodef-eh-item-background\" style=\"background-image: url(https:\/\/www.jornadesperalexcellencia.cat\/wp-content\/uploads\/2021\/01\/motivacions-jornades-excellencia.jpg)\"><\/div>\t\n\t<\/div><div class=\"qodef-eh-item  qodef-vertical-alignment-top qodef-horizontal-alignment-center  \" data-item-class=\"qodef-eh-custom-3569\" data-680=\"27px 100px 135px 80px\">\n\t\t<div class=\"qodef-eh-item-inner\">\n\t\t<div class=\"qodef-eh-item-content qodef-eh-custom-3569\" style=\"padding: 120px 100px 80px 80px\">\n\t\t\t<div class=\"qodef-section-title-holder  qodef-light-skin qodef-st-title-left qodef-st-normal-space qodef-st-with-animation\" style=\"text-align: left\">\n\t<div class=\"qodef-st-inner\">\n\t\t\t\t\t\t\t<div class=\"qodef-st-title-wrapper\">\n\t\t\t\t<h2 class=\"qodef-st-title\" style=\"color: #000000\">\n\t\t\t\t\t<span class=\"qodef-st-title-light\">\u00bfCu\u00e1les<\/span> <span class=\"qodef-st-title-light\">son<\/span>\t\t\t\t<\/h2>\n\t\t\t<\/div>\n\t\t\t\t\t<\/div>\n<\/div><div class=\"qodef-section-title-holder  qodef-light-skin qodef-st-title-left qodef-st-normal-space qodef-st-with-animation\" style=\"text-align: left\">\n\t<div class=\"qodef-st-inner\">\n\t\t\t\t\t\t\t<div class=\"qodef-st-title-wrapper\">\n\t\t\t\t<h2 class=\"qodef-st-title\" style=\"color: #000000;margin-top: 0px\">\n\t\t\t\t\t<span class=\"qodef-st-title-light\">nuestros<\/span> <span class=\"qodef-st-title-bold\">objetivos?<\/span>\t\t\t\t<\/h2>\n\t\t\t<\/div>\n\t\t\t\t\t<\/div>\n<\/div>\t\t<\/div>\n\t<\/div>\n\t\t\t<div class=\"qodef-eh-item-background\" style=\"background-image: url(https:\/\/www.jornadesperalexcellencia.cat\/wp-content\/uploads\/2021\/01\/objectius-jornades-excellencia.jpg)\"><\/div>\t\n\t<\/div><\/div><\/div><\/div><\/div><\/div><div class=\"vc_row wpb_row vc_row-fluid vc_custom_1753860346480 qodef-content-aligment-center\" ><div class=\"wpb_column vc_column_container vc_col-sm-12\"><div class=\"vc_column-inner\"><div class=\"wpb_wrapper\"><div class=\"qodef-section-title-holder  qodef-light-skin qodef-st-title-left qodef-st-normal-space qodef-st-with-animation\" >\n\t<div class=\"qodef-st-inner\">\n\t\t\t\t\t<span class=\"qodef-st-tagline\" >\n\t\t\t\tRecuerdos_y_Testimonios\t\t\t<\/span>\n\t\t\t\t\t\t\t<div class=\"qodef-st-title-wrapper\">\n\t\t\t\t<h4 class=\"qodef-st-title\" style=\"color: #000000\">\n\t\t\t\t\t<span class=\"qodef-st-title-light\">Durante<\/span> <span class=\"qodef-st-title-light\">m\u00e1s<\/span> <span class=\"qodef-st-title-bold\">de<\/span> <span class=\"qodef-st-title-bold\">10<\/span> <span class=\"qodef-st-title-light\">a\u00f1os<\/span> <span class=\"qodef-st-title-light\">hemos<\/span> <span class=\"qodef-st-title-bold\">coincidido<\/span> <span class=\"qodef-st-title-bold\">con<\/span> <span class=\"qodef-st-title-bold\">gente<\/span> excepcional\t\t\t\t<\/h4>\n\t\t\t<\/div>\n\t\t\t\t\t<\/div>\n<\/div><div class=\"vc_empty_space\"   style=\"height: 10px\"><span class=\"vc_empty_space_inner\"><\/span><\/div>\n\t<div class=\"wpb_raw_code wpb_content_element wpb_raw_html\" >\n\t\t<div class=\"wpb_wrapper\">\n\t\t\t<!-- print_responsive_video_gallery_plus_lightbox_func --><style type='text\/css'>\n        #divSliderMain69f3fb834f85f .bx-wrapper .bx-viewport {\n                background: none repeat scroll 0 0#FFFFFF ! important;\n                border: 0px none !important;\n                box-shadow: 0 0 0 0 !important;\n                \/*padding:8px !important;*\/\n        }\n        <\/style>\t\n                                   <div style=\"clear: both;\"><\/div>\n                                            \n\n                                 <div style=\"width: auto; postion: relative\" id=\"divSliderMain69f3fb834f85f\">\n                                      <div id=\"thumnail_slider69f3fb834f85e\" class=\"responsiveSlider\" style=\"margin-top: 2px !important; display:none\">\n                                                                                              <div class=\"i13_bx_slider\">\n                                                            <a rel=\"rel_69f3fb834f869\" data-overlay=\"1\" data-title=\"&lt;a class='Imglink' href='#'&gt;Sebastia Serrano&lt;\/a&gt;\" class=\"video_lbox_69f3fb834f86a\" href=\"\/\/www.youtube.com\/embed\/txJuL8URVcI\">\n                                                                <img decoding=\"async\"    src=\"https:\/\/www.jornadesperalexcellencia.cat\/wp-content\/uploads\/wp-responsive-video-gallery-with-lightbox\/txJuL8URVcI_big_170_300.jpg\" alt=\"Sebastia Serrano\" title=\"Sebastia Serrano\" \/>\n                                                                <span class=\"playbtnCss\">\n                                                                 <\/span> \n                                                                 \n                                                            <\/a> \n\n                                                        <\/div>\n                                                    \n                                                                                                      <div class=\"i13_bx_slider\">\n                                                            <a rel=\"rel_69f3fb834f869\" data-overlay=\"1\" data-title=\"&lt;a class='Imglink' href='#'&gt;Pilar&amp;iacute;n Bay&amp;eacute;s&lt;\/a&gt;\" class=\"video_lbox_69f3fb834f86a\" href=\"\/\/www.youtube.com\/embed\/We-tMdtEKBY\">\n                                                                <img decoding=\"async\"    src=\"https:\/\/www.jornadesperalexcellencia.cat\/wp-content\/uploads\/wp-responsive-video-gallery-with-lightbox\/We-tMdtEKBY_big_170_300.jpg\" alt=\"Pilar&iacute;n Bay&eacute;s\" title=\"Pilar&iacute;n Bay&eacute;s\" \/>\n                                                                <span class=\"playbtnCss\">\n                                                                 <\/span> \n                                                                 \n                                                            <\/a> \n\n                                                        <\/div>\n                                                    \n                                                                                                      <div class=\"i13_bx_slider\">\n                                                            <a rel=\"rel_69f3fb834f869\" data-overlay=\"1\" data-title=\"&lt;a class='Imglink' href='#'&gt;Josep Ordi&lt;\/a&gt;\" class=\"video_lbox_69f3fb834f86a\" href=\"\/\/www.youtube.com\/embed\/FQscpLKdJWc\">\n                                                                <img decoding=\"async\"    src=\"https:\/\/www.jornadesperalexcellencia.cat\/wp-content\/uploads\/wp-responsive-video-gallery-with-lightbox\/FQscpLKdJWc_big_170_300.jpg\" alt=\"Josep Ordi\" title=\"Josep Ordi\" \/>\n                                                                <span class=\"playbtnCss\">\n                                                                 <\/span> \n                                                                 \n                                                            <\/a> \n\n                                                        <\/div>\n                                                    \n                                                                                                      <div class=\"i13_bx_slider\">\n                                                            <a rel=\"rel_69f3fb834f869\" data-overlay=\"1\" data-title=\"&lt;a class='Imglink' href='#'&gt;Xuxo Ruiz&lt;\/a&gt;\" class=\"video_lbox_69f3fb834f86a\" href=\"\/\/www.youtube.com\/embed\/8JLJ9qIXu_E\">\n                                                                <img decoding=\"async\"    src=\"https:\/\/www.jornadesperalexcellencia.cat\/wp-content\/uploads\/wp-responsive-video-gallery-with-lightbox\/8JLJ9qIXu_E_big_170_300.jpg\" alt=\"Xuxo Ruiz\" title=\"Xuxo Ruiz\" \/>\n                                                                <span class=\"playbtnCss\">\n                                                                 <\/span> \n                                                                 \n                                                            <\/a> \n\n                                                        <\/div>\n                                                    \n                                                                                                      <div class=\"i13_bx_slider\">\n                                                            <a rel=\"rel_69f3fb834f869\" data-overlay=\"1\" data-title=\"&lt;a class='Imglink' href='#'&gt;Xavier Espot&lt;\/a&gt;\" class=\"video_lbox_69f3fb834f86a\" href=\"\/\/www.youtube.com\/embed\/_2GBRlcqqa8\">\n                                                                <img decoding=\"async\"    src=\"https:\/\/www.jornadesperalexcellencia.cat\/wp-content\/uploads\/wp-responsive-video-gallery-with-lightbox\/_2GBRlcqqa8_big_170_300.jpg\" alt=\"Xavier Espot\" title=\"Xavier Espot\" \/>\n                                                                <span class=\"playbtnCss\">\n                                                                 <\/span> \n                                                                 \n                                                            <\/a> \n\n                                                        <\/div>\n                                                    \n                                                                                                      <div class=\"i13_bx_slider\">\n                                                            <a rel=\"rel_69f3fb834f869\" data-overlay=\"1\" data-title=\"&lt;a class='Imglink' href='#'&gt;Victor K&amp;uuml;ppers&lt;\/a&gt;\" class=\"video_lbox_69f3fb834f86a\" href=\"\/\/www.youtube.com\/embed\/r1I5YVYji00\">\n                                                                <img decoding=\"async\"    src=\"https:\/\/www.jornadesperalexcellencia.cat\/wp-content\/uploads\/wp-responsive-video-gallery-with-lightbox\/r1I5YVYji00_big_170_300.jpg\" alt=\"Victor K&uuml;ppers\" title=\"Victor K&uuml;ppers\" \/>\n                                                                <span class=\"playbtnCss\">\n                                                                 <\/span> \n                                                                 \n                                                            <\/a> \n\n                                                        <\/div>\n                                                    \n                                                                                                      <div class=\"i13_bx_slider\">\n                                                            <a rel=\"rel_69f3fb834f869\" data-overlay=\"1\" data-title=\"&lt;a class='Imglink' href='#'&gt;Raquel Piccolo&lt;\/a&gt;\" class=\"video_lbox_69f3fb834f86a\" href=\"\/\/www.youtube.com\/embed\/aSxvrD3iLVI\">\n                                                                <img decoding=\"async\"    src=\"https:\/\/www.jornadesperalexcellencia.cat\/wp-content\/uploads\/wp-responsive-video-gallery-with-lightbox\/aSxvrD3iLVI_big_170_300.jpg\" alt=\"Raquel Piccolo\" title=\"Raquel Piccolo\" \/>\n                                                                <span class=\"playbtnCss\">\n                                                                 <\/span> \n                                                                 \n                                                            <\/a> \n\n                                                        <\/div>\n                                                    \n                                                                                                      <div class=\"i13_bx_slider\">\n                                                            <a rel=\"rel_69f3fb834f869\" data-overlay=\"1\" data-title=\"&lt;a class='Imglink' target='_self' href='https:\/\/www.youtube.com\/watch?v=29vW6TYACCE'&gt;Ramon Folch&lt;\/a&gt;\" class=\"video_lbox_69f3fb834f86a\" href=\"\/\/www.youtube.com\/embed\/29vW6TYACCE\">\n                                                                <img decoding=\"async\"    src=\"https:\/\/www.jornadesperalexcellencia.cat\/wp-content\/uploads\/wp-responsive-video-gallery-with-lightbox\/29vW6TYACCE_big_170_300.jpg\" alt=\"Ramon Folch\" title=\"Ramon Folch\" \/>\n                                                                <span class=\"playbtnCss\">\n                                                                 <\/span> \n                                                                 \n                                                            <\/a> \n\n                                                        <\/div>\n                                                    \n                                                                                                      <div class=\"i13_bx_slider\">\n                                                            <a rel=\"rel_69f3fb834f869\" data-overlay=\"1\" data-title=\"&lt;a class='Imglink' href='#'&gt;Quim Nadal&lt;\/a&gt;\" class=\"video_lbox_69f3fb834f86a\" href=\"\/\/www.youtube.com\/embed\/LOM8I-m-Utc\">\n                                                                <img decoding=\"async\"    src=\"https:\/\/www.jornadesperalexcellencia.cat\/wp-content\/uploads\/wp-responsive-video-gallery-with-lightbox\/LOM8I-m-Utc_big_170_300.jpg\" alt=\"Quim Nadal\" title=\"Quim Nadal\" \/>\n                                                                <span class=\"playbtnCss\">\n                                                                 <\/span> \n                                                                 \n                                                            <\/a> \n\n                                                        <\/div>\n                                                    \n                                                                                                      <div class=\"i13_bx_slider\">\n                                                            <a rel=\"rel_69f3fb834f869\" data-overlay=\"1\" data-title=\"&lt;a class='Imglink' href='#'&gt;Pere Macias&lt;\/a&gt;\" class=\"video_lbox_69f3fb834f86a\" href=\"\/\/www.youtube.com\/embed\/Ujl5nzne-jc\">\n                                                                <img decoding=\"async\"    src=\"https:\/\/www.jornadesperalexcellencia.cat\/wp-content\/uploads\/wp-responsive-video-gallery-with-lightbox\/Ujl5nzne-jc_big_170_300.jpg\" alt=\"Pere Macias\" title=\"Pere Macias\" \/>\n                                                                <span class=\"playbtnCss\">\n                                                                 <\/span> \n                                                                 \n                                                            <\/a> \n\n                                                        <\/div>\n                                                    \n                                                                                                      <div class=\"i13_bx_slider\">\n                                                            <a rel=\"rel_69f3fb834f869\" data-overlay=\"1\" data-title=\"&lt;a class='Imglink' href='#'&gt;Magda Casamitjana&lt;\/a&gt;\" class=\"video_lbox_69f3fb834f86a\" href=\"\/\/www.youtube.com\/embed\/5z1uL5fwr_U\">\n                                                                <img decoding=\"async\"    src=\"https:\/\/www.jornadesperalexcellencia.cat\/wp-content\/uploads\/wp-responsive-video-gallery-with-lightbox\/5z1uL5fwr_U_big_170_300.jpg\" alt=\"Magda Casamitjana\" title=\"Magda Casamitjana\" \/>\n                                                                <span class=\"playbtnCss\">\n                                                                 <\/span> \n                                                                 \n                                                            <\/a> \n\n                                                        <\/div>\n                                                    \n                                                                                                      <div class=\"i13_bx_slider\">\n                                                            <a rel=\"rel_69f3fb834f869\" data-overlay=\"1\" data-title=\"&lt;a class='Imglink' href='#'&gt;Josep Maria Terricabras&lt;\/a&gt;\" class=\"video_lbox_69f3fb834f86a\" href=\"\/\/www.youtube.com\/embed\/RACV0ETXEE8\">\n                                                                <img decoding=\"async\"    src=\"https:\/\/www.jornadesperalexcellencia.cat\/wp-content\/uploads\/wp-responsive-video-gallery-with-lightbox\/RACV0ETXEE8_big_170_300.jpg\" alt=\"Josep Maria Terricabras\" title=\"Josep Maria Terricabras\" \/>\n                                                                <span class=\"playbtnCss\">\n                                                                 <\/span> \n                                                                 \n                                                            <\/a> \n\n                                                        <\/div>\n                                                    \n                                                                                                      <div class=\"i13_bx_slider\">\n                                                            <a rel=\"rel_69f3fb834f869\" data-overlay=\"1\" data-title=\"&lt;a class='Imglink' href='#'&gt;Jordi Abella&lt;\/a&gt;\" class=\"video_lbox_69f3fb834f86a\" href=\"\/\/www.youtube.com\/embed\/muhCf7Vf9LU\">\n                                                                <img decoding=\"async\"    src=\"https:\/\/www.jornadesperalexcellencia.cat\/wp-content\/uploads\/wp-responsive-video-gallery-with-lightbox\/muhCf7Vf9LU_big_170_300.jpg\" alt=\"Jordi Abella\" title=\"Jordi Abella\" \/>\n                                                                <span class=\"playbtnCss\">\n                                                                 <\/span> \n                                                                 \n                                                            <\/a> \n\n                                                        <\/div>\n                                                    \n                                                                                                      <div class=\"i13_bx_slider\">\n                                                            <a rel=\"rel_69f3fb834f869\" data-overlay=\"1\" data-title=\"&lt;a class='Imglink' href='#'&gt;Jaume Padr&amp;oacute;s&lt;\/a&gt;\" class=\"video_lbox_69f3fb834f86a\" href=\"\/\/www.youtube.com\/embed\/xaIv0AaZOoA\">\n                                                                <img decoding=\"async\"    src=\"https:\/\/www.jornadesperalexcellencia.cat\/wp-content\/uploads\/wp-responsive-video-gallery-with-lightbox\/xaIv0AaZOoA_big_170_300.jpg\" alt=\"Jaume Padr&oacute;s\" title=\"Jaume Padr&oacute;s\" \/>\n                                                                <span class=\"playbtnCss\">\n                                                                 <\/span> \n                                                                 \n                                                            <\/a> \n\n                                                        <\/div>\n                                                    \n                                                                                                      <div class=\"i13_bx_slider\">\n                                                            <a rel=\"rel_69f3fb834f869\" data-overlay=\"1\" data-title=\"&lt;a class='Imglink' href='#'&gt;Imma Caubet&lt;\/a&gt;\" class=\"video_lbox_69f3fb834f86a\" href=\"\/\/www.youtube.com\/embed\/K2a0dXRuLBo\">\n                                                                <img decoding=\"async\"    src=\"https:\/\/www.jornadesperalexcellencia.cat\/wp-content\/uploads\/wp-responsive-video-gallery-with-lightbox\/K2a0dXRuLBo_big_170_300.jpg\" alt=\"Imma Caubet\" title=\"Imma Caubet\" \/>\n                                                                <span class=\"playbtnCss\">\n                                                                 <\/span> \n                                                                 \n                                                            <\/a> \n\n                                                        <\/div>\n                                                    \n                                                                                                      <div class=\"i13_bx_slider\">\n                                                            <a rel=\"rel_69f3fb834f869\" data-overlay=\"1\" data-title=\"&lt;a class='Imglink' target='_self' href='https:\/\/www.youtube.com\/watch?v=D1Wz-1Krcpc'&gt;Francesc Mauri&lt;\/a&gt;\" class=\"video_lbox_69f3fb834f86a\" href=\"\/\/www.youtube.com\/embed\/D1Wz-1Krcpc\">\n                                                                <img decoding=\"async\"    src=\"https:\/\/www.jornadesperalexcellencia.cat\/wp-content\/uploads\/wp-responsive-video-gallery-with-lightbox\/D1Wz-1Krcpc_big_170_300.jpg\" alt=\"Francesc Mauri\" title=\"Francesc Mauri\" \/>\n                                                                <span class=\"playbtnCss\">\n                                                                 <\/span> \n                                                                 \n                                                            <\/a> \n\n                                                        <\/div>\n                                                    \n                                                                                                      <div class=\"i13_bx_slider\">\n                                                            <a rel=\"rel_69f3fb834f869\" data-overlay=\"1\" data-title=\"&lt;a class='Imglink' target='_self' href='https:\/\/www.youtube.com\/watch?v=cxrUwo1L_18'&gt;Flors Moreno&lt;\/a&gt;\" class=\"video_lbox_69f3fb834f86a\" href=\"\/\/www.youtube.com\/embed\/cxrUwo1L_18\">\n                                                                <img decoding=\"async\"    src=\"https:\/\/www.jornadesperalexcellencia.cat\/wp-content\/uploads\/wp-responsive-video-gallery-with-lightbox\/cxrUwo1L_18_big_170_300.jpg\" alt=\"Flors Moreno\" title=\"Flors Moreno\" \/>\n                                                                <span class=\"playbtnCss\">\n                                                                 <\/span> \n                                                                 \n                                                            <\/a> \n\n                                                        <\/div>\n                                                    \n                                                                                                      <div class=\"i13_bx_slider\">\n                                                            <a rel=\"rel_69f3fb834f869\" data-overlay=\"1\" data-title=\"&lt;a class='Imglink' target='_self' href='https:\/\/www.youtube.com\/watch?v=WvaidPtRREU'&gt;Carme Ruscalleda&lt;\/a&gt;\" class=\"video_lbox_69f3fb834f86a\" href=\"\/\/www.youtube.com\/embed\/WvaidPtRREU\">\n                                                                <img decoding=\"async\"    src=\"https:\/\/www.jornadesperalexcellencia.cat\/wp-content\/uploads\/wp-responsive-video-gallery-with-lightbox\/WvaidPtRREU_big_170_300.jpg\" alt=\"Carme Ruscalleda\" title=\"Carme Ruscalleda\" \/>\n                                                                <span class=\"playbtnCss\">\n                                                                 <\/span> \n                                                                 \n                                                            <\/a> \n\n                                                        <\/div>\n                                                    \n                                                \n                                            \n                                     <\/div>\n                               <\/div>\n                            <script>\n                            \n                          \n                                    \n                                   var interval_69f3fb834fadd = setInterval(function() {\n\n                                   if(document.readyState === 'complete') {\n\n                                         clearInterval(interval_69f3fb834fadd);\n                                      \n                                          jQuery(\"#thumnail_slider69f3fb834f85e\").show();\n                                                                                    var uniqObj69f3fb834fade=jQuery(\"a[rel^='rel_69f3fb834f869']\");\n                                          var rand_69f3fb834f860 = jQuery('#divSliderMain69f3fb834f85f').html();\n                                          jQuery('#thumnail_slider69f3fb834f85e').bxSlider({\n                                                                                            slideWidth: 300,\n                                          minSlides: 1,\n                                          preventDefaultSwipeY: false,\n                                          maxSlides: 20,\n                                          moveSlides: 1,\n                                          slideMargin:8,\n                                          speed:1000,\n                                          pause:1000,\n                                                                                         autoHover: true,\n                                                                                                                                      controls:true,\n                                                                                        pager:false,\n                                              useCSS:false,\n                                                                                   autoStart:true,\n                                              autoDelay:200,\n                                              auto:true,\n                                                                                                                             infiniteLoop: true,\n                                                                                                            pager:false,\n                                                                                                        captions:true, \n                                       \n                                        onSlideBefore: function(slideElement){\n\n                                                        jQuery(slideElement).find('img').each(function(index, elm) {\n\n                                                                if(!elm.complete || elm.naturalWidth === 0){\n\n                                                                   var toload='';\n                                                                   var toloadval='';\n                                                                   jQuery.each(elm.attributes, function(i, attrib){\n\n                                                                       var value = attrib.value;\n                                                                       var aname=attrib.name;\n\n                                                                       var pattern = \/^((http|https):\\\/\\\/)\/;\n\n                                                                       if(pattern.test(value) && aname!='src' && aname.indexOf('data-html5_vurl')==-1) {\n\n                                                                           toload=aname;\n                                                                           toloadval=value;\n                                                                           }\n                                                                       \/\/ do your magic :-)\n                                                                   });\n\n                                                                   vsrc= jQuery(elm).attr(\"src\");\n                                                                   jQuery(elm).removeAttr(\"src\");\n                                                                   dsrc= jQuery(elm).attr(\"data-src\");\n                                                                   lsrc= jQuery(elm).attr(\"data-lazy-src\");\n\n                                                                   if(dsrc!== undefined && dsrc!='' && dsrc!=vsrc){\n                                                                            jQuery(elm).attr(\"src\",dsrc);\n                                                                       }\n                                                                       else if(lsrc!== undefined && lsrc!=vsrc){\n\n                                                                            jQuery(elm).attr(\"src\",lsrc);\n                                                                       }\n                                                                        else if(toload!='' && toload!='srcset' && toloadval!='' && toloadval!=vsrc){\n\n                                                                           $(elm).attr(\"src\",toloadval);\n\n\n                                                                           } \n                                                                       else{\n\n                                                                            jQuery(elm).attr(\"src\",vsrc);\n\n                                                                       }   \n\n                                                                   elm= jQuery(elm)[0];      \n                                                                   if(!elm.complete && elm.naturalHeight == 0){\n\n                                                                        jQuery(elm).removeAttr('loading');\n                                                                        jQuery(elm).removeAttr('data-lazy-type');\n\n\n                                                                        jQuery(elm).removeClass('lazy');\n\n                                                                        jQuery(elm).removeClass('lazyLoad');\n                                                                        jQuery(elm).removeClass('lazy-loaded');\n                                                                        jQuery(elm).removeClass('jetpack-lazy-image');\n                                                                        jQuery(elm).removeClass('jetpack-lazy-image--handled');\n                                                                        jQuery(elm).removeClass('lazy-hidden');\n\n                                                               }\n\n\n                                                           }\n\n                                                        });\n\n                                                  },    \n                                                    onSliderLoad: function(){\n                                   \n                                     \n                                     \n                                     jQuery(\".video_lbox_69f3fb834f86a\").fancybox_vgl({\n                                            'type'    : \"iframe\",\n                                            'overlayColor':'#000000',\n                                             'padding': 10,\n                                             'autoScale': true,\n                                             'autoDimensions':true,\n                                             'uniqObj':uniqObj69f3fb834fade,\n                                             'transitionIn': 'none',\n                                             'transitionOut': 'none',\n                                             'titlePosition': 'outside',\n                                                                                                'cyclic':true,\n                                                                                               'hideOnContentClick':false,\n                                             'width' : 650,\n                                              'height' : 400,\n                                             'titleFormat': function(title, currentArray, currentIndex, currentOpts) {\n\n                                               var currtElem = jQuery('#thumnail_slider69f3fb834f85e a[href=\"'+currentOpts.href+'\"]');\n\n                                               var isoverlay = jQuery(currtElem).attr('data-overlay')\n\n                                              if(isoverlay==\"1\" && jQuery.trim(title)!=\"\"){\n                                               return '<span id=\"fancybox_vgl-title-over\">' + title  + '<\/span>';\n                                              }\n                                              else{\n                                                  return '';\n                                              }\n\n                                           },\n\n                                        }); \n                                     \n                                  }                                                         \n                                  \n                                 \n                                  });\n                                 \n                                                                                                                             var is_firefox = navigator.userAgent.toLowerCase().indexOf('firefox') > - 1;\n                                              var is_android = navigator.userAgent.toLowerCase().indexOf('android') > - 1;\n                                              var is_iphone = navigator.userAgent.toLowerCase().indexOf('iphone') > - 1;\n                                              var width = jQuery(window).width();\n                                            if (is_firefox && (is_android || is_iphone)){\n\n                                                      } else{\n                                                      var timer;\n                                                              jQuery(window).bind('resize', function(){\n                                                      if (jQuery(window).width() != width){\n\n                                                      width = jQuery(window).width();\n                                                              timer && clearTimeout(timer);\n                                                              timer = setTimeout(onResize321840569, 600);\n                                                      }\n                                                      });\n                                              }\n\n                                      function onResize321840569(){\n                                      \n                                             jQuery('#divSliderMain69f3fb834f85f').html('');\n                                              jQuery(\"#thumnail_slider69f3fb834f85e\").show();\n                                              jQuery('#divSliderMain69f3fb834f85f').html(rand_69f3fb834f860);\n                                              jQuery('#thumnail_slider69f3fb834f85e').bxSlider({\n\n                                                                                                     slideWidth: 300,\n                                                   minSlides: 1,\n                                                   maxSlides: 20,\n                                                   moveSlides: 1,\n                                                   slideMargin:8,\n                                                   preventDefaultSwipeY: false,\n                                                   speed:1000,\n                                                   pause:1000,\n                                                                                                      autoHover: true,\n                                                                                                                                                            controls:true,\n                                                                                                        pager:false,\n                                                     useCSS:false,\n                                                                                                        autoStart:true,\n                                                     autoDelay:200,\n                                                     auto:true,\n                                                                                                                                                           infiniteLoop: true,\n                                                                                                                                                           pager:false,\n                                                                                                                                                           captions:true, \n                                                                                                          onSlideBefore: function(slideElement){\n                                                        \n                                                         jQuery(slideElement).find('img').each(function(index, elm) {\n                                                                \n                                                                 if(!elm.complete || elm.naturalWidth === 0){\n\n                                                                    var toload='';\n                                                                    var toloadval='';\n                                                                    jQuery.each(elm.attributes, function(i, attrib){\n\n                                                                        var value = attrib.value;\n                                                                        var aname=attrib.name;\n\n                                                                        var pattern = \/^((http|https):\\\/\\\/)\/;\n\n                                                                        if(pattern.test(value) && aname!='src' && aname.indexOf('data-html5_vurl')==-1) {\n\n                                                                            toload=aname;\n                                                                            toloadval=value;\n                                                                            }\n                                                                        \/\/ do your magic :-)\n                                                                    });\n\n                                                                    vsrc= jQuery(elm).attr(\"src\");\n                                                                    jQuery(elm).removeAttr(\"src\");\n                                                                    dsrc= jQuery(elm).attr(\"data-src\");\n                                                                    lsrc= jQuery(elm).attr(\"data-lazy-src\");\n\n                                                                    if(dsrc!== undefined && dsrc!='' && dsrc!=vsrc){\n                                                                             jQuery(elm).attr(\"src\",dsrc);\n                                                                        }\n                                                                        else if(lsrc!== undefined && lsrc!=vsrc){\n\n                                                                             jQuery(elm).attr(\"src\",lsrc);\n                                                                        }\n                                                                         else if(toload!='' && toload!='srcset' && toloadval!='' && toloadval!=vsrc){\n\n                                                                            $(elm).attr(\"src\",toloadval);\n\n\n                                                                            } \n                                                                        else{\n\n                                                                             jQuery(elm).attr(\"src\",vsrc);\n\n                                                                        }   \n\n                                                                    elm= jQuery(elm)[0];      \n                                                                    if(!elm.complete && elm.naturalHeight == 0){\n\n                                                                         jQuery(elm).removeAttr('loading');\n                                                                         jQuery(elm).removeAttr('data-lazy-type');\n\n\n                                                                         jQuery(elm).removeClass('lazy');\n\n                                                                         jQuery(elm).removeClass('lazyLoad');\n                                                                         jQuery(elm).removeClass('lazy-loaded');\n                                                                         jQuery(elm).removeClass('jetpack-lazy-image');\n                                                                         jQuery(elm).removeClass('jetpack-lazy-image--handled');\n                                                                         jQuery(elm).removeClass('lazy-hidden');\n\n                                                                }\n\n                                                           \n                                                            }\n                                                        \n                                                         });\n\n                                                   },   \n                                                     onSliderLoad: function(){\n                                   \n                                                                \n\n                                                                jQuery(\".video_lbox_69f3fb834f86a\").fancybox_vgl({\n                                                                       'type'    : \"iframe\",\n                                                                       'overlayColor':'#000000',\n                                                                        'padding': 10,\n                                                                        'autoScale': true,\n                                                                        'autoDimensions':true,\n                                                                        'uniqObj':uniqObj69f3fb834fade,\n                                                                        'transitionIn': 'none',\n                                                                        'transitionOut': 'none',\n                                                                        'titlePosition': 'outside',\n                                                                                                                                                      'cyclic':true,\n                                                                                                                                                     'hideOnContentClick':false,\n                                                                        'width' : 650,\n                                                                         'height' : 400,\n                                                                        'titleFormat': function(title, currentArray, currentIndex, currentOpts) {\n\n                                                                          var currtElem = jQuery('#thumnail_slider69f3fb834f85e a[href=\"'+currentOpts.href+'\"]');\n\n                                                                          var isoverlay = jQuery(currtElem).attr('data-overlay')\n\n                                                                         if(isoverlay==\"1\" && jQuery.trim(title)!=\"\"){\n                                                                          return '<span id=\"fancybox_vgl-title-over\">' + title  + '<\/span>';\n                                                                         }\n                                                                         else{\n                                                                             return '';\n                                                                         }\n\n                                                                      },\n\n                                                                   }); \n\n                                                             }        \n\n                                          });\n                                              \n                                      }\n\n                                \n                                  \n                                   window.rebindthumnail_slider69f3fb834f85e = function() {\n\n                                          jQuery(\".video_lbox_69f3fb834f86a\").fancybox_vgl({\n                                                   'type'    : \"iframe\",\n                                                   'overlayColor':'#000000',\n                                                    'padding': 10,\n                                                    'autoScale': true,\n                                                    'autoDimensions':true,\n                                                    'uniqObj':uniqObj69f3fb834fade,\n                                                    'transitionIn': 'none',\n                                                    'transitionOut': 'none',\n                                                    'titlePosition': 'outside',\n                                                                                                              'cyclic':true,\n                                                                                                             'hideOnContentClick':false,\n                                                    'width' : 650,\n                                                     'height' : 400,\n                                                    'titleFormat': function(title, currentArray, currentIndex, currentOpts) {\n\n                                                      var currtElem = jQuery('#thumnail_slider69f3fb834f85e a[href=\"'+currentOpts.href+'\"]');\n\n                                                      var isoverlay = jQuery(currtElem).attr('data-overlay')\n\n                                                     if(isoverlay==\"1\" && jQuery.trim(title)!=\"\"){\n                                                      return '<span id=\"fancybox_vgl-title-over\">' + title  + '<\/span>';\n                                                     }\n                                                     else{\n                                                         return '';\n                                                     }\n\n                                                  },\n\n                                               }); \n\n                                      }\n\n                                 }    \n                            }, 100);\n\n                              \n                                \n                          \n                                      \n                                      \n                          window.addEventListener('load', function() {\n\n\n                                        setTimeout(function(){ \n\n                                                if(jQuery(\"#thumnail_slider69f3fb834f85e\").find('.bx-loading').length>0){\n\n                                                        jQuery(\"#thumnail_slider69f3fb834f85e\").find('img').each(function(index, elm) {\n                                                            \n                                                                if(!elm.complete || elm.naturalWidth === 0){\n\n                                                                    var toload='';\n                                                                    var toloadval='';\n                                                                    jQuery.each(this.attributes, function(i, attrib){\n\n                                                                            var value = attrib.value;\n                                                                            var aname=attrib.name;\n\n                                                                            var pattern = \/^((http|https):\\\/\\\/)\/;\n\n                                                                            if(pattern.test(value) && aname!='src') {\n\n                                                                                    toload=aname;\n                                                                                    toloadval=value;\n                                                                             }\n                                                                          \n                                                                     });\n\n                                                                            vsrc=jQuery(elm).attr(\"src\");\n                                                                            jQuery(elm).removeAttr(\"src\");\n                                                                            dsrc=jQuery(elm).attr(\"data-src\");\n                                                                            lsrc=jQuery(elm).attr(\"data-lazy-src\");\n\n\n                                                                               if(dsrc!== undefined && dsrc!='' && dsrc!=vsrc){\n                                                                                                             jQuery(elm).attr(\"src\",dsrc);\n                                                                                    }\n                                                                                    else if(lsrc!== undefined && lsrc!=vsrc){\n\n                                                                                                     jQuery(elm).attr(\"src\",lsrc);\n                                                                                    }\n                                                                                    else if(toload!='' && toload!='srcset' && toloadval!='' && toloadval!=vsrc){\n\n                                                                                            jQuery(elm).removeAttr(toload);\n                                                                                            jQuery(elm).attr(\"src\",toloadval);\n\n\n                                                                                        } \n                                                                                    else{\n\n                                                                                                    jQuery(elm).attr(\"src\",vsrc);\n\n                                                                               }   \n\n                                                                            elm=jQuery(elm)[0];      \n                                                                             if(!elm.complete && elm.naturalHeight == 0){\n\n                                                                            jQuery(elm).removeAttr('loading');\n                                                                            jQuery(elm).removeAttr('data-lazy-type');\n\n\n                                                                            jQuery(elm).removeClass('lazy');\n\n                                                                            jQuery(elm).removeClass('lazyLoad');\n                                                                            jQuery(elm).removeClass('lazy-loaded');\n                                                                            jQuery(elm).removeClass('jetpack-lazy-image');\n                                                                            jQuery(elm).removeClass('jetpack-lazy-image--handled');\n                                                                            jQuery(elm).removeClass('lazy-hidden');\n\n                                                                        }\n                                                                 }\n\n                                                            }).promise().done( function(){ \n\n                                                                    jQuery(\"#divSliderMain69f3fb834f85f\").find('.bx-loading').remove();\n                                                            } );\n\n                                                    }\n\n\n                                           }, 6000);\n\n                                });\n                           <\/script><!-- end print_responsive_video_gallery_plus_lightbox_func --> \n\t\t<\/div>\n\t<\/div>\n<\/div><\/div><\/div><\/div><div class=\"qodef-row-grid-section-wrapper \"  ><div class=\"qodef-row-grid-section\"><div class=\"vc_row wpb_row vc_row-fluid vc_custom_1614847980104\" ><div class=\"wpb_column vc_column_container vc_col-sm-12\"><div class=\"vc_column-inner\"><div class=\"wpb_wrapper\"><div class=\"qodef-elements-holder   qodef-one-column  qodef-responsive-mode-768 \" ><div class=\"qodef-eh-item     \" data-item-class=\"qodef-eh-custom-3228\" data-1367-1600=\"0px 68% 42px 0%\" data-1025-1366=\"0px 68% 42px 0%\" data-769-1024=\"0px 54% 42px 0%\" data-681-768=\"0px 37% 42px 0%\" data-680=\"0px 17% 42px 0%\">\n\t\t<div class=\"qodef-eh-item-inner\">\n\t\t<div class=\"qodef-eh-item-content qodef-eh-custom-3228\" style=\"padding: 0px 73% 42px 0%\">\n\t\t\t<div class=\"qodef-section-title-holder   qodef-st-title-left qodef-st-normal-space qodef-st-with-animation\" >\n\t<div class=\"qodef-st-inner\">\n\t\t\t\t\t<span class=\"qodef-st-tagline\" >\n\t\t\t\ttestimonios\t\t\t<\/span>\n\t\t\t\t\t\t\t<div class=\"qodef-st-title-wrapper\">\n\t\t\t\t<h2 class=\"qodef-st-title\" >\n\t\t\t\t\tOpini\u00f3n de los ponentes\t\t\t\t<\/h2>\n\t\t\t<\/div>\n\t\t\t\t\t<\/div>\n<\/div>\t\t<\/div>\n\t<\/div>\n\t<\/div><\/div><div class=\"qodef-testimonials-holder clearfix qodef-testimonials-custom \">\n    <div class=\"qodef-testimonials qodef-owl-slider\" data-number-of-items=\"2\" data-enable-loop=\"yes\" data-enable-autoplay=\"yes\" data-slider-speed=\"5000\" data-slider-speed-animation=\"600\" data-enable-navigation=\"yes\" data-enable-pagination=\"yes\">\n\n        \n                <div class=\"qodef-testimonial-content\" id=\"qodef-testimonial-11483\">\n                    <div class=\"qodef-testimonial-heading\">\n\t                                                <div class=\"qodef-testimonial-image\">\n                                <img loading=\"lazy\" decoding=\"async\" width=\"114\" height=\"114\" src=\"https:\/\/www.jornadesperalexcellencia.cat\/wp-content\/uploads\/2024\/09\/Victor-Salo-i-Jove-jornades-excellencia-joventut-pirineu-150x150.jpg\" class=\"attachment-114x114 size-114x114 wp-post-image\" alt=\"\" srcset=\"https:\/\/www.jornadesperalexcellencia.cat\/wp-content\/uploads\/2024\/09\/Victor-Salo-i-Jove-jornades-excellencia-joventut-pirineu-150x150.jpg 150w, https:\/\/www.jornadesperalexcellencia.cat\/wp-content\/uploads\/2024\/09\/Victor-Salo-i-Jove-jornades-excellencia-joventut-pirineu-298x300.jpg 298w, https:\/\/www.jornadesperalexcellencia.cat\/wp-content\/uploads\/2024\/09\/Victor-Salo-i-Jove-jornades-excellencia-joventut-pirineu-768x774.jpg 768w, https:\/\/www.jornadesperalexcellencia.cat\/wp-content\/uploads\/2024\/09\/Victor-Salo-i-Jove-jornades-excellencia-joventut-pirineu-650x650.jpg 650w, https:\/\/www.jornadesperalexcellencia.cat\/wp-content\/uploads\/2024\/09\/Victor-Salo-i-Jove-jornades-excellencia-joventut-pirineu-300x300.jpg 300w, https:\/\/www.jornadesperalexcellencia.cat\/wp-content\/uploads\/2024\/09\/Victor-Salo-i-Jove-jornades-excellencia-joventut-pirineu-600x605.jpg 600w, https:\/\/www.jornadesperalexcellencia.cat\/wp-content\/uploads\/2024\/09\/Victor-Salo-i-Jove-jornades-excellencia-joventut-pirineu-100x100.jpg 100w, https:\/\/www.jornadesperalexcellencia.cat\/wp-content\/uploads\/2024\/09\/Victor-Salo-i-Jove-jornades-excellencia-joventut-pirineu.jpg 800w\" sizes=\"auto, (max-width: 114px) 100vw, 114px\" \/>                            <\/div>\n                        \t                    <span class=\"qodef-testimonial-type-id\">\n\t\t                    <span class=\"qodef-bg-svg\">\n\t\t\t\t\t\t\t\t<svg xmlns=\"http:\/\/www.w3.org\/2000\/svg\" xmlns:xlink=\"http:\/\/www.w3.org\/1999\/xlink\" x=\"0px\" y=\"0px\" width=\"140px\" height=\"140px\" viewBox=\"0 0 140 140\" enable-background=\"new 0 0 140 140\" xml:space=\"preserve\">\n\t\t\t\t\t<g>\n\t\t\t\t\t\t<circle fill=\"#BDBDBD\" cx=\"2.1\" cy=\"2.5\" r=\"1.5\"\/>\n\t\t\t\t\t\t<circle fill=\"#BDBDBD\" cx=\"47.3\" cy=\"2.5\" r=\"1.5\"\/>\n\t\t\t\t\t\t<circle fill=\"#BDBDBD\" cx=\"92.5\" cy=\"2.5\" r=\"1.5\"\/>\n\t\t\t\t\t\t<circle fill=\"#BDBDBD\" cx=\"137.8\" cy=\"2.5\" r=\"1.5\"\/>\n\t\t\t\t\t\t<circle fill=\"#BDBDBD\" cx=\"2.1\" cy=\"47.3\" r=\"1.5\"\/>\n\t\t\t\t\t\t<circle fill=\"#BDBDBD\" cx=\"47.3\" cy=\"47.3\" r=\"1.5\"\/>\n\t\t\t\t\t\t<circle fill=\"#BDBDBD\" cx=\"92.5\" cy=\"47.3\" r=\"1.5\"\/>\n\t\t\t\t\t\t<circle fill=\"#BDBDBD\" cx=\"137.8\" cy=\"47.3\" r=\"1.5\"\/>\n\t\t\t\t\t\t<circle fill=\"#BDBDBD\" cx=\"2.1\" cy=\"93.2\" r=\"1.5\"\/>\n\t\t\t\t\t\t<circle fill=\"#BDBDBD\" cx=\"47.3\" cy=\"93.2\" r=\"1.5\"\/>\n\t\t\t\t\t\t<circle fill=\"#BDBDBD\" cx=\"92.5\" cy=\"93.2\" r=\"1.5\"\/>\n\t\t\t\t\t\t<circle fill=\"#BDBDBD\" cx=\"137.8\" cy=\"93.2\" r=\"1.5\"\/>\n\t\t\t\t\t\t<circle fill=\"#BDBDBD\" cx=\"2.1\" cy=\"137.5\" r=\"1.5\"\/>\n\t\t\t\t\t\t<circle fill=\"#BDBDBD\" cx=\"47.3\" cy=\"137.5\" r=\"1.5\"\/>\n\t\t\t\t\t\t<circle fill=\"#BDBDBD\" cx=\"92.5\" cy=\"137.5\" r=\"1.5\"\/>\n\t\t\t\t\t\t<circle fill=\"#BDBDBD\" cx=\"137.8\" cy=\"137.5\" r=\"1.5\"\/>\n\t\t\t\t\t<\/g>\n\t\t\t\t<\/svg>\t\t\t\t\t\t\t<\/span>\n\t\t\t\t\t        <span class=\"qodef-testimonial-icon-holder\">\n\t\t\t\t\t\t        <span class=\"qodef-testimonial-icon\">\u201c<\/span>\n\t\t\t\t\t        <\/span>\n\t\t\t\t\t    <\/span>\n\t\t\t        <\/div>\n\n                    <div class=\"qodef-testimonial-text-holder\">\n                                                    <p class=\"qodef-testimonial-text\">Es necesario que las personas j\u00f3venes se\u00e1is siempre protagonistas de las Jornadas, porque sois el presente de los Pirineos. \u00a1Os animo a participar y a hacer o\u00edr vuestra voz!<\/p>\n                                                                            <div class=\"qodef-testimonial-author-holder clearfix\">\n                                <h5 class=\"qodef-testimonial-author-name\">\n                                    <span>V\u00edctor Sal\u00f3<\/span>\n                                <\/h5>\n\t                            \t                                <div class=\"qodef-testimonial-author-job\">\n                                        <span>T\u00e8cn. Coordinaci\u00f3n Territorial Juventud en Lleida, Alt Pirineu y Ar\u00e1n de la Ag. Catalana de la Juventud<\/span>\n\t                                <\/div>\n\t\t\t                                                <\/div>\n                                            <\/div>\n                <\/div>\n\n        \n                <div class=\"qodef-testimonial-content\" id=\"qodef-testimonial-8903\">\n                    <div class=\"qodef-testimonial-heading\">\n\t                                                <div class=\"qodef-testimonial-image\">\n                                <img loading=\"lazy\" decoding=\"async\" width=\"114\" height=\"114\" src=\"https:\/\/www.jornadesperalexcellencia.cat\/wp-content\/uploads\/2023\/03\/2023-jornades-excellencia-ponents-merce-boada.jpg-150x150.jpg\" class=\"attachment-114x114 size-114x114 wp-post-image\" alt=\"\" srcset=\"https:\/\/www.jornadesperalexcellencia.cat\/wp-content\/uploads\/2023\/03\/2023-jornades-excellencia-ponents-merce-boada.jpg-150x150.jpg 150w, https:\/\/www.jornadesperalexcellencia.cat\/wp-content\/uploads\/2023\/03\/2023-jornades-excellencia-ponents-merce-boada.jpg-100x100.jpg 100w\" sizes=\"auto, (max-width: 114px) 100vw, 114px\" \/>                            <\/div>\n                        \t                    <span class=\"qodef-testimonial-type-id\">\n\t\t                    <span class=\"qodef-bg-svg\">\n\t\t\t\t\t\t\t\t<svg xmlns=\"http:\/\/www.w3.org\/2000\/svg\" xmlns:xlink=\"http:\/\/www.w3.org\/1999\/xlink\" x=\"0px\" y=\"0px\" width=\"140px\" height=\"140px\" viewBox=\"0 0 140 140\" enable-background=\"new 0 0 140 140\" xml:space=\"preserve\">\n\t\t\t\t\t<g>\n\t\t\t\t\t\t<circle fill=\"#BDBDBD\" cx=\"2.1\" cy=\"2.5\" r=\"1.5\"\/>\n\t\t\t\t\t\t<circle fill=\"#BDBDBD\" cx=\"47.3\" cy=\"2.5\" r=\"1.5\"\/>\n\t\t\t\t\t\t<circle fill=\"#BDBDBD\" cx=\"92.5\" cy=\"2.5\" r=\"1.5\"\/>\n\t\t\t\t\t\t<circle fill=\"#BDBDBD\" cx=\"137.8\" cy=\"2.5\" r=\"1.5\"\/>\n\t\t\t\t\t\t<circle fill=\"#BDBDBD\" cx=\"2.1\" cy=\"47.3\" r=\"1.5\"\/>\n\t\t\t\t\t\t<circle fill=\"#BDBDBD\" cx=\"47.3\" cy=\"47.3\" r=\"1.5\"\/>\n\t\t\t\t\t\t<circle fill=\"#BDBDBD\" cx=\"92.5\" cy=\"47.3\" r=\"1.5\"\/>\n\t\t\t\t\t\t<circle fill=\"#BDBDBD\" cx=\"137.8\" cy=\"47.3\" r=\"1.5\"\/>\n\t\t\t\t\t\t<circle fill=\"#BDBDBD\" cx=\"2.1\" cy=\"93.2\" r=\"1.5\"\/>\n\t\t\t\t\t\t<circle fill=\"#BDBDBD\" cx=\"47.3\" cy=\"93.2\" r=\"1.5\"\/>\n\t\t\t\t\t\t<circle fill=\"#BDBDBD\" cx=\"92.5\" cy=\"93.2\" r=\"1.5\"\/>\n\t\t\t\t\t\t<circle fill=\"#BDBDBD\" cx=\"137.8\" cy=\"93.2\" r=\"1.5\"\/>\n\t\t\t\t\t\t<circle fill=\"#BDBDBD\" cx=\"2.1\" cy=\"137.5\" r=\"1.5\"\/>\n\t\t\t\t\t\t<circle fill=\"#BDBDBD\" cx=\"47.3\" cy=\"137.5\" r=\"1.5\"\/>\n\t\t\t\t\t\t<circle fill=\"#BDBDBD\" cx=\"92.5\" cy=\"137.5\" r=\"1.5\"\/>\n\t\t\t\t\t\t<circle fill=\"#BDBDBD\" cx=\"137.8\" cy=\"137.5\" r=\"1.5\"\/>\n\t\t\t\t\t<\/g>\n\t\t\t\t<\/svg>\t\t\t\t\t\t\t<\/span>\n\t\t\t\t\t        <span class=\"qodef-testimonial-icon-holder\">\n\t\t\t\t\t\t        <span class=\"qodef-testimonial-icon\">\u201c<\/span>\n\t\t\t\t\t        <\/span>\n\t\t\t\t\t    <\/span>\n\t\t\t        <\/div>\n\n                    <div class=\"qodef-testimonial-text-holder\">\n                                                    <p class=\"qodef-testimonial-text\">Agradezco a las Jornadas para la Excel\u2022l\u00e8ncia la incorporaci\u00f3n del Alzheimer en el debate, haci\u00e9ndonos presentes e inclusivos. Fue un honor participar y compartir ideas y experiencias rodeada de personas con talento y con inquietudes sobre temas clave para nuestros sistemas de salud ahora y en el futuro.<\/p>\n                                                                            <div class=\"qodef-testimonial-author-holder clearfix\">\n                                <h5 class=\"qodef-testimonial-author-name\">\n                                    <span>Merc\u00e9 Boada<\/span>\n                                <\/h5>\n\t                            \t                                <div class=\"qodef-testimonial-author-job\">\n                                        <span>Neur\u00f2loga, directora m\u00e8dica Ace Alzheimer Center Barcelona<\/span>\n\t                                <\/div>\n\t\t\t                                                <\/div>\n                                            <\/div>\n                <\/div>\n\n        \n                <div class=\"qodef-testimonial-content\" id=\"qodef-testimonial-8902\">\n                    <div class=\"qodef-testimonial-heading\">\n\t                                                <div class=\"qodef-testimonial-image\">\n                                <img loading=\"lazy\" decoding=\"async\" width=\"114\" height=\"114\" src=\"https:\/\/www.jornadesperalexcellencia.cat\/wp-content\/uploads\/2022\/09\/2022-jornades-excellencia-ponents-flors-moreno-150x150.jpg\" class=\"attachment-114x114 size-114x114 wp-post-image\" alt=\"flors moreno mare pacient salut mental\" srcset=\"https:\/\/www.jornadesperalexcellencia.cat\/wp-content\/uploads\/2022\/09\/2022-jornades-excellencia-ponents-flors-moreno-150x150.jpg 150w, https:\/\/www.jornadesperalexcellencia.cat\/wp-content\/uploads\/2022\/09\/2022-jornades-excellencia-ponents-flors-moreno-298x300.jpg 298w, https:\/\/www.jornadesperalexcellencia.cat\/wp-content\/uploads\/2022\/09\/2022-jornades-excellencia-ponents-flors-moreno-768x774.jpg 768w, https:\/\/www.jornadesperalexcellencia.cat\/wp-content\/uploads\/2022\/09\/2022-jornades-excellencia-ponents-flors-moreno-650x650.jpg 650w, https:\/\/www.jornadesperalexcellencia.cat\/wp-content\/uploads\/2022\/09\/2022-jornades-excellencia-ponents-flors-moreno-300x300.jpg 300w, https:\/\/www.jornadesperalexcellencia.cat\/wp-content\/uploads\/2022\/09\/2022-jornades-excellencia-ponents-flors-moreno-600x605.jpg 600w, https:\/\/www.jornadesperalexcellencia.cat\/wp-content\/uploads\/2022\/09\/2022-jornades-excellencia-ponents-flors-moreno-100x100.jpg 100w, https:\/\/www.jornadesperalexcellencia.cat\/wp-content\/uploads\/2022\/09\/2022-jornades-excellencia-ponents-flors-moreno.jpg 800w\" sizes=\"auto, (max-width: 114px) 100vw, 114px\" \/>                            <\/div>\n                        \t                    <span class=\"qodef-testimonial-type-id\">\n\t\t                    <span class=\"qodef-bg-svg\">\n\t\t\t\t\t\t\t\t<svg xmlns=\"http:\/\/www.w3.org\/2000\/svg\" xmlns:xlink=\"http:\/\/www.w3.org\/1999\/xlink\" x=\"0px\" y=\"0px\" width=\"140px\" height=\"140px\" viewBox=\"0 0 140 140\" enable-background=\"new 0 0 140 140\" xml:space=\"preserve\">\n\t\t\t\t\t<g>\n\t\t\t\t\t\t<circle fill=\"#BDBDBD\" cx=\"2.1\" cy=\"2.5\" r=\"1.5\"\/>\n\t\t\t\t\t\t<circle fill=\"#BDBDBD\" cx=\"47.3\" cy=\"2.5\" r=\"1.5\"\/>\n\t\t\t\t\t\t<circle fill=\"#BDBDBD\" cx=\"92.5\" cy=\"2.5\" r=\"1.5\"\/>\n\t\t\t\t\t\t<circle fill=\"#BDBDBD\" cx=\"137.8\" cy=\"2.5\" r=\"1.5\"\/>\n\t\t\t\t\t\t<circle fill=\"#BDBDBD\" cx=\"2.1\" cy=\"47.3\" r=\"1.5\"\/>\n\t\t\t\t\t\t<circle fill=\"#BDBDBD\" cx=\"47.3\" cy=\"47.3\" r=\"1.5\"\/>\n\t\t\t\t\t\t<circle fill=\"#BDBDBD\" cx=\"92.5\" cy=\"47.3\" r=\"1.5\"\/>\n\t\t\t\t\t\t<circle fill=\"#BDBDBD\" cx=\"137.8\" cy=\"47.3\" r=\"1.5\"\/>\n\t\t\t\t\t\t<circle fill=\"#BDBDBD\" cx=\"2.1\" cy=\"93.2\" r=\"1.5\"\/>\n\t\t\t\t\t\t<circle fill=\"#BDBDBD\" cx=\"47.3\" cy=\"93.2\" r=\"1.5\"\/>\n\t\t\t\t\t\t<circle fill=\"#BDBDBD\" cx=\"92.5\" cy=\"93.2\" r=\"1.5\"\/>\n\t\t\t\t\t\t<circle fill=\"#BDBDBD\" cx=\"137.8\" cy=\"93.2\" r=\"1.5\"\/>\n\t\t\t\t\t\t<circle fill=\"#BDBDBD\" cx=\"2.1\" cy=\"137.5\" r=\"1.5\"\/>\n\t\t\t\t\t\t<circle fill=\"#BDBDBD\" cx=\"47.3\" cy=\"137.5\" r=\"1.5\"\/>\n\t\t\t\t\t\t<circle fill=\"#BDBDBD\" cx=\"92.5\" cy=\"137.5\" r=\"1.5\"\/>\n\t\t\t\t\t\t<circle fill=\"#BDBDBD\" cx=\"137.8\" cy=\"137.5\" r=\"1.5\"\/>\n\t\t\t\t\t<\/g>\n\t\t\t\t<\/svg>\t\t\t\t\t\t\t<\/span>\n\t\t\t\t\t        <span class=\"qodef-testimonial-icon-holder\">\n\t\t\t\t\t\t        <span class=\"qodef-testimonial-icon\">\u201c<\/span>\n\t\t\t\t\t        <\/span>\n\t\t\t\t\t    <\/span>\n\t\t\t        <\/div>\n\n                    <div class=\"qodef-testimonial-text-holder\">\n                                                    <p class=\"qodef-testimonial-text\">Fue muy enriquecedor poder participar en las Jornadas, compartiendo mi punto de vista, siendo escuchada y escuchando a otros testimonios, experiencias y conocimientos. Un espacio de reflexi\u00f3n para construir nuevas formas de atender y abordar la salud mental. Eternamente agradecida a la organizaci\u00f3n.<\/p>\n                                                                            <div class=\"qodef-testimonial-author-holder clearfix\">\n                                <h5 class=\"qodef-testimonial-author-name\">\n                                    <span>Flors Moreno<\/span>\n                                <\/h5>\n\t                            \t                                <div class=\"qodef-testimonial-author-job\">\n                                        <span>Madre paciente SM<\/span>\n\t                                <\/div>\n\t\t\t                                                <\/div>\n                                            <\/div>\n                <\/div>\n\n        \n                <div class=\"qodef-testimonial-content\" id=\"qodef-testimonial-8565\">\n                    <div class=\"qodef-testimonial-heading\">\n\t                                                <div class=\"qodef-testimonial-image\">\n                                <img loading=\"lazy\" decoding=\"async\" width=\"114\" height=\"114\" src=\"https:\/\/www.jornadesperalexcellencia.cat\/wp-content\/uploads\/2021\/07\/2021-jornades-excellencia-ponents-xuxo-ruiz-150x150.jpg\" class=\"attachment-114x114 size-114x114 wp-post-image\" alt=\"Jornades per a l&#039;excel\u2022l\u00e8ncia 2021 ponents Xuxo Ruiz\" srcset=\"https:\/\/www.jornadesperalexcellencia.cat\/wp-content\/uploads\/2021\/07\/2021-jornades-excellencia-ponents-xuxo-ruiz-150x150.jpg 150w, https:\/\/www.jornadesperalexcellencia.cat\/wp-content\/uploads\/2021\/07\/2021-jornades-excellencia-ponents-xuxo-ruiz-298x300.jpg 298w, https:\/\/www.jornadesperalexcellencia.cat\/wp-content\/uploads\/2021\/07\/2021-jornades-excellencia-ponents-xuxo-ruiz-768x774.jpg 768w, https:\/\/www.jornadesperalexcellencia.cat\/wp-content\/uploads\/2021\/07\/2021-jornades-excellencia-ponents-xuxo-ruiz-650x650.jpg 650w, https:\/\/www.jornadesperalexcellencia.cat\/wp-content\/uploads\/2021\/07\/2021-jornades-excellencia-ponents-xuxo-ruiz-300x300.jpg 300w, https:\/\/www.jornadesperalexcellencia.cat\/wp-content\/uploads\/2021\/07\/2021-jornades-excellencia-ponents-xuxo-ruiz-600x605.jpg 600w, https:\/\/www.jornadesperalexcellencia.cat\/wp-content\/uploads\/2021\/07\/2021-jornades-excellencia-ponents-xuxo-ruiz-100x100.jpg 100w, https:\/\/www.jornadesperalexcellencia.cat\/wp-content\/uploads\/2021\/07\/2021-jornades-excellencia-ponents-xuxo-ruiz.jpg 800w\" sizes=\"auto, (max-width: 114px) 100vw, 114px\" \/>                            <\/div>\n                        \t                    <span class=\"qodef-testimonial-type-id\">\n\t\t                    <span class=\"qodef-bg-svg\">\n\t\t\t\t\t\t\t\t<svg xmlns=\"http:\/\/www.w3.org\/2000\/svg\" xmlns:xlink=\"http:\/\/www.w3.org\/1999\/xlink\" x=\"0px\" y=\"0px\" width=\"140px\" height=\"140px\" viewBox=\"0 0 140 140\" enable-background=\"new 0 0 140 140\" xml:space=\"preserve\">\n\t\t\t\t\t<g>\n\t\t\t\t\t\t<circle fill=\"#BDBDBD\" cx=\"2.1\" cy=\"2.5\" r=\"1.5\"\/>\n\t\t\t\t\t\t<circle fill=\"#BDBDBD\" cx=\"47.3\" cy=\"2.5\" r=\"1.5\"\/>\n\t\t\t\t\t\t<circle fill=\"#BDBDBD\" cx=\"92.5\" cy=\"2.5\" r=\"1.5\"\/>\n\t\t\t\t\t\t<circle fill=\"#BDBDBD\" cx=\"137.8\" cy=\"2.5\" r=\"1.5\"\/>\n\t\t\t\t\t\t<circle fill=\"#BDBDBD\" cx=\"2.1\" cy=\"47.3\" r=\"1.5\"\/>\n\t\t\t\t\t\t<circle fill=\"#BDBDBD\" cx=\"47.3\" cy=\"47.3\" r=\"1.5\"\/>\n\t\t\t\t\t\t<circle fill=\"#BDBDBD\" cx=\"92.5\" cy=\"47.3\" r=\"1.5\"\/>\n\t\t\t\t\t\t<circle fill=\"#BDBDBD\" cx=\"137.8\" cy=\"47.3\" r=\"1.5\"\/>\n\t\t\t\t\t\t<circle fill=\"#BDBDBD\" cx=\"2.1\" cy=\"93.2\" r=\"1.5\"\/>\n\t\t\t\t\t\t<circle fill=\"#BDBDBD\" cx=\"47.3\" cy=\"93.2\" r=\"1.5\"\/>\n\t\t\t\t\t\t<circle fill=\"#BDBDBD\" cx=\"92.5\" cy=\"93.2\" r=\"1.5\"\/>\n\t\t\t\t\t\t<circle fill=\"#BDBDBD\" cx=\"137.8\" cy=\"93.2\" r=\"1.5\"\/>\n\t\t\t\t\t\t<circle fill=\"#BDBDBD\" cx=\"2.1\" cy=\"137.5\" r=\"1.5\"\/>\n\t\t\t\t\t\t<circle fill=\"#BDBDBD\" cx=\"47.3\" cy=\"137.5\" r=\"1.5\"\/>\n\t\t\t\t\t\t<circle fill=\"#BDBDBD\" cx=\"92.5\" cy=\"137.5\" r=\"1.5\"\/>\n\t\t\t\t\t\t<circle fill=\"#BDBDBD\" cx=\"137.8\" cy=\"137.5\" r=\"1.5\"\/>\n\t\t\t\t\t<\/g>\n\t\t\t\t<\/svg>\t\t\t\t\t\t\t<\/span>\n\t\t\t\t\t        <span class=\"qodef-testimonial-icon-holder\">\n\t\t\t\t\t\t        <span class=\"qodef-testimonial-icon\">\u201c<\/span>\n\t\t\t\t\t        <\/span>\n\t\t\t\t\t    <\/span>\n\t\t\t        <\/div>\n\n                    <div class=\"qodef-testimonial-text-holder\">\n                                                    <p class=\"qodef-testimonial-text\">He tenido la gran suerte de asistir a las ponencias &quot;L&#039;Educaci\u00f3 la Clau del futur&quot; y quiero animar a todos a que particip\u00e9is. \u00a1Yo estoy deseando volver!<\/p>\n                                                                            <div class=\"qodef-testimonial-author-holder clearfix\">\n                                <h5 class=\"qodef-testimonial-author-name\">\n                                    <span>Xuxo Ruiz<\/span>\n                                <\/h5>\n\t                            \t                                <div class=\"qodef-testimonial-author-job\">\n                                        <span>Maestro y mago, autor de \u2018Educando con magia\u2019. Finalista del Global Teacher prize 2018<\/span>\n\t                                <\/div>\n\t\t\t                                                <\/div>\n                                            <\/div>\n                <\/div>\n\n        \n                <div class=\"qodef-testimonial-content\" id=\"qodef-testimonial-5162\">\n                    <div class=\"qodef-testimonial-heading\">\n\t                                                <div class=\"qodef-testimonial-image\">\n                                <img loading=\"lazy\" decoding=\"async\" width=\"114\" height=\"114\" src=\"https:\/\/www.jornadesperalexcellencia.cat\/wp-content\/uploads\/2018\/06\/jornades-excellencia-ponents-pilarin-valles-150x150.jpg\" class=\"attachment-114x114 size-114x114 wp-post-image\" alt=\"Jornades per a l&#039;excel\u00b7l\u00e8ncia Esterri d&#039;\u00c0neu ponent Pilarin Bay\u00e9s\" srcset=\"https:\/\/www.jornadesperalexcellencia.cat\/wp-content\/uploads\/2018\/06\/jornades-excellencia-ponents-pilarin-valles.jpg 150w, https:\/\/www.jornadesperalexcellencia.cat\/wp-content\/uploads\/2018\/06\/jornades-excellencia-ponents-pilarin-valles-100x100.jpg 100w\" sizes=\"auto, (max-width: 114px) 100vw, 114px\" \/>                            <\/div>\n                        \t                    <span class=\"qodef-testimonial-type-id\">\n\t\t                    <span class=\"qodef-bg-svg\">\n\t\t\t\t\t\t\t\t<svg xmlns=\"http:\/\/www.w3.org\/2000\/svg\" xmlns:xlink=\"http:\/\/www.w3.org\/1999\/xlink\" x=\"0px\" y=\"0px\" width=\"140px\" height=\"140px\" viewBox=\"0 0 140 140\" enable-background=\"new 0 0 140 140\" xml:space=\"preserve\">\n\t\t\t\t\t<g>\n\t\t\t\t\t\t<circle fill=\"#BDBDBD\" cx=\"2.1\" cy=\"2.5\" r=\"1.5\"\/>\n\t\t\t\t\t\t<circle fill=\"#BDBDBD\" cx=\"47.3\" cy=\"2.5\" r=\"1.5\"\/>\n\t\t\t\t\t\t<circle fill=\"#BDBDBD\" cx=\"92.5\" cy=\"2.5\" r=\"1.5\"\/>\n\t\t\t\t\t\t<circle fill=\"#BDBDBD\" cx=\"137.8\" cy=\"2.5\" r=\"1.5\"\/>\n\t\t\t\t\t\t<circle fill=\"#BDBDBD\" cx=\"2.1\" cy=\"47.3\" r=\"1.5\"\/>\n\t\t\t\t\t\t<circle fill=\"#BDBDBD\" cx=\"47.3\" cy=\"47.3\" r=\"1.5\"\/>\n\t\t\t\t\t\t<circle fill=\"#BDBDBD\" cx=\"92.5\" cy=\"47.3\" r=\"1.5\"\/>\n\t\t\t\t\t\t<circle fill=\"#BDBDBD\" cx=\"137.8\" cy=\"47.3\" r=\"1.5\"\/>\n\t\t\t\t\t\t<circle fill=\"#BDBDBD\" cx=\"2.1\" cy=\"93.2\" r=\"1.5\"\/>\n\t\t\t\t\t\t<circle fill=\"#BDBDBD\" cx=\"47.3\" cy=\"93.2\" r=\"1.5\"\/>\n\t\t\t\t\t\t<circle fill=\"#BDBDBD\" cx=\"92.5\" cy=\"93.2\" r=\"1.5\"\/>\n\t\t\t\t\t\t<circle fill=\"#BDBDBD\" cx=\"137.8\" cy=\"93.2\" r=\"1.5\"\/>\n\t\t\t\t\t\t<circle fill=\"#BDBDBD\" cx=\"2.1\" cy=\"137.5\" r=\"1.5\"\/>\n\t\t\t\t\t\t<circle fill=\"#BDBDBD\" cx=\"47.3\" cy=\"137.5\" r=\"1.5\"\/>\n\t\t\t\t\t\t<circle fill=\"#BDBDBD\" cx=\"92.5\" cy=\"137.5\" r=\"1.5\"\/>\n\t\t\t\t\t\t<circle fill=\"#BDBDBD\" cx=\"137.8\" cy=\"137.5\" r=\"1.5\"\/>\n\t\t\t\t\t<\/g>\n\t\t\t\t<\/svg>\t\t\t\t\t\t\t<\/span>\n\t\t\t\t\t        <span class=\"qodef-testimonial-icon-holder\">\n\t\t\t\t\t\t        <span class=\"qodef-testimonial-icon\">\u201c<\/span>\n\t\t\t\t\t        <\/span>\n\t\t\t\t\t    <\/span>\n\t\t\t        <\/div>\n\n                    <div class=\"qodef-testimonial-text-holder\">\n                                                    <p class=\"qodef-testimonial-text\">&quot;Me pareci\u00f3 de excelencia hacer las Jornadas all\u00e1, arriba de la monta\u00f1a, con personas de probada excelencia y personas que la buscan. Practicando nos haremos excelentes.&quot;<\/p>\n                                                                            <div class=\"qodef-testimonial-author-holder clearfix\">\n                                <h5 class=\"qodef-testimonial-author-name\">\n                                    <span>Pilar\u00edn Bay\u00e9s<\/span>\n                                <\/h5>\n\t                            \t                                <div class=\"qodef-testimonial-author-job\">\n                                        <span> Dibujante<\/span>\n\t                                <\/div>\n\t\t\t                                                <\/div>\n                                            <\/div>\n                <\/div>\n\n        \n                <div class=\"qodef-testimonial-content\" id=\"qodef-testimonial-5161\">\n                    <div class=\"qodef-testimonial-heading\">\n\t                                                <div class=\"qodef-testimonial-image\">\n                                <img loading=\"lazy\" decoding=\"async\" width=\"114\" height=\"114\" src=\"https:\/\/www.jornadesperalexcellencia.cat\/wp-content\/uploads\/2018\/06\/jornades-excellencia-ponents-carme-ruscalleda-150x150.jpg\" class=\"attachment-114x114 size-114x114 wp-post-image\" alt=\"Jornades per a l&#039;excel\u00b7l\u00e8ncia Esterri d&#039;\u00c0neu ponent Carme Ruscalleda\" srcset=\"https:\/\/www.jornadesperalexcellencia.cat\/wp-content\/uploads\/2018\/06\/jornades-excellencia-ponents-carme-ruscalleda.jpg 150w, https:\/\/www.jornadesperalexcellencia.cat\/wp-content\/uploads\/2018\/06\/jornades-excellencia-ponents-carme-ruscalleda-100x100.jpg 100w\" sizes=\"auto, (max-width: 114px) 100vw, 114px\" \/>                            <\/div>\n                        \t                    <span class=\"qodef-testimonial-type-id\">\n\t\t                    <span class=\"qodef-bg-svg\">\n\t\t\t\t\t\t\t\t<svg xmlns=\"http:\/\/www.w3.org\/2000\/svg\" xmlns:xlink=\"http:\/\/www.w3.org\/1999\/xlink\" x=\"0px\" y=\"0px\" width=\"140px\" height=\"140px\" viewBox=\"0 0 140 140\" enable-background=\"new 0 0 140 140\" xml:space=\"preserve\">\n\t\t\t\t\t<g>\n\t\t\t\t\t\t<circle fill=\"#BDBDBD\" cx=\"2.1\" cy=\"2.5\" r=\"1.5\"\/>\n\t\t\t\t\t\t<circle fill=\"#BDBDBD\" cx=\"47.3\" cy=\"2.5\" r=\"1.5\"\/>\n\t\t\t\t\t\t<circle fill=\"#BDBDBD\" cx=\"92.5\" cy=\"2.5\" r=\"1.5\"\/>\n\t\t\t\t\t\t<circle fill=\"#BDBDBD\" cx=\"137.8\" cy=\"2.5\" r=\"1.5\"\/>\n\t\t\t\t\t\t<circle fill=\"#BDBDBD\" cx=\"2.1\" cy=\"47.3\" r=\"1.5\"\/>\n\t\t\t\t\t\t<circle fill=\"#BDBDBD\" cx=\"47.3\" cy=\"47.3\" r=\"1.5\"\/>\n\t\t\t\t\t\t<circle fill=\"#BDBDBD\" cx=\"92.5\" cy=\"47.3\" r=\"1.5\"\/>\n\t\t\t\t\t\t<circle fill=\"#BDBDBD\" cx=\"137.8\" cy=\"47.3\" r=\"1.5\"\/>\n\t\t\t\t\t\t<circle fill=\"#BDBDBD\" cx=\"2.1\" cy=\"93.2\" r=\"1.5\"\/>\n\t\t\t\t\t\t<circle fill=\"#BDBDBD\" cx=\"47.3\" cy=\"93.2\" r=\"1.5\"\/>\n\t\t\t\t\t\t<circle fill=\"#BDBDBD\" cx=\"92.5\" cy=\"93.2\" r=\"1.5\"\/>\n\t\t\t\t\t\t<circle fill=\"#BDBDBD\" cx=\"137.8\" cy=\"93.2\" r=\"1.5\"\/>\n\t\t\t\t\t\t<circle fill=\"#BDBDBD\" cx=\"2.1\" cy=\"137.5\" r=\"1.5\"\/>\n\t\t\t\t\t\t<circle fill=\"#BDBDBD\" cx=\"47.3\" cy=\"137.5\" r=\"1.5\"\/>\n\t\t\t\t\t\t<circle fill=\"#BDBDBD\" cx=\"92.5\" cy=\"137.5\" r=\"1.5\"\/>\n\t\t\t\t\t\t<circle fill=\"#BDBDBD\" cx=\"137.8\" cy=\"137.5\" r=\"1.5\"\/>\n\t\t\t\t\t<\/g>\n\t\t\t\t<\/svg>\t\t\t\t\t\t\t<\/span>\n\t\t\t\t\t        <span class=\"qodef-testimonial-icon-holder\">\n\t\t\t\t\t\t        <span class=\"qodef-testimonial-icon\">\u201c<\/span>\n\t\t\t\t\t        <\/span>\n\t\t\t\t\t    <\/span>\n\t\t\t        <\/div>\n\n                    <div class=\"qodef-testimonial-text-holder\">\n                                                    <p class=\"qodef-testimonial-text\">&quot;Es muy alentador e inspirador haber participado el octubre de 2019, en las jornadas celebradas en los Pirineos, en la bonita poblaci\u00f3n de Esterri d&#039;\u00c0neu, con el potente t\u00edtulo Jornades per a l\u2019excel.l\u00e8ncia, tratando de manera monogr\u00e1fica el papel de \u201cLas Mujeres en la Monta\u00f1a - Mujeres de Vanguardia\u201d Acciones como las jornadas de Esterri d&#039;\u00c0neu, ponen en el escaparate de la sociedad moderna, el talento femenino en todos los campos de emprendimiento y creatividad. Muchas gracias por contar conmigo.&quot;<\/p>\n                                                                            <div class=\"qodef-testimonial-author-holder clearfix\">\n                                <h5 class=\"qodef-testimonial-author-name\">\n                                    <span>Carme Ruscalleda <\/span>\n                                <\/h5>\n\t                            \t                                <div class=\"qodef-testimonial-author-job\">\n                                        <span>Chef con 7 estrellas Michelin<\/span>\n\t                                <\/div>\n\t\t\t                                                <\/div>\n                                            <\/div>\n                <\/div>\n\n        \n                <div class=\"qodef-testimonial-content\" id=\"qodef-testimonial-5159\">\n                    <div class=\"qodef-testimonial-heading\">\n\t                                                <div class=\"qodef-testimonial-image\">\n                                <img loading=\"lazy\" decoding=\"async\" width=\"114\" height=\"114\" src=\"https:\/\/www.jornadesperalexcellencia.cat\/wp-content\/uploads\/2018\/06\/jornades-excellencia-ponents-pere-macias-150x150.jpg\" class=\"attachment-114x114 size-114x114 wp-post-image\" alt=\"Jornades per a l&#039;excel\u00b7l\u00e8ncia Esterri d&#039;\u00c0neu ponent Pere Macias\" srcset=\"https:\/\/www.jornadesperalexcellencia.cat\/wp-content\/uploads\/2018\/06\/jornades-excellencia-ponents-pere-macias.jpg 150w, https:\/\/www.jornadesperalexcellencia.cat\/wp-content\/uploads\/2018\/06\/jornades-excellencia-ponents-pere-macias-100x100.jpg 100w\" sizes=\"auto, (max-width: 114px) 100vw, 114px\" \/>                            <\/div>\n                        \t                    <span class=\"qodef-testimonial-type-id\">\n\t\t                    <span class=\"qodef-bg-svg\">\n\t\t\t\t\t\t\t\t<svg xmlns=\"http:\/\/www.w3.org\/2000\/svg\" xmlns:xlink=\"http:\/\/www.w3.org\/1999\/xlink\" x=\"0px\" y=\"0px\" width=\"140px\" height=\"140px\" viewBox=\"0 0 140 140\" enable-background=\"new 0 0 140 140\" xml:space=\"preserve\">\n\t\t\t\t\t<g>\n\t\t\t\t\t\t<circle fill=\"#BDBDBD\" cx=\"2.1\" cy=\"2.5\" r=\"1.5\"\/>\n\t\t\t\t\t\t<circle fill=\"#BDBDBD\" cx=\"47.3\" cy=\"2.5\" r=\"1.5\"\/>\n\t\t\t\t\t\t<circle fill=\"#BDBDBD\" cx=\"92.5\" cy=\"2.5\" r=\"1.5\"\/>\n\t\t\t\t\t\t<circle fill=\"#BDBDBD\" cx=\"137.8\" cy=\"2.5\" r=\"1.5\"\/>\n\t\t\t\t\t\t<circle fill=\"#BDBDBD\" cx=\"2.1\" cy=\"47.3\" r=\"1.5\"\/>\n\t\t\t\t\t\t<circle fill=\"#BDBDBD\" cx=\"47.3\" cy=\"47.3\" r=\"1.5\"\/>\n\t\t\t\t\t\t<circle fill=\"#BDBDBD\" cx=\"92.5\" cy=\"47.3\" r=\"1.5\"\/>\n\t\t\t\t\t\t<circle fill=\"#BDBDBD\" cx=\"137.8\" cy=\"47.3\" r=\"1.5\"\/>\n\t\t\t\t\t\t<circle fill=\"#BDBDBD\" cx=\"2.1\" cy=\"93.2\" r=\"1.5\"\/>\n\t\t\t\t\t\t<circle fill=\"#BDBDBD\" cx=\"47.3\" cy=\"93.2\" r=\"1.5\"\/>\n\t\t\t\t\t\t<circle fill=\"#BDBDBD\" cx=\"92.5\" cy=\"93.2\" r=\"1.5\"\/>\n\t\t\t\t\t\t<circle fill=\"#BDBDBD\" cx=\"137.8\" cy=\"93.2\" r=\"1.5\"\/>\n\t\t\t\t\t\t<circle fill=\"#BDBDBD\" cx=\"2.1\" cy=\"137.5\" r=\"1.5\"\/>\n\t\t\t\t\t\t<circle fill=\"#BDBDBD\" cx=\"47.3\" cy=\"137.5\" r=\"1.5\"\/>\n\t\t\t\t\t\t<circle fill=\"#BDBDBD\" cx=\"92.5\" cy=\"137.5\" r=\"1.5\"\/>\n\t\t\t\t\t\t<circle fill=\"#BDBDBD\" cx=\"137.8\" cy=\"137.5\" r=\"1.5\"\/>\n\t\t\t\t\t<\/g>\n\t\t\t\t<\/svg>\t\t\t\t\t\t\t<\/span>\n\t\t\t\t\t        <span class=\"qodef-testimonial-icon-holder\">\n\t\t\t\t\t\t        <span class=\"qodef-testimonial-icon\">\u201c<\/span>\n\t\t\t\t\t        <\/span>\n\t\t\t\t\t    <\/span>\n\t\t\t        <\/div>\n\n                    <div class=\"qodef-testimonial-text-holder\">\n                                                    <p class=\"qodef-testimonial-text\">&quot;Las jornadas de Esterri buscan la excelencia. Encuentras, adem\u00e1s, la calidez del pa\u00eds. Participar es una experiencia que me gusta recomendar a todos aquellos que desean reflexionar y compartir ideas para el progreso de nuestra sociedad.&quot;<\/p>\n                                                                            <div class=\"qodef-testimonial-author-holder clearfix\">\n                                <h5 class=\"qodef-testimonial-author-name\">\n                                    <span>Pere Macias <\/span>\n                                <\/h5>\n\t                            \t                                <div class=\"qodef-testimonial-author-job\">\n                                        <span> Presidente del C\u00edrculo de Infraestructuras<\/span>\n\t                                <\/div>\n\t\t\t                                                <\/div>\n                                            <\/div>\n                <\/div>\n\n        \n                <div class=\"qodef-testimonial-content\" id=\"qodef-testimonial-5157\">\n                    <div class=\"qodef-testimonial-heading\">\n\t                                                <div class=\"qodef-testimonial-image\">\n                                <img loading=\"lazy\" decoding=\"async\" width=\"114\" height=\"114\" src=\"https:\/\/www.jornadesperalexcellencia.cat\/wp-content\/uploads\/2022\/09\/jornades-excellencia-ponents-ramon-folch-1.jpg\" class=\"attachment-114x114 size-114x114 wp-post-image\" alt=\"\" srcset=\"https:\/\/www.jornadesperalexcellencia.cat\/wp-content\/uploads\/2022\/09\/jornades-excellencia-ponents-ramon-folch-1.jpg 150w, https:\/\/www.jornadesperalexcellencia.cat\/wp-content\/uploads\/2022\/09\/jornades-excellencia-ponents-ramon-folch-1-12x12.jpg 12w, https:\/\/www.jornadesperalexcellencia.cat\/wp-content\/uploads\/2022\/09\/jornades-excellencia-ponents-ramon-folch-1-100x100.jpg 100w\" sizes=\"auto, (max-width: 114px) 100vw, 114px\" \/>                            <\/div>\n                        \t                    <span class=\"qodef-testimonial-type-id\">\n\t\t                    <span class=\"qodef-bg-svg\">\n\t\t\t\t\t\t\t\t<svg xmlns=\"http:\/\/www.w3.org\/2000\/svg\" xmlns:xlink=\"http:\/\/www.w3.org\/1999\/xlink\" x=\"0px\" y=\"0px\" width=\"140px\" height=\"140px\" viewBox=\"0 0 140 140\" enable-background=\"new 0 0 140 140\" xml:space=\"preserve\">\n\t\t\t\t\t<g>\n\t\t\t\t\t\t<circle fill=\"#BDBDBD\" cx=\"2.1\" cy=\"2.5\" r=\"1.5\"\/>\n\t\t\t\t\t\t<circle fill=\"#BDBDBD\" cx=\"47.3\" cy=\"2.5\" r=\"1.5\"\/>\n\t\t\t\t\t\t<circle fill=\"#BDBDBD\" cx=\"92.5\" cy=\"2.5\" r=\"1.5\"\/>\n\t\t\t\t\t\t<circle fill=\"#BDBDBD\" cx=\"137.8\" cy=\"2.5\" r=\"1.5\"\/>\n\t\t\t\t\t\t<circle fill=\"#BDBDBD\" cx=\"2.1\" cy=\"47.3\" r=\"1.5\"\/>\n\t\t\t\t\t\t<circle fill=\"#BDBDBD\" cx=\"47.3\" cy=\"47.3\" r=\"1.5\"\/>\n\t\t\t\t\t\t<circle fill=\"#BDBDBD\" cx=\"92.5\" cy=\"47.3\" r=\"1.5\"\/>\n\t\t\t\t\t\t<circle fill=\"#BDBDBD\" cx=\"137.8\" cy=\"47.3\" r=\"1.5\"\/>\n\t\t\t\t\t\t<circle fill=\"#BDBDBD\" cx=\"2.1\" cy=\"93.2\" r=\"1.5\"\/>\n\t\t\t\t\t\t<circle fill=\"#BDBDBD\" cx=\"47.3\" cy=\"93.2\" r=\"1.5\"\/>\n\t\t\t\t\t\t<circle fill=\"#BDBDBD\" cx=\"92.5\" cy=\"93.2\" r=\"1.5\"\/>\n\t\t\t\t\t\t<circle fill=\"#BDBDBD\" cx=\"137.8\" cy=\"93.2\" r=\"1.5\"\/>\n\t\t\t\t\t\t<circle fill=\"#BDBDBD\" cx=\"2.1\" cy=\"137.5\" r=\"1.5\"\/>\n\t\t\t\t\t\t<circle fill=\"#BDBDBD\" cx=\"47.3\" cy=\"137.5\" r=\"1.5\"\/>\n\t\t\t\t\t\t<circle fill=\"#BDBDBD\" cx=\"92.5\" cy=\"137.5\" r=\"1.5\"\/>\n\t\t\t\t\t\t<circle fill=\"#BDBDBD\" cx=\"137.8\" cy=\"137.5\" r=\"1.5\"\/>\n\t\t\t\t\t<\/g>\n\t\t\t\t<\/svg>\t\t\t\t\t\t\t<\/span>\n\t\t\t\t\t        <span class=\"qodef-testimonial-icon-holder\">\n\t\t\t\t\t\t        <span class=\"qodef-testimonial-icon\">\u201c<\/span>\n\t\t\t\t\t        <\/span>\n\t\t\t\t\t    <\/span>\n\t\t\t        <\/div>\n\n                    <div class=\"qodef-testimonial-text-holder\">\n                                                    <p class=\"qodef-testimonial-text\">&quot;En tiempo de pandemia, la sostenibilidad reorienta. Mi conclusi\u00f3n de las jornadas: del poder a la cura, la \u00e9pica patriarcal derrotada por la sensata resiliencia femenina.&quot;<\/p>\n                                                                            <div class=\"qodef-testimonial-author-holder clearfix\">\n                                <h5 class=\"qodef-testimonial-author-name\">\n                                    <span>Ram\u00f3n Folch <\/span>\n                                <\/h5>\n\t                            \t                                <div class=\"qodef-testimonial-author-job\">\n                                        <span>Socio-ec\u00f3lego y presidente d&#039;ERF<\/span>\n\t                                <\/div>\n\t\t\t                                                <\/div>\n                                            <\/div>\n                <\/div>\n\n        \n                <div class=\"qodef-testimonial-content\" id=\"qodef-testimonial-5148\">\n                    <div class=\"qodef-testimonial-heading\">\n\t                                                <div class=\"qodef-testimonial-image\">\n                                <img loading=\"lazy\" decoding=\"async\" width=\"114\" height=\"114\" src=\"https:\/\/www.jornadesperalexcellencia.cat\/wp-content\/uploads\/2021\/01\/jornades-excellencia-ponents-francesc-mauri-150x150.jpg\" class=\"attachment-114x114 size-114x114 wp-post-image\" alt=\"Jornades per a l&#039;excel\u00b7l\u00e8ncia Esterri d&#039;\u00c0neu ponent Francesc Mauri\" srcset=\"https:\/\/www.jornadesperalexcellencia.cat\/wp-content\/uploads\/2021\/01\/jornades-excellencia-ponents-francesc-mauri.jpg 150w, https:\/\/www.jornadesperalexcellencia.cat\/wp-content\/uploads\/2021\/01\/jornades-excellencia-ponents-francesc-mauri-100x100.jpg 100w\" sizes=\"auto, (max-width: 114px) 100vw, 114px\" \/>                            <\/div>\n                        \t                    <span class=\"qodef-testimonial-type-id\">\n\t\t                    <span class=\"qodef-bg-svg\">\n\t\t\t\t\t\t\t\t<svg xmlns=\"http:\/\/www.w3.org\/2000\/svg\" xmlns:xlink=\"http:\/\/www.w3.org\/1999\/xlink\" x=\"0px\" y=\"0px\" width=\"140px\" height=\"140px\" viewBox=\"0 0 140 140\" enable-background=\"new 0 0 140 140\" xml:space=\"preserve\">\n\t\t\t\t\t<g>\n\t\t\t\t\t\t<circle fill=\"#BDBDBD\" cx=\"2.1\" cy=\"2.5\" r=\"1.5\"\/>\n\t\t\t\t\t\t<circle fill=\"#BDBDBD\" cx=\"47.3\" cy=\"2.5\" r=\"1.5\"\/>\n\t\t\t\t\t\t<circle fill=\"#BDBDBD\" cx=\"92.5\" cy=\"2.5\" r=\"1.5\"\/>\n\t\t\t\t\t\t<circle fill=\"#BDBDBD\" cx=\"137.8\" cy=\"2.5\" r=\"1.5\"\/>\n\t\t\t\t\t\t<circle fill=\"#BDBDBD\" cx=\"2.1\" cy=\"47.3\" r=\"1.5\"\/>\n\t\t\t\t\t\t<circle fill=\"#BDBDBD\" cx=\"47.3\" cy=\"47.3\" r=\"1.5\"\/>\n\t\t\t\t\t\t<circle fill=\"#BDBDBD\" cx=\"92.5\" cy=\"47.3\" r=\"1.5\"\/>\n\t\t\t\t\t\t<circle fill=\"#BDBDBD\" cx=\"137.8\" cy=\"47.3\" r=\"1.5\"\/>\n\t\t\t\t\t\t<circle fill=\"#BDBDBD\" cx=\"2.1\" cy=\"93.2\" r=\"1.5\"\/>\n\t\t\t\t\t\t<circle fill=\"#BDBDBD\" cx=\"47.3\" cy=\"93.2\" r=\"1.5\"\/>\n\t\t\t\t\t\t<circle fill=\"#BDBDBD\" cx=\"92.5\" cy=\"93.2\" r=\"1.5\"\/>\n\t\t\t\t\t\t<circle fill=\"#BDBDBD\" cx=\"137.8\" cy=\"93.2\" r=\"1.5\"\/>\n\t\t\t\t\t\t<circle fill=\"#BDBDBD\" cx=\"2.1\" cy=\"137.5\" r=\"1.5\"\/>\n\t\t\t\t\t\t<circle fill=\"#BDBDBD\" cx=\"47.3\" cy=\"137.5\" r=\"1.5\"\/>\n\t\t\t\t\t\t<circle fill=\"#BDBDBD\" cx=\"92.5\" cy=\"137.5\" r=\"1.5\"\/>\n\t\t\t\t\t\t<circle fill=\"#BDBDBD\" cx=\"137.8\" cy=\"137.5\" r=\"1.5\"\/>\n\t\t\t\t\t<\/g>\n\t\t\t\t<\/svg>\t\t\t\t\t\t\t<\/span>\n\t\t\t\t\t        <span class=\"qodef-testimonial-icon-holder\">\n\t\t\t\t\t\t        <span class=\"qodef-testimonial-icon\">\u201c<\/span>\n\t\t\t\t\t        <\/span>\n\t\t\t\t\t    <\/span>\n\t\t\t        <\/div>\n\n                    <div class=\"qodef-testimonial-text-holder\">\n                                                    <p class=\"qodef-testimonial-text\">&quot;En el medio ambiente, en la comarca y en el pa\u00eds, los granitos de arena lo construyen todo&quot;<\/p>\n                                                                            <div class=\"qodef-testimonial-author-holder clearfix\">\n                                <h5 class=\"qodef-testimonial-author-name\">\n                                    <span>Francesc Mauri <\/span>\n                                <\/h5>\n\t                            \t                                <div class=\"qodef-testimonial-author-job\">\n                                        <span> Meteor\u00f3logo y presentador de TV3 I Catalunya R\u00e0dio<\/span>\n\t                                <\/div>\n\t\t\t                                                <\/div>\n                                            <\/div>\n                <\/div>\n\n            <\/div>\n<\/div><\/div><\/div><\/div><\/div><\/div><\/div><div class=\"vc_row wpb_row vc_row-fluid\" ><div class=\"wpb_column vc_column_container vc_col-sm-12\"><div class=\"vc_column-inner vc_custom_1756131369906\"><div class=\"wpb_wrapper\">\n\t<div class=\"wpb_text_column wpb_content_element \" >\n\t\t<div class=\"wpb_wrapper\">\n\t\t\t<p style=\"text-align: center;\"><strong style=\"font-size: 18px;\">@jornadesperalexcellencia<\/strong><\/p>\n<div style=\"display: flex; justify-content: center; align-items: center; gap: 10px; margin-top: 5px;\"><a href=\"https:\/\/www.instagram.com\/jornadesperalexcellencia\/\" target=\"_blank\" rel=\"noopener\"><br \/>\n<img loading=\"lazy\" decoding=\"async\" src=\"https:\/\/www.jornadesperalexcellencia.cat\/wp-content\/uploads\/2025\/08\/Jornades-Excellencia-Pirineu-Instagram.png\" alt=\"instagram jornades excel\u00b7lencia Pirineu\" width=\"30\" height=\"30\" \/><br \/>\n<\/a><br \/>\n<a href=\"https:\/\/x.com\/jornadespirineu\" target=\"_blank\" rel=\"noopener\"><br \/>\n<img loading=\"lazy\" decoding=\"async\" src=\"https:\/\/www.jornadesperalexcellencia.cat\/wp-content\/uploads\/2025\/08\/Jornades-Excellencia-Pirineu-X_Twitter.png\" alt=\"twitter x jornades excel\u00b7lencia Pirineu\" width=\"30\" height=\"30\" \/><br \/>\n<\/a><br \/>\n<a href=\"https:\/\/www.linkedin.com\/company\/jornades-per-a-excellencia\/\" target=\"_blank\" rel=\"noopener\"><br \/>\n<img loading=\"lazy\" decoding=\"async\" src=\"https:\/\/www.jornadesperalexcellencia.cat\/wp-content\/uploads\/2025\/08\/Jornades-Excellencia-Pirineu-Linkedin.png\" alt=\"linkedin jornades excel\u00b7lencia Pirineu\" width=\"30\" height=\"30\" \/><br \/>\n<\/a><br \/>\n<a href=\"https:\/\/www.youtube.com\/@jornadesperalexcellencia\" target=\"_blank\" rel=\"noopener\"><br \/>\n<img loading=\"lazy\" decoding=\"async\" src=\"https:\/\/www.jornadesperalexcellencia.cat\/wp-content\/uploads\/2025\/08\/Jornades-Excellencia-Pirineu-Youtube.png\" alt=\"youtube jornades excel\u00b7lencia Pirineu\" width=\"30\" height=\"30\" \/><br \/>\n<\/a><br \/>\n<a href=\"https:\/\/www.youtube.com\/@jornadesperalexcellencia\/shorts\" target=\"_blank\" rel=\"noopener\"><br \/>\n<img loading=\"lazy\" decoding=\"async\" src=\"https:\/\/www.jornadesperalexcellencia.cat\/wp-content\/uploads\/2025\/08\/Jornades-Excellencia-Pirineu-Youtube-Shorts.png\" alt=\"shorts jornades excel\u00b7lencia Pirineu\" width=\"30\" height=\"30\" \/><br \/>\n<\/a><br \/>\n<a href=\"https:\/\/www.facebook.com\/jornadesperalexcellencia\" target=\"_blank\" rel=\"noopener\"><br \/>\n<img loading=\"lazy\" decoding=\"async\" src=\"https:\/\/www.jornadesperalexcellencia.cat\/wp-content\/uploads\/2025\/08\/Jornades-Excellencia-Pirineu-Facebook.png\" alt=\"facebook jornades excel\u00b7lencia Pirineu\" width=\"30\" height=\"30\" \/><br \/>\n<\/a><\/div>\n\n\t\t<\/div>\n\t<\/div>\n<div class=\"vc_empty_space\"   style=\"height: 32px\"><span class=\"vc_empty_space_inner\"><\/span><\/div>\n\t<div class=\"wpb_text_column wpb_content_element \" >\n\t\t<div class=\"wpb_wrapper\">\n\t\t\t        <div\n            class=\"spotlight-instagram-feed\"\n            data-feed-var=\"9ad0bd6d\"\n            data-analytics=\"0\"\n            data-instance=\"5148\"\n        >\n        <\/div>\n        <input type=\"hidden\" id=\"sli__f__9ad0bd6d\" data-json='{&quot;useCase&quot;:&quot;accounts&quot;,&quot;template&quot;:&quot;row&quot;,&quot;layout&quot;:&quot;grid&quot;,&quot;numColumns&quot;:{&quot;desktop&quot;:6,&quot;phone&quot;:3,&quot;tablet&quot;:5},&quot;highlightFreq&quot;:{&quot;desktop&quot;:7},&quot;sliderNumScrollPosts&quot;:{&quot;desktop&quot;:1},&quot;sliderInfinite&quot;:true,&quot;sliderLoop&quot;:false,&quot;sliderArrowPos&quot;:{&quot;desktop&quot;:&quot;inside&quot;},&quot;sliderArrowSize&quot;:{&quot;desktop&quot;:20},&quot;sliderArrowColor&quot;:{&quot;r&quot;:255,&quot;b&quot;:255,&quot;g&quot;:255,&quot;a&quot;:1},&quot;sliderArrowBgColor&quot;:{&quot;r&quot;:0,&quot;b&quot;:0,&quot;g&quot;:0,&quot;a&quot;:0.8},&quot;sliderAutoScroll&quot;:false,&quot;sliderAutoInterval&quot;:3,&quot;postOrder&quot;:&quot;date_desc&quot;,&quot;numPosts&quot;:{&quot;desktop&quot;:6,&quot;phone&quot;:3,&quot;tablet&quot;:5},&quot;linkBehavior&quot;:{&quot;desktop&quot;:&quot;new_tab&quot;},&quot;feedWidth&quot;:{&quot;desktop&quot;:0},&quot;feedHeight&quot;:{&quot;desktop&quot;:0},&quot;feedPadding&quot;:{&quot;desktop&quot;:0,&quot;tablet&quot;:0,&quot;phone&quot;:0},&quot;imgPadding&quot;:{&quot;desktop&quot;:0,&quot;tablet&quot;:0,&quot;phone&quot;:0},&quot;ratio&quot;:&quot;classic&quot;,&quot;textSize&quot;:{&quot;desktop&quot;:0,&quot;tablet&quot;:0,&quot;phone&quot;:0},&quot;bgColor&quot;:{&quot;r&quot;:255,&quot;g&quot;:255,&quot;b&quot;:255,&quot;a&quot;:1},&quot;hoverInfo&quot;:[&quot;likes_comments&quot;,&quot;insta_link&quot;,&quot;date&quot;],&quot;textColorHover&quot;:{&quot;r&quot;:255,&quot;g&quot;:255,&quot;b&quot;:255,&quot;a&quot;:1},&quot;bgColorHover&quot;:{&quot;r&quot;:0,&quot;g&quot;:0,&quot;b&quot;:0,&quot;a&quot;:0.5},&quot;showHeader&quot;:{&quot;desktop&quot;:false},&quot;headerInfo&quot;:{&quot;desktop&quot;:[&quot;profile_pic&quot;,&quot;bio&quot;]},&quot;headerAccount&quot;:null,&quot;headerStyle&quot;:{&quot;desktop&quot;:&quot;normal&quot;,&quot;phone&quot;:&quot;centered&quot;},&quot;headerTextSize&quot;:{&quot;desktop&quot;:0},&quot;headerPhotoSize&quot;:{&quot;desktop&quot;:50},&quot;headerTextColor&quot;:{&quot;r&quot;:0,&quot;g&quot;:0,&quot;b&quot;:0,&quot;a&quot;:1},&quot;headerBgColor&quot;:{&quot;r&quot;:255,&quot;g&quot;:255,&quot;b&quot;:255,&quot;a&quot;:1},&quot;headerPadding&quot;:{&quot;desktop&quot;:0},&quot;customProfilePic&quot;:&quot;&quot;,&quot;customBioText&quot;:&quot;&quot;,&quot;includeStories&quot;:false,&quot;storiesInterval&quot;:5,&quot;showCaptions&quot;:{&quot;desktop&quot;:false,&quot;tablet&quot;:false},&quot;captionMaxLength&quot;:{&quot;desktop&quot;:0},&quot;captionRemoveDots&quot;:false,&quot;captionSize&quot;:{&quot;desktop&quot;:0},&quot;captionColor&quot;:{&quot;r&quot;:0,&quot;g&quot;:0,&quot;b&quot;:0,&quot;a&quot;:1},&quot;showLikes&quot;:{&quot;desktop&quot;:false,&quot;tablet&quot;:false},&quot;showComments&quot;:{&quot;desktop&quot;:false,&quot;tablet&quot;:false},&quot;lcIconSize&quot;:{&quot;desktop&quot;:14},&quot;likesIconColor&quot;:{&quot;r&quot;:0,&quot;g&quot;:0,&quot;b&quot;:0,&quot;a&quot;:1},&quot;commentsIconColor&quot;:{&quot;r&quot;:0,&quot;g&quot;:0,&quot;b&quot;:0,&quot;a&quot;:1},&quot;lightboxShowSidebar&quot;:false,&quot;lightboxCtaStyle&quot;:&quot;link&quot;,&quot;lightboxCtaDesign&quot;:{&quot;text&quot;:{&quot;color&quot;:{&quot;r&quot;:0,&quot;g&quot;:0,&quot;b&quot;:0,&quot;a&quot;:1},&quot;align&quot;:&quot;center&quot;},&quot;bgColor&quot;:{&quot;r&quot;:230,&quot;g&quot;:230,&quot;b&quot;:230,&quot;a&quot;:1},&quot;border&quot;:{&quot;radius&quot;:3}},&quot;numLightboxComments&quot;:50,&quot;showLoadMoreBtn&quot;:{&quot;desktop&quot;:false},&quot;loadMoreBtnDesign&quot;:{&quot;text&quot;:{&quot;color&quot;:{&quot;r&quot;:13,&quot;g&quot;:13,&quot;b&quot;:13,&quot;a&quot;:1},&quot;align&quot;:&quot;center&quot;},&quot;border&quot;:{&quot;radius&quot;:3},&quot;bgColor&quot;:{&quot;r&quot;:255,&quot;g&quot;:255,&quot;b&quot;:255,&quot;a&quot;:1},&quot;margin&quot;:{&quot;top&quot;:0,&quot;bottom&quot;:0,&quot;left&quot;:0,&quot;right&quot;:0}},&quot;loadMoreBtnText&quot;:&quot;Continua a Instagram&quot;,&quot;loadMoreBtnScroll&quot;:true,&quot;autoload&quot;:false,&quot;showFollowBtn&quot;:{&quot;desktop&quot;:false,&quot;phone&quot;:false},&quot;followBtnText&quot;:&quot;Segueix-nos @jornadesperalexcellencia&quot;,&quot;followBtnDesign&quot;:{&quot;text&quot;:{&quot;color&quot;:{&quot;r&quot;:10,&quot;g&quot;:10,&quot;b&quot;:10,&quot;a&quot;:1},&quot;align&quot;:&quot;center&quot;},&quot;border&quot;:{&quot;radius&quot;:3},&quot;bgColor&quot;:{&quot;r&quot;:255,&quot;g&quot;:254,&quot;b&quot;:255,&quot;a&quot;:0},&quot;margin&quot;:{&quot;top&quot;:0,&quot;bottom&quot;:0,&quot;left&quot;:0,&quot;right&quot;:0}},&quot;followBtnLocation&quot;:{&quot;desktop&quot;:&quot;both&quot;,&quot;phone&quot;:&quot;bottom&quot;},&quot;alignFooterButtons&quot;:{&quot;desktop&quot;:false},&quot;customCss&quot;:&quot;\\\/* Enter your custom CSS below *\\\/\\n\\n&quot;,&quot;accounts&quot;:[11048],&quot;tagged&quot;:[],&quot;hashtags&quot;:[],&quot;mediaType&quot;:&quot;all&quot;,&quot;hashtagWhitelist&quot;:[],&quot;hashtagBlacklist&quot;:[],&quot;captionWhitelist&quot;:[],&quot;captionBlacklist&quot;:[],&quot;hashtagWhitelistSettings&quot;:true,&quot;hashtagBlacklistSettings&quot;:true,&quot;captionWhitelistSettings&quot;:true,&quot;captionBlacklistSettings&quot;:true,&quot;moderation&quot;:[],&quot;moderationMode&quot;:&quot;blacklist&quot;,&quot;promosVersion&quot;:2,&quot;promosEnabled&quot;:true,&quot;globalPromosEnabled&quot;:true,&quot;autoPromosEnabled&quot;:true,&quot;promoOverrides&quot;:[],&quot;feedPromo&quot;:{&quot;linkSource&quot;:{&quot;type&quot;:null},&quot;linkBehavior&quot;:{&quot;openNewTab&quot;:false,&quot;showPopupBox&quot;:false},&quot;linkText&quot;:&quot;&quot;},&quot;gaCampaignSource&quot;:&quot;&quot;,&quot;gaCampaignMedium&quot;:&quot;&quot;,&quot;gaCampaignName&quot;:&quot;&quot;}' \/>\n        <input type=\"hidden\" id=\"sli__a__9ad0bd6d\" data-json='[{&quot;id&quot;:11048,&quot;type&quot;:&quot;PERSONAL&quot;,&quot;userId&quot;:&quot;24140107108993113&quot;,&quot;username&quot;:&quot;jornadesperalexcellencia&quot;,&quot;bio&quot;:&quot;&quot;,&quot;customBio&quot;:&quot;\\ud83d\\udde3\\ufe0f Reflexionant pel futur del Pirineu\\n\\ud83d\\udcc6 3 i 4 d&#039;octubre a Esterri d&#039;\\u00c0neu\\nAndorra i la Val d&#039;Aran units en el projecte\\n#FuturPirineu \\ud83e\\udef6\\ud83c\\udfd4\\ufe0f\\u2728&quot;,&quot;profilePicUrl&quot;:&quot;&quot;,&quot;customProfilePicUrl&quot;:&quot;https:\\\/\\\/www.jornadesperalexcellencia.cat\\\/wp-content\\\/uploads\\\/2021\\\/06\\\/favicon-jornades-excellencia-1.png&quot;,&quot;mediaCount&quot;:&quot;436&quot;,&quot;followersCount&quot;:&quot;0&quot;,&quot;usages&quot;:[],&quot;creationDate&quot;:&quot;2025-08-25 10:25:19&quot;}]' \/>\n        <input type=\"hidden\" id=\"sli__m__9ad0bd6d\" data-json='[]' \/>\n        \n\n\t\t<\/div>\n\t<\/div>\n<\/div><\/div><\/div><\/div><div class=\"vc_row wpb_row vc_row-fluid\" ><div class=\"wpb_column vc_column_container vc_col-sm-12\"><div class=\"vc_column-inner\"><div class=\"wpb_wrapper\"><div class=\"qodef-image-gallery qodef-grid-list qodef-grid-masonry-list qodef-disable-bottom-space  qodef-ig-masonry-type qodef-four-columns qodef-tiny-space  qodef-image-behavior-lightbox\">\n\t<div class=\"qodef-ig-inner qodef-outer-space qodef-masonry-list-wrapper\">\n\t\t<div class=\"qodef-masonry-grid-sizer\"><\/div>\n\t\t<div class=\"qodef-masonry-grid-gutter\"><\/div>\n\t\t\t\t\t\t\t\t<div class=\"qodef-ig-image qodef-item-space qodef-fixed-masonry-item qodef-masonry-size-large-width\">\n\t\t\t\t<div class=\"qodef-ig-image-inner\">\n\t\t\t\t\t\t\t\t\t\t\t<a itemprop=\"image\" class=\"qodef-ig-lightbox\" href=\"https:\/\/www.jornadesperalexcellencia.cat\/wp-content\/uploads\/2021\/01\/jornades-excellencia-galeria-fotos-1-1.jpg\" data-rel=\"prettyPhoto[image_gallery_pretty_photo-333]\" title=\"jornades-excellencia-galeria-fotos-1\">\n\t\t\t\t\t\t\t\t\t\t\t<img loading=\"lazy\" decoding=\"async\" width=\"946\" height=\"476\" src=\"https:\/\/www.jornadesperalexcellencia.cat\/wp-content\/uploads\/2021\/01\/jornades-excellencia-galeria-fotos-1-1.jpg\" class=\"attachment-wellexpo_select_image_landscape size-wellexpo_select_image_landscape\" alt=\"Jornades per a l&#039;excel\u00b7l\u00e8ncia Esterri d&#039;\u00c0neu esdeveniment\" srcset=\"https:\/\/www.jornadesperalexcellencia.cat\/wp-content\/uploads\/2021\/01\/jornades-excellencia-galeria-fotos-1-1.jpg 946w, https:\/\/www.jornadesperalexcellencia.cat\/wp-content\/uploads\/2021\/01\/jornades-excellencia-galeria-fotos-1-1-600x302.jpg 600w, https:\/\/www.jornadesperalexcellencia.cat\/wp-content\/uploads\/2021\/01\/jornades-excellencia-galeria-fotos-1-1-300x151.jpg 300w, https:\/\/www.jornadesperalexcellencia.cat\/wp-content\/uploads\/2021\/01\/jornades-excellencia-galeria-fotos-1-1-768x386.jpg 768w\" sizes=\"auto, (max-width: 946px) 100vw, 946px\" \/>\t\t\t\t\t\t\t\t\t\t\t<\/a>\n\t\t\t\t\t\t\t\t\t<\/div>\n\t\t\t<\/div>\n\t\t\t\t\t\t\t\t<div class=\"qodef-ig-image qodef-item-space qodef-fixed-masonry-item qodef-masonry-size-large-height\">\n\t\t\t\t<div class=\"qodef-ig-image-inner\">\n\t\t\t\t\t\t\t\t\t\t\t<a itemprop=\"image\" class=\"qodef-ig-lightbox\" href=\"https:\/\/www.jornadesperalexcellencia.cat\/wp-content\/uploads\/2021\/01\/jornades-excellencia-galeria-fotos-2.jpg\" data-rel=\"prettyPhoto[image_gallery_pretty_photo-333]\" title=\"jornades-excellencia-galeria-fotos-2\">\n\t\t\t\t\t\t\t\t\t\t\t<img loading=\"lazy\" decoding=\"async\" width=\"473\" height=\"952\" src=\"https:\/\/www.jornadesperalexcellencia.cat\/wp-content\/uploads\/2021\/01\/jornades-excellencia-galeria-fotos-2.jpg\" class=\"attachment-wellexpo_select_image_portrait size-wellexpo_select_image_portrait\" alt=\"Jornades per a l&#039;excel\u00b7l\u00e8ncia Esterri d&#039;\u00c0neu esdeveniment\" srcset=\"https:\/\/www.jornadesperalexcellencia.cat\/wp-content\/uploads\/2021\/01\/jornades-excellencia-galeria-fotos-2.jpg 473w, https:\/\/www.jornadesperalexcellencia.cat\/wp-content\/uploads\/2021\/01\/jornades-excellencia-galeria-fotos-2-149x300.jpg 149w\" sizes=\"auto, (max-width: 473px) 100vw, 473px\" \/>\t\t\t\t\t\t\t\t\t\t\t<\/a>\n\t\t\t\t\t\t\t\t\t<\/div>\n\t\t\t<\/div>\n\t\t\t\t\t\t\t\t<div class=\"qodef-ig-image qodef-item-space qodef-fixed-masonry-item qodef-masonry-size-small\">\n\t\t\t\t<div class=\"qodef-ig-image-inner\">\n\t\t\t\t\t\t\t\t\t\t\t<a itemprop=\"image\" class=\"qodef-ig-lightbox\" href=\"https:\/\/www.jornadesperalexcellencia.cat\/wp-content\/uploads\/2021\/01\/jornades-excellencia-galeria-fotos-5.jpg\" data-rel=\"prettyPhoto[image_gallery_pretty_photo-333]\" title=\"jornades-excellencia-galeria-fotos-5\">\n\t\t\t\t\t\t\t\t\t\t\t<img loading=\"lazy\" decoding=\"async\" width=\"473\" height=\"476\" src=\"https:\/\/www.jornadesperalexcellencia.cat\/wp-content\/uploads\/2021\/01\/jornades-excellencia-galeria-fotos-5.jpg\" class=\"attachment-wellexpo_select_image_square size-wellexpo_select_image_square\" alt=\"Jornades per a l&#039;excel\u00b7l\u00e8ncia Esterri d&#039;\u00c0neu esdeveniment\" srcset=\"https:\/\/www.jornadesperalexcellencia.cat\/wp-content\/uploads\/2021\/01\/jornades-excellencia-galeria-fotos-5.jpg 473w, https:\/\/www.jornadesperalexcellencia.cat\/wp-content\/uploads\/2021\/01\/jornades-excellencia-galeria-fotos-5-100x100.jpg 100w, https:\/\/www.jornadesperalexcellencia.cat\/wp-content\/uploads\/2021\/01\/jornades-excellencia-galeria-fotos-5-298x300.jpg 298w, https:\/\/www.jornadesperalexcellencia.cat\/wp-content\/uploads\/2021\/01\/jornades-excellencia-galeria-fotos-5-150x150.jpg 150w\" sizes=\"auto, (max-width: 473px) 100vw, 473px\" \/>\t\t\t\t\t\t\t\t\t\t\t<\/a>\n\t\t\t\t\t\t\t\t\t<\/div>\n\t\t\t<\/div>\n\t\t\t\t\t\t\t\t<div class=\"qodef-ig-image qodef-item-space qodef-fixed-masonry-item qodef-masonry-size-small\">\n\t\t\t\t<div class=\"qodef-ig-image-inner\">\n\t\t\t\t\t\t\t\t\t\t\t<a itemprop=\"image\" class=\"qodef-ig-lightbox\" href=\"https:\/\/www.jornadesperalexcellencia.cat\/wp-content\/uploads\/2021\/03\/jornades-excellencia-galeria-fotos-3.jpg\" data-rel=\"prettyPhoto[image_gallery_pretty_photo-333]\" title=\"jornades-excellencia-galeria-fotos-3\">\n\t\t\t\t\t\t\t\t\t\t\t<img loading=\"lazy\" decoding=\"async\" width=\"464\" height=\"464\" src=\"https:\/\/www.jornadesperalexcellencia.cat\/wp-content\/uploads\/2021\/03\/jornades-excellencia-galeria-fotos-3.jpg\" class=\"attachment-wellexpo_select_image_square size-wellexpo_select_image_square\" alt=\"Jornades per a l&#039;excel\u00b7l\u00e8ncia Esterri d&#039;\u00c0neu esdeveniment\" srcset=\"https:\/\/www.jornadesperalexcellencia.cat\/wp-content\/uploads\/2021\/03\/jornades-excellencia-galeria-fotos-3.jpg 464w, https:\/\/www.jornadesperalexcellencia.cat\/wp-content\/uploads\/2021\/03\/jornades-excellencia-galeria-fotos-3-300x300.jpg 300w, https:\/\/www.jornadesperalexcellencia.cat\/wp-content\/uploads\/2021\/03\/jornades-excellencia-galeria-fotos-3-100x100.jpg 100w, https:\/\/www.jornadesperalexcellencia.cat\/wp-content\/uploads\/2021\/03\/jornades-excellencia-galeria-fotos-3-150x150.jpg 150w\" sizes=\"auto, (max-width: 464px) 100vw, 464px\" \/>\t\t\t\t\t\t\t\t\t\t\t<\/a>\n\t\t\t\t\t\t\t\t\t<\/div>\n\t\t\t<\/div>\n\t\t\t\t\t\t\t\t<div class=\"qodef-ig-image qodef-item-space \">\n\t\t\t\t<div class=\"qodef-ig-image-inner\">\n\t\t\t\t\t\t\t\t\t\t\t<a itemprop=\"image\" class=\"qodef-ig-lightbox\" href=\"https:\/\/www.jornadesperalexcellencia.cat\/wp-content\/uploads\/2025\/09\/jornades-per-excellencia-img-galeria-home.png\" data-rel=\"prettyPhoto[image_gallery_pretty_photo-333]\" title=\"jornades-per-excellencia-img-galeria-home\">\n\t\t\t\t\t\t\t\t\t\t\t<img loading=\"lazy\" decoding=\"async\" width=\"629\" height=\"629\" src=\"https:\/\/www.jornadesperalexcellencia.cat\/wp-content\/uploads\/2025\/09\/jornades-per-excellencia-img-galeria-home.png\" class=\"attachment-full size-full\" alt=\"\" srcset=\"https:\/\/www.jornadesperalexcellencia.cat\/wp-content\/uploads\/2025\/09\/jornades-per-excellencia-img-galeria-home.png 629w, https:\/\/www.jornadesperalexcellencia.cat\/wp-content\/uploads\/2025\/09\/jornades-per-excellencia-img-galeria-home-300x300.png 300w, https:\/\/www.jornadesperalexcellencia.cat\/wp-content\/uploads\/2025\/09\/jornades-per-excellencia-img-galeria-home-150x150.png 150w, https:\/\/www.jornadesperalexcellencia.cat\/wp-content\/uploads\/2025\/09\/jornades-per-excellencia-img-galeria-home-12x12.png 12w, https:\/\/www.jornadesperalexcellencia.cat\/wp-content\/uploads\/2025\/09\/jornades-per-excellencia-img-galeria-home-600x600.png 600w, https:\/\/www.jornadesperalexcellencia.cat\/wp-content\/uploads\/2025\/09\/jornades-per-excellencia-img-galeria-home-100x100.png 100w\" sizes=\"auto, (max-width: 629px) 100vw, 629px\" \/>\t\t\t\t\t\t\t\t\t\t\t<\/a>\n\t\t\t\t\t\t\t\t\t<\/div>\n\t\t\t<\/div>\n\t\t\t\t\t\t\t\t<div class=\"qodef-ig-image qodef-item-space qodef-fixed-masonry-item qodef-masonry-size-small\">\n\t\t\t\t<div class=\"qodef-ig-image-inner\">\n\t\t\t\t\t\t\t\t\t\t\t<a itemprop=\"image\" class=\"qodef-ig-lightbox\" href=\"https:\/\/www.jornadesperalexcellencia.cat\/wp-content\/uploads\/2021\/03\/jornades-excellencia-galeria-fotos.jpg\" data-rel=\"prettyPhoto[image_gallery_pretty_photo-333]\" title=\"jornades-excellencia-galeria-fotos\">\n\t\t\t\t\t\t\t\t\t\t\t<img loading=\"lazy\" decoding=\"async\" width=\"473\" height=\"464\" src=\"https:\/\/www.jornadesperalexcellencia.cat\/wp-content\/uploads\/2021\/03\/jornades-excellencia-galeria-fotos.jpg\" class=\"attachment-wellexpo_select_image_square size-wellexpo_select_image_square\" alt=\"Jornades per a l&#039;excel\u00b7l\u00e8ncia Esterri d&#039;\u00c0neu esdeveniment\" srcset=\"https:\/\/www.jornadesperalexcellencia.cat\/wp-content\/uploads\/2021\/03\/jornades-excellencia-galeria-fotos.jpg 473w, https:\/\/www.jornadesperalexcellencia.cat\/wp-content\/uploads\/2021\/03\/jornades-excellencia-galeria-fotos-300x294.jpg 300w\" sizes=\"auto, (max-width: 473px) 100vw, 473px\" \/>\t\t\t\t\t\t\t\t\t\t\t<\/a>\n\t\t\t\t\t\t\t\t\t<\/div>\n\t\t\t<\/div>\n\t\t\t<\/div>\n<\/div><\/div><\/div><\/div><\/div><div class=\"qodef-row-grid-section-wrapper \"  ><div class=\"qodef-row-grid-section\"><div class=\"vc_row wpb_row vc_row-fluid vc_custom_1610971410178\" ><div class=\"wpb_column vc_column_container vc_col-sm-3\"><div class=\"vc_column-inner\"><div class=\"wpb_wrapper\"><div class=\"qodef-counter-holder  \">\n\t<div class=\"qodef-counter-inner\">\n\t\t\t\t\t<span class=\"qodef-counter qodef-zero-counter\" >1<\/span>\n\t\t\t\t\t\t\t<h4 class=\"qodef-counter-title\" >\n\t\t\t\tDescubre\t\t\t<\/h4>\n\t\t\t\t\t\t\t<p class=\"qodef-counter-text\" >Escucha profesionales expertos y conoce experiencias llevadas a cabo en el territorio y a otros lugares de caracter\u00edsticas similares a nuestros entornos.<\/p>\n\t\t\t<\/div>\n<\/div><\/div><\/div><\/div><div class=\"wpb_column vc_column_container vc_col-sm-3\"><div class=\"vc_column-inner\"><div class=\"wpb_wrapper\"><div class=\"qodef-counter-holder  \">\n\t<div class=\"qodef-counter-inner\">\n\t\t\t\t\t<span class=\"qodef-counter qodef-zero-counter\" >2<\/span>\n\t\t\t\t\t\t\t<h4 class=\"qodef-counter-title\" >\n\t\t\t\tReflexiona\t\t\t<\/h4>\n\t\t\t\t\t\t\t<p class=\"qodef-counter-text\" >Reflexiona sobre realidad de tu entorno; sobre las necesidades y las oportunidades para revertir o mejorar una situaci\u00f3n concreta.<\/p>\n\t\t\t<\/div>\n<\/div><\/div><\/div><\/div><div class=\"wpb_column vc_column_container vc_col-sm-3\"><div class=\"vc_column-inner\"><div class=\"wpb_wrapper\"><div class=\"qodef-counter-holder  \">\n\t<div class=\"qodef-counter-inner\">\n\t\t\t\t\t<span class=\"qodef-counter qodef-zero-counter\" >3<\/span>\n\t\t\t\t\t\t\t<h4 class=\"qodef-counter-title\" >\n\t\t\t\tAct\u00faa\t\t\t<\/h4>\n\t\t\t\t\t\t\t<p class=\"qodef-counter-text\" >Aprovecha este evento para generar oportunidades que sean la semilla de nuevos proyectos.<\/p>\n\t\t\t<\/div>\n<\/div><\/div><\/div><\/div><div class=\"wpb_column vc_column_container vc_col-sm-3\"><div class=\"vc_column-inner\"><div class=\"wpb_wrapper\"><div class=\"qodef-counter-holder  \">\n\t<div class=\"qodef-counter-inner\">\n\t\t\t\t\t<span class=\"qodef-counter qodef-zero-counter\" >4<\/span>\n\t\t\t\t\t\t\t<h4 class=\"qodef-counter-title\" >\n\t\t\t\tApasi\u00f3nate\t\t\t<\/h4>\n\t\t\t\t\t\t\t<p class=\"qodef-counter-text\" >Pon pasi\u00f3n en lo que haces, que tus ideas y tus ganas de superaci\u00f3n sean lo que te defina.<\/p>\n\t\t\t<\/div>\n<\/div><\/div><\/div><\/div><\/div><\/div><\/div><div class=\"vc_row wpb_row vc_row-fluid vc_custom_1611222028359\" ><div class=\"wpb_column vc_column_container vc_col-sm-12\"><div class=\"vc_column-inner\"><div class=\"wpb_wrapper\"><div class=\"qodef-parallax-holder\" data-parallax=\"{&quot;y&quot;: -150, &quot;smoothness&quot;: 20}\">\n\t<div  class=\"wpb_single_image wpb_content_element vc_align_left\">\n\t\t\n\t\t<figure class=\"wpb_wrapper vc_figure\">\n\t\t\t<div class=\"vc_single_image-wrapper   vc_box_border_grey\"><img loading=\"lazy\" decoding=\"async\" width=\"2100\" height=\"404\" src=\"https:\/\/www.jornadesperalexcellencia.cat\/wp-content\/uploads\/2021\/01\/jornades-excellencia-patrocinadors-esponsors-img.jpg\" class=\"vc_single_image-img attachment-full\" alt=\"Jornades per a l&#039;excel\u00b7l\u00e8ncia Esterri d&#039;\u00c0neu patrocinadors i esp\u00f2nsors\" srcset=\"https:\/\/www.jornadesperalexcellencia.cat\/wp-content\/uploads\/2021\/01\/jornades-excellencia-patrocinadors-esponsors-img.jpg 2100w, https:\/\/www.jornadesperalexcellencia.cat\/wp-content\/uploads\/2021\/01\/jornades-excellencia-patrocinadors-esponsors-img-600x115.jpg 600w, https:\/\/www.jornadesperalexcellencia.cat\/wp-content\/uploads\/2021\/01\/jornades-excellencia-patrocinadors-esponsors-img-300x58.jpg 300w, https:\/\/www.jornadesperalexcellencia.cat\/wp-content\/uploads\/2021\/01\/jornades-excellencia-patrocinadors-esponsors-img-1024x197.jpg 1024w, https:\/\/www.jornadesperalexcellencia.cat\/wp-content\/uploads\/2021\/01\/jornades-excellencia-patrocinadors-esponsors-img-768x148.jpg 768w, https:\/\/www.jornadesperalexcellencia.cat\/wp-content\/uploads\/2021\/01\/jornades-excellencia-patrocinadors-esponsors-img-1536x295.jpg 1536w\" sizes=\"auto, (max-width: 2100px) 100vw, 2100px\" \/><\/div>\n\t\t<\/figure>\n\t<\/div>\n<\/div><\/div><\/div><\/div><\/div><div class=\"qodef-row-grid-section-wrapper \"  style=\"background-color:#ffffff\"><div class=\"qodef-row-grid-section\"><div class=\"vc_row wpb_row vc_row-fluid\" ><div class=\"wpb_column vc_column_container vc_col-sm-12\"><div class=\"vc_column-inner\"><div class=\"wpb_wrapper\"><div class=\"qodef-row-grid-section-wrapper \"  ><div class=\"qodef-row-grid-section\"><div class=\"vc_row wpb_row vc_inner vc_row-fluid\" ><div class=\"wpb_column vc_column_container vc_col-sm-12\"><div class=\"vc_column-inner\"><div class=\"wpb_wrapper\"><div class=\"qodef-elements-holder   qodef-one-column  qodef-responsive-mode-768 \" ><div class=\"qodef-eh-item     \" data-item-class=\"qodef-eh-custom-7616\" data-1367-1600=\"140px 55% 45px 16%\" data-1025-1366=\"140px 55% 45px 16%\" data-769-1024=\"140px 23% 45px 16%\" data-681-768=\"140px 32% 45px 16%\" data-680=\"60px 2% 45px 16%\">\n\t\t<div class=\"qodef-eh-item-inner\">\n\t\t<div class=\"qodef-eh-item-content qodef-eh-custom-7616\" style=\"padding: 20px 0px 45px 0px\">\n\t\t\t<div class=\"qodef-section-title-holder   qodef-st-title-left qodef-st-normal-space qodef-st-with-animation\" >\n\t<div class=\"qodef-st-inner\">\n\t\t\t\t\t<span class=\"qodef-st-tagline\" >\n\t\t\t\tcolaboraciones_de\t\t\t<\/span>\n\t\t\t\t\t\t\t<div class=\"qodef-st-title-wrapper\">\n\t\t\t\t<h2 class=\"qodef-st-title\" style=\"color: #000000\">\n\t\t\t\t\tPatrocinadores\t\t\t\t<\/h2>\n\t\t\t<\/div>\n\t\t\t\t\t<\/div>\n<\/div><div class=\"vc_empty_space\"   style=\"height: 15px\"><span class=\"vc_empty_space_inner\"><\/span><\/div>\t\t<\/div>\n\t<\/div>\n\t<\/div><\/div><div class=\"qodef-elements-holder   qodef-one-column  qodef-responsive-mode-768 \" ><div class=\"qodef-eh-item     \" data-item-class=\"qodef-eh-custom-9583\">\n\t\t<div class=\"qodef-eh-item-inner\">\n\t\t<div class=\"qodef-eh-item-content qodef-eh-custom-9583\" style=\"padding: 66px 0px 66px 0px\">\n\t\t\t<div class=\"qodef-clients-carousel-holder qodef-cc-hover-switch-images\">\n\t<div class=\"qodef-cc-inner qodef-owl-slider\" data-number-of-items=\"6\" data-enable-loop=\"yes\" data-enable-autoplay=\"yes\" data-slider-speed=\"5000\" data-slider-speed-animation=\"600\" data-enable-navigation=\"no\" data-enable-pagination=\"yes\">\n\t\t<div class=\"qodef-cc-item qodef-item-space qodef-cci-no-link\">\n\t\t\t\t\t\t<img decoding=\"async\" itemprop=\"image\" class=\"qodef-cc-image\" src=\"https:\/\/www.jornadesperalexcellencia.cat\/wp-content\/uploads\/2024\/10\/2024-Jornades-Excellencia-patrocinadors-1.png\" alt=\"\" \/>\n\t\t\t\t\t\t\t<img decoding=\"async\" itemprop=\"image\" class=\"qodef-cc-hover-image\" src=\"https:\/\/www.jornadesperalexcellencia.cat\/wp-content\/uploads\/2024\/10\/2024-Jornades-Excellencia-patrocinadors-1.png\" alt=\"\" \/>\n\t\t\t<\/div><div class=\"qodef-cc-item qodef-item-space qodef-cci-no-link\">\n\t\t\t\t\t\t<img decoding=\"async\" itemprop=\"image\" class=\"qodef-cc-image\" src=\"https:\/\/www.jornadesperalexcellencia.cat\/wp-content\/uploads\/2024\/10\/2024-Jornades-Excellencia-patrocinadors-2.png\" alt=\"\" \/>\n\t\t\t\t\t\t\t<img decoding=\"async\" itemprop=\"image\" class=\"qodef-cc-hover-image\" src=\"https:\/\/www.jornadesperalexcellencia.cat\/wp-content\/uploads\/2024\/10\/2024-Jornades-Excellencia-patrocinadors-2.png\" alt=\"\" \/>\n\t\t\t<\/div><div class=\"qodef-cc-item qodef-item-space qodef-cci-no-link\">\n\t\t\t\t\t\t<img decoding=\"async\" itemprop=\"image\" class=\"qodef-cc-image\" src=\"https:\/\/www.jornadesperalexcellencia.cat\/wp-content\/uploads\/2024\/10\/2024-Jornades-Excellencia-patrocinadors-3.png\" alt=\"\" \/>\n\t\t\t\t\t\t\t<img decoding=\"async\" itemprop=\"image\" class=\"qodef-cc-hover-image\" src=\"https:\/\/www.jornadesperalexcellencia.cat\/wp-content\/uploads\/2024\/10\/2024-Jornades-Excellencia-patrocinadors-3.png\" alt=\"\" \/>\n\t\t\t<\/div><div class=\"qodef-cc-item qodef-item-space qodef-cci-no-link\">\n\t\t\t\t\t\t<img decoding=\"async\" itemprop=\"image\" class=\"qodef-cc-image\" src=\"https:\/\/www.jornadesperalexcellencia.cat\/wp-content\/uploads\/2024\/10\/2024-Jornades-Excellencia-patrocinadors-4.png\" alt=\"\" \/>\n\t\t\t\t\t\t\t<img decoding=\"async\" itemprop=\"image\" class=\"qodef-cc-hover-image\" src=\"https:\/\/www.jornadesperalexcellencia.cat\/wp-content\/uploads\/2024\/10\/2024-Jornades-Excellencia-patrocinadors-4.png\" alt=\"\" \/>\n\t\t\t<\/div><div class=\"qodef-cc-item qodef-item-space qodef-cci-no-link\">\n\t\t\t\t\t\t<img decoding=\"async\" itemprop=\"image\" class=\"qodef-cc-image\" src=\"https:\/\/www.jornadesperalexcellencia.cat\/wp-content\/uploads\/2024\/10\/2024-Jornades-Excellencia-patrocinadors-5.png\" alt=\"\" \/>\n\t\t\t\t\t\t\t<img decoding=\"async\" itemprop=\"image\" class=\"qodef-cc-hover-image\" src=\"https:\/\/www.jornadesperalexcellencia.cat\/wp-content\/uploads\/2024\/10\/2024-Jornades-Excellencia-patrocinadors-5.png\" alt=\"\" \/>\n\t\t\t<\/div><div class=\"qodef-cc-item qodef-item-space qodef-cci-no-link\">\n\t\t\t\t\t\t<img decoding=\"async\" itemprop=\"image\" class=\"qodef-cc-image\" src=\"https:\/\/www.jornadesperalexcellencia.cat\/wp-content\/uploads\/2024\/10\/2024-Jornades-Excellencia-patrocinadors-6.png\" alt=\"\" \/>\n\t\t\t\t\t\t\t<img decoding=\"async\" itemprop=\"image\" class=\"qodef-cc-hover-image\" src=\"https:\/\/www.jornadesperalexcellencia.cat\/wp-content\/uploads\/2024\/10\/2024-Jornades-Excellencia-patrocinadors-6.png\" alt=\"\" \/>\n\t\t\t<\/div><div class=\"qodef-cc-item qodef-item-space qodef-cci-no-link\">\n\t\t\t\t\t\t<img decoding=\"async\" itemprop=\"image\" class=\"qodef-cc-image\" src=\"https:\/\/www.jornadesperalexcellencia.cat\/wp-content\/uploads\/2024\/10\/2024-Jornades-Excellencia-patrocinadors-7.png\" alt=\"\" \/>\n\t\t\t\t\t\t\t<img decoding=\"async\" itemprop=\"image\" class=\"qodef-cc-hover-image\" src=\"https:\/\/www.jornadesperalexcellencia.cat\/wp-content\/uploads\/2024\/10\/2024-Jornades-Excellencia-patrocinadors-7.png\" alt=\"\" \/>\n\t\t\t<\/div><div class=\"qodef-cc-item qodef-item-space qodef-cci-no-link\">\n\t\t\t\t\t\t<img decoding=\"async\" itemprop=\"image\" class=\"qodef-cc-image\" src=\"https:\/\/www.jornadesperalexcellencia.cat\/wp-content\/uploads\/2024\/10\/2024-Jornades-Excellencia-patrocinadors-8.png\" alt=\"\" \/>\n\t\t\t\t\t\t\t<img decoding=\"async\" itemprop=\"image\" class=\"qodef-cc-hover-image\" src=\"https:\/\/www.jornadesperalexcellencia.cat\/wp-content\/uploads\/2024\/10\/2024-Jornades-Excellencia-patrocinadors-8.png\" alt=\"\" \/>\n\t\t\t<\/div><div class=\"qodef-cc-item qodef-item-space qodef-cci-no-link\">\n\t\t\t\t\t\t<img decoding=\"async\" itemprop=\"image\" class=\"qodef-cc-image\" src=\"https:\/\/www.jornadesperalexcellencia.cat\/wp-content\/uploads\/2025\/09\/ferrocarrils-generalitat-catalunya-patrocinador-jornades-per-la-excellencia-2.png\" alt=\"\" \/>\n\t\t\t\t\t\t\t<img decoding=\"async\" itemprop=\"image\" class=\"qodef-cc-hover-image\" src=\"https:\/\/www.jornadesperalexcellencia.cat\/wp-content\/uploads\/2025\/09\/ferrocarrils-generalitat-catalunya-patrocinador-jornades-per-la-excellencia-2.png\" alt=\"\" \/>\n\t\t\t<\/div><div class=\"qodef-cc-item qodef-item-space qodef-cci-no-link\">\n\t\t\t\t\t\t<img decoding=\"async\" itemprop=\"image\" class=\"qodef-cc-image\" src=\"https:\/\/www.jornadesperalexcellencia.cat\/wp-content\/uploads\/2025\/09\/aqualia-patrocinador-jornades-per-la-excellencia-2.png\" alt=\"\" \/>\n\t\t\t\t\t\t\t<img decoding=\"async\" itemprop=\"image\" class=\"qodef-cc-hover-image\" src=\"https:\/\/www.jornadesperalexcellencia.cat\/wp-content\/uploads\/2025\/09\/aqualia-patrocinador-jornades-per-la-excellencia-2.png\" alt=\"\" \/>\n\t\t\t<\/div><div class=\"qodef-cc-item qodef-item-space qodef-cci-no-link\">\n\t\t\t\t\t\t<img decoding=\"async\" itemprop=\"image\" class=\"qodef-cc-image\" src=\"https:\/\/www.jornadesperalexcellencia.cat\/wp-content\/uploads\/2025\/09\/agbar-patrocinador-jornades-per-la-excellencia-2.png\" alt=\"\" \/>\n\t\t\t\t\t\t\t<img decoding=\"async\" itemprop=\"image\" class=\"qodef-cc-hover-image\" src=\"https:\/\/www.jornadesperalexcellencia.cat\/wp-content\/uploads\/2025\/09\/agbar-patrocinador-jornades-per-la-excellencia-2.png\" alt=\"\" \/>\n\t\t\t<\/div><div class=\"qodef-cc-item qodef-item-space qodef-cci-no-link\">\n\t\t\t\t\t\t<img decoding=\"async\" itemprop=\"image\" class=\"qodef-cc-image\" src=\"https:\/\/www.jornadesperalexcellencia.cat\/wp-content\/uploads\/2025\/09\/fluidra-patrocinador-jornades-per-la-excellencia-2.png\" alt=\"\" \/>\n\t\t\t\t\t\t\t<img decoding=\"async\" itemprop=\"image\" class=\"qodef-cc-hover-image\" src=\"https:\/\/www.jornadesperalexcellencia.cat\/wp-content\/uploads\/2025\/09\/fluidra-patrocinador-jornades-per-la-excellencia-2.png\" alt=\"\" \/>\n\t\t\t<\/div><div class=\"qodef-cc-item qodef-item-space qodef-cci-no-link\">\n\t\t\t\t\t\t<img decoding=\"async\" itemprop=\"image\" class=\"qodef-cc-image\" src=\"https:\/\/www.jornadesperalexcellencia.cat\/wp-content\/uploads\/2025\/09\/endesa-patrocinador-jornades-per-la-excellencia-2.png\" alt=\"\" \/>\n\t\t\t\t\t\t\t<img decoding=\"async\" itemprop=\"image\" class=\"qodef-cc-hover-image\" src=\"https:\/\/www.jornadesperalexcellencia.cat\/wp-content\/uploads\/2025\/09\/endesa-patrocinador-jornades-per-la-excellencia-2.png\" alt=\"\" \/>\n\t\t\t<\/div><div class=\"qodef-cc-item qodef-item-space qodef-cci-no-link\">\n\t\t\t\t\t\t<img decoding=\"async\" itemprop=\"image\" class=\"qodef-cc-image\" src=\"https:\/\/www.jornadesperalexcellencia.cat\/wp-content\/uploads\/2025\/09\/baqueira-beret-patrocinador-jornades-per-la-excellencia-2.png\" alt=\"\" \/>\n\t\t\t\t\t\t\t<img decoding=\"async\" itemprop=\"image\" class=\"qodef-cc-hover-image\" src=\"https:\/\/www.jornadesperalexcellencia.cat\/wp-content\/uploads\/2025\/09\/baqueira-beret-patrocinador-jornades-per-la-excellencia-2.png\" alt=\"\" \/>\n\t\t\t<\/div><div class=\"qodef-cc-item qodef-item-space qodef-cci-no-link\">\n\t\t\t\t\t\t<img decoding=\"async\" itemprop=\"image\" class=\"qodef-cc-image\" src=\"https:\/\/www.jornadesperalexcellencia.cat\/wp-content\/uploads\/2025\/09\/solve-patrocinador-jornades-per-la-excellencia.png\" alt=\"\" \/>\n\t\t\t\t\t\t\t<img decoding=\"async\" itemprop=\"image\" class=\"qodef-cc-hover-image\" src=\"https:\/\/www.jornadesperalexcellencia.cat\/wp-content\/uploads\/2025\/09\/solve-patrocinador-jornades-per-la-excellencia.png\" alt=\"\" \/>\n\t\t\t<\/div><div class=\"qodef-cc-item qodef-item-space qodef-cci-no-link\">\n\t\t\t\t\t\t<img decoding=\"async\" itemprop=\"image\" class=\"qodef-cc-image\" src=\"https:\/\/www.jornadesperalexcellencia.cat\/wp-content\/uploads\/2025\/09\/genebre-group-patrocinador-jornades-per-la-excellencia-2.png\" alt=\"\" \/>\n\t\t\t\t\t\t\t<img decoding=\"async\" itemprop=\"image\" class=\"qodef-cc-hover-image\" src=\"https:\/\/www.jornadesperalexcellencia.cat\/wp-content\/uploads\/2025\/09\/genebre-group-patrocinador-jornades-per-la-excellencia-2.png\" alt=\"\" \/>\n\t\t\t<\/div><div class=\"qodef-cc-item qodef-item-space qodef-cci-no-link\">\n\t\t\t\t\t\t<img decoding=\"async\" itemprop=\"image\" class=\"qodef-cc-image\" src=\"https:\/\/www.jornadesperalexcellencia.cat\/wp-content\/uploads\/2025\/09\/cervos-patrocinador-jornades-per-la-excellencia.png\" alt=\"\" \/>\n\t\t\t\t\t\t\t<img decoding=\"async\" itemprop=\"image\" class=\"qodef-cc-hover-image\" src=\"https:\/\/www.jornadesperalexcellencia.cat\/wp-content\/uploads\/2025\/09\/cervos-patrocinador-jornades-per-la-excellencia.png\" alt=\"\" \/>\n\t\t\t<\/div><div class=\"qodef-cc-item qodef-item-space qodef-cci-no-link\">\n\t\t\t\t\t\t<img decoding=\"async\" itemprop=\"image\" class=\"qodef-cc-image\" src=\"https:\/\/www.jornadesperalexcellencia.cat\/wp-content\/uploads\/2025\/09\/accio-generalitat-catalunya-patrocinador-jornades-per-la-excellencia.png\" alt=\"\" \/>\n\t\t\t\t\t\t\t<img decoding=\"async\" itemprop=\"image\" class=\"qodef-cc-hover-image\" src=\"https:\/\/www.jornadesperalexcellencia.cat\/wp-content\/uploads\/2025\/09\/accio-generalitat-catalunya-patrocinador-jornades-per-la-excellencia.png\" alt=\"\" \/>\n\t\t\t<\/div><div class=\"qodef-cc-item qodef-item-space qodef-cci-no-link\">\n\t\t\t\t\t\t<img decoding=\"async\" itemprop=\"image\" class=\"qodef-cc-image\" src=\"https:\/\/www.jornadesperalexcellencia.cat\/wp-content\/uploads\/2024\/10\/2024-Jornades-Excellencia-patrocinadors-11.png\" alt=\"\" \/>\n\t\t\t\t\t\t\t<img decoding=\"async\" itemprop=\"image\" class=\"qodef-cc-hover-image\" src=\"https:\/\/www.jornadesperalexcellencia.cat\/wp-content\/uploads\/2024\/10\/2024-Jornades-Excellencia-patrocinadors-11.png\" alt=\"\" \/>\n\t\t\t<\/div><div class=\"qodef-cc-item qodef-item-space qodef-cci-no-link\">\n\t\t\t\t\t\t<img decoding=\"async\" itemprop=\"image\" class=\"qodef-cc-image\" src=\"https:\/\/www.jornadesperalexcellencia.cat\/wp-content\/uploads\/2025\/09\/rocroi-patrocinador-jornades-per-la-excellencia-2.png\" alt=\"\" \/>\n\t\t\t\t\t\t\t<img decoding=\"async\" itemprop=\"image\" class=\"qodef-cc-hover-image\" src=\"https:\/\/www.jornadesperalexcellencia.cat\/wp-content\/uploads\/2025\/09\/rocroi-patrocinador-jornades-per-la-excellencia-2.png\" alt=\"\" \/>\n\t\t\t<\/div><div class=\"qodef-cc-item qodef-item-space qodef-cci-no-link\">\n\t\t\t\t\t\t<img decoding=\"async\" itemprop=\"image\" class=\"qodef-cc-image\" src=\"https:\/\/www.jornadesperalexcellencia.cat\/wp-content\/uploads\/2024\/10\/2024-Jornades-Excellencia-patrocinadors-12.png\" alt=\"\" \/>\n\t\t\t\t\t\t\t<img decoding=\"async\" itemprop=\"image\" class=\"qodef-cc-hover-image\" src=\"https:\/\/www.jornadesperalexcellencia.cat\/wp-content\/uploads\/2024\/10\/2024-Jornades-Excellencia-patrocinadors-12.png\" alt=\"\" \/>\n\t\t\t<\/div><div class=\"qodef-cc-item qodef-item-space qodef-cci-no-link\">\n\t\t\t\t\t\t<img decoding=\"async\" itemprop=\"image\" class=\"qodef-cc-image\" src=\"https:\/\/www.jornadesperalexcellencia.cat\/wp-content\/uploads\/2024\/10\/2024-Jornades-Excellencia-patrocinadors-13.png\" alt=\"\" \/>\n\t\t\t\t\t\t\t<img decoding=\"async\" itemprop=\"image\" class=\"qodef-cc-hover-image\" src=\"https:\/\/www.jornadesperalexcellencia.cat\/wp-content\/uploads\/2024\/10\/2024-Jornades-Excellencia-patrocinadors-13.png\" alt=\"\" \/>\n\t\t\t<\/div>\t<\/div>\n<\/div>\t\t<\/div>\n\t<\/div>\n\t<\/div><\/div><\/div><\/div><\/div><\/div><\/div><\/div><div class=\"vc_separator wpb_content_element vc_separator_align_center vc_sep_width_100 vc_sep_pos_align_center vc_separator_no_text vc_sep_color_grey\" ><span class=\"vc_sep_holder vc_sep_holder_l\"><span  class=\"vc_sep_line\"><\/span><\/span><span class=\"vc_sep_holder vc_sep_holder_r\"><span  class=\"vc_sep_line\"><\/span><\/span>\n<\/div><div class=\"qodef-elements-holder   qodef-one-column  qodef-responsive-mode-768 \" ><div class=\"qodef-eh-item     \" data-item-class=\"qodef-eh-custom-4469\">\n\t\t<div class=\"qodef-eh-item-inner\">\n\t\t<div class=\"qodef-eh-item-content qodef-eh-custom-4469\" style=\"padding: 66px 0px 66px 0px\">\n\t\t\t<div class=\"qodef-clients-carousel-holder qodef-cc-hover-switch-images\">\n\t<div class=\"qodef-cc-inner qodef-owl-slider\" data-number-of-items=\"6\" data-enable-loop=\"yes\" data-enable-autoplay=\"yes\" data-slider-speed=\"5000\" data-slider-speed-animation=\"600\" data-enable-navigation=\"no\" data-enable-pagination=\"yes\">\n\t\t<div class=\"qodef-cc-item qodef-item-space qodef-cci-no-link\">\n\t\t\t\t\t\t<img decoding=\"async\" itemprop=\"image\" class=\"qodef-cc-image\" src=\"https:\/\/www.jornadesperalexcellencia.cat\/wp-content\/uploads\/2022\/09\/11-ajuntament-alt-aneu-patrocinador-jornades-excellencia.png\" alt=\"11-ajuntament-alt-aneu-patrocinador-jornades-excellencia\" \/>\n\t\t\t\t\t\t\t<img decoding=\"async\" itemprop=\"image\" class=\"qodef-cc-hover-image\" src=\"https:\/\/www.jornadesperalexcellencia.cat\/wp-content\/uploads\/2022\/09\/11-ajuntament-alt-aneu-patrocinador-jornades-excellencia.png\" alt=\"11-ajuntament-alt-aneu-patrocinador-jornades-excellencia\" \/>\n\t\t\t<\/div><div class=\"qodef-cc-item qodef-item-space qodef-cci-no-link\">\n\t\t\t\t\t\t<img decoding=\"async\" itemprop=\"image\" class=\"qodef-cc-image\" src=\"https:\/\/www.jornadesperalexcellencia.cat\/wp-content\/uploads\/2022\/09\/12-ajuntament-guingueta-aneu-patrocinador-jornades-excellencia.png\" alt=\"12-ajuntament-guingueta-aneu-patrocinador-jornades-excellencia\" \/>\n\t\t\t\t\t\t\t<img decoding=\"async\" itemprop=\"image\" class=\"qodef-cc-hover-image\" src=\"https:\/\/www.jornadesperalexcellencia.cat\/wp-content\/uploads\/2022\/09\/12-ajuntament-guingueta-aneu-patrocinador-jornades-excellencia.png\" alt=\"12-ajuntament-guingueta-aneu-patrocinador-jornades-excellencia\" \/>\n\t\t\t<\/div><div class=\"qodef-cc-item qodef-item-space qodef-cci-no-link\">\n\t\t\t\t\t\t<img decoding=\"async\" itemprop=\"image\" class=\"qodef-cc-image\" src=\"https:\/\/www.jornadesperalexcellencia.cat\/wp-content\/uploads\/2024\/10\/2024-Jornades-Excellencia-patrocinadors-14.png\" alt=\"\" \/>\n\t\t\t\t\t\t\t<img decoding=\"async\" itemprop=\"image\" class=\"qodef-cc-hover-image\" src=\"https:\/\/www.jornadesperalexcellencia.cat\/wp-content\/uploads\/2024\/10\/2024-Jornades-Excellencia-patrocinadors-14.png\" alt=\"\" \/>\n\t\t\t<\/div><div class=\"qodef-cc-item qodef-item-space qodef-cci-no-link\">\n\t\t\t\t\t\t<img decoding=\"async\" itemprop=\"image\" class=\"qodef-cc-image\" src=\"https:\/\/www.jornadesperalexcellencia.cat\/wp-content\/uploads\/2025\/09\/pimec-esponsor-jornades-per-la-excellencia-2.png\" alt=\"\" \/>\n\t\t\t\t\t\t\t<img decoding=\"async\" itemprop=\"image\" class=\"qodef-cc-hover-image\" src=\"https:\/\/www.jornadesperalexcellencia.cat\/wp-content\/uploads\/2025\/09\/pimec-esponsor-jornades-per-la-excellencia-2.png\" alt=\"\" \/>\n\t\t\t<\/div><div class=\"qodef-cc-item qodef-item-space qodef-cci-no-link\">\n\t\t\t\t\t\t<img decoding=\"async\" itemprop=\"image\" class=\"qodef-cc-image\" src=\"https:\/\/www.jornadesperalexcellencia.cat\/wp-content\/uploads\/2025\/09\/copersa-esponsor-jornades-per-la-excellencia.png\" alt=\"\" \/>\n\t\t\t\t\t\t\t<img decoding=\"async\" itemprop=\"image\" class=\"qodef-cc-hover-image\" src=\"https:\/\/www.jornadesperalexcellencia.cat\/wp-content\/uploads\/2025\/09\/copersa-esponsor-jornades-per-la-excellencia.png\" alt=\"\" \/>\n\t\t\t<\/div><div class=\"qodef-cc-item qodef-item-space qodef-cci-no-link\">\n\t\t\t\t\t\t<img decoding=\"async\" itemprop=\"image\" class=\"qodef-cc-image\" src=\"https:\/\/www.jornadesperalexcellencia.cat\/wp-content\/uploads\/2024\/10\/2024-Jornades-Excellencia-patrocinadors-16.png\" alt=\"\" \/>\n\t\t\t\t\t\t\t<img decoding=\"async\" itemprop=\"image\" class=\"qodef-cc-hover-image\" src=\"https:\/\/www.jornadesperalexcellencia.cat\/wp-content\/uploads\/2024\/10\/2024-Jornades-Excellencia-patrocinadors-16.png\" alt=\"\" \/>\n\t\t\t<\/div><div class=\"qodef-cc-item qodef-item-space qodef-cci-no-link\">\n\t\t\t\t\t\t<img decoding=\"async\" itemprop=\"image\" class=\"qodef-cc-image\" src=\"https:\/\/www.jornadesperalexcellencia.cat\/wp-content\/uploads\/2023\/09\/13-pallars-actiu-patrocinador-jornades-excellencia.png\" alt=\"\" \/>\n\t\t\t\t\t\t\t<img decoding=\"async\" itemprop=\"image\" class=\"qodef-cc-hover-image\" src=\"https:\/\/www.jornadesperalexcellencia.cat\/wp-content\/uploads\/2023\/09\/13-pallars-actiu-patrocinador-jornades-excellencia.png\" alt=\"\" \/>\n\t\t\t<\/div><div class=\"qodef-cc-item qodef-item-space qodef-cci-no-link\">\n\t\t\t\t\t\t<img decoding=\"async\" itemprop=\"image\" class=\"qodef-cc-image\" src=\"https:\/\/www.jornadesperalexcellencia.cat\/wp-content\/uploads\/2022\/09\/14-udl-patrocinador-jornades-excellencia.png\" alt=\"14-udl-patrocinador-jornades-excellencia\" \/>\n\t\t\t\t\t\t\t<img decoding=\"async\" itemprop=\"image\" class=\"qodef-cc-hover-image\" src=\"https:\/\/www.jornadesperalexcellencia.cat\/wp-content\/uploads\/2022\/09\/14-udl-patrocinador-jornades-excellencia.png\" alt=\"14-udl-patrocinador-jornades-excellencia\" \/>\n\t\t\t<\/div><div class=\"qodef-cc-item qodef-item-space qodef-cci-no-link\">\n\t\t\t\t\t\t<img decoding=\"async\" itemprop=\"image\" class=\"qodef-cc-image\" src=\"https:\/\/www.jornadesperalexcellencia.cat\/wp-content\/uploads\/2022\/09\/21-ecomuseu-patrocinador-jornades-excellencia.png\" alt=\"21-ecomuseu-patrocinador-jornades-excellencia\" \/>\n\t\t\t\t\t\t\t<img decoding=\"async\" itemprop=\"image\" class=\"qodef-cc-hover-image\" src=\"https:\/\/www.jornadesperalexcellencia.cat\/wp-content\/uploads\/2022\/09\/21-ecomuseu-patrocinador-jornades-excellencia.png\" alt=\"21-ecomuseu-patrocinador-jornades-excellencia\" \/>\n\t\t\t<\/div><div class=\"qodef-cc-item qodef-item-space qodef-cci-no-link\">\n\t\t\t\t\t\t<img decoding=\"async\" itemprop=\"image\" class=\"qodef-cc-image\" src=\"https:\/\/www.jornadesperalexcellencia.cat\/wp-content\/uploads\/2022\/09\/17-wicat-patrocinador-jornades-excellencia.png\" alt=\"17-wicat-patrocinador-jornades-excellencia\" \/>\n\t\t\t\t\t\t\t<img decoding=\"async\" itemprop=\"image\" class=\"qodef-cc-hover-image\" src=\"https:\/\/www.jornadesperalexcellencia.cat\/wp-content\/uploads\/2022\/09\/17-wicat-patrocinador-jornades-excellencia.png\" alt=\"17-wicat-patrocinador-jornades-excellencia\" \/>\n\t\t\t<\/div><div class=\"qodef-cc-item qodef-item-space qodef-cci-no-link\">\n\t\t\t\t\t\t<img decoding=\"async\" itemprop=\"image\" class=\"qodef-cc-image\" src=\"https:\/\/www.jornadesperalexcellencia.cat\/wp-content\/uploads\/2022\/09\/18-lavanguardia-jornades-excellencia.png\" alt=\"18-lavanguardia-jornades-excellencia\" \/>\n\t\t\t\t\t\t\t<img decoding=\"async\" itemprop=\"image\" class=\"qodef-cc-hover-image\" src=\"https:\/\/www.jornadesperalexcellencia.cat\/wp-content\/uploads\/2022\/09\/18-lavanguardia-jornades-excellencia.png\" alt=\"18-lavanguardia-jornades-excellencia\" \/>\n\t\t\t<\/div><div class=\"qodef-cc-item qodef-item-space qodef-cci-no-link\">\n\t\t\t\t\t\t<img decoding=\"async\" itemprop=\"image\" class=\"qodef-cc-image\" src=\"https:\/\/www.jornadesperalexcellencia.cat\/wp-content\/uploads\/2024\/10\/2024-Jornades-Excellencia-patrocinadors-17.png\" alt=\"\" \/>\n\t\t\t\t\t\t\t<img decoding=\"async\" itemprop=\"image\" class=\"qodef-cc-hover-image\" src=\"https:\/\/www.jornadesperalexcellencia.cat\/wp-content\/uploads\/2024\/10\/2024-Jornades-Excellencia-patrocinadors-17.png\" alt=\"\" \/>\n\t\t\t<\/div><div class=\"qodef-cc-item qodef-item-space qodef-cci-no-link\">\n\t\t\t\t\t\t<img decoding=\"async\" itemprop=\"image\" class=\"qodef-cc-image\" src=\"https:\/\/www.jornadesperalexcellencia.cat\/wp-content\/uploads\/2022\/09\/19-iese-patrocinador-jornades-excellencia.png\" alt=\"19-iese-patrocinador-jornades-excellencia\" \/>\n\t\t\t\t\t\t\t<img decoding=\"async\" itemprop=\"image\" class=\"qodef-cc-hover-image\" src=\"https:\/\/www.jornadesperalexcellencia.cat\/wp-content\/uploads\/2022\/09\/19-iese-patrocinador-jornades-excellencia.png\" alt=\"19-iese-patrocinador-jornades-excellencia\" \/>\n\t\t\t<\/div><div class=\"qodef-cc-item qodef-item-space qodef-cci-no-link\">\n\t\t\t\t\t\t<img decoding=\"async\" itemprop=\"image\" class=\"qodef-cc-image\" src=\"https:\/\/www.jornadesperalexcellencia.cat\/wp-content\/uploads\/2025\/09\/catradio-esponsor-jornades-per-la-excellencia.png\" alt=\"\" \/>\n\t\t\t\t\t\t\t<img decoding=\"async\" itemprop=\"image\" class=\"qodef-cc-hover-image\" src=\"https:\/\/www.jornadesperalexcellencia.cat\/wp-content\/uploads\/2025\/09\/catradio-esponsor-jornades-per-la-excellencia.png\" alt=\"\" \/>\n\t\t\t<\/div><div class=\"qodef-cc-item qodef-item-space qodef-cci-no-link\">\n\t\t\t\t\t\t<img decoding=\"async\" itemprop=\"image\" class=\"qodef-cc-image\" src=\"https:\/\/www.jornadesperalexcellencia.cat\/wp-content\/uploads\/2022\/09\/20-radio-seu-patrocinador-jornades-excellencia.png\" alt=\"20-radio-seu-patrocinador-jornades-excellencia\" \/>\n\t\t\t\t\t\t\t<img decoding=\"async\" itemprop=\"image\" class=\"qodef-cc-hover-image\" src=\"https:\/\/www.jornadesperalexcellencia.cat\/wp-content\/uploads\/2022\/09\/20-radio-seu-patrocinador-jornades-excellencia.png\" alt=\"20-radio-seu-patrocinador-jornades-excellencia\" \/>\n\t\t\t<\/div>\t<\/div>\n<\/div>\t\t<\/div>\n\t<\/div>\n\t<\/div><\/div><\/div><\/div><\/div><\/div><\/div><\/div>\n","protected":false},"excerpt":{"rendered":"","protected":false},"author":1,"featured_media":0,"parent":0,"menu_order":0,"comment_status":"closed","ping_status":"closed","template":"full-width.php","meta":{"footnotes":""},"class_list":["post-5036","page","type-page","status-publish","hentry"],"yoast_head":"<!-- This site is optimized with the Yoast SEO plugin v27.5 - https:\/\/yoast.com\/product\/yoast-seo-wordpress\/ -->\n<title>Jornades per a l&#039;Excel\u00b7l\u00e8ncia. Confer\u00e8ncies anuals per al progr\u00e9s i desenvolupament dels territoris del Pirineu. Esterri d&#039;\u00c0neu i Andorra.<\/title>\n<meta name=\"description\" content=\"Les Jornades per a l&#039;excel\u00b7l\u00e8ncia ofereixen espais de trobada on es presenten pon\u00e8ncies i debats; la seva finalitat \u00e9s afavorir el desenvolupament econ\u00f2mic, social i cultural dels habitants del Pirineu. Aquestes jornades pretenen ser una refer\u00e8ncia per a totes aquelles persones que volen contribuir a millorar les condicions de vida al Pirineu amb noves oportunitats laborals, i vetllar per disposar de serveis de qualitat. Us hi esperem cada any a Esterri d&#039;\u00c0neu i Andorra.\" \/>\n<meta name=\"robots\" content=\"index, follow, max-snippet:-1, max-image-preview:large, max-video-preview:-1\" \/>\n<link rel=\"canonical\" href=\"https:\/\/www.jornadesperalexcellencia.cat\/es\/inicio\/\" \/>\n<meta property=\"og:locale\" content=\"es_ES\" \/>\n<meta property=\"og:type\" content=\"article\" \/>\n<meta property=\"og:title\" content=\"Jornades per a l&#039;Excel\u00b7l\u00e8ncia. Confer\u00e8ncies anuals per al progr\u00e9s i desenvolupament dels territoris del Pirineu. Esterri d&#039;\u00c0neu i Andorra.\" \/>\n<meta property=\"og:description\" content=\"Les Jornades per a l&#039;excel\u00b7l\u00e8ncia ofereixen espais de trobada on es presenten pon\u00e8ncies i debats; la seva finalitat \u00e9s afavorir el desenvolupament econ\u00f2mic, social i cultural dels habitants del Pirineu. Aquestes jornades pretenen ser una refer\u00e8ncia per a totes aquelles persones que volen contribuir a millorar les condicions de vida al Pirineu amb noves oportunitats laborals, i vetllar per disposar de serveis de qualitat. Us hi esperem cada any a Esterri d&#039;\u00c0neu i Andorra.\" \/>\n<meta property=\"og:url\" content=\"https:\/\/www.jornadesperalexcellencia.cat\/es\/inicio\/\" \/>\n<meta property=\"og:site_name\" content=\"Jornades per a l&#039;excel\u00b7l\u00e8ncia\" \/>\n<meta property=\"article:modified_time\" content=\"2025-11-28T10:45:51+00:00\" \/>\n<meta property=\"og:image\" content=\"https:\/\/www.jornadesperalexcellencia.cat\/wp-content\/uploads\/2025\/08\/Jornades-Excellencia-Pirineu-Instagram.png\" \/>\n<meta name=\"twitter:card\" content=\"summary_large_image\" \/>\n<meta name=\"twitter:label1\" content=\"Tiempo de lectura\" \/>\n\t<meta name=\"twitter:data1\" content=\"5 minutos\" \/>\n<script type=\"application\/ld+json\" class=\"yoast-schema-graph\">{\"@context\":\"https:\\\/\\\/schema.org\",\"@graph\":[{\"@type\":\"WebPage\",\"@id\":\"https:\\\/\\\/www.jornadesperalexcellencia.cat\\\/es\\\/inicio\\\/\",\"url\":\"https:\\\/\\\/www.jornadesperalexcellencia.cat\\\/es\\\/inicio\\\/\",\"name\":\"Jornades per a l'Excel\u00b7l\u00e8ncia. Confer\u00e8ncies anuals per al progr\u00e9s i desenvolupament dels territoris del Pirineu. Esterri d'\u00c0neu i Andorra.\",\"isPartOf\":{\"@id\":\"https:\\\/\\\/www.jornadesperalexcellencia.cat\\\/es\\\/#website\"},\"primaryImageOfPage\":{\"@id\":\"https:\\\/\\\/www.jornadesperalexcellencia.cat\\\/es\\\/inicio\\\/#primaryimage\"},\"image\":{\"@id\":\"https:\\\/\\\/www.jornadesperalexcellencia.cat\\\/es\\\/inicio\\\/#primaryimage\"},\"thumbnailUrl\":\"https:\\\/\\\/www.jornadesperalexcellencia.cat\\\/wp-content\\\/uploads\\\/2025\\\/08\\\/Jornades-Excellencia-Pirineu-Instagram.png\",\"datePublished\":\"2021-03-03T12:11:31+00:00\",\"dateModified\":\"2025-11-28T10:45:51+00:00\",\"description\":\"Les Jornades per a l'excel\u00b7l\u00e8ncia ofereixen espais de trobada on es presenten pon\u00e8ncies i debats; la seva finalitat \u00e9s afavorir el desenvolupament econ\u00f2mic, social i cultural dels habitants del Pirineu. Aquestes jornades pretenen ser una refer\u00e8ncia per a totes aquelles persones que volen contribuir a millorar les condicions de vida al Pirineu amb noves oportunitats laborals, i vetllar per disposar de serveis de qualitat. Us hi esperem cada any a Esterri d'\u00c0neu i Andorra.\",\"breadcrumb\":{\"@id\":\"https:\\\/\\\/www.jornadesperalexcellencia.cat\\\/es\\\/inicio\\\/#breadcrumb\"},\"inLanguage\":\"es\",\"potentialAction\":[{\"@type\":\"ReadAction\",\"target\":[\"https:\\\/\\\/www.jornadesperalexcellencia.cat\\\/es\\\/inicio\\\/\"]}]},{\"@type\":\"ImageObject\",\"inLanguage\":\"es\",\"@id\":\"https:\\\/\\\/www.jornadesperalexcellencia.cat\\\/es\\\/inicio\\\/#primaryimage\",\"url\":\"https:\\\/\\\/www.jornadesperalexcellencia.cat\\\/wp-content\\\/uploads\\\/2025\\\/08\\\/Jornades-Excellencia-Pirineu-Instagram.png\",\"contentUrl\":\"https:\\\/\\\/www.jornadesperalexcellencia.cat\\\/wp-content\\\/uploads\\\/2025\\\/08\\\/Jornades-Excellencia-Pirineu-Instagram.png\"},{\"@type\":\"BreadcrumbList\",\"@id\":\"https:\\\/\\\/www.jornadesperalexcellencia.cat\\\/es\\\/inicio\\\/#breadcrumb\",\"itemListElement\":[{\"@type\":\"ListItem\",\"position\":1,\"name\":\"Inici\",\"item\":\"https:\\\/\\\/www.jornadesperalexcellencia.cat\\\/es\\\/inicio\\\/\"},{\"@type\":\"ListItem\",\"position\":2,\"name\":\"Inici\"}]},{\"@type\":\"WebSite\",\"@id\":\"https:\\\/\\\/www.jornadesperalexcellencia.cat\\\/es\\\/#website\",\"url\":\"https:\\\/\\\/www.jornadesperalexcellencia.cat\\\/es\\\/\",\"name\":\"Jornades per a l&#039;excel\u00b7l\u00e8ncia\",\"description\":\"Confer\u00e8ncies anuals per al progr\u00e9s i desenvolupament dels territoris del Pirineu. Esterri d&#039;\u00c0neu i Andorra.\",\"alternateName\":\"Jornades per a l'excel\u00b7l\u00e8ncia\",\"potentialAction\":[{\"@type\":\"SearchAction\",\"target\":{\"@type\":\"EntryPoint\",\"urlTemplate\":\"https:\\\/\\\/www.jornadesperalexcellencia.cat\\\/es\\\/?s={search_term_string}\"},\"query-input\":{\"@type\":\"PropertyValueSpecification\",\"valueRequired\":true,\"valueName\":\"search_term_string\"}}],\"inLanguage\":\"es\"}]}<\/script>\n<!-- \/ Yoast SEO plugin. -->","yoast_head_json":{"title":"Jornades per a l'Excel\u00b7l\u00e8ncia. Confer\u00e8ncies anuals per al progr\u00e9s i desenvolupament dels territoris del Pirineu. Esterri d'\u00c0neu i Andorra.","description":"Les Jornades per a l'excel\u00b7l\u00e8ncia ofereixen espais de trobada on es presenten pon\u00e8ncies i debats; la seva finalitat \u00e9s afavorir el desenvolupament econ\u00f2mic, social i cultural dels habitants del Pirineu. Aquestes jornades pretenen ser una refer\u00e8ncia per a totes aquelles persones que volen contribuir a millorar les condicions de vida al Pirineu amb noves oportunitats laborals, i vetllar per disposar de serveis de qualitat. Us hi esperem cada any a Esterri d'\u00c0neu i Andorra.","robots":{"index":"index","follow":"follow","max-snippet":"max-snippet:-1","max-image-preview":"max-image-preview:large","max-video-preview":"max-video-preview:-1"},"canonical":"https:\/\/www.jornadesperalexcellencia.cat\/es\/inicio\/","og_locale":"es_ES","og_type":"article","og_title":"Jornades per a l'Excel\u00b7l\u00e8ncia. Confer\u00e8ncies anuals per al progr\u00e9s i desenvolupament dels territoris del Pirineu. Esterri d'\u00c0neu i Andorra.","og_description":"Les Jornades per a l'excel\u00b7l\u00e8ncia ofereixen espais de trobada on es presenten pon\u00e8ncies i debats; la seva finalitat \u00e9s afavorir el desenvolupament econ\u00f2mic, social i cultural dels habitants del Pirineu. Aquestes jornades pretenen ser una refer\u00e8ncia per a totes aquelles persones que volen contribuir a millorar les condicions de vida al Pirineu amb noves oportunitats laborals, i vetllar per disposar de serveis de qualitat. Us hi esperem cada any a Esterri d'\u00c0neu i Andorra.","og_url":"https:\/\/www.jornadesperalexcellencia.cat\/es\/inicio\/","og_site_name":"Jornades per a l&#039;excel\u00b7l\u00e8ncia","article_modified_time":"2025-11-28T10:45:51+00:00","og_image":[{"url":"https:\/\/www.jornadesperalexcellencia.cat\/wp-content\/uploads\/2025\/08\/Jornades-Excellencia-Pirineu-Instagram.png","type":"","width":"","height":""}],"twitter_card":"summary_large_image","twitter_misc":{"Tiempo de lectura":"5 minutos"},"schema":{"@context":"https:\/\/schema.org","@graph":[{"@type":"WebPage","@id":"https:\/\/www.jornadesperalexcellencia.cat\/es\/inicio\/","url":"https:\/\/www.jornadesperalexcellencia.cat\/es\/inicio\/","name":"Jornades per a l'Excel\u00b7l\u00e8ncia. Confer\u00e8ncies anuals per al progr\u00e9s i desenvolupament dels territoris del Pirineu. Esterri d'\u00c0neu i Andorra.","isPartOf":{"@id":"https:\/\/www.jornadesperalexcellencia.cat\/es\/#website"},"primaryImageOfPage":{"@id":"https:\/\/www.jornadesperalexcellencia.cat\/es\/inicio\/#primaryimage"},"image":{"@id":"https:\/\/www.jornadesperalexcellencia.cat\/es\/inicio\/#primaryimage"},"thumbnailUrl":"https:\/\/www.jornadesperalexcellencia.cat\/wp-content\/uploads\/2025\/08\/Jornades-Excellencia-Pirineu-Instagram.png","datePublished":"2021-03-03T12:11:31+00:00","dateModified":"2025-11-28T10:45:51+00:00","description":"Les Jornades per a l'excel\u00b7l\u00e8ncia ofereixen espais de trobada on es presenten pon\u00e8ncies i debats; la seva finalitat \u00e9s afavorir el desenvolupament econ\u00f2mic, social i cultural dels habitants del Pirineu. Aquestes jornades pretenen ser una refer\u00e8ncia per a totes aquelles persones que volen contribuir a millorar les condicions de vida al Pirineu amb noves oportunitats laborals, i vetllar per disposar de serveis de qualitat. Us hi esperem cada any a Esterri d'\u00c0neu i Andorra.","breadcrumb":{"@id":"https:\/\/www.jornadesperalexcellencia.cat\/es\/inicio\/#breadcrumb"},"inLanguage":"es","potentialAction":[{"@type":"ReadAction","target":["https:\/\/www.jornadesperalexcellencia.cat\/es\/inicio\/"]}]},{"@type":"ImageObject","inLanguage":"es","@id":"https:\/\/www.jornadesperalexcellencia.cat\/es\/inicio\/#primaryimage","url":"https:\/\/www.jornadesperalexcellencia.cat\/wp-content\/uploads\/2025\/08\/Jornades-Excellencia-Pirineu-Instagram.png","contentUrl":"https:\/\/www.jornadesperalexcellencia.cat\/wp-content\/uploads\/2025\/08\/Jornades-Excellencia-Pirineu-Instagram.png"},{"@type":"BreadcrumbList","@id":"https:\/\/www.jornadesperalexcellencia.cat\/es\/inicio\/#breadcrumb","itemListElement":[{"@type":"ListItem","position":1,"name":"Inici","item":"https:\/\/www.jornadesperalexcellencia.cat\/es\/inicio\/"},{"@type":"ListItem","position":2,"name":"Inici"}]},{"@type":"WebSite","@id":"https:\/\/www.jornadesperalexcellencia.cat\/es\/#website","url":"https:\/\/www.jornadesperalexcellencia.cat\/es\/","name":"Jornades per a l&#039;excel\u00b7l\u00e8ncia","description":"Confer\u00e8ncies anuals per al progr\u00e9s i desenvolupament dels territoris del Pirineu. Esterri d&#039;\u00c0neu i Andorra.","alternateName":"Jornades per a l'excel\u00b7l\u00e8ncia","potentialAction":[{"@type":"SearchAction","target":{"@type":"EntryPoint","urlTemplate":"https:\/\/www.jornadesperalexcellencia.cat\/es\/?s={search_term_string}"},"query-input":{"@type":"PropertyValueSpecification","valueRequired":true,"valueName":"search_term_string"}}],"inLanguage":"es"}]}},"_links":{"self":[{"href":"https:\/\/www.jornadesperalexcellencia.cat\/es\/wp-json\/wp\/v2\/pages\/5036","targetHints":{"allow":["GET"]}}],"collection":[{"href":"https:\/\/www.jornadesperalexcellencia.cat\/es\/wp-json\/wp\/v2\/pages"}],"about":[{"href":"https:\/\/www.jornadesperalexcellencia.cat\/es\/wp-json\/wp\/v2\/types\/page"}],"author":[{"embeddable":true,"href":"https:\/\/www.jornadesperalexcellencia.cat\/es\/wp-json\/wp\/v2\/users\/1"}],"replies":[{"embeddable":true,"href":"https:\/\/www.jornadesperalexcellencia.cat\/es\/wp-json\/wp\/v2\/comments?post=5036"}],"version-history":[{"count":21,"href":"https:\/\/www.jornadesperalexcellencia.cat\/es\/wp-json\/wp\/v2\/pages\/5036\/revisions"}],"predecessor-version":[{"id":12232,"href":"https:\/\/www.jornadesperalexcellencia.cat\/es\/wp-json\/wp\/v2\/pages\/5036\/revisions\/12232"}],"wp:attachment":[{"href":"https:\/\/www.jornadesperalexcellencia.cat\/es\/wp-json\/wp\/v2\/media?parent=5036"}],"curies":[{"name":"wp","href":"https:\/\/api.w.org\/{rel}","templated":true}]}}