{"id":12366,"date":"2026-04-20T11:21:40","date_gmt":"2026-04-20T09:21:40","guid":{"rendered":"https:\/\/www.jornadesperalexcellencia.cat\/?page_id=12366"},"modified":"2026-09-03T14:08:01","modified_gmt":"2026-09-03T12:08:01","slug":"edicion-2026","status":"publish","type":"page","link":"https:\/\/www.jornadesperalexcellencia.cat\/es\/edicion-2026\/","title":{"rendered":"Edici\u00f3n 2026"},"content":{"rendered":"<div class=\"qodef-row-grid-section-wrapper\"  ><div class=\"qodef-row-grid-section\"><div class=\"vc_row wpb_row vc_row-fluid vc_custom_1787140342659 vc_column-gap-20\" ><div class=\"wpb_column vc_column_container vc_col-sm-12\"><div class=\"vc_column-inner\"><div class=\"wpb_wrapper\"><div class=\"qodef-section-title-holder   qodef-st-title-left qodef-st-normal-space qodef-st-with-animation\" >\n\t<div class=\"qodef-st-inner\">\n\t\t\t\t\t\t\t\t\t<div class=\"qodef-st-text-wrapper\">\n\t\t\t\t<h5 class=\"qodef-st-text\" >\n\t\t\t\t\t2 y 3 de octubre\t\t\t\t<\/h5>\n\t\t\t<\/div>\n\t\t\t<\/div>\n<\/div><div class=\"qodef-section-title-holder   qodef-st-title-left qodef-st-normal-space qodef-st-with-animation\" >\n\t<div class=\"qodef-st-inner\">\n\t\t\t\t\t<span class=\"qodef-st-tagline\" >\n\t\t\t\tJornadas_Excelencia_2026\t\t\t<\/span>\n\t\t\t\t\t\t\t<div class=\"qodef-st-title-wrapper\">\n\t\t\t\t<h2 class=\"qodef-st-title\" >\n\t\t\t\t\tPirineos en Red\t\t\t\t<\/h2>\n\t\t\t<\/div>\n\t\t\t\t\t\t\t<div class=\"qodef-st-text-wrapper\">\n\t\t\t\t<h5 class=\"qodef-st-text\" >\n\t\t\t\t\tMovilidad y conectividad\t\t\t\t<\/h5>\n\t\t\t<\/div>\n\t\t\t<\/div>\n<\/div><div class=\"vc_row wpb_row vc_inner vc_row-fluid vc_custom_1788437278887 vc_column-gap-10\" ><div class=\"wpb_column vc_column_container vc_col-sm-2\"><div class=\"vc_column-inner\"><div class=\"wpb_wrapper\"><div class=\"qodef-iwt clearfix  qodef-iwt-icon-left qodef-iwt-icon-medium\">\n\t<div class=\"qodef-iwt-icon\" >\n\t\t\t\t\t\t\t<a itemprop=\"url\" href=\"https:\/\/www.jornadesperalexcellencia.cat\/es\/tickets\/\" target=\"_blank\">\n\t\t\t\t\t\t\t\t\t    <span class=\"qodef-icon-shortcode qodef-normal   qodef-icon-medium\"  data-color=\"#bd3238\">\n                    <i class=\"qodef-icon-dripicons dripicon dripicons-ticket qodef-icon-element\" style=\"color: #bd3238\" ><\/i>            <\/span>\n\t\t\t\t\t\t\t\t<\/a>\n\t\t\t<\/div>\n\t<div class=\"qodef-iwt-content\" >\n\t\t\t\t\t<h5 class=\"qodef-iwt-title\" style=\"color: #bd3238\">\n\t\t\t\t\t\t\t\t\t<a itemprop=\"url\" href=\"https:\/\/www.jornadesperalexcellencia.cat\/es\/tickets\/\" target=\"_blank\">\n\t\t\t\t\t\t\t\t<span class=\"qodef-iwt-title-text\">Reserva tu entrada<\/span>\n\t\t\t\t\t\t\t\t\t<\/a>\n\t\t\t\t\t\t\t<\/h5>\n\t\t\t\t\t<\/div>\n<\/div><\/div><\/div><\/div><div class=\"wpb_column vc_column_container vc_col-sm-2\"><div class=\"vc_column-inner\"><div class=\"wpb_wrapper\"><div class=\"qodef-iwt clearfix  qodef-iwt-icon-left qodef-iwt-icon-medium\">\n\t<div class=\"qodef-iwt-icon\" >\n\t\t\t\t\t\t\t<a itemprop=\"url\" href=\"https:\/\/www.jornadesperalexcellencia.cat\/wp-content\/uploads\/2026\/09\/2026-Programa-Jornades-Excellencia-Pirineu-Programa-Mobilitat.pdf\" target=\"_blank\">\n\t\t\t\t\t\t\t\t\t    <span class=\"qodef-icon-shortcode qodef-normal   qodef-icon-medium\"  >\n                    <i class=\"qodef-icon-dripicons dripicon dripicons-document qodef-icon-element\" style=\"\" ><\/i>            <\/span>\n\t\t\t\t\t\t\t\t<\/a>\n\t\t\t<\/div>\n\t<div class=\"qodef-iwt-content\" >\n\t\t\t\t\t<h5 class=\"qodef-iwt-title\" >\n\t\t\t\t\t\t\t\t\t<a itemprop=\"url\" href=\"https:\/\/www.jornadesperalexcellencia.cat\/wp-content\/uploads\/2026\/09\/2026-Programa-Jornades-Excellencia-Pirineu-Programa-Mobilitat.pdf\" target=\"_blank\">\n\t\t\t\t\t\t\t\t<span class=\"qodef-iwt-title-text\">Programa<\/span>\n\t\t\t\t\t\t\t\t\t<\/a>\n\t\t\t\t\t\t\t<\/h5>\n\t\t\t\t\t<\/div>\n<\/div><\/div><\/div><\/div><div class=\"wpb_column vc_column_container vc_col-sm-2\"><div class=\"vc_column-inner\"><div class=\"wpb_wrapper\"><div class=\"qodef-iwt clearfix  qodef-iwt-icon-left qodef-iwt-icon-medium\">\n\t<div class=\"qodef-iwt-icon\" >\n\t\t\t\t\t\t\t<a itemprop=\"url\" href=\"https:\/\/www.jornadesperalexcellencia.cat\/wp-content\/uploads\/2026\/06\/2026-JORNADES-EXCELLENDIA-Pirineus-en-xarxa.jpg\" target=\"_blank\">\n\t\t\t\t\t\t\t\t\t    <span class=\"qodef-icon-shortcode qodef-normal   qodef-icon-medium\"  >\n                    <i class=\"qodef-icon-dripicons dripicon dripicons-clipboard qodef-icon-element\" style=\"\" ><\/i>            <\/span>\n\t\t\t\t\t\t\t\t<\/a>\n\t\t\t<\/div>\n\t<div class=\"qodef-iwt-content\" >\n\t\t\t\t\t<h5 class=\"qodef-iwt-title\" >\n\t\t\t\t\t\t\t\t\t<a itemprop=\"url\" href=\"https:\/\/www.jornadesperalexcellencia.cat\/wp-content\/uploads\/2026\/06\/2026-JORNADES-EXCELLENDIA-Pirineus-en-xarxa.jpg\" target=\"_blank\">\n\t\t\t\t\t\t\t\t<span class=\"qodef-iwt-title-text\">Cartel<\/span>\n\t\t\t\t\t\t\t\t\t<\/a>\n\t\t\t\t\t\t\t<\/h5>\n\t\t\t\t\t<\/div>\n<\/div><\/div><\/div><\/div><div class=\"wpb_column vc_column_container vc_col-sm-2\"><div class=\"vc_column-inner\"><div class=\"wpb_wrapper\"><div class=\"qodef-iwt clearfix  qodef-iwt-icon-left qodef-iwt-icon-medium\">\n\t<div class=\"qodef-iwt-icon\" >\n\t\t\t\t\t\t\t<a itemprop=\"url\" href=\"https:\/\/www.jornadesperalexcellencia.cat\/es\/cartel-pirineos-en-red\/\" target=\"_blank\">\n\t\t\t\t\t\t\t\t\t    <span class=\"qodef-icon-shortcode qodef-normal   qodef-icon-medium\"  >\n                    <i class=\"qodef-icon-dripicons dripicon dripicons-lightbulb qodef-icon-element\" style=\"\" ><\/i>            <\/span>\n\t\t\t\t\t\t\t\t<\/a>\n\t\t\t<\/div>\n\t<div class=\"qodef-iwt-content\" >\n\t\t\t\t\t<h5 class=\"qodef-iwt-title\" >\n\t\t\t\t\t\t\t\t\t<a itemprop=\"url\" href=\"https:\/\/www.jornadesperalexcellencia.cat\/es\/cartel-pirineos-en-red\/\" target=\"_blank\">\n\t\t\t\t\t\t\t\t<span class=\"qodef-iwt-title-text\">Sinopsis creativa<\/span>\n\t\t\t\t\t\t\t\t\t<\/a>\n\t\t\t\t\t\t\t<\/h5>\n\t\t\t\t\t<\/div>\n<\/div><\/div><\/div><\/div><div class=\"wpb_column vc_column_container vc_col-sm-2\"><div class=\"vc_column-inner\"><div class=\"wpb_wrapper\"><\/div><\/div><\/div><div class=\"wpb_column vc_column_container vc_col-sm-2\"><div class=\"vc_column-inner\"><div class=\"wpb_wrapper\"><\/div><\/div><\/div><\/div><div class=\"vc_row wpb_row vc_inner vc_row-fluid\" ><div class=\"wpb_column vc_column_container vc_col-sm-3\"><div class=\"vc_column-inner\"><div class=\"wpb_wrapper\"><div class=\"vc_empty_space\"   style=\"height: 30px\"><span class=\"vc_empty_space_inner\"><\/span><\/div>\n\t<div  class=\"wpb_single_image wpb_content_element vc_align_left\">\n\t\t\n\t\t<figure class=\"wpb_wrapper vc_figure\">\n\t\t\t<div class=\"vc_single_image-wrapper   vc_box_border_grey\"><img loading=\"lazy\" decoding=\"async\" width=\"800\" height=\"1131\" src=\"https:\/\/www.jornadesperalexcellencia.cat\/wp-content\/uploads\/2026\/06\/2026-JORNADES-EXCELLENDIA-Pirineus-en-xarxa.jpg\" class=\"vc_single_image-img attachment-full\" alt=\"\" srcset=\"https:\/\/www.jornadesperalexcellencia.cat\/wp-content\/uploads\/2026\/06\/2026-JORNADES-EXCELLENDIA-Pirineus-en-xarxa.jpg 800w, https:\/\/www.jornadesperalexcellencia.cat\/wp-content\/uploads\/2026\/06\/2026-JORNADES-EXCELLENDIA-Pirineus-en-xarxa-212x300.jpg 212w, https:\/\/www.jornadesperalexcellencia.cat\/wp-content\/uploads\/2026\/06\/2026-JORNADES-EXCELLENDIA-Pirineus-en-xarxa-724x1024.jpg 724w, https:\/\/www.jornadesperalexcellencia.cat\/wp-content\/uploads\/2026\/06\/2026-JORNADES-EXCELLENDIA-Pirineus-en-xarxa-768x1086.jpg 768w, https:\/\/www.jornadesperalexcellencia.cat\/wp-content\/uploads\/2026\/06\/2026-JORNADES-EXCELLENDIA-Pirineus-en-xarxa-8x12.jpg 8w, https:\/\/www.jornadesperalexcellencia.cat\/wp-content\/uploads\/2026\/06\/2026-JORNADES-EXCELLENDIA-Pirineus-en-xarxa-600x848.jpg 600w\" sizes=\"auto, (max-width: 800px) 100vw, 800px\" \/><\/div>\n\t\t<\/figure>\n\t<\/div>\n<\/div><\/div><\/div><div class=\"wpb_column vc_column_container vc_col-sm-9\"><div class=\"vc_column-inner\"><div class=\"wpb_wrapper\">\n\t<div class=\"wpb_text_column wpb_content_element\" >\n\t\t<div class=\"wpb_wrapper\">\n\t\t\t<h2 style=\"font-size: 32px;\">Conectar el Pirineo es garantizar su futuro<\/h2>\n<p>La XIII edici\u00f3n de las Jornadas para la excelencia sit\u00faa en el centro del debate uno de los grandes retos de los territorios de monta\u00f1a: la necesidad de construir un Pirineo mejor conectado, accesible y con m\u00e1s oportunidades.<\/p>\n<p>Bajo el lema <strong>\u201cPirineos en red: movilidad y conectividad\u201d<\/strong>, <strong>hablaremos sobre c\u00f3mo superar las barreras f\u00edsicas, digitales y estructurales que condicionan el desarrollo del territorio<\/strong>. Porque hablar de movilidad en el Pirineo no es solo hablar de carreteras, sino tambi\u00e9n de tiempo, servicios, derechos y calidad de vida. Es hablar de si un joven puede formarse sin tener que irse, si una empresa puede crecer desde un valle de monta\u00f1a, si una persona puede llegar a una visita m\u00e9dica o si un profesional puede teletrabajar con una buena conexi\u00f3n.<\/p>\n<h2 style=\"font-size: 32px;\">Movilidad y conectividad: dos caras de un mismo modelo territorial<\/h2>\n<p>El Pirineo es un territorio con identidad propia, con un gran valor natural y cultural y un enorme potencial econ\u00f3mico, social y humano que, al mismo tiempo, est\u00e1 condicionado por la orograf\u00eda, la dispersi\u00f3n de la poblaci\u00f3n, la estacionalidad y la distancia respecto a los grandes centros urbanos. Como consecuencia, pueden verse reducidas las oportunidades de estudiar, trabajar, emprender y establecerse en el territorio.<\/p>\n\n\t\t<\/div>\n\t<\/div>\n<\/div><\/div><\/div><\/div><\/div><\/div><\/div><\/div><\/div><\/div><div class=\"qodef-row-grid-section-wrapper\"  ><div class=\"qodef-row-grid-section\"><div class=\"vc_row wpb_row vc_row-fluid vc_column-gap-20\" ><div class=\"wpb_column vc_column_container vc_col-sm-12\"><div class=\"vc_column-inner\"><div class=\"wpb_wrapper\">\n\t<div class=\"wpb_raw_code wpb_content_element wpb_raw_html\" >\n\t\t<div class=\"wpb_wrapper\">\n\t\t\t<style>\n.eixos-titol {\n    width: 100%;\n    max-width: 100%;\n    overflow: hidden;\n    box-sizing: border-box;\n}\n\n.eixos-titol h2 {\n    margin: 0 !important;\n    padding: 0 !important;\n    font-size: 100px !important;\n    font-weight: 700 !important;\n    line-height: 1 !important;\n    letter-spacing: -0.045em;\n    color: #000;\n\n    display: flex;\n    align-items: flex-end;\n    width: 100%;\n    min-width: 0;\n}\n\n.eixos-text {\n    flex: 0 0 auto;\n    white-space: nowrap;\n}\n\n.eixos-vermell {\n    height: 1px;\n    background: #d32f36;\n    flex: 1;\n    min-width: 40px;\n    margin-left: 30px;\n\n    \/* Alineaci\u00f3 amb la part inferior de les lletres *\/\n    margin-bottom: 10px;\n}\n\n\/* M\u00d2BIL *\/\n@media (max-width: 767px) {\n\n    .eixos-titol h2 {\n        font-size: clamp(42px, 13vw, 70px) !important;\n        line-height: 1 !important;\n        letter-spacing: -0.04em;\n        display: block;\n    }\n\n    .eixos-text {\n        display: block;\n        width: 100%;\n        white-space: normal;\n    }\n\n    .eixos-vermell {\n        display: block;\n        width: 100%;\n        min-width: 100%;\n        margin: 18px 0 0 0;\n    }\n}\n<\/style>\n\n<div class=\"eixos-titol\">\n    <h2>\n        <span class=\"eixos-text\">Ejes principales<\/span>\n        <span class=\"eixos-vermell\"><\/span>\n    <\/h2>\n<\/div>\n\t\t<\/div>\n\t<\/div>\n<div class=\"vc_empty_space\"   style=\"height: 30px\"><span class=\"vc_empty_space_inner\"><\/span><\/div><div class=\"vc_row wpb_row vc_inner vc_row-fluid\" ><div class=\"wpb_column vc_column_container vc_col-sm-3\"><div class=\"vc_column-inner\"><div class=\"wpb_wrapper\">\n\t<div class=\"wpb_text_column wpb_content_element\" >\n\t\t<div class=\"wpb_wrapper\">\n\t\t\t<h3 style=\"font-size: 20px; font-weight: 300 !important;\"><i class=\"fa fa-angle-right fa-lg\" style=\"color: #bd3238;\" aria-hidden=\"true\"><\/i> Movilidad y accesibilidad<\/h3>\n<p>Mejorar los desplazamientos, los tiempos de conexi\u00f3n, el transporte p\u00fablico y el acceso a los servicios esenciales.<\/p>\n\n\t\t<\/div>\n\t<\/div>\n<\/div><\/div><\/div><div class=\"wpb_column vc_column_container vc_col-sm-3\"><div class=\"vc_column-inner\"><div class=\"wpb_wrapper\">\n\t<div class=\"wpb_text_column wpb_content_element\" >\n\t\t<div class=\"wpb_wrapper\">\n\t\t\t<h3 style=\"font-size: 20px; font-weight: 300 !important;\"><i class=\"fa fa-angle-right fa-lg\" style=\"color: #bd3238;\" aria-hidden=\"true\"><\/i> Conectividad digital<\/h3>\n<p>Garantizar cobertura, fibra \u00f3ptica, herramientas digitales e infraestructuras fiables para trabajar, estudiar, emprender y prestar servicios p\u00fablicos.<\/p>\n\n\t\t<\/div>\n\t<\/div>\n<\/div><\/div><\/div><div class=\"wpb_column vc_column_container vc_col-sm-3\"><div class=\"vc_column-inner\"><div class=\"wpb_wrapper\">\n\t<div class=\"wpb_text_column wpb_content_element\" >\n\t\t<div class=\"wpb_wrapper\">\n\t\t\t<h3 style=\"font-size: 20px; font-weight: 300 !important;\"><i class=\"fa fa-angle-right fa-lg\" style=\"color: #bd3238;\" aria-hidden=\"true\"><\/i> Infraestructuras y energ\u00eda<\/h3>\n<p>Impulsar inversiones que permitan anticipar los retos de futuro: movilidad el\u00e9ctrica, digitalizaci\u00f3n, cambio clim\u00e1tico y nuevos modelos de trabajo.<\/p>\n\n\t\t<\/div>\n\t<\/div>\n<\/div><\/div><\/div><div class=\"wpb_column vc_column_container vc_col-sm-3\"><div class=\"vc_column-inner\"><div class=\"wpb_wrapper\">\n\t<div class=\"wpb_text_column wpb_content_element\" >\n\t\t<div class=\"wpb_wrapper\">\n\t\t\t<h3 style=\"font-size: 20px; font-weight: 300 !important;\"><i class=\"fa fa-angle-right fa-lg\" style=\"color: #bd3238;\" aria-hidden=\"true\"><\/i> Talento, empresa y retorno territorial<\/h3>\n<p>Crear condiciones reales para que j\u00f3venes, familias, profesionales y empresas puedan quedarse, volver o crecer desde el Pirineo.<\/p>\n\n\t\t<\/div>\n\t<\/div>\n<\/div><\/div><\/div><\/div><div class=\"vc_empty_space\"   style=\"height: 40px\"><span class=\"vc_empty_space_inner\"><\/span><\/div><div class=\"vc_separator wpb_content_element vc_separator_align_center vc_sep_width_100 vc_sep_pos_align_center vc_separator_no_text\" ><span class=\"vc_sep_holder vc_sep_holder_l\"><span  style=\"border-color:#bd3238;\" class=\"vc_sep_line\"><\/span><\/span><span class=\"vc_sep_holder vc_sep_holder_r\"><span  style=\"border-color:#bd3238;\" class=\"vc_sep_line\"><\/span><\/span>\n<\/div><div class=\"vc_empty_space\"   style=\"height: 40px\"><span class=\"vc_empty_space_inner\"><\/span><\/div>\n\t<div class=\"wpb_text_column wpb_content_element\" >\n\t\t<div class=\"wpb_wrapper\">\n\t\t\t<p><strong><em>Hablar de movilidad y conectividad es hablar del Pirineo que queremos construir: un territorio vivo, accesible, innovador, cohesionado y lleno de oportunidades.<\/em><\/strong><\/p>\n<p><strong><em>Participa en el debate sobre el Pirineo que queremos construir.<\/em><\/strong> <em>Te esperamos<\/em>.<\/p>\n<h3>#FuturoPirineo\ud83e\udef6\ud83c\udfd4\ufe0f\u2728<\/h3>\n\n\t\t<\/div>\n\t<\/div>\n<\/div><\/div><\/div><\/div><\/div><\/div><div class=\"vc_row wpb_row vc_row-fluid\" ><div class=\"wpb_column vc_column_container vc_col-sm-12\"><div class=\"vc_column-inner\"><div class=\"wpb_wrapper\"><div class=\"vc_empty_space\"   style=\"height: 50px\"><span class=\"vc_empty_space_inner\"><\/span><\/div><div class=\"qodef-section-title-holder   qodef-st-title-left qodef-st-normal-space qodef-st-with-animation\" style=\"text-align: center\">\n\t<div class=\"qodef-st-inner\">\n\t\t\t\t\t\t\t<div class=\"qodef-st-title-wrapper\">\n\t\t\t\t<h3 class=\"qodef-st-title\" >\n\t\t\t\t\tPonentes \/ Participantes\t\t\t\t<\/h3>\n\t\t\t<\/div>\n\t\t\t\t\t<\/div>\n<\/div><div class=\"vc_empty_space\"   style=\"height: 38px\"><span class=\"vc_empty_space_inner\"><\/span><\/div><div class=\"qodef-team-list-holder qodef-grid-list qodef-disable-bottom-space qodef-tl-standard  qodef-five-columns qodef-no-space qodef-tl-with-animation qodef-team-popup\" data-number-of-columns=\"five\" data-enable-navigation=\"no\" data-enable-pagination=\"no\">\n\t<div class=\"qodef-tl-inner qodef-outer-space\">\n\t\t<div class=\"qodef-team qodef-item-space info-hover\" data-member-id=\"12754\">\n    <div class=\"qodef-team-inner\">\n                    <div class=\"qodef-team-image\">\n                <img loading=\"lazy\" decoding=\"async\" width=\"600\" height=\"605\" src=\"https:\/\/www.jornadesperalexcellencia.cat\/wp-content\/uploads\/2026\/08\/Alverto-Puivecino-jornades-excellencia-pirineu.jpg\" class=\"attachment-post-thumbnail size-post-thumbnail wp-post-image\" alt=\"\" srcset=\"https:\/\/www.jornadesperalexcellencia.cat\/wp-content\/uploads\/2026\/08\/Alverto-Puivecino-jornades-excellencia-pirineu.jpg 600w, https:\/\/www.jornadesperalexcellencia.cat\/wp-content\/uploads\/2026\/08\/Alverto-Puivecino-jornades-excellencia-pirineu-298x300.jpg 298w, https:\/\/www.jornadesperalexcellencia.cat\/wp-content\/uploads\/2026\/08\/Alverto-Puivecino-jornades-excellencia-pirineu-150x150.jpg 150w, https:\/\/www.jornadesperalexcellencia.cat\/wp-content\/uploads\/2026\/08\/Alverto-Puivecino-jornades-excellencia-pirineu-12x12.jpg 12w, https:\/\/www.jornadesperalexcellencia.cat\/wp-content\/uploads\/2026\/08\/Alverto-Puivecino-jornades-excellencia-pirineu-100x100.jpg 100w\" sizes=\"auto, (max-width: 600px) 100vw, 600px\" \/>                <div class=\"qodef-team-info-tb\">\n                    <div class=\"qodef-team-info-tc\">\n                        <div class=\"qodef-team-title-holder\">\n\t                        \t\t                        <h6 class=\"qodef-team-position\">Responsable de Mobilitat i Infraestructura de CCOO Catalunya<\/h6>\n\t                                                    <h3 itemprop=\"name\" class=\"qodef-team-name entry-title\">\n                                <a itemprop=\"url\" href=\"https:\/\/www.jornadesperalexcellencia.cat\/es\/team-member\/alverto-puivecino-es\/\">Alverto Puivecino<\/a>\n                            <\/h3>\n                        <\/div>\n\t                    <div class=\"qodef-team-description-holder\">\n\t\t                    \t                    <\/div>\n                        <div class=\"qodef-team-social-holder-between\">\n                            <div class=\"qodef-team-social\">\n                                <div class=\"qodef-team-social-inner\">\n                                    <div class=\"qodef-team-social-wrapp\">\n                                                                            <\/div>\n                                <\/div>\n                            <\/div>\n                        <\/div>\n                    <\/div>\n                <\/div>\n            <\/div>\n            <\/div>\n<\/div><div class=\"qodef-team qodef-item-space info-hover\" data-member-id=\"5352\">\n    <div class=\"qodef-team-inner\">\n                    <div class=\"qodef-team-image\">\n                <img loading=\"lazy\" decoding=\"async\" width=\"800\" height=\"806\" src=\"https:\/\/www.jornadesperalexcellencia.cat\/wp-content\/uploads\/2021\/01\/jornades_excellencia-carlos-isus_2018.jpg\" class=\"attachment-post-thumbnail size-post-thumbnail wp-post-image\" alt=\"\" srcset=\"https:\/\/www.jornadesperalexcellencia.cat\/wp-content\/uploads\/2021\/01\/jornades_excellencia-carlos-isus_2018.jpg 800w, https:\/\/www.jornadesperalexcellencia.cat\/wp-content\/uploads\/2021\/01\/jornades_excellencia-carlos-isus_2018-100x100.jpg 100w, https:\/\/www.jornadesperalexcellencia.cat\/wp-content\/uploads\/2021\/01\/jornades_excellencia-carlos-isus_2018-600x605.jpg 600w, https:\/\/www.jornadesperalexcellencia.cat\/wp-content\/uploads\/2021\/01\/jornades_excellencia-carlos-isus_2018-298x300.jpg 298w, https:\/\/www.jornadesperalexcellencia.cat\/wp-content\/uploads\/2021\/01\/jornades_excellencia-carlos-isus_2018-150x150.jpg 150w, https:\/\/www.jornadesperalexcellencia.cat\/wp-content\/uploads\/2021\/01\/jornades_excellencia-carlos-isus_2018-768x774.jpg 768w\" sizes=\"auto, (max-width: 800px) 100vw, 800px\" \/>                <div class=\"qodef-team-info-tb\">\n                    <div class=\"qodef-team-info-tc\">\n                        <div class=\"qodef-team-title-holder\">\n\t                        \t\t                        <h6 class=\"qodef-team-position\">Presidente del Consell Comarcal Pallars Sobir\u00e0<\/h6>\n\t                                                    <h3 itemprop=\"name\" class=\"qodef-team-name entry-title\">\n                                <a itemprop=\"url\" href=\"https:\/\/www.jornadesperalexcellencia.cat\/es\/team-member\/carlos-isus-4\/\">Carlos Isus<\/a>\n                            <\/h3>\n                        <\/div>\n\t                    <div class=\"qodef-team-description-holder\">\n\t\t                    \t                    <\/div>\n                        <div class=\"qodef-team-social-holder-between\">\n                            <div class=\"qodef-team-social\">\n                                <div class=\"qodef-team-social-inner\">\n                                    <div class=\"qodef-team-social-wrapp\">\n                                                                            <\/div>\n                                <\/div>\n                            <\/div>\n                        <\/div>\n                    <\/div>\n                <\/div>\n            <\/div>\n            <\/div>\n<\/div><div class=\"qodef-team qodef-item-space info-hover\" data-member-id=\"12678\">\n    <div class=\"qodef-team-inner\">\n                    <div class=\"qodef-team-image\">\n                <img loading=\"lazy\" decoding=\"async\" width=\"600\" height=\"605\" src=\"https:\/\/www.jornadesperalexcellencia.cat\/wp-content\/uploads\/2026\/08\/Cesar-Marquina-jornade-excellencia-pirineu.jpg\" class=\"attachment-post-thumbnail size-post-thumbnail wp-post-image\" alt=\"\" srcset=\"https:\/\/www.jornadesperalexcellencia.cat\/wp-content\/uploads\/2026\/08\/Cesar-Marquina-jornade-excellencia-pirineu.jpg 600w, https:\/\/www.jornadesperalexcellencia.cat\/wp-content\/uploads\/2026\/08\/Cesar-Marquina-jornade-excellencia-pirineu-298x300.jpg 298w, https:\/\/www.jornadesperalexcellencia.cat\/wp-content\/uploads\/2026\/08\/Cesar-Marquina-jornade-excellencia-pirineu-150x150.jpg 150w, https:\/\/www.jornadesperalexcellencia.cat\/wp-content\/uploads\/2026\/08\/Cesar-Marquina-jornade-excellencia-pirineu-12x12.jpg 12w, https:\/\/www.jornadesperalexcellencia.cat\/wp-content\/uploads\/2026\/08\/Cesar-Marquina-jornade-excellencia-pirineu-100x100.jpg 100w\" sizes=\"auto, (max-width: 600px) 100vw, 600px\" \/>                <div class=\"qodef-team-info-tb\">\n                    <div class=\"qodef-team-info-tc\">\n                        <div class=\"qodef-team-title-holder\">\n\t                        \t\t                        <h6 class=\"qodef-team-position\">Deputy CEO de Andorra Telecom<\/h6>\n\t                                                    <h3 itemprop=\"name\" class=\"qodef-team-name entry-title\">\n                                <a itemprop=\"url\" href=\"https:\/\/www.jornadesperalexcellencia.cat\/es\/team-member\/cesar-marquina-es\/\">C\u00e9sar Marquina<\/a>\n                            <\/h3>\n                        <\/div>\n\t                    <div class=\"qodef-team-description-holder\">\n\t\t                    \t                    <\/div>\n                        <div class=\"qodef-team-social-holder-between\">\n                            <div class=\"qodef-team-social\">\n                                <div class=\"qodef-team-social-inner\">\n                                    <div class=\"qodef-team-social-wrapp\">\n                                                                            <\/div>\n                                <\/div>\n                            <\/div>\n                        <\/div>\n                    <\/div>\n                <\/div>\n            <\/div>\n            <\/div>\n<\/div><div class=\"qodef-team qodef-item-space info-hover\" data-member-id=\"9266\">\n    <div class=\"qodef-team-inner\">\n                    <div class=\"qodef-team-image\">\n                <img loading=\"lazy\" decoding=\"async\" width=\"600\" height=\"605\" src=\"https:\/\/www.jornadesperalexcellencia.cat\/wp-content\/uploads\/2026\/07\/Daniel-Paul-jornades-excellencia-pirineu.jpg\" class=\"attachment-post-thumbnail size-post-thumbnail wp-post-image\" alt=\"\" srcset=\"https:\/\/www.jornadesperalexcellencia.cat\/wp-content\/uploads\/2026\/07\/Daniel-Paul-jornades-excellencia-pirineu.jpg 600w, https:\/\/www.jornadesperalexcellencia.cat\/wp-content\/uploads\/2026\/07\/Daniel-Paul-jornades-excellencia-pirineu-298x300.jpg 298w, https:\/\/www.jornadesperalexcellencia.cat\/wp-content\/uploads\/2026\/07\/Daniel-Paul-jornades-excellencia-pirineu-150x150.jpg 150w, https:\/\/www.jornadesperalexcellencia.cat\/wp-content\/uploads\/2026\/07\/Daniel-Paul-jornades-excellencia-pirineu-12x12.jpg 12w, https:\/\/www.jornadesperalexcellencia.cat\/wp-content\/uploads\/2026\/07\/Daniel-Paul-jornades-excellencia-pirineu-100x100.jpg 100w\" sizes=\"auto, (max-width: 600px) 100vw, 600px\" \/>                <div class=\"qodef-team-info-tb\">\n                    <div class=\"qodef-team-info-tc\">\n                        <div class=\"qodef-team-title-holder\">\n\t                        \t\t                        <h6 class=\"qodef-team-position\">Ge\u00f3grafo y director del M\u00e1ster en Gesti\u00f3n de \u00c1reas de Monta\u00f1a, Universitat de Lleida (UdL)<\/h6>\n\t                                                    <h3 itemprop=\"name\" class=\"qodef-team-name entry-title\">\n                                <a itemprop=\"url\" href=\"https:\/\/www.jornadesperalexcellencia.cat\/es\/team-member\/daniel-paul-es\/\">Daniel Pa\u00fcl<\/a>\n                            <\/h3>\n                        <\/div>\n\t                    <div class=\"qodef-team-description-holder\">\n\t\t                    \t                    <\/div>\n                        <div class=\"qodef-team-social-holder-between\">\n                            <div class=\"qodef-team-social\">\n                                <div class=\"qodef-team-social-inner\">\n                                    <div class=\"qodef-team-social-wrapp\">\n                                                                            <\/div>\n                                <\/div>\n                            <\/div>\n                        <\/div>\n                    <\/div>\n                <\/div>\n            <\/div>\n            <\/div>\n<\/div><div class=\"qodef-team qodef-item-space info-hover\" data-member-id=\"9485\">\n    <div class=\"qodef-team-inner\">\n                    <div class=\"qodef-team-image\">\n                <img loading=\"lazy\" decoding=\"async\" width=\"600\" height=\"605\" src=\"https:\/\/www.jornadesperalexcellencia.cat\/wp-content\/uploads\/2023\/09\/Eisharc-Jaquet-jornades-excellencia-futur-pirineu.jpg\" class=\"attachment-post-thumbnail size-post-thumbnail wp-post-image\" alt=\"\" srcset=\"https:\/\/www.jornadesperalexcellencia.cat\/wp-content\/uploads\/2023\/09\/Eisharc-Jaquet-jornades-excellencia-futur-pirineu.jpg 600w, https:\/\/www.jornadesperalexcellencia.cat\/wp-content\/uploads\/2023\/09\/Eisharc-Jaquet-jornades-excellencia-futur-pirineu-298x300.jpg 298w, https:\/\/www.jornadesperalexcellencia.cat\/wp-content\/uploads\/2023\/09\/Eisharc-Jaquet-jornades-excellencia-futur-pirineu-150x150.jpg 150w, https:\/\/www.jornadesperalexcellencia.cat\/wp-content\/uploads\/2023\/09\/Eisharc-Jaquet-jornades-excellencia-futur-pirineu-12x12.jpg 12w, https:\/\/www.jornadesperalexcellencia.cat\/wp-content\/uploads\/2023\/09\/Eisharc-Jaquet-jornades-excellencia-futur-pirineu-100x100.jpg 100w\" sizes=\"auto, (max-width: 600px) 100vw, 600px\" \/>                <div class=\"qodef-team-info-tb\">\n                    <div class=\"qodef-team-info-tc\">\n                        <div class=\"qodef-team-title-holder\">\n\t                        \t\t                        <h6 class=\"qodef-team-position\">CEO de Arantec Enginheria<\/h6>\n\t                                                    <h3 itemprop=\"name\" class=\"qodef-team-name entry-title\">\n                                <a itemprop=\"url\" href=\"https:\/\/www.jornadesperalexcellencia.cat\/es\/team-member\/eisharc-jaquet-esp\/\">Eisharc Jaquet<\/a>\n                            <\/h3>\n                        <\/div>\n\t                    <div class=\"qodef-team-description-holder\">\n\t\t                    \t                    <\/div>\n                        <div class=\"qodef-team-social-holder-between\">\n                            <div class=\"qodef-team-social\">\n                                <div class=\"qodef-team-social-inner\">\n                                    <div class=\"qodef-team-social-wrapp\">\n                                                                            <\/div>\n                                <\/div>\n                            <\/div>\n                        <\/div>\n                    <\/div>\n                <\/div>\n            <\/div>\n            <\/div>\n<\/div><div class=\"qodef-team qodef-item-space info-hover\" data-member-id=\"9478\">\n    <div class=\"qodef-team-inner\">\n                    <div class=\"qodef-team-image\">\n                <img loading=\"lazy\" decoding=\"async\" width=\"800\" height=\"806\" src=\"https:\/\/www.jornadesperalexcellencia.cat\/wp-content\/uploads\/2023\/09\/Imma-Tor-jornades-excellencia-futur-pirineu.jpg\" class=\"attachment-post-thumbnail size-post-thumbnail wp-post-image\" alt=\"\" srcset=\"https:\/\/www.jornadesperalexcellencia.cat\/wp-content\/uploads\/2023\/09\/Imma-Tor-jornades-excellencia-futur-pirineu.jpg 800w, https:\/\/www.jornadesperalexcellencia.cat\/wp-content\/uploads\/2023\/09\/Imma-Tor-jornades-excellencia-futur-pirineu-298x300.jpg 298w, https:\/\/www.jornadesperalexcellencia.cat\/wp-content\/uploads\/2023\/09\/Imma-Tor-jornades-excellencia-futur-pirineu-150x150.jpg 150w, https:\/\/www.jornadesperalexcellencia.cat\/wp-content\/uploads\/2023\/09\/Imma-Tor-jornades-excellencia-futur-pirineu-768x774.jpg 768w, https:\/\/www.jornadesperalexcellencia.cat\/wp-content\/uploads\/2023\/09\/Imma-Tor-jornades-excellencia-futur-pirineu-600x605.jpg 600w, https:\/\/www.jornadesperalexcellencia.cat\/wp-content\/uploads\/2023\/09\/Imma-Tor-jornades-excellencia-futur-pirineu-100x100.jpg 100w\" sizes=\"auto, (max-width: 800px) 100vw, 800px\" \/>                <div class=\"qodef-team-info-tb\">\n                    <div class=\"qodef-team-info-tc\">\n                        <div class=\"qodef-team-title-holder\">\n\t                        \t\t                        <h6 class=\"qodef-team-position\">Ministra de Asuntos exteriores (Gobierno de Andorra)<\/h6>\n\t                                                    <h3 itemprop=\"name\" class=\"qodef-team-name entry-title\">\n                                <a itemprop=\"url\" href=\"https:\/\/www.jornadesperalexcellencia.cat\/es\/team-member\/imma-tor-esp\/\">Imma Tor<\/a>\n                            <\/h3>\n                        <\/div>\n\t                    <div class=\"qodef-team-description-holder\">\n\t\t                    \t                    <\/div>\n                        <div class=\"qodef-team-social-holder-between\">\n                            <div class=\"qodef-team-social\">\n                                <div class=\"qodef-team-social-inner\">\n                                    <div class=\"qodef-team-social-wrapp\">\n                                                                            <\/div>\n                                <\/div>\n                            <\/div>\n                        <\/div>\n                    <\/div>\n                <\/div>\n            <\/div>\n            <\/div>\n<\/div><div class=\"qodef-team qodef-item-space info-hover\" data-member-id=\"5108\">\n    <div class=\"qodef-team-inner\">\n                    <div class=\"qodef-team-image\">\n                <img loading=\"lazy\" decoding=\"async\" width=\"800\" height=\"806\" src=\"https:\/\/www.jornadesperalexcellencia.cat\/wp-content\/uploads\/2021\/01\/Jesus-Montoliu-jornades-excellencia-futur-pirineu.jpg\" class=\"attachment-post-thumbnail size-post-thumbnail wp-post-image\" alt=\"\" srcset=\"https:\/\/www.jornadesperalexcellencia.cat\/wp-content\/uploads\/2021\/01\/Jesus-Montoliu-jornades-excellencia-futur-pirineu.jpg 800w, https:\/\/www.jornadesperalexcellencia.cat\/wp-content\/uploads\/2021\/01\/Jesus-Montoliu-jornades-excellencia-futur-pirineu-298x300.jpg 298w, https:\/\/www.jornadesperalexcellencia.cat\/wp-content\/uploads\/2021\/01\/Jesus-Montoliu-jornades-excellencia-futur-pirineu-150x150.jpg 150w, https:\/\/www.jornadesperalexcellencia.cat\/wp-content\/uploads\/2021\/01\/Jesus-Montoliu-jornades-excellencia-futur-pirineu-768x774.jpg 768w, https:\/\/www.jornadesperalexcellencia.cat\/wp-content\/uploads\/2021\/01\/Jesus-Montoliu-jornades-excellencia-futur-pirineu-600x605.jpg 600w, https:\/\/www.jornadesperalexcellencia.cat\/wp-content\/uploads\/2021\/01\/Jesus-Montoliu-jornades-excellencia-futur-pirineu-100x100.jpg 100w\" sizes=\"auto, (max-width: 800px) 100vw, 800px\" \/>                <div class=\"qodef-team-info-tb\">\n                    <div class=\"qodef-team-info-tc\">\n                        <div class=\"qodef-team-title-holder\">\n\t                        \t\t                        <h6 class=\"qodef-team-position\">Presidente de las Jornades per a l&#039;excel\u00b7l\u00e8ncia a l&#039;alta muntanya<\/h6>\n\t                                                    <h3 itemprop=\"name\" class=\"qodef-team-name entry-title\">\n                                <a itemprop=\"url\" href=\"https:\/\/www.jornadesperalexcellencia.cat\/es\/team-member\/jesus-montoliu-esp\/\">Jes\u00fas Montoliu<\/a>\n                            <\/h3>\n                        <\/div>\n\t                    <div class=\"qodef-team-description-holder\">\n\t\t                    \t                    <\/div>\n                        <div class=\"qodef-team-social-holder-between\">\n                            <div class=\"qodef-team-social\">\n                                <div class=\"qodef-team-social-inner\">\n                                    <div class=\"qodef-team-social-wrapp\">\n                                                                            <\/div>\n                                <\/div>\n                            <\/div>\n                        <\/div>\n                    <\/div>\n                <\/div>\n            <\/div>\n            <\/div>\n<\/div><div class=\"qodef-team qodef-item-space info-hover\" data-member-id=\"11561\">\n    <div class=\"qodef-team-inner\">\n                    <div class=\"qodef-team-image\">\n                <img loading=\"lazy\" decoding=\"async\" width=\"600\" height=\"605\" src=\"https:\/\/www.jornadesperalexcellencia.cat\/wp-content\/uploads\/2025\/09\/joan-ganyet-jornades-excellencia-600x605-1.jpg\" class=\"attachment-post-thumbnail size-post-thumbnail wp-post-image\" alt=\"\" srcset=\"https:\/\/www.jornadesperalexcellencia.cat\/wp-content\/uploads\/2025\/09\/joan-ganyet-jornades-excellencia-600x605-1.jpg 600w, https:\/\/www.jornadesperalexcellencia.cat\/wp-content\/uploads\/2025\/09\/joan-ganyet-jornades-excellencia-600x605-1-298x300.jpg 298w, https:\/\/www.jornadesperalexcellencia.cat\/wp-content\/uploads\/2025\/09\/joan-ganyet-jornades-excellencia-600x605-1-150x150.jpg 150w, https:\/\/www.jornadesperalexcellencia.cat\/wp-content\/uploads\/2025\/09\/joan-ganyet-jornades-excellencia-600x605-1-12x12.jpg 12w, https:\/\/www.jornadesperalexcellencia.cat\/wp-content\/uploads\/2025\/09\/joan-ganyet-jornades-excellencia-600x605-1-100x100.jpg 100w\" sizes=\"auto, (max-width: 600px) 100vw, 600px\" \/>                <div class=\"qodef-team-info-tb\">\n                    <div class=\"qodef-team-info-tc\">\n                        <div class=\"qodef-team-title-holder\">\n\t                        \t\t                        <h6 class=\"qodef-team-position\">Comisionado para las Relaciones Interpirenaicas<\/h6>\n\t                                                    <h3 itemprop=\"name\" class=\"qodef-team-name entry-title\">\n                                <a itemprop=\"url\" href=\"https:\/\/www.jornadesperalexcellencia.cat\/es\/team-member\/joan-ganyet\/\">Joan Ganyet<\/a>\n                            <\/h3>\n                        <\/div>\n\t                    <div class=\"qodef-team-description-holder\">\n\t\t                    \t                    <\/div>\n                        <div class=\"qodef-team-social-holder-between\">\n                            <div class=\"qodef-team-social\">\n                                <div class=\"qodef-team-social-inner\">\n                                    <div class=\"qodef-team-social-wrapp\">\n                                                                            <\/div>\n                                <\/div>\n                            <\/div>\n                        <\/div>\n                    <\/div>\n                <\/div>\n            <\/div>\n            <\/div>\n<\/div><div class=\"qodef-team qodef-item-space info-hover\" data-member-id=\"7121\">\n    <div class=\"qodef-team-inner\">\n                    <div class=\"qodef-team-image\">\n                <img loading=\"lazy\" decoding=\"async\" width=\"800\" height=\"806\" src=\"https:\/\/www.jornadesperalexcellencia.cat\/wp-content\/uploads\/2021\/07\/2021-jornades-excellencia-ponents-joan-talarn.jpg\" class=\"attachment-post-thumbnail size-post-thumbnail wp-post-image\" alt=\"Jornades per a l&#039;excel\u00b7l\u00e8ncia 2021 participant Joan Talarn\" srcset=\"https:\/\/www.jornadesperalexcellencia.cat\/wp-content\/uploads\/2021\/07\/2021-jornades-excellencia-ponents-joan-talarn.jpg 800w, https:\/\/www.jornadesperalexcellencia.cat\/wp-content\/uploads\/2021\/07\/2021-jornades-excellencia-ponents-joan-talarn-298x300.jpg 298w, https:\/\/www.jornadesperalexcellencia.cat\/wp-content\/uploads\/2021\/07\/2021-jornades-excellencia-ponents-joan-talarn-150x150.jpg 150w, https:\/\/www.jornadesperalexcellencia.cat\/wp-content\/uploads\/2021\/07\/2021-jornades-excellencia-ponents-joan-talarn-768x774.jpg 768w, https:\/\/www.jornadesperalexcellencia.cat\/wp-content\/uploads\/2021\/07\/2021-jornades-excellencia-ponents-joan-talarn-600x605.jpg 600w, https:\/\/www.jornadesperalexcellencia.cat\/wp-content\/uploads\/2021\/07\/2021-jornades-excellencia-ponents-joan-talarn-100x100.jpg 100w\" sizes=\"auto, (max-width: 800px) 100vw, 800px\" \/>                <div class=\"qodef-team-info-tb\">\n                    <div class=\"qodef-team-info-tc\">\n                        <div class=\"qodef-team-title-holder\">\n\t                        \t\t                        <h6 class=\"qodef-team-position\">Presidente de la Diputaci\u00f3n de Lleida<\/h6>\n\t                                                    <h3 itemprop=\"name\" class=\"qodef-team-name entry-title\">\n                                <a itemprop=\"url\" href=\"https:\/\/www.jornadesperalexcellencia.cat\/es\/team-member\/joan-talarn-2\/\">Joan Talarn<\/a>\n                            <\/h3>\n                        <\/div>\n\t                    <div class=\"qodef-team-description-holder\">\n\t\t                    \t                    <\/div>\n                        <div class=\"qodef-team-social-holder-between\">\n                            <div class=\"qodef-team-social\">\n                                <div class=\"qodef-team-social-inner\">\n                                    <div class=\"qodef-team-social-wrapp\">\n                                                                            <\/div>\n                                <\/div>\n                            <\/div>\n                        <\/div>\n                    <\/div>\n                <\/div>\n            <\/div>\n            <\/div>\n<\/div><div class=\"qodef-team qodef-item-space info-hover\" data-member-id=\"12509\">\n    <div class=\"qodef-team-inner\">\n                    <div class=\"qodef-team-image\">\n                <img loading=\"lazy\" decoding=\"async\" width=\"600\" height=\"605\" src=\"https:\/\/www.jornadesperalexcellencia.cat\/wp-content\/uploads\/2026\/07\/Jordi-Solanes-jornades-excellencia-pirineu.jpg\" class=\"attachment-post-thumbnail size-post-thumbnail wp-post-image\" alt=\"\" srcset=\"https:\/\/www.jornadesperalexcellencia.cat\/wp-content\/uploads\/2026\/07\/Jordi-Solanes-jornades-excellencia-pirineu.jpg 600w, https:\/\/www.jornadesperalexcellencia.cat\/wp-content\/uploads\/2026\/07\/Jordi-Solanes-jornades-excellencia-pirineu-298x300.jpg 298w, https:\/\/www.jornadesperalexcellencia.cat\/wp-content\/uploads\/2026\/07\/Jordi-Solanes-jornades-excellencia-pirineu-150x150.jpg 150w, https:\/\/www.jornadesperalexcellencia.cat\/wp-content\/uploads\/2026\/07\/Jordi-Solanes-jornades-excellencia-pirineu-12x12.jpg 12w, https:\/\/www.jornadesperalexcellencia.cat\/wp-content\/uploads\/2026\/07\/Jordi-Solanes-jornades-excellencia-pirineu-100x100.jpg 100w\" sizes=\"auto, (max-width: 600px) 100vw, 600px\" \/>                <div class=\"qodef-team-info-tb\">\n                    <div class=\"qodef-team-info-tc\">\n                        <div class=\"qodef-team-title-holder\">\n\t                        \t\t                        <h6 class=\"qodef-team-position\">Ingeniero de caminos, canales y puertos. Dir. gen. de Cedinsa. Consejero de CEAL9<\/h6>\n\t                                                    <h3 itemprop=\"name\" class=\"qodef-team-name entry-title\">\n                                <a itemprop=\"url\" href=\"https:\/\/www.jornadesperalexcellencia.cat\/es\/team-member\/jordi-solanes-es\/\">Jordi Solanes<\/a>\n                            <\/h3>\n                        <\/div>\n\t                    <div class=\"qodef-team-description-holder\">\n\t\t                    \t                    <\/div>\n                        <div class=\"qodef-team-social-holder-between\">\n                            <div class=\"qodef-team-social\">\n                                <div class=\"qodef-team-social-inner\">\n                                    <div class=\"qodef-team-social-wrapp\">\n                                                                            <\/div>\n                                <\/div>\n                            <\/div>\n                        <\/div>\n                    <\/div>\n                <\/div>\n            <\/div>\n            <\/div>\n<\/div><div class=\"qodef-team qodef-item-space info-hover\" data-member-id=\"5405\">\n    <div class=\"qodef-team-inner\">\n                    <div class=\"qodef-team-image\">\n                <img loading=\"lazy\" decoding=\"async\" width=\"800\" height=\"806\" src=\"https:\/\/www.jornadesperalexcellencia.cat\/wp-content\/uploads\/2021\/01\/jornades_excellencia-josep-puigbo_2016.jpg\" class=\"attachment-post-thumbnail size-post-thumbnail wp-post-image\" alt=\"\" srcset=\"https:\/\/www.jornadesperalexcellencia.cat\/wp-content\/uploads\/2021\/01\/jornades_excellencia-josep-puigbo_2016.jpg 800w, https:\/\/www.jornadesperalexcellencia.cat\/wp-content\/uploads\/2021\/01\/jornades_excellencia-josep-puigbo_2016-100x100.jpg 100w, https:\/\/www.jornadesperalexcellencia.cat\/wp-content\/uploads\/2021\/01\/jornades_excellencia-josep-puigbo_2016-600x605.jpg 600w, https:\/\/www.jornadesperalexcellencia.cat\/wp-content\/uploads\/2021\/01\/jornades_excellencia-josep-puigbo_2016-298x300.jpg 298w, https:\/\/www.jornadesperalexcellencia.cat\/wp-content\/uploads\/2021\/01\/jornades_excellencia-josep-puigbo_2016-150x150.jpg 150w, https:\/\/www.jornadesperalexcellencia.cat\/wp-content\/uploads\/2021\/01\/jornades_excellencia-josep-puigbo_2016-768x774.jpg 768w\" sizes=\"auto, (max-width: 800px) 100vw, 800px\" \/>                <div class=\"qodef-team-info-tb\">\n                    <div class=\"qodef-team-info-tc\">\n                        <div class=\"qodef-team-title-holder\">\n\t                        \t\t                        <h6 class=\"qodef-team-position\"> Periodista y asesor de comunicaci\u00f3n<\/h6>\n\t                                                    <h3 itemprop=\"name\" class=\"qodef-team-name entry-title\">\n                                <a itemprop=\"url\" href=\"https:\/\/www.jornadesperalexcellencia.cat\/es\/team-member\/josep-puigbo-esp\/\">Josep Puigb\u00f3<\/a>\n                            <\/h3>\n                        <\/div>\n\t                    <div class=\"qodef-team-description-holder\">\n\t\t                    \t                    <\/div>\n                        <div class=\"qodef-team-social-holder-between\">\n                            <div class=\"qodef-team-social\">\n                                <div class=\"qodef-team-social-inner\">\n                                    <div class=\"qodef-team-social-wrapp\">\n                                                                            <\/div>\n                                <\/div>\n                            <\/div>\n                        <\/div>\n                    <\/div>\n                <\/div>\n            <\/div>\n            <\/div>\n<\/div><div class=\"qodef-team qodef-item-space info-hover\" data-member-id=\"9430\">\n    <div class=\"qodef-team-inner\">\n                    <div class=\"qodef-team-image\">\n                <img loading=\"lazy\" decoding=\"async\" width=\"800\" height=\"806\" src=\"https:\/\/www.jornadesperalexcellencia.cat\/wp-content\/uploads\/2023\/09\/Maria-Verges-jornades-excellencia-futur-pirineu.jpg\" class=\"attachment-post-thumbnail size-post-thumbnail wp-post-image\" alt=\"\" srcset=\"https:\/\/www.jornadesperalexcellencia.cat\/wp-content\/uploads\/2023\/09\/Maria-Verges-jornades-excellencia-futur-pirineu.jpg 800w, https:\/\/www.jornadesperalexcellencia.cat\/wp-content\/uploads\/2023\/09\/Maria-Verges-jornades-excellencia-futur-pirineu-298x300.jpg 298w, https:\/\/www.jornadesperalexcellencia.cat\/wp-content\/uploads\/2023\/09\/Maria-Verges-jornades-excellencia-futur-pirineu-150x150.jpg 150w, https:\/\/www.jornadesperalexcellencia.cat\/wp-content\/uploads\/2023\/09\/Maria-Verges-jornades-excellencia-futur-pirineu-768x774.jpg 768w, https:\/\/www.jornadesperalexcellencia.cat\/wp-content\/uploads\/2023\/09\/Maria-Verges-jornades-excellencia-futur-pirineu-600x605.jpg 600w, https:\/\/www.jornadesperalexcellencia.cat\/wp-content\/uploads\/2023\/09\/Maria-Verges-jornades-excellencia-futur-pirineu-100x100.jpg 100w\" sizes=\"auto, (max-width: 800px) 100vw, 800px\" \/>                <div class=\"qodef-team-info-tb\">\n                    <div class=\"qodef-team-info-tc\">\n                        <div class=\"qodef-team-title-holder\">\n\t                        \t\t                        <h6 class=\"qodef-team-position\">S\u00edndica de Aran<\/h6>\n\t                                                    <h3 itemprop=\"name\" class=\"qodef-team-name entry-title\">\n                                <a itemprop=\"url\" href=\"https:\/\/www.jornadesperalexcellencia.cat\/es\/team-member\/maria-verges-esp\/\">Maria Verg\u00e9s<\/a>\n                            <\/h3>\n                        <\/div>\n\t                    <div class=\"qodef-team-description-holder\">\n\t\t                    \t                    <\/div>\n                        <div class=\"qodef-team-social-holder-between\">\n                            <div class=\"qodef-team-social\">\n                                <div class=\"qodef-team-social-inner\">\n                                    <div class=\"qodef-team-social-wrapp\">\n                                                                            <\/div>\n                                <\/div>\n                            <\/div>\n                        <\/div>\n                    <\/div>\n                <\/div>\n            <\/div>\n            <\/div>\n<\/div><div class=\"qodef-team qodef-item-space info-hover\" data-member-id=\"5337\">\n    <div class=\"qodef-team-inner\">\n                    <div class=\"qodef-team-image\">\n                <img loading=\"lazy\" decoding=\"async\" width=\"600\" height=\"605\" src=\"https:\/\/www.jornadesperalexcellencia.cat\/wp-content\/uploads\/2021\/03\/Marivi-Chacon-jornades-excellencia-pirineu.jpg\" class=\"attachment-post-thumbnail size-post-thumbnail wp-post-image\" alt=\"\" srcset=\"https:\/\/www.jornadesperalexcellencia.cat\/wp-content\/uploads\/2021\/03\/Marivi-Chacon-jornades-excellencia-pirineu.jpg 600w, https:\/\/www.jornadesperalexcellencia.cat\/wp-content\/uploads\/2021\/03\/Marivi-Chacon-jornades-excellencia-pirineu-298x300.jpg 298w, https:\/\/www.jornadesperalexcellencia.cat\/wp-content\/uploads\/2021\/03\/Marivi-Chacon-jornades-excellencia-pirineu-150x150.jpg 150w, https:\/\/www.jornadesperalexcellencia.cat\/wp-content\/uploads\/2021\/03\/Marivi-Chacon-jornades-excellencia-pirineu-12x12.jpg 12w, https:\/\/www.jornadesperalexcellencia.cat\/wp-content\/uploads\/2021\/03\/Marivi-Chacon-jornades-excellencia-pirineu-100x100.jpg 100w\" sizes=\"auto, (max-width: 600px) 100vw, 600px\" \/>                <div class=\"qodef-team-info-tb\">\n                    <div class=\"qodef-team-info-tc\">\n                        <div class=\"qodef-team-title-holder\">\n\t                        \t\t                        <h6 class=\"qodef-team-position\">Presentadora y comunicadora Lleida TV<\/h6>\n\t                                                    <h3 itemprop=\"name\" class=\"qodef-team-name entry-title\">\n                                <a itemprop=\"url\" href=\"https:\/\/www.jornadesperalexcellencia.cat\/es\/team-member\/marivi-chacon-es\/\">Mariv\u00ed Chac\u00f3n<\/a>\n                            <\/h3>\n                        <\/div>\n\t                    <div class=\"qodef-team-description-holder\">\n\t\t                    \t                    <\/div>\n                        <div class=\"qodef-team-social-holder-between\">\n                            <div class=\"qodef-team-social\">\n                                <div class=\"qodef-team-social-inner\">\n                                    <div class=\"qodef-team-social-wrapp\">\n                                                                            <\/div>\n                                <\/div>\n                            <\/div>\n                        <\/div>\n                    <\/div>\n                <\/div>\n            <\/div>\n            <\/div>\n<\/div><div class=\"qodef-team qodef-item-space info-hover\" data-member-id=\"12515\">\n    <div class=\"qodef-team-inner\">\n                    <div class=\"qodef-team-image\">\n                <img loading=\"lazy\" decoding=\"async\" width=\"600\" height=\"605\" src=\"https:\/\/www.jornadesperalexcellencia.cat\/wp-content\/uploads\/2026\/07\/Miquel-Morell-jornades-excellencia-pirineu.jpg\" class=\"attachment-post-thumbnail size-post-thumbnail wp-post-image\" alt=\"\" srcset=\"https:\/\/www.jornadesperalexcellencia.cat\/wp-content\/uploads\/2026\/07\/Miquel-Morell-jornades-excellencia-pirineu.jpg 600w, https:\/\/www.jornadesperalexcellencia.cat\/wp-content\/uploads\/2026\/07\/Miquel-Morell-jornades-excellencia-pirineu-298x300.jpg 298w, https:\/\/www.jornadesperalexcellencia.cat\/wp-content\/uploads\/2026\/07\/Miquel-Morell-jornades-excellencia-pirineu-150x150.jpg 150w, https:\/\/www.jornadesperalexcellencia.cat\/wp-content\/uploads\/2026\/07\/Miquel-Morell-jornades-excellencia-pirineu-12x12.jpg 12w, https:\/\/www.jornadesperalexcellencia.cat\/wp-content\/uploads\/2026\/07\/Miquel-Morell-jornades-excellencia-pirineu-100x100.jpg 100w\" sizes=\"auto, (max-width: 600px) 100vw, 600px\" \/>                <div class=\"qodef-team-info-tb\">\n                    <div class=\"qodef-team-info-tc\">\n                        <div class=\"qodef-team-title-holder\">\n\t                        \t\t                        <h6 class=\"qodef-team-position\">Socio de PROMO Asesores Consultores y miembro de las CTU de las Comarcas Centrales y de Lleida<\/h6>\n\t                                                    <h3 itemprop=\"name\" class=\"qodef-team-name entry-title\">\n                                <a itemprop=\"url\" href=\"https:\/\/www.jornadesperalexcellencia.cat\/es\/team-member\/miquel-morell-es\/\">Miquel Morell<\/a>\n                            <\/h3>\n                        <\/div>\n\t                    <div class=\"qodef-team-description-holder\">\n\t\t                    \t                    <\/div>\n                        <div class=\"qodef-team-social-holder-between\">\n                            <div class=\"qodef-team-social\">\n                                <div class=\"qodef-team-social-inner\">\n                                    <div class=\"qodef-team-social-wrapp\">\n                                                                            <\/div>\n                                <\/div>\n                            <\/div>\n                        <\/div>\n                    <\/div>\n                <\/div>\n            <\/div>\n            <\/div>\n<\/div><div class=\"qodef-team qodef-item-space info-hover\" data-member-id=\"12513\">\n    <div class=\"qodef-team-inner\">\n                    <div class=\"qodef-team-image\">\n                <img loading=\"lazy\" decoding=\"async\" width=\"600\" height=\"605\" src=\"https:\/\/www.jornadesperalexcellencia.cat\/wp-content\/uploads\/2026\/07\/Noelia-Souque-jornades-excellencia-pirineu.jpg\" class=\"attachment-post-thumbnail size-post-thumbnail wp-post-image\" alt=\"\" srcset=\"https:\/\/www.jornadesperalexcellencia.cat\/wp-content\/uploads\/2026\/07\/Noelia-Souque-jornades-excellencia-pirineu.jpg 600w, https:\/\/www.jornadesperalexcellencia.cat\/wp-content\/uploads\/2026\/07\/Noelia-Souque-jornades-excellencia-pirineu-298x300.jpg 298w, https:\/\/www.jornadesperalexcellencia.cat\/wp-content\/uploads\/2026\/07\/Noelia-Souque-jornades-excellencia-pirineu-150x150.jpg 150w, https:\/\/www.jornadesperalexcellencia.cat\/wp-content\/uploads\/2026\/07\/Noelia-Souque-jornades-excellencia-pirineu-12x12.jpg 12w, https:\/\/www.jornadesperalexcellencia.cat\/wp-content\/uploads\/2026\/07\/Noelia-Souque-jornades-excellencia-pirineu-100x100.jpg 100w\" sizes=\"auto, (max-width: 600px) 100vw, 600px\" \/>                <div class=\"qodef-team-info-tb\">\n                    <div class=\"qodef-team-info-tc\">\n                        <div class=\"qodef-team-title-holder\">\n\t                        \t\t                        <h6 class=\"qodef-team-position\">Embajadora para la cooperaci\u00f3n transfronterera del Govierno de Andorra<\/h6>\n\t                                                    <h3 itemprop=\"name\" class=\"qodef-team-name entry-title\">\n                                <a itemprop=\"url\" href=\"https:\/\/www.jornadesperalexcellencia.cat\/es\/team-member\/noelia-souque-es\/\">Noelia Souque<\/a>\n                            <\/h3>\n                        <\/div>\n\t                    <div class=\"qodef-team-description-holder\">\n\t\t                    \t                    <\/div>\n                        <div class=\"qodef-team-social-holder-between\">\n                            <div class=\"qodef-team-social\">\n                                <div class=\"qodef-team-social-inner\">\n                                    <div class=\"qodef-team-social-wrapp\">\n                                                                            <\/div>\n                                <\/div>\n                            <\/div>\n                        <\/div>\n                    <\/div>\n                <\/div>\n            <\/div>\n            <\/div>\n<\/div><div class=\"qodef-team qodef-item-space info-hover\" data-member-id=\"5520\">\n    <div class=\"qodef-team-inner\">\n                    <div class=\"qodef-team-image\">\n                <img loading=\"lazy\" decoding=\"async\" width=\"600\" height=\"605\" src=\"https:\/\/www.jornadesperalexcellencia.cat\/wp-content\/uploads\/2023\/09\/Nuria-Cervos-jornades-excellencia-futur-pirineu.jpg\" class=\"attachment-post-thumbnail size-post-thumbnail wp-post-image\" alt=\"\" srcset=\"https:\/\/www.jornadesperalexcellencia.cat\/wp-content\/uploads\/2023\/09\/Nuria-Cervos-jornades-excellencia-futur-pirineu.jpg 600w, https:\/\/www.jornadesperalexcellencia.cat\/wp-content\/uploads\/2023\/09\/Nuria-Cervos-jornades-excellencia-futur-pirineu-298x300.jpg 298w, https:\/\/www.jornadesperalexcellencia.cat\/wp-content\/uploads\/2023\/09\/Nuria-Cervos-jornades-excellencia-futur-pirineu-150x150.jpg 150w, https:\/\/www.jornadesperalexcellencia.cat\/wp-content\/uploads\/2023\/09\/Nuria-Cervos-jornades-excellencia-futur-pirineu-12x12.jpg 12w, https:\/\/www.jornadesperalexcellencia.cat\/wp-content\/uploads\/2023\/09\/Nuria-Cervos-jornades-excellencia-futur-pirineu-100x100.jpg 100w\" sizes=\"auto, (max-width: 600px) 100vw, 600px\" \/>                <div class=\"qodef-team-info-tb\">\n                    <div class=\"qodef-team-info-tc\">\n                        <div class=\"qodef-team-title-holder\">\n\t                        \t\t                        <h6 class=\"qodef-team-position\">Consejera delegada y directora de operaciones de Cerv\u00f3s<\/h6>\n\t                                                    <h3 itemprop=\"name\" class=\"qodef-team-name entry-title\">\n                                <a itemprop=\"url\" href=\"https:\/\/www.jornadesperalexcellencia.cat\/es\/team-member\/nuria-cervos-esp\/\">N\u00faria Cerv\u00f3s<\/a>\n                            <\/h3>\n                        <\/div>\n\t                    <div class=\"qodef-team-description-holder\">\n\t\t                    \t                    <\/div>\n                        <div class=\"qodef-team-social-holder-between\">\n                            <div class=\"qodef-team-social\">\n                                <div class=\"qodef-team-social-inner\">\n                                    <div class=\"qodef-team-social-wrapp\">\n                                                                            <\/div>\n                                <\/div>\n                            <\/div>\n                        <\/div>\n                    <\/div>\n                <\/div>\n            <\/div>\n            <\/div>\n<\/div><div class=\"qodef-team qodef-item-space info-hover\" data-member-id=\"5091\">\n    <div class=\"qodef-team-inner\">\n                    <div class=\"qodef-team-image\">\n                <img loading=\"lazy\" decoding=\"async\" width=\"600\" height=\"605\" src=\"https:\/\/www.jornadesperalexcellencia.cat\/wp-content\/uploads\/2026\/07\/Pere-Macias-jornades-excellencia-pirineu.jpg\" class=\"attachment-post-thumbnail size-post-thumbnail wp-post-image\" alt=\"\" srcset=\"https:\/\/www.jornadesperalexcellencia.cat\/wp-content\/uploads\/2026\/07\/Pere-Macias-jornades-excellencia-pirineu.jpg 600w, https:\/\/www.jornadesperalexcellencia.cat\/wp-content\/uploads\/2026\/07\/Pere-Macias-jornades-excellencia-pirineu-298x300.jpg 298w, https:\/\/www.jornadesperalexcellencia.cat\/wp-content\/uploads\/2026\/07\/Pere-Macias-jornades-excellencia-pirineu-150x150.jpg 150w, https:\/\/www.jornadesperalexcellencia.cat\/wp-content\/uploads\/2026\/07\/Pere-Macias-jornades-excellencia-pirineu-12x12.jpg 12w, https:\/\/www.jornadesperalexcellencia.cat\/wp-content\/uploads\/2026\/07\/Pere-Macias-jornades-excellencia-pirineu-100x100.jpg 100w\" sizes=\"auto, (max-width: 600px) 100vw, 600px\" \/>                <div class=\"qodef-team-info-tb\">\n                    <div class=\"qodef-team-info-tc\">\n                        <div class=\"qodef-team-title-holder\">\n\t                        \t\t                        <h6 class=\"qodef-team-position\">Dr. ingeniero de caminos, canales y puertos y miembro numerario de la Real Academia de Ciencias y Artes de Barcelona<\/h6>\n\t                                                    <h3 itemprop=\"name\" class=\"qodef-team-name entry-title\">\n                                <a itemprop=\"url\" href=\"https:\/\/www.jornadesperalexcellencia.cat\/es\/team-member\/pere-macias-esp\/\">Pere Macias<\/a>\n                            <\/h3>\n                        <\/div>\n\t                    <div class=\"qodef-team-description-holder\">\n\t\t                    \t                    <\/div>\n                        <div class=\"qodef-team-social-holder-between\">\n                            <div class=\"qodef-team-social\">\n                                <div class=\"qodef-team-social-inner\">\n                                    <div class=\"qodef-team-social-wrapp\">\n                                                                            <\/div>\n                                <\/div>\n                            <\/div>\n                        <\/div>\n                    <\/div>\n                <\/div>\n            <\/div>\n            <\/div>\n<\/div><div class=\"qodef-team qodef-item-space info-hover\" data-member-id=\"5106\">\n    <div class=\"qodef-team-inner\">\n                    <div class=\"qodef-team-image\">\n                <img loading=\"lazy\" decoding=\"async\" width=\"800\" height=\"806\" src=\"https:\/\/www.jornadesperalexcellencia.cat\/wp-content\/uploads\/2021\/01\/jornades_excellencia-pere-tico_2019.jpg\" class=\"attachment-post-thumbnail size-post-thumbnail wp-post-image\" alt=\"\" srcset=\"https:\/\/www.jornadesperalexcellencia.cat\/wp-content\/uploads\/2021\/01\/jornades_excellencia-pere-tico_2019.jpg 800w, https:\/\/www.jornadesperalexcellencia.cat\/wp-content\/uploads\/2021\/01\/jornades_excellencia-pere-tico_2019-100x100.jpg 100w, https:\/\/www.jornadesperalexcellencia.cat\/wp-content\/uploads\/2021\/01\/jornades_excellencia-pere-tico_2019-600x605.jpg 600w, https:\/\/www.jornadesperalexcellencia.cat\/wp-content\/uploads\/2021\/01\/jornades_excellencia-pere-tico_2019-298x300.jpg 298w, https:\/\/www.jornadesperalexcellencia.cat\/wp-content\/uploads\/2021\/01\/jornades_excellencia-pere-tico_2019-150x150.jpg 150w, https:\/\/www.jornadesperalexcellencia.cat\/wp-content\/uploads\/2021\/01\/jornades_excellencia-pere-tico_2019-768x774.jpg 768w\" sizes=\"auto, (max-width: 800px) 100vw, 800px\" \/>                <div class=\"qodef-team-info-tb\">\n                    <div class=\"qodef-team-info-tc\">\n                        <div class=\"qodef-team-title-holder\">\n\t                        \t\t                        <h6 class=\"qodef-team-position\"> Alcalde de Esterri d&#039;\u00c0neu<\/h6>\n\t                                                    <h3 itemprop=\"name\" class=\"qodef-team-name entry-title\">\n                                <a itemprop=\"url\" href=\"https:\/\/www.jornadesperalexcellencia.cat\/es\/team-member\/pere-tico-esp\/\">Pere Tic\u00f3<\/a>\n                            <\/h3>\n                        <\/div>\n\t                    <div class=\"qodef-team-description-holder\">\n\t\t                    \t                    <\/div>\n                        <div class=\"qodef-team-social-holder-between\">\n                            <div class=\"qodef-team-social\">\n                                <div class=\"qodef-team-social-inner\">\n                                    <div class=\"qodef-team-social-wrapp\">\n                                                                            <\/div>\n                                <\/div>\n                            <\/div>\n                        <\/div>\n                    <\/div>\n                <\/div>\n            <\/div>\n            <\/div>\n<\/div><div class=\"qodef-team qodef-item-space info-hover\" data-member-id=\"5501\">\n    <div class=\"qodef-team-inner\">\n                    <div class=\"qodef-team-image\">\n                <img loading=\"lazy\" decoding=\"async\" width=\"600\" height=\"605\" src=\"https:\/\/www.jornadesperalexcellencia.cat\/wp-content\/uploads\/2026\/07\/Rafael-Gimenez-jornades-excellencia-pirineu.jpg\" class=\"attachment-post-thumbnail size-post-thumbnail wp-post-image\" alt=\"\" srcset=\"https:\/\/www.jornadesperalexcellencia.cat\/wp-content\/uploads\/2026\/07\/Rafael-Gimenez-jornades-excellencia-pirineu.jpg 600w, https:\/\/www.jornadesperalexcellencia.cat\/wp-content\/uploads\/2026\/07\/Rafael-Gimenez-jornades-excellencia-pirineu-298x300.jpg 298w, https:\/\/www.jornadesperalexcellencia.cat\/wp-content\/uploads\/2026\/07\/Rafael-Gimenez-jornades-excellencia-pirineu-150x150.jpg 150w, https:\/\/www.jornadesperalexcellencia.cat\/wp-content\/uploads\/2026\/07\/Rafael-Gimenez-jornades-excellencia-pirineu-12x12.jpg 12w, https:\/\/www.jornadesperalexcellencia.cat\/wp-content\/uploads\/2026\/07\/Rafael-Gimenez-jornades-excellencia-pirineu-100x100.jpg 100w\" sizes=\"auto, (max-width: 600px) 100vw, 600px\" \/>                <div class=\"qodef-team-info-tb\">\n                    <div class=\"qodef-team-info-tc\">\n                        <div class=\"qodef-team-title-holder\">\n\t                        \t\t                        <h6 class=\"qodef-team-position\">Presidente de la Sociedad Catalana de Geograf\u00eda<\/h6>\n\t                                                    <h3 itemprop=\"name\" class=\"qodef-team-name entry-title\">\n                                <a itemprop=\"url\" href=\"https:\/\/www.jornadesperalexcellencia.cat\/es\/team-member\/rafael-gimenez-capdevila-es\/\">Rafael Gim\u00e9nez-Capdevila<\/a>\n                            <\/h3>\n                        <\/div>\n\t                    <div class=\"qodef-team-description-holder\">\n\t\t                    \t                    <\/div>\n                        <div class=\"qodef-team-social-holder-between\">\n                            <div class=\"qodef-team-social\">\n                                <div class=\"qodef-team-social-inner\">\n                                    <div class=\"qodef-team-social-wrapp\">\n                                                                            <\/div>\n                                <\/div>\n                            <\/div>\n                        <\/div>\n                    <\/div>\n                <\/div>\n            <\/div>\n            <\/div>\n<\/div><div class=\"qodef-team qodef-item-space info-hover\" data-member-id=\"12565\">\n    <div class=\"qodef-team-inner\">\n                    <div class=\"qodef-team-image\">\n                <img loading=\"lazy\" decoding=\"async\" width=\"600\" height=\"605\" src=\"https:\/\/www.jornadesperalexcellencia.cat\/wp-content\/uploads\/2026\/08\/Ramon-Gras-jornades-excellencia-pirineu.jpg\" class=\"attachment-post-thumbnail size-post-thumbnail wp-post-image\" alt=\"\" srcset=\"https:\/\/www.jornadesperalexcellencia.cat\/wp-content\/uploads\/2026\/08\/Ramon-Gras-jornades-excellencia-pirineu.jpg 600w, https:\/\/www.jornadesperalexcellencia.cat\/wp-content\/uploads\/2026\/08\/Ramon-Gras-jornades-excellencia-pirineu-298x300.jpg 298w, https:\/\/www.jornadesperalexcellencia.cat\/wp-content\/uploads\/2026\/08\/Ramon-Gras-jornades-excellencia-pirineu-150x150.jpg 150w, https:\/\/www.jornadesperalexcellencia.cat\/wp-content\/uploads\/2026\/08\/Ramon-Gras-jornades-excellencia-pirineu-12x12.jpg 12w, https:\/\/www.jornadesperalexcellencia.cat\/wp-content\/uploads\/2026\/08\/Ramon-Gras-jornades-excellencia-pirineu-100x100.jpg 100w\" sizes=\"auto, (max-width: 600px) 100vw, 600px\" \/>                <div class=\"qodef-team-info-tb\">\n                    <div class=\"qodef-team-info-tc\">\n                        <div class=\"qodef-team-title-holder\">\n\t                        \t\t                        <h6 class=\"qodef-team-position\">CEO de Aretian and City Science e investigador dise\u00f1o urbano Univ. Harvard<\/h6>\n\t                                                    <h3 itemprop=\"name\" class=\"qodef-team-name entry-title\">\n                                <a itemprop=\"url\" href=\"https:\/\/www.jornadesperalexcellencia.cat\/es\/team-member\/ramon-gras-es\/\">Ramon Gras<\/a>\n                            <\/h3>\n                        <\/div>\n\t                    <div class=\"qodef-team-description-holder\">\n\t\t                    \t                    <\/div>\n                        <div class=\"qodef-team-social-holder-between\">\n                            <div class=\"qodef-team-social\">\n                                <div class=\"qodef-team-social-inner\">\n                                    <div class=\"qodef-team-social-wrapp\">\n                                                                            <\/div>\n                                <\/div>\n                            <\/div>\n                        <\/div>\n                    <\/div>\n                <\/div>\n            <\/div>\n            <\/div>\n<\/div><div class=\"qodef-team qodef-item-space info-hover\" data-member-id=\"12654\">\n    <div class=\"qodef-team-inner\">\n                    <div class=\"qodef-team-image\">\n                <img loading=\"lazy\" decoding=\"async\" width=\"600\" height=\"605\" src=\"https:\/\/www.jornadesperalexcellencia.cat\/wp-content\/uploads\/2026\/08\/Sergi-Sauri-jornade-excellencia-pirineu.jpg\" class=\"attachment-post-thumbnail size-post-thumbnail wp-post-image\" alt=\"\" srcset=\"https:\/\/www.jornadesperalexcellencia.cat\/wp-content\/uploads\/2026\/08\/Sergi-Sauri-jornade-excellencia-pirineu.jpg 600w, https:\/\/www.jornadesperalexcellencia.cat\/wp-content\/uploads\/2026\/08\/Sergi-Sauri-jornade-excellencia-pirineu-298x300.jpg 298w, https:\/\/www.jornadesperalexcellencia.cat\/wp-content\/uploads\/2026\/08\/Sergi-Sauri-jornade-excellencia-pirineu-150x150.jpg 150w, https:\/\/www.jornadesperalexcellencia.cat\/wp-content\/uploads\/2026\/08\/Sergi-Sauri-jornade-excellencia-pirineu-12x12.jpg 12w, https:\/\/www.jornadesperalexcellencia.cat\/wp-content\/uploads\/2026\/08\/Sergi-Sauri-jornade-excellencia-pirineu-100x100.jpg 100w\" sizes=\"auto, (max-width: 600px) 100vw, 600px\" \/>                <div class=\"qodef-team-info-tb\">\n                    <div class=\"qodef-team-info-tc\">\n                        <div class=\"qodef-team-title-holder\">\n\t                        \t\t                        <h6 class=\"qodef-team-position\">director Centro de Inovaci\u00f3n del transporte y profesor de la UPC<\/h6>\n\t                                                    <h3 itemprop=\"name\" class=\"qodef-team-name entry-title\">\n                                <a itemprop=\"url\" href=\"https:\/\/www.jornadesperalexcellencia.cat\/es\/team-member\/sergi-sauri-es\/\">Sergi Saur\u00ed<\/a>\n                            <\/h3>\n                        <\/div>\n\t                    <div class=\"qodef-team-description-holder\">\n\t\t                    \t                    <\/div>\n                        <div class=\"qodef-team-social-holder-between\">\n                            <div class=\"qodef-team-social\">\n                                <div class=\"qodef-team-social-inner\">\n                                    <div class=\"qodef-team-social-wrapp\">\n                                                                            <\/div>\n                                <\/div>\n                            <\/div>\n                        <\/div>\n                    <\/div>\n                <\/div>\n            <\/div>\n            <\/div>\n<\/div><div class=\"qodef-team qodef-item-space info-hover\" data-member-id=\"11726\">\n    <div class=\"qodef-team-inner\">\n                    <div class=\"qodef-team-image\">\n                <img loading=\"lazy\" decoding=\"async\" width=\"600\" height=\"605\" src=\"https:\/\/www.jornadesperalexcellencia.cat\/wp-content\/uploads\/2025\/09\/silvia-romero-jornades-excellencia.png\" class=\"attachment-post-thumbnail size-post-thumbnail wp-post-image\" alt=\"\" srcset=\"https:\/\/www.jornadesperalexcellencia.cat\/wp-content\/uploads\/2025\/09\/silvia-romero-jornades-excellencia.png 600w, https:\/\/www.jornadesperalexcellencia.cat\/wp-content\/uploads\/2025\/09\/silvia-romero-jornades-excellencia-298x300.png 298w, https:\/\/www.jornadesperalexcellencia.cat\/wp-content\/uploads\/2025\/09\/silvia-romero-jornades-excellencia-150x150.png 150w, https:\/\/www.jornadesperalexcellencia.cat\/wp-content\/uploads\/2025\/09\/silvia-romero-jornades-excellencia-12x12.png 12w, https:\/\/www.jornadesperalexcellencia.cat\/wp-content\/uploads\/2025\/09\/silvia-romero-jornades-excellencia-100x100.png 100w\" sizes=\"auto, (max-width: 600px) 100vw, 600px\" \/>                <div class=\"qodef-team-info-tb\">\n                    <div class=\"qodef-team-info-tc\">\n                        <div class=\"qodef-team-title-holder\">\n\t                        \t\t                        <h6 class=\"qodef-team-position\">Del. Terr. del Gob. de la Generalitat a l\u2019Alt Pirineu i Aran<\/h6>\n\t                                                    <h3 itemprop=\"name\" class=\"qodef-team-name entry-title\">\n                                <a itemprop=\"url\" href=\"https:\/\/www.jornadesperalexcellencia.cat\/es\/team-member\/silvia-romero\/\">Silvia Romero<\/a>\n                            <\/h3>\n                        <\/div>\n\t                    <div class=\"qodef-team-description-holder\">\n\t\t                    \t                    <\/div>\n                        <div class=\"qodef-team-social-holder-between\">\n                            <div class=\"qodef-team-social\">\n                                <div class=\"qodef-team-social-inner\">\n                                    <div class=\"qodef-team-social-wrapp\">\n                                                                            <\/div>\n                                <\/div>\n                            <\/div>\n                        <\/div>\n                    <\/div>\n                <\/div>\n            <\/div>\n            <\/div>\n<\/div><div class=\"qodef-team qodef-item-space info-hover\" data-member-id=\"12511\">\n    <div class=\"qodef-team-inner\">\n                    <div class=\"qodef-team-image\">\n                <img loading=\"lazy\" decoding=\"async\" width=\"600\" height=\"605\" src=\"https:\/\/www.jornadesperalexcellencia.cat\/wp-content\/uploads\/2026\/07\/Victor-Puga-jornades-excellencia-pirineu.jpg\" class=\"attachment-post-thumbnail size-post-thumbnail wp-post-image\" alt=\"\" srcset=\"https:\/\/www.jornadesperalexcellencia.cat\/wp-content\/uploads\/2026\/07\/Victor-Puga-jornades-excellencia-pirineu.jpg 600w, https:\/\/www.jornadesperalexcellencia.cat\/wp-content\/uploads\/2026\/07\/Victor-Puga-jornades-excellencia-pirineu-298x300.jpg 298w, https:\/\/www.jornadesperalexcellencia.cat\/wp-content\/uploads\/2026\/07\/Victor-Puga-jornades-excellencia-pirineu-150x150.jpg 150w, https:\/\/www.jornadesperalexcellencia.cat\/wp-content\/uploads\/2026\/07\/Victor-Puga-jornades-excellencia-pirineu-12x12.jpg 12w, https:\/\/www.jornadesperalexcellencia.cat\/wp-content\/uploads\/2026\/07\/Victor-Puga-jornades-excellencia-pirineu-100x100.jpg 100w\" sizes=\"auto, (max-width: 600px) 100vw, 600px\" \/>                <div class=\"qodef-team-info-tb\">\n                    <div class=\"qodef-team-info-tc\">\n                        <div class=\"qodef-team-title-holder\">\n\t                        \t\t                        <h6 class=\"qodef-team-position\">Secretario de Territorio, Urbanismo y Agenda Urbana de la Generalitat de Catalunya<\/h6>\n\t                                                    <h3 itemprop=\"name\" class=\"qodef-team-name entry-title\">\n                                <a itemprop=\"url\" href=\"https:\/\/www.jornadesperalexcellencia.cat\/es\/team-member\/victor-puga-es\/\">Victor Puga<\/a>\n                            <\/h3>\n                        <\/div>\n\t                    <div class=\"qodef-team-description-holder\">\n\t\t                    \t                    <\/div>\n                        <div class=\"qodef-team-social-holder-between\">\n                            <div class=\"qodef-team-social\">\n                                <div class=\"qodef-team-social-inner\">\n                                    <div class=\"qodef-team-social-wrapp\">\n                                                                            <\/div>\n                                <\/div>\n                            <\/div>\n                        <\/div>\n                    <\/div>\n                <\/div>\n            <\/div>\n            <\/div>\n<\/div>\t<\/div>\n<\/div><\/div><\/div><\/div><\/div>","protected":false},"excerpt":{"rendered":"","protected":false},"author":1,"featured_media":0,"parent":0,"menu_order":0,"comment_status":"closed","ping_status":"closed","template":"full-width.php","meta":{"footnotes":""},"class_list":["post-12366","page","type-page","status-publish","hentry"],"yoast_head":"<!-- This site is optimized with the Yoast SEO plugin v28.4 - https:\/\/yoast.com\/product\/yoast-seo-wordpress\/ -->\n<title>Los retos del agua. La gesti\u00f3n para un ma\u00f1ana sostenible<\/title>\n<meta name=\"description\" content=\"La gesti\u00f3n sostenible del agua en el Pirineo es el tema de las 12 Jornadas para la excelencia. El Alto Pirineo y el Ar\u00e1n enfrentan grandes desaf\u00edos en la gesti\u00f3n sostenible del agua debido al cambio clim\u00e1tico, la presi\u00f3n tur\u00edstica y las demandas agr\u00edcolas y energ\u00e9ticas. Para garantizar la calidad y disponibilidad del agua, es necesaria una planificaci\u00f3n hidrol\u00f3gica integrada con la cooperaci\u00f3n de administraciones, agentes econ\u00f3micos y ciudadan\u00eda.\" \/>\n<meta name=\"robots\" content=\"index, follow, max-snippet:-1, max-image-preview:large, max-video-preview:-1\" \/>\n<link rel=\"canonical\" href=\"https:\/\/www.jornadesperalexcellencia.cat\/es\/edicion-2026\/\" \/>\n<meta property=\"og:locale\" content=\"es_ES\" \/>\n<meta property=\"og:type\" content=\"article\" \/>\n<meta property=\"og:title\" content=\"Los retos del agua. La gesti\u00f3n para un ma\u00f1ana sostenible\" \/>\n<meta property=\"og:description\" content=\"La gesti\u00f3n sostenible del agua en el Pirineo es el tema de las 12 Jornadas para la excelencia. El Alto Pirineo y el Ar\u00e1n enfrentan grandes desaf\u00edos en la gesti\u00f3n sostenible del agua debido al cambio clim\u00e1tico, la presi\u00f3n tur\u00edstica y las demandas agr\u00edcolas y energ\u00e9ticas. Para garantizar la calidad y disponibilidad del agua, es necesaria una planificaci\u00f3n hidrol\u00f3gica integrada con la cooperaci\u00f3n de administraciones, agentes econ\u00f3micos y ciudadan\u00eda.\" \/>\n<meta property=\"og:url\" content=\"https:\/\/www.jornadesperalexcellencia.cat\/es\/edicion-2026\/\" \/>\n<meta property=\"og:site_name\" content=\"Jornades per a l&#039;excel\u00b7l\u00e8ncia\" \/>\n<meta property=\"article:modified_time\" content=\"2026-09-03T12:08:01+00:00\" \/>\n<meta name=\"twitter:card\" content=\"summary_large_image\" \/>\n<meta name=\"twitter:label1\" content=\"Tiempo de lectura\" \/>\n\t<meta name=\"twitter:data1\" content=\"4 minutos\" \/>\n<script type=\"application\/ld+json\" class=\"yoast-schema-graph\">{\"@context\":\"https:\\\/\\\/schema.org\",\"@graph\":[{\"@type\":\"WebPage\",\"@id\":\"https:\\\/\\\/www.jornadesperalexcellencia.cat\\\/es\\\/edicion-2026\\\/\",\"url\":\"https:\\\/\\\/www.jornadesperalexcellencia.cat\\\/es\\\/edicion-2026\\\/\",\"name\":\"Los retos del agua. La gesti\u00f3n para un ma\u00f1ana sostenible\",\"isPartOf\":{\"@id\":\"https:\\\/\\\/www.jornadesperalexcellencia.cat\\\/es\\\/#website\"},\"datePublished\":\"2026-04-20T09:21:40+00:00\",\"dateModified\":\"2026-09-03T12:08:01+00:00\",\"description\":\"La gesti\u00f3n sostenible del agua en el Pirineo es el tema de las 12 Jornadas para la excelencia. El Alto Pirineo y el Ar\u00e1n enfrentan grandes desaf\u00edos en la gesti\u00f3n sostenible del agua debido al cambio clim\u00e1tico, la presi\u00f3n tur\u00edstica y las demandas agr\u00edcolas y energ\u00e9ticas. Para garantizar la calidad y disponibilidad del agua, es necesaria una planificaci\u00f3n hidrol\u00f3gica integrada con la cooperaci\u00f3n de administraciones, agentes econ\u00f3micos y ciudadan\u00eda.\",\"breadcrumb\":{\"@id\":\"https:\\\/\\\/www.jornadesperalexcellencia.cat\\\/es\\\/edicion-2026\\\/#breadcrumb\"},\"inLanguage\":\"es\",\"potentialAction\":[{\"@type\":\"ReadAction\",\"target\":[\"https:\\\/\\\/www.jornadesperalexcellencia.cat\\\/es\\\/edicion-2026\\\/\"]}]},{\"@type\":\"BreadcrumbList\",\"@id\":\"https:\\\/\\\/www.jornadesperalexcellencia.cat\\\/es\\\/edicion-2026\\\/#breadcrumb\",\"itemListElement\":[{\"@type\":\"ListItem\",\"position\":1,\"name\":\"Inici\",\"item\":\"https:\\\/\\\/www.jornadesperalexcellencia.cat\\\/es\\\/inicio\\\/\"},{\"@type\":\"ListItem\",\"position\":2,\"name\":\"Edici\u00f3n 2026\"}]},{\"@type\":\"WebSite\",\"@id\":\"https:\\\/\\\/www.jornadesperalexcellencia.cat\\\/es\\\/#website\",\"url\":\"https:\\\/\\\/www.jornadesperalexcellencia.cat\\\/es\\\/\",\"name\":\"Jornades per a l&#039;excel\u00b7l\u00e8ncia\",\"description\":\"Confer\u00e8ncies anuals per al progr\u00e9s i desenvolupament dels territoris del Pirineu. Esterri d&#039;\u00c0neu i Andorra.\",\"alternateName\":\"Jornades per a l'excel\u00b7l\u00e8ncia\",\"potentialAction\":[{\"@type\":\"SearchAction\",\"target\":{\"@type\":\"EntryPoint\",\"urlTemplate\":\"https:\\\/\\\/www.jornadesperalexcellencia.cat\\\/es\\\/?s={search_term_string}\"},\"query-input\":{\"@type\":\"PropertyValueSpecification\",\"valueRequired\":true,\"valueName\":\"search_term_string\"}}],\"inLanguage\":\"es\"}]}<\/script>\n<!-- \/ Yoast SEO plugin. -->","yoast_head_json":{"title":"Los retos del agua. La gesti\u00f3n para un ma\u00f1ana sostenible","description":"La gesti\u00f3n sostenible del agua en el Pirineo es el tema de las 12 Jornadas para la excelencia. El Alto Pirineo y el Ar\u00e1n enfrentan grandes desaf\u00edos en la gesti\u00f3n sostenible del agua debido al cambio clim\u00e1tico, la presi\u00f3n tur\u00edstica y las demandas agr\u00edcolas y energ\u00e9ticas. Para garantizar la calidad y disponibilidad del agua, es necesaria una planificaci\u00f3n hidrol\u00f3gica integrada con la cooperaci\u00f3n de administraciones, agentes econ\u00f3micos y ciudadan\u00eda.","robots":{"index":"index","follow":"follow","max-snippet":"max-snippet:-1","max-image-preview":"max-image-preview:large","max-video-preview":"max-video-preview:-1"},"canonical":"https:\/\/www.jornadesperalexcellencia.cat\/es\/edicion-2026\/","og_locale":"es_ES","og_type":"article","og_title":"Los retos del agua. La gesti\u00f3n para un ma\u00f1ana sostenible","og_description":"La gesti\u00f3n sostenible del agua en el Pirineo es el tema de las 12 Jornadas para la excelencia. El Alto Pirineo y el Ar\u00e1n enfrentan grandes desaf\u00edos en la gesti\u00f3n sostenible del agua debido al cambio clim\u00e1tico, la presi\u00f3n tur\u00edstica y las demandas agr\u00edcolas y energ\u00e9ticas. Para garantizar la calidad y disponibilidad del agua, es necesaria una planificaci\u00f3n hidrol\u00f3gica integrada con la cooperaci\u00f3n de administraciones, agentes econ\u00f3micos y ciudadan\u00eda.","og_url":"https:\/\/www.jornadesperalexcellencia.cat\/es\/edicion-2026\/","og_site_name":"Jornades per a l&#039;excel\u00b7l\u00e8ncia","article_modified_time":"2026-09-03T12:08:01+00:00","twitter_card":"summary_large_image","twitter_misc":{"Tiempo de lectura":"4 minutos"},"schema":{"@context":"https:\/\/schema.org","@graph":[{"@type":"WebPage","@id":"https:\/\/www.jornadesperalexcellencia.cat\/es\/edicion-2026\/","url":"https:\/\/www.jornadesperalexcellencia.cat\/es\/edicion-2026\/","name":"Los retos del agua. La gesti\u00f3n para un ma\u00f1ana sostenible","isPartOf":{"@id":"https:\/\/www.jornadesperalexcellencia.cat\/es\/#website"},"datePublished":"2026-04-20T09:21:40+00:00","dateModified":"2026-09-03T12:08:01+00:00","description":"La gesti\u00f3n sostenible del agua en el Pirineo es el tema de las 12 Jornadas para la excelencia. El Alto Pirineo y el Ar\u00e1n enfrentan grandes desaf\u00edos en la gesti\u00f3n sostenible del agua debido al cambio clim\u00e1tico, la presi\u00f3n tur\u00edstica y las demandas agr\u00edcolas y energ\u00e9ticas. Para garantizar la calidad y disponibilidad del agua, es necesaria una planificaci\u00f3n hidrol\u00f3gica integrada con la cooperaci\u00f3n de administraciones, agentes econ\u00f3micos y ciudadan\u00eda.","breadcrumb":{"@id":"https:\/\/www.jornadesperalexcellencia.cat\/es\/edicion-2026\/#breadcrumb"},"inLanguage":"es","potentialAction":[{"@type":"ReadAction","target":["https:\/\/www.jornadesperalexcellencia.cat\/es\/edicion-2026\/"]}]},{"@type":"BreadcrumbList","@id":"https:\/\/www.jornadesperalexcellencia.cat\/es\/edicion-2026\/#breadcrumb","itemListElement":[{"@type":"ListItem","position":1,"name":"Inici","item":"https:\/\/www.jornadesperalexcellencia.cat\/es\/inicio\/"},{"@type":"ListItem","position":2,"name":"Edici\u00f3n 2026"}]},{"@type":"WebSite","@id":"https:\/\/www.jornadesperalexcellencia.cat\/es\/#website","url":"https:\/\/www.jornadesperalexcellencia.cat\/es\/","name":"Jornades per a l&#039;excel\u00b7l\u00e8ncia","description":"Confer\u00e8ncies anuals per al progr\u00e9s i desenvolupament dels territoris del Pirineu. Esterri d&#039;\u00c0neu i Andorra.","alternateName":"Jornades per a l'excel\u00b7l\u00e8ncia","potentialAction":[{"@type":"SearchAction","target":{"@type":"EntryPoint","urlTemplate":"https:\/\/www.jornadesperalexcellencia.cat\/es\/?s={search_term_string}"},"query-input":{"@type":"PropertyValueSpecification","valueRequired":true,"valueName":"search_term_string"}}],"inLanguage":"es"}]}},"_links":{"self":[{"href":"https:\/\/www.jornadesperalexcellencia.cat\/es\/wp-json\/wp\/v2\/pages\/12366","targetHints":{"allow":["GET"]}}],"collection":[{"href":"https:\/\/www.jornadesperalexcellencia.cat\/es\/wp-json\/wp\/v2\/pages"}],"about":[{"href":"https:\/\/www.jornadesperalexcellencia.cat\/es\/wp-json\/wp\/v2\/types\/page"}],"author":[{"embeddable":true,"href":"https:\/\/www.jornadesperalexcellencia.cat\/es\/wp-json\/wp\/v2\/users\/1"}],"replies":[{"embeddable":true,"href":"https:\/\/www.jornadesperalexcellencia.cat\/es\/wp-json\/wp\/v2\/comments?post=12366"}],"version-history":[{"count":25,"href":"https:\/\/www.jornadesperalexcellencia.cat\/es\/wp-json\/wp\/v2\/pages\/12366\/revisions"}],"predecessor-version":[{"id":12787,"href":"https:\/\/www.jornadesperalexcellencia.cat\/es\/wp-json\/wp\/v2\/pages\/12366\/revisions\/12787"}],"wp:attachment":[{"href":"https:\/\/www.jornadesperalexcellencia.cat\/es\/wp-json\/wp\/v2\/media?parent=12366"}],"curies":[{"name":"wp","href":"https:\/\/api.w.org\/{rel}","templated":true}]}}