{"id":12203,"date":"2025-11-24T11:35:26","date_gmt":"2025-11-24T09:35:26","guid":{"rendered":"https:\/\/www.jornadesperalexcellencia.cat\/?page_id=12203"},"modified":"2025-12-11T20:08:06","modified_gmt":"2025-12-11T18:08:06","slug":"aiguavida-arte","status":"publish","type":"page","link":"https:\/\/www.jornadesperalexcellencia.cat\/es\/aiguavida-arte\/","title":{"rendered":"AiguaVida | Art Descal\u00e7 per la Terra"},"content":{"rendered":"<div class=\"qodef-row-grid-section-wrapper\"  ><div class=\"qodef-row-grid-section\"><div class=\"vc_row wpb_row vc_row-fluid vc_custom_1611140215249 vc_column-gap-20\" ><div class=\"wpb_column vc_column_container vc_col-sm-12\"><div class=\"vc_column-inner\"><div class=\"wpb_wrapper\"><div class=\"qodef-section-title-holder   qodef-st-title-left qodef-st-normal-space qodef-st-with-animation\" >\n\t<div class=\"qodef-st-inner\">\n\t\t\t\t\t\t\t\t\t<div class=\"qodef-st-text-wrapper\">\n\t\t\t\t<h5 class=\"qodef-st-text\" >\n\t\t\t\t\tDel 2 al 12 de octubre\t\t\t\t<\/h5>\n\t\t\t<\/div>\n\t\t\t<\/div>\n<\/div><div class=\"qodef-section-title-holder   qodef-st-title-left qodef-st-normal-space qodef-st-with-animation\" >\n\t<div class=\"qodef-st-inner\">\n\t\t\t\t\t<span class=\"qodef-st-tagline\" >\n\t\t\t\t2\u00aa Edici\u00f3n\t\t\t<\/span>\n\t\t\t\t\t\t\t<div class=\"qodef-st-title-wrapper\">\n\t\t\t\t<h2 class=\"qodef-st-title\" >\n\t\t\t\t\tAiguaVida\t\t\t\t<\/h2>\n\t\t\t<\/div>\n\t\t\t\t\t\t\t<div class=\"qodef-st-text-wrapper\">\n\t\t\t\t<h5 class=\"qodef-st-text\" >\n\t\t\t\t\tArt Descal\u00e7 per la Terra\t\t\t\t<\/h5>\n\t\t\t<\/div>\n\t\t\t<\/div>\n<\/div><div class=\"vc_empty_space\"   style=\"height: 50px\"><span class=\"vc_empty_space_inner\"><\/span><\/div><div class=\"vc_row wpb_row vc_inner vc_row-fluid\" ><div class=\"wpb_column vc_column_container vc_col-sm-12\"><div class=\"vc_column-inner\"><div class=\"wpb_wrapper\">\n\t<div class=\"wpb_text_column wpb_content_element\" >\n\t\t<div class=\"wpb_wrapper\">\n\t\t\t<h2 style=\"font-size: 18px;\"><img loading=\"lazy\" decoding=\"async\" class=\"wp-image-12144 size-medium alignleft\" style=\"padding: 20px;\" src=\"https:\/\/www.jornadesperalexcellencia.cat\/wp-content\/uploads\/2025\/11\/logo-aiguavida-art-descalc-per-la-terra-esterri-d-aneu.jpg\" alt=\"\" width=\"300\" height=\"300\" \/>Agua, Ecolog\u00eda Integral y Arte<\/h2>\n<p>El Agua es m\u00e1s, \u00a1mucho m\u00e1s!, que un recurso l\u00edquido a administrar.<\/p>\n<p>El Agua es uno de los dones m\u00e1s sagrados de la Madre Tierra, sin la cual la Vida no ser\u00eda posible.<br \/>\nVenimos del Agua y somos Agua; porque en ella se origin\u00f3 la Vida hace 3.800 millones de a\u00f1os, donde sigui\u00f3 evolucionando hasta originar todos los linajes de la Biosfera; porque nuestro cuerpo, como el de todos los seres vivientes, est\u00e1 constituido mayoritariamente por Agua.<\/p>\n<p>Es posible que alguna de las mol\u00e9culas H2O que hoy habita el mundo acuoso de nuestras c\u00e9lulas, en alg\u00fan otro momento de la historia del cosmos, llegara a la Tierra en el hielo de un meteorito, fluyera en el magma de un antiguo volc\u00e1n, fuera alenada con bramido de un dinosaurio, o desbordara el r\u00edo Nilo. Porque el agua nos une a todos con el Todo.<\/p>\n<p>Con su ciclo incesante, es tambi\u00e9n el sistema circulatorio del planeta vivo, que conecta Hidrosfera, Atm\u00f3sfera, Geosfera y Biosfera en un complejo equilibrio construido y reconstruido desde tiempos arcanos y hoy amenazado por la prepotencia y avaricia de nuestra especie.<\/p>\n<p>Afrontar nuestra relaci\u00f3n con el Agua desde la llamada Ecolog\u00eda Integral o Ecolog\u00eda Profunda significa hacerlo desde una nueva conciencia, individual y colectiva, que formamos parte de una comunidad viva impregnada de misterio, de la que venimos ya la que nos debemos. Y esto nos dispone a integrar arm\u00f3nicamente todas las dimensiones de nuestro ser hacia el cuidado de la vida y del bien com\u00fan. Se trata pues de vivir ecol\u00f3gicamente integrando, desde nuestra vivencia m\u00e1s profunda o espiritual, todas nuestras dimensiones y capacidades: el pensamiento racional como el de la ciencia y la tecnol\u00f3gica, la percepci\u00f3n est\u00e9tica y art\u00edstica de la realidad, el \u00e1mbito de las emociones y los afectos, la percepci\u00f3n som\u00e1tica y sensorial y hasta nuestra dimensi\u00f3n social que se expresa en los h\u00e1bitos de la vida cotidiana y las formas de organizaci\u00f3n colectivas.<\/p>\n<p><a href=\"https:\/\/www.jornadesperalexcellencia.cat\/wp-content\/uploads\/2025\/11\/cartel-aiguavida-art-descalc-per-la-terra-esterri-d-aneu.jpg\"><img loading=\"lazy\" decoding=\"async\" class=\"alignleft wp-image-12177 size-medium\" style=\"padding: 20px;\" src=\"https:\/\/www.jornadesperalexcellencia.cat\/wp-content\/uploads\/2025\/11\/cartel-aiguavida-art-descalc-per-la-terra-esterri-d-aneu-212x300.jpg\" alt=\"\" width=\"212\" height=\"300\" srcset=\"https:\/\/www.jornadesperalexcellencia.cat\/wp-content\/uploads\/2025\/11\/cartel-aiguavida-art-descalc-per-la-terra-esterri-d-aneu-212x300.jpg 212w, https:\/\/www.jornadesperalexcellencia.cat\/wp-content\/uploads\/2025\/11\/cartel-aiguavida-art-descalc-per-la-terra-esterri-d-aneu-724x1024.jpg 724w, https:\/\/www.jornadesperalexcellencia.cat\/wp-content\/uploads\/2025\/11\/cartel-aiguavida-art-descalc-per-la-terra-esterri-d-aneu-768x1086.jpg 768w, https:\/\/www.jornadesperalexcellencia.cat\/wp-content\/uploads\/2025\/11\/cartel-aiguavida-art-descalc-per-la-terra-esterri-d-aneu-1086x1536.jpg 1086w, https:\/\/www.jornadesperalexcellencia.cat\/wp-content\/uploads\/2025\/11\/cartel-aiguavida-art-descalc-per-la-terra-esterri-d-aneu-8x12.jpg 8w, https:\/\/www.jornadesperalexcellencia.cat\/wp-content\/uploads\/2025\/11\/cartel-aiguavida-art-descalc-per-la-terra-esterri-d-aneu-600x849.jpg 600w, https:\/\/www.jornadesperalexcellencia.cat\/wp-content\/uploads\/2025\/11\/cartel-aiguavida-art-descalc-per-la-terra-esterri-d-aneu.jpg 1414w\" sizes=\"auto, (max-width: 212px) 100vw, 212px\" \/><\/a>Solo as\u00ed podremos reencontrar nuestro verdadero sitio en el mundo y afrontar los grandes retos de la crisis ecol\u00f3gica global que nos depara, incluida la gesti\u00f3n del Agua.<\/p>\n<p>El Arte y el silencio contemplativo, pueden abrir la puerta a esta experiencia integral y transformadora. Desde Arte descalzo por la Tierra, un proyecto de la asociaci\u00f3n Just\u00edcia i Pau liderado por una veintena de artistas, queremos aportar nuestro grano de arena.<\/p>\n<p>El hecho de que esta 2a edici\u00f3n de Arte descalzo est\u00e9 centrada en el Agua nos ha llevado a ofrecer nuestra participaci\u00f3n en las Jornadas por la Excelencia 2025 y agradecemos profundamente la acogida que se nos ha dado.<\/p>\n\n\t\t<\/div>\n\t<\/div>\n\n\t<div class=\"wpb_text_column wpb_content_element\" >\n\t\t<div class=\"wpb_wrapper\">\n\t\t\t<h5>#AguaEcolog\u00edaIntegralArte \ud83d\udca7\ud83c\udf0e<\/h5>\n\n\t\t<\/div>\n\t<\/div>\n<\/div><\/div><\/div><\/div><\/div><\/div><\/div><\/div><\/div><\/div><div class=\"vc_row wpb_row vc_row-fluid\" ><div class=\"wpb_column vc_column_container vc_col-sm-6\"><div class=\"vc_column-inner\"><div class=\"wpb_wrapper\">\n\t<div class=\"wpb_text_column wpb_content_element\" >\n\t\t<div class=\"wpb_wrapper\">\n\t\t\t<p><strong>INAUGURACI\u00d3N DE LA EXPOSICI\u00d3N AiguaVida CON UN MANDALA COLECTIVO<\/strong><br \/>\n2 de octubre en el Batedor de Casa Gasia<\/p>\n\n\t\t<\/div>\n\t<\/div>\n<div class=\"vc_empty_space\"   style=\"height: 10px\"><span class=\"vc_empty_space_inner\"><\/span><\/div>\n\t<div  class=\"wpb_single_image wpb_content_element vc_align_left\">\n\t\t\n\t\t<figure class=\"wpb_wrapper vc_figure\">\n\t\t\t<a href=\"https:\/\/photos.app.goo.gl\/5j2Rs54nR2x6nuBx9\" target=\"_blank\" class=\"vc_single_image-wrapper   vc_box_border_grey\"><img loading=\"lazy\" decoding=\"async\" width=\"1450\" height=\"655\" src=\"https:\/\/www.jornadesperalexcellencia.cat\/wp-content\/uploads\/2025\/11\/inauguracio-de-lexposicio-aiguavida-amb-un-mandala-collectiu.jpg\" class=\"vc_single_image-img attachment-full\" alt=\"\" srcset=\"https:\/\/www.jornadesperalexcellencia.cat\/wp-content\/uploads\/2025\/11\/inauguracio-de-lexposicio-aiguavida-amb-un-mandala-collectiu.jpg 1450w, https:\/\/www.jornadesperalexcellencia.cat\/wp-content\/uploads\/2025\/11\/inauguracio-de-lexposicio-aiguavida-amb-un-mandala-collectiu-300x136.jpg 300w, https:\/\/www.jornadesperalexcellencia.cat\/wp-content\/uploads\/2025\/11\/inauguracio-de-lexposicio-aiguavida-amb-un-mandala-collectiu-1024x463.jpg 1024w, https:\/\/www.jornadesperalexcellencia.cat\/wp-content\/uploads\/2025\/11\/inauguracio-de-lexposicio-aiguavida-amb-un-mandala-collectiu-768x347.jpg 768w, https:\/\/www.jornadesperalexcellencia.cat\/wp-content\/uploads\/2025\/11\/inauguracio-de-lexposicio-aiguavida-amb-un-mandala-collectiu-18x8.jpg 18w, https:\/\/www.jornadesperalexcellencia.cat\/wp-content\/uploads\/2025\/11\/inauguracio-de-lexposicio-aiguavida-amb-un-mandala-collectiu-600x271.jpg 600w\" sizes=\"auto, (max-width: 1450px) 100vw, 1450px\" \/><\/a>\n\t\t<\/figure>\n\t<\/div>\n<div class=\"vc_empty_space\"   style=\"height: 30px\"><span class=\"vc_empty_space_inner\"><\/span><\/div><\/div><\/div><\/div><div class=\"wpb_column vc_column_container vc_col-sm-6\"><div class=\"vc_column-inner\"><div class=\"wpb_wrapper\">\n\t<div class=\"wpb_text_column wpb_content_element\" >\n\t\t<div class=\"wpb_wrapper\">\n\t\t\t<p><strong>EXPOSICI\u00d3N DE ARTE DESCALZO POR LA TIERRA AiguaVida<\/strong><br \/>\nDel 2 al 16 de octubre en la cuadra de Casa Carma<\/p>\n\n\t\t<\/div>\n\t<\/div>\n<div class=\"vc_empty_space\"   style=\"height: 10px\"><span class=\"vc_empty_space_inner\"><\/span><\/div>\n\t<div  class=\"wpb_single_image wpb_content_element vc_align_left\">\n\t\t\n\t\t<figure class=\"wpb_wrapper vc_figure\">\n\t\t\t<a href=\"https:\/\/photos.app.goo.gl\/1c4pUgV2efCCnzCX6\" target=\"_blank\" class=\"vc_single_image-wrapper   vc_box_border_grey\"><img loading=\"lazy\" decoding=\"async\" width=\"900\" height=\"438\" src=\"https:\/\/www.jornadesperalexcellencia.cat\/wp-content\/uploads\/2025\/12\/Exposicio-AiguaVida-EsterridAneu.jpg\" class=\"vc_single_image-img attachment-full\" alt=\"\" srcset=\"https:\/\/www.jornadesperalexcellencia.cat\/wp-content\/uploads\/2025\/12\/Exposicio-AiguaVida-EsterridAneu.jpg 900w, https:\/\/www.jornadesperalexcellencia.cat\/wp-content\/uploads\/2025\/12\/Exposicio-AiguaVida-EsterridAneu-300x146.jpg 300w, https:\/\/www.jornadesperalexcellencia.cat\/wp-content\/uploads\/2025\/12\/Exposicio-AiguaVida-EsterridAneu-768x374.jpg 768w, https:\/\/www.jornadesperalexcellencia.cat\/wp-content\/uploads\/2025\/12\/Exposicio-AiguaVida-EsterridAneu-18x9.jpg 18w, https:\/\/www.jornadesperalexcellencia.cat\/wp-content\/uploads\/2025\/12\/Exposicio-AiguaVida-EsterridAneu-600x292.jpg 600w\" sizes=\"auto, (max-width: 900px) 100vw, 900px\" \/><\/a>\n\t\t<\/figure>\n\t<\/div>\n<div class=\"vc_empty_space\"   style=\"height: 30px\"><span class=\"vc_empty_space_inner\"><\/span><\/div><\/div><\/div><\/div><\/div><div class=\"vc_row wpb_row vc_row-fluid\" ><div class=\"wpb_column vc_column_container vc_col-sm-6\"><div class=\"vc_column-inner\"><div class=\"wpb_wrapper\">\n\t<div class=\"wpb_text_column wpb_content_element\" >\n\t\t<div class=\"wpb_wrapper\">\n\t\t\t<p><strong>TALLER AiguaVida CON LOS J\u00d3VENES DE 1\u00ba ESO DEL INSTITUTO MORELL\u00d3<\/strong><br \/>\n3 de octubre por la ma\u00f1ana, en el Passeig del Riu<\/p>\n\n\t\t<\/div>\n\t<\/div>\n<div class=\"vc_empty_space\"   style=\"height: 10px\"><span class=\"vc_empty_space_inner\"><\/span><\/div>\n\t<div  class=\"wpb_single_image wpb_content_element vc_align_left\">\n\t\t\n\t\t<figure class=\"wpb_wrapper vc_figure\">\n\t\t\t<a href=\"https:\/\/photos.app.goo.gl\/yffGMoNQGd9tefJH8\" target=\"_blank\" class=\"vc_single_image-wrapper   vc_box_border_grey\"><img loading=\"lazy\" decoding=\"async\" width=\"900\" height=\"568\" src=\"https:\/\/www.jornadesperalexcellencia.cat\/wp-content\/uploads\/2025\/12\/Exposicio-AiguaVida-Institut-Morello.jpg\" class=\"vc_single_image-img attachment-full\" alt=\"\" srcset=\"https:\/\/www.jornadesperalexcellencia.cat\/wp-content\/uploads\/2025\/12\/Exposicio-AiguaVida-Institut-Morello.jpg 900w, https:\/\/www.jornadesperalexcellencia.cat\/wp-content\/uploads\/2025\/12\/Exposicio-AiguaVida-Institut-Morello-300x189.jpg 300w, https:\/\/www.jornadesperalexcellencia.cat\/wp-content\/uploads\/2025\/12\/Exposicio-AiguaVida-Institut-Morello-768x485.jpg 768w, https:\/\/www.jornadesperalexcellencia.cat\/wp-content\/uploads\/2025\/12\/Exposicio-AiguaVida-Institut-Morello-18x12.jpg 18w, https:\/\/www.jornadesperalexcellencia.cat\/wp-content\/uploads\/2025\/12\/Exposicio-AiguaVida-Institut-Morello-600x379.jpg 600w\" sizes=\"auto, (max-width: 900px) 100vw, 900px\" \/><\/a>\n\t\t<\/figure>\n\t<\/div>\n<div class=\"vc_empty_space\"   style=\"height: 30px\"><span class=\"vc_empty_space_inner\"><\/span><\/div><\/div><\/div><\/div><div class=\"wpb_column vc_column_container vc_col-sm-6\"><div class=\"vc_column-inner\"><div class=\"wpb_wrapper\">\n\t<div class=\"wpb_text_column wpb_content_element\" >\n\t\t<div class=\"wpb_wrapper\">\n\t\t\t<p><strong>TALLER AiguaVida CON LOS ALUMNOS DE 2\u00ba EP DE LA ESCUELA LA CLOSA<\/strong><br \/>\n3 de octubre por la tarde, en el Passeig del Riu<\/p>\n\n\t\t<\/div>\n\t<\/div>\n<div class=\"vc_empty_space\"   style=\"height: 10px\"><span class=\"vc_empty_space_inner\"><\/span><\/div>\n\t<div  class=\"wpb_single_image wpb_content_element vc_align_left\">\n\t\t\n\t\t<figure class=\"wpb_wrapper vc_figure\">\n\t\t\t<a href=\"https:\/\/photos.app.goo.gl\/MhujiUXHfXL8zzwx7\" target=\"_blank\" class=\"vc_single_image-wrapper   vc_box_border_grey\"><img loading=\"lazy\" decoding=\"async\" width=\"900\" height=\"373\" src=\"https:\/\/www.jornadesperalexcellencia.cat\/wp-content\/uploads\/2025\/12\/Exposicio-AiguaVida-Escola-La-Closa.jpg\" class=\"vc_single_image-img attachment-full\" alt=\"\" srcset=\"https:\/\/www.jornadesperalexcellencia.cat\/wp-content\/uploads\/2025\/12\/Exposicio-AiguaVida-Escola-La-Closa.jpg 900w, https:\/\/www.jornadesperalexcellencia.cat\/wp-content\/uploads\/2025\/12\/Exposicio-AiguaVida-Escola-La-Closa-300x124.jpg 300w, https:\/\/www.jornadesperalexcellencia.cat\/wp-content\/uploads\/2025\/12\/Exposicio-AiguaVida-Escola-La-Closa-768x318.jpg 768w, https:\/\/www.jornadesperalexcellencia.cat\/wp-content\/uploads\/2025\/12\/Exposicio-AiguaVida-Escola-La-Closa-18x7.jpg 18w, https:\/\/www.jornadesperalexcellencia.cat\/wp-content\/uploads\/2025\/12\/Exposicio-AiguaVida-Escola-La-Closa-600x249.jpg 600w\" sizes=\"auto, (max-width: 900px) 100vw, 900px\" \/><\/a>\n\t\t<\/figure>\n\t<\/div>\n<div class=\"vc_empty_space\"   style=\"height: 30px\"><span class=\"vc_empty_space_inner\"><\/span><\/div><\/div><\/div><\/div><\/div><div class=\"vc_row wpb_row vc_row-fluid\" ><div class=\"wpb_column vc_column_container vc_col-sm-12\"><div class=\"vc_column-inner\"><div class=\"wpb_wrapper\"><div class=\"vc_empty_space\"   style=\"height: 100px\"><span class=\"vc_empty_space_inner\"><\/span><\/div>\n\t<div class=\"wpb_text_column wpb_content_element\" >\n\t\t<div class=\"wpb_wrapper\">\n\t\t\t<h4>ENTREVISTA A LOS ARTISTAS Y COLABORADORES DE ARTE DESCALZO POR LA TIERRA<\/h4>\n\n\t\t<\/div>\n\t<\/div>\n<div class=\"vc_empty_space\"   style=\"height: 10px\"><span class=\"vc_empty_space_inner\"><\/span><\/div><div class=\"vc_row wpb_row vc_inner vc_row-fluid\" ><div class=\"wpb_column vc_column_container vc_col-sm-6\"><div class=\"vc_column-inner\"><div class=\"wpb_wrapper\">\n\t<div class=\"wpb_text_column wpb_content_element\" >\n\t\t<div class=\"wpb_wrapper\">\n\t\t\t<p><strong>Roser Boch: artista y coordinadora del proyecto<\/strong><br \/>\nComparte su mirada sobre la gesti\u00f3n sostenible del agua.<\/p>\n\n\t\t<\/div>\n\t<\/div>\n<div class=\"vc_empty_space\"   style=\"height: 10px\"><span class=\"vc_empty_space_inner\"><\/span><\/div>\n\t<div class=\"wpb_video_widget wpb_content_element vc_clearfix   vc_video-aspect-ratio-169 vc_video-el-width-100 vc_video-align-left\" >\n\t\t<div class=\"wpb_wrapper\">\n\t\t\t\n\t\t\t<div class=\"wpb_video_wrapper\"><iframe loading=\"lazy\" title=\"Roser Bosch, bi\u00f2loga i artista comparteix la seva mirada sobre la gesti\u00f3 sostenible de l\u2019aigua \ud83d\udca6\" width=\"563\" height=\"1000\" src=\"https:\/\/www.youtube.com\/embed\/ENA69u_j4OU?feature=oembed\" frameborder=\"0\" allow=\"accelerometer; autoplay; clipboard-write; encrypted-media; gyroscope; picture-in-picture; web-share\" referrerpolicy=\"strict-origin-when-cross-origin\" allowfullscreen><\/iframe><\/div>\n\t\t<\/div>\n\t<\/div>\n<div class=\"vc_empty_space\"   style=\"height: 10px\"><span class=\"vc_empty_space_inner\"><\/span><\/div>\n\t<div class=\"wpb_video_widget wpb_content_element vc_clearfix   vc_video-aspect-ratio-169 vc_video-el-width-100 vc_video-align-left\" >\n\t\t<div class=\"wpb_wrapper\">\n\t\t\t\n\t\t\t<div class=\"wpb_video_wrapper\"><iframe loading=\"lazy\" title=\"Aigua i art a les Jornades per a l\u2019Excel\u00b7l\u00e8ncia\" width=\"563\" height=\"1000\" src=\"https:\/\/www.youtube.com\/embed\/KMlrJ7PUhgg?feature=oembed\" frameborder=\"0\" allow=\"accelerometer; autoplay; clipboard-write; encrypted-media; gyroscope; picture-in-picture; web-share\" referrerpolicy=\"strict-origin-when-cross-origin\" allowfullscreen><\/iframe><\/div>\n\t\t<\/div>\n\t<\/div>\n<div class=\"vc_empty_space\"   style=\"height: 10px\"><span class=\"vc_empty_space_inner\"><\/span><\/div><\/div><\/div><\/div><div class=\"wpb_column vc_column_container vc_col-sm-6\"><div class=\"vc_column-inner\"><div class=\"wpb_wrapper\">\n\t<div class=\"wpb_text_column wpb_content_element\" >\n\t\t<div class=\"wpb_wrapper\">\n\t\t\t<p><strong>Entrevista para el programa especial de TV Lleida<\/strong><br \/>\n(Entre el minuto 43.30 y el 49)<\/p>\n\n\t\t<\/div>\n\t<\/div>\n<div class=\"vc_empty_space\"   style=\"height: 10px\"><span class=\"vc_empty_space_inner\"><\/span><\/div>\n\t<div  class=\"wpb_single_image wpb_content_element vc_align_left\">\n\t\t\n\t\t<figure class=\"wpb_wrapper vc_figure\">\n\t\t\t<a href=\"https:\/\/ott.instantvideocloud.net\/lleidatv\/ca\/pv\/cb635841-010a-a728-0bef-a533a3a5a16d\" target=\"_blank\" class=\"vc_single_image-wrapper   vc_box_border_grey\"><img loading=\"lazy\" decoding=\"async\" width=\"1024\" height=\"590\" src=\"https:\/\/www.jornadesperalexcellencia.cat\/wp-content\/uploads\/2025\/11\/entrevista-rosa-boch-aiguavida-art-descalc-per-la-terra-esterri-d-aneu-1024x590.jpg\" class=\"vc_single_image-img attachment-large\" alt=\"\" srcset=\"https:\/\/www.jornadesperalexcellencia.cat\/wp-content\/uploads\/2025\/11\/entrevista-rosa-boch-aiguavida-art-descalc-per-la-terra-esterri-d-aneu-1024x590.jpg 1024w, https:\/\/www.jornadesperalexcellencia.cat\/wp-content\/uploads\/2025\/11\/entrevista-rosa-boch-aiguavida-art-descalc-per-la-terra-esterri-d-aneu-300x173.jpg 300w, https:\/\/www.jornadesperalexcellencia.cat\/wp-content\/uploads\/2025\/11\/entrevista-rosa-boch-aiguavida-art-descalc-per-la-terra-esterri-d-aneu-768x442.jpg 768w, https:\/\/www.jornadesperalexcellencia.cat\/wp-content\/uploads\/2025\/11\/entrevista-rosa-boch-aiguavida-art-descalc-per-la-terra-esterri-d-aneu-18x10.jpg 18w, https:\/\/www.jornadesperalexcellencia.cat\/wp-content\/uploads\/2025\/11\/entrevista-rosa-boch-aiguavida-art-descalc-per-la-terra-esterri-d-aneu-600x346.jpg 600w, https:\/\/www.jornadesperalexcellencia.cat\/wp-content\/uploads\/2025\/11\/entrevista-rosa-boch-aiguavida-art-descalc-per-la-terra-esterri-d-aneu.jpg 1425w\" sizes=\"auto, (max-width: 1024px) 100vw, 1024px\" \/><\/a>\n\t\t<\/figure>\n\t<\/div>\n<div class=\"vc_empty_space\"   style=\"height: 10px\"><span class=\"vc_empty_space_inner\"><\/span><\/div><\/div><\/div><\/div><\/div><\/div><\/div><\/div><\/div><div class=\"vc_row wpb_row vc_row-fluid\" ><div class=\"wpb_column vc_column_container vc_col-sm-12\"><div class=\"vc_column-inner\"><div class=\"wpb_wrapper\"><div class=\"vc_empty_space\"   style=\"height: 80px\"><span class=\"vc_empty_space_inner\"><\/span><\/div><\/div><\/div><\/div><\/div>","protected":false},"excerpt":{"rendered":"Del 2 al 12 de octubre 2\u00aa Edici\u00f3n AiguaVida Art Descal\u00e7 per la Terra Agua, Ecolog\u00eda Integral y Arte El Agua es m\u00e1s, \u00a1mucho m\u00e1s!, que un recurso l\u00edquido a administrar. El Agua es uno de los dones m\u00e1s sagrados de la Madre Tierra, sin la cual la Vida no ser\u00eda posible. Venimos del Agua y somos Agua; porque en ella se origin\u00f3 la Vida hace 3.800 millones de a\u00f1os, donde sigui\u00f3 evolucionando hasta originar todos los linajes de la [...]","protected":false},"author":1,"featured_media":0,"parent":0,"menu_order":0,"comment_status":"closed","ping_status":"closed","template":"","meta":{"footnotes":""},"class_list":["post-12203","page","type-page","status-publish","hentry"],"yoast_head":"<!-- This site is optimized with the Yoast SEO plugin v27.5 - https:\/\/yoast.com\/product\/yoast-seo-wordpress\/ -->\n<title>AiguaVida | Art Descal\u00e7 per la Terra - Jornades per a l&#039;excel\u00b7l\u00e8ncia<\/title>\n<meta name=\"robots\" content=\"index, follow, max-snippet:-1, max-image-preview:large, max-video-preview:-1\" \/>\n<link rel=\"canonical\" href=\"https:\/\/www.jornadesperalexcellencia.cat\/es\/aiguavida-arte\/\" \/>\n<meta property=\"og:locale\" content=\"es_ES\" \/>\n<meta property=\"og:type\" content=\"article\" \/>\n<meta property=\"og:title\" content=\"AiguaVida | Art Descal\u00e7 per la Terra - Jornades per a l&#039;excel\u00b7l\u00e8ncia\" \/>\n<meta property=\"og:url\" content=\"https:\/\/www.jornadesperalexcellencia.cat\/es\/aiguavida-arte\/\" \/>\n<meta property=\"og:site_name\" content=\"Jornades per a l&#039;excel\u00b7l\u00e8ncia\" \/>\n<meta property=\"article:modified_time\" content=\"2025-12-11T18:08:06+00:00\" \/>\n<meta name=\"twitter:card\" content=\"summary_large_image\" \/>\n<meta name=\"twitter:label1\" content=\"Tiempo de lectura\" \/>\n\t<meta name=\"twitter:data1\" content=\"5 minutos\" \/>\n<script type=\"application\/ld+json\" class=\"yoast-schema-graph\">{\"@context\":\"https:\\\/\\\/schema.org\",\"@graph\":[{\"@type\":\"WebPage\",\"@id\":\"https:\\\/\\\/www.jornadesperalexcellencia.cat\\\/es\\\/aiguavida-arte\\\/\",\"url\":\"https:\\\/\\\/www.jornadesperalexcellencia.cat\\\/es\\\/aiguavida-arte\\\/\",\"name\":\"AiguaVida | Art Descal\u00e7 per la Terra - Jornades per a l&#039;excel\u00b7l\u00e8ncia\",\"isPartOf\":{\"@id\":\"https:\\\/\\\/www.jornadesperalexcellencia.cat\\\/es\\\/#website\"},\"primaryImageOfPage\":{\"@id\":\"https:\\\/\\\/www.jornadesperalexcellencia.cat\\\/es\\\/aiguavida-arte\\\/#primaryimage\"},\"image\":{\"@id\":\"https:\\\/\\\/www.jornadesperalexcellencia.cat\\\/es\\\/aiguavida-arte\\\/#primaryimage\"},\"thumbnailUrl\":\"https:\\\/\\\/www.jornadesperalexcellencia.cat\\\/wp-content\\\/uploads\\\/2025\\\/11\\\/logo-aiguavida-art-descalc-per-la-terra-esterri-d-aneu.jpg\",\"datePublished\":\"2025-11-24T09:35:26+00:00\",\"dateModified\":\"2025-12-11T18:08:06+00:00\",\"breadcrumb\":{\"@id\":\"https:\\\/\\\/www.jornadesperalexcellencia.cat\\\/es\\\/aiguavida-arte\\\/#breadcrumb\"},\"inLanguage\":\"es\",\"potentialAction\":[{\"@type\":\"ReadAction\",\"target\":[\"https:\\\/\\\/www.jornadesperalexcellencia.cat\\\/es\\\/aiguavida-arte\\\/\"]}]},{\"@type\":\"ImageObject\",\"inLanguage\":\"es\",\"@id\":\"https:\\\/\\\/www.jornadesperalexcellencia.cat\\\/es\\\/aiguavida-arte\\\/#primaryimage\",\"url\":\"https:\\\/\\\/www.jornadesperalexcellencia.cat\\\/wp-content\\\/uploads\\\/2025\\\/11\\\/logo-aiguavida-art-descalc-per-la-terra-esterri-d-aneu.jpg\",\"contentUrl\":\"https:\\\/\\\/www.jornadesperalexcellencia.cat\\\/wp-content\\\/uploads\\\/2025\\\/11\\\/logo-aiguavida-art-descalc-per-la-terra-esterri-d-aneu.jpg\"},{\"@type\":\"BreadcrumbList\",\"@id\":\"https:\\\/\\\/www.jornadesperalexcellencia.cat\\\/es\\\/aiguavida-arte\\\/#breadcrumb\",\"itemListElement\":[{\"@type\":\"ListItem\",\"position\":1,\"name\":\"Inici\",\"item\":\"https:\\\/\\\/www.jornadesperalexcellencia.cat\\\/es\\\/inicio\\\/\"},{\"@type\":\"ListItem\",\"position\":2,\"name\":\"AiguaVida | Art Descal\u00e7 per la Terra\"}]},{\"@type\":\"WebSite\",\"@id\":\"https:\\\/\\\/www.jornadesperalexcellencia.cat\\\/es\\\/#website\",\"url\":\"https:\\\/\\\/www.jornadesperalexcellencia.cat\\\/es\\\/\",\"name\":\"Jornades per a l&#039;excel\u00b7l\u00e8ncia\",\"description\":\"Confer\u00e8ncies anuals per al progr\u00e9s i desenvolupament dels territoris del Pirineu. Esterri d&#039;\u00c0neu i Andorra.\",\"alternateName\":\"Jornades per a l'excel\u00b7l\u00e8ncia\",\"potentialAction\":[{\"@type\":\"SearchAction\",\"target\":{\"@type\":\"EntryPoint\",\"urlTemplate\":\"https:\\\/\\\/www.jornadesperalexcellencia.cat\\\/es\\\/?s={search_term_string}\"},\"query-input\":{\"@type\":\"PropertyValueSpecification\",\"valueRequired\":true,\"valueName\":\"search_term_string\"}}],\"inLanguage\":\"es\"}]}<\/script>\n<!-- \/ Yoast SEO plugin. -->","yoast_head_json":{"title":"AiguaVida | Art Descal\u00e7 per la Terra - Jornades per a l&#039;excel\u00b7l\u00e8ncia","robots":{"index":"index","follow":"follow","max-snippet":"max-snippet:-1","max-image-preview":"max-image-preview:large","max-video-preview":"max-video-preview:-1"},"canonical":"https:\/\/www.jornadesperalexcellencia.cat\/es\/aiguavida-arte\/","og_locale":"es_ES","og_type":"article","og_title":"AiguaVida | Art Descal\u00e7 per la Terra - Jornades per a l&#039;excel\u00b7l\u00e8ncia","og_url":"https:\/\/www.jornadesperalexcellencia.cat\/es\/aiguavida-arte\/","og_site_name":"Jornades per a l&#039;excel\u00b7l\u00e8ncia","article_modified_time":"2025-12-11T18:08:06+00:00","twitter_card":"summary_large_image","twitter_misc":{"Tiempo de lectura":"5 minutos"},"schema":{"@context":"https:\/\/schema.org","@graph":[{"@type":"WebPage","@id":"https:\/\/www.jornadesperalexcellencia.cat\/es\/aiguavida-arte\/","url":"https:\/\/www.jornadesperalexcellencia.cat\/es\/aiguavida-arte\/","name":"AiguaVida | Art Descal\u00e7 per la Terra - Jornades per a l&#039;excel\u00b7l\u00e8ncia","isPartOf":{"@id":"https:\/\/www.jornadesperalexcellencia.cat\/es\/#website"},"primaryImageOfPage":{"@id":"https:\/\/www.jornadesperalexcellencia.cat\/es\/aiguavida-arte\/#primaryimage"},"image":{"@id":"https:\/\/www.jornadesperalexcellencia.cat\/es\/aiguavida-arte\/#primaryimage"},"thumbnailUrl":"https:\/\/www.jornadesperalexcellencia.cat\/wp-content\/uploads\/2025\/11\/logo-aiguavida-art-descalc-per-la-terra-esterri-d-aneu.jpg","datePublished":"2025-11-24T09:35:26+00:00","dateModified":"2025-12-11T18:08:06+00:00","breadcrumb":{"@id":"https:\/\/www.jornadesperalexcellencia.cat\/es\/aiguavida-arte\/#breadcrumb"},"inLanguage":"es","potentialAction":[{"@type":"ReadAction","target":["https:\/\/www.jornadesperalexcellencia.cat\/es\/aiguavida-arte\/"]}]},{"@type":"ImageObject","inLanguage":"es","@id":"https:\/\/www.jornadesperalexcellencia.cat\/es\/aiguavida-arte\/#primaryimage","url":"https:\/\/www.jornadesperalexcellencia.cat\/wp-content\/uploads\/2025\/11\/logo-aiguavida-art-descalc-per-la-terra-esterri-d-aneu.jpg","contentUrl":"https:\/\/www.jornadesperalexcellencia.cat\/wp-content\/uploads\/2025\/11\/logo-aiguavida-art-descalc-per-la-terra-esterri-d-aneu.jpg"},{"@type":"BreadcrumbList","@id":"https:\/\/www.jornadesperalexcellencia.cat\/es\/aiguavida-arte\/#breadcrumb","itemListElement":[{"@type":"ListItem","position":1,"name":"Inici","item":"https:\/\/www.jornadesperalexcellencia.cat\/es\/inicio\/"},{"@type":"ListItem","position":2,"name":"AiguaVida | Art Descal\u00e7 per la Terra"}]},{"@type":"WebSite","@id":"https:\/\/www.jornadesperalexcellencia.cat\/es\/#website","url":"https:\/\/www.jornadesperalexcellencia.cat\/es\/","name":"Jornades per a l&#039;excel\u00b7l\u00e8ncia","description":"Confer\u00e8ncies anuals per al progr\u00e9s i desenvolupament dels territoris del Pirineu. Esterri d&#039;\u00c0neu i Andorra.","alternateName":"Jornades per a l'excel\u00b7l\u00e8ncia","potentialAction":[{"@type":"SearchAction","target":{"@type":"EntryPoint","urlTemplate":"https:\/\/www.jornadesperalexcellencia.cat\/es\/?s={search_term_string}"},"query-input":{"@type":"PropertyValueSpecification","valueRequired":true,"valueName":"search_term_string"}}],"inLanguage":"es"}]}},"_links":{"self":[{"href":"https:\/\/www.jornadesperalexcellencia.cat\/es\/wp-json\/wp\/v2\/pages\/12203","targetHints":{"allow":["GET"]}}],"collection":[{"href":"https:\/\/www.jornadesperalexcellencia.cat\/es\/wp-json\/wp\/v2\/pages"}],"about":[{"href":"https:\/\/www.jornadesperalexcellencia.cat\/es\/wp-json\/wp\/v2\/types\/page"}],"author":[{"embeddable":true,"href":"https:\/\/www.jornadesperalexcellencia.cat\/es\/wp-json\/wp\/v2\/users\/1"}],"replies":[{"embeddable":true,"href":"https:\/\/www.jornadesperalexcellencia.cat\/es\/wp-json\/wp\/v2\/comments?post=12203"}],"version-history":[{"count":13,"href":"https:\/\/www.jornadesperalexcellencia.cat\/es\/wp-json\/wp\/v2\/pages\/12203\/revisions"}],"predecessor-version":[{"id":12224,"href":"https:\/\/www.jornadesperalexcellencia.cat\/es\/wp-json\/wp\/v2\/pages\/12203\/revisions\/12224"}],"wp:attachment":[{"href":"https:\/\/www.jornadesperalexcellencia.cat\/es\/wp-json\/wp\/v2\/media?parent=12203"}],"curies":[{"name":"wp","href":"https:\/\/api.w.org\/{rel}","templated":true}]}}