{"id":10713,"date":"2024-11-15T10:43:54","date_gmt":"2024-11-15T08:43:54","guid":{"rendered":"https:\/\/www.jornadesperalexcellencia.cat\/?page_id=10713"},"modified":"2025-09-16T10:21:29","modified_gmt":"2025-09-16T08:21:29","slug":"prensa-2024","status":"publish","type":"page","link":"https:\/\/www.jornadesperalexcellencia.cat\/es\/prensa-2024\/","title":{"rendered":"Prensa 2024"},"content":{"rendered":"<div class=\"vc_row wpb_row vc_row-fluid\" ><div class=\"wpb_column vc_column_container vc_col-sm-12\"><div class=\"vc_column-inner\"><div class=\"wpb_wrapper\">\n\t\t\t<!-- START VideoPrensa2020 REVOLUTION SLIDER 6.2.23 --><p class=\"rs-p-wp-fix\"><\/p>\n\t\t\t<rs-module-wrap id=\"rev_slider_16_1_wrapper\" data-source=\"gallery\" style=\"background:transparent;padding:0;margin:0px auto;margin-top:0;margin-bottom:0;\">\n\t\t\t\t<rs-module id=\"rev_slider_16_1\" style=\"\" data-version=\"6.2.23\">\n\t\t\t\t\t<rs-slides>\n\t\t\t\t\t\t<rs-slide data-key=\"rs-21\" data-title=\"Slide\" data-anim=\"ei:d;eo:d;s:1000;r:0;t:fade;sl:0;\">\n\t\t\t\t\t\t\t<img decoding=\"async\" src=\"\/\/www.jornadesperalexcellencia.cat\/wp-content\/plugins\/revslider\/public\/assets\/assets\/transparent.png\" title=\"Prensa 2024\" class=\"rev-slidebg\" data-no-retina>\n\t\t\t\t\t\t\t<rs-bgvideo \n\t\t\t\t\t\t\t\tdata-video=\"vc:none;w:100%;h:100%;nse:false;l:true;ptimer:false;\"\n\t\t\t\t\t\t\t\tdata-ytid=\"-VKIw7b1vD0\"\n\t\t\t\t\t\t\t\tdata-vatr=\"version=3&amp;enablejsapi=1&amp;html5=1&amp;hd=1&amp;wmode=opaque&amp;showinfo=0&amp;rel=0&amp;origin=https:\/\/www.jornadesperalexcellencia.cat;\"\n\t\t\t\t\t\t\t><\/rs-bgvideo>\n<!---->\t\t\t\t\t\t<\/rs-slide>\n\t\t\t\t\t<\/rs-slides>\n\t\t\t\t<\/rs-module>\n\t\t\t\t<script type=\"text\/javascript\">\n\t\t\t\t\tsetREVStartSize({c: 'rev_slider_16_1',rl:[1240,1024,778,480],el:[500],gw:[1240],gh:[500],type:'hero',justify:'',layout:'fullwidth',mh:\"0\"});\n\t\t\t\t\tvar\trevapi16,\n\t\t\t\t\t\ttpj;\n\t\t\t\t\tfunction revinit_revslider161() {\n\t\t\t\t\tjQuery(function() {\n\t\t\t\t\t\ttpj = jQuery;\n\t\t\t\t\t\trevapi16 = tpj(\"#rev_slider_16_1\");\n\t\t\t\t\t\tif(revapi16==undefined || revapi16.revolution == undefined){\n\t\t\t\t\t\t\trevslider_showDoubleJqueryError(\"rev_slider_16_1\");\n\t\t\t\t\t\t}else{\n\t\t\t\t\t\t\trevapi16.revolution({\n\t\t\t\t\t\t\t\tsliderType:\"hero\",\n\t\t\t\t\t\t\t\tsliderLayout:\"fullwidth\",\n\t\t\t\t\t\t\t\tvisibilityLevels:\"1240,1024,778,480\",\n\t\t\t\t\t\t\t\tgridwidth:1240,\n\t\t\t\t\t\t\t\tgridheight:500,\n\t\t\t\t\t\t\t\tspinner:\"spinner0\",\n\t\t\t\t\t\t\t\tperspective:600,\n\t\t\t\t\t\t\t\tperspectiveType:\"global\",\n\t\t\t\t\t\t\t\teditorheight:\"500,768,960,720\",\n\t\t\t\t\t\t\t\tresponsiveLevels:\"1240,1024,778,480\",\n\t\t\t\t\t\t\t\tprogressBar:{disableProgressBar:true},\n\t\t\t\t\t\t\t\tnavigation: {\n\t\t\t\t\t\t\t\t\tonHoverStop:false\n\t\t\t\t\t\t\t\t},\n\t\t\t\t\t\t\t\tfallbacks: {\n\t\t\t\t\t\t\t\t\tallowHTML5AutoPlayOnAndroid:true\n\t\t\t\t\t\t\t\t},\n\t\t\t\t\t\t\t});\n\t\t\t\t\t\t}\n\t\t\t\t\t\t\n\t\t\t\t\t});\n\t\t\t\t\t} \/\/ End of RevInitScript\n\t\t\t\tvar once_revslider161 = false;\n\t\t\t\tif (document.readyState === \"loading\") {document.addEventListener('readystatechange',function() { if((document.readyState === \"interactive\" || document.readyState === \"complete\") && !once_revslider161 ) { once_revslider161 = true; revinit_revslider161();}});} else {once_revslider161 = true; revinit_revslider161();}\n\t\t\t\t<\/script>\n\t\t\t<\/rs-module-wrap>\n\t\t\t<!-- END REVOLUTION SLIDER -->\n<\/div><\/div><\/div><\/div><div class=\"vc_row wpb_row vc_row-fluid\" style=\"background-color:#ffffff\"><div class=\"wpb_column vc_column_container vc_col-sm-12\"><div class=\"vc_column-inner\"><div class=\"wpb_wrapper\"><div class=\"vc_row wpb_row vc_inner vc_row-fluid\" ><div class=\"wpb_column vc_column_container vc_col-sm-12\"><div class=\"vc_column-inner\"><div class=\"wpb_wrapper\"><div class=\"qodef-elements-holder   qodef-one-column  qodef-responsive-mode-768 \" ><div class=\"qodef-eh-item     \" data-item-class=\"qodef-eh-custom-1287\" data-1367-1600=\"120px 57% 45px 16%\" data-1025-1366=\"120px 57% 45px 16%\" data-769-1024=\"120px 23% 45px 16%\" data-681-768=\"115px 31% 48px 16%\" data-680=\"115px 24% 48px 16%\">\n\t\t<div class=\"qodef-eh-item-inner\">\n\t\t<div class=\"qodef-eh-item-content qodef-eh-custom-1287\" style=\"padding: 115px 64% 48px 16%\">\n\t\t\t<div class=\"qodef-section-title-holder   qodef-st-title-left qodef-st-normal-space qodef-st-with-animation\" >\n\t<div class=\"qodef-st-inner\">\n\t\t\t\t\t\t\t<div class=\"qodef-st-title-wrapper\">\n\t\t\t\t<h2 class=\"qodef-st-title\" style=\"color: #000000\">\n\t\t\t\t\tLa edici\u00f3n 2024 en los medios\t\t\t\t<\/h2>\n\t\t\t<\/div>\n\t\t\t\t\t<\/div>\n<\/div><div class=\"vc_empty_space\"   style=\"height: 15px\"><span class=\"vc_empty_space_inner\"><\/span><\/div>\t\t<\/div>\n\t<\/div>\n\t<\/div><\/div><div class=\"qodef-elements-holder   qodef-one-column  qodef-responsive-mode-768 \" ><div class=\"qodef-eh-item     \" data-item-class=\"qodef-eh-custom-1008\">\n\t\t<div class=\"qodef-eh-item-inner\">\n\t\t<div class=\"qodef-eh-item-content qodef-eh-custom-1008\" style=\"padding: 0px 24% 108px 14.7%\">\n\t\t\t<div class=\"qodef-clients-grid-holder qodef-grid-list qodef-disable-bottom-space qodef-six-columns qodef-normal-space  qodef-cc-hover-switch-images qodef-cg-with-animation\">\n\t<div class=\"qodef-cg-inner qodef-outer-space\">\n\t\t<div class=\"qodef-cc-item qodef-item-space qodef-cci-no-link\">\n\t\t\t\t\t\t<img decoding=\"async\" itemprop=\"image\" class=\"qodef-cc-image\" src=\"https:\/\/www.jornadesperalexcellencia.cat\/wp-content\/uploads\/2021\/02\/segre-logo-prensa.png\" alt=\"\" \/>\n\t\t\t\t\t\t\t<img decoding=\"async\" itemprop=\"image\" class=\"qodef-cc-hover-image\" src=\"https:\/\/www.jornadesperalexcellencia.cat\/wp-content\/uploads\/2021\/02\/segre-logo-prensa.png\" alt=\"\" \/>\n\t\t\t<\/div><div class=\"qodef-cc-item qodef-item-space qodef-cci-no-link\">\n\t\t\t\t\t\t<img decoding=\"async\" itemprop=\"image\" class=\"qodef-cc-image\" src=\"https:\/\/www.jornadesperalexcellencia.cat\/wp-content\/uploads\/2021\/02\/lleidatv-logo-prensa.png\" alt=\"\" \/>\n\t\t\t\t\t\t\t<img decoding=\"async\" itemprop=\"image\" class=\"qodef-cc-hover-image\" src=\"https:\/\/www.jornadesperalexcellencia.cat\/wp-content\/uploads\/2021\/02\/lleidatv-logo-prensa.png\" alt=\"\" \/>\n\t\t\t<\/div><div class=\"qodef-cc-item qodef-item-space qodef-cci-no-link\">\n\t\t\t\t\t\t<img decoding=\"async\" itemprop=\"image\" class=\"qodef-cc-image\" src=\"https:\/\/www.jornadesperalexcellencia.cat\/wp-content\/uploads\/2021\/02\/la-vanguardia-logo-prensa.png\" alt=\"\" \/>\n\t\t\t\t\t\t\t<img decoding=\"async\" itemprop=\"image\" class=\"qodef-cc-hover-image\" src=\"https:\/\/www.jornadesperalexcellencia.cat\/wp-content\/uploads\/2021\/02\/la-vanguardia-logo-prensa.png\" alt=\"\" \/>\n\t\t\t<\/div><div class=\"qodef-cc-item qodef-item-space qodef-cci-no-link\">\n\t\t\t\t\t\t<img decoding=\"async\" itemprop=\"image\" class=\"qodef-cc-image\" src=\"https:\/\/www.jornadesperalexcellencia.cat\/wp-content\/uploads\/2021\/02\/nacio-digital-logo-prensa.png\" alt=\"\" \/>\n\t\t\t\t\t\t\t<img decoding=\"async\" itemprop=\"image\" class=\"qodef-cc-hover-image\" src=\"https:\/\/www.jornadesperalexcellencia.cat\/wp-content\/uploads\/2021\/02\/nacio-digital-logo-prensa.png\" alt=\"\" \/>\n\t\t\t<\/div><div class=\"qodef-cc-item qodef-item-space qodef-cci-no-link\">\n\t\t\t\t\t\t<img decoding=\"async\" itemprop=\"image\" class=\"qodef-cc-image\" src=\"https:\/\/www.jornadesperalexcellencia.cat\/wp-content\/uploads\/2021\/02\/324-logo-prensa.png\" alt=\"\" \/>\n\t\t\t\t\t\t\t<img decoding=\"async\" itemprop=\"image\" class=\"qodef-cc-hover-image\" src=\"https:\/\/www.jornadesperalexcellencia.cat\/wp-content\/uploads\/2021\/02\/324-logo-prensa.png\" alt=\"\" \/>\n\t\t\t<\/div><div class=\"qodef-cc-item qodef-item-space qodef-cci-no-link\">\n\t\t\t\t\t\t<img decoding=\"async\" itemprop=\"image\" class=\"qodef-cc-image\" src=\"https:\/\/www.jornadesperalexcellencia.cat\/wp-content\/uploads\/2021\/02\/el-nacional-logo-prensa-1.png\" alt=\"\" \/>\n\t\t\t\t\t\t\t<img decoding=\"async\" itemprop=\"image\" class=\"qodef-cc-hover-image\" src=\"https:\/\/www.jornadesperalexcellencia.cat\/wp-content\/uploads\/2021\/02\/el-nacional-logo-prensa-1.png\" alt=\"\" \/>\n\t\t\t<\/div><div class=\"qodef-cc-item qodef-item-space qodef-cci-no-link\">\n\t\t\t\t\t\t<img decoding=\"async\" itemprop=\"image\" class=\"qodef-cc-image\" src=\"https:\/\/www.jornadesperalexcellencia.cat\/wp-content\/uploads\/2021\/02\/elperiodic-logo-prensa-1.png\" alt=\"\" \/>\n\t\t\t\t\t\t\t<img decoding=\"async\" itemprop=\"image\" class=\"qodef-cc-hover-image\" src=\"https:\/\/www.jornadesperalexcellencia.cat\/wp-content\/uploads\/2021\/02\/elperiodic-logo-prensa-1.png\" alt=\"\" \/>\n\t\t\t<\/div><div class=\"qodef-cc-item qodef-item-space qodef-cci-no-link\">\n\t\t\t\t\t\t<img decoding=\"async\" itemprop=\"image\" class=\"qodef-cc-image\" src=\"https:\/\/www.jornadesperalexcellencia.cat\/wp-content\/uploads\/2021\/02\/lamanana-logo-prensa.png\" alt=\"\" \/>\n\t\t\t\t\t\t\t<img decoding=\"async\" itemprop=\"image\" class=\"qodef-cc-hover-image\" src=\"https:\/\/www.jornadesperalexcellencia.cat\/wp-content\/uploads\/2021\/02\/lamanana-logo-prensa.png\" alt=\"\" \/>\n\t\t\t<\/div><div class=\"qodef-cc-item qodef-item-space qodef-cci-no-link\">\n\t\t\t\t\t\t<img decoding=\"async\" itemprop=\"image\" class=\"qodef-cc-image\" src=\"https:\/\/www.jornadesperalexcellencia.cat\/wp-content\/uploads\/2021\/02\/andorra-difusio-logo-prensa-1.png\" alt=\"\" \/>\n\t\t\t\t\t\t\t<img decoding=\"async\" itemprop=\"image\" class=\"qodef-cc-hover-image\" src=\"https:\/\/www.jornadesperalexcellencia.cat\/wp-content\/uploads\/2021\/02\/andorra-difusio-logo-prensa-1.png\" alt=\"\" \/>\n\t\t\t<\/div><div class=\"qodef-cc-item qodef-item-space qodef-cci-no-link\">\n\t\t\t\t\t\t<img decoding=\"async\" itemprop=\"image\" class=\"qodef-cc-image\" src=\"https:\/\/www.jornadesperalexcellencia.cat\/wp-content\/uploads\/2021\/02\/diari-andorra-logo-prensa.png\" alt=\"\" \/>\n\t\t\t\t\t\t\t<img decoding=\"async\" itemprop=\"image\" class=\"qodef-cc-hover-image\" src=\"https:\/\/www.jornadesperalexcellencia.cat\/wp-content\/uploads\/2021\/02\/diari-andorra-logo-prensa-1.png\" alt=\"\" \/>\n\t\t\t<\/div><div class=\"qodef-cc-item qodef-item-space qodef-cci-no-link\">\n\t\t\t\t\t\t<img decoding=\"async\" itemprop=\"image\" class=\"qodef-cc-image\" src=\"https:\/\/www.jornadesperalexcellencia.cat\/wp-content\/uploads\/2021\/02\/lleidacom-logo-prensa.png\" alt=\"\" \/>\n\t\t\t\t\t\t\t<img decoding=\"async\" itemprop=\"image\" class=\"qodef-cc-hover-image\" src=\"https:\/\/www.jornadesperalexcellencia.cat\/wp-content\/uploads\/2021\/02\/lleidacom-logo-prensa-1.png\" alt=\"\" \/>\n\t\t\t<\/div>\t<\/div>\n<\/div>\t\t<\/div>\n\t<\/div>\n\t<\/div><\/div><\/div><\/div><\/div><\/div><\/div><\/div><\/div><\/div><div class=\"qodef-row-grid-section-wrapper \"  ><div class=\"qodef-row-grid-section\"><div class=\"vc_row wpb_row vc_row-fluid vc_custom_1614337269430\" ><div class=\"wpb_column vc_column_container vc_col-sm-12\"><div class=\"vc_column-inner\"><div class=\"wpb_wrapper\">\n\t<div class=\"wpb_text_column wpb_content_element \" >\n\t\t<div class=\"wpb_wrapper\">\n\t\t\t<p><a href=\"https:\/\/lamanyana.cat\/el-testimoni-de-superacio-dels-joves-clou-les-jornades-per-a-lexcellencia-a-esterri\/\" target=\"_blank\" rel=\"noopener\"><strong>Lleida TV<\/strong><\/a><a href=\"https:\/\/ott.lleidatv.cat\/ca\/pv\/65cd114a-41c5-1fb4-2403-b4651bd59a80\" target=\"_blank\" rel=\"noopener\"><strong>\u00a0<\/strong>| 28\/10| | Especial Cafe\u00efna &#8211; Jornades per a l&#8217;excel\u00b7l\u00e8ncia<\/a><\/p>\n\n\t\t<\/div>\n\t<\/div>\n\n\t<div class=\"wpb_text_column wpb_content_element \" >\n\t\t<div class=\"wpb_wrapper\">\n\t\t\t<p><a href=\"https:\/\/lamanyana.cat\/el-testimoni-de-superacio-dels-joves-clou-les-jornades-per-a-lexcellencia-a-esterri\/\" target=\"_blank\" rel=\"noopener\"><strong>Lleida TV<\/strong><\/a><a href=\"https:\/\/ott.lleidatv.cat\/ca\/pv\/ac9ae209-5152-76be-a2bc-81c6eba7d1c1\" target=\"_blank\" rel=\"noopener\"><strong>\u00a0<\/strong>| 25\/10| | Jornades per a l&#8217;excel\u00b7l\u00e8ncia &#8211; Resum<\/a><\/p>\n\n\t\t<\/div>\n\t<\/div>\n\n\t<div class=\"wpb_text_column wpb_content_element \" >\n\t\t<div class=\"wpb_wrapper\">\n\t\t\t<p><a href=\"https:\/\/lamanyana.cat\/el-testimoni-de-superacio-dels-joves-clou-les-jornades-per-a-lexcellencia-a-esterri\/\" target=\"_blank\" rel=\"noopener\"><strong>Lleida TV<\/strong><\/a><a href=\"https:\/\/ott.lleidatv.cat\/ca\/pv\/b30b0ffc-12f6-fd47-d866-92060afb51fd\" target=\"_blank\" rel=\"noopener\"><strong>\u00a0<\/strong>| 25\/10| | Jornada Pr\u00e8via a Andorra<\/a><\/p>\n\n\t\t<\/div>\n\t<\/div>\n\n\t<div class=\"wpb_text_column wpb_content_element \" >\n\t\t<div class=\"wpb_wrapper\">\n\t\t\t<p><a href=\"https:\/\/ott.lleidatv.cat\/ca\/pv\/7d3516d0-89d6-dfe5-2d34-0e3472a4b29e\" target=\"_blank\" rel=\"noopener\"><strong>Lleida TV <\/strong>| 11\/10| | Benvinguda institucional<\/a><\/p>\n\n\t\t<\/div>\n\t<\/div>\n\n\t<div class=\"wpb_text_column wpb_content_element \" >\n\t\t<div class=\"wpb_wrapper\">\n\t\t\t<p><a href=\"https:\/\/ott.lleidatv.cat\/ca\/pv\/3ddfbee4-9ecc-9198-db2e-678652d63682\" target=\"_blank\" rel=\"noopener\"><strong>Lleida TV <\/strong>| 11\/10| | Bloc 3. Connectant comunitats &#8211; Participaci\u00f3 activa (Teixit associatiu)<\/a><\/p>\n\n\t\t<\/div>\n\t<\/div>\n\n\t<div class=\"wpb_text_column wpb_content_element \" >\n\t\t<div class=\"wpb_wrapper\">\n\t\t\t<p><a href=\"https:\/\/ott.lleidatv.cat\/ca\/pv\/1c22953f-ff06-615e-129a-4bd05ea91906\" target=\"_blank\" rel=\"noopener\"><strong>Lleida TV <\/strong>| 11\/10| | Bloc 3. Connectant comunitats &#8211; Cultivant vincles (Oci, lleure i esport)<\/a><\/p>\n\n\t\t<\/div>\n\t<\/div>\n\n\t<div class=\"wpb_text_column wpb_content_element \" >\n\t\t<div class=\"wpb_wrapper\">\n\t\t\t<p><a href=\"https:\/\/ott.lleidatv.cat\/ca\/pv\/a7e35b3a-6896-82fd-21bd-168aec4ea08e\" target=\"_blank\" rel=\"noopener\"><strong>Lleida TV <\/strong>| 11\/10| | Bloc 3. Connectant comunitats &#8211; Els joves, a l&#8217;horitz\u00f3 2050 (El planeta al qual aspirem)<\/a><\/p>\n<div id=\"gtx-trans\" style=\"position: absolute; left: 349px; top: -14px;\">\n<div class=\"gtx-trans-icon\"><\/div>\n<\/div>\n\n\t\t<\/div>\n\t<\/div>\n\n\t<div class=\"wpb_text_column wpb_content_element \" >\n\t\t<div class=\"wpb_wrapper\">\n\t\t\t<p><a href=\"https:\/\/ott.lleidatv.cat\/ca\/pv\/cca5139d-c288-accc-523d-e8fa836d27df\" target=\"_blank\" rel=\"noopener\"><strong>Lleida TV <\/strong>| 11\/10| | Bloc 4. Joves i valors &#8211; La transmissi\u00f3 dels valors i la comunicaci\u00f3 de masses<\/a><\/p>\n<div id=\"gtx-trans\" style=\"position: absolute; left: 164px; top: 32px;\">\n<div class=\"gtx-trans-icon\"><\/div>\n<\/div>\n\n\t\t<\/div>\n\t<\/div>\n\n\t<div class=\"wpb_text_column wpb_content_element \" >\n\t\t<div class=\"wpb_wrapper\">\n\t\t\t<p><a href=\"https:\/\/ott.lleidatv.cat\/ca\/pv\/baa3da53-dcfe-ac4c-3cca-7733b4076ea0\" target=\"_blank\" rel=\"noopener\"><strong>Lleida TV <\/strong>| 11\/10| | Actuaci\u00f3 Dansa Urbana Club Esportiu Andorr\u00e0 de Dansa i Fitness d&#8217;Encamp<\/a><\/p>\n<div id=\"gtx-trans\" style=\"position: absolute; left: 130px; top: -14px;\">\n<div class=\"gtx-trans-icon\"><\/div>\n<\/div>\n\n\t\t<\/div>\n\t<\/div>\n\n\t<div class=\"wpb_text_column wpb_content_element \" >\n\t\t<div class=\"wpb_wrapper\">\n\t\t\t<p><a href=\"https:\/\/ott.lleidatv.cat\/ca\/pv\/a290294a-90a9-33de-64e3-5fff6958b2a2\" target=\"_blank\" rel=\"noopener\"><strong>Lleida TV <\/strong>| 11\/10| | Conclusi\u00f3 &#8211; Alain Cabanes<\/a><\/p>\n<div id=\"gtx-trans\" style=\"position: absolute; left: 128px; top: -14px;\">\n<div class=\"gtx-trans-icon\"><\/div>\n<\/div>\n\n\t\t<\/div>\n\t<\/div>\n\n\t<div class=\"wpb_text_column wpb_content_element \" >\n\t\t<div class=\"wpb_wrapper\">\n\t\t\t<p><a href=\"https:\/\/ott.lleidatv.cat\/ca\/pv\/b4b3205b-1a69-8bf9-d752-ec2b091001c5\" target=\"_blank\" rel=\"noopener\"><strong>Lleida TV <\/strong>| 11\/10| | Conclusi\u00f3 &#8211; Jes\u00fas Montoliu<\/a><\/p>\n<div id=\"gtx-trans\" style=\"position: absolute; left: 211px; top: 32px;\">\n<div class=\"gtx-trans-icon\"><\/div>\n<\/div>\n\n\t\t<\/div>\n\t<\/div>\n\n\t<div class=\"wpb_text_column wpb_content_element \" >\n\t\t<div class=\"wpb_wrapper\">\n\t\t\t<p><a href=\"https:\/\/ott.lleidatv.cat\/ca\/pv\/5d25c950-8c13-db2c-658a-43ec67e9a4bb\" target=\"_blank\" rel=\"noopener\"><strong>Lleida TV <\/strong>| 11\/10| | Conclusi\u00f3 &#8211; Maria Verg\u00e9s<\/a><\/p>\n<div id=\"gtx-trans\" style=\"position: absolute; left: 209px; top: -14px;\">\n<div class=\"gtx-trans-icon\"><\/div>\n<\/div>\n\n\t\t<\/div>\n\t<\/div>\n\n\t<div class=\"wpb_text_column wpb_content_element \" >\n\t\t<div class=\"wpb_wrapper\">\n\t\t\t<p><a href=\"https:\/\/ott.lleidatv.cat\/ca\/pv\/fd72d4eb-1c78-6795-442b-ed09f6e8bb31\" target=\"_blank\" rel=\"noopener\"><strong>Lleida TV <\/strong>| 10\/10| | Actuaci\u00f3 musical del viol\u00b7loncelista Roger Fillet<\/a><\/p>\n<div id=\"gtx-trans\" style=\"position: absolute; left: 131px; top: -14px;\">\n<div class=\"gtx-trans-icon\"><\/div>\n<\/div>\n\n\t\t<\/div>\n\t<\/div>\n\n\t<div class=\"wpb_text_column wpb_content_element \" >\n\t\t<div class=\"wpb_wrapper\">\n\t\t\t<p><a href=\"https:\/\/ott.lleidatv.cat\/ca\/pv\/c7f4afc0-faf3-f46d-ade1-df3c80274d69\" target=\"_blank\" rel=\"noopener\"><strong>Lleida TV <\/strong>| 10\/10| | Sessi\u00f3 inaugural<\/a><\/p>\n\n\t\t<\/div>\n\t<\/div>\n\n\t<div class=\"wpb_text_column wpb_content_element \" >\n\t\t<div class=\"wpb_wrapper\">\n\t\t\t<p><a href=\"https:\/\/ott.lleidatv.cat\/ca\/pv\/235f40ae-6f5b-a6ec-45e0-711d9de813d1\" target=\"_blank\" rel=\"noopener\"><strong>Lleida TV <\/strong>| 10\/10| | Bloc 1. Construint el dem\u00e0 &#8211; Liderant el canvi (Joves i emprenedoria)<\/a><\/p>\n\n\t\t<\/div>\n\t<\/div>\n\n\t<div class=\"wpb_text_column wpb_content_element \" >\n\t\t<div class=\"wpb_wrapper\">\n\t\t\t<p><a href=\"https:\/\/ott.lleidatv.cat\/ca\/pv\/e35d31d6-9937-8443-a608-544f1f03b558\" target=\"_blank\" rel=\"noopener\"><strong>Lleida TV <\/strong>| 10\/10| | Bloc 1. Construint el dem\u00e0 &#8211; Forjant nous camins (Formaci\u00f3 i noves professions)<\/a><\/p>\n\n\t\t<\/div>\n\t<\/div>\n\n\t<div class=\"wpb_text_column wpb_content_element \" >\n\t\t<div class=\"wpb_wrapper\">\n\t\t\t<p><a href=\"https:\/\/ott.lleidatv.cat\/ca\/pv\/539ff2b8-6476-b269-5c8d-3f24ebfd760a\" target=\"_blank\" rel=\"noopener\"><strong>Lleida TV <\/strong>| 10\/10| | Bloc 2. Transformant realitats &#8211; Les apostes priorit\u00e0ries (Pol\u00edtiques de joventut i habitatge)<\/a><\/p>\n<div id=\"gtx-trans\" style=\"position: absolute; left: 184px; top: 32px;\">\n<div class=\"gtx-trans-icon\"><\/div>\n<\/div>\n\n\t\t<\/div>\n\t<\/div>\n\n\t<div class=\"wpb_text_column wpb_content_element \" >\n\t\t<div class=\"wpb_wrapper\">\n\t\t\t<p><a href=\"https:\/\/ott.lleidatv.cat\/ca\/pv\/571485ef-6dff-8e0c-85b8-5a69f2c7cd17\" target=\"_blank\" rel=\"noopener\"><strong>Lleida TV <\/strong>| 10\/10| | Bloc 2. Transformant realitats &#8211; Les noves fronteres (Digitalizaci\u00f3, tecnologia i IA)<\/a><\/p>\n<div id=\"gtx-trans\" style=\"position: absolute; left: 368px; top: 32px;\">\n<div class=\"gtx-trans-icon\"><\/div>\n<\/div>\n\n\t\t<\/div>\n\t<\/div>\n\n\t<div class=\"wpb_text_column wpb_content_element \" >\n\t\t<div class=\"wpb_wrapper\">\n\t\t\t<p><a href=\"https:\/\/lamanyana.cat\/el-testimoni-de-superacio-dels-joves-clou-les-jornades-per-a-lexcellencia-a-esterri\/\" target=\"_blank\" rel=\"noopener\"><strong>La Ma\u00f1ana <\/strong>| 06\/10| | El testimoni de superaci\u00f3 dels joves clou les Jornades per a l&#8217;excel\u00b7l\u00e8ncia a Esterri<\/a><\/p>\n\n\t\t<\/div>\n\t<\/div>\n\n\t<div class=\"wpb_text_column wpb_content_element \" >\n\t\t<div class=\"wpb_wrapper\">\n\t\t\t<p><a href=\"https:\/\/www.segre.com\/es\/comarcas\/241005\/menos-de-la-mitad-de-las-viviendas-del-pirineo-y-aran-son-primeras-residencias_584242.html\" target=\"_blank\" rel=\"noopener\"><strong>Segre <\/strong>| 05\/10| | Menos de la mitad de las viviendas del Pirineo y Aran son primeras residencias<\/a><\/p>\n<div id=\"gtx-trans\" style=\"position: absolute; left: 110px; top: -14px;\">\n<div class=\"gtx-trans-icon\"><\/div>\n<\/div>\n\n\t\t<\/div>\n\t<\/div>\n\n\t<div class=\"wpb_text_column wpb_content_element \" >\n\t\t<div class=\"wpb_wrapper\">\n\t\t\t<p><a href=\"https:\/\/www.viurealspirineus.cat\/articulo\/pallars-sobira\/generalitat-vol-impulsar-politiques-per-facilitar-l-arrelament-i-oportunitats-per-als-joves-pirineu\/20241004214853051560.html\" target=\"_blank\" rel=\"noopener\"><strong>Viure als Pirineus <\/strong>| 04\/10| | La Generalitat vol impulsar pol\u00edtiques per facilitar l&#8217;arrelament i les oportunitats per als joves al Pirineu<\/a><\/p>\n\n\t\t<\/div>\n\t<\/div>\n\n\t<div class=\"wpb_text_column wpb_content_element \" >\n\t\t<div class=\"wpb_wrapper\">\n\t\t\t<p><a href=\"https:\/\/www.segre.com\/ca\/comarques\/241004\/habitatge-formacio-i-ocupacio-els-reptes-dels-joves-pirineu_583040.html\" target=\"_blank\" rel=\"noopener\"><strong>Segre <\/strong>| 04\/10| | Habitatge, formaci\u00f3 i ocupaci\u00f3, els reptes dels joves al Pirineu<\/a><\/p>\n<div id=\"gtx-trans\" style=\"position: absolute; left: 108px; top: 32px;\">\n<div class=\"gtx-trans-icon\"><\/div>\n<\/div>\n\n\t\t<\/div>\n\t<\/div>\n\n\t<div class=\"wpb_text_column wpb_content_element \" >\n\t\t<div class=\"wpb_wrapper\">\n\t\t\t<p><a href=\"https:\/\/www.segre.com\/es\/comarcas\/241004\/vivienda-formacion-y-empleo-los-retos-de-los-jovenes-en-el-pirineo_583040.html\" target=\"_blank\" rel=\"noopener\"><strong>Segre <\/strong>| 04\/10| | Vivienda, formaci\u00f3n y empleo, los retos de los j\u00f3venes en el Pirineo<\/a><\/p>\n<div id=\"gtx-trans\" style=\"position: absolute; left: 107px; top: -14px;\">\n<div class=\"gtx-trans-icon\"><\/div>\n<\/div>\n\n\t\t<\/div>\n\t<\/div>\n\n\t<div class=\"wpb_text_column wpb_content_element \" >\n\t\t<div class=\"wpb_wrapper\">\n\t\t\t<p><a href=\"https:\/\/www.comarquesdeponent.com\/event\/jornades-per-l-excel-lencia-2024-esterri-daneu\/\" target=\"_blank\" rel=\"noopener\"><strong>Comarques <\/strong>| 04\/10| | Jornades per a l&#8217;excel\u00b7l\u00e8ncia 2024 a Esterri d&#8217;\u00c0neu<\/a><\/p>\n\n\t\t<\/div>\n\t<\/div>\n\n\t<div class=\"wpb_text_column wpb_content_element \" >\n\t\t<div class=\"wpb_wrapper\">\n\t\t\t<p><a href=\"https:\/\/ott.lleidatv.cat\/ca\/pv\/80ad9032-ea04-dc0d-55b9-4d7bd7f843e6\" target=\"_blank\" rel=\"noopener\"><strong>Lleida TV<\/strong>\u00a0| 03\/10 | <\/a><a>Connecta Lleida Prineus. Joventut al Pirineu, projecte vital, projecte professional.<\/a><\/p>\n\n\t\t<\/div>\n\t<\/div>\n\n\t<div class=\"wpb_text_column wpb_content_element \" >\n\t\t<div class=\"wpb_wrapper\">\n\t\t\t<p><strong>Radio Rosell\u00f3<\/strong>| 03\/10|<\/p>\n<p><iframe id=\"audio_134409560\" style=\"border: 1px solid #EEE; box-sizing: border-box; width: 100%;\" src=\"https:\/\/www.ivoox.com\/player_ej_134409560_6_1.html\" height=\"200\" frameborder=\"0\" scrolling=\"no\" allowfullscreen=\"allowfullscreen\"><\/iframe><\/p>\n\n\t\t<\/div>\n\t<\/div>\n\n\t<div class=\"wpb_text_column wpb_content_element \" >\n\t\t<div class=\"wpb_wrapper\">\n\t\t\t<p><a href=\"https:\/\/www.pallarsdigital.cat\/noticia\/20511\/mig-centenar-de-ponents-a-les-11es-jornades-per-a-excellencia-esterri-aneu\" target=\"_blank\" rel=\"noopener\"><strong>Pallars Digital <\/strong>| 02\/10| | Mig centenar de ponents en les 11es Jornades per a l&#8217;Excel\u00b7l\u00e8ncia d&#8217;Esterri d&#8217;\u00c0neu<\/a><\/p>\n\n\t\t<\/div>\n\t<\/div>\n\n\t<div class=\"wpb_text_column wpb_content_element \" >\n\t\t<div class=\"wpb_wrapper\">\n\t\t\t<p><a href=\"https:\/\/www.ondacero.es\/emisoras\/catalunya\/lleida\/audios-podcast\/les-jornades-per-lexcellencia-esterri-daneu-impulsen-debat-futur-dels-joves-pirineu_2024100166fbddcafcf7b30001490ea7.html\"><strong>Onda Cero<\/strong>| 01\/10| Les XI Jornades per l&#8217;Excel\u00b7l\u00e8ncia a Esterri d&#8217;\u00c0neu impulsen el debat sobre el futur dels joves al Pirineu<\/a><\/p>\n<p><iframe loading=\"lazy\" src=\"https:\/\/www.ondacero.es\/embed\/les-jornades-per-lexcellencia-esterri-daneu-impulsen-debat-futur-dels-joves-pirineu\/audio\/2\/2024\/10\/01\/66fbcfe4d33fb0e4b46c5b99\" width=\"560\" height=\"315\" frameborder=\"0\" scrolling=\"no\" allowfullscreen=\"allowfullscreen\"><\/iframe><\/p>\n\n\t\t<\/div>\n\t<\/div>\n\n\t<div class=\"wpb_text_column wpb_content_element \" >\n\t\t<div class=\"wpb_wrapper\">\n\t\t\t<p><a href=\"https:\/\/www.segre.com\/es\/noticias-empresa\/241001\/punto-abrir-gran-debate-sobre-retos-jovenes-pirineo-xi-xi-jornades-per-l-excel-lencia-esterri-d-aneu_579222.html\" target=\"_blank\" rel=\"noopener\"><strong>Segre <\/strong>| 01\/10| | Directo | XI Jornades per a l&#8217;excel\u00b7l\u00e8ncia en Esterri d&#8217;\u00c0neu<\/a><\/p>\n\n\t\t<\/div>\n\t<\/div>\n\n\t<div class=\"wpb_text_column wpb_content_element \" >\n\t\t<div class=\"wpb_wrapper\">\n\t\t\t<p><a href=\"https:\/\/www.viurealspirineus.cat\/articulo\/andorra\/jornades-per-l-excel-lencia-andorra-aposten-pel-foment-l-associacionisme-juvenil\/20240920123013051208.html\" target=\"_blank\" rel=\"noopener\"><strong>Viure als Pirineus <\/strong>| 20\/09| | Les Jornades per a l&#8217;excel\u00b7l\u00e8ncia a Andorra aposten pel foment de l&#8217;associacionisme juvenil<\/a><\/p>\n<div id=\"gtx-trans\" style=\"position: absolute; left: 190px; top: 32px;\">\n<div class=\"gtx-trans-icon\"><\/div>\n<\/div>\n\n\t\t<\/div>\n\t<\/div>\n\n\t<div class=\"wpb_text_column wpb_content_element \" >\n\t\t<div class=\"wpb_wrapper\">\n\t\t\t<p><a href=\"https:\/\/www.viurealspirineus.cat\/articulo\/societat\/mig-centenar-ponents-xi-jornades-per-l-excel-lencia-d-esterri-d-aneu-per-debatre-reptes-joventut-pirineu\/20240926080859051317.html\" target=\"_blank\" rel=\"noopener\"><strong>Viure als Pirineus <\/strong>| 26\/09| | Mig centenar de ponents en les Jornades per a l&#8217;excel\u00b7l\u00e8ncia d&#8217;Esterri d&#8217;\u00c0neu debatran sobre la joventut al Pirineu<\/a><\/p>\n\n\t\t<\/div>\n\t<\/div>\n\n\t<div class=\"wpb_text_column wpb_content_element \" >\n\t\t<div class=\"wpb_wrapper\">\n\t\t\t<p><a href=\"https:\/\/naciodigital.cat\/lleida\/cultura-i-mitjans\/esterri-aneu-acull-xi-jornades-excellencia_2004050_102.html\" target=\"_blank\" rel=\"noopener\"><strong>Naci\u00f3 <\/strong>| 25\/09| | Esterri d&#8217;\u00c0neu acull les XI jornades per a l&#8217;excel\u00b7l\u00e8ncia<\/a><\/p>\n\n\t\t<\/div>\n\t<\/div>\n\n\t<div class=\"wpb_text_column wpb_content_element \" >\n\t\t<div class=\"wpb_wrapper\">\n\t\t\t<p><a href=\"https:\/\/www.altaveu.com\/reportatges\/escoltar-veus-joves_60454_102.html\" target=\"_blank\" rel=\"noopener\"><strong>Altaveu <\/strong>| 19\/09| | Escoltar les veus dels joves<\/a><\/p>\n\n\t\t<\/div>\n\t<\/div>\n\n\t<div class=\"wpb_text_column wpb_content_element \" >\n\t\t<div class=\"wpb_wrapper\">\n\t\t\t<p><a href=\"https:\/\/www.diariandorra.ad\/nacional\/240830\/nova-jornada-per-l-excel-lencia-juvenil_157213.html\" target=\"_blank\" rel=\"noopener\"><strong>Diari d&#8217;Andorra <\/strong>| 30\/08| | Nova jornada per a l&#8217;excel\u00b7l\u00e8ncia juvenil<\/a><\/p>\n<div id=\"gtx-trans\" style=\"position: absolute; left: 176px; top: -14px;\">\n<div class=\"gtx-trans-icon\"><\/div>\n<\/div>\n\n\t\t<\/div>\n\t<\/div>\n\n\t<div class=\"wpb_text_column wpb_content_element \" >\n\t\t<div class=\"wpb_wrapper\">\n\t\t\t<p><a href=\"https:\/\/www.diariandorra.ad\/nacional\/240829\/els-reptes-futur-dels-joves-sera-punt-principal-les-jornades-per-l-excel-lencia_157177.html\" target=\"_blank\" rel=\"noopener\"><strong>Diari d&#8217;Andorra <\/strong>| 29\/08| | Els reptes de futur dels joven ser\u00e0 punt principal de les Jornades per a l&#8217;excel\u00b7l\u00e8ncia<\/a><\/p>\n<div id=\"gtx-trans\" style=\"position: absolute; left: 173px; top: -14px;\">\n<div class=\"gtx-trans-icon\"><\/div>\n<\/div>\n\n\t\t<\/div>\n\t<\/div>\n\n\t<div class=\"wpb_text_column wpb_content_element \" >\n\t\t<div class=\"wpb_wrapper\">\n\t\t\t<p><a href=\"https:\/\/www.altaveu.com\/actualitat\/societat\/reptes-futur-joves-pirineu-andorra-centraran-jornades-excellencia_59939_102.html\" target=\"_blank\" rel=\"noopener\"><strong>Altaveu <\/strong>| 29\/08| | Els reptes de futur dels joves al Pirineu i a Andorra centraran les Jornades per l&#8217;excel\u00b7l\u00e8ncia<\/a><\/p>\n<div id=\"gtx-trans\" style=\"position: absolute; left: 304px; top: -14px;\">\n<div class=\"gtx-trans-icon\"><\/div>\n<\/div>\n\n\t\t<\/div>\n\t<\/div>\n\n\t<div class=\"wpb_text_column wpb_content_element \" >\n\t\t<div class=\"wpb_wrapper\">\n\t\t\t<p><a href=\"https:\/\/www.bondia.ad\/societat\/els-reptes-de-futur-dels-joves-a-debat-en-la-sessio-de-les-jornades-per-a-l-excel-lencia-que-se-celebrara-a-andorra\" target=\"_blank\" rel=\"noopener\"><strong>Bondia <\/strong>| 29\/08| | Els reptes de futur dels joves, a debat en la sessi\u00f3 de les Jornades per a l&#8217;excel\u00b7l\u00e8ncia que se celebrar\u00e0 a Andorra<\/a><\/p>\n<div id=\"gtx-trans\" style=\"position: absolute; left: 753px; top: 32px;\">\n<div class=\"gtx-trans-icon\"><\/div>\n<\/div>\n\n\t\t<\/div>\n\t<\/div>\n\n\t<div class=\"wpb_text_column wpb_content_element \" >\n\t\t<div class=\"wpb_wrapper\">\n\t\t\t<p><a href=\"https:\/\/www.pallarsdigital.cat\/noticia\/20210\/bojan-krkic-un-dels-ponents-de-les-jornades-per-a-lexcellencia\" target=\"_blank\" rel=\"noopener\"><strong>Pallars Digital <\/strong>| 12\/07| | Bojan Krki\u0107, Marc Buixaderas o Ferran S\u00e0ez, entre els ponents a les Jornades per a l&#8217;Excel\u00b7l\u00e8ncia d&#8217;enguany<\/a><\/p>\n\n\t\t<\/div>\n\t<\/div>\n\n\t<div class=\"wpb_text_column wpb_content_element \" >\n\t\t<div class=\"wpb_wrapper\">\n\t\t\t<p><a href=\"https:\/\/www.segre.com\/es\/comarcas\/segria\/240712\/las-jornades-per-a-lexcellncia-con-los-jovenes-del-pirineo-como-protagonistas_505429.html\" target=\"_blank\" rel=\"noopener\"><strong>Segre <\/strong>| 12\/07| | Las Jornades per a l&#8217;excel\u00b7l\u00e8ncia, con los j\u00f3venes del Pirieno como protagonistas<\/a><\/p>\n\n\t\t<\/div>\n\t<\/div>\n\n\t<div class=\"wpb_text_column wpb_content_element \" >\n\t\t<div class=\"wpb_wrapper\">\n\t\t\t<p><a href=\"https:\/\/www.viurealspirineus.cat\/articulo\/pallars-sobira\/els-joves-lideren-xi-jornades-per-l-excel-lencia-amb-gran-implicacio\/20240711130756049624.html\" target=\"_blank\" rel=\"noopener\"><strong>Viure als Pirineus <\/strong>| 11\/07| | Els joves lideren les XI Jornades per a l&#8217;excel\u00b7l\u00e8ncia amb una gran implicaci\u00f3<\/a><\/p>\n\n\t\t<\/div>\n\t<\/div>\n\n\t<div class=\"wpb_text_column wpb_content_element \" >\n\t\t<div class=\"wpb_wrapper\">\n\t\t\t<p><a href=\"https:\/\/www.pallarsdigital.cat\/noticia\/19889\/paper-joves-pirineu-centrara-jornades-excellencia-2024\" target=\"_blank\" rel=\"noopener\"><strong>Pallars Digital <\/strong>| 02\/05| | El paper dels joves al Pirineu centrar\u00e0 les Jornades per a l&#8217;Excel\u00b7l\u00e8ncia d&#8217;enguany<\/a><\/p>\n\n\t\t<\/div>\n\t<\/div>\n\n\t<div class=\"wpb_text_column wpb_content_element \" >\n\t\t<div class=\"wpb_wrapper\">\n\t\t\t<p><a href=\"https:\/\/www.viurealspirineus.cat\/articulo\/societat\/paper-dels-joves-pirineu-centrara-jornades-per-l-excel-lencia-d-enguany\/20240501124048047857.html?utm_medium=social&amp;utm_source=twitter&amp;utm_campaign=share_button\" target=\"_blank\" rel=\"noopener\"><strong>Viure als Pirineus <\/strong>| 01\/05| | El paper dels joves al Pirineu centrar\u00e0 les Jornades per a l&#8217;Excel\u00b7l\u00e8ncia d&#8217;enguany<\/a><\/p>\n\n\t\t<\/div>\n\t<\/div>\n<\/div><\/div><\/div><\/div><\/div><\/div><div class=\"qodef-row-grid-section-wrapper \"  ><div class=\"qodef-row-grid-section\"><div class=\"vc_row wpb_row vc_row-fluid vc_custom_1614337269430\" ><div class=\"wpb_column vc_column_container vc_col-sm-12\"><div class=\"vc_column-inner\"><div class=\"wpb_wrapper\"><div class=\"qodef-section-title-holder   qodef-st-title-left qodef-st-normal-space qodef-st-with-animation\" >\n\t<div class=\"qodef-st-inner\">\n\t\t\t\t\t\t\t<div class=\"qodef-st-title-wrapper\">\n\t\t\t\t<h2 class=\"qodef-st-title\" >\n\t\t\t\t\tOtras menciones en medios\t\t\t\t<\/h2>\n\t\t\t<\/div>\n\t\t\t\t\t<\/div>\n<\/div>\n\t<div class=\"wpb_text_column wpb_content_element \" >\n\t\t<div class=\"wpb_wrapper\">\n\t\t\t<p><strong>Segre &#8211; Papel <\/strong>| 06\/10 | &#8220;Tenir nom\u00e9s un bra\u00e7 no demostra discapacitat, sin\u00f3 tot el contrari&#8221;<\/p>\n<div id=\"gtx-trans\" style=\"position: absolute; left: 159px; top: -14px;\">\n<div class=\"gtx-trans-icon\"><\/div>\n<\/div>\n\n\t\t<\/div>\n\t<\/div>\n\n\t<div class=\"wpb_text_column wpb_content_element \" >\n\t\t<div class=\"wpb_wrapper\">\n\t\t\t<p><strong>Segre &#8211; Papel <\/strong>| 05\/10 | Menys de la meitat dels habitatges del Pirineu i Aran s\u00f3n primeres resid\u00e8ncies (En portada)<\/p>\n\n\t\t<\/div>\n\t<\/div>\n\n\t<div class=\"wpb_text_column wpb_content_element \" >\n\t\t<div class=\"wpb_wrapper\">\n\t\t\t<p><strong>Segre &#8211; Papel <\/strong>| 05\/10 | Menys de la meitat dels habitatges del Pirineu i Aran s\u00f3n primeres resid\u00e8ncies<\/p>\n<div id=\"gtx-trans\" style=\"position: absolute; left: 156px; top: -14px;\">\n<div class=\"gtx-trans-icon\"><\/div>\n<\/div>\n\n\t\t<\/div>\n\t<\/div>\n\n\t<div class=\"wpb_text_column wpb_content_element \" >\n\t\t<div class=\"wpb_wrapper\">\n\t\t\t<p><strong>Segre &#8211; Papel <\/strong>| 05\/10 | Els valors dels joves<\/p>\n<div id=\"gtx-trans\" style=\"position: absolute; left: 157px; top: 32px;\">\n<div class=\"gtx-trans-icon\"><\/div>\n<\/div>\n\n\t\t<\/div>\n\t<\/div>\n\n\t<div class=\"wpb_text_column wpb_content_element \" >\n\t\t<div class=\"wpb_wrapper\">\n\t\t\t<p><strong>Segre &#8211; Papel <\/strong>| 04\/10 | Habitatge, formaci\u00f3 i ocupaci\u00f3, els reptes del joves al Pirineu<\/p>\n\n\t\t<\/div>\n\t<\/div>\n\n\t<div class=\"wpb_text_column wpb_content_element \" >\n\t\t<div class=\"wpb_wrapper\">\n\t\t\t<p><strong>Segre &#8211; Papel <\/strong>| 04\/10 | Joventut al Pirineu, a Lleida TV<\/p>\n<div id=\"gtx-trans\" style=\"position: absolute; left: 157px; top: -14px;\">\n<div class=\"gtx-trans-icon\"><\/div>\n<\/div>\n\n\t\t<\/div>\n\t<\/div>\n\n\t<div class=\"wpb_text_column wpb_content_element \" >\n\t\t<div class=\"wpb_wrapper\">\n\t\t\t<p><strong>Segre &#8211; Papel <\/strong>| 02\/10 | Aran acollir\u00e0 debats de les jornades d&#8217;excel\u00b7l\u00e8ncia<\/p>\n\n\t\t<\/div>\n\t<\/div>\n\n\t<div class=\"wpb_text_column wpb_content_element \" >\n\t\t<div class=\"wpb_wrapper\">\n\t\t\t<p><strong>Segre &#8211; Papel <\/strong>| 30\/09 | Jornades per a l&#8217;Excel\u00b7l\u00e8ncia al Pirineu<\/p>\n\n\t\t<\/div>\n\t<\/div>\n\n\t<div class=\"wpb_text_column wpb_content_element \" >\n\t\t<div class=\"wpb_wrapper\">\n\t\t\t<p><strong>La Ma\u00f1ana &#8211; Papel <\/strong>| 26\/09 | Bojan Krkic i Xavier Sala i Mart\u00edn, a les Jornades per a l&#8217;excel\u00b7l\u00e8ncia d&#8217;Esterri<\/p>\n\n\t\t<\/div>\n\t<\/div>\n\n\t<div class=\"wpb_text_column wpb_content_element \" >\n\t\t<div class=\"wpb_wrapper\">\n\t\t\t<p><strong>Segre &#8211; Papel <\/strong>| 26\/09 | Krkic o Sala i Mart\u00edn, a les Jornades per a l&#8217;Excel\u00b7l\u00e8ncia d&#8217;Esterri d&#8217;\u00c0neu<\/p>\n\n\t\t<\/div>\n\t<\/div>\n<\/div><\/div><\/div><\/div><\/div><\/div><div class=\"qodef-row-grid-section-wrapper \"  ><div class=\"qodef-row-grid-section\"><div class=\"vc_row wpb_row vc_row-fluid vc_custom_1614617162606\" ><div class=\"wpb_column vc_column_container vc_col-sm-12\"><div class=\"vc_column-inner\"><div class=\"wpb_wrapper\"><div class=\"qodef-section-title-holder   qodef-st-title-left qodef-st-normal-space qodef-st-with-animation\" >\n\t<div class=\"qodef-st-inner\">\n\t\t\t\t\t\t\t<div class=\"qodef-st-title-wrapper\">\n\t\t\t\t<h2 class=\"qodef-st-title\" >\n\t\t\t\t\tRecopilaci\u00f3n de prensa\t\t\t\t<\/h2>\n\t\t\t<\/div>\n\t\t\t\t\t<\/div>\n<\/div><\/div><\/div><\/div><\/div><\/div><\/div><div data-vc-full-width=\"true\" data-vc-full-width-init=\"false\" class=\"vc_row wpb_row vc_row-fluid vc_custom_1614617169807\" ><div class=\"wpb_column vc_column_container vc_col-sm-12\"><div class=\"vc_column-inner\"><div class=\"wpb_wrapper\"><div class=\"qodef-image-gallery qodef-grid-list qodef-disable-bottom-space  qodef-ig-grid-type qodef-five-columns qodef-no-space  qodef-image-behavior-lightbox\">\n\t<div class=\"qodef-ig-inner qodef-outer-space\">\n\t\t\t\t\t<div class=\"qodef-ig-image qodef-item-space\">\n\t\t\t\t<div class=\"qodef-ig-image-inner\">\n\t\t\t\t\t\t\t\t\t\t\t<a itemprop=\"image\" class=\"qodef-ig-lightbox\" href=\"https:\/\/www.jornadesperalexcellencia.cat\/wp-content\/uploads\/2024\/11\/9.png\" data-rel=\"prettyPhoto[image_gallery_pretty_photo-1]\" title=\"2024-10-05-segre-especial-jornades-excellencia.jpg\">\n\t\t\t\t\t\t\t\t\t\t\t<img loading=\"lazy\" decoding=\"async\" width=\"700\" height=\"1000\" src=\"https:\/\/www.jornadesperalexcellencia.cat\/wp-content\/uploads\/2024\/11\/9.png\" class=\"attachment-full size-full\" alt=\"\" srcset=\"https:\/\/www.jornadesperalexcellencia.cat\/wp-content\/uploads\/2024\/11\/9.png 700w, https:\/\/www.jornadesperalexcellencia.cat\/wp-content\/uploads\/2024\/11\/9-210x300.png 210w, https:\/\/www.jornadesperalexcellencia.cat\/wp-content\/uploads\/2024\/11\/9-600x857.png 600w\" sizes=\"auto, (max-width: 700px) 100vw, 700px\" \/>\t\t\t\t\t\t\t\t\t\t\t<\/a>\n\t\t\t\t\t\t\t\t\t<\/div>\n\t\t\t<\/div>\n\t\t\t\t\t<div class=\"qodef-ig-image qodef-item-space\">\n\t\t\t\t<div class=\"qodef-ig-image-inner\">\n\t\t\t\t\t\t\t\t\t\t\t<a itemprop=\"image\" class=\"qodef-ig-lightbox\" href=\"https:\/\/www.jornadesperalexcellencia.cat\/wp-content\/uploads\/2024\/11\/1-1.png\" data-rel=\"prettyPhoto[image_gallery_pretty_photo-1]\" title=\"2024-10-05-segre-especial-jornades-excellencia.jpg\">\n\t\t\t\t\t\t\t\t\t\t\t<img loading=\"lazy\" decoding=\"async\" width=\"700\" height=\"1000\" src=\"https:\/\/www.jornadesperalexcellencia.cat\/wp-content\/uploads\/2024\/11\/1-1.png\" class=\"attachment-full size-full\" alt=\"\" srcset=\"https:\/\/www.jornadesperalexcellencia.cat\/wp-content\/uploads\/2024\/11\/1-1.png 700w, https:\/\/www.jornadesperalexcellencia.cat\/wp-content\/uploads\/2024\/11\/1-1-210x300.png 210w, https:\/\/www.jornadesperalexcellencia.cat\/wp-content\/uploads\/2024\/11\/1-1-600x857.png 600w\" sizes=\"auto, (max-width: 700px) 100vw, 700px\" \/>\t\t\t\t\t\t\t\t\t\t\t<\/a>\n\t\t\t\t\t\t\t\t\t<\/div>\n\t\t\t<\/div>\n\t\t\t\t\t<div class=\"qodef-ig-image qodef-item-space\">\n\t\t\t\t<div class=\"qodef-ig-image-inner\">\n\t\t\t\t\t\t\t\t\t\t\t<a itemprop=\"image\" class=\"qodef-ig-lightbox\" href=\"https:\/\/www.jornadesperalexcellencia.cat\/wp-content\/uploads\/2024\/11\/2-1.png\" data-rel=\"prettyPhoto[image_gallery_pretty_photo-1]\" title=\"2024-10-04-segre-especial-jornades-excellencia-2.jpg\">\n\t\t\t\t\t\t\t\t\t\t\t<img loading=\"lazy\" decoding=\"async\" width=\"700\" height=\"1000\" src=\"https:\/\/www.jornadesperalexcellencia.cat\/wp-content\/uploads\/2024\/11\/2-1.png\" class=\"attachment-full size-full\" alt=\"\" srcset=\"https:\/\/www.jornadesperalexcellencia.cat\/wp-content\/uploads\/2024\/11\/2-1.png 700w, https:\/\/www.jornadesperalexcellencia.cat\/wp-content\/uploads\/2024\/11\/2-1-210x300.png 210w, https:\/\/www.jornadesperalexcellencia.cat\/wp-content\/uploads\/2024\/11\/2-1-600x857.png 600w\" sizes=\"auto, (max-width: 700px) 100vw, 700px\" \/>\t\t\t\t\t\t\t\t\t\t\t<\/a>\n\t\t\t\t\t\t\t\t\t<\/div>\n\t\t\t<\/div>\n\t\t\t\t\t<div class=\"qodef-ig-image qodef-item-space\">\n\t\t\t\t<div class=\"qodef-ig-image-inner\">\n\t\t\t\t\t\t\t\t\t\t\t<a itemprop=\"image\" class=\"qodef-ig-lightbox\" href=\"https:\/\/www.jornadesperalexcellencia.cat\/wp-content\/uploads\/2024\/11\/7.png\" data-rel=\"prettyPhoto[image_gallery_pretty_photo-1]\" title=\"2024-09-26-la-ma\u00f1ana-especial-jornades-excellencia.jpg\">\n\t\t\t\t\t\t\t\t\t\t\t<img loading=\"lazy\" decoding=\"async\" width=\"700\" height=\"1000\" src=\"https:\/\/www.jornadesperalexcellencia.cat\/wp-content\/uploads\/2024\/11\/7.png\" class=\"attachment-full size-full\" alt=\"\" srcset=\"https:\/\/www.jornadesperalexcellencia.cat\/wp-content\/uploads\/2024\/11\/7.png 700w, https:\/\/www.jornadesperalexcellencia.cat\/wp-content\/uploads\/2024\/11\/7-210x300.png 210w, https:\/\/www.jornadesperalexcellencia.cat\/wp-content\/uploads\/2024\/11\/7-600x857.png 600w\" sizes=\"auto, (max-width: 700px) 100vw, 700px\" \/>\t\t\t\t\t\t\t\t\t\t\t<\/a>\n\t\t\t\t\t\t\t\t\t<\/div>\n\t\t\t<\/div>\n\t\t\t\t\t<div class=\"qodef-ig-image qodef-item-space\">\n\t\t\t\t<div class=\"qodef-ig-image-inner\">\n\t\t\t\t\t\t\t\t\t\t\t<a itemprop=\"image\" class=\"qodef-ig-lightbox\" href=\"https:\/\/www.jornadesperalexcellencia.cat\/wp-content\/uploads\/2024\/11\/6.png\" data-rel=\"prettyPhoto[image_gallery_pretty_photo-1]\" title=\"2024-09-26-segre-especial-jornades-excellencia.jpg\">\n\t\t\t\t\t\t\t\t\t\t\t<img loading=\"lazy\" decoding=\"async\" width=\"700\" height=\"1000\" src=\"https:\/\/www.jornadesperalexcellencia.cat\/wp-content\/uploads\/2024\/11\/6.png\" class=\"attachment-full size-full\" alt=\"\" srcset=\"https:\/\/www.jornadesperalexcellencia.cat\/wp-content\/uploads\/2024\/11\/6.png 700w, https:\/\/www.jornadesperalexcellencia.cat\/wp-content\/uploads\/2024\/11\/6-210x300.png 210w, https:\/\/www.jornadesperalexcellencia.cat\/wp-content\/uploads\/2024\/11\/6-600x857.png 600w\" sizes=\"auto, (max-width: 700px) 100vw, 700px\" \/>\t\t\t\t\t\t\t\t\t\t\t<\/a>\n\t\t\t\t\t\t\t\t\t<\/div>\n\t\t\t<\/div>\n\t\t\t\t\t<div class=\"qodef-ig-image qodef-item-space\">\n\t\t\t\t<div class=\"qodef-ig-image-inner\">\n\t\t\t\t\t\t\t\t\t\t\t<a itemprop=\"image\" class=\"qodef-ig-lightbox\" href=\"https:\/\/www.jornadesperalexcellencia.cat\/wp-content\/uploads\/2024\/11\/8.png\" data-rel=\"prettyPhoto[image_gallery_pretty_photo-1]\" title=\"2024-10-05-segre-especial-jornades-excellencia-2.jpg\">\n\t\t\t\t\t\t\t\t\t\t\t<img loading=\"lazy\" decoding=\"async\" width=\"700\" height=\"1000\" src=\"https:\/\/www.jornadesperalexcellencia.cat\/wp-content\/uploads\/2024\/11\/8.png\" class=\"attachment-full size-full\" alt=\"\" srcset=\"https:\/\/www.jornadesperalexcellencia.cat\/wp-content\/uploads\/2024\/11\/8.png 700w, https:\/\/www.jornadesperalexcellencia.cat\/wp-content\/uploads\/2024\/11\/8-210x300.png 210w, https:\/\/www.jornadesperalexcellencia.cat\/wp-content\/uploads\/2024\/11\/8-600x857.png 600w\" sizes=\"auto, (max-width: 700px) 100vw, 700px\" \/>\t\t\t\t\t\t\t\t\t\t\t<\/a>\n\t\t\t\t\t\t\t\t\t<\/div>\n\t\t\t<\/div>\n\t\t\t\t\t<div class=\"qodef-ig-image qodef-item-space\">\n\t\t\t\t<div class=\"qodef-ig-image-inner\">\n\t\t\t\t\t\t\t\t\t\t\t<a itemprop=\"image\" class=\"qodef-ig-lightbox\" href=\"https:\/\/www.jornadesperalexcellencia.cat\/wp-content\/uploads\/2024\/11\/5.png\" data-rel=\"prettyPhoto[image_gallery_pretty_photo-1]\" title=\"2024-09-30-segre-especial-jornades-excellencia.jpg\">\n\t\t\t\t\t\t\t\t\t\t\t<img loading=\"lazy\" decoding=\"async\" width=\"700\" height=\"1000\" src=\"https:\/\/www.jornadesperalexcellencia.cat\/wp-content\/uploads\/2024\/11\/5.png\" class=\"attachment-full size-full\" alt=\"\" srcset=\"https:\/\/www.jornadesperalexcellencia.cat\/wp-content\/uploads\/2024\/11\/5.png 700w, https:\/\/www.jornadesperalexcellencia.cat\/wp-content\/uploads\/2024\/11\/5-210x300.png 210w, https:\/\/www.jornadesperalexcellencia.cat\/wp-content\/uploads\/2024\/11\/5-600x857.png 600w\" sizes=\"auto, (max-width: 700px) 100vw, 700px\" \/>\t\t\t\t\t\t\t\t\t\t\t<\/a>\n\t\t\t\t\t\t\t\t\t<\/div>\n\t\t\t<\/div>\n\t\t\t\t\t<div class=\"qodef-ig-image qodef-item-space\">\n\t\t\t\t<div class=\"qodef-ig-image-inner\">\n\t\t\t\t\t\t\t\t\t\t\t<a itemprop=\"image\" class=\"qodef-ig-lightbox\" href=\"https:\/\/www.jornadesperalexcellencia.cat\/wp-content\/uploads\/2024\/11\/4.png\" data-rel=\"prettyPhoto[image_gallery_pretty_photo-1]\" title=\"2024-10-02-segre-especial-jornades-excellencia.jpg\">\n\t\t\t\t\t\t\t\t\t\t\t<img loading=\"lazy\" decoding=\"async\" width=\"700\" height=\"1000\" src=\"https:\/\/www.jornadesperalexcellencia.cat\/wp-content\/uploads\/2024\/11\/4.png\" class=\"attachment-full size-full\" alt=\"\" srcset=\"https:\/\/www.jornadesperalexcellencia.cat\/wp-content\/uploads\/2024\/11\/4.png 700w, https:\/\/www.jornadesperalexcellencia.cat\/wp-content\/uploads\/2024\/11\/4-210x300.png 210w, https:\/\/www.jornadesperalexcellencia.cat\/wp-content\/uploads\/2024\/11\/4-600x857.png 600w\" sizes=\"auto, (max-width: 700px) 100vw, 700px\" \/>\t\t\t\t\t\t\t\t\t\t\t<\/a>\n\t\t\t\t\t\t\t\t\t<\/div>\n\t\t\t<\/div>\n\t\t\t\t\t<div class=\"qodef-ig-image qodef-item-space\">\n\t\t\t\t<div class=\"qodef-ig-image-inner\">\n\t\t\t\t\t\t\t\t\t\t\t<a itemprop=\"image\" class=\"qodef-ig-lightbox\" href=\"https:\/\/www.jornadesperalexcellencia.cat\/wp-content\/uploads\/2024\/11\/3.png\" data-rel=\"prettyPhoto[image_gallery_pretty_photo-1]\" title=\"2024-10-04-segre-especial-jornades-excellencia-3.jpg\">\n\t\t\t\t\t\t\t\t\t\t\t<img loading=\"lazy\" decoding=\"async\" width=\"700\" height=\"1000\" src=\"https:\/\/www.jornadesperalexcellencia.cat\/wp-content\/uploads\/2024\/11\/3.png\" class=\"attachment-full size-full\" alt=\"\" srcset=\"https:\/\/www.jornadesperalexcellencia.cat\/wp-content\/uploads\/2024\/11\/3.png 700w, https:\/\/www.jornadesperalexcellencia.cat\/wp-content\/uploads\/2024\/11\/3-210x300.png 210w, https:\/\/www.jornadesperalexcellencia.cat\/wp-content\/uploads\/2024\/11\/3-600x857.png 600w\" sizes=\"auto, (max-width: 700px) 100vw, 700px\" \/>\t\t\t\t\t\t\t\t\t\t\t<\/a>\n\t\t\t\t\t\t\t\t\t<\/div>\n\t\t\t<\/div>\n\t\t\t\t\t<div class=\"qodef-ig-image qodef-item-space\">\n\t\t\t\t<div class=\"qodef-ig-image-inner\">\n\t\t\t\t\t\t\t\t\t\t\t<a itemprop=\"image\" class=\"qodef-ig-lightbox\" href=\"https:\/\/www.jornadesperalexcellencia.cat\/wp-content\/uploads\/2024\/11\/2024-10-06-segre-especial-jornades-excellencia.jpg\" data-rel=\"prettyPhoto[image_gallery_pretty_photo-1]\" title=\"2024-10-06-segre-especial-jornades-excellencia\">\n\t\t\t\t\t\t\t\t\t\t\t<img loading=\"lazy\" decoding=\"async\" width=\"744\" height=\"532\" src=\"https:\/\/www.jornadesperalexcellencia.cat\/wp-content\/uploads\/2024\/11\/2024-10-06-segre-especial-jornades-excellencia.jpg\" class=\"attachment-full size-full\" alt=\"\" srcset=\"https:\/\/www.jornadesperalexcellencia.cat\/wp-content\/uploads\/2024\/11\/2024-10-06-segre-especial-jornades-excellencia.jpg 744w, https:\/\/www.jornadesperalexcellencia.cat\/wp-content\/uploads\/2024\/11\/2024-10-06-segre-especial-jornades-excellencia-300x215.jpg 300w, https:\/\/www.jornadesperalexcellencia.cat\/wp-content\/uploads\/2024\/11\/2024-10-06-segre-especial-jornades-excellencia-600x429.jpg 600w\" sizes=\"auto, (max-width: 744px) 100vw, 744px\" \/>\t\t\t\t\t\t\t\t\t\t\t<\/a>\n\t\t\t\t\t\t\t\t\t<\/div>\n\t\t\t<\/div>\n\t\t\t<\/div>\n<\/div><\/div><\/div><\/div><\/div><div class=\"vc_row-full-width vc_clearfix\"><\/div>\n","protected":false},"excerpt":{"rendered":"La edici\u00f3n 2024 en los medios Lleida TV\u00a0| 28\/10| | Especial Cafe\u00efna - Jornades per a l'excel\u00b7l\u00e8ncia Lleida TV\u00a0| 25\/10| | Jornades per a l'excel\u00b7l\u00e8ncia - Resum Lleida TV\u00a0| 25\/10| | Jornada Pr\u00e8via a Andorra Lleida TV | 11\/10| | Benvinguda institucional Lleida TV | 11\/10| | Bloc 3. Connectant comunitats - Participaci\u00f3 activa (Teixit associatiu) Lleida TV | 11\/10| | Bloc 3. Connectant comunitats - Cultivant vincles (Oci, lleure i esport) Lleida TV | 11\/10| | Bloc 3. Connectant [...]","protected":false},"author":1,"featured_media":0,"parent":0,"menu_order":0,"comment_status":"closed","ping_status":"closed","template":"full-width.php","meta":{"footnotes":""},"class_list":["post-10713","page","type-page","status-publish","hentry"],"yoast_head":"<!-- This site is optimized with the Yoast SEO plugin v27.5 - https:\/\/yoast.com\/product\/yoast-seo-wordpress\/ -->\n<title>Prensa 2024 - Jornades per a l&#039;excel\u00b7l\u00e8ncia<\/title>\n<meta name=\"description\" content=\"Aparici\u00f3n de Jornades per a l&#039;Excel\u00b7l\u00e8ncia en prensa durante el a\u00f1o 2020: Segre, La Vanguardia, La Ma\u00f1ana, Ondacero, El Peri\u00f2dic...\" \/>\n<meta name=\"robots\" content=\"index, follow, max-snippet:-1, max-image-preview:large, max-video-preview:-1\" \/>\n<link rel=\"canonical\" href=\"https:\/\/www.jornadesperalexcellencia.cat\/es\/prensa-2024\/\" \/>\n<meta property=\"og:locale\" content=\"es_ES\" \/>\n<meta property=\"og:type\" content=\"article\" \/>\n<meta property=\"og:title\" content=\"Prensa 2024 - Jornades per a l&#039;excel\u00b7l\u00e8ncia\" \/>\n<meta property=\"og:description\" content=\"Aparici\u00f3n de Jornades per a l&#039;Excel\u00b7l\u00e8ncia en prensa durante el a\u00f1o 2020: Segre, La Vanguardia, La Ma\u00f1ana, Ondacero, El Peri\u00f2dic...\" \/>\n<meta property=\"og:url\" content=\"https:\/\/www.jornadesperalexcellencia.cat\/es\/prensa-2024\/\" \/>\n<meta property=\"og:site_name\" content=\"Jornades per a l&#039;excel\u00b7l\u00e8ncia\" \/>\n<meta property=\"article:modified_time\" content=\"2025-09-16T08:21:29+00:00\" \/>\n<meta name=\"twitter:card\" content=\"summary_large_image\" \/>\n<meta name=\"twitter:label1\" content=\"Tiempo de lectura\" \/>\n\t<meta name=\"twitter:data1\" content=\"4 minutos\" \/>\n<script type=\"application\/ld+json\" class=\"yoast-schema-graph\">{\"@context\":\"https:\\\/\\\/schema.org\",\"@graph\":[{\"@type\":\"WebPage\",\"@id\":\"https:\\\/\\\/www.jornadesperalexcellencia.cat\\\/es\\\/prensa-2024\\\/\",\"url\":\"https:\\\/\\\/www.jornadesperalexcellencia.cat\\\/es\\\/prensa-2024\\\/\",\"name\":\"Prensa 2024 - Jornades per a l&#039;excel\u00b7l\u00e8ncia\",\"isPartOf\":{\"@id\":\"https:\\\/\\\/www.jornadesperalexcellencia.cat\\\/es\\\/#website\"},\"datePublished\":\"2024-11-15T08:43:54+00:00\",\"dateModified\":\"2025-09-16T08:21:29+00:00\",\"description\":\"Aparici\u00f3n de Jornades per a l'Excel\u00b7l\u00e8ncia en prensa durante el a\u00f1o 2020: Segre, La Vanguardia, La Ma\u00f1ana, Ondacero, El Peri\u00f2dic...\",\"breadcrumb\":{\"@id\":\"https:\\\/\\\/www.jornadesperalexcellencia.cat\\\/es\\\/prensa-2024\\\/#breadcrumb\"},\"inLanguage\":\"es\",\"potentialAction\":[{\"@type\":\"ReadAction\",\"target\":[\"https:\\\/\\\/www.jornadesperalexcellencia.cat\\\/es\\\/prensa-2024\\\/\"]}]},{\"@type\":\"BreadcrumbList\",\"@id\":\"https:\\\/\\\/www.jornadesperalexcellencia.cat\\\/es\\\/prensa-2024\\\/#breadcrumb\",\"itemListElement\":[{\"@type\":\"ListItem\",\"position\":1,\"name\":\"Inici\",\"item\":\"https:\\\/\\\/www.jornadesperalexcellencia.cat\\\/es\\\/inicio\\\/\"},{\"@type\":\"ListItem\",\"position\":2,\"name\":\"Prensa 2024\"}]},{\"@type\":\"WebSite\",\"@id\":\"https:\\\/\\\/www.jornadesperalexcellencia.cat\\\/es\\\/#website\",\"url\":\"https:\\\/\\\/www.jornadesperalexcellencia.cat\\\/es\\\/\",\"name\":\"Jornades per a l&#039;excel\u00b7l\u00e8ncia\",\"description\":\"Confer\u00e8ncies anuals per al progr\u00e9s i desenvolupament dels territoris del Pirineu. Esterri d&#039;\u00c0neu i Andorra.\",\"alternateName\":\"Jornades per a l'excel\u00b7l\u00e8ncia\",\"potentialAction\":[{\"@type\":\"SearchAction\",\"target\":{\"@type\":\"EntryPoint\",\"urlTemplate\":\"https:\\\/\\\/www.jornadesperalexcellencia.cat\\\/es\\\/?s={search_term_string}\"},\"query-input\":{\"@type\":\"PropertyValueSpecification\",\"valueRequired\":true,\"valueName\":\"search_term_string\"}}],\"inLanguage\":\"es\"}]}<\/script>\n<!-- \/ Yoast SEO plugin. -->","yoast_head_json":{"title":"Prensa 2024 - Jornades per a l&#039;excel\u00b7l\u00e8ncia","description":"Aparici\u00f3n de Jornades per a l'Excel\u00b7l\u00e8ncia en prensa durante el a\u00f1o 2020: Segre, La Vanguardia, La Ma\u00f1ana, Ondacero, El Peri\u00f2dic...","robots":{"index":"index","follow":"follow","max-snippet":"max-snippet:-1","max-image-preview":"max-image-preview:large","max-video-preview":"max-video-preview:-1"},"canonical":"https:\/\/www.jornadesperalexcellencia.cat\/es\/prensa-2024\/","og_locale":"es_ES","og_type":"article","og_title":"Prensa 2024 - Jornades per a l&#039;excel\u00b7l\u00e8ncia","og_description":"Aparici\u00f3n de Jornades per a l'Excel\u00b7l\u00e8ncia en prensa durante el a\u00f1o 2020: Segre, La Vanguardia, La Ma\u00f1ana, Ondacero, El Peri\u00f2dic...","og_url":"https:\/\/www.jornadesperalexcellencia.cat\/es\/prensa-2024\/","og_site_name":"Jornades per a l&#039;excel\u00b7l\u00e8ncia","article_modified_time":"2025-09-16T08:21:29+00:00","twitter_card":"summary_large_image","twitter_misc":{"Tiempo de lectura":"4 minutos"},"schema":{"@context":"https:\/\/schema.org","@graph":[{"@type":"WebPage","@id":"https:\/\/www.jornadesperalexcellencia.cat\/es\/prensa-2024\/","url":"https:\/\/www.jornadesperalexcellencia.cat\/es\/prensa-2024\/","name":"Prensa 2024 - Jornades per a l&#039;excel\u00b7l\u00e8ncia","isPartOf":{"@id":"https:\/\/www.jornadesperalexcellencia.cat\/es\/#website"},"datePublished":"2024-11-15T08:43:54+00:00","dateModified":"2025-09-16T08:21:29+00:00","description":"Aparici\u00f3n de Jornades per a l'Excel\u00b7l\u00e8ncia en prensa durante el a\u00f1o 2020: Segre, La Vanguardia, La Ma\u00f1ana, Ondacero, El Peri\u00f2dic...","breadcrumb":{"@id":"https:\/\/www.jornadesperalexcellencia.cat\/es\/prensa-2024\/#breadcrumb"},"inLanguage":"es","potentialAction":[{"@type":"ReadAction","target":["https:\/\/www.jornadesperalexcellencia.cat\/es\/prensa-2024\/"]}]},{"@type":"BreadcrumbList","@id":"https:\/\/www.jornadesperalexcellencia.cat\/es\/prensa-2024\/#breadcrumb","itemListElement":[{"@type":"ListItem","position":1,"name":"Inici","item":"https:\/\/www.jornadesperalexcellencia.cat\/es\/inicio\/"},{"@type":"ListItem","position":2,"name":"Prensa 2024"}]},{"@type":"WebSite","@id":"https:\/\/www.jornadesperalexcellencia.cat\/es\/#website","url":"https:\/\/www.jornadesperalexcellencia.cat\/es\/","name":"Jornades per a l&#039;excel\u00b7l\u00e8ncia","description":"Confer\u00e8ncies anuals per al progr\u00e9s i desenvolupament dels territoris del Pirineu. Esterri d&#039;\u00c0neu i Andorra.","alternateName":"Jornades per a l'excel\u00b7l\u00e8ncia","potentialAction":[{"@type":"SearchAction","target":{"@type":"EntryPoint","urlTemplate":"https:\/\/www.jornadesperalexcellencia.cat\/es\/?s={search_term_string}"},"query-input":{"@type":"PropertyValueSpecification","valueRequired":true,"valueName":"search_term_string"}}],"inLanguage":"es"}]}},"_links":{"self":[{"href":"https:\/\/www.jornadesperalexcellencia.cat\/es\/wp-json\/wp\/v2\/pages\/10713","targetHints":{"allow":["GET"]}}],"collection":[{"href":"https:\/\/www.jornadesperalexcellencia.cat\/es\/wp-json\/wp\/v2\/pages"}],"about":[{"href":"https:\/\/www.jornadesperalexcellencia.cat\/es\/wp-json\/wp\/v2\/types\/page"}],"author":[{"embeddable":true,"href":"https:\/\/www.jornadesperalexcellencia.cat\/es\/wp-json\/wp\/v2\/users\/1"}],"replies":[{"embeddable":true,"href":"https:\/\/www.jornadesperalexcellencia.cat\/es\/wp-json\/wp\/v2\/comments?post=10713"}],"version-history":[{"count":1,"href":"https:\/\/www.jornadesperalexcellencia.cat\/es\/wp-json\/wp\/v2\/pages\/10713\/revisions"}],"predecessor-version":[{"id":11641,"href":"https:\/\/www.jornadesperalexcellencia.cat\/es\/wp-json\/wp\/v2\/pages\/10713\/revisions\/11641"}],"wp:attachment":[{"href":"https:\/\/www.jornadesperalexcellencia.cat\/es\/wp-json\/wp\/v2\/media?parent=10713"}],"curies":[{"name":"wp","href":"https:\/\/api.w.org\/{rel}","templated":true}]}}