{"id":10639,"date":"2024-11-06T19:54:27","date_gmt":"2024-11-06T17:54:27","guid":{"rendered":"https:\/\/www.jornadesperalexcellencia.cat\/?page_id=10639"},"modified":"2025-02-14T20:54:22","modified_gmt":"2025-02-14T18:54:22","slug":"mesa-redonda-val-daran-2024","status":"publish","type":"page","link":"https:\/\/www.jornadesperalexcellencia.cat\/es\/mesa-redonda-val-daran-2024\/","title":{"rendered":"Mesa redonda Val d&#8217;Aran 2024"},"content":{"rendered":"<div class=\"qodef-row-grid-section-wrapper\"  ><div class=\"qodef-row-grid-section\"><div class=\"vc_row wpb_row vc_row-fluid vc_custom_1662201811385 vc_column-gap-20 vc_row-o-content-middle vc_row-flex\" ><div class=\"wpb_column vc_column_container vc_col-sm-12\"><div class=\"vc_column-inner\"><div class=\"wpb_wrapper\"><div class=\"vc_row wpb_row vc_inner vc_row-fluid\" ><div class=\"wpb_column vc_column_container vc_col-sm-8\"><div class=\"vc_column-inner\"><div class=\"wpb_wrapper\"><div class=\"qodef-section-title-holder   qodef-st-title-left qodef-st-normal-space qodef-st-with-animation\" >\n\t<div class=\"qodef-st-inner\">\n\t\t\t\t\t<span class=\"qodef-st-tagline\" >\n\t\t\t\tJornades_Excel\u00b7l\u00e8ncia_y_Conselh_Generau_d'Aran_2024\t\t\t<\/span>\n\t\t\t\t\t\t\t<div class=\"qodef-st-title-wrapper\">\n\t\t\t\t<h2 class=\"qodef-st-title\" >\n\t\t\t\t\tMesa redonda\t\t\t\t<\/h2>\n\t\t\t<\/div>\n\t\t\t\t\t\t\t<div class=\"qodef-st-text-wrapper\">\n\t\t\t\t<h5 class=\"qodef-st-text\" >\n\t\t\t\t\t22 de noveme 12h - Era Audiovisuau de Vielha\t\t\t\t<\/h5>\n\t\t\t<\/div>\n\t\t\t<\/div>\n<\/div><\/div><\/div><\/div><div class=\"wpb_column vc_column_container vc_col-sm-4\"><div class=\"vc_column-inner\"><div class=\"wpb_wrapper\"><div class=\"qodef-iwt clearfix  qodef-iwt-icon-left qodef-iwt-icon-medium\">\n\t<div class=\"qodef-iwt-icon\" >\n\t\t\t\t\t\t\t<a itemprop=\"url\" href=\"https:\/\/www.jornadesperalexcellencia.cat\/wp-content\/uploads\/2024\/11\/2024-Jornades-excellencia-ValdAran-Programa.pdf\" target=\"_self\">\n\t\t\t\t\t\t\t\t\t    <span class=\"qodef-icon-shortcode qodef-normal   qodef-icon-medium\"  >\n                    <i class=\"qodef-icon-dripicons dripicon dripicons-document qodef-icon-element\" style=\"\" ><\/i>            <\/span>\n\t\t\t\t\t\t\t\t<\/a>\n\t\t\t<\/div>\n\t<div class=\"qodef-iwt-content\" >\n\t\t\t\t\t<h5 class=\"qodef-iwt-title\" >\n\t\t\t\t\t\t\t\t\t<a itemprop=\"url\" href=\"https:\/\/www.jornadesperalexcellencia.cat\/wp-content\/uploads\/2024\/11\/2024-Jornades-excellencia-ValdAran-Programa.pdf\" target=\"_self\">\n\t\t\t\t\t\t\t\t<span class=\"qodef-iwt-title-text\">Programa<\/span>\n\t\t\t\t\t\t\t\t\t<\/a>\n\t\t\t\t\t\t\t<\/h5>\n\t\t\t\t\t<\/div>\n<\/div><\/div><\/div><\/div><\/div><div class=\"vc_empty_space\"   style=\"height: 52px\"><span class=\"vc_empty_space_inner\"><\/span><\/div>\n\t<div class=\"wpb_text_column wpb_content_element\" >\n\t\t<div class=\"wpb_wrapper\">\n\t\t\t<p>En el marco de la und\u00e9cima edici\u00f3n de las Jornadas para la excelencia de Esterri d&#8217;\u00c0neu, se celebra por primera vez en la Val d&#8217;Aran, la mesa redonda:<\/p>\n<h2>Juventud en el Pirineo:<\/h2>\n<h3>Proyecto vital y profesional<\/h3>\n<p>Queremos poner en el punto de mira nuestro capital humano, que a la vez sois nuestro presente y nuestro futuro, los J\u00f3venes del Pirineo. Nos centraremos en su proyecto vital y exploraremos las alternativas profesionales que se les ofrece en los territorios de monta\u00f1a. Les queremos dar voz siendo los protagonistas de esta edici\u00f3n; queremos compartir y debatir sobre sus aspiraciones y experiencias profesionales, la oferta formativa territorial, las nuevas profesiones, la digitalizaci\u00f3n y el impacto de la IA. Adem\u00e1s, queremos hablar sobre la situaci\u00f3n de la vivienda, una de las principales limitaciones para el arraigo; tambi\u00e9n de las fortalezas y los retos de la oferta del ocio, del deporte y del tejido asociativo. Tambi\u00e9n, queremos hacer de altavoz de todos los servicios y recursos que los j\u00f3venes tienen a su disposici\u00f3n a las Oficinas J\u00f3venes de cada comarca de la veguer\u00eda del Alto Pirineo y Ar\u00e1n, como tambi\u00e9n desde los \u00abEspais i Punts Joves dels Comuns\u00bb y del Gobierno de Andorra.<\/p>\n\n\t\t<\/div>\n\t<\/div>\n<div class=\"vc_empty_space\"   style=\"height: 52px\"><span class=\"vc_empty_space_inner\"><\/span><\/div>\n\t<div class=\"wpb_text_column wpb_content_element\" >\n\t\t<div class=\"wpb_wrapper\">\n\t\t\t<h3>SESI\u00d3N DE ABERTURA<\/h3>\n<p><strong>Sr. Jes\u00fas Montoliu<\/strong>, presidente de la <em>Associaci\u00f3 de les Jornades per a l&#8217;excel\u00b7l\u00e8ncia a l&#8217;alta muntanya<\/em><\/p>\n<p><strong>Ilmo. Sr. Juan Antonio Serrano<\/strong>, alcalde de Vielha Mijaran<br \/>\n<strong>Mgfca. Sra. Maria Menis Farr\u00e9<\/strong>, Consejera de Joventud, igualdad e inclusi\u00f3n social del Conselh Generau d\u2019Aran<br \/>\n<u>Mesas redondas<\/u><\/p>\n<h4>LIDERANDO EL CAMBIO. J\u00f3venes y emprendimiento<\/h4>\n<p><strong>Sra. Clara Gibert<\/strong>, marketing de Nnormal, usuaria coworking Val d&#8217;Aran<br \/>\n<strong>Sr. Jaime Varela<\/strong>, fot\u00f3grafo y vide\u00f3grafo freelance y emprenedor<br \/>\n<strong>Sr. Arnau Cases<\/strong>, cofundador Cordada Outdoor<\/p>\n<h4>PARTICIPACI\u00d3N ACTIVA. Tejido asociativo<\/h4>\n<p><strong>Sra. Estefania Revilla<\/strong>, tenica der Airau de Joenessa deth Conselh Generau d&#8217;Aran<br \/>\n<strong>Sr. Mart\u00ed Alonso<\/strong>, Infinite Race Val d&#8217;Aran<br \/>\n<strong>Sr. Ruben Vivancos<\/strong>, representante de la Comisi\u00f3n de fiestas de Bossost<\/p>\n<h3>SESI\u00d3N DE CLAUSURA<\/h3>\n<p><strong>Mgfca. Sra. Maria Verg\u00e9s<\/strong>, s\u00edndica d\u2019Aran<\/p>\n\n\t\t<\/div>\n\t<\/div>\n<div class=\"vc_empty_space\"   style=\"height: 52px\"><span class=\"vc_empty_space_inner\"><\/span><\/div>\n\t<div class=\"wpb_text_column wpb_content_element\" >\n\t\t<div class=\"wpb_wrapper\">\n\t\t\t<p>El acontecimiento tendr\u00e1 lugar el viernes d\u00eda 22 de noviembre a las 12h en el cine Era Audiovisuau de Vielha.<\/p>\n\n\t\t<\/div>\n\t<\/div>\n<div class=\"vc_empty_space\"   style=\"height: 52px\"><span class=\"vc_empty_space_inner\"><\/span><\/div><\/div><\/div><\/div><\/div><\/div><\/div><div data-vc-full-width=\"true\" data-vc-full-width-init=\"false\" data-vc-stretch-content=\"true\" class=\"vc_row wpb_row vc_row-fluid\" ><div class=\"wpb_column vc_column_container vc_col-sm-12\"><div class=\"vc_column-inner vc_custom_1739557963668\"><div class=\"wpb_wrapper\"><div class=\"vc_empty_space\"   style=\"height: 38px\"><span class=\"vc_empty_space_inner\"><\/span><\/div><div class=\"qodef-section-title-holder   qodef-st-title-left qodef-st-normal-space qodef-st-with-animation\" style=\"text-align: center\">\n\t<div class=\"qodef-st-inner\">\n\t\t\t\t\t\t\t<div class=\"qodef-st-title-wrapper\">\n\t\t\t\t<h3 class=\"qodef-st-title\" >\n\t\t\t\t\tResumen Fotogr\u00e1fico\t\t\t\t<\/h3>\n\t\t\t<\/div>\n\t\t\t\t\t<\/div>\n<\/div><div class=\"vc_empty_space\"   style=\"height: 38px\"><span class=\"vc_empty_space_inner\"><\/span><\/div><div class=\"qodef-image-gallery qodef-grid-list qodef-disable-bottom-space  qodef-ig-grid-type qodef-three-columns qodef-no-space\">\n\t<div class=\"qodef-ig-inner qodef-outer-space\">\n\t\t\t\t\t<div class=\"qodef-ig-image qodef-item-space\">\n\t\t\t\t<div class=\"qodef-ig-image-inner\">\n\t\t\t\t\t\t\t\t\t\t\t<img loading=\"lazy\" decoding=\"async\" width=\"900\" height=\"600\" src=\"https:\/\/www.jornadesperalexcellencia.cat\/wp-content\/uploads\/2025\/02\/taula-rodona-jornades-excellencia-val-daran-2024.jpg\" class=\"attachment-full size-full\" alt=\"\" srcset=\"https:\/\/www.jornadesperalexcellencia.cat\/wp-content\/uploads\/2025\/02\/taula-rodona-jornades-excellencia-val-daran-2024.jpg 900w, https:\/\/www.jornadesperalexcellencia.cat\/wp-content\/uploads\/2025\/02\/taula-rodona-jornades-excellencia-val-daran-2024-300x200.jpg 300w, https:\/\/www.jornadesperalexcellencia.cat\/wp-content\/uploads\/2025\/02\/taula-rodona-jornades-excellencia-val-daran-2024-768x512.jpg 768w, https:\/\/www.jornadesperalexcellencia.cat\/wp-content\/uploads\/2025\/02\/taula-rodona-jornades-excellencia-val-daran-2024-600x400.jpg 600w\" sizes=\"auto, (max-width: 900px) 100vw, 900px\" \/>\t\t\t\t\t\t\t\t\t<\/div>\n\t\t\t<\/div>\n\t\t\t\t\t<div class=\"qodef-ig-image qodef-item-space\">\n\t\t\t\t<div class=\"qodef-ig-image-inner\">\n\t\t\t\t\t\t\t\t\t\t\t<img loading=\"lazy\" decoding=\"async\" width=\"900\" height=\"600\" src=\"https:\/\/www.jornadesperalexcellencia.cat\/wp-content\/uploads\/2024\/11\/Val-d-Aran-jornades-excellencia-pirineu-2.jpg\" class=\"attachment-full size-full\" alt=\"\" srcset=\"https:\/\/www.jornadesperalexcellencia.cat\/wp-content\/uploads\/2024\/11\/Val-d-Aran-jornades-excellencia-pirineu-2.jpg 900w, https:\/\/www.jornadesperalexcellencia.cat\/wp-content\/uploads\/2024\/11\/Val-d-Aran-jornades-excellencia-pirineu-2-300x200.jpg 300w, https:\/\/www.jornadesperalexcellencia.cat\/wp-content\/uploads\/2024\/11\/Val-d-Aran-jornades-excellencia-pirineu-2-768x512.jpg 768w, https:\/\/www.jornadesperalexcellencia.cat\/wp-content\/uploads\/2024\/11\/Val-d-Aran-jornades-excellencia-pirineu-2-600x400.jpg 600w\" sizes=\"auto, (max-width: 900px) 100vw, 900px\" \/>\t\t\t\t\t\t\t\t\t<\/div>\n\t\t\t<\/div>\n\t\t\t\t\t<div class=\"qodef-ig-image qodef-item-space\">\n\t\t\t\t<div class=\"qodef-ig-image-inner\">\n\t\t\t\t\t\t\t\t\t\t\t<img loading=\"lazy\" decoding=\"async\" width=\"900\" height=\"600\" src=\"https:\/\/www.jornadesperalexcellencia.cat\/wp-content\/uploads\/2025\/02\/taula-rodona-jornades-excellencia-val-daran-2024-2.jpg\" class=\"attachment-full size-full\" alt=\"\" srcset=\"https:\/\/www.jornadesperalexcellencia.cat\/wp-content\/uploads\/2025\/02\/taula-rodona-jornades-excellencia-val-daran-2024-2.jpg 900w, https:\/\/www.jornadesperalexcellencia.cat\/wp-content\/uploads\/2025\/02\/taula-rodona-jornades-excellencia-val-daran-2024-2-300x200.jpg 300w, https:\/\/www.jornadesperalexcellencia.cat\/wp-content\/uploads\/2025\/02\/taula-rodona-jornades-excellencia-val-daran-2024-2-768x512.jpg 768w, https:\/\/www.jornadesperalexcellencia.cat\/wp-content\/uploads\/2025\/02\/taula-rodona-jornades-excellencia-val-daran-2024-2-600x400.jpg 600w\" sizes=\"auto, (max-width: 900px) 100vw, 900px\" \/>\t\t\t\t\t\t\t\t\t<\/div>\n\t\t\t<\/div>\n\t\t\t\t\t<div class=\"qodef-ig-image qodef-item-space\">\n\t\t\t\t<div class=\"qodef-ig-image-inner\">\n\t\t\t\t\t\t\t\t\t\t\t<img loading=\"lazy\" decoding=\"async\" width=\"900\" height=\"600\" src=\"https:\/\/www.jornadesperalexcellencia.cat\/wp-content\/uploads\/2024\/11\/Val-d-Aran-jornades-excellencia-pirineu-1.jpg\" class=\"attachment-full size-full\" alt=\"\" srcset=\"https:\/\/www.jornadesperalexcellencia.cat\/wp-content\/uploads\/2024\/11\/Val-d-Aran-jornades-excellencia-pirineu-1.jpg 900w, https:\/\/www.jornadesperalexcellencia.cat\/wp-content\/uploads\/2024\/11\/Val-d-Aran-jornades-excellencia-pirineu-1-300x200.jpg 300w, https:\/\/www.jornadesperalexcellencia.cat\/wp-content\/uploads\/2024\/11\/Val-d-Aran-jornades-excellencia-pirineu-1-768x512.jpg 768w, https:\/\/www.jornadesperalexcellencia.cat\/wp-content\/uploads\/2024\/11\/Val-d-Aran-jornades-excellencia-pirineu-1-600x400.jpg 600w\" sizes=\"auto, (max-width: 900px) 100vw, 900px\" \/>\t\t\t\t\t\t\t\t\t<\/div>\n\t\t\t<\/div>\n\t\t\t\t\t<div class=\"qodef-ig-image qodef-item-space\">\n\t\t\t\t<div class=\"qodef-ig-image-inner\">\n\t\t\t\t\t\t\t\t\t\t\t<img loading=\"lazy\" decoding=\"async\" width=\"900\" height=\"600\" src=\"https:\/\/www.jornadesperalexcellencia.cat\/wp-content\/uploads\/2024\/11\/Val-d-Aran-jornades-excellencia-pirineu-3.jpg\" class=\"attachment-full size-full\" alt=\"\" srcset=\"https:\/\/www.jornadesperalexcellencia.cat\/wp-content\/uploads\/2024\/11\/Val-d-Aran-jornades-excellencia-pirineu-3.jpg 900w, https:\/\/www.jornadesperalexcellencia.cat\/wp-content\/uploads\/2024\/11\/Val-d-Aran-jornades-excellencia-pirineu-3-300x200.jpg 300w, https:\/\/www.jornadesperalexcellencia.cat\/wp-content\/uploads\/2024\/11\/Val-d-Aran-jornades-excellencia-pirineu-3-768x512.jpg 768w, https:\/\/www.jornadesperalexcellencia.cat\/wp-content\/uploads\/2024\/11\/Val-d-Aran-jornades-excellencia-pirineu-3-600x400.jpg 600w\" sizes=\"auto, (max-width: 900px) 100vw, 900px\" \/>\t\t\t\t\t\t\t\t\t<\/div>\n\t\t\t<\/div>\n\t\t\t\t\t<div class=\"qodef-ig-image qodef-item-space\">\n\t\t\t\t<div class=\"qodef-ig-image-inner\">\n\t\t\t\t\t\t\t\t\t\t\t<img loading=\"lazy\" decoding=\"async\" width=\"900\" height=\"600\" src=\"https:\/\/www.jornadesperalexcellencia.cat\/wp-content\/uploads\/2025\/02\/taula-rodona-jornades-excellencia-val-daran-2024-1.jpg\" class=\"attachment-full size-full\" alt=\"\" srcset=\"https:\/\/www.jornadesperalexcellencia.cat\/wp-content\/uploads\/2025\/02\/taula-rodona-jornades-excellencia-val-daran-2024-1.jpg 900w, https:\/\/www.jornadesperalexcellencia.cat\/wp-content\/uploads\/2025\/02\/taula-rodona-jornades-excellencia-val-daran-2024-1-300x200.jpg 300w, https:\/\/www.jornadesperalexcellencia.cat\/wp-content\/uploads\/2025\/02\/taula-rodona-jornades-excellencia-val-daran-2024-1-768x512.jpg 768w, https:\/\/www.jornadesperalexcellencia.cat\/wp-content\/uploads\/2025\/02\/taula-rodona-jornades-excellencia-val-daran-2024-1-600x400.jpg 600w\" sizes=\"auto, (max-width: 900px) 100vw, 900px\" \/>\t\t\t\t\t\t\t\t\t<\/div>\n\t\t\t<\/div>\n\t\t\t<\/div>\n<\/div><\/div><\/div><\/div><\/div><div class=\"vc_row-full-width vc_clearfix\"><\/div><div class=\"vc_row wpb_row vc_row-fluid\" ><div class=\"wpb_column vc_column_container vc_col-sm-12\"><div class=\"vc_column-inner\"><div class=\"wpb_wrapper\"><div class=\"vc_empty_space\"   style=\"height: 38px\"><span class=\"vc_empty_space_inner\"><\/span><\/div><div class=\"qodef-section-title-holder   qodef-st-title-left qodef-st-normal-space qodef-st-with-animation\" style=\"text-align: center\">\n\t<div class=\"qodef-st-inner\">\n\t\t\t\t\t\t\t<div class=\"qodef-st-title-wrapper\">\n\t\t\t\t<h3 class=\"qodef-st-title\" >\n\t\t\t\t\tPonentes \/ Participantes\t\t\t\t<\/h3>\n\t\t\t<\/div>\n\t\t\t\t\t<\/div>\n<\/div><div class=\"vc_empty_space\"   style=\"height: 38px\"><span class=\"vc_empty_space_inner\"><\/span><\/div><div class=\"qodef-team-list-holder qodef-grid-list qodef-disable-bottom-space qodef-tl-standard  qodef-five-columns qodef-no-space qodef-tl-with-animation qodef-team-popup\" data-number-of-columns=\"five\" data-enable-navigation=\"no\" data-enable-pagination=\"no\">\n\t<div class=\"qodef-tl-inner qodef-outer-space\">\n\t\t<div class=\"qodef-team qodef-item-space info-hover\" data-member-id=\"9395\">\n    <div class=\"qodef-team-inner\">\n                    <div class=\"qodef-team-image\">\n                <img loading=\"lazy\" decoding=\"async\" width=\"800\" height=\"806\" src=\"https:\/\/www.jornadesperalexcellencia.cat\/wp-content\/uploads\/2023\/09\/Arnau-Cases-jornades-excellencia-futur-pirineu.jpg\" class=\"attachment-post-thumbnail size-post-thumbnail wp-post-image\" alt=\"\" srcset=\"https:\/\/www.jornadesperalexcellencia.cat\/wp-content\/uploads\/2023\/09\/Arnau-Cases-jornades-excellencia-futur-pirineu.jpg 800w, https:\/\/www.jornadesperalexcellencia.cat\/wp-content\/uploads\/2023\/09\/Arnau-Cases-jornades-excellencia-futur-pirineu-298x300.jpg 298w, https:\/\/www.jornadesperalexcellencia.cat\/wp-content\/uploads\/2023\/09\/Arnau-Cases-jornades-excellencia-futur-pirineu-150x150.jpg 150w, https:\/\/www.jornadesperalexcellencia.cat\/wp-content\/uploads\/2023\/09\/Arnau-Cases-jornades-excellencia-futur-pirineu-768x774.jpg 768w, https:\/\/www.jornadesperalexcellencia.cat\/wp-content\/uploads\/2023\/09\/Arnau-Cases-jornades-excellencia-futur-pirineu-600x605.jpg 600w, https:\/\/www.jornadesperalexcellencia.cat\/wp-content\/uploads\/2023\/09\/Arnau-Cases-jornades-excellencia-futur-pirineu-100x100.jpg 100w\" sizes=\"auto, (max-width: 800px) 100vw, 800px\" \/>                <div class=\"qodef-team-info-tb\">\n                    <div class=\"qodef-team-info-tc\">\n                        <div class=\"qodef-team-title-holder\">\n\t                        \t\t                        <h6 class=\"qodef-team-position\">Cofundador de Cordada Outdoor<\/h6>\n\t                                                    <h3 itemprop=\"name\" class=\"qodef-team-name entry-title\">\n                                <a itemprop=\"url\" href=\"https:\/\/www.jornadesperalexcellencia.cat\/es\/team-member\/arnau-cases-esp\/\">Arnau Cases<\/a>\n                            <\/h3>\n                        <\/div>\n\t                    <div class=\"qodef-team-description-holder\">\n\t\t                    \t                    <\/div>\n                        <div class=\"qodef-team-social-holder-between\">\n                            <div class=\"qodef-team-social\">\n                                <div class=\"qodef-team-social-inner\">\n                                    <div class=\"qodef-team-social-wrapp\">\n                                                                            <\/div>\n                                <\/div>\n                            <\/div>\n                        <\/div>\n                    <\/div>\n                <\/div>\n            <\/div>\n            <\/div>\n<\/div><div class=\"qodef-team qodef-item-space info-hover\" data-member-id=\"10757\">\n    <div class=\"qodef-team-inner\">\n                    <div class=\"qodef-team-image\">\n                <img loading=\"lazy\" decoding=\"async\" width=\"800\" height=\"806\" src=\"https:\/\/www.jornadesperalexcellencia.cat\/wp-content\/uploads\/2024\/11\/clara-gibert-jornades-excellencia-pirineu.jpg\" class=\"attachment-post-thumbnail size-post-thumbnail wp-post-image\" alt=\"\" srcset=\"https:\/\/www.jornadesperalexcellencia.cat\/wp-content\/uploads\/2024\/11\/clara-gibert-jornades-excellencia-pirineu.jpg 800w, https:\/\/www.jornadesperalexcellencia.cat\/wp-content\/uploads\/2024\/11\/clara-gibert-jornades-excellencia-pirineu-298x300.jpg 298w, https:\/\/www.jornadesperalexcellencia.cat\/wp-content\/uploads\/2024\/11\/clara-gibert-jornades-excellencia-pirineu-150x150.jpg 150w, https:\/\/www.jornadesperalexcellencia.cat\/wp-content\/uploads\/2024\/11\/clara-gibert-jornades-excellencia-pirineu-768x774.jpg 768w, https:\/\/www.jornadesperalexcellencia.cat\/wp-content\/uploads\/2024\/11\/clara-gibert-jornades-excellencia-pirineu-600x605.jpg 600w, https:\/\/www.jornadesperalexcellencia.cat\/wp-content\/uploads\/2024\/11\/clara-gibert-jornades-excellencia-pirineu-100x100.jpg 100w\" sizes=\"auto, (max-width: 800px) 100vw, 800px\" \/>                <div class=\"qodef-team-info-tb\">\n                    <div class=\"qodef-team-info-tc\">\n                        <div class=\"qodef-team-title-holder\">\n\t                        \t\t                        <h6 class=\"qodef-team-position\">Marketing de Nnormal<\/h6>\n\t                                                    <h3 itemprop=\"name\" class=\"qodef-team-name entry-title\">\n                                <a itemprop=\"url\" href=\"https:\/\/www.jornadesperalexcellencia.cat\/es\/team-member\/clara-gibert-es\/\">Clara Gibert<\/a>\n                            <\/h3>\n                        <\/div>\n\t                    <div class=\"qodef-team-description-holder\">\n\t\t                    \t                    <\/div>\n                        <div class=\"qodef-team-social-holder-between\">\n                            <div class=\"qodef-team-social\">\n                                <div class=\"qodef-team-social-inner\">\n                                    <div class=\"qodef-team-social-wrapp\">\n                                                                            <\/div>\n                                <\/div>\n                            <\/div>\n                        <\/div>\n                    <\/div>\n                <\/div>\n            <\/div>\n            <\/div>\n<\/div><div class=\"qodef-team qodef-item-space info-hover\" data-member-id=\"10755\">\n    <div class=\"qodef-team-inner\">\n                    <div class=\"qodef-team-image\">\n                <img loading=\"lazy\" decoding=\"async\" width=\"800\" height=\"806\" src=\"https:\/\/www.jornadesperalexcellencia.cat\/wp-content\/uploads\/2024\/11\/fani-rebilla-jornades-excellencia-pirineu.jpg\" class=\"attachment-post-thumbnail size-post-thumbnail wp-post-image\" alt=\"\" srcset=\"https:\/\/www.jornadesperalexcellencia.cat\/wp-content\/uploads\/2024\/11\/fani-rebilla-jornades-excellencia-pirineu.jpg 800w, https:\/\/www.jornadesperalexcellencia.cat\/wp-content\/uploads\/2024\/11\/fani-rebilla-jornades-excellencia-pirineu-298x300.jpg 298w, https:\/\/www.jornadesperalexcellencia.cat\/wp-content\/uploads\/2024\/11\/fani-rebilla-jornades-excellencia-pirineu-150x150.jpg 150w, https:\/\/www.jornadesperalexcellencia.cat\/wp-content\/uploads\/2024\/11\/fani-rebilla-jornades-excellencia-pirineu-768x774.jpg 768w, https:\/\/www.jornadesperalexcellencia.cat\/wp-content\/uploads\/2024\/11\/fani-rebilla-jornades-excellencia-pirineu-600x605.jpg 600w, https:\/\/www.jornadesperalexcellencia.cat\/wp-content\/uploads\/2024\/11\/fani-rebilla-jornades-excellencia-pirineu-100x100.jpg 100w\" sizes=\"auto, (max-width: 800px) 100vw, 800px\" \/>                <div class=\"qodef-team-info-tb\">\n                    <div class=\"qodef-team-info-tc\">\n                        <div class=\"qodef-team-title-holder\">\n\t                        \t\t                        <h6 class=\"qodef-team-position\">Tenica del \u00c1rea de Juventud del Conselh Generau d&#039;Aran<\/h6>\n\t                                                    <h3 itemprop=\"name\" class=\"qodef-team-name entry-title\">\n                                <a itemprop=\"url\" href=\"https:\/\/www.jornadesperalexcellencia.cat\/es\/team-member\/estefania-revilla-es\/\">Estefania Revilla<\/a>\n                            <\/h3>\n                        <\/div>\n\t                    <div class=\"qodef-team-description-holder\">\n\t\t                    \t                    <\/div>\n                        <div class=\"qodef-team-social-holder-between\">\n                            <div class=\"qodef-team-social\">\n                                <div class=\"qodef-team-social-inner\">\n                                    <div class=\"qodef-team-social-wrapp\">\n                                                                            <\/div>\n                                <\/div>\n                            <\/div>\n                        <\/div>\n                    <\/div>\n                <\/div>\n            <\/div>\n            <\/div>\n<\/div><div class=\"qodef-team qodef-item-space info-hover\" data-member-id=\"10683\">\n    <div class=\"qodef-team-inner\">\n                    <div class=\"qodef-team-image\">\n                <img loading=\"lazy\" decoding=\"async\" width=\"800\" height=\"806\" src=\"https:\/\/www.jornadesperalexcellencia.cat\/wp-content\/uploads\/2024\/11\/Jaime-Varela-jornades-excellencia-pirineu.jpg\" class=\"attachment-post-thumbnail size-post-thumbnail wp-post-image\" alt=\"\" srcset=\"https:\/\/www.jornadesperalexcellencia.cat\/wp-content\/uploads\/2024\/11\/Jaime-Varela-jornades-excellencia-pirineu.jpg 800w, https:\/\/www.jornadesperalexcellencia.cat\/wp-content\/uploads\/2024\/11\/Jaime-Varela-jornades-excellencia-pirineu-298x300.jpg 298w, https:\/\/www.jornadesperalexcellencia.cat\/wp-content\/uploads\/2024\/11\/Jaime-Varela-jornades-excellencia-pirineu-150x150.jpg 150w, https:\/\/www.jornadesperalexcellencia.cat\/wp-content\/uploads\/2024\/11\/Jaime-Varela-jornades-excellencia-pirineu-768x774.jpg 768w, https:\/\/www.jornadesperalexcellencia.cat\/wp-content\/uploads\/2024\/11\/Jaime-Varela-jornades-excellencia-pirineu-600x605.jpg 600w, https:\/\/www.jornadesperalexcellencia.cat\/wp-content\/uploads\/2024\/11\/Jaime-Varela-jornades-excellencia-pirineu-100x100.jpg 100w\" sizes=\"auto, (max-width: 800px) 100vw, 800px\" \/>                <div class=\"qodef-team-info-tb\">\n                    <div class=\"qodef-team-info-tc\">\n                        <div class=\"qodef-team-title-holder\">\n\t                        \t\t                        <h6 class=\"qodef-team-position\">Fot\u00f3grafo y vide\u00f3grafo<\/h6>\n\t                                                    <h3 itemprop=\"name\" class=\"qodef-team-name entry-title\">\n                                <a itemprop=\"url\" href=\"https:\/\/www.jornadesperalexcellencia.cat\/es\/team-member\/jaime-varela-es\/\">Jaime Varela<\/a>\n                            <\/h3>\n                        <\/div>\n\t                    <div class=\"qodef-team-description-holder\">\n\t\t                    \t                    <\/div>\n                        <div class=\"qodef-team-social-holder-between\">\n                            <div class=\"qodef-team-social\">\n                                <div class=\"qodef-team-social-inner\">\n                                    <div class=\"qodef-team-social-wrapp\">\n                                                                            <\/div>\n                                <\/div>\n                            <\/div>\n                        <\/div>\n                    <\/div>\n                <\/div>\n            <\/div>\n            <\/div>\n<\/div><div class=\"qodef-team qodef-item-space info-hover\" data-member-id=\"5108\">\n    <div class=\"qodef-team-inner\">\n                    <div class=\"qodef-team-image\">\n                <img loading=\"lazy\" decoding=\"async\" width=\"800\" height=\"806\" src=\"https:\/\/www.jornadesperalexcellencia.cat\/wp-content\/uploads\/2021\/01\/Jesus-Montoliu-jornades-excellencia-futur-pirineu.jpg\" class=\"attachment-post-thumbnail size-post-thumbnail wp-post-image\" alt=\"\" srcset=\"https:\/\/www.jornadesperalexcellencia.cat\/wp-content\/uploads\/2021\/01\/Jesus-Montoliu-jornades-excellencia-futur-pirineu.jpg 800w, https:\/\/www.jornadesperalexcellencia.cat\/wp-content\/uploads\/2021\/01\/Jesus-Montoliu-jornades-excellencia-futur-pirineu-298x300.jpg 298w, https:\/\/www.jornadesperalexcellencia.cat\/wp-content\/uploads\/2021\/01\/Jesus-Montoliu-jornades-excellencia-futur-pirineu-150x150.jpg 150w, https:\/\/www.jornadesperalexcellencia.cat\/wp-content\/uploads\/2021\/01\/Jesus-Montoliu-jornades-excellencia-futur-pirineu-768x774.jpg 768w, https:\/\/www.jornadesperalexcellencia.cat\/wp-content\/uploads\/2021\/01\/Jesus-Montoliu-jornades-excellencia-futur-pirineu-600x605.jpg 600w, https:\/\/www.jornadesperalexcellencia.cat\/wp-content\/uploads\/2021\/01\/Jesus-Montoliu-jornades-excellencia-futur-pirineu-100x100.jpg 100w\" sizes=\"auto, (max-width: 800px) 100vw, 800px\" \/>                <div class=\"qodef-team-info-tb\">\n                    <div class=\"qodef-team-info-tc\">\n                        <div class=\"qodef-team-title-holder\">\n\t                        \t\t                        <h6 class=\"qodef-team-position\">Presidente de las Jornades per a l&#039;excel\u00b7l\u00e8ncia a l&#039;alta muntanya<\/h6>\n\t                                                    <h3 itemprop=\"name\" class=\"qodef-team-name entry-title\">\n                                <a itemprop=\"url\" href=\"https:\/\/www.jornadesperalexcellencia.cat\/es\/team-member\/jesus-montoliu-esp\/\">Jes\u00fas Montoliu<\/a>\n                            <\/h3>\n                        <\/div>\n\t                    <div class=\"qodef-team-description-holder\">\n\t\t                    \t                    <\/div>\n                        <div class=\"qodef-team-social-holder-between\">\n                            <div class=\"qodef-team-social\">\n                                <div class=\"qodef-team-social-inner\">\n                                    <div class=\"qodef-team-social-wrapp\">\n                                                                            <\/div>\n                                <\/div>\n                            <\/div>\n                        <\/div>\n                    <\/div>\n                <\/div>\n            <\/div>\n            <\/div>\n<\/div><div class=\"qodef-team qodef-item-space info-hover\" data-member-id=\"5405\">\n    <div class=\"qodef-team-inner\">\n                    <div class=\"qodef-team-image\">\n                <img loading=\"lazy\" decoding=\"async\" width=\"800\" height=\"806\" src=\"https:\/\/www.jornadesperalexcellencia.cat\/wp-content\/uploads\/2021\/01\/jornades_excellencia-josep-puigbo_2016.jpg\" class=\"attachment-post-thumbnail size-post-thumbnail wp-post-image\" alt=\"\" srcset=\"https:\/\/www.jornadesperalexcellencia.cat\/wp-content\/uploads\/2021\/01\/jornades_excellencia-josep-puigbo_2016.jpg 800w, https:\/\/www.jornadesperalexcellencia.cat\/wp-content\/uploads\/2021\/01\/jornades_excellencia-josep-puigbo_2016-100x100.jpg 100w, https:\/\/www.jornadesperalexcellencia.cat\/wp-content\/uploads\/2021\/01\/jornades_excellencia-josep-puigbo_2016-600x605.jpg 600w, https:\/\/www.jornadesperalexcellencia.cat\/wp-content\/uploads\/2021\/01\/jornades_excellencia-josep-puigbo_2016-298x300.jpg 298w, https:\/\/www.jornadesperalexcellencia.cat\/wp-content\/uploads\/2021\/01\/jornades_excellencia-josep-puigbo_2016-150x150.jpg 150w, https:\/\/www.jornadesperalexcellencia.cat\/wp-content\/uploads\/2021\/01\/jornades_excellencia-josep-puigbo_2016-768x774.jpg 768w\" sizes=\"auto, (max-width: 800px) 100vw, 800px\" \/>                <div class=\"qodef-team-info-tb\">\n                    <div class=\"qodef-team-info-tc\">\n                        <div class=\"qodef-team-title-holder\">\n\t                        \t\t                        <h6 class=\"qodef-team-position\"> Periodista y asesor de comunicaci\u00f3n<\/h6>\n\t                                                    <h3 itemprop=\"name\" class=\"qodef-team-name entry-title\">\n                                <a itemprop=\"url\" href=\"https:\/\/www.jornadesperalexcellencia.cat\/es\/team-member\/josep-puigbo-esp\/\">Josep Puigb\u00f3<\/a>\n                            <\/h3>\n                        <\/div>\n\t                    <div class=\"qodef-team-description-holder\">\n\t\t                    \t                    <\/div>\n                        <div class=\"qodef-team-social-holder-between\">\n                            <div class=\"qodef-team-social\">\n                                <div class=\"qodef-team-social-inner\">\n                                    <div class=\"qodef-team-social-wrapp\">\n                                                                            <\/div>\n                                <\/div>\n                            <\/div>\n                        <\/div>\n                    <\/div>\n                <\/div>\n            <\/div>\n            <\/div>\n<\/div><div class=\"qodef-team qodef-item-space info-hover\" data-member-id=\"10626\">\n    <div class=\"qodef-team-inner\">\n                    <div class=\"qodef-team-image\">\n                <img loading=\"lazy\" decoding=\"async\" width=\"800\" height=\"806\" src=\"https:\/\/www.jornadesperalexcellencia.cat\/wp-content\/uploads\/2021\/01\/Juan-Antonio-Serrano-jornades-excellencia-pirineu-2024.jpg\" class=\"attachment-post-thumbnail size-post-thumbnail wp-post-image\" alt=\"\" srcset=\"https:\/\/www.jornadesperalexcellencia.cat\/wp-content\/uploads\/2021\/01\/Juan-Antonio-Serrano-jornades-excellencia-pirineu-2024.jpg 800w, https:\/\/www.jornadesperalexcellencia.cat\/wp-content\/uploads\/2021\/01\/Juan-Antonio-Serrano-jornades-excellencia-pirineu-2024-298x300.jpg 298w, https:\/\/www.jornadesperalexcellencia.cat\/wp-content\/uploads\/2021\/01\/Juan-Antonio-Serrano-jornades-excellencia-pirineu-2024-150x150.jpg 150w, https:\/\/www.jornadesperalexcellencia.cat\/wp-content\/uploads\/2021\/01\/Juan-Antonio-Serrano-jornades-excellencia-pirineu-2024-768x774.jpg 768w, https:\/\/www.jornadesperalexcellencia.cat\/wp-content\/uploads\/2021\/01\/Juan-Antonio-Serrano-jornades-excellencia-pirineu-2024-600x605.jpg 600w, https:\/\/www.jornadesperalexcellencia.cat\/wp-content\/uploads\/2021\/01\/Juan-Antonio-Serrano-jornades-excellencia-pirineu-2024-100x100.jpg 100w\" sizes=\"auto, (max-width: 800px) 100vw, 800px\" \/>                <div class=\"qodef-team-info-tb\">\n                    <div class=\"qodef-team-info-tc\">\n                        <div class=\"qodef-team-title-holder\">\n\t                        \t\t                        <h6 class=\"qodef-team-position\">Alcalde de Vielha Mijaran<\/h6>\n\t                                                    <h3 itemprop=\"name\" class=\"qodef-team-name entry-title\">\n                                <a itemprop=\"url\" href=\"https:\/\/www.jornadesperalexcellencia.cat\/es\/team-member\/juan-antonio-serrano-es\/\">Juan Antonio Serrano<\/a>\n                            <\/h3>\n                        <\/div>\n\t                    <div class=\"qodef-team-description-holder\">\n\t\t                    \t                    <\/div>\n                        <div class=\"qodef-team-social-holder-between\">\n                            <div class=\"qodef-team-social\">\n                                <div class=\"qodef-team-social-inner\">\n                                    <div class=\"qodef-team-social-wrapp\">\n                                                                            <\/div>\n                                <\/div>\n                            <\/div>\n                        <\/div>\n                    <\/div>\n                <\/div>\n            <\/div>\n            <\/div>\n<\/div><div class=\"qodef-team qodef-item-space info-hover\" data-member-id=\"10627\">\n    <div class=\"qodef-team-inner\">\n                    <div class=\"qodef-team-image\">\n                <img loading=\"lazy\" decoding=\"async\" width=\"800\" height=\"806\" src=\"https:\/\/www.jornadesperalexcellencia.cat\/wp-content\/uploads\/2021\/01\/Maria-Melis-jornades-excellencia-pirineu-2024.jpg\" class=\"attachment-post-thumbnail size-post-thumbnail wp-post-image\" alt=\"\" srcset=\"https:\/\/www.jornadesperalexcellencia.cat\/wp-content\/uploads\/2021\/01\/Maria-Melis-jornades-excellencia-pirineu-2024.jpg 800w, https:\/\/www.jornadesperalexcellencia.cat\/wp-content\/uploads\/2021\/01\/Maria-Melis-jornades-excellencia-pirineu-2024-298x300.jpg 298w, https:\/\/www.jornadesperalexcellencia.cat\/wp-content\/uploads\/2021\/01\/Maria-Melis-jornades-excellencia-pirineu-2024-150x150.jpg 150w, https:\/\/www.jornadesperalexcellencia.cat\/wp-content\/uploads\/2021\/01\/Maria-Melis-jornades-excellencia-pirineu-2024-768x774.jpg 768w, https:\/\/www.jornadesperalexcellencia.cat\/wp-content\/uploads\/2021\/01\/Maria-Melis-jornades-excellencia-pirineu-2024-600x605.jpg 600w, https:\/\/www.jornadesperalexcellencia.cat\/wp-content\/uploads\/2021\/01\/Maria-Melis-jornades-excellencia-pirineu-2024-100x100.jpg 100w\" sizes=\"auto, (max-width: 800px) 100vw, 800px\" \/>                <div class=\"qodef-team-info-tb\">\n                    <div class=\"qodef-team-info-tc\">\n                        <div class=\"qodef-team-title-holder\">\n\t                        \t\t                        <h6 class=\"qodef-team-position\">Consejera de Juventud, Igualdad e inclusi\u00f3n social del Conselh Generau d\u2019Aran<\/h6>\n\t                                                    <h3 itemprop=\"name\" class=\"qodef-team-name entry-title\">\n                                <a itemprop=\"url\" href=\"https:\/\/www.jornadesperalexcellencia.cat\/es\/team-member\/maria-menis-farre-es\/\">Maria Menis Farr\u00e9<\/a>\n                            <\/h3>\n                        <\/div>\n\t                    <div class=\"qodef-team-description-holder\">\n\t\t                    \t                    <\/div>\n                        <div class=\"qodef-team-social-holder-between\">\n                            <div class=\"qodef-team-social\">\n                                <div class=\"qodef-team-social-inner\">\n                                    <div class=\"qodef-team-social-wrapp\">\n                                                                            <\/div>\n                                <\/div>\n                            <\/div>\n                        <\/div>\n                    <\/div>\n                <\/div>\n            <\/div>\n            <\/div>\n<\/div><div class=\"qodef-team qodef-item-space info-hover\" data-member-id=\"9430\">\n    <div class=\"qodef-team-inner\">\n                    <div class=\"qodef-team-image\">\n                <img loading=\"lazy\" decoding=\"async\" width=\"800\" height=\"806\" src=\"https:\/\/www.jornadesperalexcellencia.cat\/wp-content\/uploads\/2023\/09\/Maria-Verges-jornades-excellencia-futur-pirineu.jpg\" class=\"attachment-post-thumbnail size-post-thumbnail wp-post-image\" alt=\"\" srcset=\"https:\/\/www.jornadesperalexcellencia.cat\/wp-content\/uploads\/2023\/09\/Maria-Verges-jornades-excellencia-futur-pirineu.jpg 800w, https:\/\/www.jornadesperalexcellencia.cat\/wp-content\/uploads\/2023\/09\/Maria-Verges-jornades-excellencia-futur-pirineu-298x300.jpg 298w, https:\/\/www.jornadesperalexcellencia.cat\/wp-content\/uploads\/2023\/09\/Maria-Verges-jornades-excellencia-futur-pirineu-150x150.jpg 150w, https:\/\/www.jornadesperalexcellencia.cat\/wp-content\/uploads\/2023\/09\/Maria-Verges-jornades-excellencia-futur-pirineu-768x774.jpg 768w, https:\/\/www.jornadesperalexcellencia.cat\/wp-content\/uploads\/2023\/09\/Maria-Verges-jornades-excellencia-futur-pirineu-600x605.jpg 600w, https:\/\/www.jornadesperalexcellencia.cat\/wp-content\/uploads\/2023\/09\/Maria-Verges-jornades-excellencia-futur-pirineu-100x100.jpg 100w\" sizes=\"auto, (max-width: 800px) 100vw, 800px\" \/>                <div class=\"qodef-team-info-tb\">\n                    <div class=\"qodef-team-info-tc\">\n                        <div class=\"qodef-team-title-holder\">\n\t                        \t\t                        <h6 class=\"qodef-team-position\">S\u00edndica de Aran<\/h6>\n\t                                                    <h3 itemprop=\"name\" class=\"qodef-team-name entry-title\">\n                                <a itemprop=\"url\" href=\"https:\/\/www.jornadesperalexcellencia.cat\/es\/team-member\/maria-verges-esp\/\">Maria Verg\u00e9s<\/a>\n                            <\/h3>\n                        <\/div>\n\t                    <div class=\"qodef-team-description-holder\">\n\t\t                    \t                    <\/div>\n                        <div class=\"qodef-team-social-holder-between\">\n                            <div class=\"qodef-team-social\">\n                                <div class=\"qodef-team-social-inner\">\n                                    <div class=\"qodef-team-social-wrapp\">\n                                                                            <\/div>\n                                <\/div>\n                            <\/div>\n                        <\/div>\n                    <\/div>\n                <\/div>\n            <\/div>\n            <\/div>\n<\/div><div class=\"qodef-team qodef-item-space info-hover\" data-member-id=\"10750\">\n    <div class=\"qodef-team-inner\">\n                    <div class=\"qodef-team-image\">\n                <img loading=\"lazy\" decoding=\"async\" width=\"800\" height=\"806\" src=\"https:\/\/www.jornadesperalexcellencia.cat\/wp-content\/uploads\/2024\/11\/marti-alonso-jornades-excellencia-pirineu.jpg\" class=\"attachment-post-thumbnail size-post-thumbnail wp-post-image\" alt=\"\" srcset=\"https:\/\/www.jornadesperalexcellencia.cat\/wp-content\/uploads\/2024\/11\/marti-alonso-jornades-excellencia-pirineu.jpg 800w, https:\/\/www.jornadesperalexcellencia.cat\/wp-content\/uploads\/2024\/11\/marti-alonso-jornades-excellencia-pirineu-298x300.jpg 298w, https:\/\/www.jornadesperalexcellencia.cat\/wp-content\/uploads\/2024\/11\/marti-alonso-jornades-excellencia-pirineu-150x150.jpg 150w, https:\/\/www.jornadesperalexcellencia.cat\/wp-content\/uploads\/2024\/11\/marti-alonso-jornades-excellencia-pirineu-768x774.jpg 768w, https:\/\/www.jornadesperalexcellencia.cat\/wp-content\/uploads\/2024\/11\/marti-alonso-jornades-excellencia-pirineu-600x605.jpg 600w, https:\/\/www.jornadesperalexcellencia.cat\/wp-content\/uploads\/2024\/11\/marti-alonso-jornades-excellencia-pirineu-100x100.jpg 100w\" sizes=\"auto, (max-width: 800px) 100vw, 800px\" \/>                <div class=\"qodef-team-info-tb\">\n                    <div class=\"qodef-team-info-tc\">\n                        <div class=\"qodef-team-title-holder\">\n\t                        \t\t                        <h6 class=\"qodef-team-position\">Infinite Race Val d&#039;Aran<\/h6>\n\t                                                    <h3 itemprop=\"name\" class=\"qodef-team-name entry-title\">\n                                <a itemprop=\"url\" href=\"https:\/\/www.jornadesperalexcellencia.cat\/es\/team-member\/marti-alonso-es\/\">Mart\u00ed Alonso<\/a>\n                            <\/h3>\n                        <\/div>\n\t                    <div class=\"qodef-team-description-holder\">\n\t\t                    \t                    <\/div>\n                        <div class=\"qodef-team-social-holder-between\">\n                            <div class=\"qodef-team-social\">\n                                <div class=\"qodef-team-social-inner\">\n                                    <div class=\"qodef-team-social-wrapp\">\n                                                                            <\/div>\n                                <\/div>\n                            <\/div>\n                        <\/div>\n                    <\/div>\n                <\/div>\n            <\/div>\n            <\/div>\n<\/div><div class=\"qodef-team qodef-item-space info-hover\" data-member-id=\"10681\">\n    <div class=\"qodef-team-inner\">\n                    <div class=\"qodef-team-image\">\n                <img loading=\"lazy\" decoding=\"async\" width=\"800\" height=\"806\" src=\"https:\/\/www.jornadesperalexcellencia.cat\/wp-content\/uploads\/2024\/11\/Ruben-Vivancos-jornades-excellencia-pirineu.jpg\" class=\"attachment-post-thumbnail size-post-thumbnail wp-post-image\" alt=\"\" srcset=\"https:\/\/www.jornadesperalexcellencia.cat\/wp-content\/uploads\/2024\/11\/Ruben-Vivancos-jornades-excellencia-pirineu.jpg 800w, https:\/\/www.jornadesperalexcellencia.cat\/wp-content\/uploads\/2024\/11\/Ruben-Vivancos-jornades-excellencia-pirineu-298x300.jpg 298w, https:\/\/www.jornadesperalexcellencia.cat\/wp-content\/uploads\/2024\/11\/Ruben-Vivancos-jornades-excellencia-pirineu-150x150.jpg 150w, https:\/\/www.jornadesperalexcellencia.cat\/wp-content\/uploads\/2024\/11\/Ruben-Vivancos-jornades-excellencia-pirineu-768x774.jpg 768w, https:\/\/www.jornadesperalexcellencia.cat\/wp-content\/uploads\/2024\/11\/Ruben-Vivancos-jornades-excellencia-pirineu-600x605.jpg 600w, https:\/\/www.jornadesperalexcellencia.cat\/wp-content\/uploads\/2024\/11\/Ruben-Vivancos-jornades-excellencia-pirineu-100x100.jpg 100w\" sizes=\"auto, (max-width: 800px) 100vw, 800px\" \/>                <div class=\"qodef-team-info-tb\">\n                    <div class=\"qodef-team-info-tc\">\n                        <div class=\"qodef-team-title-holder\">\n\t                        \t\t                        <h6 class=\"qodef-team-position\">Representante Comisio\u0301n de fiestas de Bossost<\/h6>\n\t                                                    <h3 itemprop=\"name\" class=\"qodef-team-name entry-title\">\n                                <a itemprop=\"url\" href=\"https:\/\/www.jornadesperalexcellencia.cat\/es\/team-member\/ruben-vivancos-es\/\">Ruben Vivancos<\/a>\n                            <\/h3>\n                        <\/div>\n\t                    <div class=\"qodef-team-description-holder\">\n\t\t                    \t                    <\/div>\n                        <div class=\"qodef-team-social-holder-between\">\n                            <div class=\"qodef-team-social\">\n                                <div class=\"qodef-team-social-inner\">\n                                    <div class=\"qodef-team-social-wrapp\">\n                                                                            <\/div>\n                                <\/div>\n                            <\/div>\n                        <\/div>\n                    <\/div>\n                <\/div>\n            <\/div>\n            <\/div>\n<\/div>\t<\/div>\n<\/div><\/div><\/div><\/div><\/div><div data-vc-full-width=\"true\" data-vc-full-width-init=\"false\" data-vc-stretch-content=\"true\" class=\"vc_row wpb_row vc_row-fluid vc_custom_1730914970227 vc_row-no-padding vc_row-o-content-middle vc_row-flex\" ><div class=\"wpb_column vc_column_container vc_col-sm-12\"><div class=\"vc_column-inner\"><div class=\"wpb_wrapper\">\n\t<div  class=\"wpb_single_image wpb_content_element vc_align_center  vc_custom_1730913852549\">\n\t\t\n\t\t<figure class=\"wpb_wrapper vc_figure\">\n\t\t\t<div class=\"vc_single_image-wrapper   vc_box_border_grey\"><img loading=\"lazy\" decoding=\"async\" width=\"900\" height=\"89\" src=\"https:\/\/www.jornadesperalexcellencia.cat\/wp-content\/uploads\/2024\/11\/Jornades-Excellencia-Conselh-Generau-dAran.png\" class=\"vc_single_image-img attachment-full\" alt=\"\" srcset=\"https:\/\/www.jornadesperalexcellencia.cat\/wp-content\/uploads\/2024\/11\/Jornades-Excellencia-Conselh-Generau-dAran.png 900w, https:\/\/www.jornadesperalexcellencia.cat\/wp-content\/uploads\/2024\/11\/Jornades-Excellencia-Conselh-Generau-dAran-300x30.png 300w, https:\/\/www.jornadesperalexcellencia.cat\/wp-content\/uploads\/2024\/11\/Jornades-Excellencia-Conselh-Generau-dAran-768x76.png 768w, https:\/\/www.jornadesperalexcellencia.cat\/wp-content\/uploads\/2024\/11\/Jornades-Excellencia-Conselh-Generau-dAran-600x59.png 600w\" sizes=\"auto, (max-width: 900px) 100vw, 900px\" \/><\/div>\n\t\t<\/figure>\n\t<\/div>\n<\/div><\/div><\/div><\/div><div class=\"vc_row-full-width vc_clearfix\"><\/div><div data-vc-full-width=\"true\" data-vc-full-width-init=\"false\" data-vc-stretch-content=\"true\" class=\"vc_row wpb_row vc_row-fluid vc_custom_1730914927966 vc_row-has-fill vc_row-no-padding vc_row-o-content-middle vc_row-flex\" ><div class=\"wpb_column vc_column_container vc_col-sm-6\"><div class=\"vc_column-inner\"><div class=\"wpb_wrapper\"><div class=\"qodef-call-to-action-holder  qodef-simple-layout\">\n\t<div class=\"qodef-cta-inner\" >\n\t\t<div class=\"qodef-cta-text-holder\">\n\t\t\t<div class=\"qodef-cta-text\"><\/div>\n\t\t<\/div>\n\t\t<div class=\"qodef-cta-button-holder\" >\n\t\t\t<div class=\"qodef-cta-button\"><a itemprop=\"url\" href=\"https:\/\/www.jornadesperalexcellencia.cat\/es\/edicion-2024\/\" target=\"_blank\" style=\"color: #bd3238;background-color: #ffffff\" class=\"qodef-btn qodef-btn-large qodef-btn-solid qodef-btn-custom-hover-color qodef-with-svg-arrow\" data-hover-color=\"#dbdbdb\" >    <span class=\"qodef-btn-text\">        <span class=\"qodef-btn-text-inner\">INFORMACI\u00d3N JORNADAS EN ESTERRI D&#039;\u00c0NEU - 4-5 | 10 | 24<\/span>                    <svg class=\"qodef-svg-icon\" x=\"0px\" y=\"0px\" viewbox=\"0 0 5 8.7\" enable-background=\"new 0 0 5 8.7\" xml:space=\"preserve\" style=\"color: #bd3238;background-color: #ffffff\">                <path d=\"M0.3,7.6l3.2-3.3L0.3,1.1C0,0.8,0,0.6,0.3,0.3c0.3-0.3,0.5-0.3,0.8,0L4.7,4c0.1,0.1,0.2,0.2,0.2,0.4c0,0.2-0.1,0.3-0.2,0.4                         L1.1,8.4c-0.3,0.3-0.5,0.3-0.8,0C0,8.2,0,7.9,0.3,7.6z\"\/>            <\/svg>            <\/span>    <\/a><\/div>\n\t\t<\/div>\n\t<\/div>\n<\/div><\/div><\/div><\/div><div class=\"wpb_column vc_column_container vc_col-sm-6\"><div class=\"vc_column-inner\"><div class=\"wpb_wrapper\"><div class=\"qodef-call-to-action-holder  qodef-simple-layout\">\n\t<div class=\"qodef-cta-inner\" >\n\t\t<div class=\"qodef-cta-text-holder\">\n\t\t\t<div class=\"qodef-cta-text\"><\/div>\n\t\t<\/div>\n\t\t<div class=\"qodef-cta-button-holder\" >\n\t\t\t<div class=\"qodef-cta-button\"><a itemprop=\"url\" href=\"https:\/\/www.jornadesperalexcellencia.cat\/es\/mesa-redonda-en-andorra-2024\/\" target=\"_blank\" style=\"color: #bd3238;background-color: #ffffff\" class=\"qodef-btn qodef-btn-large qodef-btn-solid qodef-btn-custom-hover-color qodef-with-svg-arrow\" data-hover-color=\"#dbdbdb\" >    <span class=\"qodef-btn-text\">        <span class=\"qodef-btn-text-inner\">INFORMACI\u00d3N MESA REDONDA EN ANDORRA - 19 | 09 | 24<\/span>                    <svg class=\"qodef-svg-icon\" x=\"0px\" y=\"0px\" viewbox=\"0 0 5 8.7\" enable-background=\"new 0 0 5 8.7\" xml:space=\"preserve\" style=\"color: #bd3238;background-color: #ffffff\">                <path d=\"M0.3,7.6l3.2-3.3L0.3,1.1C0,0.8,0,0.6,0.3,0.3c0.3-0.3,0.5-0.3,0.8,0L4.7,4c0.1,0.1,0.2,0.2,0.2,0.4c0,0.2-0.1,0.3-0.2,0.4                         L1.1,8.4c-0.3,0.3-0.5,0.3-0.8,0C0,8.2,0,7.9,0.3,7.6z\"\/>            <\/svg>            <\/span>    <\/a><\/div>\n\t\t<\/div>\n\t<\/div>\n<\/div><\/div><\/div><\/div><\/div><div class=\"vc_row-full-width vc_clearfix\"><\/div>","protected":false},"excerpt":{"rendered":"","protected":false},"author":1,"featured_media":0,"parent":0,"menu_order":0,"comment_status":"closed","ping_status":"closed","template":"full-width.php","meta":{"footnotes":""},"class_list":["post-10639","page","type-page","status-publish","hentry"],"yoast_head":"<!-- This site is optimized with the Yoast SEO plugin v27.5 - https:\/\/yoast.com\/product\/yoast-seo-wordpress\/ -->\n<title>Mesa redonda Val d&#039;Aran 2024 - Jornades per a l&#039;excel\u00b7l\u00e8ncia<\/title>\n<meta name=\"description\" content=\"La a 11a edici\u00f3 de les Jornades per a l&#039;excel\u00b7l\u00e8ncia t\u00e9 com a t\u00edtol Joventut al Pirineu, projecte vital i professional. Taula rodona a Vielha, Val d&#039;Aran.\" \/>\n<meta name=\"robots\" content=\"index, follow, max-snippet:-1, max-image-preview:large, max-video-preview:-1\" \/>\n<link rel=\"canonical\" href=\"https:\/\/www.jornadesperalexcellencia.cat\/es\/mesa-redonda-val-daran-2024\/\" \/>\n<meta property=\"og:locale\" content=\"es_ES\" \/>\n<meta property=\"og:type\" content=\"article\" \/>\n<meta property=\"og:title\" content=\"Mesa redonda Val d&#039;Aran 2024 - Jornades per a l&#039;excel\u00b7l\u00e8ncia\" \/>\n<meta property=\"og:description\" content=\"La a 11a edici\u00f3 de les Jornades per a l&#039;excel\u00b7l\u00e8ncia t\u00e9 com a t\u00edtol Joventut al Pirineu, projecte vital i professional. Taula rodona a Vielha, Val d&#039;Aran.\" \/>\n<meta property=\"og:url\" content=\"https:\/\/www.jornadesperalexcellencia.cat\/es\/mesa-redonda-val-daran-2024\/\" \/>\n<meta property=\"og:site_name\" content=\"Jornades per a l&#039;excel\u00b7l\u00e8ncia\" \/>\n<meta property=\"article:modified_time\" content=\"2025-02-14T18:54:22+00:00\" \/>\n<meta name=\"twitter:card\" content=\"summary_large_image\" \/>\n<meta name=\"twitter:label1\" content=\"Tiempo de lectura\" \/>\n\t<meta name=\"twitter:data1\" content=\"4 minutos\" \/>\n<script type=\"application\/ld+json\" class=\"yoast-schema-graph\">{\"@context\":\"https:\\\/\\\/schema.org\",\"@graph\":[{\"@type\":\"WebPage\",\"@id\":\"https:\\\/\\\/www.jornadesperalexcellencia.cat\\\/es\\\/mesa-redonda-val-daran-2024\\\/\",\"url\":\"https:\\\/\\\/www.jornadesperalexcellencia.cat\\\/es\\\/mesa-redonda-val-daran-2024\\\/\",\"name\":\"Mesa redonda Val d'Aran 2024 - Jornades per a l'excel\u00b7l\u00e8ncia\",\"isPartOf\":{\"@id\":\"https:\\\/\\\/www.jornadesperalexcellencia.cat\\\/es\\\/#website\"},\"datePublished\":\"2024-11-06T17:54:27+00:00\",\"dateModified\":\"2025-02-14T18:54:22+00:00\",\"description\":\"La a 11a edici\u00f3 de les Jornades per a l'excel\u00b7l\u00e8ncia t\u00e9 com a t\u00edtol Joventut al Pirineu, projecte vital i professional. Taula rodona a Vielha, Val d'Aran.\",\"breadcrumb\":{\"@id\":\"https:\\\/\\\/www.jornadesperalexcellencia.cat\\\/es\\\/mesa-redonda-val-daran-2024\\\/#breadcrumb\"},\"inLanguage\":\"es\",\"potentialAction\":[{\"@type\":\"ReadAction\",\"target\":[\"https:\\\/\\\/www.jornadesperalexcellencia.cat\\\/es\\\/mesa-redonda-val-daran-2024\\\/\"]}]},{\"@type\":\"BreadcrumbList\",\"@id\":\"https:\\\/\\\/www.jornadesperalexcellencia.cat\\\/es\\\/mesa-redonda-val-daran-2024\\\/#breadcrumb\",\"itemListElement\":[{\"@type\":\"ListItem\",\"position\":1,\"name\":\"Inici\",\"item\":\"https:\\\/\\\/www.jornadesperalexcellencia.cat\\\/es\\\/inicio\\\/\"},{\"@type\":\"ListItem\",\"position\":2,\"name\":\"Mesa redonda Val d&#8217;Aran 2024\"}]},{\"@type\":\"WebSite\",\"@id\":\"https:\\\/\\\/www.jornadesperalexcellencia.cat\\\/es\\\/#website\",\"url\":\"https:\\\/\\\/www.jornadesperalexcellencia.cat\\\/es\\\/\",\"name\":\"Jornades per a l&#039;excel\u00b7l\u00e8ncia\",\"description\":\"Confer\u00e8ncies anuals per al progr\u00e9s i desenvolupament dels territoris del Pirineu. Esterri d&#039;\u00c0neu i Andorra.\",\"alternateName\":\"Jornades per a l'excel\u00b7l\u00e8ncia\",\"potentialAction\":[{\"@type\":\"SearchAction\",\"target\":{\"@type\":\"EntryPoint\",\"urlTemplate\":\"https:\\\/\\\/www.jornadesperalexcellencia.cat\\\/es\\\/?s={search_term_string}\"},\"query-input\":{\"@type\":\"PropertyValueSpecification\",\"valueRequired\":true,\"valueName\":\"search_term_string\"}}],\"inLanguage\":\"es\"}]}<\/script>\n<!-- \/ Yoast SEO plugin. -->","yoast_head_json":{"title":"Mesa redonda Val d'Aran 2024 - Jornades per a l'excel\u00b7l\u00e8ncia","description":"La a 11a edici\u00f3 de les Jornades per a l'excel\u00b7l\u00e8ncia t\u00e9 com a t\u00edtol Joventut al Pirineu, projecte vital i professional. Taula rodona a Vielha, Val d'Aran.","robots":{"index":"index","follow":"follow","max-snippet":"max-snippet:-1","max-image-preview":"max-image-preview:large","max-video-preview":"max-video-preview:-1"},"canonical":"https:\/\/www.jornadesperalexcellencia.cat\/es\/mesa-redonda-val-daran-2024\/","og_locale":"es_ES","og_type":"article","og_title":"Mesa redonda Val d'Aran 2024 - Jornades per a l'excel\u00b7l\u00e8ncia","og_description":"La a 11a edici\u00f3 de les Jornades per a l'excel\u00b7l\u00e8ncia t\u00e9 com a t\u00edtol Joventut al Pirineu, projecte vital i professional. Taula rodona a Vielha, Val d'Aran.","og_url":"https:\/\/www.jornadesperalexcellencia.cat\/es\/mesa-redonda-val-daran-2024\/","og_site_name":"Jornades per a l&#039;excel\u00b7l\u00e8ncia","article_modified_time":"2025-02-14T18:54:22+00:00","twitter_card":"summary_large_image","twitter_misc":{"Tiempo de lectura":"4 minutos"},"schema":{"@context":"https:\/\/schema.org","@graph":[{"@type":"WebPage","@id":"https:\/\/www.jornadesperalexcellencia.cat\/es\/mesa-redonda-val-daran-2024\/","url":"https:\/\/www.jornadesperalexcellencia.cat\/es\/mesa-redonda-val-daran-2024\/","name":"Mesa redonda Val d'Aran 2024 - Jornades per a l'excel\u00b7l\u00e8ncia","isPartOf":{"@id":"https:\/\/www.jornadesperalexcellencia.cat\/es\/#website"},"datePublished":"2024-11-06T17:54:27+00:00","dateModified":"2025-02-14T18:54:22+00:00","description":"La a 11a edici\u00f3 de les Jornades per a l'excel\u00b7l\u00e8ncia t\u00e9 com a t\u00edtol Joventut al Pirineu, projecte vital i professional. Taula rodona a Vielha, Val d'Aran.","breadcrumb":{"@id":"https:\/\/www.jornadesperalexcellencia.cat\/es\/mesa-redonda-val-daran-2024\/#breadcrumb"},"inLanguage":"es","potentialAction":[{"@type":"ReadAction","target":["https:\/\/www.jornadesperalexcellencia.cat\/es\/mesa-redonda-val-daran-2024\/"]}]},{"@type":"BreadcrumbList","@id":"https:\/\/www.jornadesperalexcellencia.cat\/es\/mesa-redonda-val-daran-2024\/#breadcrumb","itemListElement":[{"@type":"ListItem","position":1,"name":"Inici","item":"https:\/\/www.jornadesperalexcellencia.cat\/es\/inicio\/"},{"@type":"ListItem","position":2,"name":"Mesa redonda Val d&#8217;Aran 2024"}]},{"@type":"WebSite","@id":"https:\/\/www.jornadesperalexcellencia.cat\/es\/#website","url":"https:\/\/www.jornadesperalexcellencia.cat\/es\/","name":"Jornades per a l&#039;excel\u00b7l\u00e8ncia","description":"Confer\u00e8ncies anuals per al progr\u00e9s i desenvolupament dels territoris del Pirineu. Esterri d&#039;\u00c0neu i Andorra.","alternateName":"Jornades per a l'excel\u00b7l\u00e8ncia","potentialAction":[{"@type":"SearchAction","target":{"@type":"EntryPoint","urlTemplate":"https:\/\/www.jornadesperalexcellencia.cat\/es\/?s={search_term_string}"},"query-input":{"@type":"PropertyValueSpecification","valueRequired":true,"valueName":"search_term_string"}}],"inLanguage":"es"}]}},"_links":{"self":[{"href":"https:\/\/www.jornadesperalexcellencia.cat\/es\/wp-json\/wp\/v2\/pages\/10639","targetHints":{"allow":["GET"]}}],"collection":[{"href":"https:\/\/www.jornadesperalexcellencia.cat\/es\/wp-json\/wp\/v2\/pages"}],"about":[{"href":"https:\/\/www.jornadesperalexcellencia.cat\/es\/wp-json\/wp\/v2\/types\/page"}],"author":[{"embeddable":true,"href":"https:\/\/www.jornadesperalexcellencia.cat\/es\/wp-json\/wp\/v2\/users\/1"}],"replies":[{"embeddable":true,"href":"https:\/\/www.jornadesperalexcellencia.cat\/es\/wp-json\/wp\/v2\/comments?post=10639"}],"version-history":[{"count":0,"href":"https:\/\/www.jornadesperalexcellencia.cat\/es\/wp-json\/wp\/v2\/pages\/10639\/revisions"}],"wp:attachment":[{"href":"https:\/\/www.jornadesperalexcellencia.cat\/es\/wp-json\/wp\/v2\/media?parent=10639"}],"curies":[{"name":"wp","href":"https:\/\/api.w.org\/{rel}","templated":true}]}}