{"id":10214,"date":"2024-08-31T17:41:36","date_gmt":"2024-08-31T15:41:36","guid":{"rendered":"https:\/\/www.jornadesperalexcellencia.cat\/?page_id=10214"},"modified":"2025-02-14T20:34:59","modified_gmt":"2025-02-14T18:34:59","slug":"mesa-redonda-en-andorra-2024","status":"publish","type":"page","link":"https:\/\/www.jornadesperalexcellencia.cat\/es\/mesa-redonda-en-andorra-2024\/","title":{"rendered":"Mesa redonda en Andorra 2024"},"content":{"rendered":"<div class=\"qodef-row-grid-section-wrapper\"  ><div class=\"qodef-row-grid-section\"><div class=\"vc_row wpb_row vc_row-fluid vc_custom_1662201811385 vc_column-gap-20 vc_row-o-content-middle vc_row-flex\" ><div class=\"wpb_column vc_column_container vc_col-sm-12\"><div class=\"vc_column-inner\"><div class=\"wpb_wrapper\"><div class=\"vc_row wpb_row vc_inner vc_row-fluid\" ><div class=\"wpb_column vc_column_container vc_col-sm-8\"><div class=\"vc_column-inner\"><div class=\"wpb_wrapper\"><div class=\"qodef-section-title-holder   qodef-st-title-left qodef-st-normal-space qodef-st-with-animation\" >\n\t<div class=\"qodef-st-inner\">\n\t\t\t\t\t<span class=\"qodef-st-tagline\" >\n\t\t\t\tJornades_Excel\u00b7l\u00e8ncia_y_Govern_d'Andorra_2024\t\t\t<\/span>\n\t\t\t\t\t\t\t<div class=\"qodef-st-title-wrapper\">\n\t\t\t\t<h2 class=\"qodef-st-title\" >\n\t\t\t\t\tMesa redonda\t\t\t\t<\/h2>\n\t\t\t<\/div>\n\t\t\t\t\t\t\t<div class=\"qodef-st-text-wrapper\">\n\t\t\t\t<h5 class=\"qodef-st-text\" >\n\t\t\t\t\t19 de septiembre a las 19h - Teatro de Les Fontetes de La Massana\t\t\t\t<\/h5>\n\t\t\t<\/div>\n\t\t\t<\/div>\n<\/div><\/div><\/div><\/div><div class=\"wpb_column vc_column_container vc_col-sm-4\"><div class=\"vc_column-inner\"><div class=\"wpb_wrapper\"><div class=\"qodef-iwt clearfix  qodef-iwt-icon-left qodef-iwt-icon-medium\">\n\t<div class=\"qodef-iwt-icon\" >\n\t\t\t\t\t\t\t<a itemprop=\"url\" href=\"https:\/\/www.jornadesperalexcellencia.cat\/wp-content\/uploads\/2024\/09\/2024-Jornades-Excellencia-Andorra-Joventut-Pirineu-Programa.pdf\" target=\"_blank\">\n\t\t\t\t\t\t\t\t\t    <span class=\"qodef-icon-shortcode qodef-normal   qodef-icon-medium\"  >\n                    <i class=\"qodef-icon-dripicons dripicon dripicons-document qodef-icon-element\" style=\"\" ><\/i>            <\/span>\n\t\t\t\t\t\t\t\t<\/a>\n\t\t\t<\/div>\n\t<div class=\"qodef-iwt-content\" >\n\t\t\t\t\t<h5 class=\"qodef-iwt-title\" >\n\t\t\t\t\t\t\t\t\t<a itemprop=\"url\" href=\"https:\/\/www.jornadesperalexcellencia.cat\/wp-content\/uploads\/2024\/09\/2024-Jornades-Excellencia-Andorra-Joventut-Pirineu-Programa.pdf\" target=\"_blank\">\n\t\t\t\t\t\t\t\t<span class=\"qodef-iwt-title-text\">Programa<\/span>\n\t\t\t\t\t\t\t\t\t<\/a>\n\t\t\t\t\t\t\t<\/h5>\n\t\t\t\t\t<\/div>\n<\/div><\/div><\/div><\/div><\/div><div class=\"vc_empty_space\"   style=\"height: 52px\"><span class=\"vc_empty_space_inner\"><\/span><\/div>\n\t<div class=\"wpb_text_column wpb_content_element\" >\n\t\t<div class=\"wpb_wrapper\">\n\t\t\t<p>En el marco de la oncena edici\u00f3n de las <em>Jornades per a l&#8217;excel\u00b7l\u00e8ncia d&#8217;Esterri d&#8217;\u00c0neu<\/em> se celebra en Andorra la mesa redonda<\/p>\n<h2>Juventud en el Pirineo<\/h2>\n<h3>Proyecto vital y profesional<\/h3>\n\n\t\t<\/div>\n\t<\/div>\n<div class=\"vc_empty_space\"   style=\"height: 52px\"><span class=\"vc_empty_space_inner\"><\/span><\/div>\n\t<div class=\"wpb_text_column wpb_content_element\" >\n\t\t<div class=\"wpb_wrapper\">\n\t\t\t<h4>SESI\u00d3N DE APERTURA<\/h4>\n<p><strong>Hble. Sra. Eva Sansa<\/strong>, c\u00f3nsul mayor de La Massana<br \/>\n<strong>Iltre. Sr. Alain Cabanes<\/strong>, secretario de Estado de Juventud del Gobierno de Andorra<\/p>\n<h4>EL PIRINEO EN EL MUNDO<\/h4>\n<p>Introducci\u00f3n y moderaci\u00f3n por parte de <strong>Safreig, El Podcast<\/strong><\/p>\n<p><u>Mesa redonda<\/u><\/p>\n<p><strong>Sr. Mat\u00edas Rubio<\/strong>, miembro del Consejo Consultivo sobre Juventud del Consejo de Europa<br \/>\n<em>An\u00e1lisis comparado de los retos de los j\u00f3venes a nivel europeo<br \/>\n<em>Iniciativas del Consejo de Europa dirigidas a los j\u00f3venes<\/em><\/em><\/p>\n<p><strong>Sra. Idoia Arauzo<\/strong>, coordinadora de la Unidad de Desarrollo y Dinamizaci\u00f3n de la Comunidad de los Pirineos (CTP)<br \/>\n<em>Retos a la frontera pirenaica<\/em><br \/>\n<em>Iniciativas dirigidas a los j\u00f3venes del Pirineo<\/em><\/p>\n<p><strong>Sra. Isabella Vargas<\/strong>, vicepresidenta del Foro de la Juventud de Andorra<br \/>\n<em>Principales retos de los j\u00f3venes en Andorra<\/em><br \/>\n<em>Implicaci\u00f3n de los j\u00f3venes en el mundo asociativo<\/em><\/p>\n<p><strong>Sr. Anton \u00d2dena<\/strong>, cofundador &amp; CEO en Montpackers.com<br \/>\n<em>Retos y oportunidades de ser joven y emprenedor en Andorra<\/em><\/p>\n<p><u>Coloquio<\/u><br \/>\nIntroducci\u00f3n y animaci\u00f3n por parte de <strong>Fvck y lugar, El Podcast<\/strong><\/p>\n<h4>CONCLUSIONES<\/h4>\n<p><strong>Sr. Jes\u00fas Montoliu<\/strong>, presidente de la Asociaci\u00f3n de las Jornadas per a l&#8217;excel\u00b7l\u00e8ncia a l&#8217;alta muntanya<\/p>\n\n\t\t<\/div>\n\t<\/div>\n<div class=\"vc_empty_space\"   style=\"height: 52px\"><span class=\"vc_empty_space_inner\"><\/span><\/div>\n\t<div class=\"wpb_text_column wpb_content_element\" >\n\t\t<div class=\"wpb_wrapper\">\n\t\t\t<p>El acontecimiento tendr\u00e1 lugar el jueves d\u00eda 19 de septiembre a las 19h en el <strong>Teatro de Les Fontetes de La Massana<\/strong> y se podr\u00e1 ver presencialmente y en streaming en: <a title=\"https:\/\/www.andorradifusio.ad\/\" contenteditable=\"false\" href=\"https:\/\/www.andorradifusio.ad\" target=\"_blank\" rel=\"noopener\">www.andorradifusio.ad<\/a><\/p>\n\n\t\t<\/div>\n\t<\/div>\n<\/div><\/div><\/div><\/div><\/div><\/div><div data-vc-full-width=\"true\" data-vc-full-width-init=\"false\" data-vc-stretch-content=\"true\" class=\"vc_row wpb_row vc_row-fluid\" ><div class=\"wpb_column vc_column_container vc_col-sm-12\"><div class=\"vc_column-inner vc_custom_1739557963668\"><div class=\"wpb_wrapper\"><div class=\"vc_empty_space\"   style=\"height: 38px\"><span class=\"vc_empty_space_inner\"><\/span><\/div><div class=\"qodef-section-title-holder   qodef-st-title-left qodef-st-normal-space qodef-st-with-animation\" style=\"text-align: center\">\n\t<div class=\"qodef-st-inner\">\n\t\t\t\t\t\t\t<div class=\"qodef-st-title-wrapper\">\n\t\t\t\t<h3 class=\"qodef-st-title\" >\n\t\t\t\t\tResumen Fotogr\u00e1fico\t\t\t\t<\/h3>\n\t\t\t<\/div>\n\t\t\t\t\t<\/div>\n<\/div><div class=\"vc_empty_space\"   style=\"height: 38px\"><span class=\"vc_empty_space_inner\"><\/span><\/div><div class=\"qodef-image-gallery qodef-grid-list qodef-disable-bottom-space  qodef-ig-grid-type qodef-three-columns qodef-no-space\">\n\t<div class=\"qodef-ig-inner qodef-outer-space\">\n\t\t\t\t\t<div class=\"qodef-ig-image qodef-item-space\">\n\t\t\t\t<div class=\"qodef-ig-image-inner\">\n\t\t\t\t\t\t\t\t\t\t\t<img loading=\"lazy\" decoding=\"async\" width=\"900\" height=\"600\" src=\"https:\/\/www.jornadesperalexcellencia.cat\/wp-content\/uploads\/2024\/09\/2024-Jornades-Excellencia-Andorra-Joventut-2.jpg\" class=\"attachment-full size-full\" alt=\"\" srcset=\"https:\/\/www.jornadesperalexcellencia.cat\/wp-content\/uploads\/2024\/09\/2024-Jornades-Excellencia-Andorra-Joventut-2.jpg 900w, https:\/\/www.jornadesperalexcellencia.cat\/wp-content\/uploads\/2024\/09\/2024-Jornades-Excellencia-Andorra-Joventut-2-300x200.jpg 300w, https:\/\/www.jornadesperalexcellencia.cat\/wp-content\/uploads\/2024\/09\/2024-Jornades-Excellencia-Andorra-Joventut-2-768x512.jpg 768w, https:\/\/www.jornadesperalexcellencia.cat\/wp-content\/uploads\/2024\/09\/2024-Jornades-Excellencia-Andorra-Joventut-2-600x400.jpg 600w\" sizes=\"auto, (max-width: 900px) 100vw, 900px\" \/>\t\t\t\t\t\t\t\t\t<\/div>\n\t\t\t<\/div>\n\t\t\t\t\t<div class=\"qodef-ig-image qodef-item-space\">\n\t\t\t\t<div class=\"qodef-ig-image-inner\">\n\t\t\t\t\t\t\t\t\t\t\t<img loading=\"lazy\" decoding=\"async\" width=\"900\" height=\"600\" src=\"https:\/\/www.jornadesperalexcellencia.cat\/wp-content\/uploads\/2024\/09\/2024-Jornades-Excellencia-Andorra-Joventut-3.jpg\" class=\"attachment-full size-full\" alt=\"\" srcset=\"https:\/\/www.jornadesperalexcellencia.cat\/wp-content\/uploads\/2024\/09\/2024-Jornades-Excellencia-Andorra-Joventut-3.jpg 900w, https:\/\/www.jornadesperalexcellencia.cat\/wp-content\/uploads\/2024\/09\/2024-Jornades-Excellencia-Andorra-Joventut-3-300x200.jpg 300w, https:\/\/www.jornadesperalexcellencia.cat\/wp-content\/uploads\/2024\/09\/2024-Jornades-Excellencia-Andorra-Joventut-3-768x512.jpg 768w, https:\/\/www.jornadesperalexcellencia.cat\/wp-content\/uploads\/2024\/09\/2024-Jornades-Excellencia-Andorra-Joventut-3-600x400.jpg 600w\" sizes=\"auto, (max-width: 900px) 100vw, 900px\" \/>\t\t\t\t\t\t\t\t\t<\/div>\n\t\t\t<\/div>\n\t\t\t\t\t<div class=\"qodef-ig-image qodef-item-space\">\n\t\t\t\t<div class=\"qodef-ig-image-inner\">\n\t\t\t\t\t\t\t\t\t\t\t<img loading=\"lazy\" decoding=\"async\" width=\"900\" height=\"600\" src=\"https:\/\/www.jornadesperalexcellencia.cat\/wp-content\/uploads\/2024\/09\/2024-Jornades-Excellencia-Andorra-Joventut-1.jpg\" class=\"attachment-full size-full\" alt=\"\" srcset=\"https:\/\/www.jornadesperalexcellencia.cat\/wp-content\/uploads\/2024\/09\/2024-Jornades-Excellencia-Andorra-Joventut-1.jpg 900w, https:\/\/www.jornadesperalexcellencia.cat\/wp-content\/uploads\/2024\/09\/2024-Jornades-Excellencia-Andorra-Joventut-1-300x200.jpg 300w, https:\/\/www.jornadesperalexcellencia.cat\/wp-content\/uploads\/2024\/09\/2024-Jornades-Excellencia-Andorra-Joventut-1-768x512.jpg 768w, https:\/\/www.jornadesperalexcellencia.cat\/wp-content\/uploads\/2024\/09\/2024-Jornades-Excellencia-Andorra-Joventut-1-600x400.jpg 600w\" sizes=\"auto, (max-width: 900px) 100vw, 900px\" \/>\t\t\t\t\t\t\t\t\t<\/div>\n\t\t\t<\/div>\n\t\t\t<\/div>\n<\/div><\/div><\/div><\/div><\/div><div class=\"vc_row-full-width vc_clearfix\"><\/div><div class=\"vc_row wpb_row vc_row-fluid\" ><div class=\"wpb_column vc_column_container vc_col-sm-12\"><div class=\"vc_column-inner\"><div class=\"wpb_wrapper\"><div class=\"vc_empty_space\"   style=\"height: 38px\"><span class=\"vc_empty_space_inner\"><\/span><\/div><div class=\"qodef-section-title-holder   qodef-st-title-left qodef-st-normal-space qodef-st-with-animation\" style=\"text-align: center\">\n\t<div class=\"qodef-st-inner\">\n\t\t\t\t\t\t\t<div class=\"qodef-st-title-wrapper\">\n\t\t\t\t<h3 class=\"qodef-st-title\" >\n\t\t\t\t\tPonentes \/ Participantes\t\t\t\t<\/h3>\n\t\t\t<\/div>\n\t\t\t\t\t<\/div>\n<\/div><div class=\"vc_empty_space\"   style=\"height: 38px\"><span class=\"vc_empty_space_inner\"><\/span><\/div><div class=\"qodef-team-list-holder qodef-grid-list qodef-disable-bottom-space qodef-tl-standard  qodef-five-columns qodef-no-space qodef-tl-with-animation qodef-team-popup\" data-number-of-columns=\"five\" data-enable-navigation=\"no\" data-enable-pagination=\"no\">\n\t<div class=\"qodef-tl-inner qodef-outer-space\">\n\t\t<div class=\"qodef-team qodef-item-space info-hover\" data-member-id=\"10283\">\n    <div class=\"qodef-team-inner\">\n                    <div class=\"qodef-team-image\">\n                <img loading=\"lazy\" decoding=\"async\" width=\"800\" height=\"806\" src=\"https:\/\/www.jornadesperalexcellencia.cat\/wp-content\/uploads\/2024\/09\/Alain-Cabanes-jornades-excellencia-joventut-pirineu.jpg\" class=\"attachment-post-thumbnail size-post-thumbnail wp-post-image\" alt=\"\" srcset=\"https:\/\/www.jornadesperalexcellencia.cat\/wp-content\/uploads\/2024\/09\/Alain-Cabanes-jornades-excellencia-joventut-pirineu.jpg 800w, https:\/\/www.jornadesperalexcellencia.cat\/wp-content\/uploads\/2024\/09\/Alain-Cabanes-jornades-excellencia-joventut-pirineu-298x300.jpg 298w, https:\/\/www.jornadesperalexcellencia.cat\/wp-content\/uploads\/2024\/09\/Alain-Cabanes-jornades-excellencia-joventut-pirineu-150x150.jpg 150w, https:\/\/www.jornadesperalexcellencia.cat\/wp-content\/uploads\/2024\/09\/Alain-Cabanes-jornades-excellencia-joventut-pirineu-768x774.jpg 768w, https:\/\/www.jornadesperalexcellencia.cat\/wp-content\/uploads\/2024\/09\/Alain-Cabanes-jornades-excellencia-joventut-pirineu-600x605.jpg 600w, https:\/\/www.jornadesperalexcellencia.cat\/wp-content\/uploads\/2024\/09\/Alain-Cabanes-jornades-excellencia-joventut-pirineu-100x100.jpg 100w\" sizes=\"auto, (max-width: 800px) 100vw, 800px\" \/>                <div class=\"qodef-team-info-tb\">\n                    <div class=\"qodef-team-info-tc\">\n                        <div class=\"qodef-team-title-holder\">\n\t                        \t\t                        <h6 class=\"qodef-team-position\">Secretario de Estado de Juventud del Govern d\u2019Andorra<\/h6>\n\t                                                    <h3 itemprop=\"name\" class=\"qodef-team-name entry-title\">\n                                <a itemprop=\"url\" href=\"https:\/\/www.jornadesperalexcellencia.cat\/es\/team-member\/alain-cabanes-es\/\">Alain Cabanes<\/a>\n                            <\/h3>\n                        <\/div>\n\t                    <div class=\"qodef-team-description-holder\">\n\t\t                    \t                    <\/div>\n                        <div class=\"qodef-team-social-holder-between\">\n                            <div class=\"qodef-team-social\">\n                                <div class=\"qodef-team-social-inner\">\n                                    <div class=\"qodef-team-social-wrapp\">\n                                                                            <\/div>\n                                <\/div>\n                            <\/div>\n                        <\/div>\n                    <\/div>\n                <\/div>\n            <\/div>\n            <\/div>\n<\/div><div class=\"qodef-team qodef-item-space info-hover\" data-member-id=\"10290\">\n    <div class=\"qodef-team-inner\">\n                    <div class=\"qodef-team-image\">\n                <img loading=\"lazy\" decoding=\"async\" width=\"800\" height=\"806\" src=\"https:\/\/www.jornadesperalexcellencia.cat\/wp-content\/uploads\/2024\/09\/Anton-Odena-jornades-excellencia-joventut-pirineu.jpg\" class=\"attachment-post-thumbnail size-post-thumbnail wp-post-image\" alt=\"\" srcset=\"https:\/\/www.jornadesperalexcellencia.cat\/wp-content\/uploads\/2024\/09\/Anton-Odena-jornades-excellencia-joventut-pirineu.jpg 800w, https:\/\/www.jornadesperalexcellencia.cat\/wp-content\/uploads\/2024\/09\/Anton-Odena-jornades-excellencia-joventut-pirineu-298x300.jpg 298w, https:\/\/www.jornadesperalexcellencia.cat\/wp-content\/uploads\/2024\/09\/Anton-Odena-jornades-excellencia-joventut-pirineu-150x150.jpg 150w, https:\/\/www.jornadesperalexcellencia.cat\/wp-content\/uploads\/2024\/09\/Anton-Odena-jornades-excellencia-joventut-pirineu-768x774.jpg 768w, https:\/\/www.jornadesperalexcellencia.cat\/wp-content\/uploads\/2024\/09\/Anton-Odena-jornades-excellencia-joventut-pirineu-600x605.jpg 600w, https:\/\/www.jornadesperalexcellencia.cat\/wp-content\/uploads\/2024\/09\/Anton-Odena-jornades-excellencia-joventut-pirineu-100x100.jpg 100w\" sizes=\"auto, (max-width: 800px) 100vw, 800px\" \/>                <div class=\"qodef-team-info-tb\">\n                    <div class=\"qodef-team-info-tc\">\n                        <div class=\"qodef-team-title-holder\">\n\t                        \t\t                        <h6 class=\"qodef-team-position\">Cofundador &amp; CEO de Montpackers.com<\/h6>\n\t                                                    <h3 itemprop=\"name\" class=\"qodef-team-name entry-title\">\n                                <a itemprop=\"url\" href=\"https:\/\/www.jornadesperalexcellencia.cat\/es\/team-member\/anton-odena-es\/\">Anton \u00d2dena<\/a>\n                            <\/h3>\n                        <\/div>\n\t                    <div class=\"qodef-team-description-holder\">\n\t\t                    \t                    <\/div>\n                        <div class=\"qodef-team-social-holder-between\">\n                            <div class=\"qodef-team-social\">\n                                <div class=\"qodef-team-social-inner\">\n                                    <div class=\"qodef-team-social-wrapp\">\n                                                                            <\/div>\n                                <\/div>\n                            <\/div>\n                        <\/div>\n                    <\/div>\n                <\/div>\n            <\/div>\n            <\/div>\n<\/div><div class=\"qodef-team qodef-item-space info-hover\" data-member-id=\"10296\">\n    <div class=\"qodef-team-inner\">\n                    <div class=\"qodef-team-image\">\n                <img loading=\"lazy\" decoding=\"async\" width=\"800\" height=\"806\" src=\"https:\/\/www.jornadesperalexcellencia.cat\/wp-content\/uploads\/2024\/09\/David-Santana-Moga-jornades-excellencia-joventut-pirineu.jpg\" class=\"attachment-post-thumbnail size-post-thumbnail wp-post-image\" alt=\"\" srcset=\"https:\/\/www.jornadesperalexcellencia.cat\/wp-content\/uploads\/2024\/09\/David-Santana-Moga-jornades-excellencia-joventut-pirineu.jpg 800w, https:\/\/www.jornadesperalexcellencia.cat\/wp-content\/uploads\/2024\/09\/David-Santana-Moga-jornades-excellencia-joventut-pirineu-298x300.jpg 298w, https:\/\/www.jornadesperalexcellencia.cat\/wp-content\/uploads\/2024\/09\/David-Santana-Moga-jornades-excellencia-joventut-pirineu-150x150.jpg 150w, https:\/\/www.jornadesperalexcellencia.cat\/wp-content\/uploads\/2024\/09\/David-Santana-Moga-jornades-excellencia-joventut-pirineu-768x774.jpg 768w, https:\/\/www.jornadesperalexcellencia.cat\/wp-content\/uploads\/2024\/09\/David-Santana-Moga-jornades-excellencia-joventut-pirineu-600x605.jpg 600w, https:\/\/www.jornadesperalexcellencia.cat\/wp-content\/uploads\/2024\/09\/David-Santana-Moga-jornades-excellencia-joventut-pirineu-100x100.jpg 100w\" sizes=\"auto, (max-width: 800px) 100vw, 800px\" \/>                <div class=\"qodef-team-info-tb\">\n                    <div class=\"qodef-team-info-tc\">\n                        <div class=\"qodef-team-title-holder\">\n\t                        \t\t                        <h6 class=\"qodef-team-position\">Fundador Diip AI<\/h6>\n\t                                                    <h3 itemprop=\"name\" class=\"qodef-team-name entry-title\">\n                                <a itemprop=\"url\" href=\"https:\/\/www.jornadesperalexcellencia.cat\/es\/team-member\/david-santana-es\/\">David Santana<\/a>\n                            <\/h3>\n                        <\/div>\n\t                    <div class=\"qodef-team-description-holder\">\n\t\t                    \t                    <\/div>\n                        <div class=\"qodef-team-social-holder-between\">\n                            <div class=\"qodef-team-social\">\n                                <div class=\"qodef-team-social-inner\">\n                                    <div class=\"qodef-team-social-wrapp\">\n                                                                            <\/div>\n                                <\/div>\n                            <\/div>\n                        <\/div>\n                    <\/div>\n                <\/div>\n            <\/div>\n            <\/div>\n<\/div><div class=\"qodef-team qodef-item-space info-hover\" data-member-id=\"10286\">\n    <div class=\"qodef-team-inner\">\n                    <div class=\"qodef-team-image\">\n                <img loading=\"lazy\" decoding=\"async\" width=\"800\" height=\"806\" src=\"https:\/\/www.jornadesperalexcellencia.cat\/wp-content\/uploads\/2024\/09\/Eva-Sansa-jornades-excellencia-joventut-pirineu.jpg\" class=\"attachment-post-thumbnail size-post-thumbnail wp-post-image\" alt=\"\" srcset=\"https:\/\/www.jornadesperalexcellencia.cat\/wp-content\/uploads\/2024\/09\/Eva-Sansa-jornades-excellencia-joventut-pirineu.jpg 800w, https:\/\/www.jornadesperalexcellencia.cat\/wp-content\/uploads\/2024\/09\/Eva-Sansa-jornades-excellencia-joventut-pirineu-298x300.jpg 298w, https:\/\/www.jornadesperalexcellencia.cat\/wp-content\/uploads\/2024\/09\/Eva-Sansa-jornades-excellencia-joventut-pirineu-150x150.jpg 150w, https:\/\/www.jornadesperalexcellencia.cat\/wp-content\/uploads\/2024\/09\/Eva-Sansa-jornades-excellencia-joventut-pirineu-768x774.jpg 768w, https:\/\/www.jornadesperalexcellencia.cat\/wp-content\/uploads\/2024\/09\/Eva-Sansa-jornades-excellencia-joventut-pirineu-600x605.jpg 600w, https:\/\/www.jornadesperalexcellencia.cat\/wp-content\/uploads\/2024\/09\/Eva-Sansa-jornades-excellencia-joventut-pirineu-100x100.jpg 100w\" sizes=\"auto, (max-width: 800px) 100vw, 800px\" \/>                <div class=\"qodef-team-info-tb\">\n                    <div class=\"qodef-team-info-tc\">\n                        <div class=\"qodef-team-title-holder\">\n\t                        \t\t                        <h6 class=\"qodef-team-position\">C\u00f3nsul mayor de La Massana<\/h6>\n\t                                                    <h3 itemprop=\"name\" class=\"qodef-team-name entry-title\">\n                                <a itemprop=\"url\" href=\"https:\/\/www.jornadesperalexcellencia.cat\/es\/team-member\/eva-sansa-es\/\">Eva Sansa<\/a>\n                            <\/h3>\n                        <\/div>\n\t                    <div class=\"qodef-team-description-holder\">\n\t\t                    \t                    <\/div>\n                        <div class=\"qodef-team-social-holder-between\">\n                            <div class=\"qodef-team-social\">\n                                <div class=\"qodef-team-social-inner\">\n                                    <div class=\"qodef-team-social-wrapp\">\n                                                                            <\/div>\n                                <\/div>\n                            <\/div>\n                        <\/div>\n                    <\/div>\n                <\/div>\n            <\/div>\n            <\/div>\n<\/div><div class=\"qodef-team qodef-item-space info-hover\" data-member-id=\"10331\">\n    <div class=\"qodef-team-inner\">\n                    <div class=\"qodef-team-image\">\n                <img loading=\"lazy\" decoding=\"async\" width=\"800\" height=\"806\" src=\"https:\/\/www.jornadesperalexcellencia.cat\/wp-content\/uploads\/2024\/09\/Idoia-Arauzo-jornades-excellencia-joventut-pirineu.jpg\" class=\"attachment-post-thumbnail size-post-thumbnail wp-post-image\" alt=\"\" srcset=\"https:\/\/www.jornadesperalexcellencia.cat\/wp-content\/uploads\/2024\/09\/Idoia-Arauzo-jornades-excellencia-joventut-pirineu.jpg 800w, https:\/\/www.jornadesperalexcellencia.cat\/wp-content\/uploads\/2024\/09\/Idoia-Arauzo-jornades-excellencia-joventut-pirineu-298x300.jpg 298w, https:\/\/www.jornadesperalexcellencia.cat\/wp-content\/uploads\/2024\/09\/Idoia-Arauzo-jornades-excellencia-joventut-pirineu-150x150.jpg 150w, https:\/\/www.jornadesperalexcellencia.cat\/wp-content\/uploads\/2024\/09\/Idoia-Arauzo-jornades-excellencia-joventut-pirineu-768x774.jpg 768w, https:\/\/www.jornadesperalexcellencia.cat\/wp-content\/uploads\/2024\/09\/Idoia-Arauzo-jornades-excellencia-joventut-pirineu-600x605.jpg 600w, https:\/\/www.jornadesperalexcellencia.cat\/wp-content\/uploads\/2024\/09\/Idoia-Arauzo-jornades-excellencia-joventut-pirineu-100x100.jpg 100w\" sizes=\"auto, (max-width: 800px) 100vw, 800px\" \/>                <div class=\"qodef-team-info-tb\">\n                    <div class=\"qodef-team-info-tc\">\n                        <div class=\"qodef-team-title-holder\">\n\t                        \t\t                        <h6 class=\"qodef-team-position\">Coordinadora Un. Desarroyo y Dinamizaci\u00f3n Comunidad de Trabajo de los Pirineos<\/h6>\n\t                                                    <h3 itemprop=\"name\" class=\"qodef-team-name entry-title\">\n                                <a itemprop=\"url\" href=\"https:\/\/www.jornadesperalexcellencia.cat\/es\/team-member\/idoia-arauzo-2\/\">Idoia Arauzo<\/a>\n                            <\/h3>\n                        <\/div>\n\t                    <div class=\"qodef-team-description-holder\">\n\t\t                    \t                    <\/div>\n                        <div class=\"qodef-team-social-holder-between\">\n                            <div class=\"qodef-team-social\">\n                                <div class=\"qodef-team-social-inner\">\n                                    <div class=\"qodef-team-social-wrapp\">\n                                                                            <\/div>\n                                <\/div>\n                            <\/div>\n                        <\/div>\n                    <\/div>\n                <\/div>\n            <\/div>\n            <\/div>\n<\/div><div class=\"qodef-team qodef-item-space info-hover\" data-member-id=\"10287\">\n    <div class=\"qodef-team-inner\">\n                    <div class=\"qodef-team-image\">\n                <img loading=\"lazy\" decoding=\"async\" width=\"800\" height=\"806\" src=\"https:\/\/www.jornadesperalexcellencia.cat\/wp-content\/uploads\/2024\/09\/Isabella-Vargas-jornades-excellencia-joventut-pirineu.jpg\" class=\"attachment-post-thumbnail size-post-thumbnail wp-post-image\" alt=\"\" srcset=\"https:\/\/www.jornadesperalexcellencia.cat\/wp-content\/uploads\/2024\/09\/Isabella-Vargas-jornades-excellencia-joventut-pirineu.jpg 800w, https:\/\/www.jornadesperalexcellencia.cat\/wp-content\/uploads\/2024\/09\/Isabella-Vargas-jornades-excellencia-joventut-pirineu-298x300.jpg 298w, https:\/\/www.jornadesperalexcellencia.cat\/wp-content\/uploads\/2024\/09\/Isabella-Vargas-jornades-excellencia-joventut-pirineu-150x150.jpg 150w, https:\/\/www.jornadesperalexcellencia.cat\/wp-content\/uploads\/2024\/09\/Isabella-Vargas-jornades-excellencia-joventut-pirineu-768x774.jpg 768w, https:\/\/www.jornadesperalexcellencia.cat\/wp-content\/uploads\/2024\/09\/Isabella-Vargas-jornades-excellencia-joventut-pirineu-600x605.jpg 600w, https:\/\/www.jornadesperalexcellencia.cat\/wp-content\/uploads\/2024\/09\/Isabella-Vargas-jornades-excellencia-joventut-pirineu-100x100.jpg 100w\" sizes=\"auto, (max-width: 800px) 100vw, 800px\" \/>                <div class=\"qodef-team-info-tb\">\n                    <div class=\"qodef-team-info-tc\">\n                        <div class=\"qodef-team-title-holder\">\n\t                        \t\t                        <h6 class=\"qodef-team-position\">Vicepresidenta del F\u00f3rum de la Juventud de Andorra<\/h6>\n\t                                                    <h3 itemprop=\"name\" class=\"qodef-team-name entry-title\">\n                                <a itemprop=\"url\" href=\"https:\/\/www.jornadesperalexcellencia.cat\/es\/team-member\/isabella-vargas-es\/\">Isabella Vargas<\/a>\n                            <\/h3>\n                        <\/div>\n\t                    <div class=\"qodef-team-description-holder\">\n\t\t                    \t                    <\/div>\n                        <div class=\"qodef-team-social-holder-between\">\n                            <div class=\"qodef-team-social\">\n                                <div class=\"qodef-team-social-inner\">\n                                    <div class=\"qodef-team-social-wrapp\">\n                                                                            <\/div>\n                                <\/div>\n                            <\/div>\n                        <\/div>\n                    <\/div>\n                <\/div>\n            <\/div>\n            <\/div>\n<\/div><div class=\"qodef-team qodef-item-space info-hover\" data-member-id=\"5108\">\n    <div class=\"qodef-team-inner\">\n                    <div class=\"qodef-team-image\">\n                <img loading=\"lazy\" decoding=\"async\" width=\"800\" height=\"806\" src=\"https:\/\/www.jornadesperalexcellencia.cat\/wp-content\/uploads\/2021\/01\/Jesus-Montoliu-jornades-excellencia-futur-pirineu.jpg\" class=\"attachment-post-thumbnail size-post-thumbnail wp-post-image\" alt=\"\" srcset=\"https:\/\/www.jornadesperalexcellencia.cat\/wp-content\/uploads\/2021\/01\/Jesus-Montoliu-jornades-excellencia-futur-pirineu.jpg 800w, https:\/\/www.jornadesperalexcellencia.cat\/wp-content\/uploads\/2021\/01\/Jesus-Montoliu-jornades-excellencia-futur-pirineu-298x300.jpg 298w, https:\/\/www.jornadesperalexcellencia.cat\/wp-content\/uploads\/2021\/01\/Jesus-Montoliu-jornades-excellencia-futur-pirineu-150x150.jpg 150w, https:\/\/www.jornadesperalexcellencia.cat\/wp-content\/uploads\/2021\/01\/Jesus-Montoliu-jornades-excellencia-futur-pirineu-768x774.jpg 768w, https:\/\/www.jornadesperalexcellencia.cat\/wp-content\/uploads\/2021\/01\/Jesus-Montoliu-jornades-excellencia-futur-pirineu-600x605.jpg 600w, https:\/\/www.jornadesperalexcellencia.cat\/wp-content\/uploads\/2021\/01\/Jesus-Montoliu-jornades-excellencia-futur-pirineu-100x100.jpg 100w\" sizes=\"auto, (max-width: 800px) 100vw, 800px\" \/>                <div class=\"qodef-team-info-tb\">\n                    <div class=\"qodef-team-info-tc\">\n                        <div class=\"qodef-team-title-holder\">\n\t                        \t\t                        <h6 class=\"qodef-team-position\">Presidente de las Jornades per a l&#039;excel\u00b7l\u00e8ncia a l&#039;alta muntanya<\/h6>\n\t                                                    <h3 itemprop=\"name\" class=\"qodef-team-name entry-title\">\n                                <a itemprop=\"url\" href=\"https:\/\/www.jornadesperalexcellencia.cat\/es\/team-member\/jesus-montoliu-esp\/\">Jes\u00fas Montoliu<\/a>\n                            <\/h3>\n                        <\/div>\n\t                    <div class=\"qodef-team-description-holder\">\n\t\t                    \t                    <\/div>\n                        <div class=\"qodef-team-social-holder-between\">\n                            <div class=\"qodef-team-social\">\n                                <div class=\"qodef-team-social-inner\">\n                                    <div class=\"qodef-team-social-wrapp\">\n                                                                            <\/div>\n                                <\/div>\n                            <\/div>\n                        <\/div>\n                    <\/div>\n                <\/div>\n            <\/div>\n            <\/div>\n<\/div><div class=\"qodef-team qodef-item-space info-hover\" data-member-id=\"10294\">\n    <div class=\"qodef-team-inner\">\n                    <div class=\"qodef-team-image\">\n                <img loading=\"lazy\" decoding=\"async\" width=\"800\" height=\"806\" src=\"https:\/\/www.jornadesperalexcellencia.cat\/wp-content\/uploads\/2024\/09\/Fvuck-i-lloc-jornades-excellencia-joventut-pirineu.jpg\" class=\"attachment-post-thumbnail size-post-thumbnail wp-post-image\" alt=\"\" srcset=\"https:\/\/www.jornadesperalexcellencia.cat\/wp-content\/uploads\/2024\/09\/Fvuck-i-lloc-jornades-excellencia-joventut-pirineu.jpg 800w, https:\/\/www.jornadesperalexcellencia.cat\/wp-content\/uploads\/2024\/09\/Fvuck-i-lloc-jornades-excellencia-joventut-pirineu-298x300.jpg 298w, https:\/\/www.jornadesperalexcellencia.cat\/wp-content\/uploads\/2024\/09\/Fvuck-i-lloc-jornades-excellencia-joventut-pirineu-150x150.jpg 150w, https:\/\/www.jornadesperalexcellencia.cat\/wp-content\/uploads\/2024\/09\/Fvuck-i-lloc-jornades-excellencia-joventut-pirineu-768x774.jpg 768w, https:\/\/www.jornadesperalexcellencia.cat\/wp-content\/uploads\/2024\/09\/Fvuck-i-lloc-jornades-excellencia-joventut-pirineu-600x605.jpg 600w, https:\/\/www.jornadesperalexcellencia.cat\/wp-content\/uploads\/2024\/09\/Fvuck-i-lloc-jornades-excellencia-joventut-pirineu-100x100.jpg 100w\" sizes=\"auto, (max-width: 800px) 100vw, 800px\" \/>                <div class=\"qodef-team-info-tb\">\n                    <div class=\"qodef-team-info-tc\">\n                        <div class=\"qodef-team-title-holder\">\n\t                        \t\t                        <h6 class=\"qodef-team-position\">Flvck i Lloc, El Podcast<\/h6>\n\t                                                    <h3 itemprop=\"name\" class=\"qodef-team-name entry-title\">\n                                <a itemprop=\"url\" href=\"https:\/\/www.jornadesperalexcellencia.cat\/es\/team-member\/marc-iserte-y-carles-areny\/\">Marc Iserte y Carles Areny<\/a>\n                            <\/h3>\n                        <\/div>\n\t                    <div class=\"qodef-team-description-holder\">\n\t\t                    \t                    <\/div>\n                        <div class=\"qodef-team-social-holder-between\">\n                            <div class=\"qodef-team-social\">\n                                <div class=\"qodef-team-social-inner\">\n                                    <div class=\"qodef-team-social-wrapp\">\n                                                                            <\/div>\n                                <\/div>\n                            <\/div>\n                        <\/div>\n                    <\/div>\n                <\/div>\n            <\/div>\n            <\/div>\n<\/div><div class=\"qodef-team qodef-item-space info-hover\" data-member-id=\"10292\">\n    <div class=\"qodef-team-inner\">\n                    <div class=\"qodef-team-image\">\n                <img loading=\"lazy\" decoding=\"async\" width=\"800\" height=\"806\" src=\"https:\/\/www.jornadesperalexcellencia.cat\/wp-content\/uploads\/2024\/09\/Safreig-jornades-excellencia-joventut-pirineu.jpg\" class=\"attachment-post-thumbnail size-post-thumbnail wp-post-image\" alt=\"\" srcset=\"https:\/\/www.jornadesperalexcellencia.cat\/wp-content\/uploads\/2024\/09\/Safreig-jornades-excellencia-joventut-pirineu.jpg 800w, https:\/\/www.jornadesperalexcellencia.cat\/wp-content\/uploads\/2024\/09\/Safreig-jornades-excellencia-joventut-pirineu-298x300.jpg 298w, https:\/\/www.jornadesperalexcellencia.cat\/wp-content\/uploads\/2024\/09\/Safreig-jornades-excellencia-joventut-pirineu-150x150.jpg 150w, https:\/\/www.jornadesperalexcellencia.cat\/wp-content\/uploads\/2024\/09\/Safreig-jornades-excellencia-joventut-pirineu-768x774.jpg 768w, https:\/\/www.jornadesperalexcellencia.cat\/wp-content\/uploads\/2024\/09\/Safreig-jornades-excellencia-joventut-pirineu-600x605.jpg 600w, https:\/\/www.jornadesperalexcellencia.cat\/wp-content\/uploads\/2024\/09\/Safreig-jornades-excellencia-joventut-pirineu-100x100.jpg 100w\" sizes=\"auto, (max-width: 800px) 100vw, 800px\" \/>                <div class=\"qodef-team-info-tb\">\n                    <div class=\"qodef-team-info-tc\">\n                        <div class=\"qodef-team-title-holder\">\n\t                        \t\t                        <h6 class=\"qodef-team-position\">Safreig, El Podcast<\/h6>\n\t                                                    <h3 itemprop=\"name\" class=\"qodef-team-name entry-title\">\n                                <a itemprop=\"url\" href=\"https:\/\/www.jornadesperalexcellencia.cat\/es\/team-member\/maria-solsona-y-dani-abreu\/\">Maria Solsona y Dani Abreu<\/a>\n                            <\/h3>\n                        <\/div>\n\t                    <div class=\"qodef-team-description-holder\">\n\t\t                    \t                    <\/div>\n                        <div class=\"qodef-team-social-holder-between\">\n                            <div class=\"qodef-team-social\">\n                                <div class=\"qodef-team-social-inner\">\n                                    <div class=\"qodef-team-social-wrapp\">\n                                                                            <\/div>\n                                <\/div>\n                            <\/div>\n                        <\/div>\n                    <\/div>\n                <\/div>\n            <\/div>\n            <\/div>\n<\/div><div class=\"qodef-team qodef-item-space info-hover\" data-member-id=\"10370\">\n    <div class=\"qodef-team-inner\">\n                    <div class=\"qodef-team-image\">\n                <img loading=\"lazy\" decoding=\"async\" width=\"800\" height=\"806\" src=\"https:\/\/www.jornadesperalexcellencia.cat\/wp-content\/uploads\/2024\/09\/Matias-Rubio-jornades-excellencia-joventut-pirineu.jpg\" class=\"attachment-post-thumbnail size-post-thumbnail wp-post-image\" alt=\"\" srcset=\"https:\/\/www.jornadesperalexcellencia.cat\/wp-content\/uploads\/2024\/09\/Matias-Rubio-jornades-excellencia-joventut-pirineu.jpg 800w, https:\/\/www.jornadesperalexcellencia.cat\/wp-content\/uploads\/2024\/09\/Matias-Rubio-jornades-excellencia-joventut-pirineu-298x300.jpg 298w, https:\/\/www.jornadesperalexcellencia.cat\/wp-content\/uploads\/2024\/09\/Matias-Rubio-jornades-excellencia-joventut-pirineu-150x150.jpg 150w, https:\/\/www.jornadesperalexcellencia.cat\/wp-content\/uploads\/2024\/09\/Matias-Rubio-jornades-excellencia-joventut-pirineu-768x774.jpg 768w, https:\/\/www.jornadesperalexcellencia.cat\/wp-content\/uploads\/2024\/09\/Matias-Rubio-jornades-excellencia-joventut-pirineu-600x605.jpg 600w, https:\/\/www.jornadesperalexcellencia.cat\/wp-content\/uploads\/2024\/09\/Matias-Rubio-jornades-excellencia-joventut-pirineu-100x100.jpg 100w\" sizes=\"auto, (max-width: 800px) 100vw, 800px\" \/>                <div class=\"qodef-team-info-tb\">\n                    <div class=\"qodef-team-info-tc\">\n                        <div class=\"qodef-team-title-holder\">\n\t                        \t\t                        <h6 class=\"qodef-team-position\">Miembro del Consejo Consultivo sobre Joventud del Consejo de Europa<\/h6>\n\t                                                    <h3 itemprop=\"name\" class=\"qodef-team-name entry-title\">\n                                <a itemprop=\"url\" href=\"https:\/\/www.jornadesperalexcellencia.cat\/es\/team-member\/matias-rubio-es\/\">Mat\u00edas Rubio<\/a>\n                            <\/h3>\n                        <\/div>\n\t                    <div class=\"qodef-team-description-holder\">\n\t\t                    \t                    <\/div>\n                        <div class=\"qodef-team-social-holder-between\">\n                            <div class=\"qodef-team-social\">\n                                <div class=\"qodef-team-social-inner\">\n                                    <div class=\"qodef-team-social-wrapp\">\n                                                                            <\/div>\n                                <\/div>\n                            <\/div>\n                        <\/div>\n                    <\/div>\n                <\/div>\n            <\/div>\n            <\/div>\n<\/div>\t<\/div>\n<\/div><\/div><\/div><\/div><\/div><div data-vc-full-width=\"true\" data-vc-full-width-init=\"false\" data-vc-stretch-content=\"true\" class=\"vc_row wpb_row vc_row-fluid vc_row-no-padding vc_row-o-content-middle vc_row-flex\" ><div class=\"wpb_column vc_column_container vc_col-sm-12\"><div class=\"vc_column-inner\"><div class=\"wpb_wrapper\"><div class=\"vc_empty_space\"   style=\"height: 52px\"><span class=\"vc_empty_space_inner\"><\/span><\/div>\n\t<div  class=\"wpb_single_image wpb_content_element vc_align_center  vc_custom_1662377311964\">\n\t\t\n\t\t<figure class=\"wpb_wrapper vc_figure\">\n\t\t\t<div class=\"vc_single_image-wrapper   vc_box_border_grey\"><img loading=\"lazy\" decoding=\"async\" width=\"800\" height=\"129\" src=\"https:\/\/www.jornadesperalexcellencia.cat\/wp-content\/uploads\/2022\/09\/logos-taula-rodona-andorra.png\" class=\"vc_single_image-img attachment-full\" alt=\"\" srcset=\"https:\/\/www.jornadesperalexcellencia.cat\/wp-content\/uploads\/2022\/09\/logos-taula-rodona-andorra.png 800w, https:\/\/www.jornadesperalexcellencia.cat\/wp-content\/uploads\/2022\/09\/logos-taula-rodona-andorra-300x48.png 300w, https:\/\/www.jornadesperalexcellencia.cat\/wp-content\/uploads\/2022\/09\/logos-taula-rodona-andorra-768x124.png 768w, https:\/\/www.jornadesperalexcellencia.cat\/wp-content\/uploads\/2022\/09\/logos-taula-rodona-andorra-600x97.png 600w\" sizes=\"auto, (max-width: 800px) 100vw, 800px\" \/><\/div>\n\t\t<\/figure>\n\t<\/div>\n<div class=\"vc_empty_space\"   style=\"height: 62px\"><span class=\"vc_empty_space_inner\"><\/span><\/div><div class=\"vc_empty_space\"   style=\"height: 52px\"><span class=\"vc_empty_space_inner\"><\/span><\/div><\/div><\/div><\/div><\/div><div class=\"vc_row-full-width vc_clearfix\"><\/div><div data-vc-full-width=\"true\" data-vc-full-width-init=\"false\" data-vc-stretch-content=\"true\" class=\"vc_row wpb_row vc_row-fluid vc_custom_1662202633747 vc_row-has-fill vc_row-no-padding vc_row-o-content-middle vc_row-flex\" ><div class=\"wpb_column vc_column_container vc_col-sm-12\"><div class=\"vc_column-inner\"><div class=\"wpb_wrapper\"><div class=\"qodef-call-to-action-holder  qodef-simple-layout\">\n\t<div class=\"qodef-cta-inner\" >\n\t\t<div class=\"qodef-cta-text-holder\">\n\t\t\t<div class=\"qodef-cta-text\">\n<h4 style=\"color: #fff; font-weight: 300;\">INFORMACI\u00d3 SOBRE L&#8217;EDICI\u00d3 2023<\/h4>\n<\/div>\n\t\t<\/div>\n\t\t<div class=\"qodef-cta-button-holder\" >\n\t\t\t<div class=\"qodef-cta-button\"><a itemprop=\"url\" href=\"https:\/\/www.jornadesperalexcellencia.cat\/es\/edicio-2023\/\" target=\"_blank\" style=\"color: #bd3238;background-color: #ffffff\" class=\"qodef-btn qodef-btn-large qodef-btn-solid qodef-btn-custom-hover-color qodef-with-svg-arrow\" data-hover-color=\"#dbdbdb\" >    <span class=\"qodef-btn-text\">        <span class=\"qodef-btn-text-inner\">CLICA EN AQUEST ENLLA\u00c7!<\/span>                    <svg class=\"qodef-svg-icon\" x=\"0px\" y=\"0px\" viewbox=\"0 0 5 8.7\" enable-background=\"new 0 0 5 8.7\" xml:space=\"preserve\" style=\"color: #bd3238;background-color: #ffffff\">                <path d=\"M0.3,7.6l3.2-3.3L0.3,1.1C0,0.8,0,0.6,0.3,0.3c0.3-0.3,0.5-0.3,0.8,0L4.7,4c0.1,0.1,0.2,0.2,0.2,0.4c0,0.2-0.1,0.3-0.2,0.4                         L1.1,8.4c-0.3,0.3-0.5,0.3-0.8,0C0,8.2,0,7.9,0.3,7.6z\"\/>            <\/svg>            <\/span>    <\/a><\/div>\n\t\t<\/div>\n\t<\/div>\n<\/div><div class=\"vc_empty_space\"   style=\"height: 52px\"><span class=\"vc_empty_space_inner\"><\/span><\/div><\/div><\/div><\/div><\/div><div class=\"vc_row-full-width vc_clearfix\"><\/div>","protected":false},"excerpt":{"rendered":"","protected":false},"author":1,"featured_media":0,"parent":0,"menu_order":0,"comment_status":"closed","ping_status":"closed","template":"full-width.php","meta":{"footnotes":""},"class_list":["post-10214","page","type-page","status-publish","hentry"],"yoast_head":"<!-- This site is optimized with the Yoast SEO plugin v27.5 - https:\/\/yoast.com\/product\/yoast-seo-wordpress\/ -->\n<title>Mesa redonda en Andorra 2024- Jornades per a l&#039;Excel\u00b7l\u00e8ncia<\/title>\n<meta name=\"description\" content=\"La a 10a edici\u00f3 de les Jornades per a l&#039;Excel\u00b7l\u00e8ncia t\u00e9 com a objectiu q\u00fcestions relacionades amb la pregunta Quin Futur volem per al Pirineu?.\" \/>\n<meta name=\"robots\" content=\"index, follow, max-snippet:-1, max-image-preview:large, max-video-preview:-1\" \/>\n<link rel=\"canonical\" href=\"https:\/\/www.jornadesperalexcellencia.cat\/es\/mesa-redonda-en-andorra-2024\/\" \/>\n<meta property=\"og:locale\" content=\"es_ES\" \/>\n<meta property=\"og:type\" content=\"article\" \/>\n<meta property=\"og:title\" content=\"Mesa redonda en Andorra 2024- Jornades per a l&#039;Excel\u00b7l\u00e8ncia\" \/>\n<meta property=\"og:description\" content=\"La a 10a edici\u00f3 de les Jornades per a l&#039;Excel\u00b7l\u00e8ncia t\u00e9 com a objectiu q\u00fcestions relacionades amb la pregunta Quin Futur volem per al Pirineu?.\" \/>\n<meta property=\"og:url\" content=\"https:\/\/www.jornadesperalexcellencia.cat\/es\/mesa-redonda-en-andorra-2024\/\" \/>\n<meta property=\"og:site_name\" content=\"Jornades per a l&#039;excel\u00b7l\u00e8ncia\" \/>\n<meta property=\"article:modified_time\" content=\"2025-02-14T18:34:59+00:00\" \/>\n<meta name=\"twitter:card\" content=\"summary_large_image\" \/>\n<meta name=\"twitter:label1\" content=\"Tiempo de lectura\" \/>\n\t<meta name=\"twitter:data1\" content=\"4 minutos\" \/>\n<script type=\"application\/ld+json\" class=\"yoast-schema-graph\">{\"@context\":\"https:\\\/\\\/schema.org\",\"@graph\":[{\"@type\":\"WebPage\",\"@id\":\"https:\\\/\\\/www.jornadesperalexcellencia.cat\\\/es\\\/mesa-redonda-en-andorra-2024\\\/\",\"url\":\"https:\\\/\\\/www.jornadesperalexcellencia.cat\\\/es\\\/mesa-redonda-en-andorra-2024\\\/\",\"name\":\"Mesa redonda en Andorra 2024- Jornades per a l'Excel\u00b7l\u00e8ncia\",\"isPartOf\":{\"@id\":\"https:\\\/\\\/www.jornadesperalexcellencia.cat\\\/es\\\/#website\"},\"datePublished\":\"2024-08-31T15:41:36+00:00\",\"dateModified\":\"2025-02-14T18:34:59+00:00\",\"description\":\"La a 10a edici\u00f3 de les Jornades per a l'Excel\u00b7l\u00e8ncia t\u00e9 com a objectiu q\u00fcestions relacionades amb la pregunta Quin Futur volem per al Pirineu?.\",\"breadcrumb\":{\"@id\":\"https:\\\/\\\/www.jornadesperalexcellencia.cat\\\/es\\\/mesa-redonda-en-andorra-2024\\\/#breadcrumb\"},\"inLanguage\":\"es\",\"potentialAction\":[{\"@type\":\"ReadAction\",\"target\":[\"https:\\\/\\\/www.jornadesperalexcellencia.cat\\\/es\\\/mesa-redonda-en-andorra-2024\\\/\"]}]},{\"@type\":\"BreadcrumbList\",\"@id\":\"https:\\\/\\\/www.jornadesperalexcellencia.cat\\\/es\\\/mesa-redonda-en-andorra-2024\\\/#breadcrumb\",\"itemListElement\":[{\"@type\":\"ListItem\",\"position\":1,\"name\":\"Inici\",\"item\":\"https:\\\/\\\/www.jornadesperalexcellencia.cat\\\/es\\\/inicio\\\/\"},{\"@type\":\"ListItem\",\"position\":2,\"name\":\"Mesa redonda en Andorra 2024\"}]},{\"@type\":\"WebSite\",\"@id\":\"https:\\\/\\\/www.jornadesperalexcellencia.cat\\\/es\\\/#website\",\"url\":\"https:\\\/\\\/www.jornadesperalexcellencia.cat\\\/es\\\/\",\"name\":\"Jornades per a l&#039;excel\u00b7l\u00e8ncia\",\"description\":\"Confer\u00e8ncies anuals per al progr\u00e9s i desenvolupament dels territoris del Pirineu. Esterri d&#039;\u00c0neu i Andorra.\",\"alternateName\":\"Jornades per a l'excel\u00b7l\u00e8ncia\",\"potentialAction\":[{\"@type\":\"SearchAction\",\"target\":{\"@type\":\"EntryPoint\",\"urlTemplate\":\"https:\\\/\\\/www.jornadesperalexcellencia.cat\\\/es\\\/?s={search_term_string}\"},\"query-input\":{\"@type\":\"PropertyValueSpecification\",\"valueRequired\":true,\"valueName\":\"search_term_string\"}}],\"inLanguage\":\"es\"}]}<\/script>\n<!-- \/ Yoast SEO plugin. -->","yoast_head_json":{"title":"Mesa redonda en Andorra 2024- Jornades per a l'Excel\u00b7l\u00e8ncia","description":"La a 10a edici\u00f3 de les Jornades per a l'Excel\u00b7l\u00e8ncia t\u00e9 com a objectiu q\u00fcestions relacionades amb la pregunta Quin Futur volem per al Pirineu?.","robots":{"index":"index","follow":"follow","max-snippet":"max-snippet:-1","max-image-preview":"max-image-preview:large","max-video-preview":"max-video-preview:-1"},"canonical":"https:\/\/www.jornadesperalexcellencia.cat\/es\/mesa-redonda-en-andorra-2024\/","og_locale":"es_ES","og_type":"article","og_title":"Mesa redonda en Andorra 2024- Jornades per a l'Excel\u00b7l\u00e8ncia","og_description":"La a 10a edici\u00f3 de les Jornades per a l'Excel\u00b7l\u00e8ncia t\u00e9 com a objectiu q\u00fcestions relacionades amb la pregunta Quin Futur volem per al Pirineu?.","og_url":"https:\/\/www.jornadesperalexcellencia.cat\/es\/mesa-redonda-en-andorra-2024\/","og_site_name":"Jornades per a l&#039;excel\u00b7l\u00e8ncia","article_modified_time":"2025-02-14T18:34:59+00:00","twitter_card":"summary_large_image","twitter_misc":{"Tiempo de lectura":"4 minutos"},"schema":{"@context":"https:\/\/schema.org","@graph":[{"@type":"WebPage","@id":"https:\/\/www.jornadesperalexcellencia.cat\/es\/mesa-redonda-en-andorra-2024\/","url":"https:\/\/www.jornadesperalexcellencia.cat\/es\/mesa-redonda-en-andorra-2024\/","name":"Mesa redonda en Andorra 2024- Jornades per a l'Excel\u00b7l\u00e8ncia","isPartOf":{"@id":"https:\/\/www.jornadesperalexcellencia.cat\/es\/#website"},"datePublished":"2024-08-31T15:41:36+00:00","dateModified":"2025-02-14T18:34:59+00:00","description":"La a 10a edici\u00f3 de les Jornades per a l'Excel\u00b7l\u00e8ncia t\u00e9 com a objectiu q\u00fcestions relacionades amb la pregunta Quin Futur volem per al Pirineu?.","breadcrumb":{"@id":"https:\/\/www.jornadesperalexcellencia.cat\/es\/mesa-redonda-en-andorra-2024\/#breadcrumb"},"inLanguage":"es","potentialAction":[{"@type":"ReadAction","target":["https:\/\/www.jornadesperalexcellencia.cat\/es\/mesa-redonda-en-andorra-2024\/"]}]},{"@type":"BreadcrumbList","@id":"https:\/\/www.jornadesperalexcellencia.cat\/es\/mesa-redonda-en-andorra-2024\/#breadcrumb","itemListElement":[{"@type":"ListItem","position":1,"name":"Inici","item":"https:\/\/www.jornadesperalexcellencia.cat\/es\/inicio\/"},{"@type":"ListItem","position":2,"name":"Mesa redonda en Andorra 2024"}]},{"@type":"WebSite","@id":"https:\/\/www.jornadesperalexcellencia.cat\/es\/#website","url":"https:\/\/www.jornadesperalexcellencia.cat\/es\/","name":"Jornades per a l&#039;excel\u00b7l\u00e8ncia","description":"Confer\u00e8ncies anuals per al progr\u00e9s i desenvolupament dels territoris del Pirineu. Esterri d&#039;\u00c0neu i Andorra.","alternateName":"Jornades per a l'excel\u00b7l\u00e8ncia","potentialAction":[{"@type":"SearchAction","target":{"@type":"EntryPoint","urlTemplate":"https:\/\/www.jornadesperalexcellencia.cat\/es\/?s={search_term_string}"},"query-input":{"@type":"PropertyValueSpecification","valueRequired":true,"valueName":"search_term_string"}}],"inLanguage":"es"}]}},"_links":{"self":[{"href":"https:\/\/www.jornadesperalexcellencia.cat\/es\/wp-json\/wp\/v2\/pages\/10214","targetHints":{"allow":["GET"]}}],"collection":[{"href":"https:\/\/www.jornadesperalexcellencia.cat\/es\/wp-json\/wp\/v2\/pages"}],"about":[{"href":"https:\/\/www.jornadesperalexcellencia.cat\/es\/wp-json\/wp\/v2\/types\/page"}],"author":[{"embeddable":true,"href":"https:\/\/www.jornadesperalexcellencia.cat\/es\/wp-json\/wp\/v2\/users\/1"}],"replies":[{"embeddable":true,"href":"https:\/\/www.jornadesperalexcellencia.cat\/es\/wp-json\/wp\/v2\/comments?post=10214"}],"version-history":[{"count":0,"href":"https:\/\/www.jornadesperalexcellencia.cat\/es\/wp-json\/wp\/v2\/pages\/10214\/revisions"}],"wp:attachment":[{"href":"https:\/\/www.jornadesperalexcellencia.cat\/es\/wp-json\/wp\/v2\/media?parent=10214"}],"curies":[{"name":"wp","href":"https:\/\/api.w.org\/{rel}","templated":true}]}}