{"id":10203,"date":"2024-08-30T20:37:19","date_gmt":"2024-08-30T18:37:19","guid":{"rendered":"https:\/\/www.jornadesperalexcellencia.cat\/?page_id=10203"},"modified":"2025-08-29T15:45:24","modified_gmt":"2025-08-29T13:45:24","slug":"edicion-2024","status":"publish","type":"page","link":"https:\/\/www.jornadesperalexcellencia.cat\/es\/edicion-2024\/","title":{"rendered":"Edici\u00f3n 2024"},"content":{"rendered":"<div class=\"qodef-row-grid-section-wrapper \"  ><div class=\"qodef-row-grid-section\"><div class=\"vc_row wpb_row vc_row-fluid vc_custom_1611140215249 vc_column-gap-20\" ><div class=\"wpb_column vc_column_container vc_col-sm-12\"><div class=\"vc_column-inner\"><div class=\"wpb_wrapper\"><div class=\"qodef-section-title-holder   qodef-st-title-left qodef-st-normal-space qodef-st-with-animation\" >\n\t<div class=\"qodef-st-inner\">\n\t\t\t\t\t\t\t\t\t<div class=\"qodef-st-text-wrapper\">\n\t\t\t\t<h5 class=\"qodef-st-text\" >\n\t\t\t\t\t4 y 5 de octubre\t\t\t\t<\/h5>\n\t\t\t<\/div>\n\t\t\t<\/div>\n<\/div><div class=\"qodef-section-title-holder   qodef-st-title-left qodef-st-normal-space qodef-st-with-animation\" >\n\t<div class=\"qodef-st-inner\">\n\t\t\t\t\t<span class=\"qodef-st-tagline\" >\n\t\t\t\tJornades_Excel\u00b7l\u00e8ncia_2024\t\t\t<\/span>\n\t\t\t\t\t\t\t<div class=\"qodef-st-title-wrapper\">\n\t\t\t\t<h2 class=\"qodef-st-title\" >\n\t\t\t\t\tJuventud en el Pirineo\t\t\t\t<\/h2>\n\t\t\t<\/div>\n\t\t\t\t\t\t\t<div class=\"qodef-st-text-wrapper\">\n\t\t\t\t<h5 class=\"qodef-st-text\" >\n\t\t\t\t\tProyecto vital y profesional\t\t\t\t<\/h5>\n\t\t\t<\/div>\n\t\t\t<\/div>\n<\/div><div class=\"vc_empty_space\"   style=\"height: 32px\"><span class=\"vc_empty_space_inner\"><\/span><\/div><div class=\"vc_row wpb_row vc_inner vc_row-fluid vc_custom_1712335040709\" ><div class=\"wpb_column vc_column_container vc_col-sm-2\"><div class=\"vc_column-inner\"><div class=\"wpb_wrapper\"><div class=\"qodef-iwt clearfix  qodef-iwt-icon-left qodef-iwt-icon-medium\">\n\t<div class=\"qodef-iwt-icon\" >\n\t\t\t\t\t\t\t<a itemprop=\"url\" href=\"https:\/\/www.jornadesperalexcellencia.cat\/wp-content\/uploads\/2024\/10\/2024-Jornades-Excellencia-Joventut-Pirineu-Programa.pdf\" target=\"_blank\">\n\t\t\t\t\t\t\t\t\t    <span class=\"qodef-icon-shortcode qodef-normal   qodef-icon-medium\"  >\n                    <i class=\"qodef-icon-dripicons dripicon dripicons-document qodef-icon-element\" style=\"\" ><\/i>            <\/span>\n\t\t\t\t\t\t\t\t<\/a>\n\t\t\t<\/div>\n\t<div class=\"qodef-iwt-content\" >\n\t\t\t\t\t<h5 class=\"qodef-iwt-title\" >\n\t\t\t\t\t\t\t\t\t<a itemprop=\"url\" href=\"https:\/\/www.jornadesperalexcellencia.cat\/wp-content\/uploads\/2024\/10\/2024-Jornades-Excellencia-Joventut-Pirineu-Programa.pdf\" target=\"_blank\">\n\t\t\t\t\t\t\t\t<span class=\"qodef-iwt-title-text\">Programa<\/span>\n\t\t\t\t\t\t\t\t\t<\/a>\n\t\t\t\t\t\t\t<\/h5>\n\t\t\t\t\t<\/div>\n<\/div><\/div><\/div><\/div><div class=\"wpb_column vc_column_container vc_col-sm-2\"><div class=\"vc_column-inner\"><div class=\"wpb_wrapper\"><div class=\"qodef-iwt clearfix  qodef-iwt-icon-left qodef-iwt-icon-medium\">\n\t<div class=\"qodef-iwt-icon\" >\n\t\t\t\t\t\t\t<a itemprop=\"url\" href=\"https:\/\/www.jornadesperalexcellencia.cat\/wp-content\/uploads\/2024\/12\/2024-Sumari-Jornades-Excellencia.pdf\" target=\"_blank\">\n\t\t\t\t\t\t\t\t\t    <span class=\"qodef-icon-shortcode qodef-normal   qodef-icon-medium\"  >\n                    <i class=\"qodef-icon-dripicons dripicon dripicons-document qodef-icon-element\" style=\"\" ><\/i>            <\/span>\n\t\t\t\t\t\t\t\t<\/a>\n\t\t\t<\/div>\n\t<div class=\"qodef-iwt-content\" >\n\t\t\t\t\t<h5 class=\"qodef-iwt-title\" >\n\t\t\t\t\t\t\t\t\t<a itemprop=\"url\" href=\"https:\/\/www.jornadesperalexcellencia.cat\/wp-content\/uploads\/2024\/12\/2024-Sumari-Jornades-Excellencia.pdf\" target=\"_blank\">\n\t\t\t\t\t\t\t\t<span class=\"qodef-iwt-title-text\">Sumario<\/span>\n\t\t\t\t\t\t\t\t\t<\/a>\n\t\t\t\t\t\t\t<\/h5>\n\t\t\t\t\t<\/div>\n<\/div><\/div><\/div><\/div><div class=\"wpb_column vc_column_container vc_col-sm-2\"><div class=\"vc_column-inner\"><div class=\"wpb_wrapper\"><div class=\"qodef-iwt clearfix  qodef-iwt-icon-left qodef-iwt-icon-medium\">\n\t<div class=\"qodef-iwt-icon\" >\n\t\t\t\t\t\t\t<a itemprop=\"url\" href=\"https:\/\/www.jornadesperalexcellencia.cat\/wp-content\/uploads\/2024\/12\/2024-Decaleg-Jornades-Excellencia.pdf\" target=\"_blank\">\n\t\t\t\t\t\t\t\t\t    <span class=\"qodef-icon-shortcode qodef-normal   qodef-icon-medium\"  >\n                    <i class=\"qodef-icon-dripicons dripicon dripicons-document qodef-icon-element\" style=\"\" ><\/i>            <\/span>\n\t\t\t\t\t\t\t\t<\/a>\n\t\t\t<\/div>\n\t<div class=\"qodef-iwt-content\" >\n\t\t\t\t\t<h5 class=\"qodef-iwt-title\" >\n\t\t\t\t\t\t\t\t\t<a itemprop=\"url\" href=\"https:\/\/www.jornadesperalexcellencia.cat\/wp-content\/uploads\/2024\/12\/2024-Decaleg-Jornades-Excellencia.pdf\" target=\"_blank\">\n\t\t\t\t\t\t\t\t<span class=\"qodef-iwt-title-text\">Dec\u00e1logo<\/span>\n\t\t\t\t\t\t\t\t\t<\/a>\n\t\t\t\t\t\t\t<\/h5>\n\t\t\t\t\t<\/div>\n<\/div><\/div><\/div><\/div><div class=\"wpb_column vc_column_container vc_col-sm-2\"><div class=\"vc_column-inner\"><div class=\"wpb_wrapper\"><div class=\"qodef-iwt clearfix  qodef-iwt-icon-left qodef-iwt-icon-medium\">\n\t<div class=\"qodef-iwt-icon\" >\n\t\t\t\t\t\t\t<a itemprop=\"url\" href=\"https:\/\/www.jornadesperalexcellencia.cat\/wp-content\/uploads\/2024\/08\/2024-Jornades-Excellencia-cartell.jpg\" target=\"_blank\">\n\t\t\t\t\t\t\t\t\t    <span class=\"qodef-icon-shortcode qodef-normal   qodef-icon-medium\"  >\n                    <i class=\"qodef-icon-dripicons dripicon dripicons-clipboard qodef-icon-element\" style=\"\" ><\/i>            <\/span>\n\t\t\t\t\t\t\t\t<\/a>\n\t\t\t<\/div>\n\t<div class=\"qodef-iwt-content\" >\n\t\t\t\t\t<h5 class=\"qodef-iwt-title\" >\n\t\t\t\t\t\t\t\t\t<a itemprop=\"url\" href=\"https:\/\/www.jornadesperalexcellencia.cat\/wp-content\/uploads\/2024\/08\/2024-Jornades-Excellencia-cartell.jpg\" target=\"_blank\">\n\t\t\t\t\t\t\t\t<span class=\"qodef-iwt-title-text\">Cartel<\/span>\n\t\t\t\t\t\t\t\t\t<\/a>\n\t\t\t\t\t\t\t<\/h5>\n\t\t\t\t\t<\/div>\n<\/div><\/div><\/div><\/div><div class=\"wpb_column vc_column_container vc_col-sm-2\"><div class=\"vc_column-inner\"><div class=\"wpb_wrapper\"><div class=\"qodef-iwt clearfix  qodef-iwt-icon-left qodef-iwt-icon-medium\">\n\t<div class=\"qodef-iwt-icon\" >\n\t\t\t\t\t\t\t<a itemprop=\"url\" href=\"https:\/\/forms.gle\/K8jAEcHbt3fz6o7U8\" target=\"_blank\">\n\t\t\t\t\t\t\t\t\t    <span class=\"qodef-icon-shortcode qodef-normal   qodef-icon-medium\"  >\n                    <i class=\"qodef-icon-dripicons dripicon dripicons-brush qodef-icon-element\" style=\"\" ><\/i>            <\/span>\n\t\t\t\t\t\t\t\t<\/a>\n\t\t\t<\/div>\n\t<div class=\"qodef-iwt-content\" >\n\t\t\t\t\t<h5 class=\"qodef-iwt-title\" >\n\t\t\t\t\t\t\t\t\t<a itemprop=\"url\" href=\"https:\/\/forms.gle\/K8jAEcHbt3fz6o7U8\" target=\"_blank\">\n\t\t\t\t\t\t\t\t<span class=\"qodef-iwt-title-text\">Encuesta de Satisfacci\u00f3n<\/span>\n\t\t\t\t\t\t\t\t\t<\/a>\n\t\t\t\t\t\t\t<\/h5>\n\t\t\t\t\t<\/div>\n<\/div><\/div><\/div><\/div><\/div><div class=\"vc_row wpb_row vc_inner vc_row-fluid\" ><div class=\"wpb_column vc_column_container vc_col-sm-4\"><div class=\"vc_column-inner\"><div class=\"wpb_wrapper\"><div class=\"qodef-single-image-holder   qodef-image-behavior-custom-link\">\n    <div class=\"qodef-si-inner\" >\n        \t            <a itemprop=\"url\" href=\"https:\/\/www.jornadesperalexcellencia.cat\/wp-content\/uploads\/2024\/08\/2024-Pre-Programa.pdf\" target=\"_blank\">\n                                    <img loading=\"lazy\" decoding=\"async\" width=\"531\" height=\"596\" src=\"https:\/\/www.jornadesperalexcellencia.cat\/wp-content\/uploads\/2024\/08\/2024-cartell_programa.jpg\" class=\"attachment-full size-full\" alt=\"\" srcset=\"https:\/\/www.jornadesperalexcellencia.cat\/wp-content\/uploads\/2024\/08\/2024-cartell_programa.jpg 531w, https:\/\/www.jornadesperalexcellencia.cat\/wp-content\/uploads\/2024\/08\/2024-cartell_programa-267x300.jpg 267w\" sizes=\"auto, (max-width: 531px) 100vw, 531px\" \/>                                <\/a>\n            <\/div>\n<\/div><\/div><\/div><\/div><div class=\"wpb_column vc_column_container vc_col-sm-8\"><div class=\"vc_column-inner\"><div class=\"wpb_wrapper\">\n\t<div class=\"wpb_text_column wpb_content_element \" >\n\t\t<div class=\"wpb_wrapper\">\n\t\t\t<p><u>Proyecto vital y alternativas profesionales en los territorios de monta\u00f1a<\/u><\/p>\n<p>En esta 11.\u00aa edici\u00f3n queremos poner en el punto de mira nuestro capital humano, que a la vez sois nuestro presente y nuestro futuro, los J\u00f3venes del Pirineo. Nos centraremos en su proyecto vital y exploraremos las alternativas profesionales que se les ofrece en los territorios de monta\u00f1a. Les queremos dar voz siendo los protagonistas de esta edici\u00f3n; queremos compartir y debatir sobre sus aspiraciones y experiencias profesionales, la oferta formativa territorial, las nuevas profesiones, la digitalizaci\u00f3n y el impacto de la IA. Adem\u00e1s, queremos hablar sobre la situaci\u00f3n de la vivienda, una de las principales limitaciones para el arraigo; tambi\u00e9n de las fortalezas y los retos de la oferta del ocio, del deporte y del tejido asociativo. Tambi\u00e9n, queremos hacer de altavoz de todos los servicios y recursos que los j\u00f3venes tienen a su disposici\u00f3n a las Oficinas J\u00f3venes de cada comarca de la veguer\u00eda del Alto Pirineo y Ar\u00e1n, como tambi\u00e9n desde los &#8220;Espacis y Punts Joves dels Comuns&#8221; y del Gobierno de Andorra.<\/p>\n<p>Los pr\u00f3ximos 4 y 5 de octubre celebraremos en Esterri d&#8217;\u00c0neu la 11.\u00aa edici\u00f3n con el t\u00edtulo de \u201cJuventud en el Pirineo, proyecto vital y profesional\u201d. Mantenemos el v\u00ednculo de colaboraci\u00f3n con el Gobierno de Andorra: jueves d\u00eda 19 de septiembre tendr\u00e1 lugar la tercera mesa redonda en Andorra, como sesi\u00f3n previa del acto de Esterri, la cual dar\u00e1 el pistoletazo de salida a las und\u00e9cimas Jornadas para la excelencia. Y a finales de noviembre se llevar\u00e1 a cabo la primera mesa redonda en la Val d&#8217;Aran, siendo al mismo tiempo el acto de cierre y conclusi\u00f3n de la edici\u00f3n, consolidando las alianzas con el Conselh Generau d&#8217;Aran.<\/p>\n<p>Os esperamos a todas y a todos para compartir experiencias, nutrir el debate y mejorar las condiciones de vida de todas las j\u00f3venes y los j\u00f3venes del Pirineo.<\/p>\n\n\t\t<\/div>\n\t<\/div>\n<\/div><\/div><\/div><\/div>\n\t<div class=\"wpb_text_column wpb_content_element \" >\n\t\t<div class=\"wpb_wrapper\">\n\t\t\t<h3>#FuturPirineu\ud83e\udef6\ud83c\udfd4\ufe0f\u2728<\/h3>\n\n\t\t<\/div>\n\t<\/div>\n\n\t<div class=\"wpb_text_column wpb_content_element \" >\n\t\t<div class=\"wpb_wrapper\">\n\t\t\t<h4><em>Viernes y s\u00e1bado, 4 y 5 de octubre de 2024<br \/>\nPabell\u00f3n polideportivo de Esterri d\u2019\u00c0neu<\/em><\/h4>\n\n\t\t<\/div>\n\t<\/div>\n<div class=\"vc_empty_space\"   style=\"height: 32px\"><span class=\"vc_empty_space_inner\"><\/span><\/div>\n\t<div class=\"wpb_text_column wpb_content_element \" >\n\t\t<div class=\"wpb_wrapper\">\n\t\t\t<p><span style=\"color: #808080;\">Joenessa en Piren\u00e8u. Proj\u00e8cte vitau e professionau<br \/>\n<u>Proj\u00e8cte vitau e alternatives professionaus enes territ\u00f2ris de montanha<\/u><\/span><\/p>\n<p><span style=\"color: #808080;\">En aguesta 11au edicion volem m\u00e9ter eth punt d\u2019enguarda en qui representen, ath madeish temps, eth n\u00f2ste present e eth n\u00f2ste futur: es <strong>Joeni deth Piren\u00e8u<\/strong>. Mos centraram en s\u00f2n proj\u00e8cte vitau e exploraram es alternatives professionaus que se les aufr\u00eds enes territ\u00f2ris de montanha. Les volem dar votz e que siguen es protagonistes d\u2019aguesta edicion; volem compartir e deb\u00e0ter sus es sues aspiracions e experi\u00e9ncies professionaus, era auf\u00e8rta formativa territoriau, es naues professions, era digitalizacion e er impacte dera IA. Atau madeish, volem parlar sus era situacion dera viuenda, ua des principaus limitacions entar arra\u00eftzament; tanben des punts f\u00f2rts e des r\u00e8ptes dera auf\u00e8rta de l\u00e9ser, der esp\u00f2rt e deth teishut associatiu. Tanben volem h\u00e8r de nautavotz de toti es servicis e recorsi qu\u2019es joeni an ara sua disposicion enes Oficines de Joenessa de cada comarca en territ\u00f2ri deth Naut Piren\u00e8u e Aran, atau coma des Espacis e Punts Joeni des Comuns e deth Gov\u00e8rn d\u2019And\u00f2rra.<br \/>\nEs dies 4 e 5 d\u2019octobre celebraram en Esterri d\u2019\u00c0neu era 11au edicion damb eth t\u00edtol de \u201c<strong>Joenessa en Piren\u00e8u, proj\u00e8cte vitau e professionau<\/strong>\u201d. Mantenguem eth ligam de collaboracion damb eth Gov\u00e8rn d\u2019And\u00f2rra: dijaus dia 19 de seteme aur\u00e0 l\u00f2c era tresau taula redona en And\u00f2rra, coma session pr\u00e8via der acte en Esterri, era quau dar\u00e0 inici ad aguestes Jornades entara Excell\u00e9ncia. E, a finaus de noveme, s\u2019amiar\u00e0 a t\u00e8rme era prum\u00e8ra taula redona ena Val d\u2019Aran, que supause er acte de barrament dera edicion e consolide era alian\u00e7a damb eth Conselh Generau d\u2019Aran.<\/span><\/p>\n<p><strong style=\"color: #808080;\">Vos demoram a totes e a toti ent\u00e0 comparti experi\u00e9ncies, noirir eth debat e milhorar es condicions de vida de toti es joeni e joenes deth Piren\u00e8u.<\/strong><\/p>\n\n\t\t<\/div>\n\t<\/div>\n<\/div><\/div><\/div><\/div><\/div><\/div><div id=\"seccionvideos2024\" class=\"vc_row wpb_row vc_row-fluid vc_custom_1730716751929 vc_row-o-content-middle vc_row-flex\" style=\"background-color:#efefef\"><div class=\"wpb_column vc_column_container vc_col-sm-12\"><div class=\"vc_column-inner\"><div class=\"wpb_wrapper\"><div class=\"vc_empty_space\"   style=\"height: 38px\"><span class=\"vc_empty_space_inner\"><\/span><\/div><div class=\"qodef-section-title-holder   qodef-st-title-left qodef-st-normal-space qodef-st-with-animation\" style=\"text-align: center\">\n\t<div class=\"qodef-st-inner\">\n\t\t\t\t\t\t\t<div class=\"qodef-st-title-wrapper\">\n\t\t\t\t<h2 class=\"qodef-st-title\" >\n\t\t\t\t\tV\u00eddeos\t\t\t\t<\/h2>\n\t\t\t<\/div>\n\t\t\t\t\t<\/div>\n<\/div><div class=\"vc_empty_space\"   style=\"height: 38px\"><span class=\"vc_empty_space_inner\"><\/span><\/div><div class=\"vc_row wpb_row vc_inner vc_row-fluid\" ><div class=\"wpb_column vc_column_container vc_col-sm-3\"><div class=\"vc_column-inner\"><div class=\"wpb_wrapper\">\n\t<div class=\"wpb_text_column wpb_content_element \" >\n\t\t<div class=\"wpb_wrapper\">\n\t\t\t<h5>PROGRAMA ESPECIAL CAFE\u00cfNA<\/h5>\n\n\t\t<\/div>\n\t<\/div>\n<div class=\"vc_empty_space\"   style=\"height: 32px\"><span class=\"vc_empty_space_inner\"><\/span><\/div><a itemprop=\"url\" href=\"https:\/\/player.instantvideocloud.net\/#\/embed\/111a5949bc\/65cd114a-41c5-1fb4-2403-b4651bd59a80\" target=\"_blank\" style=\"color: #ffffff\" class=\"qodef-btn qodef-btn-medium qodef-btn-solid qodef-with-svg-arrow\"  >\n    <span class=\"qodef-btn-text\">\n        <span class=\"qodef-btn-text-inner\">VER PROGRAMA ESPECIAL<\/span>\n                    <svg class=\"qodef-svg-icon\" x=\"0px\" y=\"0px\" viewBox=\"0 0 5 8.7\" enable-background=\"new 0 0 5 8.7\" xml:space=\"preserve\" style=\"color: #ffffff\">\n                <path d=\"M0.3,7.6l3.2-3.3L0.3,1.1C0,0.8,0,0.6,0.3,0.3c0.3-0.3,0.5-0.3,0.8,0L4.7,4c0.1,0.1,0.2,0.2,0.2,0.4c0,0.2-0.1,0.3-0.2,0.4 \n                        L1.1,8.4c-0.3,0.3-0.5,0.3-0.8,0C0,8.2,0,7.9,0.3,7.6z\"\/>\n            <\/svg>\n            <\/span>\n    <\/a><div class=\"vc_empty_space\"   style=\"height: 32px\"><span class=\"vc_empty_space_inner\"><\/span><\/div><\/div><\/div><\/div><div class=\"wpb_column vc_column_container vc_col-sm-3\"><div class=\"vc_column-inner\"><div class=\"wpb_wrapper\">\n\t<div class=\"wpb_text_column wpb_content_element \" >\n\t\t<div class=\"wpb_wrapper\">\n\t\t\t<h5 class=\"style-scope ytd-watch-metadata\">RESUMEN DE LA XI EDICI\u00d3N<\/h5>\n\n\t\t<\/div>\n\t<\/div>\n<div class=\"vc_empty_space\"   style=\"height: 32px\"><span class=\"vc_empty_space_inner\"><\/span><\/div><a itemprop=\"url\" href=\"https:\/\/player.instantvideocloud.net\/#\/embed\/111a5949bc\/ac9ae209-5152-76be-a2bc-81c6eba7d1c1\" target=\"_blank\" style=\"color: #ffffff\" class=\"qodef-btn qodef-btn-medium qodef-btn-solid qodef-with-svg-arrow\"  >\n    <span class=\"qodef-btn-text\">\n        <span class=\"qodef-btn-text-inner\">VER RESUMEN<\/span>\n                    <svg class=\"qodef-svg-icon\" x=\"0px\" y=\"0px\" viewBox=\"0 0 5 8.7\" enable-background=\"new 0 0 5 8.7\" xml:space=\"preserve\" style=\"color: #ffffff\">\n                <path d=\"M0.3,7.6l3.2-3.3L0.3,1.1C0,0.8,0,0.6,0.3,0.3c0.3-0.3,0.5-0.3,0.8,0L4.7,4c0.1,0.1,0.2,0.2,0.2,0.4c0,0.2-0.1,0.3-0.2,0.4 \n                        L1.1,8.4c-0.3,0.3-0.5,0.3-0.8,0C0,8.2,0,7.9,0.3,7.6z\"\/>\n            <\/svg>\n            <\/span>\n    <\/a><div class=\"vc_empty_space\"   style=\"height: 32px\"><span class=\"vc_empty_space_inner\"><\/span><\/div><\/div><\/div><\/div><div class=\"wpb_column vc_column_container vc_col-sm-3\"><div class=\"vc_column-inner\"><div class=\"wpb_wrapper\"><\/div><\/div><\/div><div class=\"wpb_column vc_column_container vc_col-sm-3\"><div class=\"vc_column-inner\"><div class=\"wpb_wrapper\"><\/div><\/div><\/div><\/div><div class=\"vc_row wpb_row vc_inner vc_row-fluid\" ><div class=\"wpb_column vc_column_container vc_col-sm-3\"><div class=\"vc_column-inner\"><div class=\"wpb_wrapper\">\n\t<div class=\"wpb_video_widget wpb_content_element vc_clearfix   vc_video-aspect-ratio-169 vc_video-el-width-100 vc_video-align-left\" >\n\t\t<div class=\"wpb_wrapper\">\n\t\t\t\n\t\t\t<div class=\"wpb_video_wrapper\"><iframe loading=\"lazy\" title=\"SESSI\u00d3 INAUGURAL\" width=\"1100\" height=\"619\" src=\"https:\/\/www.youtube.com\/embed\/T4Vtf_ikbJQ?feature=oembed\" frameborder=\"0\" allow=\"accelerometer; autoplay; clipboard-write; encrypted-media; gyroscope; picture-in-picture; web-share\" referrerpolicy=\"strict-origin-when-cross-origin\" allowfullscreen><\/iframe><\/div>\n\t\t<\/div>\n\t<\/div>\n\n\t<div class=\"wpb_text_column wpb_content_element \" >\n\t\t<div class=\"wpb_wrapper\">\n\t\t\t<h5>SESI\u00d3N INAUGURAL<\/h5>\n\n\t\t<\/div>\n\t<\/div>\n<div class=\"vc_empty_space\"   style=\"height: 32px\"><span class=\"vc_empty_space_inner\"><\/span><\/div><\/div><\/div><\/div><div class=\"wpb_column vc_column_container vc_col-sm-3\"><div class=\"vc_column-inner\"><div class=\"wpb_wrapper\">\n\t<div class=\"wpb_video_widget wpb_content_element vc_clearfix   vc_video-aspect-ratio-169 vc_video-el-width-100 vc_video-align-left\" >\n\t\t<div class=\"wpb_wrapper\">\n\t\t\t\n\t\t\t<div class=\"wpb_video_wrapper\"><iframe loading=\"lazy\" title=\"LIDERANT EL CANVI - Joves i emprenedoria\" width=\"1100\" height=\"619\" src=\"https:\/\/www.youtube.com\/embed\/yu9j6aWy6rs?feature=oembed\" frameborder=\"0\" allow=\"accelerometer; autoplay; clipboard-write; encrypted-media; gyroscope; picture-in-picture; web-share\" referrerpolicy=\"strict-origin-when-cross-origin\" allowfullscreen><\/iframe><\/div>\n\t\t<\/div>\n\t<\/div>\n\n\t<div class=\"wpb_text_column wpb_content_element \" >\n\t\t<div class=\"wpb_wrapper\">\n\t\t\t<h5 class=\"style-scope ytd-watch-metadata\">LIDERANDO EL CAMBIO<\/h5>\n\n\t\t<\/div>\n\t<\/div>\n\n\t<div class=\"wpb_text_column wpb_content_element \" >\n\t\t<div class=\"wpb_wrapper\">\n\t\t\t<p class=\"style-scope ytd-watch-metadata\">J\u00f3venes y emprendimiento<\/p>\n<div id=\"gtx-trans\" style=\"position: absolute; left: -13px; top: -14px;\">\n<div class=\"gtx-trans-icon\"><\/div>\n<\/div>\n\n\t\t<\/div>\n\t<\/div>\n<div class=\"vc_empty_space\"   style=\"height: 32px\"><span class=\"vc_empty_space_inner\"><\/span><\/div><\/div><\/div><\/div><div class=\"wpb_column vc_column_container vc_col-sm-3\"><div class=\"vc_column-inner\"><div class=\"wpb_wrapper\">\n\t<div class=\"wpb_video_widget wpb_content_element vc_clearfix   vc_video-aspect-ratio-169 vc_video-el-width-100 vc_video-align-left\" >\n\t\t<div class=\"wpb_wrapper\">\n\t\t\t\n\t\t\t<div class=\"wpb_video_wrapper\"><iframe loading=\"lazy\" title=\"FORJANT NOUS CAMINS - Formaci\u00f3 i noves professions\" width=\"1100\" height=\"619\" src=\"https:\/\/www.youtube.com\/embed\/j05Fp-jRDOY?feature=oembed\" frameborder=\"0\" allow=\"accelerometer; autoplay; clipboard-write; encrypted-media; gyroscope; picture-in-picture; web-share\" referrerpolicy=\"strict-origin-when-cross-origin\" allowfullscreen><\/iframe><\/div>\n\t\t<\/div>\n\t<\/div>\n\n\t<div class=\"wpb_text_column wpb_content_element \" >\n\t\t<div class=\"wpb_wrapper\">\n\t\t\t<h5 class=\"style-scope ytd-watch-metadata\">FORJANDO NUEVOS CAMINOS<\/h5>\n\n\t\t<\/div>\n\t<\/div>\n\n\t<div class=\"wpb_text_column wpb_content_element \" >\n\t\t<div class=\"wpb_wrapper\">\n\t\t\t<p class=\"style-scope ytd-watch-metadata\">Formaci\u00f3n y nuevas profesiones<\/p>\n<div id=\"gtx-trans\" style=\"position: absolute; left: 60px; top: 32px;\">\n<div class=\"gtx-trans-icon\"><\/div>\n<\/div>\n\n\t\t<\/div>\n\t<\/div>\n<div class=\"vc_empty_space\"   style=\"height: 32px\"><span class=\"vc_empty_space_inner\"><\/span><\/div><\/div><\/div><\/div><div class=\"wpb_column vc_column_container vc_col-sm-3\"><div class=\"vc_column-inner\"><div class=\"wpb_wrapper\">\n\t<div class=\"wpb_video_widget wpb_content_element vc_clearfix   vc_video-aspect-ratio-169 vc_video-el-width-100 vc_video-align-left\" >\n\t\t<div class=\"wpb_wrapper\">\n\t\t\t\n\t\t\t<div class=\"wpb_video_wrapper\"><iframe loading=\"lazy\" title=\"LES APOSTES PRIORIT\u00c0RIES - Pol\u00edtiques de Joventut i Habitatge\" width=\"1100\" height=\"619\" src=\"https:\/\/www.youtube.com\/embed\/Pn980t3f9-s?feature=oembed\" frameborder=\"0\" allow=\"accelerometer; autoplay; clipboard-write; encrypted-media; gyroscope; picture-in-picture; web-share\" referrerpolicy=\"strict-origin-when-cross-origin\" allowfullscreen><\/iframe><\/div>\n\t\t<\/div>\n\t<\/div>\n\n\t<div class=\"wpb_text_column wpb_content_element \" >\n\t\t<div class=\"wpb_wrapper\">\n\t\t\t<h5 class=\"style-scope ytd-watch-metadata\">LAS APUESTAS PRIORITARIAS<\/h5>\n\n\t\t<\/div>\n\t<\/div>\n\n\t<div class=\"wpb_text_column wpb_content_element \" >\n\t\t<div class=\"wpb_wrapper\">\n\t\t\t<p class=\"style-scope ytd-watch-metadata\">Pol\u00edticas de juventud y vivienda<\/p>\n\n\t\t<\/div>\n\t<\/div>\n<div class=\"vc_empty_space\"   style=\"height: 32px\"><span class=\"vc_empty_space_inner\"><\/span><\/div><\/div><\/div><\/div><\/div><div class=\"vc_row wpb_row vc_inner vc_row-fluid\" ><div class=\"wpb_column vc_column_container vc_col-sm-3\"><div class=\"vc_column-inner\"><div class=\"wpb_wrapper\">\n\t<div class=\"wpb_video_widget wpb_content_element vc_clearfix   vc_video-aspect-ratio-169 vc_video-el-width-100 vc_video-align-left\" >\n\t\t<div class=\"wpb_wrapper\">\n\t\t\t\n\t\t\t<div class=\"wpb_video_wrapper\"><iframe loading=\"lazy\" title=\"LES NOVES FRONTERES - Digitalitzaci\u00f3, tecnologia i IA\" width=\"1100\" height=\"619\" src=\"https:\/\/www.youtube.com\/embed\/Bsv_c0_ZDLE?feature=oembed\" frameborder=\"0\" allow=\"accelerometer; autoplay; clipboard-write; encrypted-media; gyroscope; picture-in-picture; web-share\" referrerpolicy=\"strict-origin-when-cross-origin\" allowfullscreen><\/iframe><\/div>\n\t\t<\/div>\n\t<\/div>\n\n\t<div class=\"wpb_text_column wpb_content_element \" >\n\t\t<div class=\"wpb_wrapper\">\n\t\t\t<h5 class=\"style-scope ytd-watch-metadata\">LAS NUEVAS FRONTERAS<\/h5>\n<div id=\"gtx-trans\" style=\"position: absolute; left: 171px; top: -6px;\">\n<div class=\"gtx-trans-icon\"><\/div>\n<\/div>\n\n\t\t<\/div>\n\t<\/div>\n\n\t<div class=\"wpb_text_column wpb_content_element \" >\n\t\t<div class=\"wpb_wrapper\">\n\t\t\t<p class=\"style-scope ytd-watch-metadata\">Digitalitzaci\u00f3n, tecnolog\u00eda e IA<\/p>\n\n\t\t<\/div>\n\t<\/div>\n<div class=\"vc_empty_space\"   style=\"height: 32px\"><span class=\"vc_empty_space_inner\"><\/span><\/div><\/div><\/div><\/div><div class=\"wpb_column vc_column_container vc_col-sm-3\"><div class=\"vc_column-inner\"><div class=\"wpb_wrapper\">\n\t<div class=\"wpb_video_widget wpb_content_element vc_clearfix   vc_video-aspect-ratio-169 vc_video-el-width-100 vc_video-align-left\" >\n\t\t<div class=\"wpb_wrapper\">\n\t\t\t\n\t\t\t<div class=\"wpb_video_wrapper\"><iframe loading=\"lazy\" title=\"BENVINGUDA INSTITUCIONAL\" width=\"1100\" height=\"619\" src=\"https:\/\/www.youtube.com\/embed\/pRRI8w_n1No?feature=oembed\" frameborder=\"0\" allow=\"accelerometer; autoplay; clipboard-write; encrypted-media; gyroscope; picture-in-picture; web-share\" referrerpolicy=\"strict-origin-when-cross-origin\" allowfullscreen><\/iframe><\/div>\n\t\t<\/div>\n\t<\/div>\n\n\t<div class=\"wpb_text_column wpb_content_element \" >\n\t\t<div class=\"wpb_wrapper\">\n\t\t\t<h5 class=\"style-scope ytd-watch-metadata\">BIENVENIDA INSTITUCIONAL<\/h5>\n<div id=\"gtx-trans\" style=\"position: absolute; left: 59px; top: -6px;\">\n<div class=\"gtx-trans-icon\"><\/div>\n<\/div>\n\n\t\t<\/div>\n\t<\/div>\n<div class=\"vc_empty_space\"   style=\"height: 32px\"><span class=\"vc_empty_space_inner\"><\/span><\/div><\/div><\/div><\/div><div class=\"wpb_column vc_column_container vc_col-sm-3\"><div class=\"vc_column-inner\"><div class=\"wpb_wrapper\">\n\t<div class=\"wpb_video_widget wpb_content_element vc_clearfix   vc_video-aspect-ratio-169 vc_video-el-width-100 vc_video-align-left\" >\n\t\t<div class=\"wpb_wrapper\">\n\t\t\t\n\t\t\t<div class=\"wpb_video_wrapper\"><iframe loading=\"lazy\" title=\"Actuaci\u00f3 musical del violoncel\u00b7lista Roger Fillet, de la Jove Orquestra Nacional de Cambra d&#039;Andorra\" width=\"1100\" height=\"619\" src=\"https:\/\/www.youtube.com\/embed\/xmB4UGTbNhM?feature=oembed\" frameborder=\"0\" allow=\"accelerometer; autoplay; clipboard-write; encrypted-media; gyroscope; picture-in-picture; web-share\" referrerpolicy=\"strict-origin-when-cross-origin\" allowfullscreen><\/iframe><\/div>\n\t\t<\/div>\n\t<\/div>\n\n\t<div class=\"wpb_text_column wpb_content_element \" >\n\t\t<div class=\"wpb_wrapper\">\n\t\t\t<h5 class=\"style-scope ytd-watch-metadata\">Actuaci\u00f3n musical del violoncelista Roger Fillet, de la Joven Orquesta Nacional de Cambra de Andorra<\/h5>\n\n\t\t<\/div>\n\t<\/div>\n<div class=\"vc_empty_space\"   style=\"height: 32px\"><span class=\"vc_empty_space_inner\"><\/span><\/div><\/div><\/div><\/div><div class=\"wpb_column vc_column_container vc_col-sm-3\"><div class=\"vc_column-inner\"><div class=\"wpb_wrapper\">\n\t<div class=\"wpb_video_widget wpb_content_element vc_clearfix   vc_video-aspect-ratio-169 vc_video-el-width-100 vc_video-align-left\" >\n\t\t<div class=\"wpb_wrapper\">\n\t\t\t\n\t\t\t<div class=\"wpb_video_wrapper\"><iframe loading=\"lazy\" title=\"PARTICIPACI\u00d3 ACTIVA - Teixit associatiu\" width=\"1100\" height=\"619\" src=\"https:\/\/www.youtube.com\/embed\/CVXBtzsNDk4?feature=oembed\" frameborder=\"0\" allow=\"accelerometer; autoplay; clipboard-write; encrypted-media; gyroscope; picture-in-picture; web-share\" referrerpolicy=\"strict-origin-when-cross-origin\" allowfullscreen><\/iframe><\/div>\n\t\t<\/div>\n\t<\/div>\n\n\t<div class=\"wpb_text_column wpb_content_element \" >\n\t\t<div class=\"wpb_wrapper\">\n\t\t\t<h5 class=\"style-scope ytd-watch-metadata\">PARTICIPACI\u00d3N ACTIVA<\/h5>\n\n\t\t<\/div>\n\t<\/div>\n\n\t<div class=\"wpb_text_column wpb_content_element \" >\n\t\t<div class=\"wpb_wrapper\">\n\t\t\t<p class=\"style-scope ytd-watch-metadata\">Tejido asociativo<\/p>\n<div id=\"gtx-trans\" style=\"position: absolute; left: -11px; top: -14px;\">\n<div class=\"gtx-trans-icon\"><\/div>\n<\/div>\n\n\t\t<\/div>\n\t<\/div>\n<div class=\"vc_empty_space\"   style=\"height: 32px\"><span class=\"vc_empty_space_inner\"><\/span><\/div><\/div><\/div><\/div><\/div><div class=\"vc_row wpb_row vc_inner vc_row-fluid\" ><div class=\"wpb_column vc_column_container vc_col-sm-3\"><div class=\"vc_column-inner\"><div class=\"wpb_wrapper\">\n\t<div class=\"wpb_video_widget wpb_content_element vc_clearfix   vc_video-aspect-ratio-169 vc_video-el-width-100 vc_video-align-left\" >\n\t\t<div class=\"wpb_wrapper\">\n\t\t\t\n\t\t\t<div class=\"wpb_video_wrapper\"><iframe loading=\"lazy\" title=\"CULTIVANT VINCLES - Oci, lleure i esport\" width=\"1100\" height=\"619\" src=\"https:\/\/www.youtube.com\/embed\/noKPg8dx7H8?feature=oembed\" frameborder=\"0\" allow=\"accelerometer; autoplay; clipboard-write; encrypted-media; gyroscope; picture-in-picture; web-share\" referrerpolicy=\"strict-origin-when-cross-origin\" allowfullscreen><\/iframe><\/div>\n\t\t<\/div>\n\t<\/div>\n\n\t<div class=\"wpb_text_column wpb_content_element \" >\n\t\t<div class=\"wpb_wrapper\">\n\t\t\t<h5 class=\"style-scope ytd-watch-metadata\">CULTIVANDO V\u00cdNCULOS<\/h5>\n<div id=\"gtx-trans\" style=\"position: absolute; left: -42px; top: -6px;\">\n<div class=\"gtx-trans-icon\"><\/div>\n<\/div>\n\n\t\t<\/div>\n\t<\/div>\n\n\t<div class=\"wpb_text_column wpb_content_element \" >\n\t\t<div class=\"wpb_wrapper\">\n\t\t\t<p class=\"style-scope ytd-watch-metadata\">Ocio y deporte<\/p>\n<div id=\"gtx-trans\" style=\"position: absolute; left: 35px; top: -14px;\">\n<div class=\"gtx-trans-icon\"><\/div>\n<\/div>\n\n\t\t<\/div>\n\t<\/div>\n<div class=\"vc_empty_space\"   style=\"height: 32px\"><span class=\"vc_empty_space_inner\"><\/span><\/div><\/div><\/div><\/div><div class=\"wpb_column vc_column_container vc_col-sm-3\"><div class=\"vc_column-inner\"><div class=\"wpb_wrapper\">\n\t<div class=\"wpb_video_widget wpb_content_element vc_clearfix   vc_video-aspect-ratio-169 vc_video-el-width-100 vc_video-align-left\" >\n\t\t<div class=\"wpb_wrapper\">\n\t\t\t\n\t\t\t<div class=\"wpb_video_wrapper\"><iframe loading=\"lazy\" title=\"ELS JOVES, A L\u2019HORITZ\u00d3 2050 - El planeta al qual aspirem. Com gestionar els recursos finits\" width=\"1100\" height=\"619\" src=\"https:\/\/www.youtube.com\/embed\/OBWEaTd63ak?feature=oembed\" frameborder=\"0\" allow=\"accelerometer; autoplay; clipboard-write; encrypted-media; gyroscope; picture-in-picture; web-share\" referrerpolicy=\"strict-origin-when-cross-origin\" allowfullscreen><\/iframe><\/div>\n\t\t<\/div>\n\t<\/div>\n\n\t<div class=\"wpb_text_column wpb_content_element \" >\n\t\t<div class=\"wpb_wrapper\">\n\t\t\t<h5 class=\"style-scope ytd-watch-metadata\">LOS J\u00d3VENES, EN EL HORIZONTE 2050<\/h5>\n<div id=\"gtx-trans\" style=\"position: absolute; left: 327px; top: -6px;\">\n<div class=\"gtx-trans-icon\"><\/div>\n<\/div>\n\n\t\t<\/div>\n\t<\/div>\n\n\t<div class=\"wpb_text_column wpb_content_element \" >\n\t\t<div class=\"wpb_wrapper\">\n\t\t\t<p class=\"style-scope ytd-watch-metadata\">El planeta al que aspiramos. C\u00f3mo gestionar los recursos finitos<\/p>\n\n\t\t<\/div>\n\t<\/div>\n<div class=\"vc_empty_space\"   style=\"height: 32px\"><span class=\"vc_empty_space_inner\"><\/span><\/div><\/div><\/div><\/div><div class=\"wpb_column vc_column_container vc_col-sm-3\"><div class=\"vc_column-inner\"><div class=\"wpb_wrapper\">\n\t<div class=\"wpb_video_widget wpb_content_element vc_clearfix   vc_video-aspect-ratio-169 vc_video-el-width-100 vc_video-align-left\" >\n\t\t<div class=\"wpb_wrapper\">\n\t\t\t\n\t\t\t<div class=\"wpb_video_wrapper\"><iframe loading=\"lazy\" title=\"LA TRANSMISSI\u00d3 DELS VALORS I LA COMUNICACI\u00d3 DE MASSES\" width=\"1100\" height=\"619\" src=\"https:\/\/www.youtube.com\/embed\/3ou1q2m6_Es?feature=oembed\" frameborder=\"0\" allow=\"accelerometer; autoplay; clipboard-write; encrypted-media; gyroscope; picture-in-picture; web-share\" referrerpolicy=\"strict-origin-when-cross-origin\" allowfullscreen><\/iframe><\/div>\n\t\t<\/div>\n\t<\/div>\n\n\t<div class=\"wpb_text_column wpb_content_element \" >\n\t\t<div class=\"wpb_wrapper\">\n\t\t\t<h5 class=\"style-scope ytd-watch-metadata\">LA TRANSMISI\u00d3N DE VALORES Y LA COMUNICACI\u00d3N DE MASAS<\/h5>\n\n\t\t<\/div>\n\t<\/div>\n<div class=\"vc_empty_space\"   style=\"height: 32px\"><span class=\"vc_empty_space_inner\"><\/span><\/div><\/div><\/div><\/div><div class=\"wpb_column vc_column_container vc_col-sm-3\"><div class=\"vc_column-inner\"><div class=\"wpb_wrapper\">\n\t<div class=\"wpb_video_widget wpb_content_element vc_clearfix   vc_video-aspect-ratio-169 vc_video-el-width-100 vc_video-align-left\" >\n\t\t<div class=\"wpb_wrapper\">\n\t\t\t\n\t\t\t<div class=\"wpb_video_wrapper\"><iframe loading=\"lazy\" title=\"EXEMPLES QUE INSPIREN\" width=\"1100\" height=\"619\" src=\"https:\/\/www.youtube.com\/embed\/4HZJDVUF7CM?feature=oembed\" frameborder=\"0\" allow=\"accelerometer; autoplay; clipboard-write; encrypted-media; gyroscope; picture-in-picture; web-share\" referrerpolicy=\"strict-origin-when-cross-origin\" allowfullscreen><\/iframe><\/div>\n\t\t<\/div>\n\t<\/div>\n\n\t<div class=\"wpb_text_column wpb_content_element \" >\n\t\t<div class=\"wpb_wrapper\">\n\t\t\t<h5 class=\"style-scope ytd-watch-metadata\">EJEMPLOS QUE INSPIRAN<\/h5>\n\n\t\t<\/div>\n\t<\/div>\n<div class=\"vc_empty_space\"   style=\"height: 32px\"><span class=\"vc_empty_space_inner\"><\/span><\/div><\/div><\/div><\/div><\/div><div class=\"vc_row wpb_row vc_inner vc_row-fluid\" ><div class=\"wpb_column vc_column_container vc_col-sm-3\"><div class=\"vc_column-inner\"><div class=\"wpb_wrapper\">\n\t<div class=\"wpb_video_widget wpb_content_element vc_clearfix   vc_video-aspect-ratio-169 vc_video-el-width-100 vc_video-align-left\" >\n\t\t<div class=\"wpb_wrapper\">\n\t\t\t\n\t\t\t<div class=\"wpb_video_wrapper\"><iframe loading=\"lazy\" title=\"SESSI\u00d3 DE CLOENDA - Alain Cabanes\" width=\"1100\" height=\"619\" src=\"https:\/\/www.youtube.com\/embed\/nUsOGZ_BZaA?feature=oembed\" frameborder=\"0\" allow=\"accelerometer; autoplay; clipboard-write; encrypted-media; gyroscope; picture-in-picture; web-share\" referrerpolicy=\"strict-origin-when-cross-origin\" allowfullscreen><\/iframe><\/div>\n\t\t<\/div>\n\t<\/div>\n\n\t<div class=\"wpb_text_column wpb_content_element \" >\n\t\t<div class=\"wpb_wrapper\">\n\t\t\t<h5 class=\"style-scope ytd-watch-metadata\">SESI\u00d3N DE CIERRE- Alain Cabanes<\/h5>\n\n\t\t<\/div>\n\t<\/div>\n<div class=\"vc_empty_space\"   style=\"height: 32px\"><span class=\"vc_empty_space_inner\"><\/span><\/div><\/div><\/div><\/div><div class=\"wpb_column vc_column_container vc_col-sm-3\"><div class=\"vc_column-inner\"><div class=\"wpb_wrapper\">\n\t<div class=\"wpb_video_widget wpb_content_element vc_clearfix   vc_video-aspect-ratio-169 vc_video-el-width-100 vc_video-align-left\" >\n\t\t<div class=\"wpb_wrapper\">\n\t\t\t\n\t\t\t<div class=\"wpb_video_wrapper\"><iframe loading=\"lazy\" title=\"SESSI\u00d3 DE CLOENDA - Maria Verg\u00e9s\" width=\"1100\" height=\"619\" src=\"https:\/\/www.youtube.com\/embed\/4J5jskEV5_A?feature=oembed\" frameborder=\"0\" allow=\"accelerometer; autoplay; clipboard-write; encrypted-media; gyroscope; picture-in-picture; web-share\" referrerpolicy=\"strict-origin-when-cross-origin\" allowfullscreen><\/iframe><\/div>\n\t\t<\/div>\n\t<\/div>\n\n\t<div class=\"wpb_text_column wpb_content_element \" >\n\t\t<div class=\"wpb_wrapper\">\n\t\t\t<h5 class=\"style-scope ytd-watch-metadata\">SESI\u00d3N DE CIERRE &#8211; Maria Verg\u00e9s<\/h5>\n<div id=\"gtx-trans\" style=\"position: absolute; left: 36px; top: -6px;\">\n<div class=\"gtx-trans-icon\"><\/div>\n<\/div>\n\n\t\t<\/div>\n\t<\/div>\n<div class=\"vc_empty_space\"   style=\"height: 32px\"><span class=\"vc_empty_space_inner\"><\/span><\/div><\/div><\/div><\/div><div class=\"wpb_column vc_column_container vc_col-sm-3\"><div class=\"vc_column-inner\"><div class=\"wpb_wrapper\">\n\t<div class=\"wpb_video_widget wpb_content_element vc_clearfix   vc_video-aspect-ratio-169 vc_video-el-width-100 vc_video-align-left\" >\n\t\t<div class=\"wpb_wrapper\">\n\t\t\t\n\t\t\t<div class=\"wpb_video_wrapper\"><iframe loading=\"lazy\" title=\"SESSI\u00d3 DE CLOENDA - Jes\u00fas Montoliu\" width=\"1100\" height=\"619\" src=\"https:\/\/www.youtube.com\/embed\/syv97C77XXc?feature=oembed\" frameborder=\"0\" allow=\"accelerometer; autoplay; clipboard-write; encrypted-media; gyroscope; picture-in-picture; web-share\" referrerpolicy=\"strict-origin-when-cross-origin\" allowfullscreen><\/iframe><\/div>\n\t\t<\/div>\n\t<\/div>\n\n\t<div class=\"wpb_text_column wpb_content_element \" >\n\t\t<div class=\"wpb_wrapper\">\n\t\t\t<h5 class=\"style-scope ytd-watch-metadata\">SESI\u00d3N DE CIERRE &#8211; Jes\u00fas Montoliu<\/h5>\n<div id=\"gtx-trans\" style=\"position: absolute; left: -8px; top: -6px;\">\n<div class=\"gtx-trans-icon\"><\/div>\n<\/div>\n\n\t\t<\/div>\n\t<\/div>\n<div class=\"vc_empty_space\"   style=\"height: 32px\"><span class=\"vc_empty_space_inner\"><\/span><\/div><\/div><\/div><\/div><div class=\"wpb_column vc_column_container vc_col-sm-3\"><div class=\"vc_column-inner\"><div class=\"wpb_wrapper\">\n\t<div class=\"wpb_video_widget wpb_content_element vc_clearfix   vc_video-aspect-ratio-169 vc_video-el-width-100 vc_video-align-left\" >\n\t\t<div class=\"wpb_wrapper\">\n\t\t\t\n\t\t\t<div class=\"wpb_video_wrapper\"><iframe loading=\"lazy\" title=\"Actuaci\u00f3 Dansa Urbana Club Esportiu Andorr\u00e0 de Dansa i Fitness d\u2019Encamp\" width=\"1100\" height=\"619\" src=\"https:\/\/www.youtube.com\/embed\/ObfwiwpCwyw?feature=oembed\" frameborder=\"0\" allow=\"accelerometer; autoplay; clipboard-write; encrypted-media; gyroscope; picture-in-picture; web-share\" referrerpolicy=\"strict-origin-when-cross-origin\" allowfullscreen><\/iframe><\/div>\n\t\t<\/div>\n\t<\/div>\n\n\t<div class=\"wpb_text_column wpb_content_element \" >\n\t\t<div class=\"wpb_wrapper\">\n\t\t\t<h5 class=\"style-scope ytd-watch-metadata\">Actuaci\u00f3n Danza Urbana Club Esportiu Andorr\u00e0 de Dansa i Fitness d\u2019Encamp<\/h5>\n\n\t\t<\/div>\n\t<\/div>\n<div class=\"vc_empty_space\"   style=\"height: 32px\"><span class=\"vc_empty_space_inner\"><\/span><\/div><\/div><\/div><\/div><\/div><\/div><\/div><\/div><\/div><div class=\"vc_row wpb_row vc_row-fluid vc_custom_1611140310682 vc_row-o-content-middle vc_row-flex\" ><div class=\"wpb_column vc_column_container vc_col-sm-12\"><div class=\"vc_column-inner\"><div class=\"wpb_wrapper\"><div class=\"qodef-section-title-holder   qodef-st-title-left qodef-st-normal-space qodef-st-with-animation\" style=\"text-align: center\">\n\t<div class=\"qodef-st-inner\">\n\t\t\t\t\t\t\t<div class=\"qodef-st-title-wrapper\">\n\t\t\t\t<h3 class=\"qodef-st-title\" >\n\t\t\t\t\tResumen Fotogr\u00e1fico\t\t\t\t<\/h3>\n\t\t\t<\/div>\n\t\t\t\t\t<\/div>\n<\/div><div class=\"vc_empty_space\"   style=\"height: 38px\"><span class=\"vc_empty_space_inner\"><\/span><\/div><div class=\"qodef-image-gallery qodef-grid-list qodef-disable-bottom-space  qodef-ig-grid-type qodef-six-columns qodef-tiny-space  qodef-image-behavior-lightbox\">\n\t<div class=\"qodef-ig-inner qodef-outer-space\">\n\t\t\t\t\t<div class=\"qodef-ig-image qodef-item-space\">\n\t\t\t\t<div class=\"qodef-ig-image-inner\">\n\t\t\t\t\t\t\t\t\t\t\t<a itemprop=\"image\" class=\"qodef-ig-lightbox\" href=\"https:\/\/www.jornadesperalexcellencia.cat\/wp-content\/uploads\/2024\/10\/2024-jornades-excellencia-30.jpg\" data-rel=\"prettyPhoto[image_gallery_pretty_photo-69]\" title=\"2024-jornades-excellencia-30\">\n\t\t\t\t\t\t\t\t\t\t\t<img loading=\"lazy\" decoding=\"async\" width=\"1080\" height=\"1350\" src=\"https:\/\/www.jornadesperalexcellencia.cat\/wp-content\/uploads\/2024\/10\/2024-jornades-excellencia-30.jpg\" class=\"attachment-full size-full\" alt=\"\" srcset=\"https:\/\/www.jornadesperalexcellencia.cat\/wp-content\/uploads\/2024\/10\/2024-jornades-excellencia-30.jpg 1080w, https:\/\/www.jornadesperalexcellencia.cat\/wp-content\/uploads\/2024\/10\/2024-jornades-excellencia-30-240x300.jpg 240w, https:\/\/www.jornadesperalexcellencia.cat\/wp-content\/uploads\/2024\/10\/2024-jornades-excellencia-30-819x1024.jpg 819w, https:\/\/www.jornadesperalexcellencia.cat\/wp-content\/uploads\/2024\/10\/2024-jornades-excellencia-30-768x960.jpg 768w, https:\/\/www.jornadesperalexcellencia.cat\/wp-content\/uploads\/2024\/10\/2024-jornades-excellencia-30-600x750.jpg 600w\" sizes=\"auto, (max-width: 1080px) 100vw, 1080px\" \/>\t\t\t\t\t\t\t\t\t\t\t<\/a>\n\t\t\t\t\t\t\t\t\t<\/div>\n\t\t\t<\/div>\n\t\t\t\t\t<div class=\"qodef-ig-image qodef-item-space\">\n\t\t\t\t<div class=\"qodef-ig-image-inner\">\n\t\t\t\t\t\t\t\t\t\t\t<a itemprop=\"image\" class=\"qodef-ig-lightbox\" href=\"https:\/\/www.jornadesperalexcellencia.cat\/wp-content\/uploads\/2024\/10\/2024-jornades-excellencia-29.jpg\" data-rel=\"prettyPhoto[image_gallery_pretty_photo-69]\" title=\"2024-jornades-excellencia-29\">\n\t\t\t\t\t\t\t\t\t\t\t<img loading=\"lazy\" decoding=\"async\" width=\"1080\" height=\"1350\" src=\"https:\/\/www.jornadesperalexcellencia.cat\/wp-content\/uploads\/2024\/10\/2024-jornades-excellencia-29.jpg\" class=\"attachment-full size-full\" alt=\"\" srcset=\"https:\/\/www.jornadesperalexcellencia.cat\/wp-content\/uploads\/2024\/10\/2024-jornades-excellencia-29.jpg 1080w, https:\/\/www.jornadesperalexcellencia.cat\/wp-content\/uploads\/2024\/10\/2024-jornades-excellencia-29-240x300.jpg 240w, https:\/\/www.jornadesperalexcellencia.cat\/wp-content\/uploads\/2024\/10\/2024-jornades-excellencia-29-819x1024.jpg 819w, https:\/\/www.jornadesperalexcellencia.cat\/wp-content\/uploads\/2024\/10\/2024-jornades-excellencia-29-768x960.jpg 768w, https:\/\/www.jornadesperalexcellencia.cat\/wp-content\/uploads\/2024\/10\/2024-jornades-excellencia-29-600x750.jpg 600w\" sizes=\"auto, (max-width: 1080px) 100vw, 1080px\" \/>\t\t\t\t\t\t\t\t\t\t\t<\/a>\n\t\t\t\t\t\t\t\t\t<\/div>\n\t\t\t<\/div>\n\t\t\t\t\t<div class=\"qodef-ig-image qodef-item-space\">\n\t\t\t\t<div class=\"qodef-ig-image-inner\">\n\t\t\t\t\t\t\t\t\t\t\t<a itemprop=\"image\" class=\"qodef-ig-lightbox\" href=\"https:\/\/www.jornadesperalexcellencia.cat\/wp-content\/uploads\/2024\/10\/2024-jornades-excellencia-28.jpg\" data-rel=\"prettyPhoto[image_gallery_pretty_photo-69]\" title=\"2024-jornades-excellencia-28\">\n\t\t\t\t\t\t\t\t\t\t\t<img loading=\"lazy\" decoding=\"async\" width=\"1080\" height=\"1350\" src=\"https:\/\/www.jornadesperalexcellencia.cat\/wp-content\/uploads\/2024\/10\/2024-jornades-excellencia-28.jpg\" class=\"attachment-full size-full\" alt=\"\" srcset=\"https:\/\/www.jornadesperalexcellencia.cat\/wp-content\/uploads\/2024\/10\/2024-jornades-excellencia-28.jpg 1080w, https:\/\/www.jornadesperalexcellencia.cat\/wp-content\/uploads\/2024\/10\/2024-jornades-excellencia-28-240x300.jpg 240w, https:\/\/www.jornadesperalexcellencia.cat\/wp-content\/uploads\/2024\/10\/2024-jornades-excellencia-28-819x1024.jpg 819w, https:\/\/www.jornadesperalexcellencia.cat\/wp-content\/uploads\/2024\/10\/2024-jornades-excellencia-28-768x960.jpg 768w, https:\/\/www.jornadesperalexcellencia.cat\/wp-content\/uploads\/2024\/10\/2024-jornades-excellencia-28-600x750.jpg 600w\" sizes=\"auto, (max-width: 1080px) 100vw, 1080px\" \/>\t\t\t\t\t\t\t\t\t\t\t<\/a>\n\t\t\t\t\t\t\t\t\t<\/div>\n\t\t\t<\/div>\n\t\t\t\t\t<div class=\"qodef-ig-image qodef-item-space\">\n\t\t\t\t<div class=\"qodef-ig-image-inner\">\n\t\t\t\t\t\t\t\t\t\t\t<a itemprop=\"image\" class=\"qodef-ig-lightbox\" href=\"https:\/\/www.jornadesperalexcellencia.cat\/wp-content\/uploads\/2024\/10\/2024-jornades-excellencia-27.jpg\" data-rel=\"prettyPhoto[image_gallery_pretty_photo-69]\" title=\"2024-jornades-excellencia-27\">\n\t\t\t\t\t\t\t\t\t\t\t<img loading=\"lazy\" decoding=\"async\" width=\"1080\" height=\"1350\" src=\"https:\/\/www.jornadesperalexcellencia.cat\/wp-content\/uploads\/2024\/10\/2024-jornades-excellencia-27.jpg\" class=\"attachment-full size-full\" alt=\"\" srcset=\"https:\/\/www.jornadesperalexcellencia.cat\/wp-content\/uploads\/2024\/10\/2024-jornades-excellencia-27.jpg 1080w, https:\/\/www.jornadesperalexcellencia.cat\/wp-content\/uploads\/2024\/10\/2024-jornades-excellencia-27-240x300.jpg 240w, https:\/\/www.jornadesperalexcellencia.cat\/wp-content\/uploads\/2024\/10\/2024-jornades-excellencia-27-819x1024.jpg 819w, https:\/\/www.jornadesperalexcellencia.cat\/wp-content\/uploads\/2024\/10\/2024-jornades-excellencia-27-768x960.jpg 768w, https:\/\/www.jornadesperalexcellencia.cat\/wp-content\/uploads\/2024\/10\/2024-jornades-excellencia-27-600x750.jpg 600w\" sizes=\"auto, (max-width: 1080px) 100vw, 1080px\" \/>\t\t\t\t\t\t\t\t\t\t\t<\/a>\n\t\t\t\t\t\t\t\t\t<\/div>\n\t\t\t<\/div>\n\t\t\t\t\t<div class=\"qodef-ig-image qodef-item-space\">\n\t\t\t\t<div class=\"qodef-ig-image-inner\">\n\t\t\t\t\t\t\t\t\t\t\t<a itemprop=\"image\" class=\"qodef-ig-lightbox\" href=\"https:\/\/www.jornadesperalexcellencia.cat\/wp-content\/uploads\/2024\/10\/2024-jornades-excellencia-26.jpg\" data-rel=\"prettyPhoto[image_gallery_pretty_photo-69]\" title=\"2024-jornades-excellencia-26\">\n\t\t\t\t\t\t\t\t\t\t\t<img loading=\"lazy\" decoding=\"async\" width=\"1080\" height=\"1350\" src=\"https:\/\/www.jornadesperalexcellencia.cat\/wp-content\/uploads\/2024\/10\/2024-jornades-excellencia-26.jpg\" class=\"attachment-full size-full\" alt=\"\" srcset=\"https:\/\/www.jornadesperalexcellencia.cat\/wp-content\/uploads\/2024\/10\/2024-jornades-excellencia-26.jpg 1080w, https:\/\/www.jornadesperalexcellencia.cat\/wp-content\/uploads\/2024\/10\/2024-jornades-excellencia-26-240x300.jpg 240w, https:\/\/www.jornadesperalexcellencia.cat\/wp-content\/uploads\/2024\/10\/2024-jornades-excellencia-26-819x1024.jpg 819w, https:\/\/www.jornadesperalexcellencia.cat\/wp-content\/uploads\/2024\/10\/2024-jornades-excellencia-26-768x960.jpg 768w, https:\/\/www.jornadesperalexcellencia.cat\/wp-content\/uploads\/2024\/10\/2024-jornades-excellencia-26-600x750.jpg 600w\" sizes=\"auto, (max-width: 1080px) 100vw, 1080px\" \/>\t\t\t\t\t\t\t\t\t\t\t<\/a>\n\t\t\t\t\t\t\t\t\t<\/div>\n\t\t\t<\/div>\n\t\t\t\t\t<div class=\"qodef-ig-image qodef-item-space\">\n\t\t\t\t<div class=\"qodef-ig-image-inner\">\n\t\t\t\t\t\t\t\t\t\t\t<a itemprop=\"image\" class=\"qodef-ig-lightbox\" href=\"https:\/\/www.jornadesperalexcellencia.cat\/wp-content\/uploads\/2024\/10\/2024-jornades-excellencia-25.jpg\" data-rel=\"prettyPhoto[image_gallery_pretty_photo-69]\" title=\"2024-jornades-excellencia-25\">\n\t\t\t\t\t\t\t\t\t\t\t<img loading=\"lazy\" decoding=\"async\" width=\"1080\" height=\"1350\" src=\"https:\/\/www.jornadesperalexcellencia.cat\/wp-content\/uploads\/2024\/10\/2024-jornades-excellencia-25.jpg\" class=\"attachment-full size-full\" alt=\"\" srcset=\"https:\/\/www.jornadesperalexcellencia.cat\/wp-content\/uploads\/2024\/10\/2024-jornades-excellencia-25.jpg 1080w, https:\/\/www.jornadesperalexcellencia.cat\/wp-content\/uploads\/2024\/10\/2024-jornades-excellencia-25-240x300.jpg 240w, https:\/\/www.jornadesperalexcellencia.cat\/wp-content\/uploads\/2024\/10\/2024-jornades-excellencia-25-819x1024.jpg 819w, https:\/\/www.jornadesperalexcellencia.cat\/wp-content\/uploads\/2024\/10\/2024-jornades-excellencia-25-768x960.jpg 768w, https:\/\/www.jornadesperalexcellencia.cat\/wp-content\/uploads\/2024\/10\/2024-jornades-excellencia-25-600x750.jpg 600w\" sizes=\"auto, (max-width: 1080px) 100vw, 1080px\" \/>\t\t\t\t\t\t\t\t\t\t\t<\/a>\n\t\t\t\t\t\t\t\t\t<\/div>\n\t\t\t<\/div>\n\t\t\t\t\t<div class=\"qodef-ig-image qodef-item-space\">\n\t\t\t\t<div class=\"qodef-ig-image-inner\">\n\t\t\t\t\t\t\t\t\t\t\t<a itemprop=\"image\" class=\"qodef-ig-lightbox\" href=\"https:\/\/www.jornadesperalexcellencia.cat\/wp-content\/uploads\/2024\/10\/2024-jornades-excellencia-24.jpg\" data-rel=\"prettyPhoto[image_gallery_pretty_photo-69]\" title=\"2024-jornades-excellencia-24\">\n\t\t\t\t\t\t\t\t\t\t\t<img loading=\"lazy\" decoding=\"async\" width=\"1080\" height=\"1350\" src=\"https:\/\/www.jornadesperalexcellencia.cat\/wp-content\/uploads\/2024\/10\/2024-jornades-excellencia-24.jpg\" class=\"attachment-full size-full\" alt=\"\" srcset=\"https:\/\/www.jornadesperalexcellencia.cat\/wp-content\/uploads\/2024\/10\/2024-jornades-excellencia-24.jpg 1080w, https:\/\/www.jornadesperalexcellencia.cat\/wp-content\/uploads\/2024\/10\/2024-jornades-excellencia-24-240x300.jpg 240w, https:\/\/www.jornadesperalexcellencia.cat\/wp-content\/uploads\/2024\/10\/2024-jornades-excellencia-24-819x1024.jpg 819w, https:\/\/www.jornadesperalexcellencia.cat\/wp-content\/uploads\/2024\/10\/2024-jornades-excellencia-24-768x960.jpg 768w, https:\/\/www.jornadesperalexcellencia.cat\/wp-content\/uploads\/2024\/10\/2024-jornades-excellencia-24-600x750.jpg 600w\" sizes=\"auto, (max-width: 1080px) 100vw, 1080px\" \/>\t\t\t\t\t\t\t\t\t\t\t<\/a>\n\t\t\t\t\t\t\t\t\t<\/div>\n\t\t\t<\/div>\n\t\t\t\t\t<div class=\"qodef-ig-image qodef-item-space\">\n\t\t\t\t<div class=\"qodef-ig-image-inner\">\n\t\t\t\t\t\t\t\t\t\t\t<a itemprop=\"image\" class=\"qodef-ig-lightbox\" href=\"https:\/\/www.jornadesperalexcellencia.cat\/wp-content\/uploads\/2024\/10\/2024-jornades-excellencia-23.jpg\" data-rel=\"prettyPhoto[image_gallery_pretty_photo-69]\" title=\"2024-jornades-excellencia-23\">\n\t\t\t\t\t\t\t\t\t\t\t<img loading=\"lazy\" decoding=\"async\" width=\"1080\" height=\"1350\" src=\"https:\/\/www.jornadesperalexcellencia.cat\/wp-content\/uploads\/2024\/10\/2024-jornades-excellencia-23.jpg\" class=\"attachment-full size-full\" alt=\"\" srcset=\"https:\/\/www.jornadesperalexcellencia.cat\/wp-content\/uploads\/2024\/10\/2024-jornades-excellencia-23.jpg 1080w, https:\/\/www.jornadesperalexcellencia.cat\/wp-content\/uploads\/2024\/10\/2024-jornades-excellencia-23-240x300.jpg 240w, https:\/\/www.jornadesperalexcellencia.cat\/wp-content\/uploads\/2024\/10\/2024-jornades-excellencia-23-819x1024.jpg 819w, https:\/\/www.jornadesperalexcellencia.cat\/wp-content\/uploads\/2024\/10\/2024-jornades-excellencia-23-768x960.jpg 768w, https:\/\/www.jornadesperalexcellencia.cat\/wp-content\/uploads\/2024\/10\/2024-jornades-excellencia-23-600x750.jpg 600w\" sizes=\"auto, (max-width: 1080px) 100vw, 1080px\" \/>\t\t\t\t\t\t\t\t\t\t\t<\/a>\n\t\t\t\t\t\t\t\t\t<\/div>\n\t\t\t<\/div>\n\t\t\t\t\t<div class=\"qodef-ig-image qodef-item-space\">\n\t\t\t\t<div class=\"qodef-ig-image-inner\">\n\t\t\t\t\t\t\t\t\t\t\t<a itemprop=\"image\" class=\"qodef-ig-lightbox\" href=\"https:\/\/www.jornadesperalexcellencia.cat\/wp-content\/uploads\/2024\/10\/2024-jornades-excellencia-22.jpg\" data-rel=\"prettyPhoto[image_gallery_pretty_photo-69]\" title=\"2024-jornades-excellencia-22\">\n\t\t\t\t\t\t\t\t\t\t\t<img loading=\"lazy\" decoding=\"async\" width=\"1080\" height=\"1350\" src=\"https:\/\/www.jornadesperalexcellencia.cat\/wp-content\/uploads\/2024\/10\/2024-jornades-excellencia-22.jpg\" class=\"attachment-full size-full\" alt=\"\" srcset=\"https:\/\/www.jornadesperalexcellencia.cat\/wp-content\/uploads\/2024\/10\/2024-jornades-excellencia-22.jpg 1080w, https:\/\/www.jornadesperalexcellencia.cat\/wp-content\/uploads\/2024\/10\/2024-jornades-excellencia-22-240x300.jpg 240w, https:\/\/www.jornadesperalexcellencia.cat\/wp-content\/uploads\/2024\/10\/2024-jornades-excellencia-22-819x1024.jpg 819w, https:\/\/www.jornadesperalexcellencia.cat\/wp-content\/uploads\/2024\/10\/2024-jornades-excellencia-22-768x960.jpg 768w, https:\/\/www.jornadesperalexcellencia.cat\/wp-content\/uploads\/2024\/10\/2024-jornades-excellencia-22-600x750.jpg 600w\" sizes=\"auto, (max-width: 1080px) 100vw, 1080px\" \/>\t\t\t\t\t\t\t\t\t\t\t<\/a>\n\t\t\t\t\t\t\t\t\t<\/div>\n\t\t\t<\/div>\n\t\t\t\t\t<div class=\"qodef-ig-image qodef-item-space\">\n\t\t\t\t<div class=\"qodef-ig-image-inner\">\n\t\t\t\t\t\t\t\t\t\t\t<a itemprop=\"image\" class=\"qodef-ig-lightbox\" href=\"https:\/\/www.jornadesperalexcellencia.cat\/wp-content\/uploads\/2024\/10\/2024-jornades-excellencia-21.jpg\" data-rel=\"prettyPhoto[image_gallery_pretty_photo-69]\" title=\"2024-jornades-excellencia-21\">\n\t\t\t\t\t\t\t\t\t\t\t<img loading=\"lazy\" decoding=\"async\" width=\"1080\" height=\"1350\" src=\"https:\/\/www.jornadesperalexcellencia.cat\/wp-content\/uploads\/2024\/10\/2024-jornades-excellencia-21.jpg\" class=\"attachment-full size-full\" alt=\"\" srcset=\"https:\/\/www.jornadesperalexcellencia.cat\/wp-content\/uploads\/2024\/10\/2024-jornades-excellencia-21.jpg 1080w, https:\/\/www.jornadesperalexcellencia.cat\/wp-content\/uploads\/2024\/10\/2024-jornades-excellencia-21-240x300.jpg 240w, https:\/\/www.jornadesperalexcellencia.cat\/wp-content\/uploads\/2024\/10\/2024-jornades-excellencia-21-819x1024.jpg 819w, https:\/\/www.jornadesperalexcellencia.cat\/wp-content\/uploads\/2024\/10\/2024-jornades-excellencia-21-768x960.jpg 768w, https:\/\/www.jornadesperalexcellencia.cat\/wp-content\/uploads\/2024\/10\/2024-jornades-excellencia-21-600x750.jpg 600w\" sizes=\"auto, (max-width: 1080px) 100vw, 1080px\" \/>\t\t\t\t\t\t\t\t\t\t\t<\/a>\n\t\t\t\t\t\t\t\t\t<\/div>\n\t\t\t<\/div>\n\t\t\t\t\t<div class=\"qodef-ig-image qodef-item-space\">\n\t\t\t\t<div class=\"qodef-ig-image-inner\">\n\t\t\t\t\t\t\t\t\t\t\t<a itemprop=\"image\" class=\"qodef-ig-lightbox\" href=\"https:\/\/www.jornadesperalexcellencia.cat\/wp-content\/uploads\/2024\/11\/2.png\" data-rel=\"prettyPhoto[image_gallery_pretty_photo-69]\" title=\"2024-jornades-excellencia-31\">\n\t\t\t\t\t\t\t\t\t\t\t<img loading=\"lazy\" decoding=\"async\" width=\"675\" height=\"844\" src=\"https:\/\/www.jornadesperalexcellencia.cat\/wp-content\/uploads\/2024\/11\/2.png\" class=\"attachment-full size-full\" alt=\"\" srcset=\"https:\/\/www.jornadesperalexcellencia.cat\/wp-content\/uploads\/2024\/11\/2.png 675w, https:\/\/www.jornadesperalexcellencia.cat\/wp-content\/uploads\/2024\/11\/2-240x300.png 240w, https:\/\/www.jornadesperalexcellencia.cat\/wp-content\/uploads\/2024\/11\/2-600x750.png 600w\" sizes=\"auto, (max-width: 675px) 100vw, 675px\" \/>\t\t\t\t\t\t\t\t\t\t\t<\/a>\n\t\t\t\t\t\t\t\t\t<\/div>\n\t\t\t<\/div>\n\t\t\t\t\t<div class=\"qodef-ig-image qodef-item-space\">\n\t\t\t\t<div class=\"qodef-ig-image-inner\">\n\t\t\t\t\t\t\t\t\t\t\t<a itemprop=\"image\" class=\"qodef-ig-lightbox\" href=\"https:\/\/www.jornadesperalexcellencia.cat\/wp-content\/uploads\/2024\/11\/1.png\" data-rel=\"prettyPhoto[image_gallery_pretty_photo-69]\" title=\"2024-jornades-excellencia-32\">\n\t\t\t\t\t\t\t\t\t\t\t<img loading=\"lazy\" decoding=\"async\" width=\"675\" height=\"844\" src=\"https:\/\/www.jornadesperalexcellencia.cat\/wp-content\/uploads\/2024\/11\/1.png\" class=\"attachment-full size-full\" alt=\"\" srcset=\"https:\/\/www.jornadesperalexcellencia.cat\/wp-content\/uploads\/2024\/11\/1.png 675w, https:\/\/www.jornadesperalexcellencia.cat\/wp-content\/uploads\/2024\/11\/1-240x300.png 240w, https:\/\/www.jornadesperalexcellencia.cat\/wp-content\/uploads\/2024\/11\/1-600x750.png 600w\" sizes=\"auto, (max-width: 675px) 100vw, 675px\" \/>\t\t\t\t\t\t\t\t\t\t\t<\/a>\n\t\t\t\t\t\t\t\t\t<\/div>\n\t\t\t<\/div>\n\t\t\t\t\t<div class=\"qodef-ig-image qodef-item-space\">\n\t\t\t\t<div class=\"qodef-ig-image-inner\">\n\t\t\t\t\t\t\t\t\t\t\t<a itemprop=\"image\" class=\"qodef-ig-lightbox\" href=\"https:\/\/www.jornadesperalexcellencia.cat\/wp-content\/uploads\/2024\/10\/2024-29-jornades-excellencia.jpg\" data-rel=\"prettyPhoto[image_gallery_pretty_photo-69]\" title=\"2024-29-jornades-excellencia\">\n\t\t\t\t\t\t\t\t\t\t\t<img loading=\"lazy\" decoding=\"async\" width=\"900\" height=\"600\" src=\"https:\/\/www.jornadesperalexcellencia.cat\/wp-content\/uploads\/2024\/10\/2024-29-jornades-excellencia.jpg\" class=\"attachment-full size-full\" alt=\"\" srcset=\"https:\/\/www.jornadesperalexcellencia.cat\/wp-content\/uploads\/2024\/10\/2024-29-jornades-excellencia.jpg 900w, https:\/\/www.jornadesperalexcellencia.cat\/wp-content\/uploads\/2024\/10\/2024-29-jornades-excellencia-300x200.jpg 300w, https:\/\/www.jornadesperalexcellencia.cat\/wp-content\/uploads\/2024\/10\/2024-29-jornades-excellencia-768x512.jpg 768w, https:\/\/www.jornadesperalexcellencia.cat\/wp-content\/uploads\/2024\/10\/2024-29-jornades-excellencia-600x400.jpg 600w\" sizes=\"auto, (max-width: 900px) 100vw, 900px\" \/>\t\t\t\t\t\t\t\t\t\t\t<\/a>\n\t\t\t\t\t\t\t\t\t<\/div>\n\t\t\t<\/div>\n\t\t\t\t\t<div class=\"qodef-ig-image qodef-item-space\">\n\t\t\t\t<div class=\"qodef-ig-image-inner\">\n\t\t\t\t\t\t\t\t\t\t\t<a itemprop=\"image\" class=\"qodef-ig-lightbox\" href=\"https:\/\/www.jornadesperalexcellencia.cat\/wp-content\/uploads\/2024\/10\/2024-28-jornades-excellencia.jpg\" data-rel=\"prettyPhoto[image_gallery_pretty_photo-69]\" title=\"2024-28-jornades-excellencia\">\n\t\t\t\t\t\t\t\t\t\t\t<img loading=\"lazy\" decoding=\"async\" width=\"900\" height=\"600\" src=\"https:\/\/www.jornadesperalexcellencia.cat\/wp-content\/uploads\/2024\/10\/2024-28-jornades-excellencia.jpg\" class=\"attachment-full size-full\" alt=\"\" srcset=\"https:\/\/www.jornadesperalexcellencia.cat\/wp-content\/uploads\/2024\/10\/2024-28-jornades-excellencia.jpg 900w, https:\/\/www.jornadesperalexcellencia.cat\/wp-content\/uploads\/2024\/10\/2024-28-jornades-excellencia-300x200.jpg 300w, https:\/\/www.jornadesperalexcellencia.cat\/wp-content\/uploads\/2024\/10\/2024-28-jornades-excellencia-768x512.jpg 768w, https:\/\/www.jornadesperalexcellencia.cat\/wp-content\/uploads\/2024\/10\/2024-28-jornades-excellencia-600x400.jpg 600w\" sizes=\"auto, (max-width: 900px) 100vw, 900px\" \/>\t\t\t\t\t\t\t\t\t\t\t<\/a>\n\t\t\t\t\t\t\t\t\t<\/div>\n\t\t\t<\/div>\n\t\t\t\t\t<div class=\"qodef-ig-image qodef-item-space\">\n\t\t\t\t<div class=\"qodef-ig-image-inner\">\n\t\t\t\t\t\t\t\t\t\t\t<a itemprop=\"image\" class=\"qodef-ig-lightbox\" href=\"https:\/\/www.jornadesperalexcellencia.cat\/wp-content\/uploads\/2024\/10\/2024-27-jornades-excellencia.jpg\" data-rel=\"prettyPhoto[image_gallery_pretty_photo-69]\" title=\"2024-27-jornades-excellencia\">\n\t\t\t\t\t\t\t\t\t\t\t<img loading=\"lazy\" decoding=\"async\" width=\"900\" height=\"600\" src=\"https:\/\/www.jornadesperalexcellencia.cat\/wp-content\/uploads\/2024\/10\/2024-27-jornades-excellencia.jpg\" class=\"attachment-full size-full\" alt=\"\" srcset=\"https:\/\/www.jornadesperalexcellencia.cat\/wp-content\/uploads\/2024\/10\/2024-27-jornades-excellencia.jpg 900w, https:\/\/www.jornadesperalexcellencia.cat\/wp-content\/uploads\/2024\/10\/2024-27-jornades-excellencia-300x200.jpg 300w, https:\/\/www.jornadesperalexcellencia.cat\/wp-content\/uploads\/2024\/10\/2024-27-jornades-excellencia-768x512.jpg 768w, https:\/\/www.jornadesperalexcellencia.cat\/wp-content\/uploads\/2024\/10\/2024-27-jornades-excellencia-600x400.jpg 600w\" sizes=\"auto, (max-width: 900px) 100vw, 900px\" \/>\t\t\t\t\t\t\t\t\t\t\t<\/a>\n\t\t\t\t\t\t\t\t\t<\/div>\n\t\t\t<\/div>\n\t\t\t\t\t<div class=\"qodef-ig-image qodef-item-space\">\n\t\t\t\t<div class=\"qodef-ig-image-inner\">\n\t\t\t\t\t\t\t\t\t\t\t<a itemprop=\"image\" class=\"qodef-ig-lightbox\" href=\"https:\/\/www.jornadesperalexcellencia.cat\/wp-content\/uploads\/2024\/10\/2024-26-jornades-excellencia.jpg\" data-rel=\"prettyPhoto[image_gallery_pretty_photo-69]\" title=\"2024-26-jornades-excellencia\">\n\t\t\t\t\t\t\t\t\t\t\t<img loading=\"lazy\" decoding=\"async\" width=\"900\" height=\"600\" src=\"https:\/\/www.jornadesperalexcellencia.cat\/wp-content\/uploads\/2024\/10\/2024-26-jornades-excellencia.jpg\" class=\"attachment-full size-full\" alt=\"\" srcset=\"https:\/\/www.jornadesperalexcellencia.cat\/wp-content\/uploads\/2024\/10\/2024-26-jornades-excellencia.jpg 900w, https:\/\/www.jornadesperalexcellencia.cat\/wp-content\/uploads\/2024\/10\/2024-26-jornades-excellencia-300x200.jpg 300w, https:\/\/www.jornadesperalexcellencia.cat\/wp-content\/uploads\/2024\/10\/2024-26-jornades-excellencia-768x512.jpg 768w, https:\/\/www.jornadesperalexcellencia.cat\/wp-content\/uploads\/2024\/10\/2024-26-jornades-excellencia-600x400.jpg 600w\" sizes=\"auto, (max-width: 900px) 100vw, 900px\" \/>\t\t\t\t\t\t\t\t\t\t\t<\/a>\n\t\t\t\t\t\t\t\t\t<\/div>\n\t\t\t<\/div>\n\t\t\t\t\t<div class=\"qodef-ig-image qodef-item-space\">\n\t\t\t\t<div class=\"qodef-ig-image-inner\">\n\t\t\t\t\t\t\t\t\t\t\t<a itemprop=\"image\" class=\"qodef-ig-lightbox\" href=\"https:\/\/www.jornadesperalexcellencia.cat\/wp-content\/uploads\/2024\/10\/2024-25-jornades-excellencia.jpg\" data-rel=\"prettyPhoto[image_gallery_pretty_photo-69]\" title=\"2024-25-jornades-excellencia\">\n\t\t\t\t\t\t\t\t\t\t\t<img loading=\"lazy\" decoding=\"async\" width=\"900\" height=\"600\" src=\"https:\/\/www.jornadesperalexcellencia.cat\/wp-content\/uploads\/2024\/10\/2024-25-jornades-excellencia.jpg\" class=\"attachment-full size-full\" alt=\"\" srcset=\"https:\/\/www.jornadesperalexcellencia.cat\/wp-content\/uploads\/2024\/10\/2024-25-jornades-excellencia.jpg 900w, https:\/\/www.jornadesperalexcellencia.cat\/wp-content\/uploads\/2024\/10\/2024-25-jornades-excellencia-300x200.jpg 300w, https:\/\/www.jornadesperalexcellencia.cat\/wp-content\/uploads\/2024\/10\/2024-25-jornades-excellencia-768x512.jpg 768w, https:\/\/www.jornadesperalexcellencia.cat\/wp-content\/uploads\/2024\/10\/2024-25-jornades-excellencia-600x400.jpg 600w\" sizes=\"auto, (max-width: 900px) 100vw, 900px\" \/>\t\t\t\t\t\t\t\t\t\t\t<\/a>\n\t\t\t\t\t\t\t\t\t<\/div>\n\t\t\t<\/div>\n\t\t\t\t\t<div class=\"qodef-ig-image qodef-item-space\">\n\t\t\t\t<div class=\"qodef-ig-image-inner\">\n\t\t\t\t\t\t\t\t\t\t\t<a itemprop=\"image\" class=\"qodef-ig-lightbox\" href=\"https:\/\/www.jornadesperalexcellencia.cat\/wp-content\/uploads\/2024\/10\/2024-24-jornades-excellencia.jpg\" data-rel=\"prettyPhoto[image_gallery_pretty_photo-69]\" title=\"2024-24-jornades-excellencia\">\n\t\t\t\t\t\t\t\t\t\t\t<img loading=\"lazy\" decoding=\"async\" width=\"900\" height=\"600\" src=\"https:\/\/www.jornadesperalexcellencia.cat\/wp-content\/uploads\/2024\/10\/2024-24-jornades-excellencia.jpg\" class=\"attachment-full size-full\" alt=\"\" srcset=\"https:\/\/www.jornadesperalexcellencia.cat\/wp-content\/uploads\/2024\/10\/2024-24-jornades-excellencia.jpg 900w, https:\/\/www.jornadesperalexcellencia.cat\/wp-content\/uploads\/2024\/10\/2024-24-jornades-excellencia-300x200.jpg 300w, https:\/\/www.jornadesperalexcellencia.cat\/wp-content\/uploads\/2024\/10\/2024-24-jornades-excellencia-768x512.jpg 768w, https:\/\/www.jornadesperalexcellencia.cat\/wp-content\/uploads\/2024\/10\/2024-24-jornades-excellencia-600x400.jpg 600w\" sizes=\"auto, (max-width: 900px) 100vw, 900px\" \/>\t\t\t\t\t\t\t\t\t\t\t<\/a>\n\t\t\t\t\t\t\t\t\t<\/div>\n\t\t\t<\/div>\n\t\t\t\t\t<div class=\"qodef-ig-image qodef-item-space\">\n\t\t\t\t<div class=\"qodef-ig-image-inner\">\n\t\t\t\t\t\t\t\t\t\t\t<a itemprop=\"image\" class=\"qodef-ig-lightbox\" href=\"https:\/\/www.jornadesperalexcellencia.cat\/wp-content\/uploads\/2024\/10\/2024-23-jornades-excellencia.jpg\" data-rel=\"prettyPhoto[image_gallery_pretty_photo-69]\" title=\"2024-23-jornades-excellencia\">\n\t\t\t\t\t\t\t\t\t\t\t<img loading=\"lazy\" decoding=\"async\" width=\"900\" height=\"600\" src=\"https:\/\/www.jornadesperalexcellencia.cat\/wp-content\/uploads\/2024\/10\/2024-23-jornades-excellencia.jpg\" class=\"attachment-full size-full\" alt=\"\" srcset=\"https:\/\/www.jornadesperalexcellencia.cat\/wp-content\/uploads\/2024\/10\/2024-23-jornades-excellencia.jpg 900w, https:\/\/www.jornadesperalexcellencia.cat\/wp-content\/uploads\/2024\/10\/2024-23-jornades-excellencia-300x200.jpg 300w, https:\/\/www.jornadesperalexcellencia.cat\/wp-content\/uploads\/2024\/10\/2024-23-jornades-excellencia-768x512.jpg 768w, https:\/\/www.jornadesperalexcellencia.cat\/wp-content\/uploads\/2024\/10\/2024-23-jornades-excellencia-600x400.jpg 600w\" sizes=\"auto, (max-width: 900px) 100vw, 900px\" \/>\t\t\t\t\t\t\t\t\t\t\t<\/a>\n\t\t\t\t\t\t\t\t\t<\/div>\n\t\t\t<\/div>\n\t\t\t\t\t<div class=\"qodef-ig-image qodef-item-space\">\n\t\t\t\t<div class=\"qodef-ig-image-inner\">\n\t\t\t\t\t\t\t\t\t\t\t<a itemprop=\"image\" class=\"qodef-ig-lightbox\" href=\"https:\/\/www.jornadesperalexcellencia.cat\/wp-content\/uploads\/2024\/10\/2024-22-jornades-excellencia.jpg\" data-rel=\"prettyPhoto[image_gallery_pretty_photo-69]\" title=\"2024-22-jornades-excellencia\">\n\t\t\t\t\t\t\t\t\t\t\t<img loading=\"lazy\" decoding=\"async\" width=\"900\" height=\"600\" src=\"https:\/\/www.jornadesperalexcellencia.cat\/wp-content\/uploads\/2024\/10\/2024-22-jornades-excellencia.jpg\" class=\"attachment-full size-full\" alt=\"\" srcset=\"https:\/\/www.jornadesperalexcellencia.cat\/wp-content\/uploads\/2024\/10\/2024-22-jornades-excellencia.jpg 900w, https:\/\/www.jornadesperalexcellencia.cat\/wp-content\/uploads\/2024\/10\/2024-22-jornades-excellencia-300x200.jpg 300w, https:\/\/www.jornadesperalexcellencia.cat\/wp-content\/uploads\/2024\/10\/2024-22-jornades-excellencia-768x512.jpg 768w, https:\/\/www.jornadesperalexcellencia.cat\/wp-content\/uploads\/2024\/10\/2024-22-jornades-excellencia-600x400.jpg 600w\" sizes=\"auto, (max-width: 900px) 100vw, 900px\" \/>\t\t\t\t\t\t\t\t\t\t\t<\/a>\n\t\t\t\t\t\t\t\t\t<\/div>\n\t\t\t<\/div>\n\t\t\t\t\t<div class=\"qodef-ig-image qodef-item-space\">\n\t\t\t\t<div class=\"qodef-ig-image-inner\">\n\t\t\t\t\t\t\t\t\t\t\t<a itemprop=\"image\" class=\"qodef-ig-lightbox\" href=\"https:\/\/www.jornadesperalexcellencia.cat\/wp-content\/uploads\/2024\/10\/2024-21-jornades-excellencia.jpg\" data-rel=\"prettyPhoto[image_gallery_pretty_photo-69]\" title=\"2024-21-jornades-excellencia\">\n\t\t\t\t\t\t\t\t\t\t\t<img loading=\"lazy\" decoding=\"async\" width=\"900\" height=\"600\" src=\"https:\/\/www.jornadesperalexcellencia.cat\/wp-content\/uploads\/2024\/10\/2024-21-jornades-excellencia.jpg\" class=\"attachment-full size-full\" alt=\"\" srcset=\"https:\/\/www.jornadesperalexcellencia.cat\/wp-content\/uploads\/2024\/10\/2024-21-jornades-excellencia.jpg 900w, https:\/\/www.jornadesperalexcellencia.cat\/wp-content\/uploads\/2024\/10\/2024-21-jornades-excellencia-300x200.jpg 300w, https:\/\/www.jornadesperalexcellencia.cat\/wp-content\/uploads\/2024\/10\/2024-21-jornades-excellencia-768x512.jpg 768w, https:\/\/www.jornadesperalexcellencia.cat\/wp-content\/uploads\/2024\/10\/2024-21-jornades-excellencia-600x400.jpg 600w\" sizes=\"auto, (max-width: 900px) 100vw, 900px\" \/>\t\t\t\t\t\t\t\t\t\t\t<\/a>\n\t\t\t\t\t\t\t\t\t<\/div>\n\t\t\t<\/div>\n\t\t\t\t\t<div class=\"qodef-ig-image qodef-item-space\">\n\t\t\t\t<div class=\"qodef-ig-image-inner\">\n\t\t\t\t\t\t\t\t\t\t\t<a itemprop=\"image\" class=\"qodef-ig-lightbox\" href=\"https:\/\/www.jornadesperalexcellencia.cat\/wp-content\/uploads\/2024\/10\/2024-20-jornades-excellencia.jpg\" data-rel=\"prettyPhoto[image_gallery_pretty_photo-69]\" title=\"2024-20-jornades-excellencia\">\n\t\t\t\t\t\t\t\t\t\t\t<img loading=\"lazy\" decoding=\"async\" width=\"900\" height=\"600\" src=\"https:\/\/www.jornadesperalexcellencia.cat\/wp-content\/uploads\/2024\/10\/2024-20-jornades-excellencia.jpg\" class=\"attachment-full size-full\" alt=\"\" srcset=\"https:\/\/www.jornadesperalexcellencia.cat\/wp-content\/uploads\/2024\/10\/2024-20-jornades-excellencia.jpg 900w, https:\/\/www.jornadesperalexcellencia.cat\/wp-content\/uploads\/2024\/10\/2024-20-jornades-excellencia-300x200.jpg 300w, https:\/\/www.jornadesperalexcellencia.cat\/wp-content\/uploads\/2024\/10\/2024-20-jornades-excellencia-768x512.jpg 768w, https:\/\/www.jornadesperalexcellencia.cat\/wp-content\/uploads\/2024\/10\/2024-20-jornades-excellencia-600x400.jpg 600w\" sizes=\"auto, (max-width: 900px) 100vw, 900px\" \/>\t\t\t\t\t\t\t\t\t\t\t<\/a>\n\t\t\t\t\t\t\t\t\t<\/div>\n\t\t\t<\/div>\n\t\t\t\t\t<div class=\"qodef-ig-image qodef-item-space\">\n\t\t\t\t<div class=\"qodef-ig-image-inner\">\n\t\t\t\t\t\t\t\t\t\t\t<a itemprop=\"image\" class=\"qodef-ig-lightbox\" href=\"https:\/\/www.jornadesperalexcellencia.cat\/wp-content\/uploads\/2024\/10\/2024-19-jornades-excellencia.jpg\" data-rel=\"prettyPhoto[image_gallery_pretty_photo-69]\" title=\"2024-19-jornades-excellencia\">\n\t\t\t\t\t\t\t\t\t\t\t<img loading=\"lazy\" decoding=\"async\" width=\"900\" height=\"600\" src=\"https:\/\/www.jornadesperalexcellencia.cat\/wp-content\/uploads\/2024\/10\/2024-19-jornades-excellencia.jpg\" class=\"attachment-full size-full\" alt=\"\" srcset=\"https:\/\/www.jornadesperalexcellencia.cat\/wp-content\/uploads\/2024\/10\/2024-19-jornades-excellencia.jpg 900w, https:\/\/www.jornadesperalexcellencia.cat\/wp-content\/uploads\/2024\/10\/2024-19-jornades-excellencia-300x200.jpg 300w, https:\/\/www.jornadesperalexcellencia.cat\/wp-content\/uploads\/2024\/10\/2024-19-jornades-excellencia-768x512.jpg 768w, https:\/\/www.jornadesperalexcellencia.cat\/wp-content\/uploads\/2024\/10\/2024-19-jornades-excellencia-600x400.jpg 600w\" sizes=\"auto, (max-width: 900px) 100vw, 900px\" \/>\t\t\t\t\t\t\t\t\t\t\t<\/a>\n\t\t\t\t\t\t\t\t\t<\/div>\n\t\t\t<\/div>\n\t\t\t\t\t<div class=\"qodef-ig-image qodef-item-space\">\n\t\t\t\t<div class=\"qodef-ig-image-inner\">\n\t\t\t\t\t\t\t\t\t\t\t<a itemprop=\"image\" class=\"qodef-ig-lightbox\" href=\"https:\/\/www.jornadesperalexcellencia.cat\/wp-content\/uploads\/2024\/10\/2024-18-jornades-excellencia.jpg\" data-rel=\"prettyPhoto[image_gallery_pretty_photo-69]\" title=\"2024-18-jornades-excellencia\">\n\t\t\t\t\t\t\t\t\t\t\t<img loading=\"lazy\" decoding=\"async\" width=\"900\" height=\"600\" src=\"https:\/\/www.jornadesperalexcellencia.cat\/wp-content\/uploads\/2024\/10\/2024-18-jornades-excellencia.jpg\" class=\"attachment-full size-full\" alt=\"\" srcset=\"https:\/\/www.jornadesperalexcellencia.cat\/wp-content\/uploads\/2024\/10\/2024-18-jornades-excellencia.jpg 900w, https:\/\/www.jornadesperalexcellencia.cat\/wp-content\/uploads\/2024\/10\/2024-18-jornades-excellencia-300x200.jpg 300w, https:\/\/www.jornadesperalexcellencia.cat\/wp-content\/uploads\/2024\/10\/2024-18-jornades-excellencia-768x512.jpg 768w, https:\/\/www.jornadesperalexcellencia.cat\/wp-content\/uploads\/2024\/10\/2024-18-jornades-excellencia-600x400.jpg 600w\" sizes=\"auto, (max-width: 900px) 100vw, 900px\" \/>\t\t\t\t\t\t\t\t\t\t\t<\/a>\n\t\t\t\t\t\t\t\t\t<\/div>\n\t\t\t<\/div>\n\t\t\t\t\t<div class=\"qodef-ig-image qodef-item-space\">\n\t\t\t\t<div class=\"qodef-ig-image-inner\">\n\t\t\t\t\t\t\t\t\t\t\t<a itemprop=\"image\" class=\"qodef-ig-lightbox\" href=\"https:\/\/www.jornadesperalexcellencia.cat\/wp-content\/uploads\/2024\/10\/2024-17-jornades-excellencia.jpg\" data-rel=\"prettyPhoto[image_gallery_pretty_photo-69]\" title=\"2024-17-jornades-excellencia\">\n\t\t\t\t\t\t\t\t\t\t\t<img loading=\"lazy\" decoding=\"async\" width=\"900\" height=\"600\" src=\"https:\/\/www.jornadesperalexcellencia.cat\/wp-content\/uploads\/2024\/10\/2024-17-jornades-excellencia.jpg\" class=\"attachment-full size-full\" alt=\"\" srcset=\"https:\/\/www.jornadesperalexcellencia.cat\/wp-content\/uploads\/2024\/10\/2024-17-jornades-excellencia.jpg 900w, https:\/\/www.jornadesperalexcellencia.cat\/wp-content\/uploads\/2024\/10\/2024-17-jornades-excellencia-300x200.jpg 300w, https:\/\/www.jornadesperalexcellencia.cat\/wp-content\/uploads\/2024\/10\/2024-17-jornades-excellencia-768x512.jpg 768w, https:\/\/www.jornadesperalexcellencia.cat\/wp-content\/uploads\/2024\/10\/2024-17-jornades-excellencia-600x400.jpg 600w\" sizes=\"auto, (max-width: 900px) 100vw, 900px\" \/>\t\t\t\t\t\t\t\t\t\t\t<\/a>\n\t\t\t\t\t\t\t\t\t<\/div>\n\t\t\t<\/div>\n\t\t\t\t\t<div class=\"qodef-ig-image qodef-item-space\">\n\t\t\t\t<div class=\"qodef-ig-image-inner\">\n\t\t\t\t\t\t\t\t\t\t\t<a itemprop=\"image\" class=\"qodef-ig-lightbox\" href=\"https:\/\/www.jornadesperalexcellencia.cat\/wp-content\/uploads\/2024\/10\/2024-16-jornades-excellencia.jpg\" data-rel=\"prettyPhoto[image_gallery_pretty_photo-69]\" title=\"2024-16-jornades-excellencia\">\n\t\t\t\t\t\t\t\t\t\t\t<img loading=\"lazy\" decoding=\"async\" width=\"900\" height=\"600\" src=\"https:\/\/www.jornadesperalexcellencia.cat\/wp-content\/uploads\/2024\/10\/2024-16-jornades-excellencia.jpg\" class=\"attachment-full size-full\" alt=\"\" srcset=\"https:\/\/www.jornadesperalexcellencia.cat\/wp-content\/uploads\/2024\/10\/2024-16-jornades-excellencia.jpg 900w, https:\/\/www.jornadesperalexcellencia.cat\/wp-content\/uploads\/2024\/10\/2024-16-jornades-excellencia-300x200.jpg 300w, https:\/\/www.jornadesperalexcellencia.cat\/wp-content\/uploads\/2024\/10\/2024-16-jornades-excellencia-768x512.jpg 768w, https:\/\/www.jornadesperalexcellencia.cat\/wp-content\/uploads\/2024\/10\/2024-16-jornades-excellencia-600x400.jpg 600w\" sizes=\"auto, (max-width: 900px) 100vw, 900px\" \/>\t\t\t\t\t\t\t\t\t\t\t<\/a>\n\t\t\t\t\t\t\t\t\t<\/div>\n\t\t\t<\/div>\n\t\t\t\t\t<div class=\"qodef-ig-image qodef-item-space\">\n\t\t\t\t<div class=\"qodef-ig-image-inner\">\n\t\t\t\t\t\t\t\t\t\t\t<a itemprop=\"image\" class=\"qodef-ig-lightbox\" href=\"https:\/\/www.jornadesperalexcellencia.cat\/wp-content\/uploads\/2024\/10\/2024-15-jornades-excellencia.jpg\" data-rel=\"prettyPhoto[image_gallery_pretty_photo-69]\" title=\"2024-15-jornades-excellencia\">\n\t\t\t\t\t\t\t\t\t\t\t<img loading=\"lazy\" decoding=\"async\" width=\"900\" height=\"600\" src=\"https:\/\/www.jornadesperalexcellencia.cat\/wp-content\/uploads\/2024\/10\/2024-15-jornades-excellencia.jpg\" class=\"attachment-full size-full\" alt=\"\" srcset=\"https:\/\/www.jornadesperalexcellencia.cat\/wp-content\/uploads\/2024\/10\/2024-15-jornades-excellencia.jpg 900w, https:\/\/www.jornadesperalexcellencia.cat\/wp-content\/uploads\/2024\/10\/2024-15-jornades-excellencia-300x200.jpg 300w, https:\/\/www.jornadesperalexcellencia.cat\/wp-content\/uploads\/2024\/10\/2024-15-jornades-excellencia-768x512.jpg 768w, https:\/\/www.jornadesperalexcellencia.cat\/wp-content\/uploads\/2024\/10\/2024-15-jornades-excellencia-600x400.jpg 600w\" sizes=\"auto, (max-width: 900px) 100vw, 900px\" \/>\t\t\t\t\t\t\t\t\t\t\t<\/a>\n\t\t\t\t\t\t\t\t\t<\/div>\n\t\t\t<\/div>\n\t\t\t\t\t<div class=\"qodef-ig-image qodef-item-space\">\n\t\t\t\t<div class=\"qodef-ig-image-inner\">\n\t\t\t\t\t\t\t\t\t\t\t<a itemprop=\"image\" class=\"qodef-ig-lightbox\" href=\"https:\/\/www.jornadesperalexcellencia.cat\/wp-content\/uploads\/2024\/10\/2024-14-jornades-excellencia.jpg\" data-rel=\"prettyPhoto[image_gallery_pretty_photo-69]\" title=\"2024-14-jornades-excellencia\">\n\t\t\t\t\t\t\t\t\t\t\t<img loading=\"lazy\" decoding=\"async\" width=\"900\" height=\"600\" src=\"https:\/\/www.jornadesperalexcellencia.cat\/wp-content\/uploads\/2024\/10\/2024-14-jornades-excellencia.jpg\" class=\"attachment-full size-full\" alt=\"\" srcset=\"https:\/\/www.jornadesperalexcellencia.cat\/wp-content\/uploads\/2024\/10\/2024-14-jornades-excellencia.jpg 900w, https:\/\/www.jornadesperalexcellencia.cat\/wp-content\/uploads\/2024\/10\/2024-14-jornades-excellencia-300x200.jpg 300w, https:\/\/www.jornadesperalexcellencia.cat\/wp-content\/uploads\/2024\/10\/2024-14-jornades-excellencia-768x512.jpg 768w, https:\/\/www.jornadesperalexcellencia.cat\/wp-content\/uploads\/2024\/10\/2024-14-jornades-excellencia-600x400.jpg 600w\" sizes=\"auto, (max-width: 900px) 100vw, 900px\" \/>\t\t\t\t\t\t\t\t\t\t\t<\/a>\n\t\t\t\t\t\t\t\t\t<\/div>\n\t\t\t<\/div>\n\t\t\t\t\t<div class=\"qodef-ig-image qodef-item-space\">\n\t\t\t\t<div class=\"qodef-ig-image-inner\">\n\t\t\t\t\t\t\t\t\t\t\t<a itemprop=\"image\" class=\"qodef-ig-lightbox\" href=\"https:\/\/www.jornadesperalexcellencia.cat\/wp-content\/uploads\/2024\/10\/2024-13-jornades-excellencia.jpg\" data-rel=\"prettyPhoto[image_gallery_pretty_photo-69]\" title=\"2024-13-jornades-excellencia\">\n\t\t\t\t\t\t\t\t\t\t\t<img loading=\"lazy\" decoding=\"async\" width=\"900\" height=\"600\" src=\"https:\/\/www.jornadesperalexcellencia.cat\/wp-content\/uploads\/2024\/10\/2024-13-jornades-excellencia.jpg\" class=\"attachment-full size-full\" alt=\"\" srcset=\"https:\/\/www.jornadesperalexcellencia.cat\/wp-content\/uploads\/2024\/10\/2024-13-jornades-excellencia.jpg 900w, https:\/\/www.jornadesperalexcellencia.cat\/wp-content\/uploads\/2024\/10\/2024-13-jornades-excellencia-300x200.jpg 300w, https:\/\/www.jornadesperalexcellencia.cat\/wp-content\/uploads\/2024\/10\/2024-13-jornades-excellencia-768x512.jpg 768w, https:\/\/www.jornadesperalexcellencia.cat\/wp-content\/uploads\/2024\/10\/2024-13-jornades-excellencia-600x400.jpg 600w\" sizes=\"auto, (max-width: 900px) 100vw, 900px\" \/>\t\t\t\t\t\t\t\t\t\t\t<\/a>\n\t\t\t\t\t\t\t\t\t<\/div>\n\t\t\t<\/div>\n\t\t\t\t\t<div class=\"qodef-ig-image qodef-item-space\">\n\t\t\t\t<div class=\"qodef-ig-image-inner\">\n\t\t\t\t\t\t\t\t\t\t\t<a itemprop=\"image\" class=\"qodef-ig-lightbox\" href=\"https:\/\/www.jornadesperalexcellencia.cat\/wp-content\/uploads\/2024\/10\/2024-12-jornades-excellencia.jpg\" data-rel=\"prettyPhoto[image_gallery_pretty_photo-69]\" title=\"2024-12-jornades-excellencia\">\n\t\t\t\t\t\t\t\t\t\t\t<img loading=\"lazy\" decoding=\"async\" width=\"900\" height=\"600\" src=\"https:\/\/www.jornadesperalexcellencia.cat\/wp-content\/uploads\/2024\/10\/2024-12-jornades-excellencia.jpg\" class=\"attachment-full size-full\" alt=\"\" srcset=\"https:\/\/www.jornadesperalexcellencia.cat\/wp-content\/uploads\/2024\/10\/2024-12-jornades-excellencia.jpg 900w, https:\/\/www.jornadesperalexcellencia.cat\/wp-content\/uploads\/2024\/10\/2024-12-jornades-excellencia-300x200.jpg 300w, https:\/\/www.jornadesperalexcellencia.cat\/wp-content\/uploads\/2024\/10\/2024-12-jornades-excellencia-768x512.jpg 768w, https:\/\/www.jornadesperalexcellencia.cat\/wp-content\/uploads\/2024\/10\/2024-12-jornades-excellencia-600x400.jpg 600w\" sizes=\"auto, (max-width: 900px) 100vw, 900px\" \/>\t\t\t\t\t\t\t\t\t\t\t<\/a>\n\t\t\t\t\t\t\t\t\t<\/div>\n\t\t\t<\/div>\n\t\t\t\t\t<div class=\"qodef-ig-image qodef-item-space\">\n\t\t\t\t<div class=\"qodef-ig-image-inner\">\n\t\t\t\t\t\t\t\t\t\t\t<a itemprop=\"image\" class=\"qodef-ig-lightbox\" href=\"https:\/\/www.jornadesperalexcellencia.cat\/wp-content\/uploads\/2024\/10\/2024-11-jornades-excellencia.jpg\" data-rel=\"prettyPhoto[image_gallery_pretty_photo-69]\" title=\"2024-11-jornades-excellencia\">\n\t\t\t\t\t\t\t\t\t\t\t<img loading=\"lazy\" decoding=\"async\" width=\"900\" height=\"600\" src=\"https:\/\/www.jornadesperalexcellencia.cat\/wp-content\/uploads\/2024\/10\/2024-11-jornades-excellencia.jpg\" class=\"attachment-full size-full\" alt=\"\" srcset=\"https:\/\/www.jornadesperalexcellencia.cat\/wp-content\/uploads\/2024\/10\/2024-11-jornades-excellencia.jpg 900w, https:\/\/www.jornadesperalexcellencia.cat\/wp-content\/uploads\/2024\/10\/2024-11-jornades-excellencia-300x200.jpg 300w, https:\/\/www.jornadesperalexcellencia.cat\/wp-content\/uploads\/2024\/10\/2024-11-jornades-excellencia-768x512.jpg 768w, https:\/\/www.jornadesperalexcellencia.cat\/wp-content\/uploads\/2024\/10\/2024-11-jornades-excellencia-600x400.jpg 600w\" sizes=\"auto, (max-width: 900px) 100vw, 900px\" \/>\t\t\t\t\t\t\t\t\t\t\t<\/a>\n\t\t\t\t\t\t\t\t\t<\/div>\n\t\t\t<\/div>\n\t\t\t\t\t<div class=\"qodef-ig-image qodef-item-space\">\n\t\t\t\t<div class=\"qodef-ig-image-inner\">\n\t\t\t\t\t\t\t\t\t\t\t<a itemprop=\"image\" class=\"qodef-ig-lightbox\" href=\"https:\/\/www.jornadesperalexcellencia.cat\/wp-content\/uploads\/2024\/10\/2024-10-jornades-excellencia.jpg\" data-rel=\"prettyPhoto[image_gallery_pretty_photo-69]\" title=\"2024-10-jornades-excellencia\">\n\t\t\t\t\t\t\t\t\t\t\t<img loading=\"lazy\" decoding=\"async\" width=\"900\" height=\"600\" src=\"https:\/\/www.jornadesperalexcellencia.cat\/wp-content\/uploads\/2024\/10\/2024-10-jornades-excellencia.jpg\" class=\"attachment-full size-full\" alt=\"\" srcset=\"https:\/\/www.jornadesperalexcellencia.cat\/wp-content\/uploads\/2024\/10\/2024-10-jornades-excellencia.jpg 900w, https:\/\/www.jornadesperalexcellencia.cat\/wp-content\/uploads\/2024\/10\/2024-10-jornades-excellencia-300x200.jpg 300w, https:\/\/www.jornadesperalexcellencia.cat\/wp-content\/uploads\/2024\/10\/2024-10-jornades-excellencia-768x512.jpg 768w, https:\/\/www.jornadesperalexcellencia.cat\/wp-content\/uploads\/2024\/10\/2024-10-jornades-excellencia-600x400.jpg 600w\" sizes=\"auto, (max-width: 900px) 100vw, 900px\" \/>\t\t\t\t\t\t\t\t\t\t\t<\/a>\n\t\t\t\t\t\t\t\t\t<\/div>\n\t\t\t<\/div>\n\t\t\t\t\t<div class=\"qodef-ig-image qodef-item-space\">\n\t\t\t\t<div class=\"qodef-ig-image-inner\">\n\t\t\t\t\t\t\t\t\t\t\t<a itemprop=\"image\" class=\"qodef-ig-lightbox\" href=\"https:\/\/www.jornadesperalexcellencia.cat\/wp-content\/uploads\/2024\/10\/2024-9-jornades-excellencia.jpg\" data-rel=\"prettyPhoto[image_gallery_pretty_photo-69]\" title=\"2024-9-jornades-excellencia\">\n\t\t\t\t\t\t\t\t\t\t\t<img loading=\"lazy\" decoding=\"async\" width=\"900\" height=\"600\" src=\"https:\/\/www.jornadesperalexcellencia.cat\/wp-content\/uploads\/2024\/10\/2024-9-jornades-excellencia.jpg\" class=\"attachment-full size-full\" alt=\"\" srcset=\"https:\/\/www.jornadesperalexcellencia.cat\/wp-content\/uploads\/2024\/10\/2024-9-jornades-excellencia.jpg 900w, https:\/\/www.jornadesperalexcellencia.cat\/wp-content\/uploads\/2024\/10\/2024-9-jornades-excellencia-300x200.jpg 300w, https:\/\/www.jornadesperalexcellencia.cat\/wp-content\/uploads\/2024\/10\/2024-9-jornades-excellencia-768x512.jpg 768w, https:\/\/www.jornadesperalexcellencia.cat\/wp-content\/uploads\/2024\/10\/2024-9-jornades-excellencia-600x400.jpg 600w\" sizes=\"auto, (max-width: 900px) 100vw, 900px\" \/>\t\t\t\t\t\t\t\t\t\t\t<\/a>\n\t\t\t\t\t\t\t\t\t<\/div>\n\t\t\t<\/div>\n\t\t\t\t\t<div class=\"qodef-ig-image qodef-item-space\">\n\t\t\t\t<div class=\"qodef-ig-image-inner\">\n\t\t\t\t\t\t\t\t\t\t\t<a itemprop=\"image\" class=\"qodef-ig-lightbox\" href=\"https:\/\/www.jornadesperalexcellencia.cat\/wp-content\/uploads\/2024\/10\/2024-8-jornades-excellencia.jpg\" data-rel=\"prettyPhoto[image_gallery_pretty_photo-69]\" title=\"2024-8-jornades-excellencia\">\n\t\t\t\t\t\t\t\t\t\t\t<img loading=\"lazy\" decoding=\"async\" width=\"900\" height=\"600\" src=\"https:\/\/www.jornadesperalexcellencia.cat\/wp-content\/uploads\/2024\/10\/2024-8-jornades-excellencia.jpg\" class=\"attachment-full size-full\" alt=\"\" srcset=\"https:\/\/www.jornadesperalexcellencia.cat\/wp-content\/uploads\/2024\/10\/2024-8-jornades-excellencia.jpg 900w, https:\/\/www.jornadesperalexcellencia.cat\/wp-content\/uploads\/2024\/10\/2024-8-jornades-excellencia-300x200.jpg 300w, https:\/\/www.jornadesperalexcellencia.cat\/wp-content\/uploads\/2024\/10\/2024-8-jornades-excellencia-768x512.jpg 768w, https:\/\/www.jornadesperalexcellencia.cat\/wp-content\/uploads\/2024\/10\/2024-8-jornades-excellencia-600x400.jpg 600w\" sizes=\"auto, (max-width: 900px) 100vw, 900px\" \/>\t\t\t\t\t\t\t\t\t\t\t<\/a>\n\t\t\t\t\t\t\t\t\t<\/div>\n\t\t\t<\/div>\n\t\t\t\t\t<div class=\"qodef-ig-image qodef-item-space\">\n\t\t\t\t<div class=\"qodef-ig-image-inner\">\n\t\t\t\t\t\t\t\t\t\t\t<a itemprop=\"image\" class=\"qodef-ig-lightbox\" href=\"https:\/\/www.jornadesperalexcellencia.cat\/wp-content\/uploads\/2024\/10\/2024-7-jornades-excellencia.jpg\" data-rel=\"prettyPhoto[image_gallery_pretty_photo-69]\" title=\"2024-7-jornades-excellencia\">\n\t\t\t\t\t\t\t\t\t\t\t<img loading=\"lazy\" decoding=\"async\" width=\"900\" height=\"600\" src=\"https:\/\/www.jornadesperalexcellencia.cat\/wp-content\/uploads\/2024\/10\/2024-7-jornades-excellencia.jpg\" class=\"attachment-full size-full\" alt=\"\" srcset=\"https:\/\/www.jornadesperalexcellencia.cat\/wp-content\/uploads\/2024\/10\/2024-7-jornades-excellencia.jpg 900w, https:\/\/www.jornadesperalexcellencia.cat\/wp-content\/uploads\/2024\/10\/2024-7-jornades-excellencia-300x200.jpg 300w, https:\/\/www.jornadesperalexcellencia.cat\/wp-content\/uploads\/2024\/10\/2024-7-jornades-excellencia-768x512.jpg 768w, https:\/\/www.jornadesperalexcellencia.cat\/wp-content\/uploads\/2024\/10\/2024-7-jornades-excellencia-600x400.jpg 600w\" sizes=\"auto, (max-width: 900px) 100vw, 900px\" \/>\t\t\t\t\t\t\t\t\t\t\t<\/a>\n\t\t\t\t\t\t\t\t\t<\/div>\n\t\t\t<\/div>\n\t\t\t\t\t<div class=\"qodef-ig-image qodef-item-space\">\n\t\t\t\t<div class=\"qodef-ig-image-inner\">\n\t\t\t\t\t\t\t\t\t\t\t<a itemprop=\"image\" class=\"qodef-ig-lightbox\" href=\"https:\/\/www.jornadesperalexcellencia.cat\/wp-content\/uploads\/2024\/10\/2024-6-jornades-excellencia.jpg\" data-rel=\"prettyPhoto[image_gallery_pretty_photo-69]\" title=\"2024-6-jornades-excellencia\">\n\t\t\t\t\t\t\t\t\t\t\t<img loading=\"lazy\" decoding=\"async\" width=\"900\" height=\"600\" src=\"https:\/\/www.jornadesperalexcellencia.cat\/wp-content\/uploads\/2024\/10\/2024-6-jornades-excellencia.jpg\" class=\"attachment-full size-full\" alt=\"\" srcset=\"https:\/\/www.jornadesperalexcellencia.cat\/wp-content\/uploads\/2024\/10\/2024-6-jornades-excellencia.jpg 900w, https:\/\/www.jornadesperalexcellencia.cat\/wp-content\/uploads\/2024\/10\/2024-6-jornades-excellencia-300x200.jpg 300w, https:\/\/www.jornadesperalexcellencia.cat\/wp-content\/uploads\/2024\/10\/2024-6-jornades-excellencia-768x512.jpg 768w, https:\/\/www.jornadesperalexcellencia.cat\/wp-content\/uploads\/2024\/10\/2024-6-jornades-excellencia-600x400.jpg 600w\" sizes=\"auto, (max-width: 900px) 100vw, 900px\" \/>\t\t\t\t\t\t\t\t\t\t\t<\/a>\n\t\t\t\t\t\t\t\t\t<\/div>\n\t\t\t<\/div>\n\t\t\t\t\t<div class=\"qodef-ig-image qodef-item-space\">\n\t\t\t\t<div class=\"qodef-ig-image-inner\">\n\t\t\t\t\t\t\t\t\t\t\t<a itemprop=\"image\" class=\"qodef-ig-lightbox\" href=\"https:\/\/www.jornadesperalexcellencia.cat\/wp-content\/uploads\/2024\/10\/2024-5-jornades-excellencia.jpg\" data-rel=\"prettyPhoto[image_gallery_pretty_photo-69]\" title=\"2024-5-jornades-excellencia\">\n\t\t\t\t\t\t\t\t\t\t\t<img loading=\"lazy\" decoding=\"async\" width=\"900\" height=\"600\" src=\"https:\/\/www.jornadesperalexcellencia.cat\/wp-content\/uploads\/2024\/10\/2024-5-jornades-excellencia.jpg\" class=\"attachment-full size-full\" alt=\"\" srcset=\"https:\/\/www.jornadesperalexcellencia.cat\/wp-content\/uploads\/2024\/10\/2024-5-jornades-excellencia.jpg 900w, https:\/\/www.jornadesperalexcellencia.cat\/wp-content\/uploads\/2024\/10\/2024-5-jornades-excellencia-300x200.jpg 300w, https:\/\/www.jornadesperalexcellencia.cat\/wp-content\/uploads\/2024\/10\/2024-5-jornades-excellencia-768x512.jpg 768w, https:\/\/www.jornadesperalexcellencia.cat\/wp-content\/uploads\/2024\/10\/2024-5-jornades-excellencia-600x400.jpg 600w\" sizes=\"auto, (max-width: 900px) 100vw, 900px\" \/>\t\t\t\t\t\t\t\t\t\t\t<\/a>\n\t\t\t\t\t\t\t\t\t<\/div>\n\t\t\t<\/div>\n\t\t\t\t\t<div class=\"qodef-ig-image qodef-item-space\">\n\t\t\t\t<div class=\"qodef-ig-image-inner\">\n\t\t\t\t\t\t\t\t\t\t\t<a itemprop=\"image\" class=\"qodef-ig-lightbox\" href=\"https:\/\/www.jornadesperalexcellencia.cat\/wp-content\/uploads\/2024\/10\/2024-4-jornades-excellencia.jpg\" data-rel=\"prettyPhoto[image_gallery_pretty_photo-69]\" title=\"2024-4-jornades-excellencia\">\n\t\t\t\t\t\t\t\t\t\t\t<img loading=\"lazy\" decoding=\"async\" width=\"900\" height=\"600\" src=\"https:\/\/www.jornadesperalexcellencia.cat\/wp-content\/uploads\/2024\/10\/2024-4-jornades-excellencia.jpg\" class=\"attachment-full size-full\" alt=\"\" srcset=\"https:\/\/www.jornadesperalexcellencia.cat\/wp-content\/uploads\/2024\/10\/2024-4-jornades-excellencia.jpg 900w, https:\/\/www.jornadesperalexcellencia.cat\/wp-content\/uploads\/2024\/10\/2024-4-jornades-excellencia-300x200.jpg 300w, https:\/\/www.jornadesperalexcellencia.cat\/wp-content\/uploads\/2024\/10\/2024-4-jornades-excellencia-768x512.jpg 768w, https:\/\/www.jornadesperalexcellencia.cat\/wp-content\/uploads\/2024\/10\/2024-4-jornades-excellencia-600x400.jpg 600w\" sizes=\"auto, (max-width: 900px) 100vw, 900px\" \/>\t\t\t\t\t\t\t\t\t\t\t<\/a>\n\t\t\t\t\t\t\t\t\t<\/div>\n\t\t\t<\/div>\n\t\t\t\t\t<div class=\"qodef-ig-image qodef-item-space\">\n\t\t\t\t<div class=\"qodef-ig-image-inner\">\n\t\t\t\t\t\t\t\t\t\t\t<a itemprop=\"image\" class=\"qodef-ig-lightbox\" href=\"https:\/\/www.jornadesperalexcellencia.cat\/wp-content\/uploads\/2024\/10\/2024-3-jornades-excellencia.jpg\" data-rel=\"prettyPhoto[image_gallery_pretty_photo-69]\" title=\"2024-3-jornades-excellencia\">\n\t\t\t\t\t\t\t\t\t\t\t<img loading=\"lazy\" decoding=\"async\" width=\"900\" height=\"600\" src=\"https:\/\/www.jornadesperalexcellencia.cat\/wp-content\/uploads\/2024\/10\/2024-3-jornades-excellencia.jpg\" class=\"attachment-full size-full\" alt=\"\" srcset=\"https:\/\/www.jornadesperalexcellencia.cat\/wp-content\/uploads\/2024\/10\/2024-3-jornades-excellencia.jpg 900w, https:\/\/www.jornadesperalexcellencia.cat\/wp-content\/uploads\/2024\/10\/2024-3-jornades-excellencia-300x200.jpg 300w, https:\/\/www.jornadesperalexcellencia.cat\/wp-content\/uploads\/2024\/10\/2024-3-jornades-excellencia-768x512.jpg 768w, https:\/\/www.jornadesperalexcellencia.cat\/wp-content\/uploads\/2024\/10\/2024-3-jornades-excellencia-600x400.jpg 600w\" sizes=\"auto, (max-width: 900px) 100vw, 900px\" \/>\t\t\t\t\t\t\t\t\t\t\t<\/a>\n\t\t\t\t\t\t\t\t\t<\/div>\n\t\t\t<\/div>\n\t\t\t\t\t<div class=\"qodef-ig-image qodef-item-space\">\n\t\t\t\t<div class=\"qodef-ig-image-inner\">\n\t\t\t\t\t\t\t\t\t\t\t<a itemprop=\"image\" class=\"qodef-ig-lightbox\" href=\"https:\/\/www.jornadesperalexcellencia.cat\/wp-content\/uploads\/2024\/10\/2024-2-jornades-excellencia.jpg\" data-rel=\"prettyPhoto[image_gallery_pretty_photo-69]\" title=\"2024-2-jornades-excellencia\">\n\t\t\t\t\t\t\t\t\t\t\t<img loading=\"lazy\" decoding=\"async\" width=\"900\" height=\"600\" src=\"https:\/\/www.jornadesperalexcellencia.cat\/wp-content\/uploads\/2024\/10\/2024-2-jornades-excellencia.jpg\" class=\"attachment-full size-full\" alt=\"\" srcset=\"https:\/\/www.jornadesperalexcellencia.cat\/wp-content\/uploads\/2024\/10\/2024-2-jornades-excellencia.jpg 900w, https:\/\/www.jornadesperalexcellencia.cat\/wp-content\/uploads\/2024\/10\/2024-2-jornades-excellencia-300x200.jpg 300w, https:\/\/www.jornadesperalexcellencia.cat\/wp-content\/uploads\/2024\/10\/2024-2-jornades-excellencia-768x512.jpg 768w, https:\/\/www.jornadesperalexcellencia.cat\/wp-content\/uploads\/2024\/10\/2024-2-jornades-excellencia-600x400.jpg 600w\" sizes=\"auto, (max-width: 900px) 100vw, 900px\" \/>\t\t\t\t\t\t\t\t\t\t\t<\/a>\n\t\t\t\t\t\t\t\t\t<\/div>\n\t\t\t<\/div>\n\t\t\t\t\t<div class=\"qodef-ig-image qodef-item-space\">\n\t\t\t\t<div class=\"qodef-ig-image-inner\">\n\t\t\t\t\t\t\t\t\t\t\t<a itemprop=\"image\" class=\"qodef-ig-lightbox\" href=\"https:\/\/www.jornadesperalexcellencia.cat\/wp-content\/uploads\/2024\/10\/2024-1-jornades-excellencia.jpg\" data-rel=\"prettyPhoto[image_gallery_pretty_photo-69]\" title=\"2024-1-jornades-excellencia\">\n\t\t\t\t\t\t\t\t\t\t\t<img loading=\"lazy\" decoding=\"async\" width=\"900\" height=\"600\" src=\"https:\/\/www.jornadesperalexcellencia.cat\/wp-content\/uploads\/2024\/10\/2024-1-jornades-excellencia.jpg\" class=\"attachment-full size-full\" alt=\"\" srcset=\"https:\/\/www.jornadesperalexcellencia.cat\/wp-content\/uploads\/2024\/10\/2024-1-jornades-excellencia.jpg 900w, https:\/\/www.jornadesperalexcellencia.cat\/wp-content\/uploads\/2024\/10\/2024-1-jornades-excellencia-300x200.jpg 300w, https:\/\/www.jornadesperalexcellencia.cat\/wp-content\/uploads\/2024\/10\/2024-1-jornades-excellencia-768x512.jpg 768w, https:\/\/www.jornadesperalexcellencia.cat\/wp-content\/uploads\/2024\/10\/2024-1-jornades-excellencia-600x400.jpg 600w\" sizes=\"auto, (max-width: 900px) 100vw, 900px\" \/>\t\t\t\t\t\t\t\t\t\t\t<\/a>\n\t\t\t\t\t\t\t\t\t<\/div>\n\t\t\t<\/div>\n\t\t\t\t\t<div class=\"qodef-ig-image qodef-item-space\">\n\t\t\t\t<div class=\"qodef-ig-image-inner\">\n\t\t\t\t\t\t\t\t\t\t\t<a itemprop=\"image\" class=\"qodef-ig-lightbox\" href=\"https:\/\/www.jornadesperalexcellencia.cat\/wp-content\/uploads\/2024\/11\/JORNADES.png\" data-rel=\"prettyPhoto[image_gallery_pretty_photo-69]\" title=\"2024-jornades-excellencia-33\">\n\t\t\t\t\t\t\t\t\t\t\t<img loading=\"lazy\" decoding=\"async\" width=\"900\" height=\"600\" src=\"https:\/\/www.jornadesperalexcellencia.cat\/wp-content\/uploads\/2024\/11\/JORNADES.png\" class=\"attachment-full size-full\" alt=\"\" srcset=\"https:\/\/www.jornadesperalexcellencia.cat\/wp-content\/uploads\/2024\/11\/JORNADES.png 900w, https:\/\/www.jornadesperalexcellencia.cat\/wp-content\/uploads\/2024\/11\/JORNADES-300x200.png 300w, https:\/\/www.jornadesperalexcellencia.cat\/wp-content\/uploads\/2024\/11\/JORNADES-768x512.png 768w, https:\/\/www.jornadesperalexcellencia.cat\/wp-content\/uploads\/2024\/11\/JORNADES-600x400.png 600w\" sizes=\"auto, (max-width: 900px) 100vw, 900px\" \/>\t\t\t\t\t\t\t\t\t\t\t<\/a>\n\t\t\t\t\t\t\t\t\t<\/div>\n\t\t\t<\/div>\n\t\t\t<\/div>\n<\/div><div class=\"vc_empty_space\"   style=\"height: 28px\"><span class=\"vc_empty_space_inner\"><\/span><\/div><\/div><\/div><\/div><\/div><div class=\"vc_row wpb_row vc_row-fluid\" ><div class=\"wpb_column vc_column_container vc_col-sm-12\"><div class=\"vc_column-inner\"><div class=\"wpb_wrapper\"><div class=\"qodef-section-title-holder   qodef-st-title-left qodef-st-normal-space qodef-st-with-animation\" style=\"text-align: center\">\n\t<div class=\"qodef-st-inner\">\n\t\t\t\t\t\t\t<div class=\"qodef-st-title-wrapper\">\n\t\t\t\t<h3 class=\"qodef-st-title\" >\n\t\t\t\t\tPonentes \/ Participantes\t\t\t\t<\/h3>\n\t\t\t<\/div>\n\t\t\t\t\t<\/div>\n<\/div><div class=\"vc_empty_space\"   style=\"height: 38px\"><span class=\"vc_empty_space_inner\"><\/span><\/div><div class=\"qodef-team-list-holder qodef-grid-list qodef-disable-bottom-space qodef-tl-standard  qodef-five-columns qodef-no-space qodef-tl-with-animation qodef-team-popup\" data-number-of-columns=\"five\" data-enable-navigation=\"no\" data-enable-pagination=\"no\">\n\t<div class=\"qodef-tl-inner qodef-outer-space \">\n\t\t<div class=\"qodef-team qodef-item-space info-hover\" data-member-id=\"10433\">\n    <div class=\"qodef-team-inner\">\n                    <div class=\"qodef-team-image\">\n                <img loading=\"lazy\" decoding=\"async\" width=\"800\" height=\"806\" src=\"https:\/\/www.jornadesperalexcellencia.cat\/wp-content\/uploads\/2024\/09\/Adria-Arquero-jornades-excellencia-joventut-pirineu.jpg\" class=\"attachment-post-thumbnail size-post-thumbnail wp-post-image\" alt=\"\" srcset=\"https:\/\/www.jornadesperalexcellencia.cat\/wp-content\/uploads\/2024\/09\/Adria-Arquero-jornades-excellencia-joventut-pirineu.jpg 800w, https:\/\/www.jornadesperalexcellencia.cat\/wp-content\/uploads\/2024\/09\/Adria-Arquero-jornades-excellencia-joventut-pirineu-298x300.jpg 298w, https:\/\/www.jornadesperalexcellencia.cat\/wp-content\/uploads\/2024\/09\/Adria-Arquero-jornades-excellencia-joventut-pirineu-150x150.jpg 150w, https:\/\/www.jornadesperalexcellencia.cat\/wp-content\/uploads\/2024\/09\/Adria-Arquero-jornades-excellencia-joventut-pirineu-768x774.jpg 768w, https:\/\/www.jornadesperalexcellencia.cat\/wp-content\/uploads\/2024\/09\/Adria-Arquero-jornades-excellencia-joventut-pirineu-600x605.jpg 600w, https:\/\/www.jornadesperalexcellencia.cat\/wp-content\/uploads\/2024\/09\/Adria-Arquero-jornades-excellencia-joventut-pirineu-100x100.jpg 100w\" sizes=\"auto, (max-width: 800px) 100vw, 800px\" \/>                <div class=\"qodef-team-info-tb\">\n                    <div class=\"qodef-team-info-tc\">\n                        <div class=\"qodef-team-title-holder\">\n\t                        \t\t                        <h6 class=\"qodef-team-position\">Socio de Animaci\u00f3 en Acci\u00f3, cooperativa de trabajo asociado<\/h6>\n\t                                                    <h3 itemprop=\"name\" class=\"qodef-team-name entry-title\">\n                                <a itemprop=\"url\" href=\"https:\/\/www.jornadesperalexcellencia.cat\/es\/team-member\/adria-arquero-es\/\">Adri\u00e0 Arquero<\/a>\n                            <\/h3>\n                        <\/div>\n\t                    <div class=\"qodef-team-description-holder\">\n\t\t                    \t                    <\/div>\n                        <div class=\"qodef-team-social-holder-between\">\n                            <div class=\"qodef-team-social\">\n                                <div class=\"qodef-team-social-inner\">\n                                    <div class=\"qodef-team-social-wrapp\">\n                                                                            <\/div>\n                                <\/div>\n                            <\/div>\n                        <\/div>\n                    <\/div>\n                <\/div>\n            <\/div>\n            <\/div>\n<\/div><div class=\"qodef-team qodef-item-space info-hover\" data-member-id=\"10443\">\n    <div class=\"qodef-team-inner\">\n                    <div class=\"qodef-team-image\">\n                <img loading=\"lazy\" decoding=\"async\" width=\"800\" height=\"806\" src=\"https:\/\/www.jornadesperalexcellencia.cat\/wp-content\/uploads\/2024\/09\/Adria-Cunyat-jornades-excellencia-joventut-pirineu.jpg\" class=\"attachment-post-thumbnail size-post-thumbnail wp-post-image\" alt=\"\" srcset=\"https:\/\/www.jornadesperalexcellencia.cat\/wp-content\/uploads\/2024\/09\/Adria-Cunyat-jornades-excellencia-joventut-pirineu.jpg 800w, https:\/\/www.jornadesperalexcellencia.cat\/wp-content\/uploads\/2024\/09\/Adria-Cunyat-jornades-excellencia-joventut-pirineu-298x300.jpg 298w, https:\/\/www.jornadesperalexcellencia.cat\/wp-content\/uploads\/2024\/09\/Adria-Cunyat-jornades-excellencia-joventut-pirineu-150x150.jpg 150w, https:\/\/www.jornadesperalexcellencia.cat\/wp-content\/uploads\/2024\/09\/Adria-Cunyat-jornades-excellencia-joventut-pirineu-768x774.jpg 768w, https:\/\/www.jornadesperalexcellencia.cat\/wp-content\/uploads\/2024\/09\/Adria-Cunyat-jornades-excellencia-joventut-pirineu-600x605.jpg 600w, https:\/\/www.jornadesperalexcellencia.cat\/wp-content\/uploads\/2024\/09\/Adria-Cunyat-jornades-excellencia-joventut-pirineu-100x100.jpg 100w\" sizes=\"auto, (max-width: 800px) 100vw, 800px\" \/>                <div class=\"qodef-team-info-tb\">\n                    <div class=\"qodef-team-info-tc\">\n                        <div class=\"qodef-team-title-holder\">\n\t                        \t\t                        <h6 class=\"qodef-team-position\">Organizador de Pallars en moviment <\/h6>\n\t                                                    <h3 itemprop=\"name\" class=\"qodef-team-name entry-title\">\n                                <a itemprop=\"url\" href=\"https:\/\/www.jornadesperalexcellencia.cat\/es\/team-member\/adria-cunyat-es\/\">Adri\u00e0 Cunyat<\/a>\n                            <\/h3>\n                        <\/div>\n\t                    <div class=\"qodef-team-description-holder\">\n\t\t                    \t                    <\/div>\n                        <div class=\"qodef-team-social-holder-between\">\n                            <div class=\"qodef-team-social\">\n                                <div class=\"qodef-team-social-inner\">\n                                    <div class=\"qodef-team-social-wrapp\">\n                                                                            <\/div>\n                                <\/div>\n                            <\/div>\n                        <\/div>\n                    <\/div>\n                <\/div>\n            <\/div>\n            <\/div>\n<\/div><div class=\"qodef-team qodef-item-space info-hover\" data-member-id=\"10283\">\n    <div class=\"qodef-team-inner\">\n                    <div class=\"qodef-team-image\">\n                <img loading=\"lazy\" decoding=\"async\" width=\"800\" height=\"806\" src=\"https:\/\/www.jornadesperalexcellencia.cat\/wp-content\/uploads\/2024\/09\/Alain-Cabanes-jornades-excellencia-joventut-pirineu.jpg\" class=\"attachment-post-thumbnail size-post-thumbnail wp-post-image\" alt=\"\" srcset=\"https:\/\/www.jornadesperalexcellencia.cat\/wp-content\/uploads\/2024\/09\/Alain-Cabanes-jornades-excellencia-joventut-pirineu.jpg 800w, https:\/\/www.jornadesperalexcellencia.cat\/wp-content\/uploads\/2024\/09\/Alain-Cabanes-jornades-excellencia-joventut-pirineu-298x300.jpg 298w, https:\/\/www.jornadesperalexcellencia.cat\/wp-content\/uploads\/2024\/09\/Alain-Cabanes-jornades-excellencia-joventut-pirineu-150x150.jpg 150w, https:\/\/www.jornadesperalexcellencia.cat\/wp-content\/uploads\/2024\/09\/Alain-Cabanes-jornades-excellencia-joventut-pirineu-768x774.jpg 768w, https:\/\/www.jornadesperalexcellencia.cat\/wp-content\/uploads\/2024\/09\/Alain-Cabanes-jornades-excellencia-joventut-pirineu-600x605.jpg 600w, https:\/\/www.jornadesperalexcellencia.cat\/wp-content\/uploads\/2024\/09\/Alain-Cabanes-jornades-excellencia-joventut-pirineu-100x100.jpg 100w\" sizes=\"auto, (max-width: 800px) 100vw, 800px\" \/>                <div class=\"qodef-team-info-tb\">\n                    <div class=\"qodef-team-info-tc\">\n                        <div class=\"qodef-team-title-holder\">\n\t                        \t\t                        <h6 class=\"qodef-team-position\">Secretario de Estado de Juventud del Govern d\u2019Andorra<\/h6>\n\t                                                    <h3 itemprop=\"name\" class=\"qodef-team-name entry-title\">\n                                <a itemprop=\"url\" href=\"https:\/\/www.jornadesperalexcellencia.cat\/es\/team-member\/alain-cabanes-es\/\">Alain Cabanes<\/a>\n                            <\/h3>\n                        <\/div>\n\t                    <div class=\"qodef-team-description-holder\">\n\t\t                    \t                    <\/div>\n                        <div class=\"qodef-team-social-holder-between\">\n                            <div class=\"qodef-team-social\">\n                                <div class=\"qodef-team-social-inner\">\n                                    <div class=\"qodef-team-social-wrapp\">\n                                                                            <\/div>\n                                <\/div>\n                            <\/div>\n                        <\/div>\n                    <\/div>\n                <\/div>\n            <\/div>\n            <\/div>\n<\/div><div class=\"qodef-team qodef-item-space info-hover\" data-member-id=\"10383\">\n    <div class=\"qodef-team-inner\">\n                    <div class=\"qodef-team-image\">\n                <img loading=\"lazy\" decoding=\"async\" width=\"800\" height=\"806\" src=\"https:\/\/www.jornadesperalexcellencia.cat\/wp-content\/uploads\/2024\/09\/Albert-Moles-jornades-excellencia-joventut-pirineu.jpg\" class=\"attachment-post-thumbnail size-post-thumbnail wp-post-image\" alt=\"\" srcset=\"https:\/\/www.jornadesperalexcellencia.cat\/wp-content\/uploads\/2024\/09\/Albert-Moles-jornades-excellencia-joventut-pirineu.jpg 800w, https:\/\/www.jornadesperalexcellencia.cat\/wp-content\/uploads\/2024\/09\/Albert-Moles-jornades-excellencia-joventut-pirineu-298x300.jpg 298w, https:\/\/www.jornadesperalexcellencia.cat\/wp-content\/uploads\/2024\/09\/Albert-Moles-jornades-excellencia-joventut-pirineu-150x150.jpg 150w, https:\/\/www.jornadesperalexcellencia.cat\/wp-content\/uploads\/2024\/09\/Albert-Moles-jornades-excellencia-joventut-pirineu-768x774.jpg 768w, https:\/\/www.jornadesperalexcellencia.cat\/wp-content\/uploads\/2024\/09\/Albert-Moles-jornades-excellencia-joventut-pirineu-600x605.jpg 600w, https:\/\/www.jornadesperalexcellencia.cat\/wp-content\/uploads\/2024\/09\/Albert-Moles-jornades-excellencia-joventut-pirineu-100x100.jpg 100w\" sizes=\"auto, (max-width: 800px) 100vw, 800px\" \/>                <div class=\"qodef-team-info-tb\">\n                    <div class=\"qodef-team-info-tc\">\n                        <div class=\"qodef-team-title-holder\">\n\t                        \t\t                        <h6 class=\"qodef-team-position\">Director general de Fuerzas El\u00e9ctricas de Andorra<\/h6>\n\t                                                    <h3 itemprop=\"name\" class=\"qodef-team-name entry-title\">\n                                <a itemprop=\"url\" href=\"https:\/\/www.jornadesperalexcellencia.cat\/es\/team-member\/albert-moles-2\/\">Albert Moles<\/a>\n                            <\/h3>\n                        <\/div>\n\t                    <div class=\"qodef-team-description-holder\">\n\t\t                    \t                    <\/div>\n                        <div class=\"qodef-team-social-holder-between\">\n                            <div class=\"qodef-team-social\">\n                                <div class=\"qodef-team-social-inner\">\n                                    <div class=\"qodef-team-social-wrapp\">\n                                                                            <\/div>\n                                <\/div>\n                            <\/div>\n                        <\/div>\n                    <\/div>\n                <\/div>\n            <\/div>\n            <\/div>\n<\/div><div class=\"qodef-team qodef-item-space info-hover\" data-member-id=\"10452\">\n    <div class=\"qodef-team-inner\">\n                    <div class=\"qodef-team-image\">\n                <img loading=\"lazy\" decoding=\"async\" width=\"800\" height=\"806\" src=\"https:\/\/www.jornadesperalexcellencia.cat\/wp-content\/uploads\/2024\/09\/Ana-Gutierrez-jornades-excellencia-joventut-pirineu.jpg\" class=\"attachment-post-thumbnail size-post-thumbnail wp-post-image\" alt=\"\" srcset=\"https:\/\/www.jornadesperalexcellencia.cat\/wp-content\/uploads\/2024\/09\/Ana-Gutierrez-jornades-excellencia-joventut-pirineu.jpg 800w, https:\/\/www.jornadesperalexcellencia.cat\/wp-content\/uploads\/2024\/09\/Ana-Gutierrez-jornades-excellencia-joventut-pirineu-298x300.jpg 298w, https:\/\/www.jornadesperalexcellencia.cat\/wp-content\/uploads\/2024\/09\/Ana-Gutierrez-jornades-excellencia-joventut-pirineu-150x150.jpg 150w, https:\/\/www.jornadesperalexcellencia.cat\/wp-content\/uploads\/2024\/09\/Ana-Gutierrez-jornades-excellencia-joventut-pirineu-768x774.jpg 768w, https:\/\/www.jornadesperalexcellencia.cat\/wp-content\/uploads\/2024\/09\/Ana-Gutierrez-jornades-excellencia-joventut-pirineu-600x605.jpg 600w, https:\/\/www.jornadesperalexcellencia.cat\/wp-content\/uploads\/2024\/09\/Ana-Gutierrez-jornades-excellencia-joventut-pirineu-100x100.jpg 100w\" sizes=\"auto, (max-width: 800px) 100vw, 800px\" \/>                <div class=\"qodef-team-info-tb\">\n                    <div class=\"qodef-team-info-tc\">\n                        <div class=\"qodef-team-title-holder\">\n\t                        \t\t                        <h6 class=\"qodef-team-position\">Directora del INS Hug Roger III de Sort<\/h6>\n\t                                                    <h3 itemprop=\"name\" class=\"qodef-team-name entry-title\">\n                                <a itemprop=\"url\" href=\"https:\/\/www.jornadesperalexcellencia.cat\/es\/team-member\/ana-gutierrez-es\/\">Ana Guti\u00e9rrez<\/a>\n                            <\/h3>\n                        <\/div>\n\t                    <div class=\"qodef-team-description-holder\">\n\t\t                    \t                    <\/div>\n                        <div class=\"qodef-team-social-holder-between\">\n                            <div class=\"qodef-team-social\">\n                                <div class=\"qodef-team-social-inner\">\n                                    <div class=\"qodef-team-social-wrapp\">\n                                                                            <\/div>\n                                <\/div>\n                            <\/div>\n                        <\/div>\n                    <\/div>\n                <\/div>\n            <\/div>\n            <\/div>\n<\/div><div class=\"qodef-team qodef-item-space info-hover\" data-member-id=\"10385\">\n    <div class=\"qodef-team-inner\">\n                    <div class=\"qodef-team-image\">\n                <img loading=\"lazy\" decoding=\"async\" width=\"800\" height=\"806\" src=\"https:\/\/www.jornadesperalexcellencia.cat\/wp-content\/uploads\/2024\/09\/Anna-Gallart-jornades-excellencia-joventut-pirineu.jpg\" class=\"attachment-post-thumbnail size-post-thumbnail wp-post-image\" alt=\"\" srcset=\"https:\/\/www.jornadesperalexcellencia.cat\/wp-content\/uploads\/2024\/09\/Anna-Gallart-jornades-excellencia-joventut-pirineu.jpg 800w, https:\/\/www.jornadesperalexcellencia.cat\/wp-content\/uploads\/2024\/09\/Anna-Gallart-jornades-excellencia-joventut-pirineu-298x300.jpg 298w, https:\/\/www.jornadesperalexcellencia.cat\/wp-content\/uploads\/2024\/09\/Anna-Gallart-jornades-excellencia-joventut-pirineu-150x150.jpg 150w, https:\/\/www.jornadesperalexcellencia.cat\/wp-content\/uploads\/2024\/09\/Anna-Gallart-jornades-excellencia-joventut-pirineu-768x774.jpg 768w, https:\/\/www.jornadesperalexcellencia.cat\/wp-content\/uploads\/2024\/09\/Anna-Gallart-jornades-excellencia-joventut-pirineu-600x605.jpg 600w, https:\/\/www.jornadesperalexcellencia.cat\/wp-content\/uploads\/2024\/09\/Anna-Gallart-jornades-excellencia-joventut-pirineu-100x100.jpg 100w\" sizes=\"auto, (max-width: 800px) 100vw, 800px\" \/>                <div class=\"qodef-team-info-tb\">\n                    <div class=\"qodef-team-info-tc\">\n                        <div class=\"qodef-team-title-holder\">\n\t                        \t\t                        <h6 class=\"qodef-team-position\">Pedagoga y t\u00e9cnica de educaci\u00f3n del Consell Comarcal de l\u2019Alt Urgell<\/h6>\n\t                                                    <h3 itemprop=\"name\" class=\"qodef-team-name entry-title\">\n                                <a itemprop=\"url\" href=\"https:\/\/www.jornadesperalexcellencia.cat\/es\/team-member\/anna-gallart-es\/\">Anna Gallart<\/a>\n                            <\/h3>\n                        <\/div>\n\t                    <div class=\"qodef-team-description-holder\">\n\t\t                    \t                    <\/div>\n                        <div class=\"qodef-team-social-holder-between\">\n                            <div class=\"qodef-team-social\">\n                                <div class=\"qodef-team-social-inner\">\n                                    <div class=\"qodef-team-social-wrapp\">\n                                                                            <\/div>\n                                <\/div>\n                            <\/div>\n                        <\/div>\n                    <\/div>\n                <\/div>\n            <\/div>\n            <\/div>\n<\/div><div class=\"qodef-team qodef-item-space info-hover\" data-member-id=\"10253\">\n    <div class=\"qodef-team-inner\">\n                    <div class=\"qodef-team-image\">\n                <img loading=\"lazy\" decoding=\"async\" width=\"800\" height=\"806\" src=\"https:\/\/www.jornadesperalexcellencia.cat\/wp-content\/uploads\/2024\/09\/Anna-Sentinella-Amengual-jornades-excellencia-joventut-pirineu.jpg\" class=\"attachment-post-thumbnail size-post-thumbnail wp-post-image\" alt=\"\" srcset=\"https:\/\/www.jornadesperalexcellencia.cat\/wp-content\/uploads\/2024\/09\/Anna-Sentinella-Amengual-jornades-excellencia-joventut-pirineu.jpg 800w, https:\/\/www.jornadesperalexcellencia.cat\/wp-content\/uploads\/2024\/09\/Anna-Sentinella-Amengual-jornades-excellencia-joventut-pirineu-298x300.jpg 298w, https:\/\/www.jornadesperalexcellencia.cat\/wp-content\/uploads\/2024\/09\/Anna-Sentinella-Amengual-jornades-excellencia-joventut-pirineu-150x150.jpg 150w, https:\/\/www.jornadesperalexcellencia.cat\/wp-content\/uploads\/2024\/09\/Anna-Sentinella-Amengual-jornades-excellencia-joventut-pirineu-768x774.jpg 768w, https:\/\/www.jornadesperalexcellencia.cat\/wp-content\/uploads\/2024\/09\/Anna-Sentinella-Amengual-jornades-excellencia-joventut-pirineu-600x605.jpg 600w, https:\/\/www.jornadesperalexcellencia.cat\/wp-content\/uploads\/2024\/09\/Anna-Sentinella-Amengual-jornades-excellencia-joventut-pirineu-100x100.jpg 100w\" sizes=\"auto, (max-width: 800px) 100vw, 800px\" \/>                <div class=\"qodef-team-info-tb\">\n                    <div class=\"qodef-team-info-tc\">\n                        <div class=\"qodef-team-title-holder\">\n\t                        \t\t                        <h6 class=\"qodef-team-position\">Alcaldesa de Baix Pallars<\/h6>\n\t                                                    <h3 itemprop=\"name\" class=\"qodef-team-name entry-title\">\n                                <a itemprop=\"url\" href=\"https:\/\/www.jornadesperalexcellencia.cat\/es\/team-member\/anna-sentinella-es\/\">Anna Sentinella<\/a>\n                            <\/h3>\n                        <\/div>\n\t                    <div class=\"qodef-team-description-holder\">\n\t\t                    \t                    <\/div>\n                        <div class=\"qodef-team-social-holder-between\">\n                            <div class=\"qodef-team-social\">\n                                <div class=\"qodef-team-social-inner\">\n                                    <div class=\"qodef-team-social-wrapp\">\n                                                                            <\/div>\n                                <\/div>\n                            <\/div>\n                        <\/div>\n                    <\/div>\n                <\/div>\n            <\/div>\n            <\/div>\n<\/div><div class=\"qodef-team qodef-item-space info-hover\" data-member-id=\"10290\">\n    <div class=\"qodef-team-inner\">\n                    <div class=\"qodef-team-image\">\n                <img loading=\"lazy\" decoding=\"async\" width=\"800\" height=\"806\" src=\"https:\/\/www.jornadesperalexcellencia.cat\/wp-content\/uploads\/2024\/09\/Anton-Odena-jornades-excellencia-joventut-pirineu.jpg\" class=\"attachment-post-thumbnail size-post-thumbnail wp-post-image\" alt=\"\" srcset=\"https:\/\/www.jornadesperalexcellencia.cat\/wp-content\/uploads\/2024\/09\/Anton-Odena-jornades-excellencia-joventut-pirineu.jpg 800w, https:\/\/www.jornadesperalexcellencia.cat\/wp-content\/uploads\/2024\/09\/Anton-Odena-jornades-excellencia-joventut-pirineu-298x300.jpg 298w, https:\/\/www.jornadesperalexcellencia.cat\/wp-content\/uploads\/2024\/09\/Anton-Odena-jornades-excellencia-joventut-pirineu-150x150.jpg 150w, https:\/\/www.jornadesperalexcellencia.cat\/wp-content\/uploads\/2024\/09\/Anton-Odena-jornades-excellencia-joventut-pirineu-768x774.jpg 768w, https:\/\/www.jornadesperalexcellencia.cat\/wp-content\/uploads\/2024\/09\/Anton-Odena-jornades-excellencia-joventut-pirineu-600x605.jpg 600w, https:\/\/www.jornadesperalexcellencia.cat\/wp-content\/uploads\/2024\/09\/Anton-Odena-jornades-excellencia-joventut-pirineu-100x100.jpg 100w\" sizes=\"auto, (max-width: 800px) 100vw, 800px\" \/>                <div class=\"qodef-team-info-tb\">\n                    <div class=\"qodef-team-info-tc\">\n                        <div class=\"qodef-team-title-holder\">\n\t                        \t\t                        <h6 class=\"qodef-team-position\">Cofundador &amp; CEO de Montpackers.com<\/h6>\n\t                                                    <h3 itemprop=\"name\" class=\"qodef-team-name entry-title\">\n                                <a itemprop=\"url\" href=\"https:\/\/www.jornadesperalexcellencia.cat\/es\/team-member\/anton-odena-es\/\">Anton \u00d2dena<\/a>\n                            <\/h3>\n                        <\/div>\n\t                    <div class=\"qodef-team-description-holder\">\n\t\t                    \t                    <\/div>\n                        <div class=\"qodef-team-social-holder-between\">\n                            <div class=\"qodef-team-social\">\n                                <div class=\"qodef-team-social-inner\">\n                                    <div class=\"qodef-team-social-wrapp\">\n                                                                            <\/div>\n                                <\/div>\n                            <\/div>\n                        <\/div>\n                    <\/div>\n                <\/div>\n            <\/div>\n            <\/div>\n<\/div><div class=\"qodef-team qodef-item-space info-hover\" data-member-id=\"9395\">\n    <div class=\"qodef-team-inner\">\n                    <div class=\"qodef-team-image\">\n                <img loading=\"lazy\" decoding=\"async\" width=\"800\" height=\"806\" src=\"https:\/\/www.jornadesperalexcellencia.cat\/wp-content\/uploads\/2023\/09\/Arnau-Cases-jornades-excellencia-futur-pirineu.jpg\" class=\"attachment-post-thumbnail size-post-thumbnail wp-post-image\" alt=\"\" srcset=\"https:\/\/www.jornadesperalexcellencia.cat\/wp-content\/uploads\/2023\/09\/Arnau-Cases-jornades-excellencia-futur-pirineu.jpg 800w, https:\/\/www.jornadesperalexcellencia.cat\/wp-content\/uploads\/2023\/09\/Arnau-Cases-jornades-excellencia-futur-pirineu-298x300.jpg 298w, https:\/\/www.jornadesperalexcellencia.cat\/wp-content\/uploads\/2023\/09\/Arnau-Cases-jornades-excellencia-futur-pirineu-150x150.jpg 150w, https:\/\/www.jornadesperalexcellencia.cat\/wp-content\/uploads\/2023\/09\/Arnau-Cases-jornades-excellencia-futur-pirineu-768x774.jpg 768w, https:\/\/www.jornadesperalexcellencia.cat\/wp-content\/uploads\/2023\/09\/Arnau-Cases-jornades-excellencia-futur-pirineu-600x605.jpg 600w, https:\/\/www.jornadesperalexcellencia.cat\/wp-content\/uploads\/2023\/09\/Arnau-Cases-jornades-excellencia-futur-pirineu-100x100.jpg 100w\" sizes=\"auto, (max-width: 800px) 100vw, 800px\" \/>                <div class=\"qodef-team-info-tb\">\n                    <div class=\"qodef-team-info-tc\">\n                        <div class=\"qodef-team-title-holder\">\n\t                        \t\t                        <h6 class=\"qodef-team-position\">Cofundador de Cordada Outdoor<\/h6>\n\t                                                    <h3 itemprop=\"name\" class=\"qodef-team-name entry-title\">\n                                <a itemprop=\"url\" href=\"https:\/\/www.jornadesperalexcellencia.cat\/es\/team-member\/arnau-cases-esp\/\">Arnau Cases<\/a>\n                            <\/h3>\n                        <\/div>\n\t                    <div class=\"qodef-team-description-holder\">\n\t\t                    \t                    <\/div>\n                        <div class=\"qodef-team-social-holder-between\">\n                            <div class=\"qodef-team-social\">\n                                <div class=\"qodef-team-social-inner\">\n                                    <div class=\"qodef-team-social-wrapp\">\n                                                                            <\/div>\n                                <\/div>\n                            <\/div>\n                        <\/div>\n                    <\/div>\n                <\/div>\n            <\/div>\n            <\/div>\n<\/div><div class=\"qodef-team qodef-item-space info-hover\" data-member-id=\"10499\">\n    <div class=\"qodef-team-inner\">\n                    <div class=\"qodef-team-image\">\n                <img loading=\"lazy\" decoding=\"async\" width=\"1080\" height=\"1080\" src=\"https:\/\/www.jornadesperalexcellencia.cat\/wp-content\/uploads\/2024\/10\/arnau-martinez-jornades-excellencia-joventut.jpg\" class=\"attachment-post-thumbnail size-post-thumbnail wp-post-image\" alt=\"\" srcset=\"https:\/\/www.jornadesperalexcellencia.cat\/wp-content\/uploads\/2024\/10\/arnau-martinez-jornades-excellencia-joventut.jpg 1080w, https:\/\/www.jornadesperalexcellencia.cat\/wp-content\/uploads\/2024\/10\/arnau-martinez-jornades-excellencia-joventut-300x300.jpg 300w, https:\/\/www.jornadesperalexcellencia.cat\/wp-content\/uploads\/2024\/10\/arnau-martinez-jornades-excellencia-joventut-1024x1024.jpg 1024w, https:\/\/www.jornadesperalexcellencia.cat\/wp-content\/uploads\/2024\/10\/arnau-martinez-jornades-excellencia-joventut-150x150.jpg 150w, https:\/\/www.jornadesperalexcellencia.cat\/wp-content\/uploads\/2024\/10\/arnau-martinez-jornades-excellencia-joventut-768x768.jpg 768w, https:\/\/www.jornadesperalexcellencia.cat\/wp-content\/uploads\/2024\/10\/arnau-martinez-jornades-excellencia-joventut-650x650.jpg 650w, https:\/\/www.jornadesperalexcellencia.cat\/wp-content\/uploads\/2024\/10\/arnau-martinez-jornades-excellencia-joventut-600x600.jpg 600w, https:\/\/www.jornadesperalexcellencia.cat\/wp-content\/uploads\/2024\/10\/arnau-martinez-jornades-excellencia-joventut-100x100.jpg 100w\" sizes=\"auto, (max-width: 1080px) 100vw, 1080px\" \/>                <div class=\"qodef-team-info-tb\">\n                    <div class=\"qodef-team-info-tc\">\n                        <div class=\"qodef-team-title-holder\">\n\t                        \t\t                        <h6 class=\"qodef-team-position\">Coordinador de ciclos formativos de La Salle en La Seu d&#039;Urgell<\/h6>\n\t                                                    <h3 itemprop=\"name\" class=\"qodef-team-name entry-title\">\n                                <a itemprop=\"url\" href=\"https:\/\/www.jornadesperalexcellencia.cat\/es\/team-member\/arnau-martinez-es\/\">Arnau Mart\u00ednez<\/a>\n                            <\/h3>\n                        <\/div>\n\t                    <div class=\"qodef-team-description-holder\">\n\t\t                    \t                    <\/div>\n                        <div class=\"qodef-team-social-holder-between\">\n                            <div class=\"qodef-team-social\">\n                                <div class=\"qodef-team-social-inner\">\n                                    <div class=\"qodef-team-social-wrapp\">\n                                                                            <\/div>\n                                <\/div>\n                            <\/div>\n                        <\/div>\n                    <\/div>\n                <\/div>\n            <\/div>\n            <\/div>\n<\/div><div class=\"qodef-team qodef-item-space info-hover\" data-member-id=\"10326\">\n    <div class=\"qodef-team-inner\">\n                    <div class=\"qodef-team-image\">\n                <img loading=\"lazy\" decoding=\"async\" width=\"800\" height=\"806\" src=\"https:\/\/www.jornadesperalexcellencia.cat\/wp-content\/uploads\/2024\/09\/Berta-Dania-jornades-excellencia-joventut-pirineu.jpg\" class=\"attachment-post-thumbnail size-post-thumbnail wp-post-image\" alt=\"\" srcset=\"https:\/\/www.jornadesperalexcellencia.cat\/wp-content\/uploads\/2024\/09\/Berta-Dania-jornades-excellencia-joventut-pirineu.jpg 800w, https:\/\/www.jornadesperalexcellencia.cat\/wp-content\/uploads\/2024\/09\/Berta-Dania-jornades-excellencia-joventut-pirineu-298x300.jpg 298w, https:\/\/www.jornadesperalexcellencia.cat\/wp-content\/uploads\/2024\/09\/Berta-Dania-jornades-excellencia-joventut-pirineu-150x150.jpg 150w, https:\/\/www.jornadesperalexcellencia.cat\/wp-content\/uploads\/2024\/09\/Berta-Dania-jornades-excellencia-joventut-pirineu-768x774.jpg 768w, https:\/\/www.jornadesperalexcellencia.cat\/wp-content\/uploads\/2024\/09\/Berta-Dania-jornades-excellencia-joventut-pirineu-600x605.jpg 600w, https:\/\/www.jornadesperalexcellencia.cat\/wp-content\/uploads\/2024\/09\/Berta-Dania-jornades-excellencia-joventut-pirineu-100x100.jpg 100w\" sizes=\"auto, (max-width: 800px) 100vw, 800px\" \/>                <div class=\"qodef-team-info-tb\">\n                    <div class=\"qodef-team-info-tc\">\n                        <div class=\"qodef-team-title-holder\">\n\t                        \t\t                        <h6 class=\"qodef-team-position\">Directora creativa y dise\u00f1adora de producto en Agro Biomaterials<\/h6>\n\t                                                    <h3 itemprop=\"name\" class=\"qodef-team-name entry-title\">\n                                <a itemprop=\"url\" href=\"https:\/\/www.jornadesperalexcellencia.cat\/es\/team-member\/berta-daina-es\/\">Berta Daina<\/a>\n                            <\/h3>\n                        <\/div>\n\t                    <div class=\"qodef-team-description-holder\">\n\t\t                    \t                    <\/div>\n                        <div class=\"qodef-team-social-holder-between\">\n                            <div class=\"qodef-team-social\">\n                                <div class=\"qodef-team-social-inner\">\n                                    <div class=\"qodef-team-social-wrapp\">\n                                                                            <\/div>\n                                <\/div>\n                            <\/div>\n                        <\/div>\n                    <\/div>\n                <\/div>\n            <\/div>\n            <\/div>\n<\/div><div class=\"qodef-team qodef-item-space info-hover\" data-member-id=\"10498\">\n    <div class=\"qodef-team-inner\">\n                    <div class=\"qodef-team-image\">\n                <img loading=\"lazy\" decoding=\"async\" width=\"1080\" height=\"1080\" src=\"https:\/\/www.jornadesperalexcellencia.cat\/wp-content\/uploads\/2024\/10\/blanca-cusine-jornades-excellencia-joventut.jpg\" class=\"attachment-post-thumbnail size-post-thumbnail wp-post-image\" alt=\"\" srcset=\"https:\/\/www.jornadesperalexcellencia.cat\/wp-content\/uploads\/2024\/10\/blanca-cusine-jornades-excellencia-joventut.jpg 1080w, https:\/\/www.jornadesperalexcellencia.cat\/wp-content\/uploads\/2024\/10\/blanca-cusine-jornades-excellencia-joventut-300x300.jpg 300w, https:\/\/www.jornadesperalexcellencia.cat\/wp-content\/uploads\/2024\/10\/blanca-cusine-jornades-excellencia-joventut-1024x1024.jpg 1024w, https:\/\/www.jornadesperalexcellencia.cat\/wp-content\/uploads\/2024\/10\/blanca-cusine-jornades-excellencia-joventut-150x150.jpg 150w, https:\/\/www.jornadesperalexcellencia.cat\/wp-content\/uploads\/2024\/10\/blanca-cusine-jornades-excellencia-joventut-768x768.jpg 768w, https:\/\/www.jornadesperalexcellencia.cat\/wp-content\/uploads\/2024\/10\/blanca-cusine-jornades-excellencia-joventut-650x650.jpg 650w, https:\/\/www.jornadesperalexcellencia.cat\/wp-content\/uploads\/2024\/10\/blanca-cusine-jornades-excellencia-joventut-600x600.jpg 600w, https:\/\/www.jornadesperalexcellencia.cat\/wp-content\/uploads\/2024\/10\/blanca-cusine-jornades-excellencia-joventut-100x100.jpg 100w\" sizes=\"auto, (max-width: 1080px) 100vw, 1080px\" \/>                <div class=\"qodef-team-info-tb\">\n                    <div class=\"qodef-team-info-tc\">\n                        <div class=\"qodef-team-title-holder\">\n\t                        \t\t                        <h6 class=\"qodef-team-position\">Empresaria CEO de Arcusin<\/h6>\n\t                                                    <h3 itemprop=\"name\" class=\"qodef-team-name entry-title\">\n                                <a itemprop=\"url\" href=\"https:\/\/www.jornadesperalexcellencia.cat\/es\/team-member\/blanca-cusine-es\/\">Blanca Cusin\u00e9<\/a>\n                            <\/h3>\n                        <\/div>\n\t                    <div class=\"qodef-team-description-holder\">\n\t\t                    \t                    <\/div>\n                        <div class=\"qodef-team-social-holder-between\">\n                            <div class=\"qodef-team-social\">\n                                <div class=\"qodef-team-social-inner\">\n                                    <div class=\"qodef-team-social-wrapp\">\n                                                                            <\/div>\n                                <\/div>\n                            <\/div>\n                        <\/div>\n                    <\/div>\n                <\/div>\n            <\/div>\n            <\/div>\n<\/div><div class=\"qodef-team qodef-item-space info-hover\" data-member-id=\"5352\">\n    <div class=\"qodef-team-inner\">\n                    <div class=\"qodef-team-image\">\n                <img loading=\"lazy\" decoding=\"async\" width=\"800\" height=\"806\" src=\"https:\/\/www.jornadesperalexcellencia.cat\/wp-content\/uploads\/2021\/01\/jornades_excellencia-carlos-isus_2018.jpg\" class=\"attachment-post-thumbnail size-post-thumbnail wp-post-image\" alt=\"\" srcset=\"https:\/\/www.jornadesperalexcellencia.cat\/wp-content\/uploads\/2021\/01\/jornades_excellencia-carlos-isus_2018.jpg 800w, https:\/\/www.jornadesperalexcellencia.cat\/wp-content\/uploads\/2021\/01\/jornades_excellencia-carlos-isus_2018-100x100.jpg 100w, https:\/\/www.jornadesperalexcellencia.cat\/wp-content\/uploads\/2021\/01\/jornades_excellencia-carlos-isus_2018-600x605.jpg 600w, https:\/\/www.jornadesperalexcellencia.cat\/wp-content\/uploads\/2021\/01\/jornades_excellencia-carlos-isus_2018-298x300.jpg 298w, https:\/\/www.jornadesperalexcellencia.cat\/wp-content\/uploads\/2021\/01\/jornades_excellencia-carlos-isus_2018-150x150.jpg 150w, https:\/\/www.jornadesperalexcellencia.cat\/wp-content\/uploads\/2021\/01\/jornades_excellencia-carlos-isus_2018-768x774.jpg 768w\" sizes=\"auto, (max-width: 800px) 100vw, 800px\" \/>                <div class=\"qodef-team-info-tb\">\n                    <div class=\"qodef-team-info-tc\">\n                        <div class=\"qodef-team-title-holder\">\n\t                        \t\t                        <h6 class=\"qodef-team-position\">Presidente del Consell Comarcal Pallars Sobir\u00e0<\/h6>\n\t                                                    <h3 itemprop=\"name\" class=\"qodef-team-name entry-title\">\n                                <a itemprop=\"url\" href=\"https:\/\/www.jornadesperalexcellencia.cat\/es\/team-member\/carlos-isus-4\/\">Carlos Isus<\/a>\n                            <\/h3>\n                        <\/div>\n\t                    <div class=\"qodef-team-description-holder\">\n\t\t                    \t                    <\/div>\n                        <div class=\"qodef-team-social-holder-between\">\n                            <div class=\"qodef-team-social\">\n                                <div class=\"qodef-team-social-inner\">\n                                    <div class=\"qodef-team-social-wrapp\">\n                                                                            <\/div>\n                                <\/div>\n                            <\/div>\n                        <\/div>\n                    <\/div>\n                <\/div>\n            <\/div>\n            <\/div>\n<\/div><div class=\"qodef-team qodef-item-space info-hover\" data-member-id=\"10329\">\n    <div class=\"qodef-team-inner\">\n                    <div class=\"qodef-team-image\">\n                <img loading=\"lazy\" decoding=\"async\" width=\"800\" height=\"806\" src=\"https:\/\/www.jornadesperalexcellencia.cat\/wp-content\/uploads\/2024\/09\/Dani-Gavalda-Castet-jornades-excellencia-joventut-pirineu.jpg\" class=\"attachment-post-thumbnail size-post-thumbnail wp-post-image\" alt=\"\" srcset=\"https:\/\/www.jornadesperalexcellencia.cat\/wp-content\/uploads\/2024\/09\/Dani-Gavalda-Castet-jornades-excellencia-joventut-pirineu.jpg 800w, https:\/\/www.jornadesperalexcellencia.cat\/wp-content\/uploads\/2024\/09\/Dani-Gavalda-Castet-jornades-excellencia-joventut-pirineu-298x300.jpg 298w, https:\/\/www.jornadesperalexcellencia.cat\/wp-content\/uploads\/2024\/09\/Dani-Gavalda-Castet-jornades-excellencia-joventut-pirineu-150x150.jpg 150w, https:\/\/www.jornadesperalexcellencia.cat\/wp-content\/uploads\/2024\/09\/Dani-Gavalda-Castet-jornades-excellencia-joventut-pirineu-768x774.jpg 768w, https:\/\/www.jornadesperalexcellencia.cat\/wp-content\/uploads\/2024\/09\/Dani-Gavalda-Castet-jornades-excellencia-joventut-pirineu-600x605.jpg 600w, https:\/\/www.jornadesperalexcellencia.cat\/wp-content\/uploads\/2024\/09\/Dani-Gavalda-Castet-jornades-excellencia-joventut-pirineu-100x100.jpg 100w\" sizes=\"auto, (max-width: 800px) 100vw, 800px\" \/>                <div class=\"qodef-team-info-tb\">\n                    <div class=\"qodef-team-info-tc\">\n                        <div class=\"qodef-team-title-holder\">\n\t                        \t\t                        <h6 class=\"qodef-team-position\">CEO Madaleta Studio<\/h6>\n\t                                                    <h3 itemprop=\"name\" class=\"qodef-team-name entry-title\">\n                                <a itemprop=\"url\" href=\"https:\/\/www.jornadesperalexcellencia.cat\/es\/team-member\/dani-gavalda-es\/\">Dani Gavald\u00e0<\/a>\n                            <\/h3>\n                        <\/div>\n\t                    <div class=\"qodef-team-description-holder\">\n\t\t                    \t                    <\/div>\n                        <div class=\"qodef-team-social-holder-between\">\n                            <div class=\"qodef-team-social\">\n                                <div class=\"qodef-team-social-inner\">\n                                    <div class=\"qodef-team-social-wrapp\">\n                                                                            <\/div>\n                                <\/div>\n                            <\/div>\n                        <\/div>\n                    <\/div>\n                <\/div>\n            <\/div>\n            <\/div>\n<\/div><div class=\"qodef-team qodef-item-space info-hover\" data-member-id=\"10390\">\n    <div class=\"qodef-team-inner\">\n                    <div class=\"qodef-team-image\">\n                <img loading=\"lazy\" decoding=\"async\" width=\"800\" height=\"806\" src=\"https:\/\/www.jornadesperalexcellencia.cat\/wp-content\/uploads\/2024\/09\/David-Aguilar-jornades-excellencia-joventut-pirineu.jpg\" class=\"attachment-post-thumbnail size-post-thumbnail wp-post-image\" alt=\"\" srcset=\"https:\/\/www.jornadesperalexcellencia.cat\/wp-content\/uploads\/2024\/09\/David-Aguilar-jornades-excellencia-joventut-pirineu.jpg 800w, https:\/\/www.jornadesperalexcellencia.cat\/wp-content\/uploads\/2024\/09\/David-Aguilar-jornades-excellencia-joventut-pirineu-298x300.jpg 298w, https:\/\/www.jornadesperalexcellencia.cat\/wp-content\/uploads\/2024\/09\/David-Aguilar-jornades-excellencia-joventut-pirineu-150x150.jpg 150w, https:\/\/www.jornadesperalexcellencia.cat\/wp-content\/uploads\/2024\/09\/David-Aguilar-jornades-excellencia-joventut-pirineu-768x774.jpg 768w, https:\/\/www.jornadesperalexcellencia.cat\/wp-content\/uploads\/2024\/09\/David-Aguilar-jornades-excellencia-joventut-pirineu-600x605.jpg 600w, https:\/\/www.jornadesperalexcellencia.cat\/wp-content\/uploads\/2024\/09\/David-Aguilar-jornades-excellencia-joventut-pirineu-100x100.jpg 100w\" sizes=\"auto, (max-width: 800px) 100vw, 800px\" \/>                <div class=\"qodef-team-info-tb\">\n                    <div class=\"qodef-team-info-tc\">\n                        <div class=\"qodef-team-title-holder\">\n\t                        \t\t                        <h6 class=\"qodef-team-position\">Graduado en Bioingenier\u00eda por la Universidad Polit\u00e9cnica de Catalunya (UPC)<\/h6>\n\t                                                    <h3 itemprop=\"name\" class=\"qodef-team-name entry-title\">\n                                <a itemprop=\"url\" href=\"https:\/\/www.jornadesperalexcellencia.cat\/es\/team-member\/david-aguilar-hand-solo-lego\/\">David Aguilar, Hand Solo<\/a>\n                            <\/h3>\n                        <\/div>\n\t                    <div class=\"qodef-team-description-holder\">\n\t\t                    \t                    <\/div>\n                        <div class=\"qodef-team-social-holder-between\">\n                            <div class=\"qodef-team-social\">\n                                <div class=\"qodef-team-social-inner\">\n                                    <div class=\"qodef-team-social-wrapp\">\n                                                                            <\/div>\n                                <\/div>\n                            <\/div>\n                        <\/div>\n                    <\/div>\n                <\/div>\n            <\/div>\n            <\/div>\n<\/div><div class=\"qodef-team qodef-item-space info-hover\" data-member-id=\"10296\">\n    <div class=\"qodef-team-inner\">\n                    <div class=\"qodef-team-image\">\n                <img loading=\"lazy\" decoding=\"async\" width=\"800\" height=\"806\" src=\"https:\/\/www.jornadesperalexcellencia.cat\/wp-content\/uploads\/2024\/09\/David-Santana-Moga-jornades-excellencia-joventut-pirineu.jpg\" class=\"attachment-post-thumbnail size-post-thumbnail wp-post-image\" alt=\"\" srcset=\"https:\/\/www.jornadesperalexcellencia.cat\/wp-content\/uploads\/2024\/09\/David-Santana-Moga-jornades-excellencia-joventut-pirineu.jpg 800w, https:\/\/www.jornadesperalexcellencia.cat\/wp-content\/uploads\/2024\/09\/David-Santana-Moga-jornades-excellencia-joventut-pirineu-298x300.jpg 298w, https:\/\/www.jornadesperalexcellencia.cat\/wp-content\/uploads\/2024\/09\/David-Santana-Moga-jornades-excellencia-joventut-pirineu-150x150.jpg 150w, https:\/\/www.jornadesperalexcellencia.cat\/wp-content\/uploads\/2024\/09\/David-Santana-Moga-jornades-excellencia-joventut-pirineu-768x774.jpg 768w, https:\/\/www.jornadesperalexcellencia.cat\/wp-content\/uploads\/2024\/09\/David-Santana-Moga-jornades-excellencia-joventut-pirineu-600x605.jpg 600w, https:\/\/www.jornadesperalexcellencia.cat\/wp-content\/uploads\/2024\/09\/David-Santana-Moga-jornades-excellencia-joventut-pirineu-100x100.jpg 100w\" sizes=\"auto, (max-width: 800px) 100vw, 800px\" \/>                <div class=\"qodef-team-info-tb\">\n                    <div class=\"qodef-team-info-tc\">\n                        <div class=\"qodef-team-title-holder\">\n\t                        \t\t                        <h6 class=\"qodef-team-position\">Fundador Diip AI<\/h6>\n\t                                                    <h3 itemprop=\"name\" class=\"qodef-team-name entry-title\">\n                                <a itemprop=\"url\" href=\"https:\/\/www.jornadesperalexcellencia.cat\/es\/team-member\/david-santana-es\/\">David Santana<\/a>\n                            <\/h3>\n                        <\/div>\n\t                    <div class=\"qodef-team-description-holder\">\n\t\t                    \t                    <\/div>\n                        <div class=\"qodef-team-social-holder-between\">\n                            <div class=\"qodef-team-social\">\n                                <div class=\"qodef-team-social-inner\">\n                                    <div class=\"qodef-team-social-wrapp\">\n                                                                            <\/div>\n                                <\/div>\n                            <\/div>\n                        <\/div>\n                    <\/div>\n                <\/div>\n            <\/div>\n            <\/div>\n<\/div><div class=\"qodef-team qodef-item-space info-hover\" data-member-id=\"10286\">\n    <div class=\"qodef-team-inner\">\n                    <div class=\"qodef-team-image\">\n                <img loading=\"lazy\" decoding=\"async\" width=\"800\" height=\"806\" src=\"https:\/\/www.jornadesperalexcellencia.cat\/wp-content\/uploads\/2024\/09\/Eva-Sansa-jornades-excellencia-joventut-pirineu.jpg\" class=\"attachment-post-thumbnail size-post-thumbnail wp-post-image\" alt=\"\" srcset=\"https:\/\/www.jornadesperalexcellencia.cat\/wp-content\/uploads\/2024\/09\/Eva-Sansa-jornades-excellencia-joventut-pirineu.jpg 800w, https:\/\/www.jornadesperalexcellencia.cat\/wp-content\/uploads\/2024\/09\/Eva-Sansa-jornades-excellencia-joventut-pirineu-298x300.jpg 298w, https:\/\/www.jornadesperalexcellencia.cat\/wp-content\/uploads\/2024\/09\/Eva-Sansa-jornades-excellencia-joventut-pirineu-150x150.jpg 150w, https:\/\/www.jornadesperalexcellencia.cat\/wp-content\/uploads\/2024\/09\/Eva-Sansa-jornades-excellencia-joventut-pirineu-768x774.jpg 768w, https:\/\/www.jornadesperalexcellencia.cat\/wp-content\/uploads\/2024\/09\/Eva-Sansa-jornades-excellencia-joventut-pirineu-600x605.jpg 600w, https:\/\/www.jornadesperalexcellencia.cat\/wp-content\/uploads\/2024\/09\/Eva-Sansa-jornades-excellencia-joventut-pirineu-100x100.jpg 100w\" sizes=\"auto, (max-width: 800px) 100vw, 800px\" \/>                <div class=\"qodef-team-info-tb\">\n                    <div class=\"qodef-team-info-tc\">\n                        <div class=\"qodef-team-title-holder\">\n\t                        \t\t                        <h6 class=\"qodef-team-position\">C\u00f3nsul mayor de La Massana<\/h6>\n\t                                                    <h3 itemprop=\"name\" class=\"qodef-team-name entry-title\">\n                                <a itemprop=\"url\" href=\"https:\/\/www.jornadesperalexcellencia.cat\/es\/team-member\/eva-sansa-es\/\">Eva Sansa<\/a>\n                            <\/h3>\n                        <\/div>\n\t                    <div class=\"qodef-team-description-holder\">\n\t\t                    \t                    <\/div>\n                        <div class=\"qodef-team-social-holder-between\">\n                            <div class=\"qodef-team-social\">\n                                <div class=\"qodef-team-social-inner\">\n                                    <div class=\"qodef-team-social-wrapp\">\n                                                                            <\/div>\n                                <\/div>\n                            <\/div>\n                        <\/div>\n                    <\/div>\n                <\/div>\n            <\/div>\n            <\/div>\n<\/div><div class=\"qodef-team qodef-item-space info-hover\" data-member-id=\"10363\">\n    <div class=\"qodef-team-inner\">\n                    <div class=\"qodef-team-image\">\n                <img loading=\"lazy\" decoding=\"async\" width=\"800\" height=\"806\" src=\"https:\/\/www.jornadesperalexcellencia.cat\/wp-content\/uploads\/2024\/09\/Eva-Tarragona-jornades-excellencia-joventut-pirineu.jpg\" class=\"attachment-post-thumbnail size-post-thumbnail wp-post-image\" alt=\"\" srcset=\"https:\/\/www.jornadesperalexcellencia.cat\/wp-content\/uploads\/2024\/09\/Eva-Tarragona-jornades-excellencia-joventut-pirineu.jpg 800w, https:\/\/www.jornadesperalexcellencia.cat\/wp-content\/uploads\/2024\/09\/Eva-Tarragona-jornades-excellencia-joventut-pirineu-298x300.jpg 298w, https:\/\/www.jornadesperalexcellencia.cat\/wp-content\/uploads\/2024\/09\/Eva-Tarragona-jornades-excellencia-joventut-pirineu-150x150.jpg 150w, https:\/\/www.jornadesperalexcellencia.cat\/wp-content\/uploads\/2024\/09\/Eva-Tarragona-jornades-excellencia-joventut-pirineu-768x774.jpg 768w, https:\/\/www.jornadesperalexcellencia.cat\/wp-content\/uploads\/2024\/09\/Eva-Tarragona-jornades-excellencia-joventut-pirineu-600x605.jpg 600w, https:\/\/www.jornadesperalexcellencia.cat\/wp-content\/uploads\/2024\/09\/Eva-Tarragona-jornades-excellencia-joventut-pirineu-100x100.jpg 100w\" sizes=\"auto, (max-width: 800px) 100vw, 800px\" \/>                <div class=\"qodef-team-info-tb\">\n                    <div class=\"qodef-team-info-tc\">\n                        <div class=\"qodef-team-title-holder\">\n\t                        \t\t                        <h6 class=\"qodef-team-position\">Fundadora y directora de mOntanyanes<\/h6>\n\t                                                    <h3 itemprop=\"name\" class=\"qodef-team-name entry-title\">\n                                <a itemprop=\"url\" href=\"https:\/\/www.jornadesperalexcellencia.cat\/es\/team-member\/eva-tarragona-es\/\">Eva Tarragona<\/a>\n                            <\/h3>\n                        <\/div>\n\t                    <div class=\"qodef-team-description-holder\">\n\t\t                    \t                    <\/div>\n                        <div class=\"qodef-team-social-holder-between\">\n                            <div class=\"qodef-team-social\">\n                                <div class=\"qodef-team-social-inner\">\n                                    <div class=\"qodef-team-social-wrapp\">\n                                                                            <\/div>\n                                <\/div>\n                            <\/div>\n                        <\/div>\n                    <\/div>\n                <\/div>\n            <\/div>\n            <\/div>\n<\/div><div class=\"qodef-team qodef-item-space info-hover\" data-member-id=\"10256\">\n    <div class=\"qodef-team-inner\">\n                    <div class=\"qodef-team-image\">\n                <img loading=\"lazy\" decoding=\"async\" width=\"800\" height=\"806\" src=\"https:\/\/www.jornadesperalexcellencia.cat\/wp-content\/uploads\/2024\/09\/Ferran-Saez-Mateu-jornades-excellencia-joventut-pirineu.jpg\" class=\"attachment-post-thumbnail size-post-thumbnail wp-post-image\" alt=\"\" srcset=\"https:\/\/www.jornadesperalexcellencia.cat\/wp-content\/uploads\/2024\/09\/Ferran-Saez-Mateu-jornades-excellencia-joventut-pirineu.jpg 800w, https:\/\/www.jornadesperalexcellencia.cat\/wp-content\/uploads\/2024\/09\/Ferran-Saez-Mateu-jornades-excellencia-joventut-pirineu-298x300.jpg 298w, https:\/\/www.jornadesperalexcellencia.cat\/wp-content\/uploads\/2024\/09\/Ferran-Saez-Mateu-jornades-excellencia-joventut-pirineu-150x150.jpg 150w, https:\/\/www.jornadesperalexcellencia.cat\/wp-content\/uploads\/2024\/09\/Ferran-Saez-Mateu-jornades-excellencia-joventut-pirineu-768x774.jpg 768w, https:\/\/www.jornadesperalexcellencia.cat\/wp-content\/uploads\/2024\/09\/Ferran-Saez-Mateu-jornades-excellencia-joventut-pirineu-600x605.jpg 600w, https:\/\/www.jornadesperalexcellencia.cat\/wp-content\/uploads\/2024\/09\/Ferran-Saez-Mateu-jornades-excellencia-joventut-pirineu-100x100.jpg 100w\" sizes=\"auto, (max-width: 800px) 100vw, 800px\" \/>                <div class=\"qodef-team-info-tb\">\n                    <div class=\"qodef-team-info-tc\">\n                        <div class=\"qodef-team-title-holder\">\n\t                        \t\t                        <h6 class=\"qodef-team-position\">Profesor de filosof\u00eda en la Universitat Ramon Llull (URL) y escritor<\/h6>\n\t                                                    <h3 itemprop=\"name\" class=\"qodef-team-name entry-title\">\n                                <a itemprop=\"url\" href=\"https:\/\/www.jornadesperalexcellencia.cat\/es\/team-member\/ferran-saez-es\/\">Ferran S\u00e1ez<\/a>\n                            <\/h3>\n                        <\/div>\n\t                    <div class=\"qodef-team-description-holder\">\n\t\t                    \t                    <\/div>\n                        <div class=\"qodef-team-social-holder-between\">\n                            <div class=\"qodef-team-social\">\n                                <div class=\"qodef-team-social-inner\">\n                                    <div class=\"qodef-team-social-wrapp\">\n                                                                            <\/div>\n                                <\/div>\n                            <\/div>\n                        <\/div>\n                    <\/div>\n                <\/div>\n            <\/div>\n            <\/div>\n<\/div><div class=\"qodef-team qodef-item-space info-hover\" data-member-id=\"10331\">\n    <div class=\"qodef-team-inner\">\n                    <div class=\"qodef-team-image\">\n                <img loading=\"lazy\" decoding=\"async\" width=\"800\" height=\"806\" src=\"https:\/\/www.jornadesperalexcellencia.cat\/wp-content\/uploads\/2024\/09\/Idoia-Arauzo-jornades-excellencia-joventut-pirineu.jpg\" class=\"attachment-post-thumbnail size-post-thumbnail wp-post-image\" alt=\"\" srcset=\"https:\/\/www.jornadesperalexcellencia.cat\/wp-content\/uploads\/2024\/09\/Idoia-Arauzo-jornades-excellencia-joventut-pirineu.jpg 800w, https:\/\/www.jornadesperalexcellencia.cat\/wp-content\/uploads\/2024\/09\/Idoia-Arauzo-jornades-excellencia-joventut-pirineu-298x300.jpg 298w, https:\/\/www.jornadesperalexcellencia.cat\/wp-content\/uploads\/2024\/09\/Idoia-Arauzo-jornades-excellencia-joventut-pirineu-150x150.jpg 150w, https:\/\/www.jornadesperalexcellencia.cat\/wp-content\/uploads\/2024\/09\/Idoia-Arauzo-jornades-excellencia-joventut-pirineu-768x774.jpg 768w, https:\/\/www.jornadesperalexcellencia.cat\/wp-content\/uploads\/2024\/09\/Idoia-Arauzo-jornades-excellencia-joventut-pirineu-600x605.jpg 600w, https:\/\/www.jornadesperalexcellencia.cat\/wp-content\/uploads\/2024\/09\/Idoia-Arauzo-jornades-excellencia-joventut-pirineu-100x100.jpg 100w\" sizes=\"auto, (max-width: 800px) 100vw, 800px\" \/>                <div class=\"qodef-team-info-tb\">\n                    <div class=\"qodef-team-info-tc\">\n                        <div class=\"qodef-team-title-holder\">\n\t                        \t\t                        <h6 class=\"qodef-team-position\">Coordinadora Un. Desarroyo y Dinamizaci\u00f3n Comunidad de Trabajo de los Pirineos<\/h6>\n\t                                                    <h3 itemprop=\"name\" class=\"qodef-team-name entry-title\">\n                                <a itemprop=\"url\" href=\"https:\/\/www.jornadesperalexcellencia.cat\/es\/team-member\/idoia-arauzo-2\/\">Idoia Arauzo<\/a>\n                            <\/h3>\n                        <\/div>\n\t                    <div class=\"qodef-team-description-holder\">\n\t\t                    \t                    <\/div>\n                        <div class=\"qodef-team-social-holder-between\">\n                            <div class=\"qodef-team-social\">\n                                <div class=\"qodef-team-social-inner\">\n                                    <div class=\"qodef-team-social-wrapp\">\n                                                                            <\/div>\n                                <\/div>\n                            <\/div>\n                        <\/div>\n                    <\/div>\n                <\/div>\n            <\/div>\n            <\/div>\n<\/div><div class=\"qodef-team qodef-item-space info-hover\" data-member-id=\"10333\">\n    <div class=\"qodef-team-inner\">\n                    <div class=\"qodef-team-image\">\n                <img loading=\"lazy\" decoding=\"async\" width=\"800\" height=\"806\" src=\"https:\/\/www.jornadesperalexcellencia.cat\/wp-content\/uploads\/2024\/09\/Ingrid-Colilles-jornades-excellencia-joventut-pirineu.jpg\" class=\"attachment-post-thumbnail size-post-thumbnail wp-post-image\" alt=\"\" srcset=\"https:\/\/www.jornadesperalexcellencia.cat\/wp-content\/uploads\/2024\/09\/Ingrid-Colilles-jornades-excellencia-joventut-pirineu.jpg 800w, https:\/\/www.jornadesperalexcellencia.cat\/wp-content\/uploads\/2024\/09\/Ingrid-Colilles-jornades-excellencia-joventut-pirineu-298x300.jpg 298w, https:\/\/www.jornadesperalexcellencia.cat\/wp-content\/uploads\/2024\/09\/Ingrid-Colilles-jornades-excellencia-joventut-pirineu-150x150.jpg 150w, https:\/\/www.jornadesperalexcellencia.cat\/wp-content\/uploads\/2024\/09\/Ingrid-Colilles-jornades-excellencia-joventut-pirineu-768x774.jpg 768w, https:\/\/www.jornadesperalexcellencia.cat\/wp-content\/uploads\/2024\/09\/Ingrid-Colilles-jornades-excellencia-joventut-pirineu-600x605.jpg 600w, https:\/\/www.jornadesperalexcellencia.cat\/wp-content\/uploads\/2024\/09\/Ingrid-Colilles-jornades-excellencia-joventut-pirineu-100x100.jpg 100w\" sizes=\"auto, (max-width: 800px) 100vw, 800px\" \/>                <div class=\"qodef-team-info-tb\">\n                    <div class=\"qodef-team-info-tc\">\n                        <div class=\"qodef-team-title-holder\">\n\t                        \t\t                        <h6 class=\"qodef-team-position\">T\u00e9cnica de Joventud del Consell Comarcal de l&#039;Alt Urgell<\/h6>\n\t                                                    <h3 itemprop=\"name\" class=\"qodef-team-name entry-title\">\n                                <a itemprop=\"url\" href=\"https:\/\/www.jornadesperalexcellencia.cat\/es\/team-member\/ingrid-colilles-2\/\">Ingrid Colilles<\/a>\n                            <\/h3>\n                        <\/div>\n\t                    <div class=\"qodef-team-description-holder\">\n\t\t                    \t                    <\/div>\n                        <div class=\"qodef-team-social-holder-between\">\n                            <div class=\"qodef-team-social\">\n                                <div class=\"qodef-team-social-inner\">\n                                    <div class=\"qodef-team-social-wrapp\">\n                                                                            <\/div>\n                                <\/div>\n                            <\/div>\n                        <\/div>\n                    <\/div>\n                <\/div>\n            <\/div>\n            <\/div>\n<\/div><div class=\"qodef-team qodef-item-space info-hover\" data-member-id=\"10287\">\n    <div class=\"qodef-team-inner\">\n                    <div class=\"qodef-team-image\">\n                <img loading=\"lazy\" decoding=\"async\" width=\"800\" height=\"806\" src=\"https:\/\/www.jornadesperalexcellencia.cat\/wp-content\/uploads\/2024\/09\/Isabella-Vargas-jornades-excellencia-joventut-pirineu.jpg\" class=\"attachment-post-thumbnail size-post-thumbnail wp-post-image\" alt=\"\" srcset=\"https:\/\/www.jornadesperalexcellencia.cat\/wp-content\/uploads\/2024\/09\/Isabella-Vargas-jornades-excellencia-joventut-pirineu.jpg 800w, https:\/\/www.jornadesperalexcellencia.cat\/wp-content\/uploads\/2024\/09\/Isabella-Vargas-jornades-excellencia-joventut-pirineu-298x300.jpg 298w, https:\/\/www.jornadesperalexcellencia.cat\/wp-content\/uploads\/2024\/09\/Isabella-Vargas-jornades-excellencia-joventut-pirineu-150x150.jpg 150w, https:\/\/www.jornadesperalexcellencia.cat\/wp-content\/uploads\/2024\/09\/Isabella-Vargas-jornades-excellencia-joventut-pirineu-768x774.jpg 768w, https:\/\/www.jornadesperalexcellencia.cat\/wp-content\/uploads\/2024\/09\/Isabella-Vargas-jornades-excellencia-joventut-pirineu-600x605.jpg 600w, https:\/\/www.jornadesperalexcellencia.cat\/wp-content\/uploads\/2024\/09\/Isabella-Vargas-jornades-excellencia-joventut-pirineu-100x100.jpg 100w\" sizes=\"auto, (max-width: 800px) 100vw, 800px\" \/>                <div class=\"qodef-team-info-tb\">\n                    <div class=\"qodef-team-info-tc\">\n                        <div class=\"qodef-team-title-holder\">\n\t                        \t\t                        <h6 class=\"qodef-team-position\">Vicepresidenta del F\u00f3rum de la Juventud de Andorra<\/h6>\n\t                                                    <h3 itemprop=\"name\" class=\"qodef-team-name entry-title\">\n                                <a itemprop=\"url\" href=\"https:\/\/www.jornadesperalexcellencia.cat\/es\/team-member\/isabella-vargas-es\/\">Isabella Vargas<\/a>\n                            <\/h3>\n                        <\/div>\n\t                    <div class=\"qodef-team-description-holder\">\n\t\t                    \t                    <\/div>\n                        <div class=\"qodef-team-social-holder-between\">\n                            <div class=\"qodef-team-social\">\n                                <div class=\"qodef-team-social-inner\">\n                                    <div class=\"qodef-team-social-wrapp\">\n                                                                            <\/div>\n                                <\/div>\n                            <\/div>\n                        <\/div>\n                    <\/div>\n                <\/div>\n            <\/div>\n            <\/div>\n<\/div><div class=\"qodef-team qodef-item-space info-hover\" data-member-id=\"10365\">\n    <div class=\"qodef-team-inner\">\n                    <div class=\"qodef-team-image\">\n                <img loading=\"lazy\" decoding=\"async\" width=\"800\" height=\"806\" src=\"https:\/\/www.jornadesperalexcellencia.cat\/wp-content\/uploads\/2024\/09\/Ivet-Vigo-jornades-excellencia-joventut-pirineu.jpg\" class=\"attachment-post-thumbnail size-post-thumbnail wp-post-image\" alt=\"\" srcset=\"https:\/\/www.jornadesperalexcellencia.cat\/wp-content\/uploads\/2024\/09\/Ivet-Vigo-jornades-excellencia-joventut-pirineu.jpg 800w, https:\/\/www.jornadesperalexcellencia.cat\/wp-content\/uploads\/2024\/09\/Ivet-Vigo-jornades-excellencia-joventut-pirineu-298x300.jpg 298w, https:\/\/www.jornadesperalexcellencia.cat\/wp-content\/uploads\/2024\/09\/Ivet-Vigo-jornades-excellencia-joventut-pirineu-150x150.jpg 150w, https:\/\/www.jornadesperalexcellencia.cat\/wp-content\/uploads\/2024\/09\/Ivet-Vigo-jornades-excellencia-joventut-pirineu-768x774.jpg 768w, https:\/\/www.jornadesperalexcellencia.cat\/wp-content\/uploads\/2024\/09\/Ivet-Vigo-jornades-excellencia-joventut-pirineu-600x605.jpg 600w, https:\/\/www.jornadesperalexcellencia.cat\/wp-content\/uploads\/2024\/09\/Ivet-Vigo-jornades-excellencia-joventut-pirineu-100x100.jpg 100w\" sizes=\"auto, (max-width: 800px) 100vw, 800px\" \/>                <div class=\"qodef-team-info-tb\">\n                    <div class=\"qodef-team-info-tc\">\n                        <div class=\"qodef-team-title-holder\">\n\t                        \t\t                        <h6 class=\"qodef-team-position\">Coordinadora en el Centro de FP La Salle de La Seu d&#039;Urgell <\/h6>\n\t                                                    <h3 itemprop=\"name\" class=\"qodef-team-name entry-title\">\n                                <a itemprop=\"url\" href=\"https:\/\/www.jornadesperalexcellencia.cat\/es\/team-member\/ivet-vigo-es\/\">Ivet Vigo<\/a>\n                            <\/h3>\n                        <\/div>\n\t                    <div class=\"qodef-team-description-holder\">\n\t\t                    \t                    <\/div>\n                        <div class=\"qodef-team-social-holder-between\">\n                            <div class=\"qodef-team-social\">\n                                <div class=\"qodef-team-social-inner\">\n                                    <div class=\"qodef-team-social-wrapp\">\n                                                                            <\/div>\n                                <\/div>\n                            <\/div>\n                        <\/div>\n                    <\/div>\n                <\/div>\n            <\/div>\n            <\/div>\n<\/div><div class=\"qodef-team qodef-item-space info-hover\" data-member-id=\"5108\">\n    <div class=\"qodef-team-inner\">\n                    <div class=\"qodef-team-image\">\n                <img loading=\"lazy\" decoding=\"async\" width=\"800\" height=\"806\" src=\"https:\/\/www.jornadesperalexcellencia.cat\/wp-content\/uploads\/2021\/01\/Jesus-Montoliu-jornades-excellencia-futur-pirineu.jpg\" class=\"attachment-post-thumbnail size-post-thumbnail wp-post-image\" alt=\"\" srcset=\"https:\/\/www.jornadesperalexcellencia.cat\/wp-content\/uploads\/2021\/01\/Jesus-Montoliu-jornades-excellencia-futur-pirineu.jpg 800w, https:\/\/www.jornadesperalexcellencia.cat\/wp-content\/uploads\/2021\/01\/Jesus-Montoliu-jornades-excellencia-futur-pirineu-298x300.jpg 298w, https:\/\/www.jornadesperalexcellencia.cat\/wp-content\/uploads\/2021\/01\/Jesus-Montoliu-jornades-excellencia-futur-pirineu-150x150.jpg 150w, https:\/\/www.jornadesperalexcellencia.cat\/wp-content\/uploads\/2021\/01\/Jesus-Montoliu-jornades-excellencia-futur-pirineu-768x774.jpg 768w, https:\/\/www.jornadesperalexcellencia.cat\/wp-content\/uploads\/2021\/01\/Jesus-Montoliu-jornades-excellencia-futur-pirineu-600x605.jpg 600w, https:\/\/www.jornadesperalexcellencia.cat\/wp-content\/uploads\/2021\/01\/Jesus-Montoliu-jornades-excellencia-futur-pirineu-100x100.jpg 100w\" sizes=\"auto, (max-width: 800px) 100vw, 800px\" \/>                <div class=\"qodef-team-info-tb\">\n                    <div class=\"qodef-team-info-tc\">\n                        <div class=\"qodef-team-title-holder\">\n\t                        \t\t                        <h6 class=\"qodef-team-position\">Presidente de las Jornades per a l&#039;excel\u00b7l\u00e8ncia a l&#039;alta muntanya<\/h6>\n\t                                                    <h3 itemprop=\"name\" class=\"qodef-team-name entry-title\">\n                                <a itemprop=\"url\" href=\"https:\/\/www.jornadesperalexcellencia.cat\/es\/team-member\/jesus-montoliu-esp\/\">Jes\u00fas Montoliu<\/a>\n                            <\/h3>\n                        <\/div>\n\t                    <div class=\"qodef-team-description-holder\">\n\t\t                    \t                    <\/div>\n                        <div class=\"qodef-team-social-holder-between\">\n                            <div class=\"qodef-team-social\">\n                                <div class=\"qodef-team-social-inner\">\n                                    <div class=\"qodef-team-social-wrapp\">\n                                                                            <\/div>\n                                <\/div>\n                            <\/div>\n                        <\/div>\n                    <\/div>\n                <\/div>\n            <\/div>\n            <\/div>\n<\/div><div class=\"qodef-team qodef-item-space info-hover\" data-member-id=\"7121\">\n    <div class=\"qodef-team-inner\">\n                    <div class=\"qodef-team-image\">\n                <img loading=\"lazy\" decoding=\"async\" width=\"800\" height=\"806\" src=\"https:\/\/www.jornadesperalexcellencia.cat\/wp-content\/uploads\/2021\/07\/2021-jornades-excellencia-ponents-joan-talarn.jpg\" class=\"attachment-post-thumbnail size-post-thumbnail wp-post-image\" alt=\"Jornades per a l&#039;excel\u00b7l\u00e8ncia 2021 participant Joan Talarn\" srcset=\"https:\/\/www.jornadesperalexcellencia.cat\/wp-content\/uploads\/2021\/07\/2021-jornades-excellencia-ponents-joan-talarn.jpg 800w, https:\/\/www.jornadesperalexcellencia.cat\/wp-content\/uploads\/2021\/07\/2021-jornades-excellencia-ponents-joan-talarn-298x300.jpg 298w, https:\/\/www.jornadesperalexcellencia.cat\/wp-content\/uploads\/2021\/07\/2021-jornades-excellencia-ponents-joan-talarn-150x150.jpg 150w, https:\/\/www.jornadesperalexcellencia.cat\/wp-content\/uploads\/2021\/07\/2021-jornades-excellencia-ponents-joan-talarn-768x774.jpg 768w, https:\/\/www.jornadesperalexcellencia.cat\/wp-content\/uploads\/2021\/07\/2021-jornades-excellencia-ponents-joan-talarn-600x605.jpg 600w, https:\/\/www.jornadesperalexcellencia.cat\/wp-content\/uploads\/2021\/07\/2021-jornades-excellencia-ponents-joan-talarn-100x100.jpg 100w\" sizes=\"auto, (max-width: 800px) 100vw, 800px\" \/>                <div class=\"qodef-team-info-tb\">\n                    <div class=\"qodef-team-info-tc\">\n                        <div class=\"qodef-team-title-holder\">\n\t                        \t\t                        <h6 class=\"qodef-team-position\">Presidente de la Diputaci\u00f3n de Lleida<\/h6>\n\t                                                    <h3 itemprop=\"name\" class=\"qodef-team-name entry-title\">\n                                <a itemprop=\"url\" href=\"https:\/\/www.jornadesperalexcellencia.cat\/es\/team-member\/joan-talarn-2\/\">Joan Talarn<\/a>\n                            <\/h3>\n                        <\/div>\n\t                    <div class=\"qodef-team-description-holder\">\n\t\t                    \t                    <\/div>\n                        <div class=\"qodef-team-social-holder-between\">\n                            <div class=\"qodef-team-social\">\n                                <div class=\"qodef-team-social-inner\">\n                                    <div class=\"qodef-team-social-wrapp\">\n                                                                            <\/div>\n                                <\/div>\n                            <\/div>\n                        <\/div>\n                    <\/div>\n                <\/div>\n            <\/div>\n            <\/div>\n<\/div><div class=\"qodef-team qodef-item-space info-hover\" data-member-id=\"9274\">\n    <div class=\"qodef-team-inner\">\n                    <div class=\"qodef-team-image\">\n                <img loading=\"lazy\" decoding=\"async\" width=\"800\" height=\"806\" src=\"https:\/\/www.jornadesperalexcellencia.cat\/wp-content\/uploads\/2023\/08\/Joan-Tort-jornades-excellencia-futur-pirineu.jpg\" class=\"attachment-post-thumbnail size-post-thumbnail wp-post-image\" alt=\"\" srcset=\"https:\/\/www.jornadesperalexcellencia.cat\/wp-content\/uploads\/2023\/08\/Joan-Tort-jornades-excellencia-futur-pirineu.jpg 800w, https:\/\/www.jornadesperalexcellencia.cat\/wp-content\/uploads\/2023\/08\/Joan-Tort-jornades-excellencia-futur-pirineu-298x300.jpg 298w, https:\/\/www.jornadesperalexcellencia.cat\/wp-content\/uploads\/2023\/08\/Joan-Tort-jornades-excellencia-futur-pirineu-150x150.jpg 150w, https:\/\/www.jornadesperalexcellencia.cat\/wp-content\/uploads\/2023\/08\/Joan-Tort-jornades-excellencia-futur-pirineu-768x774.jpg 768w, https:\/\/www.jornadesperalexcellencia.cat\/wp-content\/uploads\/2023\/08\/Joan-Tort-jornades-excellencia-futur-pirineu-600x605.jpg 600w, https:\/\/www.jornadesperalexcellencia.cat\/wp-content\/uploads\/2023\/08\/Joan-Tort-jornades-excellencia-futur-pirineu-100x100.jpg 100w\" sizes=\"auto, (max-width: 800px) 100vw, 800px\" \/>                <div class=\"qodef-team-info-tb\">\n                    <div class=\"qodef-team-info-tc\">\n                        <div class=\"qodef-team-title-holder\">\n\t                        \t\t                        <h6 class=\"qodef-team-position\">Periodista y consultor de comunicaci\u00f3n <\/h6>\n\t                                                    <h3 itemprop=\"name\" class=\"qodef-team-name entry-title\">\n                                <a itemprop=\"url\" href=\"https:\/\/www.jornadesperalexcellencia.cat\/es\/team-member\/joan-tort-esp\/\">Joan Tort<\/a>\n                            <\/h3>\n                        <\/div>\n\t                    <div class=\"qodef-team-description-holder\">\n\t\t                    \t                    <\/div>\n                        <div class=\"qodef-team-social-holder-between\">\n                            <div class=\"qodef-team-social\">\n                                <div class=\"qodef-team-social-inner\">\n                                    <div class=\"qodef-team-social-wrapp\">\n                                                                            <\/div>\n                                <\/div>\n                            <\/div>\n                        <\/div>\n                    <\/div>\n                <\/div>\n            <\/div>\n            <\/div>\n<\/div><div class=\"qodef-team qodef-item-space info-hover\" data-member-id=\"10486\">\n    <div class=\"qodef-team-inner\">\n                    <div class=\"qodef-team-image\">\n                <img loading=\"lazy\" decoding=\"async\" width=\"800\" height=\"806\" src=\"https:\/\/www.jornadesperalexcellencia.cat\/wp-content\/uploads\/2024\/10\/Jordi-Mas-jornades-excellencia-joventut-pirineu.jpg\" class=\"attachment-post-thumbnail size-post-thumbnail wp-post-image\" alt=\"\" srcset=\"https:\/\/www.jornadesperalexcellencia.cat\/wp-content\/uploads\/2024\/10\/Jordi-Mas-jornades-excellencia-joventut-pirineu.jpg 800w, https:\/\/www.jornadesperalexcellencia.cat\/wp-content\/uploads\/2024\/10\/Jordi-Mas-jornades-excellencia-joventut-pirineu-298x300.jpg 298w, https:\/\/www.jornadesperalexcellencia.cat\/wp-content\/uploads\/2024\/10\/Jordi-Mas-jornades-excellencia-joventut-pirineu-150x150.jpg 150w, https:\/\/www.jornadesperalexcellencia.cat\/wp-content\/uploads\/2024\/10\/Jordi-Mas-jornades-excellencia-joventut-pirineu-768x774.jpg 768w, https:\/\/www.jornadesperalexcellencia.cat\/wp-content\/uploads\/2024\/10\/Jordi-Mas-jornades-excellencia-joventut-pirineu-600x605.jpg 600w, https:\/\/www.jornadesperalexcellencia.cat\/wp-content\/uploads\/2024\/10\/Jordi-Mas-jornades-excellencia-joventut-pirineu-100x100.jpg 100w\" sizes=\"auto, (max-width: 800px) 100vw, 800px\" \/>                <div class=\"qodef-team-info-tb\">\n                    <div class=\"qodef-team-info-tc\">\n                        <div class=\"qodef-team-title-holder\">\n\t                        \t\t                        <h6 class=\"qodef-team-position\">Director general de Vivienda de la Generalitat de Catalunya<\/h6>\n\t                                                    <h3 itemprop=\"name\" class=\"qodef-team-name entry-title\">\n                                <a itemprop=\"url\" href=\"https:\/\/www.jornadesperalexcellencia.cat\/es\/team-member\/jordi-mas-es\/\">Jordi Mas<\/a>\n                            <\/h3>\n                        <\/div>\n\t                    <div class=\"qodef-team-description-holder\">\n\t\t                    \t                    <\/div>\n                        <div class=\"qodef-team-social-holder-between\">\n                            <div class=\"qodef-team-social\">\n                                <div class=\"qodef-team-social-inner\">\n                                    <div class=\"qodef-team-social-wrapp\">\n                                                                            <\/div>\n                                <\/div>\n                            <\/div>\n                        <\/div>\n                    <\/div>\n                <\/div>\n            <\/div>\n            <\/div>\n<\/div><div class=\"qodef-team qodef-item-space info-hover\" data-member-id=\"10367\">\n    <div class=\"qodef-team-inner\">\n                    <div class=\"qodef-team-image\">\n                <img loading=\"lazy\" decoding=\"async\" width=\"800\" height=\"806\" src=\"https:\/\/www.jornadesperalexcellencia.cat\/wp-content\/uploads\/2024\/09\/Josep-Anon-jornades-excellencia-joventut-pirineu.jpg\" class=\"attachment-post-thumbnail size-post-thumbnail wp-post-image\" alt=\"\" srcset=\"https:\/\/www.jornadesperalexcellencia.cat\/wp-content\/uploads\/2024\/09\/Josep-Anon-jornades-excellencia-joventut-pirineu.jpg 800w, https:\/\/www.jornadesperalexcellencia.cat\/wp-content\/uploads\/2024\/09\/Josep-Anon-jornades-excellencia-joventut-pirineu-298x300.jpg 298w, https:\/\/www.jornadesperalexcellencia.cat\/wp-content\/uploads\/2024\/09\/Josep-Anon-jornades-excellencia-joventut-pirineu-150x150.jpg 150w, https:\/\/www.jornadesperalexcellencia.cat\/wp-content\/uploads\/2024\/09\/Josep-Anon-jornades-excellencia-joventut-pirineu-768x774.jpg 768w, https:\/\/www.jornadesperalexcellencia.cat\/wp-content\/uploads\/2024\/09\/Josep-Anon-jornades-excellencia-joventut-pirineu-600x605.jpg 600w, https:\/\/www.jornadesperalexcellencia.cat\/wp-content\/uploads\/2024\/09\/Josep-Anon-jornades-excellencia-joventut-pirineu-100x100.jpg 100w\" sizes=\"auto, (max-width: 800px) 100vw, 800px\" \/>                <div class=\"qodef-team-info-tb\">\n                    <div class=\"qodef-team-info-tc\">\n                        <div class=\"qodef-team-title-holder\">\n\t                        \t\t                        <h6 class=\"qodef-team-position\">Consultor y socio de Roc Roi <\/h6>\n\t                                                    <h3 itemprop=\"name\" class=\"qodef-team-name entry-title\">\n                                <a itemprop=\"url\" href=\"https:\/\/www.jornadesperalexcellencia.cat\/es\/team-member\/josep-m-anon-es\/\">Josep M. A\u00f1\u00f3n<\/a>\n                            <\/h3>\n                        <\/div>\n\t                    <div class=\"qodef-team-description-holder\">\n\t\t                    \t                    <\/div>\n                        <div class=\"qodef-team-social-holder-between\">\n                            <div class=\"qodef-team-social\">\n                                <div class=\"qodef-team-social-inner\">\n                                    <div class=\"qodef-team-social-wrapp\">\n                                                                            <\/div>\n                                <\/div>\n                            <\/div>\n                        <\/div>\n                    <\/div>\n                <\/div>\n            <\/div>\n            <\/div>\n<\/div><div class=\"qodef-team qodef-item-space info-hover\" data-member-id=\"5405\">\n    <div class=\"qodef-team-inner\">\n                    <div class=\"qodef-team-image\">\n                <img loading=\"lazy\" decoding=\"async\" width=\"800\" height=\"806\" src=\"https:\/\/www.jornadesperalexcellencia.cat\/wp-content\/uploads\/2021\/01\/jornades_excellencia-josep-puigbo_2016.jpg\" class=\"attachment-post-thumbnail size-post-thumbnail wp-post-image\" alt=\"\" srcset=\"https:\/\/www.jornadesperalexcellencia.cat\/wp-content\/uploads\/2021\/01\/jornades_excellencia-josep-puigbo_2016.jpg 800w, https:\/\/www.jornadesperalexcellencia.cat\/wp-content\/uploads\/2021\/01\/jornades_excellencia-josep-puigbo_2016-100x100.jpg 100w, https:\/\/www.jornadesperalexcellencia.cat\/wp-content\/uploads\/2021\/01\/jornades_excellencia-josep-puigbo_2016-600x605.jpg 600w, https:\/\/www.jornadesperalexcellencia.cat\/wp-content\/uploads\/2021\/01\/jornades_excellencia-josep-puigbo_2016-298x300.jpg 298w, https:\/\/www.jornadesperalexcellencia.cat\/wp-content\/uploads\/2021\/01\/jornades_excellencia-josep-puigbo_2016-150x150.jpg 150w, https:\/\/www.jornadesperalexcellencia.cat\/wp-content\/uploads\/2021\/01\/jornades_excellencia-josep-puigbo_2016-768x774.jpg 768w\" sizes=\"auto, (max-width: 800px) 100vw, 800px\" \/>                <div class=\"qodef-team-info-tb\">\n                    <div class=\"qodef-team-info-tc\">\n                        <div class=\"qodef-team-title-holder\">\n\t                        \t\t                        <h6 class=\"qodef-team-position\"> Periodista y asesor de comunicaci\u00f3n<\/h6>\n\t                                                    <h3 itemprop=\"name\" class=\"qodef-team-name entry-title\">\n                                <a itemprop=\"url\" href=\"https:\/\/www.jornadesperalexcellencia.cat\/es\/team-member\/josep-puigbo-esp\/\">Josep Puigb\u00f3<\/a>\n                            <\/h3>\n                        <\/div>\n\t                    <div class=\"qodef-team-description-holder\">\n\t\t                    \t                    <\/div>\n                        <div class=\"qodef-team-social-holder-between\">\n                            <div class=\"qodef-team-social\">\n                                <div class=\"qodef-team-social-inner\">\n                                    <div class=\"qodef-team-social-wrapp\">\n                                                                            <\/div>\n                                <\/div>\n                            <\/div>\n                        <\/div>\n                    <\/div>\n                <\/div>\n            <\/div>\n            <\/div>\n<\/div><div class=\"qodef-team qodef-item-space info-hover\" data-member-id=\"10484\">\n    <div class=\"qodef-team-inner\">\n                    <div class=\"qodef-team-image\">\n                <img loading=\"lazy\" decoding=\"async\" width=\"800\" height=\"806\" src=\"https:\/\/www.jornadesperalexcellencia.cat\/wp-content\/uploads\/2024\/10\/Laura-Tristan-jornades-excellencia-joventut-pirineu.jpg\" class=\"attachment-post-thumbnail size-post-thumbnail wp-post-image\" alt=\"\" srcset=\"https:\/\/www.jornadesperalexcellencia.cat\/wp-content\/uploads\/2024\/10\/Laura-Tristan-jornades-excellencia-joventut-pirineu.jpg 800w, https:\/\/www.jornadesperalexcellencia.cat\/wp-content\/uploads\/2024\/10\/Laura-Tristan-jornades-excellencia-joventut-pirineu-298x300.jpg 298w, https:\/\/www.jornadesperalexcellencia.cat\/wp-content\/uploads\/2024\/10\/Laura-Tristan-jornades-excellencia-joventut-pirineu-150x150.jpg 150w, https:\/\/www.jornadesperalexcellencia.cat\/wp-content\/uploads\/2024\/10\/Laura-Tristan-jornades-excellencia-joventut-pirineu-768x774.jpg 768w, https:\/\/www.jornadesperalexcellencia.cat\/wp-content\/uploads\/2024\/10\/Laura-Tristan-jornades-excellencia-joventut-pirineu-600x605.jpg 600w, https:\/\/www.jornadesperalexcellencia.cat\/wp-content\/uploads\/2024\/10\/Laura-Tristan-jornades-excellencia-joventut-pirineu-100x100.jpg 100w\" sizes=\"auto, (max-width: 800px) 100vw, 800px\" \/>                <div class=\"qodef-team-info-tb\">\n                    <div class=\"qodef-team-info-tc\">\n                        <div class=\"qodef-team-title-holder\">\n\t                        \t\t                        <h6 class=\"qodef-team-position\">Alcadesa del Alt \u00c0neu y consejera de Joventud del Consejo Comarcal del Pallars Sobir\u00e0<\/h6>\n\t                                                    <h3 itemprop=\"name\" class=\"qodef-team-name entry-title\">\n                                <a itemprop=\"url\" href=\"https:\/\/www.jornadesperalexcellencia.cat\/es\/team-member\/laura-tristan-es\/\">Laura Tristan<\/a>\n                            <\/h3>\n                        <\/div>\n\t                    <div class=\"qodef-team-description-holder\">\n\t\t                    \t                    <\/div>\n                        <div class=\"qodef-team-social-holder-between\">\n                            <div class=\"qodef-team-social\">\n                                <div class=\"qodef-team-social-inner\">\n                                    <div class=\"qodef-team-social-wrapp\">\n                                                                            <\/div>\n                                <\/div>\n                            <\/div>\n                        <\/div>\n                    <\/div>\n                <\/div>\n            <\/div>\n            <\/div>\n<\/div><div class=\"qodef-team qodef-item-space info-hover\" data-member-id=\"10335\">\n    <div class=\"qodef-team-inner\">\n                    <div class=\"qodef-team-image\">\n                <img loading=\"lazy\" decoding=\"async\" width=\"800\" height=\"806\" src=\"https:\/\/www.jornadesperalexcellencia.cat\/wp-content\/uploads\/2024\/09\/Lena-de-Pons-jornades-excellencia-joventut-pirineu.jpg\" class=\"attachment-post-thumbnail size-post-thumbnail wp-post-image\" alt=\"\" srcset=\"https:\/\/www.jornadesperalexcellencia.cat\/wp-content\/uploads\/2024\/09\/Lena-de-Pons-jornades-excellencia-joventut-pirineu.jpg 800w, https:\/\/www.jornadesperalexcellencia.cat\/wp-content\/uploads\/2024\/09\/Lena-de-Pons-jornades-excellencia-joventut-pirineu-298x300.jpg 298w, https:\/\/www.jornadesperalexcellencia.cat\/wp-content\/uploads\/2024\/09\/Lena-de-Pons-jornades-excellencia-joventut-pirineu-150x150.jpg 150w, https:\/\/www.jornadesperalexcellencia.cat\/wp-content\/uploads\/2024\/09\/Lena-de-Pons-jornades-excellencia-joventut-pirineu-768x774.jpg 768w, https:\/\/www.jornadesperalexcellencia.cat\/wp-content\/uploads\/2024\/09\/Lena-de-Pons-jornades-excellencia-joventut-pirineu-600x605.jpg 600w, https:\/\/www.jornadesperalexcellencia.cat\/wp-content\/uploads\/2024\/09\/Lena-de-Pons-jornades-excellencia-joventut-pirineu-100x100.jpg 100w\" sizes=\"auto, (max-width: 800px) 100vw, 800px\" \/>                <div class=\"qodef-team-info-tb\">\n                    <div class=\"qodef-team-info-tc\">\n                        <div class=\"qodef-team-title-holder\">\n\t                        \t\t                        <h6 class=\"qodef-team-position\">Farmac\u00e9utica titular de la farmacia de Martinet y divulgadora en redes<\/h6>\n\t                                                    <h3 itemprop=\"name\" class=\"qodef-team-name entry-title\">\n                                <a itemprop=\"url\" href=\"https:\/\/www.jornadesperalexcellencia.cat\/es\/team-member\/lena-de-pons-es\/\">Lena de Pons<\/a>\n                            <\/h3>\n                        <\/div>\n\t                    <div class=\"qodef-team-description-holder\">\n\t\t                    \t                    <\/div>\n                        <div class=\"qodef-team-social-holder-between\">\n                            <div class=\"qodef-team-social\">\n                                <div class=\"qodef-team-social-inner\">\n                                    <div class=\"qodef-team-social-wrapp\">\n                                                                            <\/div>\n                                <\/div>\n                            <\/div>\n                        <\/div>\n                    <\/div>\n                <\/div>\n            <\/div>\n            <\/div>\n<\/div><div class=\"qodef-team qodef-item-space info-hover\" data-member-id=\"10482\">\n    <div class=\"qodef-team-inner\">\n                    <div class=\"qodef-team-image\">\n                <img loading=\"lazy\" decoding=\"async\" width=\"800\" height=\"806\" src=\"https:\/\/www.jornadesperalexcellencia.cat\/wp-content\/uploads\/2024\/10\/Lisa-Cruz-jornades-excellencia-joventut-pirineu.jpg\" class=\"attachment-post-thumbnail size-post-thumbnail wp-post-image\" alt=\"\" srcset=\"https:\/\/www.jornadesperalexcellencia.cat\/wp-content\/uploads\/2024\/10\/Lisa-Cruz-jornades-excellencia-joventut-pirineu.jpg 800w, https:\/\/www.jornadesperalexcellencia.cat\/wp-content\/uploads\/2024\/10\/Lisa-Cruz-jornades-excellencia-joventut-pirineu-298x300.jpg 298w, https:\/\/www.jornadesperalexcellencia.cat\/wp-content\/uploads\/2024\/10\/Lisa-Cruz-jornades-excellencia-joventut-pirineu-150x150.jpg 150w, https:\/\/www.jornadesperalexcellencia.cat\/wp-content\/uploads\/2024\/10\/Lisa-Cruz-jornades-excellencia-joventut-pirineu-768x774.jpg 768w, https:\/\/www.jornadesperalexcellencia.cat\/wp-content\/uploads\/2024\/10\/Lisa-Cruz-jornades-excellencia-joventut-pirineu-600x605.jpg 600w, https:\/\/www.jornadesperalexcellencia.cat\/wp-content\/uploads\/2024\/10\/Lisa-Cruz-jornades-excellencia-joventut-pirineu-100x100.jpg 100w\" sizes=\"auto, (max-width: 800px) 100vw, 800px\" \/>                <div class=\"qodef-team-info-tb\">\n                    <div class=\"qodef-team-info-tc\">\n                        <div class=\"qodef-team-title-holder\">\n\t                        \t\t                        <h6 class=\"qodef-team-position\">Presidenta del F\u00f2rum de la Joventut d&#039;Andorra<\/h6>\n\t                                                    <h3 itemprop=\"name\" class=\"qodef-team-name entry-title\">\n                                <a itemprop=\"url\" href=\"https:\/\/www.jornadesperalexcellencia.cat\/es\/team-member\/lisa-cruz-es\/\">Lisa Cruz<\/a>\n                            <\/h3>\n                        <\/div>\n\t                    <div class=\"qodef-team-description-holder\">\n\t\t                    \t                    <\/div>\n                        <div class=\"qodef-team-social-holder-between\">\n                            <div class=\"qodef-team-social\">\n                                <div class=\"qodef-team-social-inner\">\n                                    <div class=\"qodef-team-social-wrapp\">\n                                                                            <\/div>\n                                <\/div>\n                            <\/div>\n                        <\/div>\n                    <\/div>\n                <\/div>\n            <\/div>\n            <\/div>\n<\/div><div class=\"qodef-team qodef-item-space info-hover\" data-member-id=\"10337\">\n    <div class=\"qodef-team-inner\">\n                    <div class=\"qodef-team-image\">\n                <img loading=\"lazy\" decoding=\"async\" width=\"800\" height=\"806\" src=\"https:\/\/www.jornadesperalexcellencia.cat\/wp-content\/uploads\/2024\/09\/Marc-Baro-jornades-excellencia-joventut-pirineu.jpg\" class=\"attachment-post-thumbnail size-post-thumbnail wp-post-image\" alt=\"\" srcset=\"https:\/\/www.jornadesperalexcellencia.cat\/wp-content\/uploads\/2024\/09\/Marc-Baro-jornades-excellencia-joventut-pirineu.jpg 800w, https:\/\/www.jornadesperalexcellencia.cat\/wp-content\/uploads\/2024\/09\/Marc-Baro-jornades-excellencia-joventut-pirineu-298x300.jpg 298w, https:\/\/www.jornadesperalexcellencia.cat\/wp-content\/uploads\/2024\/09\/Marc-Baro-jornades-excellencia-joventut-pirineu-150x150.jpg 150w, https:\/\/www.jornadesperalexcellencia.cat\/wp-content\/uploads\/2024\/09\/Marc-Baro-jornades-excellencia-joventut-pirineu-768x774.jpg 768w, https:\/\/www.jornadesperalexcellencia.cat\/wp-content\/uploads\/2024\/09\/Marc-Baro-jornades-excellencia-joventut-pirineu-600x605.jpg 600w, https:\/\/www.jornadesperalexcellencia.cat\/wp-content\/uploads\/2024\/09\/Marc-Baro-jornades-excellencia-joventut-pirineu-100x100.jpg 100w\" sizes=\"auto, (max-width: 800px) 100vw, 800px\" \/>                <div class=\"qodef-team-info-tb\">\n                    <div class=\"qodef-team-info-tc\">\n                        <div class=\"qodef-team-title-holder\">\n\t                        \t\t                        <h6 class=\"qodef-team-position\">Alcalde de la Pobla de Segur <\/h6>\n\t                                                    <h3 itemprop=\"name\" class=\"qodef-team-name entry-title\">\n                                <a itemprop=\"url\" href=\"https:\/\/www.jornadesperalexcellencia.cat\/es\/team-member\/marc-baro-es\/\">Marc Bar\u00f3<\/a>\n                            <\/h3>\n                        <\/div>\n\t                    <div class=\"qodef-team-description-holder\">\n\t\t                    \t                    <\/div>\n                        <div class=\"qodef-team-social-holder-between\">\n                            <div class=\"qodef-team-social\">\n                                <div class=\"qodef-team-social-inner\">\n                                    <div class=\"qodef-team-social-wrapp\">\n                                                                            <\/div>\n                                <\/div>\n                            <\/div>\n                        <\/div>\n                    <\/div>\n                <\/div>\n            <\/div>\n            <\/div>\n<\/div><div class=\"qodef-team qodef-item-space info-hover\" data-member-id=\"9348\">\n    <div class=\"qodef-team-inner\">\n                    <div class=\"qodef-team-image\">\n                <img loading=\"lazy\" decoding=\"async\" width=\"800\" height=\"806\" src=\"https:\/\/www.jornadesperalexcellencia.cat\/wp-content\/uploads\/2023\/09\/Marc-Cases-jornades-excellencia-futur-pirineu.jpg\" class=\"attachment-post-thumbnail size-post-thumbnail wp-post-image\" alt=\"\" srcset=\"https:\/\/www.jornadesperalexcellencia.cat\/wp-content\/uploads\/2023\/09\/Marc-Cases-jornades-excellencia-futur-pirineu.jpg 800w, https:\/\/www.jornadesperalexcellencia.cat\/wp-content\/uploads\/2023\/09\/Marc-Cases-jornades-excellencia-futur-pirineu-298x300.jpg 298w, https:\/\/www.jornadesperalexcellencia.cat\/wp-content\/uploads\/2023\/09\/Marc-Cases-jornades-excellencia-futur-pirineu-150x150.jpg 150w, https:\/\/www.jornadesperalexcellencia.cat\/wp-content\/uploads\/2023\/09\/Marc-Cases-jornades-excellencia-futur-pirineu-768x774.jpg 768w, https:\/\/www.jornadesperalexcellencia.cat\/wp-content\/uploads\/2023\/09\/Marc-Cases-jornades-excellencia-futur-pirineu-600x605.jpg 600w, https:\/\/www.jornadesperalexcellencia.cat\/wp-content\/uploads\/2023\/09\/Marc-Cases-jornades-excellencia-futur-pirineu-100x100.jpg 100w\" sizes=\"auto, (max-width: 800px) 100vw, 800px\" \/>                <div class=\"qodef-team-info-tb\">\n                    <div class=\"qodef-team-info-tc\">\n                        <div class=\"qodef-team-title-holder\">\n\t                        \t\t                        <h6 class=\"qodef-team-position\">Graduado en F\u00edsica Te\u00f3rica (UB)<\/h6>\n\t                                                    <h3 itemprop=\"name\" class=\"qodef-team-name entry-title\">\n                                <a itemprop=\"url\" href=\"https:\/\/www.jornadesperalexcellencia.cat\/es\/team-member\/marc-cases-esp\/\">Marc Cases<\/a>\n                            <\/h3>\n                        <\/div>\n\t                    <div class=\"qodef-team-description-holder\">\n\t\t                    \t                    <\/div>\n                        <div class=\"qodef-team-social-holder-between\">\n                            <div class=\"qodef-team-social\">\n                                <div class=\"qodef-team-social-inner\">\n                                    <div class=\"qodef-team-social-wrapp\">\n                                                                            <\/div>\n                                <\/div>\n                            <\/div>\n                        <\/div>\n                    <\/div>\n                <\/div>\n            <\/div>\n            <\/div>\n<\/div><div class=\"qodef-team qodef-item-space info-hover\" data-member-id=\"10294\">\n    <div class=\"qodef-team-inner\">\n                    <div class=\"qodef-team-image\">\n                <img loading=\"lazy\" decoding=\"async\" width=\"800\" height=\"806\" src=\"https:\/\/www.jornadesperalexcellencia.cat\/wp-content\/uploads\/2024\/09\/Fvuck-i-lloc-jornades-excellencia-joventut-pirineu.jpg\" class=\"attachment-post-thumbnail size-post-thumbnail wp-post-image\" alt=\"\" srcset=\"https:\/\/www.jornadesperalexcellencia.cat\/wp-content\/uploads\/2024\/09\/Fvuck-i-lloc-jornades-excellencia-joventut-pirineu.jpg 800w, https:\/\/www.jornadesperalexcellencia.cat\/wp-content\/uploads\/2024\/09\/Fvuck-i-lloc-jornades-excellencia-joventut-pirineu-298x300.jpg 298w, https:\/\/www.jornadesperalexcellencia.cat\/wp-content\/uploads\/2024\/09\/Fvuck-i-lloc-jornades-excellencia-joventut-pirineu-150x150.jpg 150w, https:\/\/www.jornadesperalexcellencia.cat\/wp-content\/uploads\/2024\/09\/Fvuck-i-lloc-jornades-excellencia-joventut-pirineu-768x774.jpg 768w, https:\/\/www.jornadesperalexcellencia.cat\/wp-content\/uploads\/2024\/09\/Fvuck-i-lloc-jornades-excellencia-joventut-pirineu-600x605.jpg 600w, https:\/\/www.jornadesperalexcellencia.cat\/wp-content\/uploads\/2024\/09\/Fvuck-i-lloc-jornades-excellencia-joventut-pirineu-100x100.jpg 100w\" sizes=\"auto, (max-width: 800px) 100vw, 800px\" \/>                <div class=\"qodef-team-info-tb\">\n                    <div class=\"qodef-team-info-tc\">\n                        <div class=\"qodef-team-title-holder\">\n\t                        \t\t                        <h6 class=\"qodef-team-position\">Flvck i Lloc, El Podcast<\/h6>\n\t                                                    <h3 itemprop=\"name\" class=\"qodef-team-name entry-title\">\n                                <a itemprop=\"url\" href=\"https:\/\/www.jornadesperalexcellencia.cat\/es\/team-member\/marc-iserte-y-carles-areny\/\">Marc Iserte y Carles Areny<\/a>\n                            <\/h3>\n                        <\/div>\n\t                    <div class=\"qodef-team-description-holder\">\n\t\t                    \t                    <\/div>\n                        <div class=\"qodef-team-social-holder-between\">\n                            <div class=\"qodef-team-social\">\n                                <div class=\"qodef-team-social-inner\">\n                                    <div class=\"qodef-team-social-wrapp\">\n                                                                            <\/div>\n                                <\/div>\n                            <\/div>\n                        <\/div>\n                    <\/div>\n                <\/div>\n            <\/div>\n            <\/div>\n<\/div><div class=\"qodef-team qodef-item-space info-hover\" data-member-id=\"10292\">\n    <div class=\"qodef-team-inner\">\n                    <div class=\"qodef-team-image\">\n                <img loading=\"lazy\" decoding=\"async\" width=\"800\" height=\"806\" src=\"https:\/\/www.jornadesperalexcellencia.cat\/wp-content\/uploads\/2024\/09\/Safreig-jornades-excellencia-joventut-pirineu.jpg\" class=\"attachment-post-thumbnail size-post-thumbnail wp-post-image\" alt=\"\" srcset=\"https:\/\/www.jornadesperalexcellencia.cat\/wp-content\/uploads\/2024\/09\/Safreig-jornades-excellencia-joventut-pirineu.jpg 800w, https:\/\/www.jornadesperalexcellencia.cat\/wp-content\/uploads\/2024\/09\/Safreig-jornades-excellencia-joventut-pirineu-298x300.jpg 298w, https:\/\/www.jornadesperalexcellencia.cat\/wp-content\/uploads\/2024\/09\/Safreig-jornades-excellencia-joventut-pirineu-150x150.jpg 150w, https:\/\/www.jornadesperalexcellencia.cat\/wp-content\/uploads\/2024\/09\/Safreig-jornades-excellencia-joventut-pirineu-768x774.jpg 768w, https:\/\/www.jornadesperalexcellencia.cat\/wp-content\/uploads\/2024\/09\/Safreig-jornades-excellencia-joventut-pirineu-600x605.jpg 600w, https:\/\/www.jornadesperalexcellencia.cat\/wp-content\/uploads\/2024\/09\/Safreig-jornades-excellencia-joventut-pirineu-100x100.jpg 100w\" sizes=\"auto, (max-width: 800px) 100vw, 800px\" \/>                <div class=\"qodef-team-info-tb\">\n                    <div class=\"qodef-team-info-tc\">\n                        <div class=\"qodef-team-title-holder\">\n\t                        \t\t                        <h6 class=\"qodef-team-position\">Safreig, El Podcast<\/h6>\n\t                                                    <h3 itemprop=\"name\" class=\"qodef-team-name entry-title\">\n                                <a itemprop=\"url\" href=\"https:\/\/www.jornadesperalexcellencia.cat\/es\/team-member\/maria-solsona-y-dani-abreu\/\">Maria Solsona y Dani Abreu<\/a>\n                            <\/h3>\n                        <\/div>\n\t                    <div class=\"qodef-team-description-holder\">\n\t\t                    \t                    <\/div>\n                        <div class=\"qodef-team-social-holder-between\">\n                            <div class=\"qodef-team-social\">\n                                <div class=\"qodef-team-social-inner\">\n                                    <div class=\"qodef-team-social-wrapp\">\n                                                                            <\/div>\n                                <\/div>\n                            <\/div>\n                        <\/div>\n                    <\/div>\n                <\/div>\n            <\/div>\n            <\/div>\n<\/div><div class=\"qodef-team qodef-item-space info-hover\" data-member-id=\"9430\">\n    <div class=\"qodef-team-inner\">\n                    <div class=\"qodef-team-image\">\n                <img loading=\"lazy\" decoding=\"async\" width=\"800\" height=\"806\" src=\"https:\/\/www.jornadesperalexcellencia.cat\/wp-content\/uploads\/2023\/09\/Maria-Verges-jornades-excellencia-futur-pirineu.jpg\" class=\"attachment-post-thumbnail size-post-thumbnail wp-post-image\" alt=\"\" srcset=\"https:\/\/www.jornadesperalexcellencia.cat\/wp-content\/uploads\/2023\/09\/Maria-Verges-jornades-excellencia-futur-pirineu.jpg 800w, https:\/\/www.jornadesperalexcellencia.cat\/wp-content\/uploads\/2023\/09\/Maria-Verges-jornades-excellencia-futur-pirineu-298x300.jpg 298w, https:\/\/www.jornadesperalexcellencia.cat\/wp-content\/uploads\/2023\/09\/Maria-Verges-jornades-excellencia-futur-pirineu-150x150.jpg 150w, https:\/\/www.jornadesperalexcellencia.cat\/wp-content\/uploads\/2023\/09\/Maria-Verges-jornades-excellencia-futur-pirineu-768x774.jpg 768w, https:\/\/www.jornadesperalexcellencia.cat\/wp-content\/uploads\/2023\/09\/Maria-Verges-jornades-excellencia-futur-pirineu-600x605.jpg 600w, https:\/\/www.jornadesperalexcellencia.cat\/wp-content\/uploads\/2023\/09\/Maria-Verges-jornades-excellencia-futur-pirineu-100x100.jpg 100w\" sizes=\"auto, (max-width: 800px) 100vw, 800px\" \/>                <div class=\"qodef-team-info-tb\">\n                    <div class=\"qodef-team-info-tc\">\n                        <div class=\"qodef-team-title-holder\">\n\t                        \t\t                        <h6 class=\"qodef-team-position\">S\u00edndica de Aran<\/h6>\n\t                                                    <h3 itemprop=\"name\" class=\"qodef-team-name entry-title\">\n                                <a itemprop=\"url\" href=\"https:\/\/www.jornadesperalexcellencia.cat\/es\/team-member\/maria-verges-esp\/\">Maria Verg\u00e9s<\/a>\n                            <\/h3>\n                        <\/div>\n\t                    <div class=\"qodef-team-description-holder\">\n\t\t                    \t                    <\/div>\n                        <div class=\"qodef-team-social-holder-between\">\n                            <div class=\"qodef-team-social\">\n                                <div class=\"qodef-team-social-inner\">\n                                    <div class=\"qodef-team-social-wrapp\">\n                                                                            <\/div>\n                                <\/div>\n                            <\/div>\n                        <\/div>\n                    <\/div>\n                <\/div>\n            <\/div>\n            <\/div>\n<\/div><div class=\"qodef-team qodef-item-space info-hover\" data-member-id=\"5337\">\n    <div class=\"qodef-team-inner\">\n                    <div class=\"qodef-team-image\">\n                <img loading=\"lazy\" decoding=\"async\" width=\"800\" height=\"806\" src=\"https:\/\/www.jornadesperalexcellencia.cat\/wp-content\/uploads\/2021\/01\/jornades_excellencia-marivi-chacon_2019.jpg\" class=\"attachment-post-thumbnail size-post-thumbnail wp-post-image\" alt=\"\" srcset=\"https:\/\/www.jornadesperalexcellencia.cat\/wp-content\/uploads\/2021\/01\/jornades_excellencia-marivi-chacon_2019.jpg 800w, https:\/\/www.jornadesperalexcellencia.cat\/wp-content\/uploads\/2021\/01\/jornades_excellencia-marivi-chacon_2019-100x100.jpg 100w, https:\/\/www.jornadesperalexcellencia.cat\/wp-content\/uploads\/2021\/01\/jornades_excellencia-marivi-chacon_2019-600x605.jpg 600w, https:\/\/www.jornadesperalexcellencia.cat\/wp-content\/uploads\/2021\/01\/jornades_excellencia-marivi-chacon_2019-298x300.jpg 298w, https:\/\/www.jornadesperalexcellencia.cat\/wp-content\/uploads\/2021\/01\/jornades_excellencia-marivi-chacon_2019-150x150.jpg 150w, https:\/\/www.jornadesperalexcellencia.cat\/wp-content\/uploads\/2021\/01\/jornades_excellencia-marivi-chacon_2019-768x774.jpg 768w\" sizes=\"auto, (max-width: 800px) 100vw, 800px\" \/>                <div class=\"qodef-team-info-tb\">\n                    <div class=\"qodef-team-info-tc\">\n                        <div class=\"qodef-team-title-holder\">\n\t                        \t\t                        <h6 class=\"qodef-team-position\">Presentadora y comunicadora Lleida TV<\/h6>\n\t                                                    <h3 itemprop=\"name\" class=\"qodef-team-name entry-title\">\n                                <a itemprop=\"url\" href=\"https:\/\/www.jornadesperalexcellencia.cat\/es\/team-member\/marivi-chacon-2-2\/\">Mariv\u00ed Chac\u00f3n<\/a>\n                            <\/h3>\n                        <\/div>\n\t                    <div class=\"qodef-team-description-holder\">\n\t\t                    \t                    <\/div>\n                        <div class=\"qodef-team-social-holder-between\">\n                            <div class=\"qodef-team-social\">\n                                <div class=\"qodef-team-social-inner\">\n                                    <div class=\"qodef-team-social-wrapp\">\n                                                                            <\/div>\n                                <\/div>\n                            <\/div>\n                        <\/div>\n                    <\/div>\n                <\/div>\n            <\/div>\n            <\/div>\n<\/div><div class=\"qodef-team qodef-item-space info-hover\" data-member-id=\"10392\">\n    <div class=\"qodef-team-inner\">\n                    <div class=\"qodef-team-image\">\n                <img loading=\"lazy\" decoding=\"async\" width=\"800\" height=\"806\" src=\"https:\/\/www.jornadesperalexcellencia.cat\/wp-content\/uploads\/2024\/09\/Marta-Peiro-jornades-excellencia-joventut-pirineu.jpg\" class=\"attachment-post-thumbnail size-post-thumbnail wp-post-image\" alt=\"\" srcset=\"https:\/\/www.jornadesperalexcellencia.cat\/wp-content\/uploads\/2024\/09\/Marta-Peiro-jornades-excellencia-joventut-pirineu.jpg 800w, https:\/\/www.jornadesperalexcellencia.cat\/wp-content\/uploads\/2024\/09\/Marta-Peiro-jornades-excellencia-joventut-pirineu-298x300.jpg 298w, https:\/\/www.jornadesperalexcellencia.cat\/wp-content\/uploads\/2024\/09\/Marta-Peiro-jornades-excellencia-joventut-pirineu-150x150.jpg 150w, https:\/\/www.jornadesperalexcellencia.cat\/wp-content\/uploads\/2024\/09\/Marta-Peiro-jornades-excellencia-joventut-pirineu-768x774.jpg 768w, https:\/\/www.jornadesperalexcellencia.cat\/wp-content\/uploads\/2024\/09\/Marta-Peiro-jornades-excellencia-joventut-pirineu-600x605.jpg 600w, https:\/\/www.jornadesperalexcellencia.cat\/wp-content\/uploads\/2024\/09\/Marta-Peiro-jornades-excellencia-joventut-pirineu-100x100.jpg 100w\" sizes=\"auto, (max-width: 800px) 100vw, 800px\" \/>                <div class=\"qodef-team-info-tb\">\n                    <div class=\"qodef-team-info-tc\">\n                        <div class=\"qodef-team-title-holder\">\n\t                        \t\t                        <h6 class=\"qodef-team-position\">T\u00e9cnica de Joventud del Consejo Comarcal de Les Garrigues<\/h6>\n\t                                                    <h3 itemprop=\"name\" class=\"qodef-team-name entry-title\">\n                                <a itemprop=\"url\" href=\"https:\/\/www.jornadesperalexcellencia.cat\/es\/team-member\/marta-peiro-2\/\">Marta Peir\u00f3<\/a>\n                            <\/h3>\n                        <\/div>\n\t                    <div class=\"qodef-team-description-holder\">\n\t\t                    \t                    <\/div>\n                        <div class=\"qodef-team-social-holder-between\">\n                            <div class=\"qodef-team-social\">\n                                <div class=\"qodef-team-social-inner\">\n                                    <div class=\"qodef-team-social-wrapp\">\n                                                                            <\/div>\n                                <\/div>\n                            <\/div>\n                        <\/div>\n                    <\/div>\n                <\/div>\n            <\/div>\n            <\/div>\n<\/div><div class=\"qodef-team qodef-item-space info-hover\" data-member-id=\"10370\">\n    <div class=\"qodef-team-inner\">\n                    <div class=\"qodef-team-image\">\n                <img loading=\"lazy\" decoding=\"async\" width=\"800\" height=\"806\" src=\"https:\/\/www.jornadesperalexcellencia.cat\/wp-content\/uploads\/2024\/09\/Matias-Rubio-jornades-excellencia-joventut-pirineu.jpg\" class=\"attachment-post-thumbnail size-post-thumbnail wp-post-image\" alt=\"\" srcset=\"https:\/\/www.jornadesperalexcellencia.cat\/wp-content\/uploads\/2024\/09\/Matias-Rubio-jornades-excellencia-joventut-pirineu.jpg 800w, https:\/\/www.jornadesperalexcellencia.cat\/wp-content\/uploads\/2024\/09\/Matias-Rubio-jornades-excellencia-joventut-pirineu-298x300.jpg 298w, https:\/\/www.jornadesperalexcellencia.cat\/wp-content\/uploads\/2024\/09\/Matias-Rubio-jornades-excellencia-joventut-pirineu-150x150.jpg 150w, https:\/\/www.jornadesperalexcellencia.cat\/wp-content\/uploads\/2024\/09\/Matias-Rubio-jornades-excellencia-joventut-pirineu-768x774.jpg 768w, https:\/\/www.jornadesperalexcellencia.cat\/wp-content\/uploads\/2024\/09\/Matias-Rubio-jornades-excellencia-joventut-pirineu-600x605.jpg 600w, https:\/\/www.jornadesperalexcellencia.cat\/wp-content\/uploads\/2024\/09\/Matias-Rubio-jornades-excellencia-joventut-pirineu-100x100.jpg 100w\" sizes=\"auto, (max-width: 800px) 100vw, 800px\" \/>                <div class=\"qodef-team-info-tb\">\n                    <div class=\"qodef-team-info-tc\">\n                        <div class=\"qodef-team-title-holder\">\n\t                        \t\t                        <h6 class=\"qodef-team-position\">Miembro del Consejo Consultivo sobre Joventud del Consejo de Europa<\/h6>\n\t                                                    <h3 itemprop=\"name\" class=\"qodef-team-name entry-title\">\n                                <a itemprop=\"url\" href=\"https:\/\/www.jornadesperalexcellencia.cat\/es\/team-member\/matias-rubio-es\/\">Mat\u00edas Rubio<\/a>\n                            <\/h3>\n                        <\/div>\n\t                    <div class=\"qodef-team-description-holder\">\n\t\t                    \t                    <\/div>\n                        <div class=\"qodef-team-social-holder-between\">\n                            <div class=\"qodef-team-social\">\n                                <div class=\"qodef-team-social-inner\">\n                                    <div class=\"qodef-team-social-wrapp\">\n                                                                            <\/div>\n                                <\/div>\n                            <\/div>\n                        <\/div>\n                    <\/div>\n                <\/div>\n            <\/div>\n            <\/div>\n<\/div><div class=\"qodef-team qodef-item-space info-hover\" data-member-id=\"10437\">\n    <div class=\"qodef-team-inner\">\n                    <div class=\"qodef-team-image\">\n                <img loading=\"lazy\" decoding=\"async\" width=\"800\" height=\"806\" src=\"https:\/\/www.jornadesperalexcellencia.cat\/wp-content\/uploads\/2024\/10\/Miquel-Gordo-jornades-excellencia-joventut-pirineu.jpg\" class=\"attachment-post-thumbnail size-post-thumbnail wp-post-image\" alt=\"\" srcset=\"https:\/\/www.jornadesperalexcellencia.cat\/wp-content\/uploads\/2024\/10\/Miquel-Gordo-jornades-excellencia-joventut-pirineu.jpg 800w, https:\/\/www.jornadesperalexcellencia.cat\/wp-content\/uploads\/2024\/10\/Miquel-Gordo-jornades-excellencia-joventut-pirineu-298x300.jpg 298w, https:\/\/www.jornadesperalexcellencia.cat\/wp-content\/uploads\/2024\/10\/Miquel-Gordo-jornades-excellencia-joventut-pirineu-150x150.jpg 150w, https:\/\/www.jornadesperalexcellencia.cat\/wp-content\/uploads\/2024\/10\/Miquel-Gordo-jornades-excellencia-joventut-pirineu-768x774.jpg 768w, https:\/\/www.jornadesperalexcellencia.cat\/wp-content\/uploads\/2024\/10\/Miquel-Gordo-jornades-excellencia-joventut-pirineu-600x605.jpg 600w, https:\/\/www.jornadesperalexcellencia.cat\/wp-content\/uploads\/2024\/10\/Miquel-Gordo-jornades-excellencia-joventut-pirineu-100x100.jpg 100w\" sizes=\"auto, (max-width: 800px) 100vw, 800px\" \/>                <div class=\"qodef-team-info-tb\">\n                    <div class=\"qodef-team-info-tc\">\n                        <div class=\"qodef-team-title-holder\">\n\t                        \t\t                        <h6 class=\"qodef-team-position\">Presidente de la Associaci\u00f3n Cultural de los &quot;Raiers&quot; de la Noguera Pallaresa<\/h6>\n\t                                                    <h3 itemprop=\"name\" class=\"qodef-team-name entry-title\">\n                                <a itemprop=\"url\" href=\"https:\/\/www.jornadesperalexcellencia.cat\/es\/team-member\/miquel-gordo-es\/\">Miquel Gord\u00f3<\/a>\n                            <\/h3>\n                        <\/div>\n\t                    <div class=\"qodef-team-description-holder\">\n\t\t                    \t                    <\/div>\n                        <div class=\"qodef-team-social-holder-between\">\n                            <div class=\"qodef-team-social\">\n                                <div class=\"qodef-team-social-inner\">\n                                    <div class=\"qodef-team-social-wrapp\">\n                                                                            <\/div>\n                                <\/div>\n                            <\/div>\n                        <\/div>\n                    <\/div>\n                <\/div>\n            <\/div>\n            <\/div>\n<\/div><div class=\"qodef-team qodef-item-space info-hover\" data-member-id=\"10339\">\n    <div class=\"qodef-team-inner\">\n                    <div class=\"qodef-team-image\">\n                <img loading=\"lazy\" decoding=\"async\" width=\"800\" height=\"806\" src=\"https:\/\/www.jornadesperalexcellencia.cat\/wp-content\/uploads\/2024\/09\/Miquel-Trave-jornades-excellencia-joventut-pirineu.jpg\" class=\"attachment-post-thumbnail size-post-thumbnail wp-post-image\" alt=\"\" srcset=\"https:\/\/www.jornadesperalexcellencia.cat\/wp-content\/uploads\/2024\/09\/Miquel-Trave-jornades-excellencia-joventut-pirineu.jpg 800w, https:\/\/www.jornadesperalexcellencia.cat\/wp-content\/uploads\/2024\/09\/Miquel-Trave-jornades-excellencia-joventut-pirineu-298x300.jpg 298w, https:\/\/www.jornadesperalexcellencia.cat\/wp-content\/uploads\/2024\/09\/Miquel-Trave-jornades-excellencia-joventut-pirineu-150x150.jpg 150w, https:\/\/www.jornadesperalexcellencia.cat\/wp-content\/uploads\/2024\/09\/Miquel-Trave-jornades-excellencia-joventut-pirineu-768x774.jpg 768w, https:\/\/www.jornadesperalexcellencia.cat\/wp-content\/uploads\/2024\/09\/Miquel-Trave-jornades-excellencia-joventut-pirineu-600x605.jpg 600w, https:\/\/www.jornadesperalexcellencia.cat\/wp-content\/uploads\/2024\/09\/Miquel-Trave-jornades-excellencia-joventut-pirineu-100x100.jpg 100w\" sizes=\"auto, (max-width: 800px) 100vw, 800px\" \/>                <div class=\"qodef-team-info-tb\">\n                    <div class=\"qodef-team-info-tc\">\n                        <div class=\"qodef-team-title-holder\">\n\t                        \t\t                        <h6 class=\"qodef-team-position\">Pirag\u00fcista diploma ol\u00edmpico en los JJOO de Par\u00eds 2024<\/h6>\n\t                                                    <h3 itemprop=\"name\" class=\"qodef-team-name entry-title\">\n                                <a itemprop=\"url\" href=\"https:\/\/www.jornadesperalexcellencia.cat\/es\/team-member\/miquel-trave-es\/\">Miquel Trav\u00e9<\/a>\n                            <\/h3>\n                        <\/div>\n\t                    <div class=\"qodef-team-description-holder\">\n\t\t                    \t                    <\/div>\n                        <div class=\"qodef-team-social-holder-between\">\n                            <div class=\"qodef-team-social\">\n                                <div class=\"qodef-team-social-inner\">\n                                    <div class=\"qodef-team-social-wrapp\">\n                                                                            <\/div>\n                                <\/div>\n                            <\/div>\n                        <\/div>\n                    <\/div>\n                <\/div>\n            <\/div>\n            <\/div>\n<\/div><div class=\"qodef-team qodef-item-space info-hover\" data-member-id=\"10394\">\n    <div class=\"qodef-team-inner\">\n                    <div class=\"qodef-team-image\">\n                <img loading=\"lazy\" decoding=\"async\" width=\"800\" height=\"806\" src=\"https:\/\/www.jornadesperalexcellencia.cat\/wp-content\/uploads\/2024\/09\/Monica-Bonell-jornades-excellencia-joventut-pirineu.jpg\" class=\"attachment-post-thumbnail size-post-thumbnail wp-post-image\" alt=\"\" srcset=\"https:\/\/www.jornadesperalexcellencia.cat\/wp-content\/uploads\/2024\/09\/Monica-Bonell-jornades-excellencia-joventut-pirineu.jpg 800w, https:\/\/www.jornadesperalexcellencia.cat\/wp-content\/uploads\/2024\/09\/Monica-Bonell-jornades-excellencia-joventut-pirineu-298x300.jpg 298w, https:\/\/www.jornadesperalexcellencia.cat\/wp-content\/uploads\/2024\/09\/Monica-Bonell-jornades-excellencia-joventut-pirineu-150x150.jpg 150w, https:\/\/www.jornadesperalexcellencia.cat\/wp-content\/uploads\/2024\/09\/Monica-Bonell-jornades-excellencia-joventut-pirineu-768x774.jpg 768w, https:\/\/www.jornadesperalexcellencia.cat\/wp-content\/uploads\/2024\/09\/Monica-Bonell-jornades-excellencia-joventut-pirineu-600x605.jpg 600w, https:\/\/www.jornadesperalexcellencia.cat\/wp-content\/uploads\/2024\/09\/Monica-Bonell-jornades-excellencia-joventut-pirineu-100x100.jpg 100w\" sizes=\"auto, (max-width: 800px) 100vw, 800px\" \/>                <div class=\"qodef-team-info-tb\">\n                    <div class=\"qodef-team-info-tc\">\n                        <div class=\"qodef-team-title-holder\">\n\t                        \t\t                        <h6 class=\"qodef-team-position\">Ministra de Cultura, Joventud y Deporte del Govern d\u2019Andorra<\/h6>\n\t                                                    <h3 itemprop=\"name\" class=\"qodef-team-name entry-title\">\n                                <a itemprop=\"url\" href=\"https:\/\/www.jornadesperalexcellencia.cat\/es\/team-member\/monica-bonell-es\/\">M\u00f2nica Bonell<\/a>\n                            <\/h3>\n                        <\/div>\n\t                    <div class=\"qodef-team-description-holder\">\n\t\t                    \t                    <\/div>\n                        <div class=\"qodef-team-social-holder-between\">\n                            <div class=\"qodef-team-social\">\n                                <div class=\"qodef-team-social-inner\">\n                                    <div class=\"qodef-team-social-wrapp\">\n                                                                            <\/div>\n                                <\/div>\n                            <\/div>\n                        <\/div>\n                    <\/div>\n                <\/div>\n            <\/div>\n            <\/div>\n<\/div><div class=\"qodef-team qodef-item-space info-hover\" data-member-id=\"10341\">\n    <div class=\"qodef-team-inner\">\n                    <div class=\"qodef-team-image\">\n                <img loading=\"lazy\" decoding=\"async\" width=\"800\" height=\"806\" src=\"https:\/\/www.jornadesperalexcellencia.cat\/wp-content\/uploads\/2024\/09\/Monica-Doria-jornades-excellencia-joventut-pirineu.jpg\" class=\"attachment-post-thumbnail size-post-thumbnail wp-post-image\" alt=\"\" srcset=\"https:\/\/www.jornadesperalexcellencia.cat\/wp-content\/uploads\/2024\/09\/Monica-Doria-jornades-excellencia-joventut-pirineu.jpg 800w, https:\/\/www.jornadesperalexcellencia.cat\/wp-content\/uploads\/2024\/09\/Monica-Doria-jornades-excellencia-joventut-pirineu-298x300.jpg 298w, https:\/\/www.jornadesperalexcellencia.cat\/wp-content\/uploads\/2024\/09\/Monica-Doria-jornades-excellencia-joventut-pirineu-150x150.jpg 150w, https:\/\/www.jornadesperalexcellencia.cat\/wp-content\/uploads\/2024\/09\/Monica-Doria-jornades-excellencia-joventut-pirineu-768x774.jpg 768w, https:\/\/www.jornadesperalexcellencia.cat\/wp-content\/uploads\/2024\/09\/Monica-Doria-jornades-excellencia-joventut-pirineu-600x605.jpg 600w, https:\/\/www.jornadesperalexcellencia.cat\/wp-content\/uploads\/2024\/09\/Monica-Doria-jornades-excellencia-joventut-pirineu-100x100.jpg 100w\" sizes=\"auto, (max-width: 800px) 100vw, 800px\" \/>                <div class=\"qodef-team-info-tb\">\n                    <div class=\"qodef-team-info-tc\">\n                        <div class=\"qodef-team-title-holder\">\n\t                        \t\t                        <h6 class=\"qodef-team-position\">Pirag\u00fcista diploma ol\u00edmpic als Jocs Ol\u00edmpics de Par\u00eds 2024<\/h6>\n\t                                                    <h3 itemprop=\"name\" class=\"qodef-team-name entry-title\">\n                                <a itemprop=\"url\" href=\"https:\/\/www.jornadesperalexcellencia.cat\/es\/team-member\/monica-doria-es\/\">M\u00f2nica D\u00f2ria<\/a>\n                            <\/h3>\n                        <\/div>\n\t                    <div class=\"qodef-team-description-holder\">\n\t\t                    \t                    <\/div>\n                        <div class=\"qodef-team-social-holder-between\">\n                            <div class=\"qodef-team-social\">\n                                <div class=\"qodef-team-social-inner\">\n                                    <div class=\"qodef-team-social-wrapp\">\n                                                                            <\/div>\n                                <\/div>\n                            <\/div>\n                        <\/div>\n                    <\/div>\n                <\/div>\n            <\/div>\n            <\/div>\n<\/div><div class=\"qodef-team qodef-item-space info-hover\" data-member-id=\"10432\">\n    <div class=\"qodef-team-inner\">\n                    <div class=\"qodef-team-image\">\n                <img loading=\"lazy\" decoding=\"async\" width=\"800\" height=\"806\" src=\"https:\/\/www.jornadesperalexcellencia.cat\/wp-content\/uploads\/2024\/09\/Pau-Farre-jornades-excellencia-joventut-pirineu.jpg\" class=\"attachment-post-thumbnail size-post-thumbnail wp-post-image\" alt=\"\" srcset=\"https:\/\/www.jornadesperalexcellencia.cat\/wp-content\/uploads\/2024\/09\/Pau-Farre-jornades-excellencia-joventut-pirineu.jpg 800w, https:\/\/www.jornadesperalexcellencia.cat\/wp-content\/uploads\/2024\/09\/Pau-Farre-jornades-excellencia-joventut-pirineu-298x300.jpg 298w, https:\/\/www.jornadesperalexcellencia.cat\/wp-content\/uploads\/2024\/09\/Pau-Farre-jornades-excellencia-joventut-pirineu-150x150.jpg 150w, https:\/\/www.jornadesperalexcellencia.cat\/wp-content\/uploads\/2024\/09\/Pau-Farre-jornades-excellencia-joventut-pirineu-768x774.jpg 768w, https:\/\/www.jornadesperalexcellencia.cat\/wp-content\/uploads\/2024\/09\/Pau-Farre-jornades-excellencia-joventut-pirineu-600x605.jpg 600w, https:\/\/www.jornadesperalexcellencia.cat\/wp-content\/uploads\/2024\/09\/Pau-Farre-jornades-excellencia-joventut-pirineu-100x100.jpg 100w\" sizes=\"auto, (max-width: 800px) 100vw, 800px\" \/>                <div class=\"qodef-team-info-tb\">\n                    <div class=\"qodef-team-info-tc\">\n                        <div class=\"qodef-team-title-holder\">\n\t                        \t\t                        <h6 class=\"qodef-team-position\">T\u00e9cnico de Joventud del Consejo Comarcal del Pallars Sobir\u00e0<\/h6>\n\t                                                    <h3 itemprop=\"name\" class=\"qodef-team-name entry-title\">\n                                <a itemprop=\"url\" href=\"https:\/\/www.jornadesperalexcellencia.cat\/es\/team-member\/pau-farre-es\/\">Pau Farr\u00e9<\/a>\n                            <\/h3>\n                        <\/div>\n\t                    <div class=\"qodef-team-description-holder\">\n\t\t                    \t                    <\/div>\n                        <div class=\"qodef-team-social-holder-between\">\n                            <div class=\"qodef-team-social\">\n                                <div class=\"qodef-team-social-inner\">\n                                    <div class=\"qodef-team-social-wrapp\">\n                                                                            <\/div>\n                                <\/div>\n                            <\/div>\n                        <\/div>\n                    <\/div>\n                <\/div>\n            <\/div>\n            <\/div>\n<\/div><div class=\"qodef-team qodef-item-space info-hover\" data-member-id=\"5106\">\n    <div class=\"qodef-team-inner\">\n                    <div class=\"qodef-team-image\">\n                <img loading=\"lazy\" decoding=\"async\" width=\"800\" height=\"806\" src=\"https:\/\/www.jornadesperalexcellencia.cat\/wp-content\/uploads\/2021\/01\/jornades_excellencia-pere-tico_2019.jpg\" class=\"attachment-post-thumbnail size-post-thumbnail wp-post-image\" alt=\"\" srcset=\"https:\/\/www.jornadesperalexcellencia.cat\/wp-content\/uploads\/2021\/01\/jornades_excellencia-pere-tico_2019.jpg 800w, https:\/\/www.jornadesperalexcellencia.cat\/wp-content\/uploads\/2021\/01\/jornades_excellencia-pere-tico_2019-100x100.jpg 100w, https:\/\/www.jornadesperalexcellencia.cat\/wp-content\/uploads\/2021\/01\/jornades_excellencia-pere-tico_2019-600x605.jpg 600w, https:\/\/www.jornadesperalexcellencia.cat\/wp-content\/uploads\/2021\/01\/jornades_excellencia-pere-tico_2019-298x300.jpg 298w, https:\/\/www.jornadesperalexcellencia.cat\/wp-content\/uploads\/2021\/01\/jornades_excellencia-pere-tico_2019-150x150.jpg 150w, https:\/\/www.jornadesperalexcellencia.cat\/wp-content\/uploads\/2021\/01\/jornades_excellencia-pere-tico_2019-768x774.jpg 768w\" sizes=\"auto, (max-width: 800px) 100vw, 800px\" \/>                <div class=\"qodef-team-info-tb\">\n                    <div class=\"qodef-team-info-tc\">\n                        <div class=\"qodef-team-title-holder\">\n\t                        \t\t                        <h6 class=\"qodef-team-position\"> Alcalde de Esterri d&#039;\u00c0neu<\/h6>\n\t                                                    <h3 itemprop=\"name\" class=\"qodef-team-name entry-title\">\n                                <a itemprop=\"url\" href=\"https:\/\/www.jornadesperalexcellencia.cat\/es\/team-member\/pere-tico-esp\/\">Pere Tic\u00f3<\/a>\n                            <\/h3>\n                        <\/div>\n\t                    <div class=\"qodef-team-description-holder\">\n\t\t                    \t                    <\/div>\n                        <div class=\"qodef-team-social-holder-between\">\n                            <div class=\"qodef-team-social\">\n                                <div class=\"qodef-team-social-inner\">\n                                    <div class=\"qodef-team-social-wrapp\">\n                                                                            <\/div>\n                                <\/div>\n                            <\/div>\n                        <\/div>\n                    <\/div>\n                <\/div>\n            <\/div>\n            <\/div>\n<\/div><div class=\"qodef-team qodef-item-space info-hover\" data-member-id=\"10444\">\n    <div class=\"qodef-team-inner\">\n                    <div class=\"qodef-team-image\">\n                <img loading=\"lazy\" decoding=\"async\" width=\"800\" height=\"806\" src=\"https:\/\/www.jornadesperalexcellencia.cat\/wp-content\/uploads\/2023\/08\/Pilar-Farre-jornades-excellencia-futur-pirineu.jpg\" class=\"attachment-post-thumbnail size-post-thumbnail wp-post-image\" alt=\"\" srcset=\"https:\/\/www.jornadesperalexcellencia.cat\/wp-content\/uploads\/2023\/08\/Pilar-Farre-jornades-excellencia-futur-pirineu.jpg 800w, https:\/\/www.jornadesperalexcellencia.cat\/wp-content\/uploads\/2023\/08\/Pilar-Farre-jornades-excellencia-futur-pirineu-298x300.jpg 298w, https:\/\/www.jornadesperalexcellencia.cat\/wp-content\/uploads\/2023\/08\/Pilar-Farre-jornades-excellencia-futur-pirineu-150x150.jpg 150w, https:\/\/www.jornadesperalexcellencia.cat\/wp-content\/uploads\/2023\/08\/Pilar-Farre-jornades-excellencia-futur-pirineu-768x774.jpg 768w, https:\/\/www.jornadesperalexcellencia.cat\/wp-content\/uploads\/2023\/08\/Pilar-Farre-jornades-excellencia-futur-pirineu-600x605.jpg 600w, https:\/\/www.jornadesperalexcellencia.cat\/wp-content\/uploads\/2023\/08\/Pilar-Farre-jornades-excellencia-futur-pirineu-100x100.jpg 100w\" sizes=\"auto, (max-width: 800px) 100vw, 800px\" \/>                <div class=\"qodef-team-info-tb\">\n                    <div class=\"qodef-team-info-tc\">\n                        <div class=\"qodef-team-title-holder\">\n\t                        \t\t                        <h6 class=\"qodef-team-position\">Miembro de las Jornades per a l&#039;excel\u00b7l\u00e8ncia a l&#039;alta muntanya<\/h6>\n\t                                                    <h3 itemprop=\"name\" class=\"qodef-team-name entry-title\">\n                                <a itemprop=\"url\" href=\"https:\/\/www.jornadesperalexcellencia.cat\/es\/team-member\/pilar-farre-es\/\">Pilar Farr\u00e9<\/a>\n                            <\/h3>\n                        <\/div>\n\t                    <div class=\"qodef-team-description-holder\">\n\t\t                    \t                    <\/div>\n                        <div class=\"qodef-team-social-holder-between\">\n                            <div class=\"qodef-team-social\">\n                                <div class=\"qodef-team-social-inner\">\n                                    <div class=\"qodef-team-social-wrapp\">\n                                                                            <\/div>\n                                <\/div>\n                            <\/div>\n                        <\/div>\n                    <\/div>\n                <\/div>\n            <\/div>\n            <\/div>\n<\/div><div class=\"qodef-team qodef-item-space info-hover\" data-member-id=\"10399\">\n    <div class=\"qodef-team-inner\">\n                    <div class=\"qodef-team-image\">\n                <img loading=\"lazy\" decoding=\"async\" width=\"800\" height=\"806\" src=\"https:\/\/www.jornadesperalexcellencia.cat\/wp-content\/uploads\/2024\/09\/Rim-Khamlichi-jornades-excellencia-joventut-pirineu.jpg\" class=\"attachment-post-thumbnail size-post-thumbnail wp-post-image\" alt=\"\" srcset=\"https:\/\/www.jornadesperalexcellencia.cat\/wp-content\/uploads\/2024\/09\/Rim-Khamlichi-jornades-excellencia-joventut-pirineu.jpg 800w, https:\/\/www.jornadesperalexcellencia.cat\/wp-content\/uploads\/2024\/09\/Rim-Khamlichi-jornades-excellencia-joventut-pirineu-298x300.jpg 298w, https:\/\/www.jornadesperalexcellencia.cat\/wp-content\/uploads\/2024\/09\/Rim-Khamlichi-jornades-excellencia-joventut-pirineu-150x150.jpg 150w, https:\/\/www.jornadesperalexcellencia.cat\/wp-content\/uploads\/2024\/09\/Rim-Khamlichi-jornades-excellencia-joventut-pirineu-768x774.jpg 768w, https:\/\/www.jornadesperalexcellencia.cat\/wp-content\/uploads\/2024\/09\/Rim-Khamlichi-jornades-excellencia-joventut-pirineu-600x605.jpg 600w, https:\/\/www.jornadesperalexcellencia.cat\/wp-content\/uploads\/2024\/09\/Rim-Khamlichi-jornades-excellencia-joventut-pirineu-100x100.jpg 100w\" sizes=\"auto, (max-width: 800px) 100vw, 800px\" \/>                <div class=\"qodef-team-info-tb\">\n                    <div class=\"qodef-team-info-tc\">\n                        <div class=\"qodef-team-title-holder\">\n\t                        \t\t                        <h6 class=\"qodef-team-position\">Miembro Consejo Participaci\u00f3n Adolescente de Mollerussa y representante de Catalu\u00f1a en el Cons. Estatal Participaci\u00f3n Infancia y Adolescencia<\/h6>\n\t                                                    <h3 itemprop=\"name\" class=\"qodef-team-name entry-title\">\n                                <a itemprop=\"url\" href=\"https:\/\/www.jornadesperalexcellencia.cat\/es\/team-member\/rim-khamlichi-es\/\">Rim Khamlichi<\/a>\n                            <\/h3>\n                        <\/div>\n\t                    <div class=\"qodef-team-description-holder\">\n\t\t                    \t                    <\/div>\n                        <div class=\"qodef-team-social-holder-between\">\n                            <div class=\"qodef-team-social\">\n                                <div class=\"qodef-team-social-inner\">\n                                    <div class=\"qodef-team-social-wrapp\">\n                                                                            <\/div>\n                                <\/div>\n                            <\/div>\n                        <\/div>\n                    <\/div>\n                <\/div>\n            <\/div>\n            <\/div>\n<\/div><div class=\"qodef-team qodef-item-space info-hover\" data-member-id=\"10348\">\n    <div class=\"qodef-team-inner\">\n                    <div class=\"qodef-team-image\">\n                <img loading=\"lazy\" decoding=\"async\" width=\"800\" height=\"806\" src=\"https:\/\/www.jornadesperalexcellencia.cat\/wp-content\/uploads\/2024\/09\/Silvia-Rodriguez-jornades-excellencia-joventut-pirineu.jpg\" class=\"attachment-post-thumbnail size-post-thumbnail wp-post-image\" alt=\"\" srcset=\"https:\/\/www.jornadesperalexcellencia.cat\/wp-content\/uploads\/2024\/09\/Silvia-Rodriguez-jornades-excellencia-joventut-pirineu.jpg 800w, https:\/\/www.jornadesperalexcellencia.cat\/wp-content\/uploads\/2024\/09\/Silvia-Rodriguez-jornades-excellencia-joventut-pirineu-298x300.jpg 298w, https:\/\/www.jornadesperalexcellencia.cat\/wp-content\/uploads\/2024\/09\/Silvia-Rodriguez-jornades-excellencia-joventut-pirineu-150x150.jpg 150w, https:\/\/www.jornadesperalexcellencia.cat\/wp-content\/uploads\/2024\/09\/Silvia-Rodriguez-jornades-excellencia-joventut-pirineu-768x774.jpg 768w, https:\/\/www.jornadesperalexcellencia.cat\/wp-content\/uploads\/2024\/09\/Silvia-Rodriguez-jornades-excellencia-joventut-pirineu-600x605.jpg 600w, https:\/\/www.jornadesperalexcellencia.cat\/wp-content\/uploads\/2024\/09\/Silvia-Rodriguez-jornades-excellencia-joventut-pirineu-100x100.jpg 100w\" sizes=\"auto, (max-width: 800px) 100vw, 800px\" \/>                <div class=\"qodef-team-info-tb\">\n                    <div class=\"qodef-team-info-tc\">\n                        <div class=\"qodef-team-title-holder\">\n\t                        \t\t                        <h6 class=\"qodef-team-position\">Secretaria t\u00e9cnica de la 1\u00aa de vivienda en el Alt Pirineu y Aran<\/h6>\n\t                                                    <h3 itemprop=\"name\" class=\"qodef-team-name entry-title\">\n                                <a itemprop=\"url\" href=\"https:\/\/www.jornadesperalexcellencia.cat\/es\/team-member\/silvia-rodriguez-es\/\">Silvia Rodr\u00edguez<\/a>\n                            <\/h3>\n                        <\/div>\n\t                    <div class=\"qodef-team-description-holder\">\n\t\t                    \t                    <\/div>\n                        <div class=\"qodef-team-social-holder-between\">\n                            <div class=\"qodef-team-social\">\n                                <div class=\"qodef-team-social-inner\">\n                                    <div class=\"qodef-team-social-wrapp\">\n                                                                            <\/div>\n                                <\/div>\n                            <\/div>\n                        <\/div>\n                    <\/div>\n                <\/div>\n            <\/div>\n            <\/div>\n<\/div><div class=\"qodef-team qodef-item-space info-hover\" data-member-id=\"10255\">\n    <div class=\"qodef-team-inner\">\n                    <div class=\"qodef-team-image\">\n                <img loading=\"lazy\" decoding=\"async\" width=\"800\" height=\"806\" src=\"https:\/\/www.jornadesperalexcellencia.cat\/wp-content\/uploads\/2024\/09\/Victor-Salo-i-Jove-jornades-excellencia-joventut-pirineu.jpg\" class=\"attachment-post-thumbnail size-post-thumbnail wp-post-image\" alt=\"\" srcset=\"https:\/\/www.jornadesperalexcellencia.cat\/wp-content\/uploads\/2024\/09\/Victor-Salo-i-Jove-jornades-excellencia-joventut-pirineu.jpg 800w, https:\/\/www.jornadesperalexcellencia.cat\/wp-content\/uploads\/2024\/09\/Victor-Salo-i-Jove-jornades-excellencia-joventut-pirineu-298x300.jpg 298w, https:\/\/www.jornadesperalexcellencia.cat\/wp-content\/uploads\/2024\/09\/Victor-Salo-i-Jove-jornades-excellencia-joventut-pirineu-150x150.jpg 150w, https:\/\/www.jornadesperalexcellencia.cat\/wp-content\/uploads\/2024\/09\/Victor-Salo-i-Jove-jornades-excellencia-joventut-pirineu-768x774.jpg 768w, https:\/\/www.jornadesperalexcellencia.cat\/wp-content\/uploads\/2024\/09\/Victor-Salo-i-Jove-jornades-excellencia-joventut-pirineu-600x605.jpg 600w, https:\/\/www.jornadesperalexcellencia.cat\/wp-content\/uploads\/2024\/09\/Victor-Salo-i-Jove-jornades-excellencia-joventut-pirineu-100x100.jpg 100w\" sizes=\"auto, (max-width: 800px) 100vw, 800px\" \/>                <div class=\"qodef-team-info-tb\">\n                    <div class=\"qodef-team-info-tc\">\n                        <div class=\"qodef-team-title-holder\">\n\t                        \t\t                        <h6 class=\"qodef-team-position\">T\u00e9cn. Coordinaci\u00f3n Territorial Juventud Lleida, Alt Pirineu y Aran de la Ag. Catalana de la Joventud<\/h6>\n\t                                                    <h3 itemprop=\"name\" class=\"qodef-team-name entry-title\">\n                                <a itemprop=\"url\" href=\"https:\/\/www.jornadesperalexcellencia.cat\/es\/team-member\/victor-salo-es\/\">V\u00edctor Sal\u00f3<\/a>\n                            <\/h3>\n                        <\/div>\n\t                    <div class=\"qodef-team-description-holder\">\n\t\t                    \t                    <\/div>\n                        <div class=\"qodef-team-social-holder-between\">\n                            <div class=\"qodef-team-social\">\n                                <div class=\"qodef-team-social-inner\">\n                                    <div class=\"qodef-team-social-wrapp\">\n                                                                            <\/div>\n                                <\/div>\n                            <\/div>\n                        <\/div>\n                    <\/div>\n                <\/div>\n            <\/div>\n            <\/div>\n<\/div><div class=\"qodef-team qodef-item-space info-hover\" data-member-id=\"10401\">\n    <div class=\"qodef-team-inner\">\n                    <div class=\"qodef-team-image\">\n                <img loading=\"lazy\" decoding=\"async\" width=\"800\" height=\"806\" src=\"https:\/\/www.jornadesperalexcellencia.cat\/wp-content\/uploads\/2024\/09\/Xavier-Sala-Martin-jornades-excellencia-joventut-pirineu.jpg\" class=\"attachment-post-thumbnail size-post-thumbnail wp-post-image\" alt=\"\" srcset=\"https:\/\/www.jornadesperalexcellencia.cat\/wp-content\/uploads\/2024\/09\/Xavier-Sala-Martin-jornades-excellencia-joventut-pirineu.jpg 800w, https:\/\/www.jornadesperalexcellencia.cat\/wp-content\/uploads\/2024\/09\/Xavier-Sala-Martin-jornades-excellencia-joventut-pirineu-298x300.jpg 298w, https:\/\/www.jornadesperalexcellencia.cat\/wp-content\/uploads\/2024\/09\/Xavier-Sala-Martin-jornades-excellencia-joventut-pirineu-150x150.jpg 150w, https:\/\/www.jornadesperalexcellencia.cat\/wp-content\/uploads\/2024\/09\/Xavier-Sala-Martin-jornades-excellencia-joventut-pirineu-768x774.jpg 768w, https:\/\/www.jornadesperalexcellencia.cat\/wp-content\/uploads\/2024\/09\/Xavier-Sala-Martin-jornades-excellencia-joventut-pirineu-600x605.jpg 600w, https:\/\/www.jornadesperalexcellencia.cat\/wp-content\/uploads\/2024\/09\/Xavier-Sala-Martin-jornades-excellencia-joventut-pirineu-100x100.jpg 100w\" sizes=\"auto, (max-width: 800px) 100vw, 800px\" \/>                <div class=\"qodef-team-info-tb\">\n                    <div class=\"qodef-team-info-tc\">\n                        <div class=\"qodef-team-title-holder\">\n\t                        \t\t                        <h6 class=\"qodef-team-position\">Catedr\u00e1tico de Econom\u00eda de la Universidad de Columbia<\/h6>\n\t                                                    <h3 itemprop=\"name\" class=\"qodef-team-name entry-title\">\n                                <a itemprop=\"url\" href=\"https:\/\/www.jornadesperalexcellencia.cat\/es\/team-member\/xavier-sala-martin-es\/\">Xavier Sala Mart\u00edn<\/a>\n                            <\/h3>\n                        <\/div>\n\t                    <div class=\"qodef-team-description-holder\">\n\t\t                    \t                    <\/div>\n                        <div class=\"qodef-team-social-holder-between\">\n                            <div class=\"qodef-team-social\">\n                                <div class=\"qodef-team-social-inner\">\n                                    <div class=\"qodef-team-social-wrapp\">\n                                                                            <\/div>\n                                <\/div>\n                            <\/div>\n                        <\/div>\n                    <\/div>\n                <\/div>\n            <\/div>\n            <\/div>\n<\/div>\t<\/div>\n<\/div><div class=\"vc_empty_space\"   style=\"height: 28px\"><span class=\"vc_empty_space_inner\"><\/span><\/div><\/div><\/div><\/div><\/div><div class=\"vc_row wpb_row vc_row-fluid vc_row-o-content-middle vc_row-flex\" ><div class=\"wpb_column vc_column_container vc_col-sm-9\"><div class=\"vc_column-inner vc_custom_1614253884400\"><div class=\"wpb_wrapper\"><div class=\"qodef-clients-carousel-holder qodef-cc-hover-roll-over\">\n\t<div class=\"qodef-cc-inner qodef-owl-slider\" data-number-of-items=\"3\" data-enable-loop=\"yes\" data-enable-autoplay=\"yes\" data-slider-speed=\"5000\" data-slider-speed-animation=\"600\" data-enable-navigation=\"no\" data-enable-pagination=\"yes\">\n\t\t<div class=\"qodef-cc-item qodef-item-space qodef-cci-has-link\">\n\t\t\t<a itemprop=\"url\" class=\"qodef-cc-link qodef-block-drag-link\" href=\"\/edicion-2022\/\" target=\"_self\">\n\t\t\t\t\t\t<img decoding=\"async\" itemprop=\"image\" class=\"qodef-cc-image\" src=\"https:\/\/www.jornadesperalexcellencia.cat\/wp-content\/uploads\/2022\/07\/jornades-excellencia-grafico-edicion-2022.png\" alt=\"\" \/>\n\t\t\t\t\t\t\t<img decoding=\"async\" itemprop=\"image\" class=\"qodef-cc-hover-image\" src=\"https:\/\/www.jornadesperalexcellencia.cat\/wp-content\/uploads\/2022\/07\/jornades-excellencia-grafico-edicion-2022-alt.png\" alt=\"\" \/>\n\t\t\t\t\t<\/a>\n\t<\/div><div class=\"qodef-cc-item qodef-item-space qodef-cci-has-link\">\n\t\t\t<a itemprop=\"url\" class=\"qodef-cc-link qodef-block-drag-link\" href=\"\/edicio-2021\/\" target=\"_self\">\n\t\t\t\t\t\t<img decoding=\"async\" itemprop=\"image\" class=\"qodef-cc-image\" src=\"https:\/\/www.jornadesperalexcellencia.cat\/wp-content\/uploads\/2021\/07\/grafico-edicion-2021-nova.png\" alt=\"Jornades per a l&#039;excel\u00b7l\u00e8ncia Esterri d&#039;\u00c0neu edici\u00f3 2021\" \/>\n\t\t\t\t\t\t\t<img decoding=\"async\" itemprop=\"image\" class=\"qodef-cc-hover-image\" src=\"https:\/\/www.jornadesperalexcellencia.cat\/wp-content\/uploads\/2021\/10\/jornades-excellencia-2021-edicions-cor-de-rock.jpg\" alt=\"\" \/>\n\t\t\t\t\t<\/a>\n\t<\/div><div class=\"qodef-cc-item qodef-item-space qodef-cci-has-link\">\n\t\t\t<a itemprop=\"url\" class=\"qodef-cc-link qodef-block-drag-link\" href=\"\/edicio-2020\/\" target=\"_self\">\n\t\t\t\t\t\t<img decoding=\"async\" itemprop=\"image\" class=\"qodef-cc-image\" src=\"https:\/\/www.jornadesperalexcellencia.cat\/wp-content\/uploads\/2021\/02\/grafico-edicion-2020.png\" alt=\"Jornades per a l&#039;excel\u00b7l\u00e8ncia Esterri d&#039;\u00c0neu edici\u00f3 2020\" \/>\n\t\t\t\t\t\t\t<img decoding=\"async\" itemprop=\"image\" class=\"qodef-cc-hover-image\" src=\"https:\/\/www.jornadesperalexcellencia.cat\/wp-content\/uploads\/2021\/02\/jornades-excellencia-2020-edicions-ramon-folch-1.jpg\" alt=\"Jornades per a l&#039;excel\u00b7l\u00e8ncia Esterri d&#039;\u00c0neu edici\u00f3 2020\" \/>\n\t\t\t\t\t<\/a>\n\t<\/div><div class=\"qodef-cc-item qodef-item-space qodef-cci-has-link\">\n\t\t\t<a itemprop=\"url\" class=\"qodef-cc-link qodef-block-drag-link\" href=\"\/edicio-2019\/\" target=\"_self\">\n\t\t\t\t\t\t<img decoding=\"async\" itemprop=\"image\" class=\"qodef-cc-image\" src=\"https:\/\/www.jornadesperalexcellencia.cat\/wp-content\/uploads\/2021\/02\/grafico-edicion-2019.png\" alt=\"Jornades per a l&#039;excel\u00b7l\u00e8ncia Esterri d&#039;\u00c0neu edici\u00f3 2019\" \/>\n\t\t\t\t\t\t\t<img decoding=\"async\" itemprop=\"image\" class=\"qodef-cc-hover-image\" src=\"https:\/\/www.jornadesperalexcellencia.cat\/wp-content\/uploads\/2021\/02\/jornades-excellencia-2019-edicions-pilarin-Valles-1.jpg\" alt=\"Jornades per a l&#039;excel\u00b7l\u00e8ncia Esterri d&#039;\u00c0neu edici\u00f3 2019\" \/>\n\t\t\t\t\t<\/a>\n\t<\/div><div class=\"qodef-cc-item qodef-item-space qodef-cci-has-link\">\n\t\t\t<a itemprop=\"url\" class=\"qodef-cc-link qodef-block-drag-link\" href=\"\/edicio-2018\/\" target=\"_self\">\n\t\t\t\t\t\t<img decoding=\"async\" itemprop=\"image\" class=\"qodef-cc-image\" src=\"https:\/\/www.jornadesperalexcellencia.cat\/wp-content\/uploads\/2021\/07\/jornades-excellencia-grafico-edicion-2018-1.png\" alt=\"\" \/>\n\t\t\t\t\t\t\t<img decoding=\"async\" itemprop=\"image\" class=\"qodef-cc-hover-image\" src=\"https:\/\/www.jornadesperalexcellencia.cat\/wp-content\/uploads\/2021\/07\/jornades-excellencia-2018-edicions-public.jpg\" alt=\"\" \/>\n\t\t\t\t\t<\/a>\n\t<\/div><div class=\"qodef-cc-item qodef-item-space qodef-cci-has-link\">\n\t\t\t<a itemprop=\"url\" class=\"qodef-cc-link qodef-block-drag-link\" href=\"\/edicio-2017\/\" target=\"_self\">\n\t\t\t\t\t\t<img decoding=\"async\" itemprop=\"image\" class=\"qodef-cc-image\" src=\"https:\/\/www.jornadesperalexcellencia.cat\/wp-content\/uploads\/2021\/02\/grafico-edicion-2017.png\" alt=\"Jornades per a l&#039;excel\u00b7l\u00e8ncia Esterri d&#039;\u00c0neu edici\u00f3 2017\" \/>\n\t\t\t\t\t\t\t<img decoding=\"async\" itemprop=\"image\" class=\"qodef-cc-hover-image\" src=\"https:\/\/www.jornadesperalexcellencia.cat\/wp-content\/uploads\/2021\/07\/jornades-excellencia-2017-edicions-jaume-padros.jpg\" alt=\"\" \/>\n\t\t\t\t\t<\/a>\n\t<\/div><div class=\"qodef-cc-item qodef-item-space qodef-cci-has-link\">\n\t\t\t<a itemprop=\"url\" class=\"qodef-cc-link qodef-block-drag-link\" href=\"\/edicio-2016\/\" target=\"_self\">\n\t\t\t\t\t\t<img decoding=\"async\" itemprop=\"image\" class=\"qodef-cc-image\" src=\"https:\/\/www.jornadesperalexcellencia.cat\/wp-content\/uploads\/2021\/02\/grafico-edicion-2016.png\" alt=\"Jornades per a l&#039;excel\u00b7l\u00e8ncia Esterri d&#039;\u00c0neu edici\u00f3 2016\" \/>\n\t\t\t\t\t\t\t<img decoding=\"async\" itemprop=\"image\" class=\"qodef-cc-hover-image\" src=\"https:\/\/www.jornadesperalexcellencia.cat\/wp-content\/uploads\/2021\/07\/jornades-excellencia-2016-edicions-pere-macias.jpg\" alt=\"\" \/>\n\t\t\t\t\t<\/a>\n\t<\/div><div class=\"qodef-cc-item qodef-item-space qodef-cci-has-link\">\n\t\t\t<a itemprop=\"url\" class=\"qodef-cc-link qodef-block-drag-link\" href=\"\/edicio-2015\/\" target=\"_self\">\n\t\t\t\t\t\t<img decoding=\"async\" itemprop=\"image\" class=\"qodef-cc-image\" src=\"https:\/\/www.jornadesperalexcellencia.cat\/wp-content\/uploads\/2021\/02\/grafico-edicion-2015.png\" alt=\"Jornades per a l&#039;excel\u00b7l\u00e8ncia Esterri d&#039;\u00c0neu edici\u00f3 2015\" \/>\n\t\t\t\t\t\t\t<img decoding=\"async\" itemprop=\"image\" class=\"qodef-cc-hover-image\" src=\"https:\/\/www.jornadesperalexcellencia.cat\/wp-content\/uploads\/2021\/07\/jornades-excellencia-2015-edicions-joaquin-nadal.jpg\" alt=\"\" \/>\n\t\t\t\t\t<\/a>\n\t<\/div><div class=\"qodef-cc-item qodef-item-space qodef-cci-has-link\">\n\t\t\t<a itemprop=\"url\" class=\"qodef-cc-link qodef-block-drag-link\" href=\"\/edicio-2014\/\" target=\"_self\">\n\t\t\t\t\t\t<img decoding=\"async\" itemprop=\"image\" class=\"qodef-cc-image\" src=\"https:\/\/www.jornadesperalexcellencia.cat\/wp-content\/uploads\/2021\/02\/grafico-edicion-2014.png\" alt=\"Jornades per a l&#039;excel\u00b7l\u00e8ncia Esterri d&#039;\u00c0neu edici\u00f3 2014\" \/>\n\t\t\t\t\t\t\t<img decoding=\"async\" itemprop=\"image\" class=\"qodef-cc-hover-image\" src=\"https:\/\/www.jornadesperalexcellencia.cat\/wp-content\/uploads\/2021\/07\/jornades-excellencia-2014-edicions-victor-kuppers.jpg\" alt=\"Jornades per a l&#039;excel\u00b7l\u00e8ncia Esterri d&#039;\u00c0neu edici\u00f3 2014 Victor K\u00fcppers\" \/>\n\t\t\t\t\t<\/a>\n\t<\/div>\t<\/div>\n<\/div><\/div><\/div><\/div><div class=\"wpb_column vc_column_container vc_col-sm-3\"><div class=\"vc_column-inner vc_custom_1614253856407\"><div class=\"wpb_wrapper\"><div class=\"qodef-elements-holder   qodef-one-column  qodef-responsive-mode-768 \" ><div class=\"qodef-eh-item     \" data-item-class=\"qodef-eh-custom-2454\" data-1367-1600=\"11px 11px 10px 7px\" data-769-1024=\"11px 8px 10px 7px\" data-681-768=\"0px 18px 21px 11px\" data-680=\"0px 10px 10px 10px\">\n\t\t<div class=\"qodef-eh-item-inner\">\n\t\t<div class=\"qodef-eh-item-content qodef-eh-custom-2454\" >\n\t\t\t<div class=\"qodef-banner-holder  qodef-visible-on-default qodef-banner-info-default\">\n    <div class=\"qodef-banner-image\">\n        <img loading=\"lazy\" decoding=\"async\" width=\"500\" height=\"328\" src=\"https:\/\/www.jornadesperalexcellencia.cat\/wp-content\/uploads\/2021\/02\/jornades-excellencia-todas-las-ediciones.jpg\" class=\"attachment-full size-full\" alt=\"Jornades per a l&#039;excel\u00b7l\u00e8ncia Esterri d&#039;\u00c0neu esdeveniment, edicions\" srcset=\"https:\/\/www.jornadesperalexcellencia.cat\/wp-content\/uploads\/2021\/02\/jornades-excellencia-todas-las-ediciones.jpg 500w, https:\/\/www.jornadesperalexcellencia.cat\/wp-content\/uploads\/2021\/02\/jornades-excellencia-todas-las-ediciones-300x197.jpg 300w\" sizes=\"auto, (max-width: 500px) 100vw, 500px\" \/>    <\/div>\n    <div class=\"qodef-banner-text-holder\" >\n\t    <div class=\"qodef-banner-text-outer\">\n\t\t    <div class=\"qodef-banner-text-inner\">\n\t\t        \t\t        \t\t            <h3 class=\"qodef-banner-title\" style=\"color: #ffffff\">\n\t\t                VER TODAS LAS EDICIONES\t                <\/h3>\n\t\t        \t\t\t\t\t\t\t<\/div>\n\t\t<\/div>\n\t<\/div>\n\t        <a itemprop=\"url\" class=\"qodef-banner-link\" href=\"\/edicions\/\" target=\"_self\"><\/a>\n    <\/div><div class=\"vc_empty_space\"   style=\"height: 19px\"><span class=\"vc_empty_space_inner\"><\/span><\/div>\t\t<\/div>\n\t<\/div>\n\t<\/div><\/div><div class=\"vc_empty_space\"   style=\"height: 22px\"><span class=\"vc_empty_space_inner\"><\/span><\/div><\/div><\/div><\/div><\/div><div class=\"vc_row wpb_row vc_row-fluid\" ><div class=\"wpb_column vc_column_container vc_col-sm-12\"><div class=\"vc_column-inner vc_custom_1529055021087\"><div class=\"wpb_wrapper\"><div class=\"vc_empty_space\"   style=\"height: 28px\"><span class=\"vc_empty_space_inner\"><\/span><\/div><div  class=\"wpb_widgetised_column wpb_content_element\">\n\t\t<div class=\"wpb_wrapper\">\n\t\t\t\n\t\t\t<div class=\"widget widget_qodef_instagram_widget\"><\/div>\n\t\t<\/div>\n\t<\/div>\n<\/div><\/div><\/div><\/div>\n","protected":false},"excerpt":{"rendered":"","protected":false},"author":1,"featured_media":0,"parent":0,"menu_order":0,"comment_status":"closed","ping_status":"closed","template":"full-width.php","meta":{"footnotes":""},"class_list":["post-10203","page","type-page","status-publish","hentry"],"yoast_head":"<!-- This site is optimized with the Yoast SEO plugin v27.5 - https:\/\/yoast.com\/product\/yoast-seo-wordpress\/ -->\n<title>Juventud en el Pirineo. Proyecto vital y profesional - Jornadas para la Excelencia<\/title>\n<meta name=\"description\" content=\"Proyecto vital y alternativas profesionales por los j\u00f3venes del Pirineo. 11 edici\u00f3n de las Jornadas para la excelencia en Esterri d&#039;\u00c0neu. Octubre 2024\" \/>\n<meta name=\"robots\" content=\"index, follow, max-snippet:-1, max-image-preview:large, max-video-preview:-1\" \/>\n<link rel=\"canonical\" href=\"https:\/\/www.jornadesperalexcellencia.cat\/es\/edicion-2024\/\" \/>\n<meta property=\"og:locale\" content=\"es_ES\" \/>\n<meta property=\"og:type\" content=\"article\" \/>\n<meta property=\"og:title\" content=\"Juventud en el Pirineo. Proyecto vital y profesional - Jornadas para la Excelencia\" \/>\n<meta property=\"og:description\" content=\"Proyecto vital y alternativas profesionales por los j\u00f3venes del Pirineo. 11 edici\u00f3n de las Jornadas para la excelencia en Esterri d&#039;\u00c0neu. Octubre 2024\" \/>\n<meta property=\"og:url\" content=\"https:\/\/www.jornadesperalexcellencia.cat\/es\/edicion-2024\/\" \/>\n<meta property=\"og:site_name\" content=\"Jornades per a l&#039;excel\u00b7l\u00e8ncia\" \/>\n<meta property=\"article:modified_time\" content=\"2025-08-29T13:45:24+00:00\" \/>\n<meta name=\"twitter:card\" content=\"summary_large_image\" \/>\n<meta name=\"twitter:label1\" content=\"Tiempo de lectura\" \/>\n\t<meta name=\"twitter:data1\" content=\"4 minutos\" \/>\n<script type=\"application\/ld+json\" class=\"yoast-schema-graph\">{\"@context\":\"https:\\\/\\\/schema.org\",\"@graph\":[{\"@type\":\"WebPage\",\"@id\":\"https:\\\/\\\/www.jornadesperalexcellencia.cat\\\/es\\\/edicion-2024\\\/\",\"url\":\"https:\\\/\\\/www.jornadesperalexcellencia.cat\\\/es\\\/edicion-2024\\\/\",\"name\":\"Juventud en el Pirineo. Proyecto vital y profesional - Jornadas para la Excelencia\",\"isPartOf\":{\"@id\":\"https:\\\/\\\/www.jornadesperalexcellencia.cat\\\/es\\\/#website\"},\"datePublished\":\"2024-08-30T18:37:19+00:00\",\"dateModified\":\"2025-08-29T13:45:24+00:00\",\"description\":\"Proyecto vital y alternativas profesionales por los j\u00f3venes del Pirineo. 11 edici\u00f3n de las Jornadas para la excelencia en Esterri d'\u00c0neu. Octubre 2024\",\"breadcrumb\":{\"@id\":\"https:\\\/\\\/www.jornadesperalexcellencia.cat\\\/es\\\/edicion-2024\\\/#breadcrumb\"},\"inLanguage\":\"es\",\"potentialAction\":[{\"@type\":\"ReadAction\",\"target\":[\"https:\\\/\\\/www.jornadesperalexcellencia.cat\\\/es\\\/edicion-2024\\\/\"]}]},{\"@type\":\"BreadcrumbList\",\"@id\":\"https:\\\/\\\/www.jornadesperalexcellencia.cat\\\/es\\\/edicion-2024\\\/#breadcrumb\",\"itemListElement\":[{\"@type\":\"ListItem\",\"position\":1,\"name\":\"Inici\",\"item\":\"https:\\\/\\\/www.jornadesperalexcellencia.cat\\\/es\\\/inicio\\\/\"},{\"@type\":\"ListItem\",\"position\":2,\"name\":\"Edici\u00f3n 2024\"}]},{\"@type\":\"WebSite\",\"@id\":\"https:\\\/\\\/www.jornadesperalexcellencia.cat\\\/es\\\/#website\",\"url\":\"https:\\\/\\\/www.jornadesperalexcellencia.cat\\\/es\\\/\",\"name\":\"Jornades per a l&#039;excel\u00b7l\u00e8ncia\",\"description\":\"Confer\u00e8ncies anuals per al progr\u00e9s i desenvolupament dels territoris del Pirineu. Esterri d&#039;\u00c0neu i Andorra.\",\"alternateName\":\"Jornades per a l'excel\u00b7l\u00e8ncia\",\"potentialAction\":[{\"@type\":\"SearchAction\",\"target\":{\"@type\":\"EntryPoint\",\"urlTemplate\":\"https:\\\/\\\/www.jornadesperalexcellencia.cat\\\/es\\\/?s={search_term_string}\"},\"query-input\":{\"@type\":\"PropertyValueSpecification\",\"valueRequired\":true,\"valueName\":\"search_term_string\"}}],\"inLanguage\":\"es\"}]}<\/script>\n<!-- \/ Yoast SEO plugin. -->","yoast_head_json":{"title":"Juventud en el Pirineo. Proyecto vital y profesional - Jornadas para la Excelencia","description":"Proyecto vital y alternativas profesionales por los j\u00f3venes del Pirineo. 11 edici\u00f3n de las Jornadas para la excelencia en Esterri d'\u00c0neu. Octubre 2024","robots":{"index":"index","follow":"follow","max-snippet":"max-snippet:-1","max-image-preview":"max-image-preview:large","max-video-preview":"max-video-preview:-1"},"canonical":"https:\/\/www.jornadesperalexcellencia.cat\/es\/edicion-2024\/","og_locale":"es_ES","og_type":"article","og_title":"Juventud en el Pirineo. Proyecto vital y profesional - Jornadas para la Excelencia","og_description":"Proyecto vital y alternativas profesionales por los j\u00f3venes del Pirineo. 11 edici\u00f3n de las Jornadas para la excelencia en Esterri d'\u00c0neu. Octubre 2024","og_url":"https:\/\/www.jornadesperalexcellencia.cat\/es\/edicion-2024\/","og_site_name":"Jornades per a l&#039;excel\u00b7l\u00e8ncia","article_modified_time":"2025-08-29T13:45:24+00:00","twitter_card":"summary_large_image","twitter_misc":{"Tiempo de lectura":"4 minutos"},"schema":{"@context":"https:\/\/schema.org","@graph":[{"@type":"WebPage","@id":"https:\/\/www.jornadesperalexcellencia.cat\/es\/edicion-2024\/","url":"https:\/\/www.jornadesperalexcellencia.cat\/es\/edicion-2024\/","name":"Juventud en el Pirineo. Proyecto vital y profesional - Jornadas para la Excelencia","isPartOf":{"@id":"https:\/\/www.jornadesperalexcellencia.cat\/es\/#website"},"datePublished":"2024-08-30T18:37:19+00:00","dateModified":"2025-08-29T13:45:24+00:00","description":"Proyecto vital y alternativas profesionales por los j\u00f3venes del Pirineo. 11 edici\u00f3n de las Jornadas para la excelencia en Esterri d'\u00c0neu. Octubre 2024","breadcrumb":{"@id":"https:\/\/www.jornadesperalexcellencia.cat\/es\/edicion-2024\/#breadcrumb"},"inLanguage":"es","potentialAction":[{"@type":"ReadAction","target":["https:\/\/www.jornadesperalexcellencia.cat\/es\/edicion-2024\/"]}]},{"@type":"BreadcrumbList","@id":"https:\/\/www.jornadesperalexcellencia.cat\/es\/edicion-2024\/#breadcrumb","itemListElement":[{"@type":"ListItem","position":1,"name":"Inici","item":"https:\/\/www.jornadesperalexcellencia.cat\/es\/inicio\/"},{"@type":"ListItem","position":2,"name":"Edici\u00f3n 2024"}]},{"@type":"WebSite","@id":"https:\/\/www.jornadesperalexcellencia.cat\/es\/#website","url":"https:\/\/www.jornadesperalexcellencia.cat\/es\/","name":"Jornades per a l&#039;excel\u00b7l\u00e8ncia","description":"Confer\u00e8ncies anuals per al progr\u00e9s i desenvolupament dels territoris del Pirineu. Esterri d&#039;\u00c0neu i Andorra.","alternateName":"Jornades per a l'excel\u00b7l\u00e8ncia","potentialAction":[{"@type":"SearchAction","target":{"@type":"EntryPoint","urlTemplate":"https:\/\/www.jornadesperalexcellencia.cat\/es\/?s={search_term_string}"},"query-input":{"@type":"PropertyValueSpecification","valueRequired":true,"valueName":"search_term_string"}}],"inLanguage":"es"}]}},"_links":{"self":[{"href":"https:\/\/www.jornadesperalexcellencia.cat\/es\/wp-json\/wp\/v2\/pages\/10203","targetHints":{"allow":["GET"]}}],"collection":[{"href":"https:\/\/www.jornadesperalexcellencia.cat\/es\/wp-json\/wp\/v2\/pages"}],"about":[{"href":"https:\/\/www.jornadesperalexcellencia.cat\/es\/wp-json\/wp\/v2\/types\/page"}],"author":[{"embeddable":true,"href":"https:\/\/www.jornadesperalexcellencia.cat\/es\/wp-json\/wp\/v2\/users\/1"}],"replies":[{"embeddable":true,"href":"https:\/\/www.jornadesperalexcellencia.cat\/es\/wp-json\/wp\/v2\/comments?post=10203"}],"version-history":[{"count":0,"href":"https:\/\/www.jornadesperalexcellencia.cat\/es\/wp-json\/wp\/v2\/pages\/10203\/revisions"}],"wp:attachment":[{"href":"https:\/\/www.jornadesperalexcellencia.cat\/es\/wp-json\/wp\/v2\/media?parent=10203"}],"curies":[{"name":"wp","href":"https:\/\/api.w.org\/{rel}","templated":true}]}}